{"id":5300,"date":"2018-07-01T16:57:51","date_gmt":"2018-07-01T14:57:51","guid":{"rendered":"http:\/\/meier-gerdingh.de\/wp-spd-ob\/?page_id=5300"},"modified":"2026-04-17T17:40:19","modified_gmt":"2026-04-17T15:40:19","slug":"ov-osterfeld","status":"publish","type":"page","link":"https:\/\/meier-gerdingh.de\/wp-spd-ob\/ortsvereine\/ov-osterfeld\/","title":{"rendered":"OV Osterfeld"},"content":{"rendered":"<header class=\"spd-ob-entry-header\">\n<div class=\"spd-ob-25-logo\"><span class=\"spd-ob-25-logo-spd\">SPD<\/span><span class=\"spd-ob-25-logo-unterbezirk\">-Unterbezirk<\/span> <span class=\"spd-ob-25-logo-oberhausen\">Oberhausen<\/span><\/div>\n<h1 class=\"spd-ob-headline\"><span class=\"spd-ob-light\">OV<\/span> Osterfeld<\/h1>\n<\/header>\n<p class=\"spd-ob-25-p-intro\">Im Stadtbezirk Osterfeld engagieren sich die Sozialdemokratinnen und Sozialdemokraten im gleichnamigen Ortsverein. Er umfasst die Kommunalwahlbezirke Klosterhardt-Nord, Klosterhardt\/Heide-Nord, Eisenheim\/Heide, Rothebusch und Osterfeld-Mitte. Der Ortsverein ist in der Wahlperiode 2025-2030 mit einer Stadtverordneten im Rat vertreten, in der Bezirksvertretung Osterfeld stellt er vier Mitglieder, inklusive der stellvertretenden Bezirksb\u00fcrgermeisterin. <\/p>\n<div><div id=\"image-map-pro-3638\"><\/div><\/div>\n<div class=\"spd-ob-25-module-container\">\n<h3 class=\"spd-ob-25-module-headline\"><span class=\"spd-ob-light\">OV<\/span> Osterfeld<span class=\"spd-ob-colon\">:<\/span><span class=\"spd-ob-module-pipe\"> | <\/span><span class=\"spd-ob-black\"> Kontakt<\/span><\/h3>\n<div class=\"spd-ob-generic-row\"><a href=\"https:\/\/meier-gerdingh.de\/wp-spd-ob\/wp-content\/uploads\/2026\/01\/spd-fraktion-ob-25-30-kopp-czech-nicole-hd.jpg\"><img decoding=\"async\" src=\"https:\/\/meier-gerdingh.de\/wp-spd-ob\/wp-content\/uploads\/2026\/01\/spd-fraktion-ob-25-30-kopp-czech-nicole.jpg\" alt=\"\" width=\"700\" height=\"394\" class=\"aligncenter size-full wp-image-13389\" srcset=\"https:\/\/meier-gerdingh.de\/wp-spd-ob\/wp-content\/uploads\/2026\/01\/spd-fraktion-ob-25-30-kopp-czech-nicole.jpg 700w, https:\/\/meier-gerdingh.de\/wp-spd-ob\/wp-content\/uploads\/2026\/01\/spd-fraktion-ob-25-30-kopp-czech-nicole-300x169.jpg 300w\" sizes=\"(max-width: 700px) 100vw, 700px\" \/><\/a><\/div>\n<div class=\"spd-ob-25-generic-row\">\n<h5 class=\"spd-ob-25-name\"><span class=\"spd-ob-25-first-name\">Nicole<\/span> Kopp-Czech<span class=\"spd-ob-25-module-pipe\"> | <\/span><span class=\"spd-ob-25-function\"> 1. Vorsitzende<\/span><\/h5>\n<div class=\"spd-ob-25-contact-row\"><a href=\"mailto:nicole.kopp-czech@spd-oberhausen.de\" class=\"spd-ob-25-contact-link\"><i class=\"fa-solid fa-at\"><\/i> E-Mail<\/a><a href=\"tel:004920823334\" class=\"spd-ob-25-contact-link\"><i class=\"fa-solid fa-phone\"><\/i> Telefon<\/a><a href=\"https:\/\/www.facebook.com\/nicole.fruchtzwerg?locale=de_DE\" class=\"spd-ob-25-contact-link\"><i class=\"fa-brands fa-facebook-f\"><\/i> Facebook<\/a><a href=\"https:\/\/www.instagram.com\/nicolekoppczech\/?hl=de\" class=\"spd-ob-25-contact-link\"><i class=\"fa-brands fa-instagram\"><\/i> Instagram<\/a><\/div>\n<\/p><\/div>\n<\/div>\n<div class=\"spd-ob-25-module-container\">\n<h3 class=\"spd-ob-25-module-headline\"><span class=\"spd-ob-light\">OV<\/span> Osterfeld<span class=\"spd-ob-colon\">:<\/span><span class=\"spd-ob-module-pipe\"> | <\/span><span class=\"spd-ob-black\"> Termine<\/span><\/h3>\n<!-- EventON Calendar --><div id='evcal_calendar_305' class='list_cal ajde_evcal_calendar sev cev color esty_2 ul ' data-cal=''><div id='evcal_head' class='calendar_header ' ><div class='evo_cal_above evodfx evofx_dr_r marb5 evofx_ww'><span class='cal_head_btn evo-gototoday-btn' style='' data-mo='4' data-yr='2026' data-dy=''>Aktueller Monat<\/span><\/div><div class='evo_cal_above_content'><\/div><div class='evo_header_title '><\/div><\/div><div id='eventon_loadbar_section'><div id='eventon_loadbar'><\/div><\/div><!-- Events List --><div class='evo_events_list_box'><div id='evcal_list' class='eventon_events_list sep_months evcal_list_month'><div class='eventon_list_event no_events'><p class='no_events' >Keine Veranstaltungen<\/p><\/div>\t\t\t<\/div>\r\n\t\t\t<\/div><!-- evo_events_list_box -->\t\r\n\t\t\t<div class='clear'><\/div>\r\n\t\t\t\t\t \t<div id='evcal_footer' class='evo_bottom' style='display:none'>\r\n\t\t \t\t<div class='evo_cal_data' data-sc=\"{&quot;accord&quot;:&quot;no&quot;,&quot;bottom_nav&quot;:&quot;no&quot;,&quot;cal_id&quot;:&quot;&quot;,&quot;cal_init_nonajax&quot;:&quot;no&quot;,&quot;calendar_type&quot;:&quot;list&quot;,&quot;ep_fields&quot;:&quot;&quot;,&quot;etc_override&quot;:&quot;yes&quot;,&quot;evc_open&quot;:&quot;no&quot;,&quot;event_count&quot;:0,&quot;event_location&quot;:&quot;all&quot;,&quot;event_order&quot;:&quot;ASC&quot;,&quot;event_organizer&quot;:&quot;all&quot;,&quot;event_parts&quot;:&quot;no&quot;,&quot;event_past_future&quot;:&quot;future&quot;,&quot;event_status&quot;:&quot;all&quot;,&quot;event_tag&quot;:&quot;all&quot;,&quot;event_type&quot;:&quot;614&quot;,&quot;event_type_2&quot;:&quot;all&quot;,&quot;event_type_3&quot;:&quot;all&quot;,&quot;event_type_4&quot;:&quot;all&quot;,&quot;event_type_5&quot;:&quot;all&quot;,&quot;event_virtual&quot;:&quot;all&quot;,&quot;eventtop_date_style&quot;:0,&quot;eventtop_style&quot;:&quot;2&quot;,&quot;exp_jumper&quot;:&quot;no&quot;,&quot;exp_so&quot;:&quot;no&quot;,&quot;filter_relationship&quot;:&quot;AND&quot;,&quot;filter_show_set_only&quot;:&quot;no&quot;,&quot;filter_style&quot;:&quot;default&quot;,&quot;filter_type&quot;:&quot;default&quot;,&quot;filters&quot;:&quot;yes&quot;,&quot;fixed_month&quot;:&quot;4&quot;,&quot;fixed_year&quot;:&quot;2026&quot;,&quot;focus_end_date_range&quot;:&quot;1796083199&quot;,&quot;focus_start_date_range&quot;:&quot;1775001600&quot;,&quot;ft_event_priority&quot;:&quot;no&quot;,&quot;hide_arrows&quot;:&quot;no&quot;,&quot;hide_cancels&quot;:&quot;no&quot;,&quot;hide_empty_months&quot;:&quot;yes&quot;,&quot;hide_end_time&quot;:&quot;no&quot;,&quot;hide_et_dn&quot;:&quot;no&quot;,&quot;hide_et_extra&quot;:&quot;no&quot;,&quot;hide_et_tags&quot;:&quot;no&quot;,&quot;hide_et_tl&quot;:&quot;no&quot;,&quot;hide_ft&quot;:&quot;no&quot;,&quot;hide_ft_img&quot;:&quot;no&quot;,&quot;hide_month_headers&quot;:&quot;no&quot;,&quot;hide_mult_occur&quot;:&quot;no&quot;,&quot;hide_past&quot;:&quot;yes&quot;,&quot;hide_past_by&quot;:&quot;ee&quot;,&quot;hide_so&quot;:&quot;no&quot;,&quot;ics&quot;:&quot;no&quot;,&quot;jumper&quot;:&quot;no&quot;,&quot;jumper_count&quot;:5,&quot;jumper_offset&quot;:&quot;0&quot;,&quot;lang&quot;:&quot;L1&quot;,&quot;layout_changer&quot;:&quot;no&quot;,&quot;livenow_bar&quot;:&quot;yes&quot;,&quot;mapformat&quot;:&quot;roadmap&quot;,&quot;mapiconurl&quot;:&quot;&quot;,&quot;maps_load&quot;:&quot;yes&quot;,&quot;mapscroll&quot;:&quot;true&quot;,&quot;mapzoom&quot;:&quot;16&quot;,&quot;members_only&quot;:&quot;no&quot;,&quot;ml_priority&quot;:&quot;no&quot;,&quot;ml_toend&quot;:&quot;no&quot;,&quot;month_incre&quot;:0,&quot;number_of_months&quot;:&quot;8&quot;,&quot;only_ft&quot;:&quot;no&quot;,&quot;pec&quot;:&quot;&quot;,&quot;s&quot;:&quot;&quot;,&quot;search&quot;:&quot;&quot;,&quot;search_all&quot;:&quot;no&quot;,&quot;sep_month&quot;:&quot;yes&quot;,&quot;show_et_ft_img&quot;:&quot;no&quot;,&quot;show_limit&quot;:&quot;no&quot;,&quot;show_limit_ajax&quot;:&quot;no&quot;,&quot;show_limit_paged&quot;:1,&quot;show_limit_redir&quot;:&quot;&quot;,&quot;show_repeats&quot;:&quot;no&quot;,&quot;show_search&quot;:&quot;no&quot;,&quot;show_upcoming&quot;:0,&quot;show_year&quot;:&quot;yes&quot;,&quot;social_share&quot;:&quot;no&quot;,&quot;sort_by&quot;:&quot;sort_date&quot;,&quot;tile_bg&quot;:0,&quot;tile_bg_size&quot;:&quot;full&quot;,&quot;tile_count&quot;:2,&quot;tile_height&quot;:0,&quot;tile_style&quot;:0,&quot;tiles&quot;:&quot;no&quot;,&quot;ux_val&quot;:&quot;0&quot;,&quot;view_switcher&quot;:&quot;no&quot;,&quot;wpml_l1&quot;:&quot;&quot;,&quot;wpml_l2&quot;:&quot;&quot;,&quot;wpml_l3&quot;:&quot;&quot;,&quot;yl_priority&quot;:&quot;no&quot;,&quot;yl_toend&quot;:&quot;no&quot;,&quot;fixed_day&quot;:&quot;26&quot;,&quot;_cver&quot;:&quot;4.6.6&quot;}\" data-filter_data=\"[]\" data-nav_data=\"{&quot;month_title&quot;:&quot;&lt;p id=&#039;evcal_cur&#039; class=&#039;evo_month_title padr10&#039;&gt; April, 2026&lt;\\\/p&gt;&quot;,&quot;arrows&quot;:&quot;&lt;p class=&#039;evo_arrows&#039;&gt;\\r\\n\\t\\t\\t\\t\\t&lt;span id=&#039;evcal_prev&#039; class=&#039;evcal_arrows evcal_btn_prev evodfx evofx_jc_c evofx_ai_c&#039; &gt;&lt;i class=&#039;fa fa-chevron-left&#039;&gt;&lt;\\\/i&gt;&lt;\\\/span&gt;\\r\\n\\t\\t\\t\\t\\t&lt;span id=&#039;evcal_next&#039; class=&#039;evcal_arrows evo_arrow_next evcal_btn_next evodfx evofx_jc_c evofx_ai_c&#039; &gt;&lt;i class=&#039;fa fa-chevron-right&#039;&gt;&lt;\\\/i&gt;&lt;\\\/span&gt;\\r\\n\\t\\t\\t\\t\\t&lt;\\\/p&gt;&quot;}\" data-od=\"{&quot;lang_no_events&quot;:&quot;Keine Veranstaltungen&quot;,&quot;cal_tz_offset&quot;:0,&quot;cal_tz&quot;:&quot;UTC&quot;}\" ><\/div>\r\n\t\t \t\t<div class='evo_cal_events' data-events=\"\"><\/div>\r\n\t\t \t<\/div>\r\n\t\t\t\t\r\n\t\t\t\r\n\t\t\t\t\t\t<\/div><!-- EventON End -->\r\n\t\t\t<\/div>\n<div class=\"spd-ob-25-module-container\">\n<h3 class=\"spd-ob-25-module-headline\" style=\"margin-bottom: 20px;\"><span class=\"spd-ob-light\">OV<\/span> Osterfeld<span class=\"spd-ob-colon\">:<\/span><span class=\"spd-ob-module-pipe\"> | <\/span><span class=\"spd-ob-black\"> <span class=\"spd-ob-light\">Letzte<\/span> Beitr\u00e4ge<\/span><\/h3>\n  \r\n<header class=\"entry-header archive\">\r\n   <h4 class=\"spd-ob-subheadline\">Kommunalwahlkampf 2025:<\/h4>\r\n   <h2 class=\"spd-ob-entry-title-ov\"><a  href=\"https:\/\/meier-gerdingh.de\/wp-spd-ob\/2025\/09\/01\/spd-osterfeld-lud-zur-infomeile-ein\/\">SPD Osterfeld lud zur Infomeile ein<\/a><\/h2>\r\n   <div class=\"spd-ob-entry-meta\">\r\n      <div class=\"spd-ob-entry-meta-wrapper\"> <span class=\"spd-ob-date\">Montag, 1. September 2025<\/span><\/div>\r\n   <\/div>\r\n<\/header>\r\n<div class=\"spd-ob-entry-content-ov\"><div id=\"attachment_12998\" style=\"width: 710px\" class=\"wp-caption aligncenter\"><a href=\"https:\/\/meier-gerdingh.de\/wp-spd-ob\/wp-content\/uploads\/2025\/09\/ov-osterfeld-infomeile-01-25-08-30-lg.jpg\"><img decoding=\"async\" aria-describedby=\"caption-attachment-12998\" class=\"size-full wp-image-12998\" src=\"https:\/\/meier-gerdingh.de\/wp-spd-ob\/wp-content\/uploads\/2025\/09\/ov-osterfeld-infomeile-01-25-08-30.jpg\" alt=\"\" width=\"700\" height=\"665\" srcset=\"https:\/\/meier-gerdingh.de\/wp-spd-ob\/wp-content\/uploads\/2025\/09\/ov-osterfeld-infomeile-01-25-08-30.jpg 700w, https:\/\/meier-gerdingh.de\/wp-spd-ob\/wp-content\/uploads\/2025\/09\/ov-osterfeld-infomeile-01-25-08-30-300x285.jpg 300w\" sizes=\"(max-width: 700px) 100vw, 700px\" \/><\/a><\/p>\n<p id=\"caption-attachment-12998\" class=\"wp-caption-text\">Infomeile der Osterfelder SPD mit OB-Kandidat Thorsten Berg<\/p>\n<\/div>\n<p>Am Samstag, den 30. August 2025, veranstaltete die SPD Osterfeld ihre Infomeile im Herzen unseres Stadtteils. Auf der Gildenstra\u00dfe pr\u00e4sentierten sich die \u00f6rtlichen Kandidatinnen und Kandidaten, um mit den B\u00fcrgerinnen und B\u00fcrgern ins Gespr\u00e4ch zu kommen.<\/p>\n<p>Besonderer Gast war Oberb\u00fcrgermeisterkandidat Thorsten Berg, der viele Gespr\u00e4che f\u00fchrte und die Gelegenheit nutzte, seine Ideen f\u00fcr die Zukunft Oberhausens vorzustellen. Gemeinsam mit den \u00f6rtlichen Vertreterinnen und Vertretern der SPD machte er deutlich, wie wichtig ein enger Dialog mit den Menschen vor Ort ist. An mehreren St\u00e4nden konnten sich Interessierte \u00fcber die politischen Schwerpunkte der SPD informieren. Von sozialer Gerechtigkeit \u00fcber bezahlbares Wohnen bis hin zu mehr Sicherheit und Sauberkeit in Osterfeld. Auch Themen wie Inklusion, Barrierefreiheit und gute Freizeitangebote f\u00fcr Familien standen im Mittelpunkt.<\/p>\n<p>Neben den politischen Gespr\u00e4chen bot die Infomeile ein buntes Rahmenprogramm. F\u00fcr Kinder gab es Kinderschminken und das Spielplatzmobil der SPD NRW, w\u00e4hrend die Erwachsenen bei Kaffee und kleinen Snacks vom Foodtruck in lockerer Atmosph\u00e4re diskutieren konnten. Viele Besucherinnen und Besucher nutzten die Gelegenheit, ihre Fragen und Anliegen direkt an die Kandidierenden und an Thorsten Berg zu richten.<a class=\"more-tag\" href=\"https:\/\/meier-gerdingh.de\/wp-spd-ob\/2025\/09\/01\/spd-osterfeld-lud-zur-infomeile-ein\/\">Mehr<\/a><\/div>\r\n<hr class=\"spd-ob-divider\">\r\n \r\n<header class=\"entry-header archive\">\r\n   <h4 class=\"spd-ob-subheadline\">Jahreshauptversammlung:<\/h4>\r\n   <h2 class=\"spd-ob-entry-title-ov\"><a  href=\"https:\/\/meier-gerdingh.de\/wp-spd-ob\/2025\/02\/03\/osterfelder-spd-waehlt-neuen-vorstand\/\">Osterfelder SPD w\u00e4hlt neuen Vorstand<\/a><\/h2>\r\n   <div class=\"spd-ob-entry-meta\">\r\n      <div class=\"spd-ob-entry-meta-wrapper\"> <span class=\"spd-ob-date\">Montag, 3. Februar 2025<\/span><\/div>\r\n   <\/div>\r\n<\/header>\r\n<div class=\"spd-ob-entry-content-ov\"><p>Am 29.01.2025 fand die Jahreshauptversammlung der SPD Oberhausen Osterfeld statt. Gew\u00e4hlt wurden der neue Vorstand mit Thorsten Kamps als ersten Vorsitzenden, Nicole Kopp-Czech als zweite Vorsitzenden und Furkan Yilmaz als Gesch\u00e4ftsf\u00fchrer.<\/p>\n<div id=\"attachment_12261\" style=\"width: 710px\" class=\"wp-caption aligncenter\"><a href=\"https:\/\/meier-gerdingh.de\/wp-spd-ob\/wp-content\/uploads\/2025\/02\/ov-osterfeld-jhv-2025-lg.jpg\"><img decoding=\"async\" aria-describedby=\"caption-attachment-12261\" class=\"size-full wp-image-12261\" src=\"https:\/\/meier-gerdingh.de\/wp-spd-ob\/wp-content\/uploads\/2025\/02\/ov-osterfeld-jhv-2025.jpg\" alt=\"\" width=\"700\" height=\"450\" srcset=\"https:\/\/meier-gerdingh.de\/wp-spd-ob\/wp-content\/uploads\/2025\/02\/ov-osterfeld-jhv-2025.jpg 700w, https:\/\/meier-gerdingh.de\/wp-spd-ob\/wp-content\/uploads\/2025\/02\/ov-osterfeld-jhv-2025-300x193.jpg 300w\" sizes=\"(max-width: 700px) 100vw, 700px\" \/><\/a><\/p>\n<p id=\"caption-attachment-12261\" class=\"wp-caption-text\">Der neugew\u00e4hlte Vorstand der Osterfelder SPD<br \/>Hinten: Marcel Tersteegen, Klaus Wolff, Marvin Tenbrink<br \/>2. Reihe: Thorsten Kamps, Ulrike Korba, Uwe de Wys, Furkan Yilmaz<br \/>1. Reihe: Karl-Heinz Steffan, Jaqueline Rehorst, Helga Grothe, Christian Heckhoff<br \/>Sitzend: Nicole Kopp-Czech<\/p>\n<\/div>\n<p><a class=\"more-tag\" href=\"https:\/\/meier-gerdingh.de\/wp-spd-ob\/2025\/02\/03\/osterfelder-spd-waehlt-neuen-vorstand\/\">Mehr<\/a><\/div>\r\n<hr class=\"spd-ob-divider\">\r\n \r\n<header class=\"entry-header archive\">\r\n   <h4 class=\"spd-ob-subheadline\">SPD Osterfeld:<\/h4>\r\n   <h2 class=\"spd-ob-entry-title-ov\"><a  href=\"https:\/\/meier-gerdingh.de\/wp-spd-ob\/2024\/09\/27\/erfolgreicher-buerger-dialog-osterfelder-ohr\/\">Erfolgreicher B\u00fcrger-Dialog \"Osterfelder Ohr\"<\/a><\/h2>\r\n   <div class=\"spd-ob-entry-meta\">\r\n      <div class=\"spd-ob-entry-meta-wrapper\"> <span class=\"spd-ob-date\">Freitag, 27. September 2024<\/span><\/div>\r\n   <\/div>\r\n<\/header>\r\n<div class=\"spd-ob-entry-content-ov\"><div id=\"attachment_11810\" style=\"width: 710px\" class=\"wp-caption aligncenter\"><a href=\"https:\/\/meier-gerdingh.de\/wp-spd-ob\/wp-content\/uploads\/2024\/09\/osterfelder-ohr-24-09-27-1-lg.jpg\"><img decoding=\"async\" aria-describedby=\"caption-attachment-11810\" class=\"size-full wp-image-11810\" src=\"https:\/\/meier-gerdingh.de\/wp-spd-ob\/wp-content\/uploads\/2024\/09\/osterfelder-ohr-24-09-27-1.jpg\" alt=\"\" width=\"700\" height=\"863\" srcset=\"https:\/\/meier-gerdingh.de\/wp-spd-ob\/wp-content\/uploads\/2024\/09\/osterfelder-ohr-24-09-27-1.jpg 700w, https:\/\/meier-gerdingh.de\/wp-spd-ob\/wp-content\/uploads\/2024\/09\/osterfelder-ohr-24-09-27-1-243x300.jpg 243w\" sizes=\"(max-width: 700px) 100vw, 700px\" \/><\/a><\/p>\n<p id=\"caption-attachment-11810\" class=\"wp-caption-text\">Norbert Dostatni, Helga Grothe und Karl-Heinz Steffan (v. l.) heute Morgen bei der B\u00fcrger-Dialog-Aktion \"Osterfelder Ohr\" auf dem Wappenplatz<\/p>\n<\/div>\n<p>Die \"Osterfelder Ohr\"-Aktion auf dem Wappenplatz zum Modellversuch mit den Pressm\u00fcllcontainern war heute ein voller Erfolg. Die Osterfelder SPD sagt Danke an alle OsterfelderInnen, die sich die Zeit genommen und sich an der Umfrage beteiligt haben. Die Fragebogen werden jetzt ausgewertet.<a class=\"more-tag\" href=\"https:\/\/meier-gerdingh.de\/wp-spd-ob\/2024\/09\/27\/erfolgreicher-buerger-dialog-osterfelder-ohr\/\">Mehr<\/a><\/div>\r\n<hr class=\"spd-ob-divider\">\r\n <\/div>\n<div class=\"spd-ob-25-module-container\">\n<h3 class=\"spd-ob-25-module-headline\"><span class=\"spd-ob-light\">OV<\/span> Osterfeld<span class=\"spd-ob-colon\">:<\/span><span class=\"spd-ob-module-pipe\"> | <\/span><span class=\"spd-ob-black\"> Vorstand<\/span><span class=\"spd-ob-25-module-pipe-2\"> | <\/span><span class=\"spd-ob-25-function\"> Gew\u00e4hlt: 13.04.2026<\/span><\/h3>\n<div class=\"spd-ob-25-generic-row\">\n<div class=\"spd-ob-25-column-1-image\"><a href=\"https:\/\/meier-gerdingh.de\/wp-spd-ob\/wp-content\/uploads\/2026\/02\/spd-fraktion-ob-25-30-kopp-czech-nicole-circle.jpg\"><img decoding=\"async\" src=\"https:\/\/meier-gerdingh.de\/wp-spd-ob\/wp-content\/uploads\/2026\/02\/spd-fraktion-ob-25-30-kopp-czech-nicole-circle.jpg\" alt=\"\" width=\"150\" height=\"150\" class=\"aligncenter size-full wp-image-13426\" \/><\/a><\/div>\n<div class=\"spd-ob-25-column-2\">\n<h5 class=\"spd-ob-25-name\"><span class=\"spd-ob-25-first-name\">Nicole<\/span> Kopp-Czech<span class=\"spd-ob-25-module-pipe\"> | <\/span><span class=\"spd-ob-25-function\"> 1. Vorsitzende<\/span><\/h5>\n<div class=\"spd-ob-25-contact-row\"><a href=\"mailto:nicole.kopp-czech@spd-oberhausen.de\" class=\"spd-ob-25-contact-link\"><i class=\"fa-solid fa-at\"><\/i> E-Mail<\/a><a href=\"tel:004920823334\" class=\"spd-ob-25-contact-link\"><i class=\"fa-solid fa-phone\"><\/i> Telefon<\/a><a href=\"https:\/\/www.facebook.com\/nicole.fruchtzwerg?locale=de_DE\" class=\"spd-ob-25-contact-link\"><i class=\"fa-brands fa-facebook-f\"><\/i> Facebook<\/a><a href=\"https:\/\/www.instagram.com\/nicolekoppczech\/?hl=de\" class=\"spd-ob-25-contact-link\"><i class=\"fa-brands fa-instagram\"><\/i> Instagram<\/a><\/div>\n<\/p><\/div>\n<\/p><\/div>\n<div class=\"spd-ob-25-generic-row\">\n<div class=\"spd-ob-25-column-1-image\"><a href=\"https:\/\/meier-gerdingh.de\/wp-spd-ob\/wp-content\/uploads\/2022\/06\/kamps-thorsten-circle.jpg\"><img decoding=\"async\" src=\"https:\/\/meier-gerdingh.de\/wp-spd-ob\/wp-content\/uploads\/2022\/06\/kamps-thorsten-circle.jpg\" alt=\"\" width=\"100\" height=\"100\" class=\"aligncenter size-full wp-image-8961\" \/><\/a><\/div>\n<div class=\"spd-ob-25-column-2\">\n<h5 class=\"spd-ob-25-name\"><span class=\"spd-ob-25-first-name\">Thorsten<\/span> Kamps<span class=\"spd-ob-25-module-pipe\"> | <\/span><span class=\"spd-ob-25-function\"> 2. Vorsitzender<\/span><\/h5>\n<div class=\"spd-ob-25-contact-row\"><a href=\"mailto:thorsten.kamps@spd-oberhausen.de\" class=\"spd-ob-25-contact-link\"><i class=\"fa-solid fa-at\"><\/i> E-Mail<\/a><a href=\"tel:004920823334\" class=\"spd-ob-25-contact-link\"><i class=\"fa-solid fa-phone\"><\/i> Telefon<\/a><\/div>\n<\/p><\/div>\n<\/p><\/div>\n<div class=\"spd-ob-25-generic-row\">\n<div class=\"spd-ob-25-column-1\">&nbsp;<\/div>\n<div class=\"spd-ob-25-column-2\">\n<h5 class=\"spd-ob-25-name\"><span class=\"spd-ob-25-first-name\">Marvin<\/span> Tenbrink<span class=\"spd-ob-25-module-pipe\"> | <\/span><span class=\"spd-ob-25-function\"> Gesch\u00e4ftsf\u00fchrer<\/span><\/h5>\n<div class=\"spd-ob-25-contact-row\"><a href=\"mailto:marvin.tenbrink@spd-oberhausen.de\" class=\"spd-ob-25-contact-link\"><i class=\"fa-solid fa-at\"><\/i> E-Mail<\/a><a href=\"tel:004915563610854\" class=\"spd-ob-25-contact-link\"><i class=\"fa-solid fa-phone\"><\/i> Telefon<\/a><\/div>\n<\/p><\/div>\n<\/p><\/div>\n<div class=\"spd-ob-25-generic-row\">\n<div class=\"spd-ob-25-column-1\">&nbsp;<\/div>\n<div class=\"spd-ob-25-column-2\">\n<h5 class=\"spd-ob-25-name\"><span class=\"spd-ob-25-first-name\">Steffen<\/span> Czech<span class=\"spd-ob-25-module-pipe\"> | <\/span><span class=\"spd-ob-25-function\"> 1. Kassierer<\/span><\/h5>\n<\/p><\/div>\n<\/p><\/div>\n<div class=\"spd-ob-25-generic-row\">\n<div class=\"spd-ob-25-column-1\">&nbsp;<\/div>\n<div class=\"spd-ob-25-column-2\">\n<h5 class=\"spd-ob-25-name\"><span class=\"spd-ob-25-first-name\">Marcel<\/span> Tersteegen<span class=\"spd-ob-25-module-pipe\"> | <\/span><span class=\"spd-ob-25-function\"> 2. Kassierer<\/span><\/h5>\n<\/p><\/div>\n<\/p><\/div>\n<div class=\"spd-ob-25-generic-row\">\n<div class=\"spd-ob-25-column-1\">&nbsp;<\/div>\n<div class=\"spd-ob-25-column-2\">\n<h5 class=\"spd-ob-25-name\"><span class=\"spd-ob-25-first-name\">Uwe<\/span> de Wys<span class=\"spd-ob-25-module-pipe\"> | <\/span><span class=\"spd-ob-25-function\"> Schriftf\u00fchrer<\/span><\/h5>\n<\/p><\/div>\n<\/p><\/div>\n<div class=\"spd-ob-25-generic-row\">\n<div class=\"spd-ob-25-column-1\">&nbsp;<\/div>\n<div class=\"spd-ob-25-column-2\">\n<h5 class=\"spd-ob-25-name\"><span class=\"spd-ob-25-first-name\">J\u00f6rg<\/span> Bischoff<span class=\"spd-ob-25-module-pipe\"> | <\/span><span class=\"spd-ob-25-function\"> Beisitzer<\/span><\/h5>\n<\/p><\/div>\n<\/p><\/div>\n<div class=\"spd-ob-25-generic-row\">\n<div class=\"spd-ob-25-column-1\">&nbsp;<\/div>\n<div class=\"spd-ob-25-column-2\">\n<h5 class=\"spd-ob-25-name\"><span class=\"spd-ob-25-first-name\">Christian<\/span> Heckhoff<span class=\"spd-ob-25-module-pipe\"> | <\/span><span class=\"spd-ob-25-function\"> Beisitzer<\/span><\/h5>\n<\/p><\/div>\n<\/p><\/div>\n<div class=\"spd-ob-25-generic-row\">\n<div class=\"spd-ob-25-column-1\">&nbsp;<\/div>\n<div class=\"spd-ob-25-column-2\">\n<h5 class=\"spd-ob-25-name\"><span class=\"spd-ob-25-first-name\">Silke<\/span> Jacobs<span class=\"spd-ob-25-module-pipe\"> | <\/span><span class=\"spd-ob-25-function\"> Beisitzerin<\/span><\/h5>\n<\/p><\/div>\n<\/p><\/div>\n<div class=\"spd-ob-25-generic-row\">\n<div class=\"spd-ob-25-column-1\">&nbsp;<\/div>\n<div class=\"spd-ob-25-column-2\">\n<h5 class=\"spd-ob-25-name\"><span class=\"spd-ob-25-first-name\">Ulrike<\/span> Korbar<span class=\"spd-ob-25-module-pipe\"> | <\/span><span class=\"spd-ob-25-function\"> Beisitzerin<\/span><\/h5>\n<\/p><\/div>\n<\/p><\/div>\n<div class=\"spd-ob-25-generic-row\">\n<div class=\"spd-ob-25-column-1\">&nbsp;<\/div>\n<div class=\"spd-ob-25-column-2\">\n<h5 class=\"spd-ob-25-name\"><span class=\"spd-ob-25-first-name\">Dennis<\/span> Lotz<span class=\"spd-ob-25-module-pipe\"> | <\/span><span class=\"spd-ob-25-function\"> Beisitzer<\/span><\/h5>\n<\/p><\/div>\n<\/p><\/div>\n<div class=\"spd-ob-25-generic-row\">\n<div class=\"spd-ob-25-column-1\">&nbsp;<\/div>\n<div class=\"spd-ob-25-column-2\">\n<h5 class=\"spd-ob-25-name\"><span class=\"spd-ob-25-first-name\">Klaus<\/span> Wolff<span class=\"spd-ob-25-module-pipe\"> | <\/span><span class=\"spd-ob-25-function\"> Beisitzer<\/span><\/h5>\n<\/p><\/div>\n<\/p><\/div>\n<div class=\"spd-ob-25-generic-row\">\n<div class=\"spd-ob-25-column-1\">&nbsp;<\/div>\n<div class=\"spd-ob-25-column-2\">\n<h5 class=\"spd-ob-25-name\"><span class=\"spd-ob-25-first-name\">Furkan<\/span> Yilmaz<span class=\"spd-ob-25-module-pipe\"> | <\/span><span class=\"spd-ob-25-function\"> Beisitzer<\/span><\/h5>\n<\/p><\/div>\n<\/p><\/div>\n<div class=\"spd-ob-25-generic-row\">\n<div class=\"spd-ob-25-column-1\">&nbsp;<\/div>\n<div class=\"spd-ob-25-column-2\">\n<h5 class=\"spd-ob-25-name\"><span class=\"spd-ob-25-first-name\"><span class=\"spd-ob-25-light\">Nicole<\/span><\/span> <span class=\"spd-ob-25-light\">Kopp-Czech<\/span><span class=\"spd-ob-25-module-pipe\"> | <\/span><span class=\"spd-ob-25-function\"> Mitgliederbeauftragte<\/span><\/h5>\n<\/p><\/div>\n<\/p><\/div>\n<div class=\"spd-ob-25-generic-row\">\n<div class=\"spd-ob-25-column-1\">&nbsp;<\/div>\n<div class=\"spd-ob-25-column-2\">\n<h5 class=\"spd-ob-25-name\"><span class=\"spd-ob-25-first-name\"><span class=\"spd-ob-25-light\">Marvin<\/span><\/span> <span class=\"spd-ob-25-light\">Tenbrink<\/span><span class=\"spd-ob-25-module-pipe\"> | <\/span><span class=\"spd-ob-25-function\"> Mitgliederbeauftragter<\/span><\/h5>\n<\/p><\/div>\n<\/p><\/div>\n<p><!--\n\t\n\n<div class=\"spd-ob-25-generic-row\">\t\t\n\t\t\n\n<div class=\"spd-ob-25-column-1\">&nbsp;<\/div>\n\n\t\t\t\n\t\t\n\n<div class=\"spd-ob-25-column-2\">\n\t\t\t\n\n<h5 class=\"spd-ob-25-name\"><span class=\"spd-ob-25-first-name\"><span class=\"spd-ob-25-light\">Steffen<\/span><\/span> <span class=\"spd-ob-25-light\">Czech<\/span><span class=\"spd-ob-25-module-pipe\"> | <\/span><span class=\"spd-ob-25-function\"> Pressesprecher<\/span><\/h5>\n\n\t\t\t\t\t\t\n\t\t<\/div>\n\n\n\t<\/div>\n\n\t\n\t\n\n<div class=\"spd-ob-25-generic-row\">\t\t\n\t\t\n\n<div class=\"spd-ob-25-column-1\">&nbsp;<\/div>\n\n\t\t\t\n\t\t\n\n<div class=\"spd-ob-25-column-2\">\n\t\t\t\n\n<h5 class=\"spd-ob-25-name\"><span class=\"spd-ob-25-first-name\"><span class=\"spd-ob-25-light\">Nicole<\/span><\/span> <span class=\"spd-ob-25-light\">Kopp-Czech<\/span><span class=\"spd-ob-25-module-pipe\"> | <\/span><span class=\"spd-ob-25-function\"> Pressesprecherin<\/span><\/h5>\n\n\t\t\t\t\t\n\t\t<\/div>\n\n\n\t<\/div>\n\n\n\t\n\n<div class=\"spd-ob-25-generic-row\">\t\t\n\t\t\n\n<div class=\"spd-ob-25-column-1\">&nbsp;<\/div>\n\n\t\t\t\n\t\t\n\n<div class=\"spd-ob-25-column-2\">\n\t\t\t\n\n<h5 class=\"spd-ob-25-name\"><span class=\"spd-ob-25-first-name\"><span class=\"spd-ob-25-light\">Nicole<\/span><\/span> <span class=\"spd-ob-25-light\">Kopp-Czech<\/span><span class=\"spd-ob-25-module-pipe\"> | <\/span><span class=\"spd-ob-25-function\"> Internetbeauftragte<\/span><\/h5>\n\n\t\t\t\t\t\n\t\t<\/div>\n\n\n\t<\/div>\n\n\t-->\n<\/div>\n<div class=\"spd-ob-25-module-container\">\n<h3 class=\"spd-ob-25-module-headline\"><span class=\"spd-ob-light\">OV<\/span> Osterfeld<span class=\"spd-ob-colon\">:<\/span><span class=\"spd-ob-module-pipe\"> | <\/span><span class=\"spd-ob-black\"> Rat der Stadt<\/span><\/h3>\n<div class=\"spd-ob-generic-row\"><a href=\"https:\/\/meier-gerdingh.de\/wp-spd-ob\/wp-content\/uploads\/2026\/01\/spd-fraktion-ob-25-30-kopp-czech-nicole-hd.jpg\"><img decoding=\"async\" src=\"https:\/\/meier-gerdingh.de\/wp-spd-ob\/wp-content\/uploads\/2026\/01\/spd-fraktion-ob-25-30-kopp-czech-nicole.jpg\" alt=\"\" width=\"700\" height=\"394\" class=\"aligncenter size-full wp-image-13389\" srcset=\"https:\/\/meier-gerdingh.de\/wp-spd-ob\/wp-content\/uploads\/2026\/01\/spd-fraktion-ob-25-30-kopp-czech-nicole.jpg 700w, https:\/\/meier-gerdingh.de\/wp-spd-ob\/wp-content\/uploads\/2026\/01\/spd-fraktion-ob-25-30-kopp-czech-nicole-300x169.jpg 300w\" sizes=\"(max-width: 700px) 100vw, 700px\" \/><\/a><\/div>\n<div class=\"spd-ob-25-generic-row\">\n<div class=\"spd-frak-ob-name\"><a class=\"spd-frak-ob-name-link\" href=\"https:\/\/meier-gerdingh.de\/wp-spd-ob\/fraktion\/mitglieder\/nicole.kopp-czech\/\"><span class=\"spd-frak-ob-first-name\">Nicole<\/span> <span class=\"spd-frak-ob-last-name\">Kopp-Czech<\/span><\/a><span class=\"spd-ob-25-module-pipe\"> | <\/span><span class=\"spd-frak-ob-function\"> Mitglied des Rates<\/span><\/div>\n<div class=\"spd-frak-ob-contact-row\"><a href=\"mailto:nicole.kopp-czech@spd-fraktion-oberhausen.de\" class=\"spd-frak-ob-contact-link\"><i class=\"fa-solid fa-at\"><\/i> E-Mail<\/a><a href=\"tel:+492088253460\" class=\"spd-frak-ob-contact-link\"><i class=\"fa-solid fa-phone\"><\/i> Telefon<\/a><a href=\"https:\/\/www.facebook.com\/nicole.fruchtzwerg?locale=de_DE\" class=\"spd-frak-ob-contact-link\"><i class=\"fa-brands fa-facebook-f\"><\/i> Facebook<\/a><a href=\"https:\/\/www.instagram.com\/nicolekoppczech\/?hl=de\" class=\"spd-frak-ob-contact-link\"><i class=\"fa-brands fa-instagram\"><\/i> Instagram<\/a><\/div>\n<\/p><\/div>\n<\/div>\n<div class=\"spd-ob-25-module-container\">\n<h3 class=\"spd-ob-25-module-headline\"><span class=\"spd-ob-light\">OV<\/span> Osterfeld<span class=\"spd-ob-colon\">:<\/span><span class=\"spd-ob-module-pipe\"> | <\/span><span class=\"spd-ob-black\"> Bezirksvertretung Osterfeld<\/span><\/h3>\n<div class=\"spd-ob-25-generic-row\">\n<div class=\"spd-ob-25-column-1-image\"><a href=\"https:\/\/meier-gerdingh.de\/wp-spd-ob\/wp-content\/uploads\/2026\/02\/spd-fraktion-ob-25-30-kopp-czech-nicole-circle.jpg\"><img decoding=\"async\" src=\"https:\/\/meier-gerdingh.de\/wp-spd-ob\/wp-content\/uploads\/2026\/02\/spd-fraktion-ob-25-30-kopp-czech-nicole-circle.jpg\" alt=\"\" width=\"150\" height=\"150\" class=\"aligncenter size-full wp-image-13426\" \/><\/a><\/div>\n<div class=\"spd-ob-25-column-2\">\n<div class=\"spd-frak-ob-name\"><a class=\"spd-frak-ob-name-link\" href=\"https:\/\/meier-gerdingh.de\/wp-spd-ob\/fraktion\/mitglieder\/nicole.kopp-czech\/\"><span class=\"spd-frak-ob-first-name\">Nicole<\/span> <span class=\"spd-frak-ob-last-name\">Kopp-Czech<\/span><\/a><span class=\"spd-ob-25-module-pipe\"> | <\/span><span class=\"spd-frak-ob-function\"> Stellv. Bezirksb\u00fcrgermeister von Osterfeld,<br \/>SPD-Sprecherin<\/span><\/div>\n<div class=\"spd-frak-ob-contact-row\"><a href=\"mailto:nicole.kopp-czech@spd-fraktion-oberhausen.de\" class=\"spd-frak-ob-contact-link\"><i class=\"fa-solid fa-at\"><\/i> E-Mail<\/a><a href=\"tel:+492088253460\" class=\"spd-frak-ob-contact-link\"><i class=\"fa-solid fa-phone\"><\/i> Telefon<\/a><a href=\"https:\/\/www.facebook.com\/nicole.fruchtzwerg?locale=de_DE\" class=\"spd-frak-ob-contact-link\"><i class=\"fa-brands fa-facebook-f\"><\/i> Facebook<\/a><a href=\"https:\/\/www.instagram.com\/nicolekoppczech\/?hl=de\" class=\"spd-frak-ob-contact-link\"><i class=\"fa-brands fa-instagram\"><\/i> Instagram<\/a><\/div>\n<\/p><\/div>\n<\/p><\/div>\n<div class=\"spd-ob-25-generic-row\">\n<div class=\"spd-ob-25-column-1-image\"><a href=\"https:\/\/meier-gerdingh.de\/wp-spd-ob\/wp-content\/uploads\/2022\/06\/kamps-thorsten-circle.jpg\"><img decoding=\"async\" src=\"https:\/\/meier-gerdingh.de\/wp-spd-ob\/wp-content\/uploads\/2022\/06\/kamps-thorsten-circle.jpg\" alt=\"\" width=\"150\" height=\"150\" class=\"aligncenter size-full wp-image-8961\" \/><\/a><\/div>\n<div class=\"spd-ob-25-column-2\">\n<div class=\"spd-frak-ob-name\"><span class=\"spd-frak-ob-first-name\">Thorsten<\/span> <span class=\"spd-frak-ob-last-name\">Kamps<\/span><span class=\"spd-ob-25-module-pipe\"> | <\/span><span class=\"spd-frak-ob-function\"> Mitglied der Bezirksvertretung Osterfeld<\/span><\/div>\n<div class=\"spd-frak-ob-contact-row\"><a href=\"mailto:thorsten.kamps@spd-fraktion-oberhausen.de\" class=\"spd-frak-ob-contact-link\"><i class=\"fa-solid fa-at\"><\/i> E-Mail<\/a><a href=\"tel:0049208252104\" class=\"spd-frak-ob-contact-link\"><i class=\"fa-solid fa-phone\"><\/i> Telefon<\/a><\/div>\n<\/p><\/div>\n<\/p><\/div>\n<div class=\"spd-ob-25-generic-row\">\n<div class=\"spd-ob-25-column-1\">&nbsp;<\/div>\n<div class=\"spd-ob-25-column-2\">\n<div class=\"spd-frak-ob-name\"><span class=\"spd-frak-ob-first-name\">Ulrike<\/span> <span class=\"spd-frak-ob-last-name\">Korbar<\/span><span class=\"spd-ob-25-module-pipe\"> | <\/span><span class=\"spd-frak-ob-function\"> Mitglied der Bezirksvertretung Osterfeld<\/span><\/div>\n<div class=\"spd-frak-ob-contact-row\"><a href=\"mailto:ulrike.korbar@spd-fraktion-oberhausen.de\" class=\"spd-frak-ob-contact-link\"><i class=\"fa-solid fa-at\"><\/i> E-Mail<\/a><a href=\"tel:0049208252104\" class=\"spd-frak-ob-contact-link\"><i class=\"fa-solid fa-phone\"><\/i> Telefon<\/a><\/div>\n<\/p><\/div>\n<\/div>\n<div class=\"spd-ob-25-generic-row\">\n<div class=\"spd-ob-25-column-1\">&nbsp;<\/div>\n<div class=\"spd-ob-25-column-2\">\n<div class=\"spd-frak-ob-name\"><span class=\"spd-frak-ob-first-name\">Marvin<\/span> <span class=\"spd-frak-ob-last-name\">Tenbrink<\/span><span class=\"spd-ob-25-module-pipe\"> | <\/span><span class=\"spd-frak-ob-function\"> Mitglied der Bezirksvertretung Osterfeld<\/span><\/div>\n<div class=\"spd-frak-ob-contact-row\"><a href=\"mailto:marvin.tenbrink@spd-fraktion-oberhausen.de\" class=\"spd-frak-ob-contact-link\"><i class=\"fa-solid fa-at\"><\/i> E-Mail<\/a><a href=\"tel:0049208252104\" class=\"spd-frak-ob-contact-link\"><i class=\"fa-solid fa-phone\"><\/i> Telefon<\/a><\/div>\n<\/p><\/div>\n<\/div>\n<\/div>\n<div class=\"spd-ob-25-module-container\">\n<h3 class=\"spd-ob-25-module-headline\"><span class=\"spd-ob-light\">OV<\/span> Osterfeld<span class=\"spd-ob-colon\">:<\/span><span class=\"spd-ob-25-module-pipe\"> | <\/span><span class=\"spd-ob-black\"> UB-Ausschuss<\/span><span class=\"spd-ob-25-module-pipe-2\"> | <\/span><span class=\"spd-ob-25-function\"> Gew\u00e4hlt: 13.04.2026<\/span><\/h3>\n<div class=\"spd-ob-25-generic-row\">\n<h5 class=\"spd-ob-25-name\"><span class=\"spd-ob-25-first-name\">Steffen<\/span> Czech<span class=\"spd-ob-25-module-pipe\"> | <\/span><span class=\"spd-ob-25-function\"> Mitglied im UB-Ausschuss<\/span><\/h5>\n<\/p><\/div>\n<div class=\"spd-ob-25-generic-row\">\n<h5 class=\"spd-ob-25-name\"><span class=\"spd-ob-25-first-name\"><span class=\"spd-ob-25-light\">Hendrik<\/span><\/span> <span class=\"spd-ob-25-light\">Detmers<\/span><span class=\"spd-ob-25-module-pipe\"> | <\/span><span class=\"spd-ob-25-function\"> Pers\u00f6nlicher Vertreter von Steffen Czech<\/span><\/h5>\n<\/p><\/div>\n<div class=\"spd-ob-25-generic-row\">\n<h5 class=\"spd-ob-25-name\"><span class=\"spd-ob-25-first-name\">Marvin<\/span> Tenbrink<span class=\"spd-ob-25-module-pipe\"> | <\/span><span class=\"spd-ob-25-function\"> Mitglied im UB-Ausschuss<\/span><\/h5>\n<\/p><\/div>\n<div class=\"spd-ob-25-generic-row\">\n<h5 class=\"spd-ob-25-name\"><span class=\"spd-ob-25-first-name\"><span class=\"spd-ob-25-light\">Furkan<\/span><\/span> <span class=\"spd-ob-25-light\">Yilmaz<\/span><span class=\"spd-ob-25-module-pipe\"> | <\/span><span class=\"spd-ob-25-function\"> Pers\u00f6nlicher Vertreter von Marvin Tenbrink<\/span><\/h5>\n<\/p><\/div>\n<div class=\"spd-ob-25-generic-row\">\n<h5 class=\"spd-ob-25-name\"><span class=\"spd-ob-25-first-name\">Uwe<\/span> de Wys<span class=\"spd-ob-25-module-pipe\"> | <\/span><span class=\"spd-ob-25-function\"> Mitglied im UB-Ausschuss<\/span><\/h5>\n<\/p><\/div>\n<div class=\"spd-ob-25-generic-row\">\n<h5 class=\"spd-ob-25-name\"><span class=\"spd-ob-25-first-name\"><span class=\"spd-ob-25-light\">Christian<\/span><\/span> <span class=\"spd-ob-25-light\">Heckhoff<\/span><span class=\"spd-ob-25-module-pipe\"> | <\/span><span class=\"spd-ob-25-function\"> Pers\u00f6nlicher Vertreter von Uwe de Wys<\/span><\/h5>\n<\/p><\/div>\n<\/div>\n<div class=\"spd-ob-25-module-container\">\n<h3 class=\"spd-ob-25-module-headline\"><span class=\"spd-ob-light\">OV<\/span> Osterfeld<span class=\"spd-ob-colon\">:<\/span><span class=\"spd-ob-25-module-pipe\"> | <\/span><span class=\"spd-ob-black\"> UB-Parteitag (16|7)<\/span><span class=\"spd-ob-25-module-pipe-2\"> | <\/span><span class=\"spd-ob-25-function\"> Gew\u00e4hlt: 13.04.2026<\/span><\/h3>\n<div class=\"spd-ob-25-generic-row\">\n<h5 class=\"spd-ob-25-name\"><span class=\"spd-ob-25-first-name\">J\u00f6rg<\/span> Bischoff<span class=\"spd-ob-25-module-pipe\"> | <\/span><span class=\"spd-ob-25-function\"> Delegierter<\/span><\/h5>\n<\/p><\/div>\n<div class=\"spd-ob-25-generic-row\">\n<h5 class=\"spd-ob-25-name\"><span class=\"spd-ob-25-first-name\">Steffen<\/span> Czech<span class=\"spd-ob-25-module-pipe\"> | <\/span><span class=\"spd-ob-25-function\"> Delegierter<\/span><\/h5>\n<\/p><\/div>\n<div class=\"spd-ob-25-generic-row\">\n<h5 class=\"spd-ob-25-name\"><span class=\"spd-ob-25-first-name\">Uwe<\/span> de Wys<span class=\"spd-ob-25-module-pipe\"> | <\/span><span class=\"spd-ob-25-function\"> Delegierter<\/span><\/h5>\n<\/p><\/div>\n<div class=\"spd-ob-25-generic-row\">\n<h5 class=\"spd-ob-25-name\"><span class=\"spd-ob-25-first-name\">Dustin<\/span> Essling<span class=\"spd-ob-25-module-pipe\"> | <\/span><span class=\"spd-ob-25-function\"> Delegierter<\/span><\/h5>\n<\/p><\/div>\n<div class=\"spd-ob-25-generic-row\">\n<h5 class=\"spd-ob-25-name\"><span class=\"spd-ob-25-first-name\">Christian<\/span> Heckhoff<span class=\"spd-ob-25-module-pipe\"> | <\/span><span class=\"spd-ob-25-function\"> Delegierter<\/span><\/h5>\n<\/p><\/div>\n<div class=\"spd-ob-25-generic-row\">\n<h5 class=\"spd-ob-25-name\"><span class=\"spd-ob-25-first-name\">Silke<\/span> Jacobs<span class=\"spd-ob-25-module-pipe\"> | <\/span><span class=\"spd-ob-25-function\"> Delegierte<\/span><\/h5>\n<\/p><\/div>\n<div class=\"spd-ob-25-generic-row\">\n<h5 class=\"spd-ob-25-name\"><span class=\"spd-ob-25-first-name\">Thorsten<\/span> Kamps<span class=\"spd-ob-25-module-pipe\"> | <\/span><span class=\"spd-ob-25-function\"> Delegierter<\/span><\/h5>\n<\/p><\/div>\n<div class=\"spd-ob-25-generic-row\">\n<h5 class=\"spd-ob-25-name\"><span class=\"spd-ob-25-first-name\">Anna<\/span> Klytta<span class=\"spd-ob-25-module-pipe\"> | <\/span><span class=\"spd-ob-25-function\"> Delegierte<\/span><\/h5>\n<\/p><\/div>\n<div class=\"spd-ob-25-generic-row\">\n<h5 class=\"spd-ob-25-name\"><span class=\"spd-ob-25-first-name\">Nicole<\/span> Kopp-Czech<span class=\"spd-ob-25-module-pipe\"> | <\/span><span class=\"spd-ob-25-function\"> Delegierte<\/span><\/h5>\n<\/p><\/div>\n<div class=\"spd-ob-25-generic-row\">\n<h5 class=\"spd-ob-25-name\"><span class=\"spd-ob-25-first-name\">Ulrike<\/span> Korbar<span class=\"spd-ob-25-module-pipe\"> | <\/span><span class=\"spd-ob-25-function\"> Delegierte<\/span><\/h5>\n<\/p><\/div>\n<div class=\"spd-ob-25-generic-row\">\n<h5 class=\"spd-ob-25-name\"><span class=\"spd-ob-25-first-name\">J\u00f6rg<\/span> M\u00fcller<span class=\"spd-ob-25-module-pipe\"> | <\/span><span class=\"spd-ob-25-function\"> Delegierter<\/span><\/h5>\n<\/p><\/div>\n<div class=\"spd-ob-25-generic-row\">\n<h5 class=\"spd-ob-25-name\"><span class=\"spd-ob-25-first-name\">Thomas<\/span> Schicktanz<span class=\"spd-ob-25-module-pipe\"> | <\/span><span class=\"spd-ob-25-function\"> Delegierter<\/span><\/h5>\n<\/p><\/div>\n<div class=\"spd-ob-25-generic-row\">\n<h5 class=\"spd-ob-25-name\"><span class=\"spd-ob-25-first-name\">Marvin<\/span> Tenbrink<span class=\"spd-ob-25-module-pipe\"> | <\/span><span class=\"spd-ob-25-function\"> Delegierter<\/span><\/h5>\n<\/p><\/div>\n<div class=\"spd-ob-25-generic-row\">\n<h5 class=\"spd-ob-25-name\"><span class=\"spd-ob-25-first-name\">Anita<\/span> Theisen<span class=\"spd-ob-25-module-pipe\"> | <\/span><span class=\"spd-ob-25-function\"> Delegierte<\/span><\/h5>\n<\/p><\/div>\n<div class=\"spd-ob-25-generic-row\">\n<h5 class=\"spd-ob-25-name\"><span class=\"spd-ob-25-first-name\">Anette<\/span> Wei\u00df<span class=\"spd-ob-25-module-pipe\"> | <\/span><span class=\"spd-ob-25-function\"> Delegierte<\/span><\/h5>\n<\/p><\/div>\n<div class=\"spd-ob-25-generic-row\">\n<h5 class=\"spd-ob-25-name\"><span class=\"spd-ob-25-first-name\">Furkan<\/span> Yilmaz<span class=\"spd-ob-25-module-pipe\"> | <\/span><span class=\"spd-ob-25-function\"> Delegierter<\/span><\/h5>\n<\/p><\/div>\n<div class=\"spd-ob-25-generic-row\">\n<h5 class=\"spd-ob-25-name\"><span class=\"spd-ob-25-first-name\"><span class=\"spd-ob-25-light\">Dennis<\/span><\/span> <span class=\"spd-ob-25-light\">Lotz<\/span><span class=\"spd-ob-25-module-pipe\"> | <\/span><span class=\"spd-ob-25-function\"> 1. m\u00e4nnlicher Ersatzdelegierter<\/span><\/h5>\n<\/p><\/div>\n<div class=\"spd-ob-25-generic-row\">\n<h5 class=\"spd-ob-25-name\"><span class=\"spd-ob-25-first-name\"><span class=\"spd-ob-25-light\">Klaus<\/span><\/span> <span class=\"spd-ob-25-light\">Wolff<\/span><span class=\"spd-ob-25-module-pipe\"> | <\/span><span class=\"spd-ob-25-function\"> 2. m\u00e4nnlicher Ersatzdelegierter<\/span><\/h5>\n<\/p><\/div>\n<div class=\"spd-ob-25-generic-row\">\n<h5 class=\"spd-ob-25-name\"><span class=\"spd-ob-25-first-name\"><span class=\"spd-ob-25-light\">Thomas<\/span><\/span> <span class=\"spd-ob-25-light\">Krey<\/span><span class=\"spd-ob-25-module-pipe\"> | <\/span><span class=\"spd-ob-25-function\"> 3. m\u00e4nnlicher Ersatzdelegierter<\/span><\/h5>\n<\/p><\/div>\n<\/div>\n","protected":false},"excerpt":{"rendered":"<p>SPD-Unterbezirk Oberhausen OV Osterfeld Im Stadtbezirk Osterfeld engagieren sich die Sozialdemokratinnen und Sozialdemokraten im gleichnamigen Ortsverein. Er umfasst die Kommunalwahlbezirke Klosterhardt-Nord, Klosterhardt\/Heide-Nord, Eisenheim\/Heide, Rothebusch und Osterfeld-Mitte. Der Ortsverein ist in&hellip; <\/p>\n","protected":false},"author":1,"featured_media":0,"parent":5228,"menu_order":0,"comment_status":"closed","ping_status":"closed","template":"","meta":{"footnotes":""},"class_list":["post-5300","page","type-page","status-publish","hentry"],"_links":{"self":[{"href":"https:\/\/meier-gerdingh.de\/wp-spd-ob\/wp-json\/wp\/v2\/pages\/5300","targetHints":{"allow":["GET"]}}],"collection":[{"href":"https:\/\/meier-gerdingh.de\/wp-spd-ob\/wp-json\/wp\/v2\/pages"}],"about":[{"href":"https:\/\/meier-gerdingh.de\/wp-spd-ob\/wp-json\/wp\/v2\/types\/page"}],"author":[{"embeddable":true,"href":"https:\/\/meier-gerdingh.de\/wp-spd-ob\/wp-json\/wp\/v2\/users\/1"}],"replies":[{"embeddable":true,"href":"https:\/\/meier-gerdingh.de\/wp-spd-ob\/wp-json\/wp\/v2\/comments?post=5300"}],"version-history":[{"count":0,"href":"https:\/\/meier-gerdingh.de\/wp-spd-ob\/wp-json\/wp\/v2\/pages\/5300\/revisions"}],"up":[{"embeddable":true,"href":"https:\/\/meier-gerdingh.de\/wp-spd-ob\/wp-json\/wp\/v2\/pages\/5228"}],"wp:attachment":[{"href":"https:\/\/meier-gerdingh.de\/wp-spd-ob\/wp-json\/wp\/v2\/media?parent=5300"}],"curies":[{"name":"wp","href":"https:\/\/api.w.org\/{rel}","templated":true}]}}