{"id":5301,"date":"2018-07-01T16:58:17","date_gmt":"2018-07-01T14:58:17","guid":{"rendered":"http:\/\/meier-gerdingh.de\/wp-spd-ob\/?page_id=5301"},"modified":"2026-02-14T12:14:10","modified_gmt":"2026-02-14T11:14:10","slug":"ov-sterkrade-sued","status":"publish","type":"page","link":"https:\/\/meier-gerdingh.de\/wp-spd-ob\/ortsvereine\/ov-sterkrade-sued\/","title":{"rendered":"OV Sterkrade-S\u00fcd"},"content":{"rendered":"<header class=\"spd-ob-entry-header\">\n<div class=\"spd-ob-25-logo\"><span class=\"spd-ob-25-logo-spd\">SPD<\/span><span class=\"spd-ob-25-logo-unterbezirk\">-Unterbezirk<\/span> <span class=\"spd-ob-25-logo-oberhausen\">Oberhausen<\/span><\/div>\n<h1 class=\"spd-ob-headline\"><span class=\"spd-ob-light\">OV<\/span> Sterkrade-S\u00fcd<\/h1>\n<\/header>\n<p class=\"spd-ob-25-p-intro\">Im Ortsverein Sterkrade-S\u00fcd engagieren sich die SPD-Mitglieder aus Sterkrade-Mitte, Weierheide, Schwarze Heide und Buschhausen. Er umfasst die Kommunalwahlbezirke Buschhausen, Schwarze Heide-S\u00fcd, Weierheide\/Schwarze Heide, Sterkrade-Mitte-Nord und Sterkrade-Mitte-S\u00fcd. Der Ortsverein hat knapp 200 Mitglieder. Im Rat der Stadt ist er in der Wahlperiode 2025-2030 mit vier Stadtverordneten vertreten (drei M\u00e4nner, eine Frau), in der Bezirksvertretung Sterkrade stellt er zwei Mitglieder, inklusive des SPD-Sprechers. <\/p>\n<div><div id=\"image-map-pro-8201\"><\/div><\/div>\n<div class=\"spd-ob-25-module-container\">\n<h3 class=\"spd-ob-25-module-headline\"><span class=\"spd-ob-light\">OV<\/span> Sterkrade-S\u00fcd<span class=\"spd-ob-colon\">:<\/span><span class=\"spd-ob-module-pipe\"> | <\/span><span class=\"spd-ob-black\"> Kontakt<\/span><\/h3>\n<div class=\"spd-ob-generic-row\"><a href=\"https:\/\/meier-gerdingh.de\/wp-spd-ob\/wp-content\/uploads\/2026\/01\/spd-fraktion-ob-25-30-prohl-manuel-hd.jpg\"><img decoding=\"async\" src=\"https:\/\/meier-gerdingh.de\/wp-spd-ob\/wp-content\/uploads\/2026\/01\/spd-fraktion-ob-25-30-prohl-manuel.jpg\" alt=\"\" width=\"700\" height=\"394\" class=\"aligncenter size-full wp-image-13391\" srcset=\"https:\/\/meier-gerdingh.de\/wp-spd-ob\/wp-content\/uploads\/2026\/01\/spd-fraktion-ob-25-30-prohl-manuel.jpg 700w, https:\/\/meier-gerdingh.de\/wp-spd-ob\/wp-content\/uploads\/2026\/01\/spd-fraktion-ob-25-30-prohl-manuel-300x169.jpg 300w\" sizes=\"(max-width: 700px) 100vw, 700px\" \/><\/a><\/div>\n<div class=\"spd-ob-25-generic-row\">\n<h5 class=\"spd-ob-25-name\"><span class=\"spd-ob-25-first-name\">Manuel<\/span> Prohl<span class=\"spd-ob-25-module-pipe\"> | <\/span><span class=\"spd-ob-25-function\"> Vorsitzender<\/span><\/h5>\n<div class=\"spd-ob-25-contact-row\"><a href=\"mailto:manuel.prohl@spd-fraktion-oberhausen.de\" class=\"spd-ob-25-contact-link\"><i class=\"fa-solid fa-at\"><\/i> E-Mail<\/a><a href=\"tel:+492088253460\" class=\"spd-ob-25-contact-link\"><i class=\"fa-solid fa-phone\"><\/i> Telefon<\/a><a href=\"https:\/\/www.instagram.com\/manuel.prohl\/?hl=de\" class=\"spd-ob-25-contact-link\"><i class=\"fa-brands fa-instagram\"><\/i> Instagram<\/a>\n\t<\/div>\n<\/div>\n<\/div>\n<div class=\"spd-ob-25-module-container\">\n<h3 class=\"spd-ob-25-module-headline\"><span class=\"spd-ob-light\">OV<\/span> Sterkrade-S\u00fcd<span class=\"spd-ob-colon\">:<\/span><span class=\"spd-ob-module-pipe\"> | <\/span><span class=\"spd-ob-black\"> Termine<\/span><\/h3>\n<!-- EventON Calendar --><div id='evcal_calendar_882' class='list_cal ajde_evcal_calendar sev cev color esty_2 ul ' data-cal=''><div id='evcal_head' class='calendar_header ' ><div class='evo_cal_above evodfx evofx_dr_r marb5 evofx_ww'><span class='cal_head_btn evo-gototoday-btn' style='' data-mo='4' data-yr='2026' data-dy=''>Aktueller Monat<\/span><\/div><div class='evo_cal_above_content'><\/div><div class='evo_header_title '><\/div><\/div><div id='eventon_loadbar_section'><div id='eventon_loadbar'><\/div><\/div><!-- Events List --><div class='evo_events_list_box'><div id='evcal_list' class='eventon_events_list sep_months evcal_list_month'><div class='eventon_list_event no_events'><p class='no_events' >Keine Veranstaltungen<\/p><\/div>\t\t\t<\/div>\r\n\t\t\t<\/div><!-- evo_events_list_box -->\t\r\n\t\t\t<div class='clear'><\/div>\r\n\t\t\t\t\t \t<div id='evcal_footer' class='evo_bottom' style='display:none'>\r\n\t\t \t\t<div class='evo_cal_data' data-sc=\"{&quot;accord&quot;:&quot;no&quot;,&quot;bottom_nav&quot;:&quot;no&quot;,&quot;cal_id&quot;:&quot;&quot;,&quot;cal_init_nonajax&quot;:&quot;no&quot;,&quot;calendar_type&quot;:&quot;list&quot;,&quot;ep_fields&quot;:&quot;&quot;,&quot;etc_override&quot;:&quot;yes&quot;,&quot;ev_uxval&quot;:4,&quot;evc_open&quot;:&quot;no&quot;,&quot;event_count&quot;:0,&quot;event_location&quot;:&quot;all&quot;,&quot;event_order&quot;:&quot;ASC&quot;,&quot;event_organizer&quot;:&quot;all&quot;,&quot;event_parts&quot;:&quot;no&quot;,&quot;event_past_future&quot;:&quot;future&quot;,&quot;event_status&quot;:&quot;all&quot;,&quot;event_tag&quot;:&quot;all&quot;,&quot;event_type&quot;:&quot;615&quot;,&quot;event_type_2&quot;:&quot;all&quot;,&quot;event_type_3&quot;:&quot;all&quot;,&quot;event_type_4&quot;:&quot;all&quot;,&quot;event_type_5&quot;:&quot;all&quot;,&quot;event_virtual&quot;:&quot;all&quot;,&quot;eventtop_date_style&quot;:0,&quot;eventtop_style&quot;:&quot;2&quot;,&quot;exp_jumper&quot;:&quot;no&quot;,&quot;exp_so&quot;:&quot;no&quot;,&quot;ext_url&quot;:&quot;&quot;,&quot;filter_relationship&quot;:&quot;AND&quot;,&quot;filter_show_set_only&quot;:&quot;no&quot;,&quot;filter_style&quot;:&quot;default&quot;,&quot;filter_type&quot;:&quot;default&quot;,&quot;filters&quot;:&quot;yes&quot;,&quot;fixed_month&quot;:&quot;4&quot;,&quot;fixed_year&quot;:&quot;2026&quot;,&quot;focus_end_date_range&quot;:&quot;1796083199&quot;,&quot;focus_start_date_range&quot;:&quot;1775001600&quot;,&quot;ft_event_priority&quot;:&quot;no&quot;,&quot;hide_arrows&quot;:&quot;no&quot;,&quot;hide_cancels&quot;:&quot;no&quot;,&quot;hide_empty_months&quot;:&quot;yes&quot;,&quot;hide_end_time&quot;:&quot;no&quot;,&quot;hide_et_dn&quot;:&quot;no&quot;,&quot;hide_et_extra&quot;:&quot;no&quot;,&quot;hide_et_tags&quot;:&quot;no&quot;,&quot;hide_et_tl&quot;:&quot;no&quot;,&quot;hide_ft&quot;:&quot;no&quot;,&quot;hide_ft_img&quot;:&quot;no&quot;,&quot;hide_month_headers&quot;:&quot;no&quot;,&quot;hide_mult_occur&quot;:&quot;no&quot;,&quot;hide_past&quot;:&quot;yes&quot;,&quot;hide_past_by&quot;:&quot;ee&quot;,&quot;hide_so&quot;:&quot;no&quot;,&quot;ics&quot;:&quot;no&quot;,&quot;id&quot;:0,&quot;jumper&quot;:&quot;no&quot;,&quot;jumper_count&quot;:5,&quot;jumper_offset&quot;:&quot;0&quot;,&quot;lang&quot;:&quot;L1&quot;,&quot;layout_changer&quot;:&quot;no&quot;,&quot;livenow_bar&quot;:&quot;yes&quot;,&quot;mapformat&quot;:&quot;roadmap&quot;,&quot;mapiconurl&quot;:&quot;&quot;,&quot;maps_load&quot;:&quot;yes&quot;,&quot;mapscroll&quot;:&quot;true&quot;,&quot;mapzoom&quot;:&quot;16&quot;,&quot;members_only&quot;:&quot;no&quot;,&quot;ml_priority&quot;:&quot;no&quot;,&quot;ml_toend&quot;:&quot;no&quot;,&quot;month_incre&quot;:0,&quot;number_of_months&quot;:&quot;8&quot;,&quot;only_ft&quot;:&quot;no&quot;,&quot;open_as_popup&quot;:&quot;no&quot;,&quot;pec&quot;:&quot;&quot;,&quot;repeat_interval&quot;:0,&quot;s&quot;:&quot;&quot;,&quot;search&quot;:&quot;&quot;,&quot;search_all&quot;:&quot;no&quot;,&quot;sep_month&quot;:&quot;yes&quot;,&quot;show_et_ft_img&quot;:&quot;no&quot;,&quot;show_excerpt&quot;:&quot;no&quot;,&quot;show_exp_evc&quot;:&quot;no&quot;,&quot;show_limit&quot;:&quot;no&quot;,&quot;show_limit_ajax&quot;:&quot;no&quot;,&quot;show_limit_paged&quot;:1,&quot;show_limit_redir&quot;:&quot;&quot;,&quot;show_repeats&quot;:&quot;no&quot;,&quot;show_search&quot;:&quot;no&quot;,&quot;show_upcoming&quot;:0,&quot;show_year&quot;:&quot;yes&quot;,&quot;social_share&quot;:&quot;no&quot;,&quot;sort_by&quot;:&quot;sort_date&quot;,&quot;tile_bg&quot;:0,&quot;tile_bg_size&quot;:&quot;full&quot;,&quot;tile_count&quot;:2,&quot;tile_height&quot;:0,&quot;tile_style&quot;:0,&quot;tiles&quot;:&quot;no&quot;,&quot;ux_val&quot;:&quot;0&quot;,&quot;view_switcher&quot;:&quot;no&quot;,&quot;wpml_l1&quot;:&quot;&quot;,&quot;wpml_l2&quot;:&quot;&quot;,&quot;wpml_l3&quot;:&quot;&quot;,&quot;yl_priority&quot;:&quot;no&quot;,&quot;yl_toend&quot;:&quot;no&quot;,&quot;fixed_day&quot;:&quot;26&quot;,&quot;_cver&quot;:&quot;4.6.6&quot;}\" data-filter_data=\"[]\" data-nav_data=\"{&quot;month_title&quot;:&quot;&lt;p id=&#039;evcal_cur&#039; class=&#039;evo_month_title padr10&#039;&gt; April, 2026&lt;\\\/p&gt;&quot;,&quot;arrows&quot;:&quot;&lt;p class=&#039;evo_arrows&#039;&gt;\\r\\n\\t\\t\\t\\t\\t&lt;span id=&#039;evcal_prev&#039; class=&#039;evcal_arrows evcal_btn_prev evodfx evofx_jc_c evofx_ai_c&#039; &gt;&lt;i class=&#039;fa fa-chevron-left&#039;&gt;&lt;\\\/i&gt;&lt;\\\/span&gt;\\r\\n\\t\\t\\t\\t\\t&lt;span id=&#039;evcal_next&#039; class=&#039;evcal_arrows evo_arrow_next evcal_btn_next evodfx evofx_jc_c evofx_ai_c&#039; &gt;&lt;i class=&#039;fa fa-chevron-right&#039;&gt;&lt;\\\/i&gt;&lt;\\\/span&gt;\\r\\n\\t\\t\\t\\t\\t&lt;\\\/p&gt;&quot;}\" data-od=\"{&quot;lang_no_events&quot;:&quot;Keine Veranstaltungen&quot;,&quot;cal_tz_offset&quot;:0,&quot;cal_tz&quot;:&quot;UTC&quot;}\" ><\/div>\r\n\t\t \t\t<div class='evo_cal_events' data-events=\"\"><\/div>\r\n\t\t \t<\/div>\r\n\t\t\t\t\r\n\t\t\t\r\n\t\t\t\t\t\t<\/div><!-- EventON End -->\r\n\t\t\t<\/div>\n<div class=\"spd-ob-25-module-container\">\n<h3 class=\"spd-ob-25-module-headline\" style=\"margin-bottom: 20px;\"><span class=\"spd-ob-light\">OV<\/span> Sterkrade-S\u00fcd<span class=\"spd-ob-colon\">:<\/span><span class=\"spd-ob-module-pipe\"> | <\/span><span class=\"spd-ob-black\"> <span class=\"spd-ob-light\">Letzte<\/span> Beitr\u00e4ge<\/span><\/h3>\n  \r\n<header class=\"entry-header archive\">\r\n   <h4 class=\"spd-ob-subheadline\">OV Sterkrade-S\u00fcd:<\/h4>\r\n   <h2 class=\"spd-ob-entry-title-ov\"><a  href=\"https:\/\/meier-gerdingh.de\/wp-spd-ob\/2026\/04\/11\/das-ruhrgebiet-ist-bereit-fuer-olympische-spiele\/\">Das Ruhrgebiet ist bereit f\u00fcr Olympische Spiele<\/a><\/h2>\r\n   <div class=\"spd-ob-entry-meta\">\r\n      <div class=\"spd-ob-entry-meta-wrapper\"> <span class=\"spd-ob-date\">Samstag, 11. April 2026<\/span><\/div>\r\n   <\/div>\r\n<\/header>\r\n<div class=\"spd-ob-entry-content-ov\"><div id=\"attachment_13575\" style=\"width: 710px\" class=\"wp-caption aligncenter\"><a href=\"https:\/\/meier-gerdingh.de\/wp-spd-ob\/wp-content\/uploads\/2026\/04\/ov-sterkrade-sued-infostand-olympiabewerbung-lg.jpg\"><img decoding=\"async\" aria-describedby=\"caption-attachment-13575\" class=\"size-full wp-image-13575\" src=\"https:\/\/meier-gerdingh.de\/wp-spd-ob\/wp-content\/uploads\/2026\/04\/ov-sterkrade-sued-infostand-olympiabewerbung.jpg\" alt=\"\" width=\"700\" height=\"503\" srcset=\"https:\/\/meier-gerdingh.de\/wp-spd-ob\/wp-content\/uploads\/2026\/04\/ov-sterkrade-sued-infostand-olympiabewerbung.jpg 700w, https:\/\/meier-gerdingh.de\/wp-spd-ob\/wp-content\/uploads\/2026\/04\/ov-sterkrade-sued-infostand-olympiabewerbung-300x216.jpg 300w\" sizes=\"(max-width: 700px) 100vw, 700px\" \/><\/a><\/p>\n<p id=\"caption-attachment-13575\" class=\"wp-caption-text\">Mitglieder des SPD-Ortsvereins Sterkrade-S\u00fcd warben in Sterkrade f\u00fcr ein Ja zur Olympiabewerbung beim noch bis zum 19.04. laufenden B\u00fcrgerentscheid<\/p>\n<\/div>\n<p>Am Samstagvormittag, 11. April, konnten interessierte B\u00fcrger und B\u00fcrgerinnen sich mit Mitgliedern des SPD-Ortsvereins Sterkrade-S\u00fcd am Infostand in Sterkrade-Mitte zum Thema Olympia im Ruhrgebiet austauschen. Das Ruhrgebiet stehe bereit f\u00fcr die Zukunft, sagen die Mitglieder des Sportausschusses der SPD-Fraktion Dr. Ute Jordan-Ecker und Hubert Cordes und unterst\u00fctzen gemeinsam mit ihrem Ortsverein die Bewerbung f\u00fcr die Olympischen Spiele in der Metropolregion.<\/p>\n<p>Mit einer starken Vision, einer beeindruckenden Infrastruktur und gelebter Vielfalt kann das Ruhrgebiet zeigen, wie aus einer traditionsreichen Industrieregion eine moderne, nachhaltige und lebenswerte Sportregion geworden ist.<a class=\"more-tag\" href=\"https:\/\/meier-gerdingh.de\/wp-spd-ob\/2026\/04\/11\/das-ruhrgebiet-ist-bereit-fuer-olympische-spiele\/\">Mehr<\/a><\/div>\r\n<hr class=\"spd-ob-divider\">\r\n \r\n<header class=\"entry-header archive\">\r\n   <h4 class=\"spd-ob-subheadline\">Karsamstag in der Sterkrade Innenstadt:<\/h4>\r\n   <h2 class=\"spd-ob-entry-title-ov\"><a  href=\"https:\/\/meier-gerdingh.de\/wp-spd-ob\/2026\/04\/04\/ostereier-aktion-der-spd-sterkrade-sued\/\">Ostereier-Aktion der SPD Sterkrade-S\u00fcd<\/a><\/h2>\r\n   <div class=\"spd-ob-entry-meta\">\r\n      <div class=\"spd-ob-entry-meta-wrapper\"> <span class=\"spd-ob-date\">Samstag, 4. April 2026<\/span><\/div>\r\n   <\/div>\r\n<\/header>\r\n<div class=\"spd-ob-entry-content-ov\"><div id=\"attachment_13568\" style=\"width: 710px\" class=\"wp-caption aligncenter\"><a href=\"https:\/\/meier-gerdingh.de\/wp-spd-ob\/wp-content\/uploads\/2026\/04\/ov-sterkrade-sued-osteraktion-2026-lg.jpg\"><img decoding=\"async\" aria-describedby=\"caption-attachment-13568\" class=\"size-full wp-image-13568\" src=\"https:\/\/meier-gerdingh.de\/wp-spd-ob\/wp-content\/uploads\/2026\/04\/ov-sterkrade-sued-osteraktion-2026.jpg\" alt=\"\" width=\"700\" height=\"575\" srcset=\"https:\/\/meier-gerdingh.de\/wp-spd-ob\/wp-content\/uploads\/2026\/04\/ov-sterkrade-sued-osteraktion-2026.jpg 700w, https:\/\/meier-gerdingh.de\/wp-spd-ob\/wp-content\/uploads\/2026\/04\/ov-sterkrade-sued-osteraktion-2026-300x246.jpg 300w\" sizes=\"(max-width: 700px) 100vw, 700px\" \/><\/a><\/p>\n<p id=\"caption-attachment-13568\" class=\"wp-caption-text\">Gute Laune am Karsamstag in der Sterkrader Innenstadt: Mitglieder des SPD-Ortsvereins Sterkrade-S\u00fcd bei ihrer Osteraktion auf der Bahnhofstra\u00dfe<\/p>\n<\/div>\n<p>Die Mitglieder des SPD-Ortsvereins Sterkrade-S\u00fcd verteilten am Samstag, den 4.4.2026, in der Sterkrader Innenstadt wieder viele bunte Ostereier an Kinder und ihre Familien. Ziel der Osteraktion war es, Begegnung zu f\u00f6rdern und mit B\u00fcrgern und B\u00fcrgerinnen ins Gespr\u00e4ch zu kommen. Das Team des Ortsvereins informierte dabei \u00fcber lokale Anliegen und nahm Anregungen aus der Nachbarschaft auf.<a class=\"more-tag\" href=\"https:\/\/meier-gerdingh.de\/wp-spd-ob\/2026\/04\/04\/ostereier-aktion-der-spd-sterkrade-sued\/\">Mehr<\/a><\/div>\r\n<hr class=\"spd-ob-divider\">\r\n \r\n<header class=\"entry-header archive\">\r\n   <h4 class=\"spd-ob-subheadline\">Jahreshauptversammlung OV Sterkrade-S\u00fcd:<\/h4>\r\n   <h2 class=\"spd-ob-entry-title-ov\"><a  href=\"https:\/\/meier-gerdingh.de\/wp-spd-ob\/2026\/03\/27\/alle-stimmen-fuer-frederick-cordes-als-landtagskandidat\/\">Alle Stimmen f\u00fcr Frederick Cordes als Landtagskandidat<\/a><\/h2>\r\n   <div class=\"spd-ob-entry-meta\">\r\n      <div class=\"spd-ob-entry-meta-wrapper\"> <span class=\"spd-ob-date\">Freitag, 27. M\u00e4rz 2026<\/span><\/div>\r\n   <\/div>\r\n<\/header>\r\n<div class=\"spd-ob-entry-content-ov\"><div id=\"attachment_13541\" style=\"width: 710px\" class=\"wp-caption aligncenter\"><a href=\"https:\/\/meier-gerdingh.de\/wp-spd-ob\/wp-content\/uploads\/2026\/03\/freddy-cordes-2026-lg.jpg\"><img decoding=\"async\" aria-describedby=\"caption-attachment-13541\" class=\"size-full wp-image-13541\" src=\"https:\/\/meier-gerdingh.de\/wp-spd-ob\/wp-content\/uploads\/2026\/03\/freddy-cordes-2026.jpg\" alt=\"\" width=\"700\" height=\"427\" srcset=\"https:\/\/meier-gerdingh.de\/wp-spd-ob\/wp-content\/uploads\/2026\/03\/freddy-cordes-2026.jpg 700w, https:\/\/meier-gerdingh.de\/wp-spd-ob\/wp-content\/uploads\/2026\/03\/freddy-cordes-2026-300x183.jpg 300w\" sizes=\"(max-width: 700px) 100vw, 700px\" \/><\/a><\/p>\n<p id=\"caption-attachment-13541\" class=\"wp-caption-text\">Frederick (\"Freddy\") Cordes ist Generalsekret\u00e4r der NRWSPD und Mitglied des Landtags von Nordrhein-Westfalen<\/p>\n<\/div>\n<p>Auf der gut besuchten Jahreshauptversammlung des Ortsvereins Sterkrade\u2013S\u00fcd am 12. M\u00e4rz 26 bekam Frederik Cordes von allen Anwesenden ein eindeutiges Votum als NRW-Landtagskandidat im Fr\u00fchjahr 2027.<\/p>\n<p>Cordes, der seit 2020 Mitglied des Landtags und seit drei Jahren Generalsekret\u00e4r der SPD NRW ist, kandidiert f\u00fcr den Landtagswahlkreis Oberhausen-Sterkrade und Dinslaken.<a class=\"more-tag\" href=\"https:\/\/meier-gerdingh.de\/wp-spd-ob\/2026\/03\/27\/alle-stimmen-fuer-frederick-cordes-als-landtagskandidat\/\">Mehr<\/a><\/div>\r\n<hr class=\"spd-ob-divider\">\r\n \r\n<header class=\"entry-header archive\">\r\n   <h4 class=\"spd-ob-subheadline\">SPD-Ortsverein Sterkrade-S\u00fcd:<\/h4>\r\n   <h2 class=\"spd-ob-entry-title-ov\"><a  href=\"https:\/\/meier-gerdingh.de\/wp-spd-ob\/2026\/03\/16\/einladung-zum-stadtteil-gespraech\/\">Einladung zum Stadtteil-Gespr\u00e4ch<\/a><\/h2>\r\n   <div class=\"spd-ob-entry-meta\">\r\n      <div class=\"spd-ob-entry-meta-wrapper\"> <span class=\"spd-ob-date\">Montag, 16. M\u00e4rz 2026<\/span><\/div>\r\n   <\/div>\r\n<\/header>\r\n<div class=\"spd-ob-entry-content-ov\"><div id=\"attachment_13525\" style=\"width: 250px\" class=\"wp-caption alignleft\"><a href=\"https:\/\/meier-gerdingh.de\/wp-spd-ob\/wp-content\/uploads\/2026\/03\/spd-frak-ob-25-manuel-prohl.jpg\"><img decoding=\"async\" aria-describedby=\"caption-attachment-13525\" class=\"size-full wp-image-13525\" src=\"https:\/\/meier-gerdingh.de\/wp-spd-ob\/wp-content\/uploads\/2026\/03\/spd-frak-ob-25-manuel-prohl.jpg\" alt=\"\" width=\"240\" height=\"360\" srcset=\"https:\/\/meier-gerdingh.de\/wp-spd-ob\/wp-content\/uploads\/2026\/03\/spd-frak-ob-25-manuel-prohl.jpg 240w, https:\/\/meier-gerdingh.de\/wp-spd-ob\/wp-content\/uploads\/2026\/03\/spd-frak-ob-25-manuel-prohl-200x300.jpg 200w\" sizes=\"(max-width: 240px) 100vw, 240px\" \/><\/a><\/p>\n<p id=\"caption-attachment-13525\" class=\"wp-caption-text\">Manuel Prohl ist Vorsitzender des SPD-Ortsvereins Sterkrade-S\u00fcd und Chef der SPD-Fraktion im Rat der Stadt Oberhausen<\/p>\n<\/div>\n<p>Der SPD-Ortsverein Sterkrade-S\u00fcd l\u00e4dt am <strong>19. M\u00e4rz 2026, um 19.00 Uhr<\/strong>, alle interessierten Sterkrader B\u00fcrgerinnen und B\u00fcrger zum monatlichen <strong>Stadtteilgespr\u00e4ch<\/strong> ein. Die Veranstaltung findet im Restaurant <strong>Klumpen-Moritz, Bahnhofstra\u00dfe 30, 46145 Oberhausen<\/strong>, statt. Der Ortsverein und seine Mitglieder freuen sich auf einen regen politischen Austausch \u00fcber alle Themen, die den Sterkraderinnen und Sterkrader wichtig sind. Das Stadtteilgespr\u00e4ch bietet wie immer die M\u00f6glichkeit, Neuigkeiten \u00fcber aktuelle oder anstehende Projekte zu erfahren.<\/p>\n<p>Das Stadtteilgespr\u00e4ch findet in ungezwungener Atmosph\u00e4re statt; Kritik und Hinweise aus der B\u00fcrgerschaft sind erw\u00fcnscht. Damit will der Ortsverein Sterkrade-S\u00fcd die Tradition der Stadtteilgespr\u00e4che wieder aufgreifen und den B\u00fcrgerinnen und B\u00fcrgern die M\u00f6glichkeit der Mitsprache bieten.<a class=\"more-tag\" href=\"https:\/\/meier-gerdingh.de\/wp-spd-ob\/2026\/03\/16\/einladung-zum-stadtteil-gespraech\/\">Mehr<\/a><\/div>\r\n<hr class=\"spd-ob-divider\">\r\n <\/div>\n<div class=\"spd-ob-25-module-container\">\n<h3 class=\"spd-ob-25-module-headline\"><span class=\"spd-ob-light\">OV<\/span> Sterkrade-S\u00fcd<span class=\"spd-ob-colon\">:<\/span><span class=\"spd-ob-module-pipe\"> | <\/span><span class=\"spd-ob-black\"> Vorstand<\/span><span class=\"spd-ob-25-module-pipe-2\"> | <\/span><span class=\"spd-ob-25-function\"> Gew\u00e4hlt: 28.01.2025<\/span><\/h3>\n<div class=\"spd-ob-25-generic-row\">\n<div class=\"spd-ob-25-column-1-image\"><a href=\"https:\/\/meier-gerdingh.de\/wp-spd-ob\/wp-content\/uploads\/2026\/02\/spd-fraktion-ob-25-30-prohl-manuel-circle.jpg\"><img decoding=\"async\" src=\"https:\/\/meier-gerdingh.de\/wp-spd-ob\/wp-content\/uploads\/2026\/02\/spd-fraktion-ob-25-30-prohl-manuel-circle.jpg\" alt=\"\" width=\"150\" height=\"150\" class=\"aligncenter size-full wp-image-13428\" \/><\/a><\/div>\n<div class=\"spd-ob-25-column-2\">\n<h5 class=\"spd-ob-25-name\"><span class=\"spd-ob-25-first-name\">Manuel<\/span> Prohl<span class=\"spd-ob-25-module-pipe\"> | <\/span><span class=\"spd-ob-25-function\"> Vorsitzender<\/span><\/h5>\n<div class=\"spd-ob-25-contact-row\"><a href=\"mailto:manuel.prohl@spd-oberhausen.de\" class=\"spd-ob-25-contact-link\"><i class=\"fa-solid fa-at\"><\/i> E-Mail<\/a><a href=\"tel:004920823334\" class=\"spd-ob-25-contact-link\"><i class=\"fa-solid fa-phone\"><\/i> Telefon<\/a><a href=\"https:\/\/www.instagram.com\/manuel.prohl\/?hl=de\" class=\"spd-ob-25-contact-link\"><i class=\"fa-brands fa-instagram\"><\/i> Instagram<\/a><\/div>\n<\/p><\/div>\n<\/p><\/div>\n<div class=\"spd-ob-25-generic-row\">\n<div class=\"spd-ob-25-column-1\">&nbsp;<\/div>\n<div class=\"spd-ob-25-column-2\">\n<h5 class=\"spd-ob-25-name\"><span class=\"spd-ob-25-first-name\">Jutta<\/span> Bach<span class=\"spd-ob-25-module-pipe\"> | <\/span><span class=\"spd-ob-25-function\"> Stellv. Vorsitzende<\/span><\/h5>\n<div class=\"spd-ob-25-contact-row\"><a href=\"mailto:jutta.bach@spd-oberhausen.de\" class=\"spd-ob-25-contact-link\"><i class=\"fa-solid fa-at\"><\/i> E-Mail<\/a><a href=\"tel:004920823334\" class=\"spd-ob-25-contact-link\"><i class=\"fa-solid fa-phone\"><\/i> Telefon<\/a><\/div>\n<\/p><\/div>\n<\/p><\/div>\n<div class=\"spd-ob-25-generic-row\">\n<div class=\"spd-ob-25-column-1-image\"><a href=\"https:\/\/meier-gerdingh.de\/wp-spd-ob\/wp-content\/uploads\/2026\/02\/spd-fraktion-ob-25-30-cordes-hubert-circle.jpg\"><img decoding=\"async\" src=\"https:\/\/meier-gerdingh.de\/wp-spd-ob\/wp-content\/uploads\/2026\/02\/spd-fraktion-ob-25-30-cordes-hubert-circle.jpg\" alt=\"\" width=\"150\" height=\"150\" class=\"aligncenter size-full wp-image-13421\" \/><\/a><\/div>\n<div class=\"spd-ob-25-column-2\">\n<h5 class=\"spd-ob-25-name\"><span class=\"spd-ob-25-first-name\">Hubert<\/span> Cordes<span class=\"spd-ob-25-module-pipe\"> | <\/span><span class=\"spd-ob-25-function\"> Stellv. Vorsitzender<\/span><\/h5>\n<div class=\"spd-ob-25-contact-row\"><a href=\"mailto:hubert.cordes@spd-oberhausen.de\" class=\"spd-ob-25-contact-link\"><i class=\"fa-solid fa-at\"><\/i> E-Mail<\/a><a href=\"tel:004920823334\" class=\"spd-ob-25-contact-link\"><i class=\"fa-solid fa-phone\"><\/i> Telefon<\/a><a href=\"https:\/\/www.instagram.com\/cordes.hubert\/\" class=\"spd-ob-25-contact-link\"><i class=\"fa-brands fa-instagram\"><\/i> Instagram<\/a><\/div>\n<\/p><\/div>\n<\/p><\/div>\n<div class=\"spd-ob-25-generic-row\">\n<div class=\"spd-ob-25-column-1\">&nbsp;<\/div>\n<div class=\"spd-ob-25-column-2\">\n<h5 class=\"spd-ob-25-name\"><span class=\"spd-ob-25-first-name\">Andreas<\/span> Ge\u00dfner<span class=\"spd-ob-25-module-pipe\"> | <\/span><span class=\"spd-ob-25-function\"> Hauptkassierer<\/span><\/h5>\n<\/p><\/div>\n<\/p><\/div>\n<div class=\"spd-ob-25-generic-row\">\n<div class=\"spd-ob-25-column-1\">&nbsp;<\/div>\n<div class=\"spd-ob-25-column-2\">\n<h5 class=\"spd-ob-25-name\"><span class=\"spd-ob-25-first-name\">Christin<\/span> Hohmann<span class=\"spd-ob-25-module-pipe\"> | <\/span><span class=\"spd-ob-25-function\"> Kassiererin<\/span><\/h5>\n<\/p><\/div>\n<\/p><\/div>\n<div class=\"spd-ob-25-generic-row\">\n<div class=\"spd-ob-25-column-1\">&nbsp;<\/div>\n<div class=\"spd-ob-25-column-2\">\n<h5 class=\"spd-ob-25-name\"><span class=\"spd-ob-25-first-name\">Tim<\/span> Tzscheppan<span class=\"spd-ob-25-module-pipe\"> | <\/span><span class=\"spd-ob-25-function\"> Schriftf\u00fchrer<\/span><\/h5>\n<\/p><\/div>\n<\/p><\/div>\n<div class=\"spd-ob-25-generic-row\">\n<div class=\"spd-ob-25-column-1\">&nbsp;<\/div>\n<div class=\"spd-ob-25-column-2\">\n<h5 class=\"spd-ob-25-name\"><span class=\"spd-ob-25-first-name\">Susanne<\/span> Cordes<span class=\"spd-ob-25-module-pipe\"> | <\/span><span class=\"spd-ob-25-function\"> Beisitzerin<\/span><\/h5>\n<\/p><\/div>\n<\/p><\/div>\n<div class=\"spd-ob-25-generic-row\">\n<div class=\"spd-ob-25-column-1\">&nbsp;<\/div>\n<div class=\"spd-ob-25-column-2\">\n<h5 class=\"spd-ob-25-name\"><span class=\"spd-ob-25-first-name\">Frank<\/span> Endemann<span class=\"spd-ob-25-module-pipe\"> | <\/span><span class=\"spd-ob-25-function\"> Beisitzer<\/span><\/h5>\n<\/p><\/div>\n<\/p><\/div>\n<div class=\"spd-ob-25-generic-row\">\n<div class=\"spd-ob-25-column-1\">&nbsp;<\/div>\n<div class=\"spd-ob-25-column-2\">\n<h5 class=\"spd-ob-25-name\"><span class=\"spd-ob-25-first-name\">Mehriz<\/span> Fezzani<span class=\"spd-ob-25-module-pipe\"> | <\/span><span class=\"spd-ob-25-function\"> Beisitzer<\/span><\/h5>\n<\/p><\/div>\n<\/p><\/div>\n<div class=\"spd-ob-25-generic-row\">\n<div class=\"spd-ob-25-column-1\">&nbsp;<\/div>\n<div class=\"spd-ob-25-column-2\">\n<h5 class=\"spd-ob-25-name\"><span class=\"spd-ob-25-first-name\">Maximilian<\/span> Goldbeck<span class=\"spd-ob-25-module-pipe\"> | <\/span><span class=\"spd-ob-25-function\"> Beisitzer<\/span><\/h5>\n<\/p><\/div>\n<\/p><\/div>\n<div class=\"spd-ob-25-generic-row\">\n<div class=\"spd-ob-25-column-1\">&nbsp;<\/div>\n<div class=\"spd-ob-25-column-2\">\n<h5 class=\"spd-ob-25-name\"><span class=\"spd-ob-25-first-name\">Simon Gerrit<\/span> Hewing<span class=\"spd-ob-25-module-pipe\"> | <\/span><span class=\"spd-ob-25-function\"> Beisitzer<\/span><\/h5>\n<\/p><\/div>\n<\/p><\/div>\n<div class=\"spd-ob-25-generic-row\">\n<div class=\"spd-ob-25-column-1\">&nbsp;<\/div>\n<div class=\"spd-ob-25-column-2\">\n<h5 class=\"spd-ob-25-name\"><span class=\"spd-ob-25-first-name\">Jannik<\/span> Hohmann<span class=\"spd-ob-25-module-pipe\"> | <\/span><span class=\"spd-ob-25-function\"> Beisitzer<\/span><\/h5>\n<\/p><\/div>\n<\/p><\/div>\n<div class=\"spd-ob-25-generic-row\">\n<div class=\"spd-ob-25-column-1\">&nbsp;<\/div>\n<div class=\"spd-ob-25-column-2\">\n<h5 class=\"spd-ob-25-name\"><span class=\"spd-ob-25-first-name\">Anja<\/span> Schr\u00f6er<span class=\"spd-ob-25-module-pipe\"> | <\/span><span class=\"spd-ob-25-function\"> Beisitzerin<\/span><\/h5>\n<\/p><\/div>\n<\/p><\/div>\n<div class=\"spd-ob-25-generic-row\">\n<div class=\"spd-ob-25-column-1\">&nbsp;<\/div>\n<div class=\"spd-ob-25-column-2\">\n<h5 class=\"spd-ob-25-name\"><span class=\"spd-ob-25-first-name\">Wolfgang<\/span> Tzscheppan<span class=\"spd-ob-25-module-pipe\"> | <\/span><span class=\"spd-ob-25-function\"> Beisitzer<\/span><\/h5>\n<\/p><\/div>\n<\/p><\/div>\n<div class=\"spd-ob-25-generic-row\">\n<div class=\"spd-ob-25-column-1\">&nbsp;<\/div>\n<div class=\"spd-ob-25-column-2\">\n<h5 class=\"spd-ob-25-name\"><span class=\"spd-ob-25-first-name\">Ruth<\/span> Wiech<span class=\"spd-ob-25-module-pipe\"> | <\/span><span class=\"spd-ob-25-function\"> Beisitzerin<\/span><\/h5>\n<\/p><\/div>\n<\/p><\/div>\n<div class=\"spd-ob-25-generic-row\">\n<div class=\"spd-ob-25-column-1\">&nbsp;<\/div>\n<div class=\"spd-ob-25-column-2\">\n<h5 class=\"spd-ob-25-name\"><span class=\"spd-ob-25-first-name\"><span class=\"spd-ob-25-light\">Maximilian<\/span><\/span> <span class=\"spd-ob-25-light\">Goldbeck<\/span><span class=\"spd-ob-25-module-pipe\"> | <\/span><span class=\"spd-ob-25-function\"> Juso-Vertreter<\/span><\/h5>\n<\/p><\/div>\n<\/p><\/div>\n<div class=\"spd-ob-25-generic-row\">\n<div class=\"spd-ob-25-column-1\">&nbsp;<\/div>\n<div class=\"spd-ob-25-column-2\">\n<h5 class=\"spd-ob-25-name\"><span class=\"spd-ob-25-first-name\"><span class=\"spd-ob-25-light\">Wolfgang<\/span><\/span> <span class=\"spd-ob-25-light\">Tzscheppan<\/span><span class=\"spd-ob-25-module-pipe\"> | <\/span><span class=\"spd-ob-25-function\"> Vertreter AG 60 plus<\/span><\/h5>\n<\/p><\/div>\n<\/p><\/div>\n<div class=\"spd-ob-25-generic-row\">\n<div class=\"spd-ob-25-column-1\">&nbsp;<\/div>\n<div class=\"spd-ob-25-column-2\">\n<h5 class=\"spd-ob-25-name\"><span class=\"spd-ob-25-first-name\"><span class=\"spd-ob-25-light\">Ruth<\/span><\/span> <span class=\"spd-ob-25-light\">Wiech<\/span><span class=\"spd-ob-25-module-pipe\"> | <\/span><span class=\"spd-ob-25-function\"> Vertreterin SPD-Frauen (ASF)<\/span><\/h5>\n<\/p><\/div>\n<\/p><\/div>\n<div class=\"spd-ob-25-generic-row\">\n<div class=\"spd-ob-25-column-1\">&nbsp;<\/div>\n<div class=\"spd-ob-25-column-2\">\n<h5 class=\"spd-ob-25-name\"><span class=\"spd-ob-25-first-name\"><span class=\"spd-ob-25-light\">Silke<\/span><\/span> <span class=\"spd-ob-25-light\">Wilts<\/span><span class=\"spd-ob-25-module-pipe\"> | <\/span><span class=\"spd-ob-25-function\"> Pressesprecherin<\/span><\/h5>\n<\/p><\/div>\n<\/p><\/div>\n<div class=\"spd-ob-25-generic-row\">\n<div class=\"spd-ob-25-column-1\">&nbsp;<\/div>\n<div class=\"spd-ob-25-column-2\">\n<h5 class=\"spd-ob-25-name\"><span class=\"spd-ob-25-first-name\"><span class=\"spd-ob-25-light\">Andreas<\/span><\/span> <span class=\"spd-ob-25-light\">Ge\u00dfner<\/span><span class=\"spd-ob-25-module-pipe\"> | <\/span><span class=\"spd-ob-25-function\"> Internetbeauftragter<\/span><\/h5>\n<\/p><\/div>\n<\/p><\/div>\n<div class=\"spd-ob-25-generic-row\">\n<div class=\"spd-ob-25-column-1\">&nbsp;<\/div>\n<div class=\"spd-ob-25-column-2\">\n<h5 class=\"spd-ob-25-name\"><span class=\"spd-ob-25-first-name\"><span class=\"spd-ob-25-light\">Tim<\/span><\/span> <span class=\"spd-ob-25-light\">Tzscheppan<\/span><span class=\"spd-ob-25-module-pipe\"> | <\/span><span class=\"spd-ob-25-function\"> Bildungsbeauftragter<\/span><\/h5>\n<\/p><\/div>\n<\/p><\/div>\n<div class=\"spd-ob-25-generic-row\">\n<div class=\"spd-ob-25-column-1\">&nbsp;<\/div>\n<div class=\"spd-ob-25-column-2\">\n<h5 class=\"spd-ob-25-name\"><span class=\"spd-ob-25-first-name\"><span class=\"spd-ob-25-light\">Anja<\/span><\/span> <span class=\"spd-ob-25-light\">Schr\u00f6er<\/span><span class=\"spd-ob-25-module-pipe\"> | <\/span><span class=\"spd-ob-25-function\"> Mitgliederbeauftragte<\/span><\/h5>\n<\/p><\/div>\n<\/p><\/div>\n<\/div>\n<div class=\"spd-ob-25-module-container\">\n<h3 class=\"spd-ob-25-module-headline\"><span class=\"spd-ob-light\">OV<\/span> Sterkrade-S\u00fcd<span class=\"spd-ob-colon\">:<\/span><span class=\"spd-ob-module-pipe\"> | <\/span><span class=\"spd-ob-black\"> Rat der Stadt<\/span><\/h3>\n<div class=\"spd-ob-generic-row\"><a href=\"https:\/\/meier-gerdingh.de\/wp-spd-ob\/wp-content\/uploads\/2026\/01\/spd-fraktion-ob-25-30-cordes-hubert-hd.jpg\"><img decoding=\"async\" src=\"https:\/\/meier-gerdingh.de\/wp-spd-ob\/wp-content\/uploads\/2026\/01\/spd-fraktion-ob-25-30-cordes-hubert.jpg\" alt=\"\" width=\"700\" height=\"394\" class=\"aligncenter size-full wp-image-13384\" srcset=\"https:\/\/meier-gerdingh.de\/wp-spd-ob\/wp-content\/uploads\/2026\/01\/spd-fraktion-ob-25-30-cordes-hubert.jpg 700w, https:\/\/meier-gerdingh.de\/wp-spd-ob\/wp-content\/uploads\/2026\/01\/spd-fraktion-ob-25-30-cordes-hubert-300x169.jpg 300w\" sizes=\"(max-width: 700px) 100vw, 700px\" \/><\/a><\/div>\n<div class=\"spd-ob-25-generic-row\">\n<div class=\"spd-frak-ob-name\"><a class=\"spd-frak-ob-name-link\" href=\"https:\/\/meier-gerdingh.de\/wp-spd-ob\/fraktion\/mitglieder\/hubert-cordes\/\"><span class=\"spd-frak-ob-first-name\">Hubert<\/span> <span class=\"spd-frak-ob-last-name\">Cordes<\/span><\/a><span class=\"spd-ob-25-module-pipe\"> | <\/span><span class=\"spd-frak-ob-function\"> Mitglied des Rates<\/span><\/div>\n<div class=\"spd-frak-ob-contact-row\"><a href=\"mailto:hubert.cordes@spd-fraktion-oberhausen.de\" class=\"spd-frak-ob-contact-link\"><i class=\"fa-solid fa-at\"><\/i> E-Mail<\/a><a href=\"tel:+492088253460\" class=\"spd-frak-ob-contact-link\"><i class=\"fa-solid fa-phone\"><\/i> Telefon<\/a><a href=\"https:\/\/www.instagram.com\/cordes.hubert\/\" class=\"spd-frak-ob-contact-link\"><i class=\"fa-brands fa-instagram\"><\/i> Instagram<\/a><\/div>\n<\/p><\/div>\n<div class=\"spd-ob-generic-row\"><a href=\"https:\/\/meier-gerdingh.de\/wp-spd-ob\/wp-content\/uploads\/2026\/01\/spd-fraktion-ob-25-30-jordan-ecker-ute-hd.jpg\"><img decoding=\"async\" src=\"https:\/\/meier-gerdingh.de\/wp-spd-ob\/wp-content\/uploads\/2026\/01\/spd-fraktion-ob-25-30-jordan-ecker-ute.jpg\" alt=\"\" width=\"700\" height=\"394\" class=\"aligncenter size-full wp-image-13388\" srcset=\"https:\/\/meier-gerdingh.de\/wp-spd-ob\/wp-content\/uploads\/2026\/01\/spd-fraktion-ob-25-30-jordan-ecker-ute.jpg 700w, https:\/\/meier-gerdingh.de\/wp-spd-ob\/wp-content\/uploads\/2026\/01\/spd-fraktion-ob-25-30-jordan-ecker-ute-300x169.jpg 300w\" sizes=\"(max-width: 700px) 100vw, 700px\" \/><\/a><\/div>\n<div class=\"spd-ob-25-generic-row\">\n<div class=\"spd-frak-ob-name\"><a class=\"spd-frak-ob-name-link\" href=\"https:\/\/meier-gerdingh.de\/wp-spd-ob\/fraktion\/mitglieder\/manuel-prohl\/\"><span class=\"spd-frak-ob-first-name\">Dr. Ute<\/span> <span class=\"spd-frak-ob-last-name\">Jordan-Ecker<\/span><\/a><span class=\"spd-ob-25-module-pipe\"> | <\/span><span class=\"spd-frak-ob-function\">Mitglied des Rates <\/span><\/div>\n<div class=\"spd-frak-ob-contact-row\"><a href=\"mailto:ute.jordan-ecker@spd-fraktion-oberhausen.de\" class=\"spd-frak-ob-contact-link\"><i class=\"fa-solid fa-at\"><\/i> E-Mail<\/a><a href=\"tel:+492088253460\" class=\"spd-frak-ob-contact-link\"><i class=\"fa-solid fa-phone\"><\/i> Telefon<\/a><\/div>\n<\/p><\/div>\n<div class=\"spd-ob-generic-row\"><a href=\"https:\/\/meier-gerdingh.de\/wp-spd-ob\/wp-content\/uploads\/2026\/01\/spd-fraktion-ob-25-30-prohl-manuel-hd.jpg\"><img decoding=\"async\" src=\"https:\/\/meier-gerdingh.de\/wp-spd-ob\/wp-content\/uploads\/2026\/01\/spd-fraktion-ob-25-30-prohl-manuel.jpg\" alt=\"\" width=\"700\" height=\"394\" class=\"aligncenter size-full wp-image-13391\" srcset=\"https:\/\/meier-gerdingh.de\/wp-spd-ob\/wp-content\/uploads\/2026\/01\/spd-fraktion-ob-25-30-prohl-manuel.jpg 700w, https:\/\/meier-gerdingh.de\/wp-spd-ob\/wp-content\/uploads\/2026\/01\/spd-fraktion-ob-25-30-prohl-manuel-300x169.jpg 300w\" sizes=\"(max-width: 700px) 100vw, 700px\" \/><\/a><\/div>\n<div class=\"spd-ob-25-generic-row\">\n<div class=\"spd-frak-ob-name\"><a class=\"spd-frak-ob-name-link\" href=\"https:\/\/meier-gerdingh.de\/wp-spd-ob\/fraktion\/mitglieder\/manuel-prohl\/\"><span class=\"spd-frak-ob-first-name\">Manuel<\/span> <span class=\"spd-frak-ob-last-name\">Prohl<\/span><\/a><span class=\"spd-ob-25-module-pipe\"> | <\/span><span class=\"spd-frak-ob-function\">Vorsitzender der SPD-Fraktion <\/span><\/div>\n<div class=\"spd-frak-ob-contact-row\"><a href=\"mailto:manuel.prohl@spd-fraktion-oberhausen.de\" class=\"spd-frak-ob-contact-link\"><i class=\"fa-solid fa-at\"><\/i> E-Mail<\/a><a href=\"tel:+492088253460\" class=\"spd-frak-ob-contact-link\"><i class=\"fa-solid fa-phone\"><\/i> Telefon<\/a><a href=\"https:\/\/www.instagram.com\/manuel.prohl\/?hl=de\" class=\"spd-frak-ob-contact-link\"><i class=\"fa-brands fa-instagram\"><\/i> Instagram<\/a><\/div>\n<\/p><\/div>\n<div class=\"spd-ob-generic-row\"><a href=\"https:\/\/meier-gerdingh.de\/wp-spd-ob\/wp-content\/uploads\/2026\/01\/spd-fraktion-ob-25-30-schroeer-joerg-hd.jpg\"><img decoding=\"async\" src=\"https:\/\/meier-gerdingh.de\/wp-spd-ob\/wp-content\/uploads\/2026\/01\/spd-fraktion-ob-25-30-schroeer-joerg.jpg\" alt=\"\" width=\"700\" height=\"394\" class=\"aligncenter size-full wp-image-13396\" srcset=\"https:\/\/meier-gerdingh.de\/wp-spd-ob\/wp-content\/uploads\/2026\/01\/spd-fraktion-ob-25-30-schroeer-joerg.jpg 700w, https:\/\/meier-gerdingh.de\/wp-spd-ob\/wp-content\/uploads\/2026\/01\/spd-fraktion-ob-25-30-schroeer-joerg-300x169.jpg 300w\" sizes=\"(max-width: 700px) 100vw, 700px\" \/><\/a><\/div>\n<div class=\"spd-ob-25-generic-row\">\n<div class=\"spd-frak-ob-name\"><a class=\"spd-frak-ob-name-link\" href=\"https:\/\/meier-gerdingh.de\/wp-spd-ob\/fraktion\/mitglieder\/joerg.schroeer\/\"><span class=\"spd-frak-ob-first-name\">J\u00f6rg<\/span> <span class=\"spd-frak-ob-last-name\">Schr\u00f6er<\/span><\/a><span class=\"spd-ob-25-module-pipe\"> | <\/span><span class=\"spd-frak-ob-function\"> Mitglied des Rates<\/span><\/div>\n<div class=\"spd-frak-ob-contact-row\"><a href=\"mailto:joerg.schroeer@spd-fraktion-oberhausen.de\" class=\"spd-frak-ob-contact-link\"><i class=\"fa-solid fa-at\"><\/i> E-Mail<\/a><a href=\"tel:+492088253460\" class=\"spd-frak-ob-contact-link\"><i class=\"fa-solid fa-phone\"><\/i> Telefon<\/a><a href=\"https:\/\/www.facebook.com\/wilhelmine.wunder\" class=\"spd-frak-ob-contact-link\"><i class=\"fa-brands fa-facebook-f\"><\/i> Facebook<\/a><a href=\"https:\/\/www.instagram.com\/joerg_schroeer_\/\" class=\"spd-frak-ob-contact-link\"><i class=\"fa-brands fa-instagram\"><\/i> Instagram<\/a><\/div>\n<\/p><\/div>\n<\/div>\n<div class=\"spd-ob-25-module-container\">\n<h3 class=\"spd-ob-25-module-headline\" style=\"margin-top: 40px !important;\"><span class=\"spd-ob-light\">OV<\/span> Sterkrade-S\u00fcd<span class=\"spd-ob-colon\">:<\/span><span class=\"spd-ob-module-pipe\"> | <\/span><span class=\"spd-ob-black\"> Bezirksvertretung Sterkrade<\/span><\/h3>\n<div class=\"spd-ob-25-generic-row\">\n<div class=\"spd-ob-25-column-1-image\"><a href=\"https:\/\/meier-gerdingh.de\/wp-spd-ob\/wp-content\/uploads\/2026\/02\/spd-fraktion-ob-25-30-cordes-hubert-circle.jpg\"><img decoding=\"async\" src=\"https:\/\/meier-gerdingh.de\/wp-spd-ob\/wp-content\/uploads\/2026\/02\/spd-fraktion-ob-25-30-cordes-hubert-circle.jpg\" alt=\"\" width=\"150\" height=\"150\" class=\"aligncenter size-full wp-image-13421\" \/><\/a><\/div>\n<div class=\"spd-ob-25-column-2\">\n<h5 class=\"spd-ob-25-name\"><span class=\"spd-ob-25-first-name\">Hubert<\/span> Cordes<span class=\"spd-ob-25-module-pipe\"> | <\/span><span class=\"spd-ob-25-function\"> Mitglied der Bezirksvertretung Sterkrade, SPD-Sprecher<\/span><\/h5>\n<div class=\"spd-frak-ob-contact-row\"><a href=\"mailto:hubert.cordes@spd-fraktion-oberhausen.de\" class=\"spd-frak-ob-contact-link\"><i class=\"fa-solid fa-at\"><\/i> E-Mail<\/a><a href=\"tel:+492088253460\" class=\"spd-frak-ob-contact-link\"><i class=\"fa-solid fa-phone\"><\/i> Telefon<\/a><a href=\"https:\/\/www.instagram.com\/cordes.hubert\/\" class=\"spd-frak-ob-contact-link\"><i class=\"fa-brands fa-instagram\"><\/i> Instagram<\/a><\/div>\n<\/p><\/div>\n<\/p><\/div>\n<div class=\"spd-ob-25-generic-row\">\n<div class=\"spd-ob-25-column-1\">&nbsp;<\/div>\n<div class=\"spd-ob-25-column-2\">\n<h5 class=\"spd-ob-25-name\"><span class=\"spd-ob-25-first-name\">Christin<\/span> Hohmann<span class=\"spd-ob-25-module-pipe\"> | <\/span><span class=\"spd-ob-25-function\"> Mitglied der Bezirksvertretung Sterkrade<\/span><\/h5>\n<div class=\"spd-frak-ob-contact-row\"><a href=\"mailto:christin.hohmann@spd-oberhausen.de\" class=\"spd-frak-ob-contact-link\"><i class=\"fa-solid fa-at\"><\/i> E-Mail<\/a><a href=\"tel:004920823334\" class=\"spd-frak-ob-contact-link\"><i class=\"fa-solid fa-phone\"><\/i> Telefon<\/a><\/div>\n<\/p><\/div>\n<\/p><\/div>\n<\/div>\n<div class=\"spd-ob-25-module-container\">\n<h3 class=\"spd-ob-25-module-headline\"><span class=\"spd-ob-light\">OV<\/span> Sterkrade-S\u00fcd<span class=\"spd-ob-colon\">:<\/span><span class=\"spd-ob-25-module-pipe\"> | <\/span><span class=\"spd-ob-black\"> UB-Ausschuss<\/span><span class=\"spd-ob-25-module-pipe-2\"> | <\/span><span class=\"spd-ob-25-function\"> Gew\u00e4hlt: 28.01.2025<\/span><\/h3>\n<div class=\"spd-ob-25-generic-row\">\n<h5 class=\"spd-ob-25-name\"><span class=\"spd-ob-25-first-name\">Andreas<\/span> Ge\u00dfner<span class=\"spd-ob-25-module-pipe\"> | <\/span><span class=\"spd-ob-25-function\"> Mitglied im UB-Ausschuss<\/span><\/h5>\n<\/p><\/div>\n<div class=\"spd-ob-25-generic-row\">\n<h5 class=\"spd-ob-25-name\"><span class=\"spd-ob-25-first-name\"><span class=\"spd-ob-25-light\">Jannik<\/span><\/span> <span class=\"spd-ob-25-light\">Hohmann<\/span><span class=\"spd-ob-25-module-pipe\"> | <\/span><span class=\"spd-ob-25-function\"> Pers\u00f6nlicher Vertreter von Andreas Ge\u00dfner<\/span><\/h5>\n<\/p><\/div>\n<div class=\"spd-ob-25-generic-row\">\n<h5 class=\"spd-ob-25-name\"><span class=\"spd-ob-25-first-name\">Christin<\/span> Hohmann<span class=\"spd-ob-25-module-pipe\"> | <\/span><span class=\"spd-ob-25-function\"> Mitglied im UB-Ausschuss<\/span><\/h5>\n<\/p><\/div>\n<div class=\"spd-ob-25-generic-row\">\n<h5 class=\"spd-ob-25-name\"><span class=\"spd-ob-25-first-name\"><span class=\"spd-ob-25-light\">Maximilian<\/span><\/span> <span class=\"spd-ob-25-light\">Goldbeck<\/span><span class=\"spd-ob-25-module-pipe\"> | <\/span><span class=\"spd-ob-25-function\"> Pers\u00f6nlicher Vertreter von Christin Hohmann<\/span><\/h5>\n<\/p><\/div>\n<div class=\"spd-ob-25-generic-row\">\n<h5 class=\"spd-ob-25-name\"><span class=\"spd-ob-25-first-name\">Wolfgang<\/span> Tzscheppan<span class=\"spd-ob-25-module-pipe\"> | <\/span><span class=\"spd-ob-25-function\"> Mitglied im UB-Ausschuss<\/span><\/h5>\n<\/p><\/div>\n<div class=\"spd-ob-25-generic-row\">\n<h5 class=\"spd-ob-25-name\"><span class=\"spd-ob-25-first-name\"><span class=\"spd-ob-25-light\">Ruth<\/span><\/span> <span class=\"spd-ob-25-light\">Wiech<\/span><span class=\"spd-ob-25-module-pipe\"> | <\/span><span class=\"spd-ob-25-function\"> Pers\u00f6nliche Vertreterin von Wolfgang Tzscheppan<\/span><\/h5>\n<\/p><\/div>\n<\/div>\n<div class=\"spd-ob-25-module-container\">\n<h3 class=\"spd-ob-25-module-headline\"><span class=\"spd-ob-light\">OV<\/span> Sterkrade-S\u00fcd<span class=\"spd-ob-colon\">:<\/span><span class=\"spd-ob-25-module-pipe\"> | <\/span><span class=\"spd-ob-black\"> UB-Parteitag (15|6)<\/span><span class=\"spd-ob-25-module-pipe-2\"> | <\/span><span class=\"spd-ob-25-function\"> Gew\u00e4hlt: 28.01.2025<\/span><\/h3>\n<div class=\"spd-ob-25-generic-row\">\n<h5 class=\"spd-ob-25-name\"><span class=\"spd-ob-25-first-name\">Jutta<\/span> Bach<span class=\"spd-ob-25-module-pipe\"> | <\/span><span class=\"spd-ob-25-function\"> Delegierte<\/span><\/h5>\n<\/p><\/div>\n<div class=\"spd-ob-25-generic-row\">\n<h5 class=\"spd-ob-25-name\"><span class=\"spd-ob-25-first-name\">Frederick<\/span> Cordes<span class=\"spd-ob-25-module-pipe\"> | <\/span><span class=\"spd-ob-25-function\"> Delegierter<\/span><\/h5>\n<\/p><\/div>\n<div class=\"spd-ob-25-generic-row\">\n<h5 class=\"spd-ob-25-name\"><span class=\"spd-ob-25-first-name\">Hubert<\/span> Cordes<span class=\"spd-ob-25-module-pipe\"> | <\/span><span class=\"spd-ob-25-function\"> Delegierter<\/span><\/h5>\n<\/p><\/div>\n<div class=\"spd-ob-25-generic-row\">\n<h5 class=\"spd-ob-25-name\"><span class=\"spd-ob-25-first-name\">Susanne<\/span> Cordes<span class=\"spd-ob-25-module-pipe\"> | <\/span><span class=\"spd-ob-25-function\"> Delegierte<\/span><\/h5>\n<\/p><\/div>\n<div class=\"spd-ob-25-generic-row\">\n<h5 class=\"spd-ob-25-name\"><span class=\"spd-ob-25-first-name\">Mehriz<\/span> Fezzani<span class=\"spd-ob-25-module-pipe\"> | <\/span><span class=\"spd-ob-25-function\"> Delegierter<\/span><\/h5>\n<\/p><\/div>\n<div class=\"spd-ob-25-generic-row\">\n<h5 class=\"spd-ob-25-name\"><span class=\"spd-ob-25-first-name\">Andreas<\/span> Ge\u00dfner<span class=\"spd-ob-25-module-pipe\"> | <\/span><span class=\"spd-ob-25-function\"> Delegierter<\/span><\/h5>\n<\/p><\/div>\n<div class=\"spd-ob-25-generic-row\">\n<h5 class=\"spd-ob-25-name\"><span class=\"spd-ob-25-first-name\">Svenja<\/span> Haarmann<span class=\"spd-ob-25-module-pipe\"> | <\/span><span class=\"spd-ob-25-function\"> Delegierte<\/span><\/h5>\n<\/p><\/div>\n<div class=\"spd-ob-25-generic-row\">\n<h5 class=\"spd-ob-25-name\"><span class=\"spd-ob-25-first-name\">Christin<\/span> Hohmann<span class=\"spd-ob-25-module-pipe\"> | <\/span><span class=\"spd-ob-25-function\"> Delegierte<\/span><\/h5>\n<\/p><\/div>\n<div class=\"spd-ob-25-generic-row\">\n<h5 class=\"spd-ob-25-name\"><span class=\"spd-ob-25-first-name\">Jannik<\/span> Hohmann<span class=\"spd-ob-25-module-pipe\"> | <\/span><span class=\"spd-ob-25-function\"> Delegierter<\/span><\/h5>\n<\/p><\/div>\n<div class=\"spd-ob-25-generic-row\">\n<h5 class=\"spd-ob-25-name\"><span class=\"spd-ob-25-first-name\">Manuel<\/span> Prohl<span class=\"spd-ob-25-module-pipe\"> | <\/span><span class=\"spd-ob-25-function\"> Delegierter<\/span><\/h5>\n<\/p><\/div>\n<div class=\"spd-ob-25-generic-row\">\n<h5 class=\"spd-ob-25-name\"><span class=\"spd-ob-25-first-name\">Anja<\/span> Schr\u00f6er<span class=\"spd-ob-25-module-pipe\"> | <\/span><span class=\"spd-ob-25-function\"> Delegierte<\/span><\/h5>\n<\/p><\/div>\n<div class=\"spd-ob-25-generic-row\">\n<h5 class=\"spd-ob-25-name\"><span class=\"spd-ob-25-first-name\">J\u00f6rg<\/span> Schr\u00f6er<span class=\"spd-ob-25-module-pipe\"> | <\/span><span class=\"spd-ob-25-function\"> Delegierter<\/span><\/h5>\n<\/p><\/div>\n<div class=\"spd-ob-25-generic-row\">\n<h5 class=\"spd-ob-25-name\"><span class=\"spd-ob-25-first-name\">Tim<\/span> Tzscheppan<span class=\"spd-ob-25-module-pipe\"> | <\/span><span class=\"spd-ob-25-function\"> Delegierter<\/span><\/h5>\n<\/p><\/div>\n<div class=\"spd-ob-25-generic-row\">\n<h5 class=\"spd-ob-25-name\"><span class=\"spd-ob-25-first-name\">Wolfgang<\/span> Tzscheppan<span class=\"spd-ob-25-module-pipe\"> | <\/span><span class=\"spd-ob-25-function\"> Delegierter<\/span><\/h5>\n<\/p><\/div>\n<div class=\"spd-ob-25-generic-row\">\n<h5 class=\"spd-ob-25-name\"><span class=\"spd-ob-25-first-name\">Ruth<\/span> Wiech<span class=\"spd-ob-25-module-pipe\"> | <\/span><span class=\"spd-ob-25-function\"> Delegierte<\/span><\/h5>\n<\/p><\/div>\n<div class=\"spd-ob-25-generic-row\">\n<h5 class=\"spd-ob-25-name\"><span class=\"spd-ob-25-first-name\"><span class=\"spd-ob-25-light\">Maximilian<\/span><\/span> <span class=\"spd-ob-25-light\">Goldbeck<\/span><span class=\"spd-ob-25-module-pipe\"> | <\/span><span class=\"spd-ob-25-function\"> 1. m\u00e4nnlicher Ersatzdelegierter<\/span><\/h5>\n<\/p><\/div>\n<div class=\"spd-ob-25-generic-row\">\n<h5 class=\"spd-ob-25-name\"><span class=\"spd-ob-25-first-name\"><span class=\"spd-ob-25-light\">Karl-Heinz<\/span><\/span> <span class=\"spd-ob-25-light\">Emmerich<\/span><span class=\"spd-ob-25-module-pipe\"> | <\/span><span class=\"spd-ob-25-function\"> 2. m\u00e4nnlicher Ersatzdelegierter<\/span><\/h5>\n<\/p><\/div>\n<div class=\"spd-ob-25-generic-row\">\n<h5 class=\"spd-ob-25-name\"><span class=\"spd-ob-25-first-name\"><span class=\"spd-ob-25-light\">Simon Gerrit<\/span><\/span> <span class=\"spd-ob-25-light\">Hewing<\/span><span class=\"spd-ob-25-module-pipe\"> | <\/span><span class=\"spd-ob-25-function\"> 3. m\u00e4nnlicher Ersatzdelegierter<\/span><\/h5>\n<\/p><\/div>\n<div class=\"spd-ob-25-generic-row\">\n<h5 class=\"spd-ob-25-name\"><span class=\"spd-ob-25-first-name\"><span class=\"spd-ob-25-light\">Frank<\/span><\/span> <span class=\"spd-ob-25-light\">Endemann<\/span><span class=\"spd-ob-25-module-pipe\"> | <\/span><span class=\"spd-ob-25-function\"> 4. m\u00e4nnlicher Ersatzdelegierter<\/span><\/h5>\n<\/p><\/div>\n<div class=\"spd-ob-25-generic-row\">\n<h5 class=\"spd-ob-25-name\"><span class=\"spd-ob-25-first-name\"><span class=\"spd-ob-25-light\">Fabian<\/span><\/span> <span class=\"spd-ob-25-light\">Pietsch<\/span><span class=\"spd-ob-25-module-pipe\"> | <\/span><span class=\"spd-ob-25-function\"> 5. m\u00e4nnlicher Ersatzdelegierter<\/span><\/h5>\n<\/p><\/div>\n<div class=\"spd-ob-25-generic-row\">\n<h5 class=\"spd-ob-25-name\"><span class=\"spd-ob-25-first-name\"><span class=\"spd-ob-25-light\">Marc<\/span><\/span> <span class=\"spd-ob-25-light\">Hegner<\/span><span class=\"spd-ob-25-module-pipe\"> | <\/span><span class=\"spd-ob-25-function\"> 6. m\u00e4nnlicher Ersatzdelegierter<\/span><\/h5>\n<\/p><\/div>\n<div class=\"spd-ob-25-generic-row\">\n<h5 class=\"spd-ob-25-name\"><span class=\"spd-ob-25-first-name\"><span class=\"spd-ob-25-light\">Jens<\/span><\/span> <span class=\"spd-ob-25-light\">Knaup<\/span><span class=\"spd-ob-25-module-pipe\"> | <\/span><span class=\"spd-ob-25-function\"> 7. m\u00e4nnlicher Ersatzdelegierter<\/span><\/h5>\n<\/p><\/div>\n<div class=\"spd-ob-25-generic-row\">\n<h5 class=\"spd-ob-25-name\"><span class=\"spd-ob-25-first-name\"><span class=\"spd-ob-25-light\">Silke<\/span><\/span> <span class=\"spd-ob-25-light\">Wilts<\/span><span class=\"spd-ob-25-module-pipe\"> | <\/span><span class=\"spd-ob-25-function\"> 1. weibliche Ersatzdelegierte<\/span><\/h5>\n<\/p><\/div>\n<\/div>\n","protected":false},"excerpt":{"rendered":"<p>SPD-Unterbezirk Oberhausen OV Sterkrade-S\u00fcd Im Ortsverein Sterkrade-S\u00fcd engagieren sich die SPD-Mitglieder aus Sterkrade-Mitte, Weierheide, Schwarze Heide und Buschhausen. Er umfasst die Kommunalwahlbezirke Buschhausen, Schwarze Heide-S\u00fcd, Weierheide\/Schwarze Heide, Sterkrade-Mitte-Nord und Sterkrade-Mitte-S\u00fcd.&hellip; <\/p>\n","protected":false},"author":1,"featured_media":0,"parent":5228,"menu_order":0,"comment_status":"closed","ping_status":"closed","template":"","meta":{"footnotes":""},"class_list":["post-5301","page","type-page","status-publish","hentry"],"_links":{"self":[{"href":"https:\/\/meier-gerdingh.de\/wp-spd-ob\/wp-json\/wp\/v2\/pages\/5301","targetHints":{"allow":["GET"]}}],"collection":[{"href":"https:\/\/meier-gerdingh.de\/wp-spd-ob\/wp-json\/wp\/v2\/pages"}],"about":[{"href":"https:\/\/meier-gerdingh.de\/wp-spd-ob\/wp-json\/wp\/v2\/types\/page"}],"author":[{"embeddable":true,"href":"https:\/\/meier-gerdingh.de\/wp-spd-ob\/wp-json\/wp\/v2\/users\/1"}],"replies":[{"embeddable":true,"href":"https:\/\/meier-gerdingh.de\/wp-spd-ob\/wp-json\/wp\/v2\/comments?post=5301"}],"version-history":[{"count":0,"href":"https:\/\/meier-gerdingh.de\/wp-spd-ob\/wp-json\/wp\/v2\/pages\/5301\/revisions"}],"up":[{"embeddable":true,"href":"https:\/\/meier-gerdingh.de\/wp-spd-ob\/wp-json\/wp\/v2\/pages\/5228"}],"wp:attachment":[{"href":"https:\/\/meier-gerdingh.de\/wp-spd-ob\/wp-json\/wp\/v2\/media?parent=5301"}],"curies":[{"name":"wp","href":"https:\/\/api.w.org\/{rel}","templated":true}]}}