{"id":5463,"date":"2018-08-02T21:04:10","date_gmt":"2018-08-02T19:04:10","guid":{"rendered":"http:\/\/meier-gerdingh.de\/wp-spd-ob\/?page_id=5463"},"modified":"2026-05-21T09:47:32","modified_gmt":"2026-05-21T07:47:32","slug":"jusos-oberhausen","status":"publish","type":"page","link":"https:\/\/meier-gerdingh.de\/wp-spd-ob\/arbeitsgemeinschaften\/jusos-oberhausen\/","title":{"rendered":"Jusos Oberhausen"},"content":{"rendered":"<header class=\"spd-ob-entry-header\">\n<div class=\"spd-ob-25-logo\"><span class=\"spd-ob-25-logo-spd\">SPD<\/span><span class=\"spd-ob-25-logo-unterbezirk\">-Unterbezirk<\/span> <span class=\"spd-ob-25-logo-oberhausen\">Oberhausen<\/span><\/div>\n<h1 class=\"spd-ob-headline\">Jusos <span class=\"spd-ob-light\">Oberhausen<\/span><\/h1>\n<\/header>\n<p class=\"spd-ob-25-p-intro\">Der Arbeitsgemeinschaft der Jungsozialistinnen und Jungsozialisten (&#8222;Jusos&#8220;) geh\u00f6ren alle SPD-Mitglieder zwischen 14 und 35 Jahren an. Eine SPD-Mitgliedschaft ist aber nicht zwingend erforderlich, um bei den Jusos mitarbeiten zu k\u00f6nnen. Die Jusos vertreten eigenst\u00e4ndige politische Positionen und setzen sich f\u00fcr die Interessen von Jugendlichen und jungen Erwachsenen innerhalb und au\u00dferhalb der SPD ein. <\/p>\n<div><div id=\"image-map-pro-5864\"><\/div><\/div>\n<div class=\"spd-ob-25-module-container\">\n<h3 class=\"spd-ob-25-module-headline\">Jusos<span class=\"spd-ob-colon\">:<\/span><span class=\"spd-ob-module-pipe\"> | <\/span><span class=\"spd-ob-black\"> Kontakt<\/span><\/h3>\n<div class=\"spd-ob-25-generic-row\">\n<div class=\"spd-ob-25-column-1\">&nbsp;<\/div>\n<div class=\"spd-ob-25-column-2\">\n<h5 class=\"spd-ob-25-name\"><span class=\"spd-ob-25-first-name\">Johanna<\/span> Peters<span class=\"spd-ob-25-module-pipe\"> | <\/span><span class=\"spd-ob-25-function\"> Vorsitzende (Doppelspitze)<\/span><\/h5>\n<div class=\"spd-ob-25-contact-row\"><a class=\"spd-ob-25-contact-link\" href=\"mailto:johanna.peters@spd-oberhausen.de\"><i class=\"fa-solid fa-at\"><\/i> E-Mail<\/a><a class=\"spd-ob-25-contact-link\" href=\"tel:004920823334\"><i class=\"fa-solid fa-phone\"><\/i> Telefon<\/a><\/div>\n<\/p><\/div>\n<\/p><\/div>\n<div class=\"spd-ob-25-generic-row\">\n<div class=\"spd-ob-25-column-1-image\"><a href=\"https:\/\/meier-gerdingh.de\/wp-spd-ob\/wp-content\/uploads\/2025\/05\/yilmas-furkan-circle.jpg\"><img decoding=\"async\" src=\"https:\/\/meier-gerdingh.de\/wp-spd-ob\/wp-content\/uploads\/2025\/05\/yilmas-furkan-circle.jpg\" alt=\"\" width=\"150\" height=\"150\" class=\"aligncenter size-full wp-image-12459\" \/><\/a><\/div>\n<div class=\"spd-ob-25-column-2\">\n<h5 class=\"spd-ob-25-name\"><span class=\"spd-ob-25-first-name\">Furkan<\/span> Yilmaz<span class=\"spd-ob-25-module-pipe\"> | <\/span><span class=\"spd-ob-25-function\"> Vorsitzender (Doppelspitze)<\/span><\/h5>\n<div class=\"spd-ob-25-contact-row\"><a class=\"spd-ob-25-contact-link\" href=\"mailto:furkan.yilmaz@spd-oberhausen.de\"><i class=\"fa-solid fa-at\"><\/i> E-Mail<\/a><a class=\"spd-ob-25-contact-link\" href=\"tel:004920823334\"><i class=\"fa-solid fa-phone\"><\/i> Telefon<\/a><\/div>\n<\/p><\/div>\n<\/p><\/div>\n<\/div>\n<div class=\"spd-ob-25-module-container\">\n<h3 class=\"spd-ob-25-module-headline\">Jusos<span class=\"spd-ob-colon\">:<\/span><span class=\"spd-ob-module-pipe\"> | <\/span><span class=\"spd-ob-black\"> Termine<\/span><\/h3>\n<!-- EventON Calendar --><div id='evcal_calendar_255' class='list_cal ajde_evcal_calendar sev cev color esty_2 ul ' data-cal=''><div id='evcal_head' class='calendar_header ' ><div class='evo_cal_above evodfx evofx_dr_r marb5 evofx_ww'><span class='cal_head_btn evo-gototoday-btn' style='' data-mo='9' data-yr='2026' data-dy=''>Aktueller Monat<\/span><\/div><div class='evo_cal_above_content'><\/div><div class='evo_header_title '><\/div><\/div><div id='eventon_loadbar_section'><div id='eventon_loadbar'><\/div><\/div><!-- Events List --><div class='evo_events_list_box'><div id='evcal_list' class='eventon_events_list sep_months evcal_list_month'><div class='evcal_month_line' data-d='eml_9_2026' data-su='1788220800'><p>September 2026<\/p><\/div><div class='sep_month_events ' data-d='eml_9_2026'><div id=\"event_13737_0\" class=\"eventon_list_event evo_eventtop scheduled  event clrD event_13737_0\" data-event_id=\"13737\" data-ri=\"0r\" data-time=\"1789056000-1789061400\" data-colr=\"#e30615\" itemscope itemtype='http:\/\/schema.org\/Event'><div class=\"evo_event_schema\" style=\"display:none\" ><a itemprop='url'  href='https:\/\/meier-gerdingh.de\/wp-spd-ob\/termine\/jusos-oberhausen-stadtspaziergang-fuer-junge-leute-mit-ob-thorsten-berg\/'><\/a><meta itemprop='image'  \/><meta itemprop='startDate' content=\"2026-9-10T16:00+2:00\" \/><meta itemprop='endDate' content=\"2026-9-10T17:30+2:00\" \/><meta itemprop='eventStatus' content=\"https:\/\/schema.org\/EventScheduled\" \/><item style=\"display:none\" itemprop=\"location\" itemscope itemtype=\"http:\/\/schema.org\/Place\"><span itemprop=\"name\">Rathausvorplatz<\/span><span itemprop=\"address\" itemscope itemtype=\"http:\/\/schema.org\/PostalAddress\"><item itemprop=\"streetAddress\">Schwartzstr. 72, 46045 Oberhausen<\/item><\/span><\/item><item style=\"display:none\" itemprop=\"eventAttendanceMode\" itemscope itemtype=\"https:\/\/schema.org\/OfflineEventAttendanceMode\"><\/item><script type=\"application\/ld+json\">{\"@context\": \"http:\/\/schema.org\",\"@type\": \"Event\",\n\t\t\t\t\"@id\": \"event_13737_0\",\n\t\t\t\t\"eventAttendanceMode\":\"https:\/\/schema.org\/OfflineEventAttendanceMode\",\n\t\t\t\t\"eventStatus\":\"https:\/\/schema.org\/EventScheduled\",\n\t\t\t\t\"name\": \"Jusos Oberhausen: Stadtspaziergang f\u00fcr junge Leute mit OB Thorsten Berg\",\n\t\t\t\t\"url\": \"https:\/\/meier-gerdingh.de\/wp-spd-ob\/termine\/jusos-oberhausen-stadtspaziergang-fuer-junge-leute-mit-ob-thorsten-berg\/\",\n\t\t\t\t\"startDate\": \"2026-9-10T16:00+2:00\",\n\t\t\t\t\"endDate\": \"2026-9-10T17:30+2:00\",\n\t\t\t\t\"image\":\"\", \n\t\t\t\t\"description\":\"'Jusos Oberhausen: Stadtspaziergang f\u00fcr junge Leute mit OB Thorsten Berg'\",\"location\":[{\"@type\":\"Place\",\"name\":\"Rathausvorplatz\",\"address\":{\"@type\": \"PostalAddress\",\"streetAddress\":\"Schwartzstr. 72, 46045 Oberhausen\"}}]}<\/script><\/div>\r\n\t\t\t\t<p class=\"desc_trig_outter\" style=\"\"><a data-gmtrig=\"1\" data-exlk=\"0\" style=\"background-color: #e30615;\" id=\"evc_178905600013737\" class=\"desc_trig evo_jusos evo_spd-unterbezirk-oberhausen sin_val evcal_list_a\" data-ux_val=\"1\" data-ux_val_mob=\"-\"  ><span class='evoet_c2 evoet_cx '><span class='evoet_dayblock evcal_cblock ' data-bgcolor='#e30615' data-smon='September' data-syr='2026' data-bub=''><span class='evo_start '><em class='day'>Do<\/em><em class='date'>10<\/em><em class='month'>Sep<\/em><em class='time'>16:00<\/em><\/span><span class='evo_end only_time'><em class='day'>Do<\/em><em class='time'>17:30<\/em><\/span><\/span><\/span><span class='evoet_c3 evoet_cx evcal_desc'><span class='evoet_title evcal_desc2 evcal_event_title' itemprop='name'>Jusos Oberhausen: Stadtspaziergang f\u00fcr junge Leute mit OB Thorsten Berg<\/span><span class='event_location_attrs'  data-location_address=\"Schwartzstr. 72, 46045 Oberhausen\" data-location_type=\"lonlat\" data-location_name=\"Rathausvorplatz\" data-location_url=\"https:\/\/meier-gerdingh.de\/wp-spd-ob\/event-location\/rathausvorplatz\/\" data-location_status=\"true\" data-latlng=\"51.473808457430934,6.860084380238395\"><\/span><span class='evoet_subtitle evo_below_title'><\/span><span class='evoet_time_expand level_3'><em class='evcal_time evo_tz_time'><i class='fa fa-clock-o'><\/i>16:00 - 17:30 Uhr<\/em> <\/span><span class='evoet_location level_3'><em class=\"evcal_location\"  data-latlng=\"51.473808457430934,6.860084380238395\" data-add_str=\"\" data-n=\"Rathausvorplatz\"><i class=\"fa fa-location-pin\"><\/i><em class=\"event_location_name\">Rathausvorplatz<\/em><\/em><\/span><span class='evoet_eventtypes level_4 evcal_event_types ett2'><em><i>Veranstalter: <\/i><\/em><em data-filter='event_type' data-v='Jusos' data-id='928' class='evoetet_val evoet_dataval'>Jusos,<\/em><em data-filter='event_type' data-v='SPD-Unterbezirk Oberhausen' data-id='508' class='evoetet_val evoet_dataval'>SPD-Unterbezirk Oberhausen<\/em><\/span><\/span><span class='evoet_data' data-d=\"{&quot;loc.n&quot;:&quot;Rathausvorplatz&quot;,&quot;orgs&quot;:[],&quot;tags&quot;:[]}\" data-bgc=\"#e30615\" data-bggrad=\"\" ><\/span><\/a><\/p><div class=\"event_description evcal_eventcard evo_jusos evo_spd-unterbezirk-oberhausen \" style=\"display:none\"><div class='evocard_row bx2 bx'><div id='event_time' class='evocard_box time' data-c='' \n\t\t\t\t\tstyle=''><div class='evo_metarow_time evorow evcal_evdata_row evcal_evrow_sm '>\n\t\t<span class='evcal_evdata_icons'><i class='fa fa-clock-o'><\/i><\/span>\n\t\t<div class='evcal_evdata_cell'>\t\t\t\t\t\t\t\n\t\t\t<h3 class='evo_h3'><span class='evcal_evdata_icons'><i class='fa fa-clock-o'><\/i><\/span>Datum:<\/h3><p><span class='evo_eventcard_time_t'>10. September 2026 16:00 - 17:30 Uhr<\/span><\/p>\n\t\t<\/div>\n\t<\/div><\/div><div id='event_location' class='evocard_box location' data-c='' \n\t\t\t\t\tstyle=''><div class='evcal_evdata_row evo_metarow_time_location evorow '>\n\t\t\n\t\t\t<span class='evcal_evdata_icons'><i class='fa fa-map-marker'><\/i><\/span>\n\t\t\t<div class='evcal_evdata_cell' data-loc_tax_id='4600'><h3 class='evo_h3 evodfx'><span class='evcal_evdata_icons'><i class='fa fa-map-marker'><\/i><\/span>Ort:<\/h3><p class='evo_location_name'>Rathausvorplatz<\/p><p class='evo_location_address'>Schwartzstr. 72, 46045 Oberhausen<\/p><div class='padt10'><span class='evo_btn_arr evolb_trigger' data-lbvals=\"{&quot;lbc&quot;:&quot;evo_location_lb_4600&quot;,&quot;lbac&quot;:&quot;lb_max&quot;,&quot;t&quot;:&quot;Rathausvorplatz&quot;,&quot;ajax&quot;:&quot;yes&quot;,&quot;ajax_type&quot;:&quot;endpoint&quot;,&quot;ajax_action&quot;:&quot;eventon_get_tax_card_content&quot;,&quot;end&quot;:&quot;client&quot;,&quot;d&quot;:{&quot;lang&quot;:&quot;L1&quot;,&quot;term_id&quot;:4600,&quot;tax&quot;:&quot;event_location&quot;,&quot;load_lbcontent&quot;:true}}\" >Andere Ereignisse<i class='fa fa-chevron-right'><\/i><\/span><\/div><\/div>\n\t\t\n\t<\/div><\/div><\/div><div class='evocard_row'><div id='event_addtocal' class='evocard_box addtocal' data-c='' \n\t\t\t\t\tstyle=''><div class='evo_metarow_ICS evorow evcal_evdata_row'>\n\t\t\t\t\t\t\t\t\t<span class='evcal_evdata_icons'><i class='fa fa-calendar-o'><\/i><\/span>\n\t\t\t\t\t\t\t\t\t<div class='evcal_evdata_cell'>\n\t\t\t\t\t\t\t\t\t\t<p><a href='https:\/\/meier-gerdingh.de\/wp-spd-ob\/wp-admin\/admin-ajax.php?action=eventon_ics_download&event_id=13737&ri=0&nonce=be2ac1e3c9' class='evo_ics_nCal' title='Zum Kalender hinzuf\u00fcgen'>Kalender<\/a><a href='\/\/www.google.com\/calendar\/event?action=TEMPLATE&amp;text=Jusos+Oberhausen%3A+Stadtspaziergang+f%C3%BCr+junge+Leute+mit+OB+Thorsten+Berg&amp;dates=20260910T160000Z\/20260910T173000Z&amp;ctz=UTC&amp;details=Jusos+Oberhausen%3A+Stadtspaziergang+f%C3%BCr+junge+Leute+mit+OB+Thorsten+Berg&amp;location=RathausvorplatzSchwartzstr.+72%2C+46045+Oberhausen' target='_blank' class='evo_ics_gCal' title='Zum Google-Kalender hinzuf\u00fcgen'>Google-Kalender<\/a><\/p>\t\n\t\t\t\t\t\t\t\t\t<\/div>\n\t\t\t\t\t\t\t\t<\/div><\/div><\/div><div class='evocard_row'><div id='event_gmap' class='evocard_box gmap' data-c='' \n\t\t\t\t\tstyle=''><div class='evo_metarow_gmap evcal_evdata_row evorow evcal_gmaps evc17890560006a9cc4b605b1613737_gmap place' id='evc17890560006a9cc4b605b1613737_gmap' style='max-width:none' data-address=\"Schwartzstr. 72, 46045 Oberhausen\" data-latlng=\"51.473808457430934,6.860084380238395\" data-location_type=\"place\" data-scroll=\"yes\" data-mty=\"roadmap\" data-zoom=\"16\" data-mapIcon=\"\" data-delay=\"400\" data-map_canvas_id=\"evc17890560006a9cc4b605b1613737_gmap\" >\n\t\t<span class='evo_map_load_out evoposr evodb evobr15'>\n\t\t<i class='fa fa-map-marker evoposa'><\/i><span class='evo_map_load evoposr evodb'>\t\t\t\t\t\n\t\t\t\t\t<i class='a'><\/i>\n\t\t\t\t\t<i class='b'><\/i>\n\t\t\t\t\t<i class='c'><\/i>\n\t\t\t\t\t<i class='d'><\/i>\n\t\t\t\t\t<i class='e'><\/i>\n\t\t\t\t\t<i class='f'><\/i>\n\t\t\t\t<\/span><\/span><\/div><\/div><\/div><div class='evocard_row'><div id='event_getdirection' class='evocard_box getdirection' data-c='' \n\t\t\t\t\tstyle=''><div class='evo_metarow_getDr evorow evcal_evdata_row evcal_evrow_sm getdirections'>\n\t\t<form action='https:\/\/maps.google.com\/maps' method='get' target='_blank'>\n\t\t\t<input type='hidden' name='daddr' value=\"Schwartzstr. 72, 46045 Oberhausen\"\/> \n\t\t\t<div class='evo_get_direction_content evo_fx_dr_r evogap10'>\n\t\t\t\t<span class='evogetdir_header evodfx evofx_dr_r evofx_ai_c marr10'>\n\t\t\t\t\t<i class='mainicon fa fa-road'><\/i> \n\t\t\t\t\t<h3 class='evo_h3' style='padding-bottom:5px;'>Routenplaner<\/h3>\n\t\t\t\t<\/span>\n\t\t\t\t<span class='evogetdir_field evodfx evofx_1_1 evo_fx_dr_c evow100p'>\t\t\t\t\t\n\t\t\t\t\t<input class='evoInput evotac' type='text' name='saddr' placeholder='Geben Sie Ihre Adresse ein' value='' style='margin:10px 0;'\/>\n\t\t\t\t<\/span>\n\t\t\t\t<button type='submit' class='evo_get_direction_button evo_btn_arr_circ dfx fx_ai_c' title='Hier klicken f\u00fcr Route'><i class='fa fa-chevron-right'><\/i> <\/button>\n\t\t\t<\/div>\n\t\t<\/form>\n\t<\/div><\/div><\/div><div class='evocard_row'><div id='event_evosocial' class='evocard_box evosocial' data-c='' \n\t\t\t\t\tstyle=''><div class='evo_metarow_socialmedia evcal_evdata_row '><div class='evo_sm FacebookShare'><a class=\" evo_ss\" target=\"_blank\" onclick=\"javascript:window.open(this.href, '', 'left=50,top=50,width=600,height=350,toolbar=0');return false;\"\r\n\t\t\t\t\t\thref=\"\/\/www.facebook.com\/sharer.php?u=https%3A%2F%2Fmeier-gerdingh.de%2Fwp-spd-ob%2Ftermine%2Fjusos-oberhausen-stadtspaziergang-fuer-junge-leute-mit-ob-thorsten-berg%2F\" title=\"Auf Facebook teilen\"><i class=\"fa fab fa-facebook\"><\/i><\/a><\/div><div class='evo_sm Twitter'><a class=\"tw evo_ss\" onclick=\"javascript:window.open(this.href, '', 'menubar=no,toolbar=no,resizable=yes,scrollbars=yes,height=300,width=600');return false;\" href=\"\/\/twitter.com\/intent\/tweet?text=Jusos Oberhausen: Stadtspaziergang f\u00fcr junge Leute mit OB Thorsten Berg&#32;-&#32;&url=https%3A%2F%2Fmeier-gerdingh.de%2Fwp-spd-ob%2Ftermine%2Fjusos-oberhausen-stadtspaziergang-fuer-junge-leute-mit-ob-thorsten-berg%2F\" title=\"Auf X teilen\" rel=\"nofollow\" target=\"_blank\" data-url=\"https%3A%2F%2Fmeier-gerdingh.de%2Fwp-spd-ob%2Ftermine%2Fjusos-oberhausen-stadtspaziergang-fuer-junge-leute-mit-ob-thorsten-berg%2F\"><i class=\"fa fab fa-x-twitter\"><\/i><\/a><\/div><div class='evo_sm LinkedIn'><a class=\"li evo_ss\" href=\"\/\/www.linkedin.com\/shareArticle?mini=true&url=https%3A%2F%2Fmeier-gerdingh.de%2Fwp-spd-ob%2Ftermine%2Fjusos-oberhausen-stadtspaziergang-fuer-junge-leute-mit-ob-thorsten-berg%2F&title=Jusos%20Oberhausen%3A%20Stadtspaziergang%20f%C3%BCr%20junge%20Leute%20mit%20OB%20Thorsten%20Berg&summary=--\" target=\"_blank\" title=\"Auf Linkedin teilen\"><i class=\"fa fab fa-linkedin\"><\/i><\/a><\/div><div class='evo_sm Whatsapp'><a class=\"wa evo_ss\" href=\"https:\/\/api.whatsapp.com\/send?text=https%3A%2F%2Fmeier-gerdingh.de%2Fwp-spd-ob%2Ftermine%2Fjusos-oberhausen-stadtspaziergang-fuer-junge-leute-mit-ob-thorsten-berg%2F\"\r\n\t\t\t\t        data-action=\"share\/whatsapp\/share\" target=\"_blank\" title=\"Auf WhatsApp teilen\"><i class=\"fa fab fa-whatsapp\"><\/i><\/a><\/div><div class='evo_sm EmailShare'><a class=\"em evo_ss\" href=\"mailto:?subject=Jusos%20Oberhausen%3A%20Stadtspaziergang%20f%C3%BCr%20junge%20Leute%20mit%20OB%20Thorsten%20Berg&body=Event Name: Jusos%20Oberhausen%3A%20Stadtspaziergang%20f%C3%BCr%20junge%20Leute%20mit%20OB%20Thorsten%20Berg%0AEvent Date: 10. September 2026 16:00 - 17:30%0ALink: https%3A%2F%2Fmeier-gerdingh.de%2Fwp-spd-ob%2Ftermine%2Fjusos-oberhausen-stadtspaziergang-fuer-junge-leute-mit-ob-thorsten-berg%2F%0A\" target=\"_blank\"><i class=\"fa fa-envelope\"><\/i><\/a><\/div><\/div><\/div><\/div><div class='evo_card_row_end evcal_close' title='Schlie\u00dfen'><\/div><\/div><div class='clear end'><\/div><\/div><\/div>\t\t\t<\/div>\r\n\t\t\t<\/div><!-- evo_events_list_box -->\t\r\n\t\t\t<div class='clear'><\/div>\r\n\t\t\t\t\t \t<div id='evcal_footer' class='evo_bottom' style='display:none'>\r\n\t\t \t\t<div class='evo_cal_data' data-sc=\"{&quot;accord&quot;:&quot;no&quot;,&quot;bottom_nav&quot;:&quot;no&quot;,&quot;cal_id&quot;:&quot;&quot;,&quot;cal_init_nonajax&quot;:&quot;no&quot;,&quot;calendar_type&quot;:&quot;list&quot;,&quot;ep_fields&quot;:&quot;&quot;,&quot;etc_override&quot;:&quot;yes&quot;,&quot;ev_uxval&quot;:4,&quot;evc_open&quot;:&quot;no&quot;,&quot;event_count&quot;:0,&quot;event_location&quot;:&quot;all&quot;,&quot;event_order&quot;:&quot;ASC&quot;,&quot;event_organizer&quot;:&quot;all&quot;,&quot;event_parts&quot;:&quot;no&quot;,&quot;event_past_future&quot;:&quot;future&quot;,&quot;event_status&quot;:&quot;all&quot;,&quot;event_tag&quot;:&quot;all&quot;,&quot;event_type&quot;:&quot;928&quot;,&quot;event_type_2&quot;:&quot;all&quot;,&quot;event_type_3&quot;:&quot;all&quot;,&quot;event_type_4&quot;:&quot;all&quot;,&quot;event_type_5&quot;:&quot;all&quot;,&quot;event_virtual&quot;:&quot;all&quot;,&quot;eventtop_date_style&quot;:0,&quot;eventtop_style&quot;:&quot;2&quot;,&quot;exp_jumper&quot;:&quot;no&quot;,&quot;exp_so&quot;:&quot;no&quot;,&quot;ext_url&quot;:&quot;&quot;,&quot;filter_relationship&quot;:&quot;AND&quot;,&quot;filter_show_set_only&quot;:&quot;no&quot;,&quot;filter_style&quot;:&quot;default&quot;,&quot;filter_type&quot;:&quot;default&quot;,&quot;filters&quot;:&quot;yes&quot;,&quot;fixed_month&quot;:&quot;9&quot;,&quot;fixed_year&quot;:&quot;2026&quot;,&quot;focus_end_date_range&quot;:&quot;1796083199&quot;,&quot;focus_start_date_range&quot;:&quot;1788220800&quot;,&quot;ft_event_priority&quot;:&quot;no&quot;,&quot;hide_arrows&quot;:&quot;no&quot;,&quot;hide_cancels&quot;:&quot;no&quot;,&quot;hide_empty_months&quot;:&quot;yes&quot;,&quot;hide_end_time&quot;:&quot;no&quot;,&quot;hide_et_dn&quot;:&quot;no&quot;,&quot;hide_et_extra&quot;:&quot;no&quot;,&quot;hide_et_tags&quot;:&quot;no&quot;,&quot;hide_et_tl&quot;:&quot;no&quot;,&quot;hide_ft&quot;:&quot;no&quot;,&quot;hide_ft_img&quot;:&quot;no&quot;,&quot;hide_month_headers&quot;:&quot;no&quot;,&quot;hide_mult_occur&quot;:&quot;no&quot;,&quot;hide_past&quot;:&quot;yes&quot;,&quot;hide_past_by&quot;:&quot;ee&quot;,&quot;hide_so&quot;:&quot;no&quot;,&quot;ics&quot;:&quot;no&quot;,&quot;id&quot;:0,&quot;jumper&quot;:&quot;no&quot;,&quot;jumper_count&quot;:5,&quot;jumper_offset&quot;:&quot;0&quot;,&quot;lang&quot;:&quot;L1&quot;,&quot;layout_changer&quot;:&quot;no&quot;,&quot;livenow_bar&quot;:&quot;yes&quot;,&quot;mapformat&quot;:&quot;roadmap&quot;,&quot;mapiconurl&quot;:&quot;&quot;,&quot;maps_load&quot;:&quot;yes&quot;,&quot;mapscroll&quot;:&quot;true&quot;,&quot;mapzoom&quot;:&quot;16&quot;,&quot;members_only&quot;:&quot;no&quot;,&quot;ml_priority&quot;:&quot;no&quot;,&quot;ml_toend&quot;:&quot;no&quot;,&quot;month_incre&quot;:0,&quot;number_of_months&quot;:&quot;3&quot;,&quot;only_ft&quot;:&quot;no&quot;,&quot;open_as_popup&quot;:&quot;no&quot;,&quot;pec&quot;:&quot;&quot;,&quot;repeat_interval&quot;:0,&quot;s&quot;:&quot;&quot;,&quot;search&quot;:&quot;&quot;,&quot;search_all&quot;:&quot;no&quot;,&quot;sep_month&quot;:&quot;yes&quot;,&quot;show_et_ft_img&quot;:&quot;no&quot;,&quot;show_excerpt&quot;:&quot;no&quot;,&quot;show_exp_evc&quot;:&quot;no&quot;,&quot;show_limit&quot;:&quot;no&quot;,&quot;show_limit_ajax&quot;:&quot;no&quot;,&quot;show_limit_paged&quot;:1,&quot;show_limit_redir&quot;:&quot;&quot;,&quot;show_repeats&quot;:&quot;no&quot;,&quot;show_search&quot;:&quot;no&quot;,&quot;show_upcoming&quot;:0,&quot;show_year&quot;:&quot;yes&quot;,&quot;social_share&quot;:&quot;no&quot;,&quot;sort_by&quot;:&quot;sort_date&quot;,&quot;tile_bg&quot;:0,&quot;tile_bg_size&quot;:&quot;full&quot;,&quot;tile_count&quot;:2,&quot;tile_height&quot;:0,&quot;tile_style&quot;:0,&quot;tiles&quot;:&quot;no&quot;,&quot;ux_val&quot;:&quot;0&quot;,&quot;view_switcher&quot;:&quot;no&quot;,&quot;wpml_l1&quot;:&quot;&quot;,&quot;wpml_l2&quot;:&quot;&quot;,&quot;wpml_l3&quot;:&quot;&quot;,&quot;yl_priority&quot;:&quot;no&quot;,&quot;yl_toend&quot;:&quot;no&quot;,&quot;fixed_day&quot;:&quot;6&quot;,&quot;_cver&quot;:&quot;4.6.6&quot;}\" data-filter_data=\"[]\" data-nav_data=\"{&quot;month_title&quot;:&quot;&lt;p id=&#039;evcal_cur&#039; class=&#039;evo_month_title padr10&#039;&gt; September, 2026&lt;\\\/p&gt;&quot;,&quot;arrows&quot;:&quot;&lt;p class=&#039;evo_arrows&#039;&gt;\\r\\n\\t\\t\\t\\t\\t&lt;span id=&#039;evcal_prev&#039; class=&#039;evcal_arrows evcal_btn_prev evodfx evofx_jc_c evofx_ai_c&#039; &gt;&lt;i class=&#039;fa fa-chevron-left&#039;&gt;&lt;\\\/i&gt;&lt;\\\/span&gt;\\r\\n\\t\\t\\t\\t\\t&lt;span id=&#039;evcal_next&#039; class=&#039;evcal_arrows evo_arrow_next evcal_btn_next evodfx evofx_jc_c evofx_ai_c&#039; &gt;&lt;i class=&#039;fa fa-chevron-right&#039;&gt;&lt;\\\/i&gt;&lt;\\\/span&gt;\\r\\n\\t\\t\\t\\t\\t&lt;\\\/p&gt;&quot;}\" data-od=\"{&quot;lang_no_events&quot;:&quot;Keine Veranstaltungen&quot;,&quot;cal_tz_offset&quot;:0,&quot;cal_tz&quot;:&quot;UTC&quot;}\" ><\/div>\r\n\t\t \t\t<div class='evo_cal_events' data-events=\"\"><\/div>\r\n\t\t \t<\/div>\r\n\t\t\t\t\r\n\t\t\t\r\n\t\t\t\t\t\t<\/div><!-- EventON End -->\r\n\t\t\t<\/div>\n<div class=\"spd-ob-25-module-container\">\n<h3 class=\"spd-ob-25-module-headline\" style=\"margin-bottom: 20px;\">Jusos<span class=\"spd-ob-colon\">:<\/span><span class=\"spd-ob-module-pipe\"> | <\/span><span class=\"spd-ob-black\"> <span class=\"spd-ob-light\">Letzte<\/span> Beitr\u00e4ge<\/span><\/h3>\n  \r\n<header class=\"entry-header archive\">\r\n   <h4 class=\"spd-ob-subheadline\">Jusos Oberhausen:<\/h4>\r\n   <h2 class=\"spd-ob-entry-title-ov\"><a  href=\"https:\/\/meier-gerdingh.de\/wp-spd-ob\/2026\/09\/02\/stadtspaziergang-fuer-junge-leute-mit-ob-thorsten-berg\/\">Stadtspaziergang f\u00fcr junge Leute mit OB Thorsten Berg<\/a><\/h2>\r\n   <div class=\"spd-ob-entry-meta\">\r\n      <div class=\"spd-ob-entry-meta-wrapper\"> <span class=\"spd-ob-date\">Mittwoch, 2. September 2026<\/span><\/div>\r\n   <\/div>\r\n<\/header>\r\n<div class=\"spd-ob-entry-content-ov\"><p><a href=\"https:\/\/meier-gerdingh.de\/wp-spd-ob\/wp-content\/uploads\/2026\/09\/banner-jusos-oberhausen-2026.jpg\"><img decoding=\"async\" class=\"aligncenter size-full wp-image-13738\" src=\"https:\/\/meier-gerdingh.de\/wp-spd-ob\/wp-content\/uploads\/2026\/09\/banner-jusos-oberhausen-2026.jpg\" alt=\"\" width=\"700\" height=\"305\" srcset=\"https:\/\/meier-gerdingh.de\/wp-spd-ob\/wp-content\/uploads\/2026\/09\/banner-jusos-oberhausen-2026.jpg 700w, https:\/\/meier-gerdingh.de\/wp-spd-ob\/wp-content\/uploads\/2026\/09\/banner-jusos-oberhausen-2026-300x131.jpg 300w\" sizes=\"(max-width: 700px) 100vw, 700px\" \/><\/a>Uns ist Nahbarkeit wichtig, und junge Menschen sollen die M\u00f6glichkeit haben, mit Thorsten Berg, unserem Oberb\u00fcrgermeister, ganz unkompliziert ins Gespr\u00e4ch zu kommen. Genau deshalb laden wir am <strong>Donnerstag, 10.09.2026<\/strong>, zu einem <strong>Stadtspaziergang<\/strong> ein, bei dem Oberb\u00fcrgermeister Thorsten \"Totte\" Berg unser Gast ist und freuen uns besonders, wenn junge Menschen und alle Jusos (und jene, die im Herzen noch im Juso-Alter sind ;)) mit dabei sein k\u00f6nnten.<\/p>\n<p>Los geht es um <strong>16 Uhr am Rathaus<\/strong>, von wo aus wir gemeinsam rund 90 Minuten zu Fu\u00df durch die Stadt ziehen.<a class=\"more-tag\" href=\"https:\/\/meier-gerdingh.de\/wp-spd-ob\/2026\/09\/02\/stadtspaziergang-fuer-junge-leute-mit-ob-thorsten-berg\/\">Mehr<\/a><\/div>\r\n<hr class=\"spd-ob-divider\">\r\n <\/div>\n<div class=\"spd-ob-25-module-container\">\n<h3 class=\"spd-ob-25-module-headline\">Jusos<span class=\"spd-ob-colon\">:<\/span><span class=\"spd-ob-module-pipe\"> | <\/span><span class=\"spd-ob-black\"> Vorstand<\/span><span class=\"spd-ob-25-module-pipe-2\"> | <\/span><span class=\"spd-ob-25-function\"> Gew\u00e4hlt: 28.02.2026<\/span><\/h3>\n<div class=\"spd-ob-25-generic-row\">\n<div class=\"spd-ob-25-column-1\">&nbsp;<\/div>\n<div class=\"spd-ob-25-column-2\">\n<h5 class=\"spd-ob-25-name\"><span class=\"spd-ob-25-first-name\">Johanna<\/span> Peters<span class=\"spd-ob-25-module-pipe\"> | <\/span><span class=\"spd-ob-25-function\"> Vorsitzende (Doppelspitze)<\/span><\/h5>\n<div class=\"spd-ob-25-contact-row\"><a class=\"spd-ob-25-contact-link\" href=\"mailto:johanna.peters@spd-oberhausen.de\"><i class=\"fa-solid fa-at\"><\/i> E-Mail<\/a><a class=\"spd-ob-25-contact-link\" href=\"tel:004920823334\"><i class=\"fa-solid fa-phone\"><\/i> Telefon<\/a><\/div>\n<\/p><\/div>\n<\/p><\/div>\n<div class=\"spd-ob-25-generic-row\">\n<div class=\"spd-ob-25-column-1-image\"><a href=\"https:\/\/meier-gerdingh.de\/wp-spd-ob\/wp-content\/uploads\/2025\/05\/yilmas-furkan-circle.jpg\"><img decoding=\"async\" src=\"https:\/\/meier-gerdingh.de\/wp-spd-ob\/wp-content\/uploads\/2025\/05\/yilmas-furkan-circle.jpg\" alt=\"\" width=\"100\" height=\"100\" class=\"aligncenter size-full wp-image-12459\" \/><\/a><\/div>\n<div class=\"spd-ob-25-column-2\">\n<h5 class=\"spd-ob-25-name\"><span class=\"spd-ob-25-first-name\">Furkan<\/span> Yilmaz<span class=\"spd-ob-25-module-pipe\"> | <\/span><span class=\"spd-ob-25-function\"> Vorsitzender (Doppelspitze)<\/span><\/h5>\n<div class=\"spd-ob-25-contact-row\"><a class=\"spd-ob-25-contact-link\" href=\"mailto:furkan.yilmaz@spd-oberhausen.de\"><i class=\"fa-solid fa-at\"><\/i> E-Mail<\/a><a class=\"spd-ob-25-contact-link\" href=\"tel:004920823334\"><i class=\"fa-solid fa-phone\"><\/i> Telefon<\/a><\/div>\n<\/p><\/div>\n<\/p><\/div>\n<div class=\"spd-ob-25-generic-row\">\n<div class=\"spd-ob-25-column-1-image\"><a href=\"https:\/\/meier-gerdingh.de\/wp-spd-ob\/wp-content\/uploads\/2026\/05\/goldbeck-maximilian-circle.jpg\"><img decoding=\"async\" src=\"https:\/\/meier-gerdingh.de\/wp-spd-ob\/wp-content\/uploads\/2026\/05\/goldbeck-maximilian-circle.jpg\" alt=\"\" width=\"100\" height=\"100\" class=\"aligncenter size-full wp-image-13625\" \/><\/a><\/div>\n<div class=\"spd-ob-25-column-2\">\n<h5 class=\"spd-ob-25-name\"><span class=\"spd-ob-25-first-name\">Maximilian<\/span> Goldbeck<span class=\"spd-ob-25-module-pipe\"> | <\/span><span class=\"spd-ob-25-function\"> Stellv. Vorsitzender<\/span><\/h5>\n<div class=\"spd-ob-25-contact-row\"><a href=\"mailto:maximilian.goldbeck@spd-oberhausen.de\" class=\"spd-ob-25-contact-link\"><i class=\"fa-solid fa-at\"><\/i> E-Mail<\/a><a class=\"spd-ob-25-contact-link\" href=\"tel:004920823334\"><i class=\"fa-solid fa-phone\"><\/i> Telefon<\/a><\/div>\n<\/p><\/div>\n<\/p><\/div>\n<div class=\"spd-ob-25-generic-row\">\n<div class=\"spd-ob-25-column-1\">&nbsp;<\/div>\n<div class=\"spd-ob-25-column-2\">\n<h5 class=\"spd-ob-25-name\"><span class=\"spd-ob-25-first-name\">Hannah<\/span> Gr\u00f6ber<span class=\"spd-ob-25-module-pipe\"> | <\/span><span class=\"spd-ob-25-function\"> Stellv. Vorsitzende<\/span><\/h5>\n<div class=\"spd-ob-25-contact-row\"><a href=\"mailto:hannah.groeber@spd-oberhausen.de\" class=\"spd-ob-25-contact-link\"><i class=\"fa-solid fa-at\"><\/i> E-Mail<\/a><a class=\"spd-ob-25-contact-link\" href=\"tel:004920823334\"><i class=\"fa-solid fa-phone\"><\/i> Telefon<\/a><\/div>\n<\/p><\/div>\n<\/p><\/div>\n<div class=\"spd-ob-25-generic-row\">\n<div class=\"spd-ob-25-column-1\">&nbsp;<\/div>\n<div class=\"spd-ob-25-column-2\">\n<h5 class=\"spd-ob-25-name\"><span class=\"spd-ob-25-first-name\">Miriam<\/span> Hardt<span class=\"spd-ob-25-module-pipe\"> | <\/span><span class=\"spd-ob-25-function\"> Beisitzerin<\/span><\/h5>\n<div class=\"spd-ob-25-contact-row\"><a href=\"mailto:miriam.hardt@spd-oberhausen.de\" class=\"spd-ob-25-contact-link\"><i class=\"fa-solid fa-at\"><\/i> E-Mail<\/a><a class=\"spd-ob-25-contact-link\" href=\"tel:004920823334\"><i class=\"fa-solid fa-phone\"><\/i> Telefon<\/a><\/div>\n<\/p><\/div>\n<\/p><\/div>\n<div class=\"spd-ob-25-generic-row\">\n<div class=\"spd-ob-25-column-1\">&nbsp;<\/div>\n<div class=\"spd-ob-25-column-2\">\n<h5 class=\"spd-ob-25-name\"><span class=\"spd-ob-25-first-name\">Leandro<\/span> Schubek<span class=\"spd-ob-25-module-pipe\"> | <\/span><span class=\"spd-ob-25-function\"> Beisitzer<\/span><\/h5>\n<div class=\"spd-ob-25-contact-row\"><a href=\"mailto:leandro.schubek@spd-oberhausen.de\" class=\"spd-ob-25-contact-link\"><i class=\"fa-solid fa-at\"><\/i> E-Mail<\/a><a class=\"spd-ob-25-contact-link\" href=\"tel:004920823334\"><i class=\"fa-solid fa-phone\"><\/i> Telefon<\/a><\/div>\n<\/p><\/div>\n<\/p><\/div>\n<\/div>\n<div class=\"spd-ob-25-module-container\">\n<h3 class=\"spd-ob-25-module-headline\">Jusos<span class=\"spd-ob-colon\">:<\/span><span class=\"spd-ob-module-pipe\"> | <\/span><span class=\"spd-ob-black\"> UB-Parteitag (3)<\/span><span class=\"spd-ob-25-module-pipe-2\"> | <\/span><span class=\"spd-ob-25-function\"> Gew\u00e4hlt: 28.02.2026<\/span><\/h3>\n<div class=\"spd-ob-25-generic-row\">\n<h5 class=\"spd-ob-25-name\"><span class=\"spd-ob-25-first-name\">Hannah<\/span> Gr\u00f6ber<span class=\"spd-ob-25-module-pipe\"> | <\/span><span class=\"spd-ob-25-function\"> Delegierte<\/span><\/h5>\n<\/p><\/div>\n<div class=\"spd-ob-25-generic-row\">\n<h5 class=\"spd-ob-25-name\"><span class=\"spd-ob-25-first-name\">Miriam<\/span> Hardt<span class=\"spd-ob-25-module-pipe\"> | <\/span><span class=\"spd-ob-25-function\"> Delegierte<\/span><\/h5>\n<\/p><\/div>\n<div class=\"spd-ob-25-generic-row\">\n<h5 class=\"spd-ob-25-name\"><span class=\"spd-ob-25-first-name\">Johanna<\/span> Peters<span class=\"spd-ob-25-module-pipe\"> | <\/span><span class=\"spd-ob-25-function\"> Delegierte<\/span><\/h5>\n<\/p><\/div>\n<div class=\"spd-ob-25-generic-row\">\n<h5 class=\"spd-ob-25-name\"><span class=\"spd-ob-25-first-name\"><span class=\"spd-ob-25-light\">Leandro<\/span><\/span> <span class=\"spd-ob-25-light\">Schubek<\/span><span class=\"spd-ob-25-module-pipe\"> | <\/span><span class=\"spd-ob-25-function\"> 1. m\u00e4nnlicher Ersatzdelegierter<\/span><\/h5>\n<\/div>\n<\/div>\n","protected":false},"excerpt":{"rendered":"<p>SPD-Unterbezirk Oberhausen Jusos Oberhausen Der Arbeitsgemeinschaft der Jungsozialistinnen und Jungsozialisten (&#8222;Jusos&#8220;) geh\u00f6ren alle SPD-Mitglieder zwischen 14 und 35 Jahren an. Eine SPD-Mitgliedschaft ist aber nicht zwingend erforderlich, um bei den&hellip; <\/p>\n","protected":false},"author":1,"featured_media":0,"parent":5456,"menu_order":0,"comment_status":"closed","ping_status":"closed","template":"","meta":{"footnotes":""},"class_list":["post-5463","page","type-page","status-publish","hentry"],"_links":{"self":[{"href":"https:\/\/meier-gerdingh.de\/wp-spd-ob\/wp-json\/wp\/v2\/pages\/5463","targetHints":{"allow":["GET"]}}],"collection":[{"href":"https:\/\/meier-gerdingh.de\/wp-spd-ob\/wp-json\/wp\/v2\/pages"}],"about":[{"href":"https:\/\/meier-gerdingh.de\/wp-spd-ob\/wp-json\/wp\/v2\/types\/page"}],"author":[{"embeddable":true,"href":"https:\/\/meier-gerdingh.de\/wp-spd-ob\/wp-json\/wp\/v2\/users\/1"}],"replies":[{"embeddable":true,"href":"https:\/\/meier-gerdingh.de\/wp-spd-ob\/wp-json\/wp\/v2\/comments?post=5463"}],"version-history":[{"count":0,"href":"https:\/\/meier-gerdingh.de\/wp-spd-ob\/wp-json\/wp\/v2\/pages\/5463\/revisions"}],"up":[{"embeddable":true,"href":"https:\/\/meier-gerdingh.de\/wp-spd-ob\/wp-json\/wp\/v2\/pages\/5456"}],"wp:attachment":[{"href":"https:\/\/meier-gerdingh.de\/wp-spd-ob\/wp-json\/wp\/v2\/media?parent=5463"}],"curies":[{"name":"wp","href":"https:\/\/api.w.org\/{rel}","templated":true}]}}