{"id":5464,"date":"2018-08-02T22:14:59","date_gmt":"2018-08-02T20:14:59","guid":{"rendered":"http:\/\/meier-gerdingh.de\/wp-spd-ob\/?page_id=5464"},"modified":"2026-03-30T14:22:23","modified_gmt":"2026-03-30T12:22:23","slug":"ag-60-plus-oberhausen","status":"publish","type":"page","link":"https:\/\/meier-gerdingh.de\/wp-spd-ob\/arbeitsgemeinschaften\/ag-60-plus-oberhausen\/","title":{"rendered":"AG 60 plus Oberhausen"},"content":{"rendered":"<header class=\"spd-ob-entry-header\">\n<div class=\"spd-ob-25-logo\"><span class=\"spd-ob-25-logo-spd\">SPD<\/span><span class=\"spd-ob-25-logo-unterbezirk\">-Unterbezirk<\/span> <span class=\"spd-ob-25-logo-oberhausen\">Oberhausen<\/span><\/div>\n<h1 class=\"spd-ob-headline\">AG 60 plus <span class=\"spd-ob-light\">Oberhausen<\/span><\/h1>\n<\/header>\n<p class=\"spd-ob-25-p-intro\">Der Arbeitsgemeinschaft 60 plus geh\u00f6ren alle SPD-Mitglieder ab 60 Jahren an. Sie vertritt die Interessen der \u00c4lteren innerhalb und au\u00dferhalb der SPD und setzt sich f\u00fcr den Ausbau der Generationensolidarit\u00e4t ein. Die AG 60 plus gibt wichtige Impulse zur Weiterentwicklung der sozialdemokratischen Politik f\u00fcr Seniorinnen und Senioren und wirkt mit bei der Gestaltung und Bew\u00e4ltigung des demographischen Wandels.<\/p>\n<div><a href=\"https:\/\/meier-gerdingh.de\/wp-spd-ob\/wp-content\/uploads\/2026\/03\/logo-ag-60-plus.png\"><img decoding=\"async\" class=\"aligncenter size-full wp-image-13557\" src=\"https:\/\/meier-gerdingh.de\/wp-spd-ob\/wp-content\/uploads\/2026\/03\/logo-ag-60-plus.png\" alt=\"\" width=\"720\" height=\"151\" srcset=\"https:\/\/meier-gerdingh.de\/wp-spd-ob\/wp-content\/uploads\/2026\/03\/logo-ag-60-plus.png 720w, https:\/\/meier-gerdingh.de\/wp-spd-ob\/wp-content\/uploads\/2026\/03\/logo-ag-60-plus-300x63.png 300w\" sizes=\"(max-width: 720px) 100vw, 720px\" \/><\/a><\/div>\n<div><div id=\"image-map-pro-5864\"><\/div><\/div>\n<div class=\"spd-ob-25-module-container\">\n<h3 class=\"spd-ob-25-module-headline\">AG 60 plus<span class=\"spd-ob-colon\">:<\/span><span class=\"spd-ob-module-pipe\"> | <\/span><span class=\"spd-ob-black\"> Kontakt<\/span><\/h3>\n<div class=\"spd-ob-25-generic-row\">\n<div class=\"spd-ob-25-column-1-image\"><a href=\"https:\/\/meier-gerdingh.de\/wp-spd-ob\/wp-content\/uploads\/2022\/06\/wrobel-hans-guenter-circle.jpg\"><img decoding=\"async\" class=\"aligncenter size-full wp-image-9057\" src=\"https:\/\/meier-gerdingh.de\/wp-spd-ob\/wp-content\/uploads\/2022\/06\/wrobel-hans-guenter-circle.jpg\" alt=\"\" width=\"100\" height=\"100\" \/><\/a><\/div>\n<div class=\"spd-ob-25-column-2\">\n<h5 class=\"spd-ob-25-name\"><span class=\"spd-ob-25-first-name\">Hans-G\u00fcnter<\/span> Wrobel<span class=\"spd-ob-25-module-pipe\"> | <\/span><span class=\"spd-ob-25-function\"> Vorsitzender<\/span><\/h5>\n<div class=\"spd-ob-25-contact-row\"><a class=\"spd-ob-25-contact-link\" href=\"mailto:hans-guenter.wrobel@spd-oberhausen.de\"><i class=\"fa-solid fa-at\"><\/i> E-Mail<\/a><a class=\"spd-ob-25-contact-link\" href=\"tel:004920823334\"><i class=\"fa-solid fa-phone\"><\/i> Telefon<\/a><a class=\"spd-ob-25-contact-link\" href=\"https:\/\/www.facebook.com\/SPD-AG-60plus-Oberhausen-110023174096421\/\"><i class=\"fa-brands fa-facebook-f\"><\/i> Facebook<\/a><\/div>\n<\/div>\n<\/div>\n<\/div>\n<div class=\"spd-ob-25-module-container\">\n<h3 class=\"spd-ob-25-module-headline\">AG 60 plus<span class=\"spd-ob-colon\">:<\/span><span class=\"spd-ob-module-pipe\"> | <\/span><span class=\"spd-ob-black\"> Termine<\/span><\/h3>\n<!-- EventON Calendar --><div id='evcal_calendar_552' class='list_cal ajde_evcal_calendar sev cev color esty_2 ul ' data-cal=''><div id='evcal_head' class='calendar_header ' ><div class='evo_cal_above evodfx evofx_dr_r marb5 evofx_ww'><span class='cal_head_btn evo-gototoday-btn' style='' data-mo='4' data-yr='2026' data-dy=''>Aktueller Monat<\/span><\/div><div class='evo_cal_above_content'><\/div><div class='evo_header_title '><\/div><\/div><div id='eventon_loadbar_section'><div id='eventon_loadbar'><\/div><\/div><!-- Events List --><div class='evo_events_list_box'><div id='evcal_list' class='eventon_events_list sep_months evcal_list_month'><div class='eventon_list_event no_events'><p class='no_events' >Keine Veranstaltungen<\/p><\/div>\t\t\t<\/div>\r\n\t\t\t<\/div><!-- evo_events_list_box -->\t\r\n\t\t\t<div class='clear'><\/div>\r\n\t\t\t\t\t \t<div id='evcal_footer' class='evo_bottom' style='display:none'>\r\n\t\t \t\t<div class='evo_cal_data' data-sc=\"{&quot;accord&quot;:&quot;no&quot;,&quot;bottom_nav&quot;:&quot;no&quot;,&quot;cal_id&quot;:&quot;&quot;,&quot;cal_init_nonajax&quot;:&quot;no&quot;,&quot;calendar_type&quot;:&quot;list&quot;,&quot;ep_fields&quot;:&quot;&quot;,&quot;etc_override&quot;:&quot;yes&quot;,&quot;evc_open&quot;:&quot;no&quot;,&quot;event_count&quot;:0,&quot;event_location&quot;:&quot;all&quot;,&quot;event_order&quot;:&quot;ASC&quot;,&quot;event_organizer&quot;:&quot;all&quot;,&quot;event_parts&quot;:&quot;no&quot;,&quot;event_past_future&quot;:&quot;future&quot;,&quot;event_status&quot;:&quot;all&quot;,&quot;event_tag&quot;:&quot;all&quot;,&quot;event_type&quot;:&quot;860,1165&quot;,&quot;event_type_2&quot;:&quot;all&quot;,&quot;event_type_3&quot;:&quot;all&quot;,&quot;event_type_4&quot;:&quot;all&quot;,&quot;event_type_5&quot;:&quot;all&quot;,&quot;event_virtual&quot;:&quot;all&quot;,&quot;eventtop_date_style&quot;:0,&quot;eventtop_style&quot;:&quot;2&quot;,&quot;exp_jumper&quot;:&quot;no&quot;,&quot;exp_so&quot;:&quot;no&quot;,&quot;filter_relationship&quot;:&quot;AND&quot;,&quot;filter_show_set_only&quot;:&quot;no&quot;,&quot;filter_style&quot;:&quot;default&quot;,&quot;filter_type&quot;:&quot;default&quot;,&quot;filters&quot;:&quot;yes&quot;,&quot;fixed_month&quot;:&quot;4&quot;,&quot;fixed_year&quot;:&quot;2026&quot;,&quot;focus_end_date_range&quot;:&quot;1782863999&quot;,&quot;focus_start_date_range&quot;:&quot;1775001600&quot;,&quot;ft_event_priority&quot;:&quot;no&quot;,&quot;hide_arrows&quot;:&quot;no&quot;,&quot;hide_cancels&quot;:&quot;no&quot;,&quot;hide_empty_months&quot;:&quot;yes&quot;,&quot;hide_end_time&quot;:&quot;no&quot;,&quot;hide_et_dn&quot;:&quot;no&quot;,&quot;hide_et_extra&quot;:&quot;no&quot;,&quot;hide_et_tags&quot;:&quot;no&quot;,&quot;hide_et_tl&quot;:&quot;no&quot;,&quot;hide_ft&quot;:&quot;no&quot;,&quot;hide_ft_img&quot;:&quot;no&quot;,&quot;hide_month_headers&quot;:&quot;no&quot;,&quot;hide_mult_occur&quot;:&quot;no&quot;,&quot;hide_past&quot;:&quot;yes&quot;,&quot;hide_past_by&quot;:&quot;ee&quot;,&quot;hide_so&quot;:&quot;no&quot;,&quot;ics&quot;:&quot;no&quot;,&quot;jumper&quot;:&quot;no&quot;,&quot;jumper_count&quot;:5,&quot;jumper_offset&quot;:&quot;0&quot;,&quot;lang&quot;:&quot;L1&quot;,&quot;layout_changer&quot;:&quot;no&quot;,&quot;livenow_bar&quot;:&quot;yes&quot;,&quot;mapformat&quot;:&quot;roadmap&quot;,&quot;mapiconurl&quot;:&quot;&quot;,&quot;maps_load&quot;:&quot;yes&quot;,&quot;mapscroll&quot;:&quot;true&quot;,&quot;mapzoom&quot;:&quot;16&quot;,&quot;members_only&quot;:&quot;no&quot;,&quot;ml_priority&quot;:&quot;no&quot;,&quot;ml_toend&quot;:&quot;no&quot;,&quot;month_incre&quot;:0,&quot;number_of_months&quot;:&quot;3&quot;,&quot;only_ft&quot;:&quot;no&quot;,&quot;pec&quot;:&quot;&quot;,&quot;s&quot;:&quot;&quot;,&quot;search&quot;:&quot;&quot;,&quot;search_all&quot;:&quot;no&quot;,&quot;sep_month&quot;:&quot;yes&quot;,&quot;show_et_ft_img&quot;:&quot;no&quot;,&quot;show_limit&quot;:&quot;no&quot;,&quot;show_limit_ajax&quot;:&quot;no&quot;,&quot;show_limit_paged&quot;:1,&quot;show_limit_redir&quot;:&quot;&quot;,&quot;show_repeats&quot;:&quot;no&quot;,&quot;show_search&quot;:&quot;no&quot;,&quot;show_upcoming&quot;:0,&quot;show_year&quot;:&quot;yes&quot;,&quot;social_share&quot;:&quot;no&quot;,&quot;sort_by&quot;:&quot;sort_date&quot;,&quot;tile_bg&quot;:0,&quot;tile_bg_size&quot;:&quot;full&quot;,&quot;tile_count&quot;:2,&quot;tile_height&quot;:0,&quot;tile_style&quot;:0,&quot;tiles&quot;:&quot;no&quot;,&quot;ux_val&quot;:&quot;0&quot;,&quot;view_switcher&quot;:&quot;no&quot;,&quot;wpml_l1&quot;:&quot;&quot;,&quot;wpml_l2&quot;:&quot;&quot;,&quot;wpml_l3&quot;:&quot;&quot;,&quot;yl_priority&quot;:&quot;no&quot;,&quot;yl_toend&quot;:&quot;no&quot;,&quot;fixed_day&quot;:&quot;26&quot;,&quot;_cver&quot;:&quot;4.6.6&quot;}\" data-filter_data=\"[]\" data-nav_data=\"{&quot;month_title&quot;:&quot;&lt;p id=&#039;evcal_cur&#039; class=&#039;evo_month_title padr10&#039;&gt; April, 2026&lt;\\\/p&gt;&quot;,&quot;arrows&quot;:&quot;&lt;p class=&#039;evo_arrows&#039;&gt;\\r\\n\\t\\t\\t\\t\\t&lt;span id=&#039;evcal_prev&#039; class=&#039;evcal_arrows evcal_btn_prev evodfx evofx_jc_c evofx_ai_c&#039; &gt;&lt;i class=&#039;fa fa-chevron-left&#039;&gt;&lt;\\\/i&gt;&lt;\\\/span&gt;\\r\\n\\t\\t\\t\\t\\t&lt;span id=&#039;evcal_next&#039; class=&#039;evcal_arrows evo_arrow_next evcal_btn_next evodfx evofx_jc_c evofx_ai_c&#039; &gt;&lt;i class=&#039;fa fa-chevron-right&#039;&gt;&lt;\\\/i&gt;&lt;\\\/span&gt;\\r\\n\\t\\t\\t\\t\\t&lt;\\\/p&gt;&quot;}\" data-od=\"{&quot;lang_no_events&quot;:&quot;Keine Veranstaltungen&quot;,&quot;cal_tz_offset&quot;:0,&quot;cal_tz&quot;:&quot;UTC&quot;}\" ><\/div>\r\n\t\t \t\t<div class='evo_cal_events' data-events=\"\"><\/div>\r\n\t\t \t<\/div>\r\n\t\t\t\t\r\n\t\t\t\r\n\t\t\t\t\t\t<\/div><!-- EventON End -->\r\n\t\t\t<\/div>\n<div class=\"spd-ob-25-module-container\">\n<h3 class=\"spd-ob-25-module-headline\" style=\"margin-bottom: 20px;\">AG 60 plus<span class=\"spd-ob-colon\">:<\/span><span class=\"spd-ob-module-pipe\"> | <\/span><span class=\"spd-ob-black\"> <span class=\"spd-ob-light\">Letzte<\/span> Beitr\u00e4ge<\/span><\/h3>\n \r\n\r\n<header class=\"entry-header archive\">\r\n<h4 class=\"spd-ob-subheadline\">Verhalten in Gefahrensituationen:<\/h4>\r\n<h2 class=\"spd-ob-entry-title-ov\"><a  href=\"https:\/\/meier-gerdingh.de\/wp-spd-ob\/2025\/06\/10\/infoveranstaltung-der-ag-60-plus-mit-kriminaloberkommissarin-laura-millow\/\">Infoveranstaltung der AG 60 plus mit Kriminaloberkommissarin Laura Millow<\/a><\/h2>\r\n<div class=\"spd-ob-entry-meta\">\r\n<div class=\"spd-ob-entry-meta-wrapper\"><span class=\"spd-ob-date\">Dienstag, 10. Juni 2025<\/span><\/div>\r\n<\/div>\r\n<\/header>\r\n<div class=\"spd-ob-entry-content-ov\"><p><em>Heute war <strong>Kriminaloberkommissarin Laura Millow<\/strong> bei der, um \u00fcber das Thema Angst und St\u00e4rkung der eigenen Selbstsicherheit zu sprechen.<\/em><\/p>\n<p>Hierbei ging es um Gefahrensituationen und wie man sich verhalten sollte, wenn man in eine solche Situation kommt. Den Rentnerinnen und Rentnern wurde geraten, mit direkter Ansprache, bestimmter K\u00f6rpersprache und selbst geschaffener Distanz eine Gefahrenlage zu entsch\u00e4rfen, damit Leute darauf aufmerksam werden im Umfeld. Au\u00dferdem immer die Person zu siezen, damit deutlich wird, dass man sich nicht kennt und die Gefahrenlage von au\u00dfen deutlich wird.<\/p>\n<style>\n                #foogallery-gallery-12540.fg-masonry .fg-item {\n                    width: 250px;\n                    margin-right: 10px;\n                    margin-bottom: 10px;\n                }\n\t\t\t<\/style>\n<div class=\"foogallery foogallery-container foogallery-masonry foogallery-lightbox-foogallery fg-center fg-masonry fg-light fg-border-thin fg-shadow-small fg-loading-default fg-loaded-fade-in fg-captions-bottom fg-hover-fade fg-hover-plus fg-ready fg-fixed\" id=\"foogallery-gallery-12540\" data-foogallery=\"{&quot;item&quot;:{&quot;showCaptionTitle&quot;:true,&quot;showCaptionDescription&quot;:true},&quot;lazy&quot;:true,&quot;shortpixel&quot;:true,&quot;template&quot;:{&quot;columnWidth&quot;:250,&quot;gutter&quot;:10}}\" data-foogallery-lightbox=\"{&quot;thumbs&quot;:&quot;bottom&quot;,&quot;thumbsCaptions&quot;:false,&quot;thumbsBestFit&quot;:false,&quot;thumbsSmall&quot;:false,&quot;thumbsCaptionsAlign&quot;:&quot;default&quot;,&quot;info&quot;:&quot;bottom&quot;,&quot;infoVisible&quot;:true,&quot;infoOverlay&quot;:true,&quot;infoAlign&quot;:&quot;default&quot;,&quot;transition&quot;:&quot;fade&quot;,&quot;hoverButtons&quot;:false,&quot;fitMedia&quot;:false,&quot;noScrollbars&quot;:true,&quot;preserveButtonSpace&quot;:true,&quot;buttons&quot;:{&quot;fullscreen&quot;:true,&quot;info&quot;:true,&quot;thumbs&quot;:false},&quot;video&quot;:{&quot;autoPlay&quot;:true}}\" >\n<div class=\"fg-item fg-type-image fg-idle\">\n<figure class=\"fg-item-inner\"><a href=\"https:\/\/cdn.shortpixel.ai\/client\/q_lossy,ret_wait,to_webp\/https:\/\/meier-gerdingh.de\/wp-spd-ob\/wp-content\/uploads\/2025\/06\/ag60plus-25-06-nr-01.jpg\" data-attachment-id=\"12534\" data-spai-upd=\"1\" data-type=\"image\" class=\"fg-thumb\"><span class=\"fg-image-wrap\"><img decoding=\"async\" width=\"250\" height=\"144\" class=\"skip-lazy fg-image\" data-no-lazy=\"1\" data-src-fg=\"https:\/\/cdn.shortpixel.ai\/client\/w_250,q_lossy,ret_wait,to_webp\/https:\/\/meier-gerdingh.de\/wp-spd-ob\/wp-content\/uploads\/2025\/06\/ag60plus-25-06-nr-01.jpg\" src=\"data:image\/svg+xml,%3Csvg%20xmlns%3D%22http%3A%2F%2Fwww.w3.org%2F2000%2Fsvg%22%20width%3D%22250%22%20height%3D%22144%22%20viewBox%3D%220%200%20250%20144%22%3E%3C%2Fsvg%3E\" loading=\"eager\"><\/span><span class=\"fg-image-overlay\"><\/span><\/a><\/figure>\n<div class=\"fg-loader\"><\/div>\n<\/div>\n<div class=\"fg-item fg-type-image fg-idle\">\n<figure class=\"fg-item-inner\"><a href=\"https:\/\/cdn.shortpixel.ai\/client\/q_lossy,ret_wait,to_webp\/https:\/\/meier-gerdingh.de\/wp-spd-ob\/wp-content\/uploads\/2025\/06\/ag60plus-25-06-nr-02.jpg\" data-attachment-id=\"12535\" data-spai-upd=\"1\" data-type=\"image\" class=\"fg-thumb\"><span class=\"fg-image-wrap\"><img decoding=\"async\" width=\"250\" height=\"168\" class=\"skip-lazy fg-image\" data-no-lazy=\"1\" data-src-fg=\"https:\/\/cdn.shortpixel.ai\/client\/w_250,q_lossy,ret_wait,to_webp\/https:\/\/meier-gerdingh.de\/wp-spd-ob\/wp-content\/uploads\/2025\/06\/ag60plus-25-06-nr-02.jpg\" src=\"data:image\/svg+xml,%3Csvg%20xmlns%3D%22http%3A%2F%2Fwww.w3.org%2F2000%2Fsvg%22%20width%3D%22250%22%20height%3D%22168%22%20viewBox%3D%220%200%20250%20168%22%3E%3C%2Fsvg%3E\" loading=\"eager\"><\/span><span class=\"fg-image-overlay\"><\/span><\/a><\/figure>\n<div class=\"fg-loader\"><\/div>\n<\/div>\n<div class=\"fg-item fg-type-image fg-idle\">\n<figure class=\"fg-item-inner\"><a href=\"https:\/\/cdn.shortpixel.ai\/client\/q_lossy,ret_wait,to_webp\/https:\/\/meier-gerdingh.de\/wp-spd-ob\/wp-content\/uploads\/2025\/06\/ag60plus-25-06-nr-03.jpg\" data-attachment-id=\"12536\" data-spai-upd=\"1\" data-type=\"image\" class=\"fg-thumb\"><span class=\"fg-image-wrap\"><img decoding=\"async\" width=\"250\" height=\"124\" class=\"skip-lazy fg-image\" data-no-lazy=\"1\" data-src-fg=\"https:\/\/cdn.shortpixel.ai\/client\/w_250,q_lossy,ret_wait,to_webp\/https:\/\/meier-gerdingh.de\/wp-spd-ob\/wp-content\/uploads\/2025\/06\/ag60plus-25-06-nr-03.jpg\" src=\"data:image\/svg+xml,%3Csvg%20xmlns%3D%22http%3A%2F%2Fwww.w3.org%2F2000%2Fsvg%22%20width%3D%22250%22%20height%3D%22124%22%20viewBox%3D%220%200%20250%20124%22%3E%3C%2Fsvg%3E\" loading=\"eager\"><\/span><span class=\"fg-image-overlay\"><\/span><\/a><\/figure>\n<div class=\"fg-loader\"><\/div>\n<\/div>\n<div class=\"fg-item fg-type-image fg-idle\">\n<figure class=\"fg-item-inner\"><a href=\"https:\/\/cdn.shortpixel.ai\/client\/q_lossy,ret_wait,to_webp\/https:\/\/meier-gerdingh.de\/wp-spd-ob\/wp-content\/uploads\/2025\/06\/ag60plus-25-06-nr-05.jpg\" data-attachment-id=\"12538\" data-spai-upd=\"1\" data-type=\"image\" class=\"fg-thumb\"><span class=\"fg-image-wrap\"><img fetchpriority=\"high\" decoding=\"async\" width=\"250\" height=\"206\" class=\"skip-lazy fg-image\" data-no-lazy=\"1\" data-src-fg=\"https:\/\/cdn.shortpixel.ai\/client\/w_250,q_lossy,ret_wait,to_webp\/https:\/\/meier-gerdingh.de\/wp-spd-ob\/wp-content\/uploads\/2025\/06\/ag60plus-25-06-nr-05.jpg\" src=\"data:image\/svg+xml,%3Csvg%20xmlns%3D%22http%3A%2F%2Fwww.w3.org%2F2000%2Fsvg%22%20width%3D%22250%22%20height%3D%22206%22%20viewBox%3D%220%200%20250%20206%22%3E%3C%2Fsvg%3E\" loading=\"eager\"><\/span><span class=\"fg-image-overlay\"><\/span><\/a><\/figure>\n<div class=\"fg-loader\"><\/div>\n<\/div>\n<div class=\"fg-item fg-type-image fg-idle\">\n<figure class=\"fg-item-inner\"><a href=\"https:\/\/cdn.shortpixel.ai\/client\/q_lossy,ret_wait,to_webp\/https:\/\/meier-gerdingh.de\/wp-spd-ob\/wp-content\/uploads\/2025\/06\/ag60plus-25-06-nr-04.jpg\" data-attachment-id=\"12537\" data-spai-upd=\"1\" data-type=\"image\" class=\"fg-thumb\"><span class=\"fg-image-wrap\"><img decoding=\"async\" width=\"250\" height=\"161\" class=\"skip-lazy fg-image\" data-no-lazy=\"1\" data-src-fg=\"https:\/\/cdn.shortpixel.ai\/client\/w_250,q_lossy,ret_wait,to_webp\/https:\/\/meier-gerdingh.de\/wp-spd-ob\/wp-content\/uploads\/2025\/06\/ag60plus-25-06-nr-04.jpg\" src=\"data:image\/svg+xml,%3Csvg%20xmlns%3D%22http%3A%2F%2Fwww.w3.org%2F2000%2Fsvg%22%20width%3D%22250%22%20height%3D%22161%22%20viewBox%3D%220%200%20250%20161%22%3E%3C%2Fsvg%3E\" loading=\"eager\"><\/span><span class=\"fg-image-overlay\"><\/span><\/a><\/figure>\n<div class=\"fg-loader\"><\/div>\n<\/div>\n<div class=\"fg-item fg-type-image fg-idle\">\n<figure class=\"fg-item-inner\"><a href=\"https:\/\/cdn.shortpixel.ai\/client\/q_lossy,ret_wait,to_webp\/https:\/\/meier-gerdingh.de\/wp-spd-ob\/wp-content\/uploads\/2025\/06\/ag60plus-25-06-nr-06.jpg\" data-attachment-id=\"12539\" data-spai-upd=\"1\" data-type=\"image\" class=\"fg-thumb\"><span class=\"fg-image-wrap\"><img decoding=\"async\" width=\"250\" height=\"139\" class=\"skip-lazy fg-image\" data-no-lazy=\"1\" data-src-fg=\"https:\/\/cdn.shortpixel.ai\/client\/w_250,q_lossy,ret_wait,to_webp\/https:\/\/meier-gerdingh.de\/wp-spd-ob\/wp-content\/uploads\/2025\/06\/ag60plus-25-06-nr-06.jpg\" src=\"data:image\/svg+xml,%3Csvg%20xmlns%3D%22http%3A%2F%2Fwww.w3.org%2F2000%2Fsvg%22%20width%3D%22250%22%20height%3D%22139%22%20viewBox%3D%220%200%20250%20139%22%3E%3C%2Fsvg%3E\" loading=\"eager\"><\/span><span class=\"fg-image-overlay\"><\/span><\/a><\/figure>\n<div class=\"fg-loader\"><\/div>\n<\/div>\n<\/div>\n<p><a class=\"more-tag\" href=\"https:\/\/meier-gerdingh.de\/wp-spd-ob\/2025\/06\/10\/infoveranstaltung-der-ag-60-plus-mit-kriminaloberkommissarin-laura-millow\/\">Mehr<\/a><\/div>\r\n\r\n<hr class=\"spd-ob-divider\" \/>\r\n\r\n\r\n\r\n<header class=\"entry-header archive\">\r\n<h4 class=\"spd-ob-subheadline\">Foto-Galerie:<\/h4>\r\n<h2 class=\"spd-ob-entry-title-ov\"><a  href=\"https:\/\/meier-gerdingh.de\/wp-spd-ob\/2025\/05\/08\/impressionen-von-der-holtener-stolpersteinverlegung\/\">Impressionen von der Holtener Stolpersteinreinigung<\/a><\/h2>\r\n<div class=\"spd-ob-entry-meta\">\r\n<div class=\"spd-ob-entry-meta-wrapper\"><span class=\"spd-ob-date\">Donnerstag, 8. Mai 2025<\/span><\/div>\r\n<\/div>\r\n<\/header>\r\n<div class=\"spd-ob-entry-content-ov\"><div class=\"foogallery foogallery-container foogallery-masonry foogallery-lightbox-foogallery fg-center fg-masonry fg-light fg-border-thin fg-shadow-small fg-loading-default fg-loaded-fade-in fg-captions-bottom fg-hover-fade fg-hover-plus fg-ready fg-col3\" id=\"foogallery-gallery-12463\" data-foogallery=\"{&quot;item&quot;:{&quot;showCaptionTitle&quot;:true,&quot;showCaptionDescription&quot;:true},&quot;lazy&quot;:true,&quot;shortpixel&quot;:true}\" data-foogallery-lightbox=\"{&quot;thumbs&quot;:&quot;bottom&quot;,&quot;thumbsCaptions&quot;:false,&quot;thumbsBestFit&quot;:false,&quot;thumbsSmall&quot;:false,&quot;thumbsCaptionsAlign&quot;:&quot;default&quot;,&quot;info&quot;:&quot;bottom&quot;,&quot;infoVisible&quot;:true,&quot;infoOverlay&quot;:true,&quot;infoAlign&quot;:&quot;default&quot;,&quot;transition&quot;:&quot;fade&quot;,&quot;hoverButtons&quot;:false,&quot;fitMedia&quot;:false,&quot;noScrollbars&quot;:true,&quot;preserveButtonSpace&quot;:true,&quot;buttons&quot;:{&quot;fullscreen&quot;:true,&quot;info&quot;:true,&quot;thumbs&quot;:false},&quot;video&quot;:{&quot;autoPlay&quot;:true}}\" >\n<div class=\"fg-column-width\"><\/div>\n<div class=\"fg-gutter-width\"><\/div>\n<div class=\"fg-item fg-type-image fg-idle\">\n<figure class=\"fg-item-inner\"><a href=\"https:\/\/cdn.shortpixel.ai\/client\/q_lossy,ret_wait,to_webp\/https:\/\/meier-gerdingh.de\/wp-spd-ob\/wp-content\/uploads\/2025\/05\/21a-scaled.jpg\" data-attachment-id=\"12458\" data-spai-upd=\"1\" data-type=\"image\" class=\"fg-thumb\"><span class=\"fg-image-wrap\"><img decoding=\"async\" width=\"250\" height=\"188\" class=\"skip-lazy fg-image\" data-no-lazy=\"1\" data-src-fg=\"https:\/\/cdn.shortpixel.ai\/client\/w_250,q_lossy,ret_wait,to_webp\/https:\/\/meier-gerdingh.de\/wp-spd-ob\/wp-content\/uploads\/2025\/05\/21a-scaled.jpg\" src=\"data:image\/svg+xml,%3Csvg%20xmlns%3D%22http%3A%2F%2Fwww.w3.org%2F2000%2Fsvg%22%20width%3D%22250%22%20height%3D%22188%22%20viewBox%3D%220%200%20250%20188%22%3E%3C%2Fsvg%3E\" loading=\"eager\"><\/span><span class=\"fg-image-overlay\"><\/span><\/a><\/figure>\n<div class=\"fg-loader\"><\/div>\n<\/div>\n<div class=\"fg-item fg-type-image fg-idle\">\n<figure class=\"fg-item-inner\"><a href=\"https:\/\/cdn.shortpixel.ai\/client\/q_lossy,ret_wait,to_webp\/https:\/\/meier-gerdingh.de\/wp-spd-ob\/wp-content\/uploads\/2025\/05\/20a-scaled.jpg\" data-attachment-id=\"12457\" data-spai-upd=\"1\" data-type=\"image\" class=\"fg-thumb\"><span class=\"fg-image-wrap\"><img decoding=\"async\" width=\"250\" height=\"188\" class=\"skip-lazy fg-image\" data-no-lazy=\"1\" data-src-fg=\"https:\/\/cdn.shortpixel.ai\/client\/w_250,q_lossy,ret_wait,to_webp\/https:\/\/meier-gerdingh.de\/wp-spd-ob\/wp-content\/uploads\/2025\/05\/20a-scaled.jpg\" src=\"data:image\/svg+xml,%3Csvg%20xmlns%3D%22http%3A%2F%2Fwww.w3.org%2F2000%2Fsvg%22%20width%3D%22250%22%20height%3D%22188%22%20viewBox%3D%220%200%20250%20188%22%3E%3C%2Fsvg%3E\" loading=\"eager\"><\/span><span class=\"fg-image-overlay\"><\/span><\/a><\/figure>\n<div class=\"fg-loader\"><\/div>\n<\/div>\n<div class=\"fg-item fg-type-image fg-idle\">\n<figure class=\"fg-item-inner\"><a href=\"https:\/\/cdn.shortpixel.ai\/client\/q_lossy,ret_wait,to_webp\/https:\/\/meier-gerdingh.de\/wp-spd-ob\/wp-content\/uploads\/2025\/05\/19a.jpg\" data-attachment-id=\"12456\" data-spai-upd=\"1\" data-type=\"image\" class=\"fg-thumb\"><span class=\"fg-image-wrap\"><img decoding=\"async\" width=\"250\" height=\"333\" class=\"skip-lazy fg-image\" data-no-lazy=\"1\" data-src-fg=\"https:\/\/cdn.shortpixel.ai\/client\/w_250,q_lossy,ret_wait,to_webp\/https:\/\/meier-gerdingh.de\/wp-spd-ob\/wp-content\/uploads\/2025\/05\/19a.jpg\" src=\"data:image\/svg+xml,%3Csvg%20xmlns%3D%22http%3A%2F%2Fwww.w3.org%2F2000%2Fsvg%22%20width%3D%22250%22%20height%3D%22333%22%20viewBox%3D%220%200%20250%20333%22%3E%3C%2Fsvg%3E\" loading=\"eager\"><\/span><span class=\"fg-image-overlay\"><\/span><\/a><\/figure>\n<div class=\"fg-loader\"><\/div>\n<\/div>\n<div class=\"fg-item fg-type-image fg-idle\">\n<figure class=\"fg-item-inner\"><a href=\"https:\/\/cdn.shortpixel.ai\/client\/q_lossy,ret_wait,to_webp\/https:\/\/meier-gerdingh.de\/wp-spd-ob\/wp-content\/uploads\/2025\/05\/18a.jpg\" data-attachment-id=\"12455\" data-spai-upd=\"1\" data-type=\"image\" class=\"fg-thumb\"><span class=\"fg-image-wrap\"><img decoding=\"async\" width=\"250\" height=\"333\" class=\"skip-lazy fg-image\" data-no-lazy=\"1\" data-src-fg=\"https:\/\/cdn.shortpixel.ai\/client\/w_250,q_lossy,ret_wait,to_webp\/https:\/\/meier-gerdingh.de\/wp-spd-ob\/wp-content\/uploads\/2025\/05\/18a.jpg\" src=\"data:image\/svg+xml,%3Csvg%20xmlns%3D%22http%3A%2F%2Fwww.w3.org%2F2000%2Fsvg%22%20width%3D%22250%22%20height%3D%22333%22%20viewBox%3D%220%200%20250%20333%22%3E%3C%2Fsvg%3E\" loading=\"eager\"><\/span><span class=\"fg-image-overlay\"><\/span><\/a><\/figure>\n<div class=\"fg-loader\"><\/div>\n<\/div>\n<div class=\"fg-item fg-type-image fg-idle\">\n<figure class=\"fg-item-inner\"><a href=\"https:\/\/cdn.shortpixel.ai\/client\/q_lossy,ret_wait,to_webp\/https:\/\/meier-gerdingh.de\/wp-spd-ob\/wp-content\/uploads\/2025\/05\/17a-scaled.jpg\" data-attachment-id=\"12454\" data-spai-upd=\"1\" data-type=\"image\" class=\"fg-thumb\"><span class=\"fg-image-wrap\"><img decoding=\"async\" width=\"250\" height=\"333\" class=\"skip-lazy fg-image\" data-no-lazy=\"1\" data-src-fg=\"https:\/\/cdn.shortpixel.ai\/client\/w_250,q_lossy,ret_wait,to_webp\/https:\/\/meier-gerdingh.de\/wp-spd-ob\/wp-content\/uploads\/2025\/05\/17a-scaled.jpg\" src=\"data:image\/svg+xml,%3Csvg%20xmlns%3D%22http%3A%2F%2Fwww.w3.org%2F2000%2Fsvg%22%20width%3D%22250%22%20height%3D%22333%22%20viewBox%3D%220%200%20250%20333%22%3E%3C%2Fsvg%3E\" loading=\"eager\"><\/span><span class=\"fg-image-overlay\"><\/span><\/a><\/figure>\n<div class=\"fg-loader\"><\/div>\n<\/div>\n<div class=\"fg-item fg-type-image fg-idle\">\n<figure class=\"fg-item-inner\"><a href=\"https:\/\/cdn.shortpixel.ai\/client\/q_lossy,ret_wait,to_webp\/https:\/\/meier-gerdingh.de\/wp-spd-ob\/wp-content\/uploads\/2025\/05\/16a-scaled.jpg\" data-attachment-id=\"12453\" data-spai-upd=\"1\" data-type=\"image\" class=\"fg-thumb\"><span class=\"fg-image-wrap\"><img decoding=\"async\" width=\"250\" height=\"374\" class=\"skip-lazy fg-image\" data-no-lazy=\"1\" data-src-fg=\"https:\/\/cdn.shortpixel.ai\/client\/w_250,q_lossy,ret_wait,to_webp\/https:\/\/meier-gerdingh.de\/wp-spd-ob\/wp-content\/uploads\/2025\/05\/16a-scaled.jpg\" src=\"data:image\/svg+xml,%3Csvg%20xmlns%3D%22http%3A%2F%2Fwww.w3.org%2F2000%2Fsvg%22%20width%3D%22250%22%20height%3D%22374%22%20viewBox%3D%220%200%20250%20374%22%3E%3C%2Fsvg%3E\" loading=\"eager\"><\/span><span class=\"fg-image-overlay\"><\/span><\/a><\/figure>\n<div class=\"fg-loader\"><\/div>\n<\/div>\n<div class=\"fg-item fg-type-image fg-idle\">\n<figure class=\"fg-item-inner\"><a href=\"https:\/\/cdn.shortpixel.ai\/client\/q_lossy,ret_wait,to_webp\/https:\/\/meier-gerdingh.de\/wp-spd-ob\/wp-content\/uploads\/2025\/05\/15a-scaled.jpg\" data-attachment-id=\"12452\" data-spai-upd=\"1\" data-type=\"image\" class=\"fg-thumb\"><span class=\"fg-image-wrap\"><img decoding=\"async\" width=\"250\" height=\"188\" class=\"skip-lazy fg-image\" data-no-lazy=\"1\" data-src-fg=\"https:\/\/cdn.shortpixel.ai\/client\/w_250,q_lossy,ret_wait,to_webp\/https:\/\/meier-gerdingh.de\/wp-spd-ob\/wp-content\/uploads\/2025\/05\/15a-scaled.jpg\" src=\"data:image\/svg+xml,%3Csvg%20xmlns%3D%22http%3A%2F%2Fwww.w3.org%2F2000%2Fsvg%22%20width%3D%22250%22%20height%3D%22188%22%20viewBox%3D%220%200%20250%20188%22%3E%3C%2Fsvg%3E\" loading=\"eager\"><\/span><span class=\"fg-image-overlay\"><\/span><\/a><\/figure>\n<div class=\"fg-loader\"><\/div>\n<\/div>\n<div class=\"fg-item fg-type-image fg-idle\">\n<figure class=\"fg-item-inner\"><a href=\"https:\/\/cdn.shortpixel.ai\/client\/q_lossy,ret_wait,to_webp\/https:\/\/meier-gerdingh.de\/wp-spd-ob\/wp-content\/uploads\/2025\/05\/14a-scaled.jpg\" data-attachment-id=\"12451\" data-spai-upd=\"1\" data-type=\"image\" class=\"fg-thumb\"><span class=\"fg-image-wrap\"><img decoding=\"async\" width=\"250\" height=\"188\" class=\"skip-lazy fg-image\" data-no-lazy=\"1\" data-src-fg=\"https:\/\/cdn.shortpixel.ai\/client\/w_250,q_lossy,ret_wait,to_webp\/https:\/\/meier-gerdingh.de\/wp-spd-ob\/wp-content\/uploads\/2025\/05\/14a-scaled.jpg\" src=\"data:image\/svg+xml,%3Csvg%20xmlns%3D%22http%3A%2F%2Fwww.w3.org%2F2000%2Fsvg%22%20width%3D%22250%22%20height%3D%22188%22%20viewBox%3D%220%200%20250%20188%22%3E%3C%2Fsvg%3E\" loading=\"eager\"><\/span><span class=\"fg-image-overlay\"><\/span><\/a><\/figure>\n<div class=\"fg-loader\"><\/div>\n<\/div>\n<div class=\"fg-item fg-type-image fg-idle\">\n<figure class=\"fg-item-inner\"><a href=\"https:\/\/cdn.shortpixel.ai\/client\/q_lossy,ret_wait,to_webp\/https:\/\/meier-gerdingh.de\/wp-spd-ob\/wp-content\/uploads\/2025\/05\/13a.jpg\" data-attachment-id=\"12450\" data-spai-upd=\"1\" data-type=\"image\" class=\"fg-thumb\"><span class=\"fg-image-wrap\"><img decoding=\"async\" width=\"250\" height=\"333\" class=\"skip-lazy fg-image\" data-no-lazy=\"1\" data-src-fg=\"https:\/\/cdn.shortpixel.ai\/client\/w_250,q_lossy,ret_wait,to_webp\/https:\/\/meier-gerdingh.de\/wp-spd-ob\/wp-content\/uploads\/2025\/05\/13a.jpg\" src=\"data:image\/svg+xml,%3Csvg%20xmlns%3D%22http%3A%2F%2Fwww.w3.org%2F2000%2Fsvg%22%20width%3D%22250%22%20height%3D%22333%22%20viewBox%3D%220%200%20250%20333%22%3E%3C%2Fsvg%3E\" loading=\"eager\"><\/span><span class=\"fg-image-overlay\"><\/span><\/a><\/figure>\n<div class=\"fg-loader\"><\/div>\n<\/div>\n<div class=\"fg-item fg-type-image fg-idle\">\n<figure class=\"fg-item-inner\"><a href=\"https:\/\/cdn.shortpixel.ai\/client\/q_lossy,ret_wait,to_webp\/https:\/\/meier-gerdingh.de\/wp-spd-ob\/wp-content\/uploads\/2025\/05\/12a.jpg\" data-attachment-id=\"12449\" data-spai-upd=\"1\" data-type=\"image\" class=\"fg-thumb\"><span class=\"fg-image-wrap\"><img decoding=\"async\" width=\"250\" height=\"333\" class=\"skip-lazy fg-image\" data-no-lazy=\"1\" data-src-fg=\"https:\/\/cdn.shortpixel.ai\/client\/w_250,q_lossy,ret_wait,to_webp\/https:\/\/meier-gerdingh.de\/wp-spd-ob\/wp-content\/uploads\/2025\/05\/12a.jpg\" src=\"data:image\/svg+xml,%3Csvg%20xmlns%3D%22http%3A%2F%2Fwww.w3.org%2F2000%2Fsvg%22%20width%3D%22250%22%20height%3D%22333%22%20viewBox%3D%220%200%20250%20333%22%3E%3C%2Fsvg%3E\" loading=\"eager\"><\/span><span class=\"fg-image-overlay\"><\/span><\/a><\/figure>\n<div class=\"fg-loader\"><\/div>\n<\/div>\n<div class=\"fg-item fg-type-image fg-idle\">\n<figure class=\"fg-item-inner\"><a href=\"https:\/\/cdn.shortpixel.ai\/client\/q_lossy,ret_wait,to_webp\/https:\/\/meier-gerdingh.de\/wp-spd-ob\/wp-content\/uploads\/2025\/05\/11a.jpg\" data-attachment-id=\"12448\" data-spai-upd=\"1\" data-type=\"image\" class=\"fg-thumb\"><span class=\"fg-image-wrap\"><img decoding=\"async\" width=\"250\" height=\"333\" class=\"skip-lazy fg-image\" data-no-lazy=\"1\" data-src-fg=\"https:\/\/cdn.shortpixel.ai\/client\/w_250,q_lossy,ret_wait,to_webp\/https:\/\/meier-gerdingh.de\/wp-spd-ob\/wp-content\/uploads\/2025\/05\/11a.jpg\" src=\"data:image\/svg+xml,%3Csvg%20xmlns%3D%22http%3A%2F%2Fwww.w3.org%2F2000%2Fsvg%22%20width%3D%22250%22%20height%3D%22333%22%20viewBox%3D%220%200%20250%20333%22%3E%3C%2Fsvg%3E\" loading=\"eager\"><\/span><span class=\"fg-image-overlay\"><\/span><\/a><\/figure>\n<div class=\"fg-loader\"><\/div>\n<\/div>\n<div class=\"fg-item fg-type-image fg-idle\">\n<figure class=\"fg-item-inner\"><a href=\"https:\/\/cdn.shortpixel.ai\/client\/q_lossy,ret_wait,to_webp\/https:\/\/meier-gerdingh.de\/wp-spd-ob\/wp-content\/uploads\/2025\/05\/10a-scaled.jpg\" data-attachment-id=\"12447\" data-spai-upd=\"1\" data-type=\"image\" class=\"fg-thumb\"><span class=\"fg-image-wrap\"><img decoding=\"async\" width=\"250\" height=\"167\" class=\"skip-lazy fg-image\" data-no-lazy=\"1\" data-src-fg=\"https:\/\/cdn.shortpixel.ai\/client\/w_250,q_lossy,ret_wait,to_webp\/https:\/\/meier-gerdingh.de\/wp-spd-ob\/wp-content\/uploads\/2025\/05\/10a-scaled.jpg\" src=\"data:image\/svg+xml,%3Csvg%20xmlns%3D%22http%3A%2F%2Fwww.w3.org%2F2000%2Fsvg%22%20width%3D%22250%22%20height%3D%22167%22%20viewBox%3D%220%200%20250%20167%22%3E%3C%2Fsvg%3E\" loading=\"eager\"><\/span><span class=\"fg-image-overlay\"><\/span><\/a><\/figure>\n<div class=\"fg-loader\"><\/div>\n<\/div>\n<div class=\"fg-item fg-type-image fg-idle\">\n<figure class=\"fg-item-inner\"><a href=\"https:\/\/cdn.shortpixel.ai\/client\/q_lossy,ret_wait,to_webp\/https:\/\/meier-gerdingh.de\/wp-spd-ob\/wp-content\/uploads\/2025\/05\/9a.jpg\" data-attachment-id=\"12446\" data-spai-upd=\"1\" data-type=\"image\" class=\"fg-thumb\"><span class=\"fg-image-wrap\"><img decoding=\"async\" width=\"250\" height=\"333\" class=\"skip-lazy fg-image\" data-no-lazy=\"1\" data-src-fg=\"https:\/\/cdn.shortpixel.ai\/client\/w_250,q_lossy,ret_wait,to_webp\/https:\/\/meier-gerdingh.de\/wp-spd-ob\/wp-content\/uploads\/2025\/05\/9a.jpg\" src=\"data:image\/svg+xml,%3Csvg%20xmlns%3D%22http%3A%2F%2Fwww.w3.org%2F2000%2Fsvg%22%20width%3D%22250%22%20height%3D%22333%22%20viewBox%3D%220%200%20250%20333%22%3E%3C%2Fsvg%3E\" loading=\"eager\"><\/span><span class=\"fg-image-overlay\"><\/span><\/a><\/figure>\n<div class=\"fg-loader\"><\/div>\n<\/div>\n<div class=\"fg-item fg-type-image fg-idle\">\n<figure class=\"fg-item-inner\"><a href=\"https:\/\/cdn.shortpixel.ai\/client\/q_lossy,ret_wait,to_webp\/https:\/\/meier-gerdingh.de\/wp-spd-ob\/wp-content\/uploads\/2025\/05\/8a-scaled.jpg\" data-attachment-id=\"12445\" data-spai-upd=\"1\" data-type=\"image\" class=\"fg-thumb\"><span class=\"fg-image-wrap\"><img decoding=\"async\" width=\"250\" height=\"167\" class=\"skip-lazy fg-image\" data-no-lazy=\"1\" data-src-fg=\"https:\/\/cdn.shortpixel.ai\/client\/w_250,q_lossy,ret_wait,to_webp\/https:\/\/meier-gerdingh.de\/wp-spd-ob\/wp-content\/uploads\/2025\/05\/8a-scaled.jpg\" src=\"data:image\/svg+xml,%3Csvg%20xmlns%3D%22http%3A%2F%2Fwww.w3.org%2F2000%2Fsvg%22%20width%3D%22250%22%20height%3D%22167%22%20viewBox%3D%220%200%20250%20167%22%3E%3C%2Fsvg%3E\" loading=\"eager\"><\/span><span class=\"fg-image-overlay\"><\/span><\/a><\/figure>\n<div class=\"fg-loader\"><\/div>\n<\/div>\n<div class=\"fg-item fg-type-image fg-idle\">\n<figure class=\"fg-item-inner\"><a href=\"https:\/\/cdn.shortpixel.ai\/client\/q_lossy,ret_wait,to_webp\/https:\/\/meier-gerdingh.de\/wp-spd-ob\/wp-content\/uploads\/2025\/05\/7a.jpg\" data-attachment-id=\"12444\" data-spai-upd=\"1\" data-type=\"image\" class=\"fg-thumb\"><span class=\"fg-image-wrap\"><img decoding=\"async\" width=\"250\" height=\"449\" class=\"skip-lazy fg-image\" data-no-lazy=\"1\" data-src-fg=\"https:\/\/cdn.shortpixel.ai\/client\/w_250,q_lossy,ret_wait,to_webp\/https:\/\/meier-gerdingh.de\/wp-spd-ob\/wp-content\/uploads\/2025\/05\/7a.jpg\" src=\"data:image\/svg+xml,%3Csvg%20xmlns%3D%22http%3A%2F%2Fwww.w3.org%2F2000%2Fsvg%22%20width%3D%22250%22%20height%3D%22449%22%20viewBox%3D%220%200%20250%20449%22%3E%3C%2Fsvg%3E\" loading=\"eager\"><\/span><span class=\"fg-image-overlay\"><\/span><\/a><\/figure>\n<div class=\"fg-loader\"><\/div>\n<\/div>\n<div class=\"fg-item fg-type-image fg-idle\">\n<figure class=\"fg-item-inner\"><a href=\"https:\/\/cdn.shortpixel.ai\/client\/q_lossy,ret_wait,to_webp\/https:\/\/meier-gerdingh.de\/wp-spd-ob\/wp-content\/uploads\/2025\/05\/6a-scaled.jpg\" data-attachment-id=\"12443\" data-spai-upd=\"1\" data-type=\"image\" class=\"fg-thumb\"><span class=\"fg-image-wrap\"><img decoding=\"async\" width=\"250\" height=\"333\" class=\"skip-lazy fg-image\" data-no-lazy=\"1\" data-src-fg=\"https:\/\/cdn.shortpixel.ai\/client\/w_250,q_lossy,ret_wait,to_webp\/https:\/\/meier-gerdingh.de\/wp-spd-ob\/wp-content\/uploads\/2025\/05\/6a-scaled.jpg\" src=\"data:image\/svg+xml,%3Csvg%20xmlns%3D%22http%3A%2F%2Fwww.w3.org%2F2000%2Fsvg%22%20width%3D%22250%22%20height%3D%22333%22%20viewBox%3D%220%200%20250%20333%22%3E%3C%2Fsvg%3E\" loading=\"eager\"><\/span><span class=\"fg-image-overlay\"><\/span><\/a><\/figure>\n<div class=\"fg-loader\"><\/div>\n<\/div>\n<div class=\"fg-item fg-type-image fg-idle\">\n<figure class=\"fg-item-inner\"><a href=\"https:\/\/cdn.shortpixel.ai\/client\/q_lossy,ret_wait,to_webp\/https:\/\/meier-gerdingh.de\/wp-spd-ob\/wp-content\/uploads\/2025\/05\/5a.jpg\" data-attachment-id=\"12442\" data-spai-upd=\"1\" data-type=\"image\" class=\"fg-thumb\"><span class=\"fg-image-wrap\"><img decoding=\"async\" width=\"250\" height=\"333\" class=\"skip-lazy fg-image\" data-no-lazy=\"1\" data-src-fg=\"https:\/\/cdn.shortpixel.ai\/client\/w_250,q_lossy,ret_wait,to_webp\/https:\/\/meier-gerdingh.de\/wp-spd-ob\/wp-content\/uploads\/2025\/05\/5a.jpg\" src=\"data:image\/svg+xml,%3Csvg%20xmlns%3D%22http%3A%2F%2Fwww.w3.org%2F2000%2Fsvg%22%20width%3D%22250%22%20height%3D%22333%22%20viewBox%3D%220%200%20250%20333%22%3E%3C%2Fsvg%3E\" loading=\"eager\"><\/span><span class=\"fg-image-overlay\"><\/span><\/a><\/figure>\n<div class=\"fg-loader\"><\/div>\n<\/div>\n<div class=\"fg-item fg-type-image fg-idle\">\n<figure class=\"fg-item-inner\"><a href=\"https:\/\/cdn.shortpixel.ai\/client\/q_lossy,ret_wait,to_webp\/https:\/\/meier-gerdingh.de\/wp-spd-ob\/wp-content\/uploads\/2025\/05\/4a-scaled.jpg\" data-attachment-id=\"12441\" data-spai-upd=\"1\" data-type=\"image\" class=\"fg-thumb\"><span class=\"fg-image-wrap\"><img decoding=\"async\" width=\"250\" height=\"374\" class=\"skip-lazy fg-image\" data-no-lazy=\"1\" data-src-fg=\"https:\/\/cdn.shortpixel.ai\/client\/w_250,q_lossy,ret_wait,to_webp\/https:\/\/meier-gerdingh.de\/wp-spd-ob\/wp-content\/uploads\/2025\/05\/4a-scaled.jpg\" src=\"data:image\/svg+xml,%3Csvg%20xmlns%3D%22http%3A%2F%2Fwww.w3.org%2F2000%2Fsvg%22%20width%3D%22250%22%20height%3D%22374%22%20viewBox%3D%220%200%20250%20374%22%3E%3C%2Fsvg%3E\" loading=\"eager\"><\/span><span class=\"fg-image-overlay\"><\/span><\/a><\/figure>\n<div class=\"fg-loader\"><\/div>\n<\/div>\n<div class=\"fg-item fg-type-image fg-idle\">\n<figure class=\"fg-item-inner\"><a href=\"https:\/\/cdn.shortpixel.ai\/client\/q_lossy,ret_wait,to_webp\/https:\/\/meier-gerdingh.de\/wp-spd-ob\/wp-content\/uploads\/2025\/05\/3a.jpg\" data-attachment-id=\"12440\" data-spai-upd=\"1\" data-type=\"image\" class=\"fg-thumb\"><span class=\"fg-image-wrap\"><img decoding=\"async\" width=\"250\" height=\"188\" class=\"skip-lazy fg-image\" data-no-lazy=\"1\" data-src-fg=\"https:\/\/cdn.shortpixel.ai\/client\/w_250,q_lossy,ret_wait,to_webp\/https:\/\/meier-gerdingh.de\/wp-spd-ob\/wp-content\/uploads\/2025\/05\/3a.jpg\" src=\"data:image\/svg+xml,%3Csvg%20xmlns%3D%22http%3A%2F%2Fwww.w3.org%2F2000%2Fsvg%22%20width%3D%22250%22%20height%3D%22188%22%20viewBox%3D%220%200%20250%20188%22%3E%3C%2Fsvg%3E\" loading=\"eager\"><\/span><span class=\"fg-image-overlay\"><\/span><\/a><\/figure>\n<div class=\"fg-loader\"><\/div>\n<\/div>\n<div class=\"fg-item fg-type-image fg-idle\">\n<figure class=\"fg-item-inner\"><a href=\"https:\/\/cdn.shortpixel.ai\/client\/q_lossy,ret_wait,to_webp\/https:\/\/meier-gerdingh.de\/wp-spd-ob\/wp-content\/uploads\/2025\/05\/2b.jpg\" data-attachment-id=\"12439\" data-spai-upd=\"1\" data-type=\"image\" class=\"fg-thumb\"><span class=\"fg-image-wrap\"><img decoding=\"async\" width=\"250\" height=\"188\" class=\"skip-lazy fg-image\" data-no-lazy=\"1\" data-src-fg=\"https:\/\/cdn.shortpixel.ai\/client\/w_250,q_lossy,ret_wait,to_webp\/https:\/\/meier-gerdingh.de\/wp-spd-ob\/wp-content\/uploads\/2025\/05\/2b.jpg\" src=\"data:image\/svg+xml,%3Csvg%20xmlns%3D%22http%3A%2F%2Fwww.w3.org%2F2000%2Fsvg%22%20width%3D%22250%22%20height%3D%22188%22%20viewBox%3D%220%200%20250%20188%22%3E%3C%2Fsvg%3E\" loading=\"eager\"><\/span><span class=\"fg-image-overlay\"><\/span><\/a><\/figure>\n<div class=\"fg-loader\"><\/div>\n<\/div>\n<div class=\"fg-item fg-type-image fg-idle\">\n<figure class=\"fg-item-inner\"><a href=\"https:\/\/cdn.shortpixel.ai\/client\/q_lossy,ret_wait,to_webp\/https:\/\/meier-gerdingh.de\/wp-spd-ob\/wp-content\/uploads\/2025\/05\/1a-scaled.jpg\" data-attachment-id=\"12438\" data-spai-upd=\"1\" data-type=\"image\" class=\"fg-thumb\"><span class=\"fg-image-wrap\"><img decoding=\"async\" width=\"250\" height=\"374\" class=\"skip-lazy fg-image\" data-no-lazy=\"1\" data-src-fg=\"https:\/\/cdn.shortpixel.ai\/client\/w_250,q_lossy,ret_wait,to_webp\/https:\/\/meier-gerdingh.de\/wp-spd-ob\/wp-content\/uploads\/2025\/05\/1a-scaled.jpg\" src=\"data:image\/svg+xml,%3Csvg%20xmlns%3D%22http%3A%2F%2Fwww.w3.org%2F2000%2Fsvg%22%20width%3D%22250%22%20height%3D%22374%22%20viewBox%3D%220%200%20250%20374%22%3E%3C%2Fsvg%3E\" loading=\"eager\"><\/span><span class=\"fg-image-overlay\"><\/span><\/a><\/figure>\n<div class=\"fg-loader\"><\/div>\n<\/div>\n<\/div>\n<p>Liebe engagierte Mitb\u00fcrgerinnen und Mitb\u00fcrger,<\/p>\n<p>wir danken Ihnen, dass Sie zu dieser Gedenk-Veranstaltung zur Erinnerung an unsere von den Nationalsozialisten ermordeten Einwohner Holtens gekommen sind.<\/p>\n<p>In Oberhausen sind aktuell 339 \"Stolpersteine\" in den Gehwegen eingelassen, europaweit sind es mittlerweile ca. 90.000.<\/p>\n<p>Das Kunstprojekt \u201cStolpersteine\u201d von Gunter Demnig ist das gr\u00f6\u00dfte Holocaust-Mahnmal der Welt.<\/p>\n<p>Jede der bis heute in den Boden eingelassenen Messingtafeln verweist auf das Schicksal eines Menschen, der von den Nazis verfolgt, deportiert, ermordet oder in den Selbstmord getrieben wurde.<\/p>\n<p>Wir alle gemeinsam m\u00fcssen fr\u00fchzeitig daf\u00fcr eintreten das alle nachfolgenden Generationen genauso selbstverst\u00e4ndlich die demokratischen Freiheiten erleben d\u00fcrfen wie wir seit 1949.<a class=\"more-tag\" href=\"https:\/\/meier-gerdingh.de\/wp-spd-ob\/2025\/05\/08\/impressionen-von-der-holtener-stolpersteinverlegung\/\">Mehr<\/a><\/div>\r\n\r\n<hr class=\"spd-ob-divider\" \/>\r\n\r\n <\/div>\n<div class=\"spd-ob-25-module-container\">\n<h3 class=\"spd-ob-25-module-headline\">AG 60 plus<span class=\"spd-ob-colon\">:<\/span><span class=\"spd-ob-module-pipe\"> | <\/span><span class=\"spd-ob-black\"> Vorstand<\/span><span class=\"spd-ob-25-module-pipe-2\"> | <\/span><span class=\"spd-ob-25-function\"> Gew\u00e4hlt: 13.03.2026<\/span><\/h3>\n<div class=\"spd-ob-25-generic-row\">\n<div class=\"spd-ob-25-column-1-image\"><a href=\"https:\/\/meier-gerdingh.de\/wp-spd-ob\/wp-content\/uploads\/2022\/06\/wrobel-hans-guenter-circle.jpg\"><img decoding=\"async\" class=\"aligncenter size-full wp-image-9057\" src=\"https:\/\/meier-gerdingh.de\/wp-spd-ob\/wp-content\/uploads\/2022\/06\/wrobel-hans-guenter-circle.jpg\" alt=\"\" width=\"100\" height=\"100\" \/><\/a><\/div>\n<div class=\"spd-ob-25-column-2\">\n<h5 class=\"spd-ob-25-name\"><span class=\"spd-ob-25-first-name\">Hans-G\u00fcnter<\/span> Wrobel<span class=\"spd-ob-25-module-pipe\"> | <\/span><span class=\"spd-ob-25-function\"> Vorsitzender<\/span><\/h5>\n<div class=\"spd-ob-25-contact-row\"><a class=\"spd-ob-25-contact-link\" href=\"mailto:hans-guenter.wrobel@spd-oberhausen.de\"><i class=\"fa-solid fa-at\"><\/i> E-Mail<\/a><a class=\"spd-ob-25-contact-link\" href=\"tel:004920823334\"><i class=\"fa-solid fa-phone\"><\/i> Telefon<\/a><\/div>\n<\/div>\n<\/div>\n<div class=\"spd-ob-25-generic-row\">\n<div class=\"spd-ob-25-column-1-image\"><a href=\"https:\/\/meier-gerdingh.de\/wp-spd-ob\/wp-content\/uploads\/2026\/03\/spd-ob-25-norbert-dostatni-circle.jpg\"><img decoding=\"async\" class=\"aligncenter size-full wp-image-13556\" src=\"https:\/\/meier-gerdingh.de\/wp-spd-ob\/wp-content\/uploads\/2026\/03\/spd-ob-25-norbert-dostatni-circle.jpg\" alt=\"\" width=\"100\" height=\"100\" \/><\/a><\/div>\n<div class=\"spd-ob-25-column-2\">\n<h5 class=\"spd-ob-25-name\"><span class=\"spd-ob-25-first-name\">Norbert<\/span> Dostatni<span class=\"spd-ob-25-module-pipe\"> | <\/span><span class=\"spd-ob-25-function\"> Stellv. Vorsitzender<\/span><\/h5>\n<div class=\"spd-ob-25-contact-row\"><a class=\"spd-ob-25-contact-link\" href=\"mailto:norbert.dostatni@spd-oberhausen.de\"><i class=\"fa-solid fa-at\"><\/i> E-Mail<\/a><a class=\"spd-ob-25-contact-link\" href=\"tel:004920823334\"><i class=\"fa-solid fa-phone\"><\/i> Telefon<\/a><\/div>\n<\/div>\n<\/div>\n<div class=\"spd-ob-25-generic-row\">\n<div class=\"spd-ob-25-column-1-image\"><a href=\"https:\/\/meier-gerdingh.de\/wp-spd-ob\/wp-content\/uploads\/2026\/02\/spd-fraktion-ob-25-30-heitmann-dagmar-circle.jpg\"><img decoding=\"async\" class=\"aligncenter size-full wp-image-13422\" src=\"https:\/\/meier-gerdingh.de\/wp-spd-ob\/wp-content\/uploads\/2026\/02\/spd-fraktion-ob-25-30-heitmann-dagmar-circle.jpg\" alt=\"\" width=\"100\" height=\"100\" \/><\/a><\/div>\n<div class=\"spd-ob-25-column-2\">\n<h5 class=\"spd-ob-25-name\"><span class=\"spd-ob-25-first-name\">Dagmar<\/span> Heitmann<span class=\"spd-ob-25-module-pipe\"> | <\/span><span class=\"spd-ob-25-function\"> Stellv. Vorsitzende<\/span><\/h5>\n<div class=\"spd-ob-25-contact-row\"><a class=\"spd-ob-25-contact-link\" href=\"mailto:dagmar.heitmann@spd-oberhausen.de\"><i class=\"fa-solid fa-at\"><\/i> E-Mail<\/a><a class=\"spd-ob-25-contact-link\" href=\"tel:004920823334\"><i class=\"fa-solid fa-phone\"><\/i> Telefon<\/a><\/div>\n<\/div>\n<\/div>\n<div class=\"spd-ob-25-generic-row\">\n<div class=\"spd-ob-25-column-1\">&nbsp;<\/div>\n<div class=\"spd-ob-25-column-2\">\n<h5 class=\"spd-ob-25-name\"><span class=\"spd-ob-25-first-name\">Ren\u00e9<\/span> Jankowski<span class=\"spd-ob-25-module-pipe\"> | <\/span><span class=\"spd-ob-25-function\"> Stellv. Vorsitzender<\/span><\/h5>\n<div class=\"spd-ob-25-contact-row\"><a class=\"spd-ob-25-contact-link\" href=\"mailto:rene.jankowski@spd-oberhausen.de\"><i class=\"fa-solid fa-at\"><\/i> E-Mail<\/a><a class=\"spd-ob-25-contact-link\" href=\"tel:004920823334\"><i class=\"fa-solid fa-phone\"><\/i> Telefon<\/a><\/div>\n<\/div>\n<\/div>\n<div class=\"spd-ob-25-generic-row\">\n<div class=\"spd-ob-25-column-1\"><\/div>\n<div class=\"spd-ob-25-column-2\">\n<h5 class=\"spd-ob-25-name\"><span class=\"spd-ob-25-first-name\">Peter<\/span> Blanke<span class=\"spd-ob-25-module-pipe\"> | <\/span><span class=\"spd-ob-25-function\"> Schriftf\u00fchrer<\/span><\/h5>\n<\/div>\n<\/div>\n<div class=\"spd-ob-25-generic-row\">\n<div class=\"spd-ob-25-column-1\"><\/div>\n<div class=\"spd-ob-25-column-2\">\n<h5 class=\"spd-ob-25-name\"><span class=\"spd-ob-25-first-name\">Manfred<\/span> Pfeiffer<span class=\"spd-ob-25-module-pipe\"> | <\/span><span class=\"spd-ob-25-function\"> Stellv. Schriftf\u00fchrer<\/span><\/h5>\n<\/div>\n<\/div>\n<div class=\"spd-ob-25-generic-row\">\n<div class=\"spd-ob-25-column-1\"><\/div>\n<div class=\"spd-ob-25-column-2\">\n<h5 class=\"spd-ob-25-name\"><span class=\"spd-ob-25-first-name\">Wilfried<\/span> Brennemann<span class=\"spd-ob-25-module-pipe\"> | <\/span><span class=\"spd-ob-25-function\"> Beisitzer<\/span><\/h5>\n<\/div>\n<\/div>\n<div class=\"spd-ob-25-generic-row\">\n<div class=\"spd-ob-25-column-1\"><\/div>\n<div class=\"spd-ob-25-column-2\">\n<h5 class=\"spd-ob-25-name\"><span class=\"spd-ob-25-first-name\">Werner<\/span> Brey<span class=\"spd-ob-25-module-pipe\"> | <\/span><span class=\"spd-ob-25-function\"> Beisitzer<\/span><\/h5>\n<\/div>\n<\/div>\n<div class=\"spd-ob-25-generic-row\">\n<div class=\"spd-ob-25-column-1\"><\/div>\n<div class=\"spd-ob-25-column-2\">\n<h5 class=\"spd-ob-25-name\"><span class=\"spd-ob-25-first-name\">Helmut<\/span> Brodrick<span class=\"spd-ob-25-module-pipe\"> | <\/span><span class=\"spd-ob-25-function\"> Beisitzer<\/span><\/h5>\n<\/div>\n<\/div>\n<div class=\"spd-ob-25-generic-row\">\n<div class=\"spd-ob-25-column-1\"><\/div>\n<div class=\"spd-ob-25-column-2\">\n<h5 class=\"spd-ob-25-name\"><span class=\"spd-ob-25-first-name\">Ayhan<\/span> Demir<span class=\"spd-ob-25-module-pipe\"> | <\/span><span class=\"spd-ob-25-function\"> Beisitzer<\/span><\/h5>\n<\/div>\n<\/div>\n<div class=\"spd-ob-25-generic-row\">\n<div class=\"spd-ob-25-column-1\"><\/div>\n<div class=\"spd-ob-25-column-2\">\n<h5 class=\"spd-ob-25-name\"><span class=\"spd-ob-25-first-name\">Helmuth<\/span> Eidam<span class=\"spd-ob-25-module-pipe\"> | <\/span><span class=\"spd-ob-25-function\"> Beisitzer<\/span><\/h5>\n<\/div>\n<\/div>\n<div class=\"spd-ob-25-generic-row\">\n<div class=\"spd-ob-25-column-1\"><\/div>\n<div class=\"spd-ob-25-column-2\">\n<h5 class=\"spd-ob-25-name\"><span class=\"spd-ob-25-first-name\">Jochen<\/span> Kamps<span class=\"spd-ob-25-module-pipe\"> | <\/span><span class=\"spd-ob-25-function\"> Beisitzerin<\/span><\/h5>\n<\/div>\n<\/div>\n<div class=\"spd-ob-25-generic-row\">\n<div class=\"spd-ob-25-column-1\"><\/div>\n<div class=\"spd-ob-25-column-2\">\n<h5 class=\"spd-ob-25-name\"><span class=\"spd-ob-25-first-name\">Dietmar<\/span> Look<span class=\"spd-ob-25-module-pipe\"> | <\/span><span class=\"spd-ob-25-function\"> Beisitzer<\/span><\/h5>\n<\/div>\n<\/div>\n<div class=\"spd-ob-25-generic-row\">\n<div class=\"spd-ob-25-column-1\"><\/div>\n<div class=\"spd-ob-25-column-2\">\n<h5 class=\"spd-ob-25-name\"><span class=\"spd-ob-25-first-name\">Norbert<\/span> Nadolski<span class=\"spd-ob-25-module-pipe\"> | <\/span><span class=\"spd-ob-25-function\"> Beisitzer<\/span><\/h5>\n<\/div>\n<\/div>\n<\/div>\n<div class=\"spd-ob-25-module-container\">\n<h3 class=\"spd-ob-25-module-headline\">AG 60 plus<span class=\"spd-ob-colon\">:<\/span><span class=\"spd-ob-25-module-pipe\"> | <\/span><span class=\"spd-ob-black\"> UB-Parteitag (3)<\/span><span class=\"spd-ob-25-module-pipe-2\"> | <\/span><span class=\"spd-ob-25-function\"> Gew\u00e4hlt: 13.03.2026<\/span><\/h3>\n<div class=\"spd-ob-25-generic-row\">\n<h5 class=\"spd-ob-25-name\"><span class=\"spd-ob-25-first-name\">Norbert<\/span> Dostatni<span class=\"spd-ob-25-module-pipe\"> | <\/span><span class=\"spd-ob-25-function\"> Delegierter<\/span><\/h5>\n<\/div>\n<div class=\"spd-ob-25-generic-row\">\n<h5 class=\"spd-ob-25-name\"><span class=\"spd-ob-25-first-name\">Ren\u00e9<\/span> Jankowski<span class=\"spd-ob-25-module-pipe\"> | <\/span><span class=\"spd-ob-25-function\"> Delegierter<\/span><\/h5>\n<\/div>\n<div class=\"spd-ob-25-generic-row\">\n<h5 class=\"spd-ob-25-name\"><span class=\"spd-ob-25-first-name\">Hans-G\u00fcnter<\/span> Wrobel<span class=\"spd-ob-25-module-pipe\"> | <\/span><span class=\"spd-ob-25-function\"> Delegierter<\/span><\/h5>\n<\/div>\n<\/div>\n<div class=\"spd-ob-25-module-container\">\n<h3 class=\"spd-ob-25-module-headline\">AG 60 plus<span class=\"spd-ob-colon\">:<\/span><span class=\"spd-ob-25-module-pipe\"> | <\/span><span class=\"spd-ob-black\"> Regionalkonferenzen (2)<\/span><span class=\"spd-ob-25-module-pipe-2\"> | <\/span><span class=\"spd-ob-25-function\"> Gew\u00e4hlt: 13.03.2026<\/span><\/h3>\n<div class=\"spd-ob-25-generic-row\">\n<h5 class=\"spd-ob-25-name\"><span class=\"spd-ob-25-first-name\">Norbert<\/span> Dostatni<span class=\"spd-ob-25-module-pipe\"> | <\/span><span class=\"spd-ob-25-function\"> Delegierter<\/span><\/h5>\n<\/div>\n<div class=\"spd-ob-25-generic-row\">\n<h5 class=\"spd-ob-25-name\"><span class=\"spd-ob-25-first-name\">Ren\u00e9<\/span> Jankowski<span class=\"spd-ob-25-module-pipe\"> | <\/span><span class=\"spd-ob-25-function\"> Delegierter<\/span><\/h5>\n<\/div>\n<\/div>\n<div class=\"spd-ob-25-module-container\">\n<h3 class=\"spd-ob-25-module-headline\">AG 60 plus<span class=\"spd-ob-colon\">:<\/span><span class=\"spd-ob-25-module-pipe\"> | <\/span><span class=\"spd-ob-black\"> Landeskonferenzen (2)<\/span><span class=\"spd-ob-25-module-pipe-2\"> | <\/span><span class=\"spd-ob-25-function\"> Gew\u00e4hlt: 13.03.2026<\/span><\/h3>\n<div class=\"spd-ob-25-generic-row\">\n<h5 class=\"spd-ob-25-name\"><span class=\"spd-ob-25-first-name\">Norbert<\/span> Dostatni<span class=\"spd-ob-25-module-pipe\"> | <\/span><span class=\"spd-ob-25-function\"> Delegierter<\/span><\/h5>\n<\/div>\n<div class=\"spd-ob-25-generic-row\">\n<h5 class=\"spd-ob-25-name\"><span class=\"spd-ob-25-first-name\">Ren\u00e9<\/span> Jankowski<span class=\"spd-ob-25-module-pipe\"> | <\/span><span class=\"spd-ob-25-function\"> Delegierter<\/span><\/h5>\n<\/div>\n<\/div>\n","protected":false},"excerpt":{"rendered":"<p>SPD-Unterbezirk Oberhausen AG 60 plus Oberhausen Der Arbeitsgemeinschaft 60 plus geh\u00f6ren alle SPD-Mitglieder ab 60 Jahren an. Sie vertritt die Interessen der \u00c4lteren innerhalb und au\u00dferhalb der SPD und setzt&hellip; <\/p>\n","protected":false},"author":1,"featured_media":0,"parent":5456,"menu_order":0,"comment_status":"closed","ping_status":"closed","template":"","meta":{"footnotes":""},"class_list":["post-5464","page","type-page","status-publish","hentry"],"_links":{"self":[{"href":"https:\/\/meier-gerdingh.de\/wp-spd-ob\/wp-json\/wp\/v2\/pages\/5464","targetHints":{"allow":["GET"]}}],"collection":[{"href":"https:\/\/meier-gerdingh.de\/wp-spd-ob\/wp-json\/wp\/v2\/pages"}],"about":[{"href":"https:\/\/meier-gerdingh.de\/wp-spd-ob\/wp-json\/wp\/v2\/types\/page"}],"author":[{"embeddable":true,"href":"https:\/\/meier-gerdingh.de\/wp-spd-ob\/wp-json\/wp\/v2\/users\/1"}],"replies":[{"embeddable":true,"href":"https:\/\/meier-gerdingh.de\/wp-spd-ob\/wp-json\/wp\/v2\/comments?post=5464"}],"version-history":[{"count":0,"href":"https:\/\/meier-gerdingh.de\/wp-spd-ob\/wp-json\/wp\/v2\/pages\/5464\/revisions"}],"up":[{"embeddable":true,"href":"https:\/\/meier-gerdingh.de\/wp-spd-ob\/wp-json\/wp\/v2\/pages\/5456"}],"wp:attachment":[{"href":"https:\/\/meier-gerdingh.de\/wp-spd-ob\/wp-json\/wp\/v2\/media?parent=5464"}],"curies":[{"name":"wp","href":"https:\/\/api.w.org\/{rel}","templated":true}]}}