{"id":9209,"date":"2022-08-18T10:18:01","date_gmt":"2022-08-18T08:18:01","guid":{"rendered":"https:\/\/meier-gerdingh.de\/wp-spd-ob\/?page_id=9209"},"modified":"2026-02-11T14:55:40","modified_gmt":"2026-02-11T13:55:40","slug":"sonja-bongers","status":"publish","type":"page","link":"https:\/\/meier-gerdingh.de\/wp-spd-ob\/fraktion\/mitglieder\/sonja-bongers\/","title":{"rendered":"Sonja Bongers"},"content":{"rendered":"<div class=\"spd-frak-ob-logo-rem\">\n    <span class=\"spd-frak-ob-logo-spd-rem\">SPD<\/span><span class=\"spd-frak-ob-logo-fraktion-rem\">-Fraktion<\/span><br \/>\n    <span class=\"spd-frak-ob-logo-subheadline-rem\">im Rat der Stadt Oberhausen<\/span>\n<\/div>\n<div class=\"spd-frak-ob-personal-container\">\n<div class=\"spd-frak-ob-personal-image-container\">\n<div class=\"spd-frak-ob-personal-text-block top-left bongers\">\n<h4>Sonja Bongers MdL<\/h4>\n<div class=\"spd-frak-ob-personal-blockquote-container\">\n<blockquote><p>&#8222;Oft ist Politik mit Kompromissen verbunden, das ist nicht immer leicht, aber unter Demokratinnen und Demokraten selbstverst\u00e4ndlich.&#8220;<\/p><\/blockquote>\n<\/div><\/div>\n<div><a href=\"https:\/\/meier-gerdingh.de\/wp-spd-ob\/wp-content\/uploads\/2024\/03\/bongers-sonja-personal-lg.jpg\"><img decoding=\"async\" src=\"https:\/\/meier-gerdingh.de\/wp-spd-ob\/wp-content\/uploads\/2024\/03\/bongers-sonja-personal-960.jpg\" alt=\"\" width=\"960\" height=\"540\" class=\"aligncenter size-full wp-image-11208\" srcset=\"https:\/\/meier-gerdingh.de\/wp-spd-ob\/wp-content\/uploads\/2024\/03\/bongers-sonja-personal-960.jpg 960w, https:\/\/meier-gerdingh.de\/wp-spd-ob\/wp-content\/uploads\/2024\/03\/bongers-sonja-personal-960-300x169.jpg 300w\" sizes=\"(max-width: 960px) 100vw, 960px\" \/><\/a><\/div>\n<\/p><\/div>\n<div class=\"spd-frak-ob-personal-text bongers\">\n<p class=\"spd-frak-ob-personal-intro\">Eigentlich m\u00fcsste f\u00fcr mich jeder Mensch, der sich sozial engagiert, Sozialdemokratin oder Sozialdemokrat sein.<\/p>\n<p>Nat\u00fcrlich ist dies nicht so, aber f\u00fcr mich war das die Triebfeder, die mich 1995 veranlasst hat, in die SPD einzutreten. Ich wollte aber nicht nur Karteileiche sein, sondern mich einbringen. Es ist mir wichtig, f\u00fcr Menschen und eine gerechtere Gesellschaft etwas erreichen zu wollen. Geht es m\u00f6glichst vielen Menschen gut, profitieren alle: die Wirtschaft, die Gesellschaft, die Bildung, die Wissenschaft und Forschung.<\/p>\n<p>Oft ist Politik mit Kompromissen verbunden, das ist nicht immer leicht, aber unter Demokratinnen und Demokraten selbstverst\u00e4ndlich. In der Kommunalpolitik bin ich ebenso zu Hause wie in der Landespolitik. Beides mache ich mit Herzblut. Ich bin Oberhausenerin durch und durch. Hier f\u00fchle ich mich wohl, hier sind die Menschen, die ich sch\u00e4tze.<\/p>\n<p>Die SPD ist eine  Familie. Zugegeben eine etwas schwierige Familie, bei allen H\u00f6hen und Tiefen der vergangen Jahre, aber sie gibt mir R\u00fcckhalt. Wir haben eine gro\u00dfe Tradition in diesem Land. Unsere Partei hat Gr\u00f6\u00dfen hervorgebracht, die keine andere Partei in dieser Form aufzuweisen hat. Die vorgelebten Werte eines Willy Brandt oder einer Luise Albertz sind immer Ansporn, die Gesellschaft positiv weiterzuentwickeln. Oder wie es Willy formuliert hat: Die Zukunft wird nicht gemeistert von denen, die am Vergangenen kleben.<\/p>\n<p>Irgendwie zieht sich der Demokratie- und Gerechtigkeitsgedanke durch mein ganzes Leben. Als eine der wenigen in der Familie habe ich Abitur und studiert. Rechtswissenschaft war f\u00fcr mich das Studium, um am ehesten Gerechtigkeit durchsetzen zu k\u00f6nnen. Nat\u00fcrlich bedeutet das nicht, dass Jura alleine ausreicht, um Politik zu gestalten. Erkenntnisse und Lehren aus dem Handwerk, aus Bildungs- und Sozialberufen, aus der Verwaltung sowie viele andere Qualifikationen m\u00fcssen hier zusammenkommen. Die SPD ist hier gut aufgestellt. Bei uns sind alle gleich, jeder bringt sich ein. Und von daher bin ich \u00adoptimistisch, dass die SPD auch k\u00fcnftig eine tragende Rolle in der Politik in Oberhausen, NRW und Deutschland spielen wird. Denn wir arbeiten f\u00fcr ein besseres Leben f\u00fcr alle.<\/p>\n<\/div>\n<\/div>\n<h5 class=\"spd-frak-ob-subheadline\">F\u00fcr Sie im Rat:<\/h5>\n<h1 class=\"spd-frak-ob-headline\">Sonja <span class=\"spd-frak-ob-black\">Bongers MdL<\/span><\/h1>\n<h3 class=\"spd-frak-ob-main-function\">1. B\u00fcrgermeisterin der Stadt Oberhausen,<br \/>Mitglied des Landtags von Nordrhein-Westfalen<\/h3>\n<div class=\"spd-frak-ob-module-mitglieder\"><a href=\"https:\/\/meier-gerdingh.de\/wp-spd-ob\/wp-content\/uploads\/2026\/01\/spd-fraktion-ob-25-30-bongers-sonja-hd.jpg\"><img decoding=\"async\" src=\"https:\/\/meier-gerdingh.de\/wp-spd-ob\/wp-content\/uploads\/2026\/01\/spd-fraktion-ob-25-30-bongers-sonja.jpg\" alt=\"\" width=\"700\" height=\"394\" class=\"aligncenter size-full wp-image-13382\" srcset=\"https:\/\/meier-gerdingh.de\/wp-spd-ob\/wp-content\/uploads\/2026\/01\/spd-fraktion-ob-25-30-bongers-sonja.jpg 700w, https:\/\/meier-gerdingh.de\/wp-spd-ob\/wp-content\/uploads\/2026\/01\/spd-fraktion-ob-25-30-bongers-sonja-300x169.jpg 300w\" sizes=\"(max-width: 700px) 100vw, 700px\" \/><\/a><\/p>\n<div class=\"spd-frak-ob-contact-row\"><a href=\"mailto:sonja.bongers@spd-fraktion-oberhausen.de\" class=\"spd-frak-ob-contact-link\"><i class=\"fa-solid fa-at\"><\/i> E-Mail<\/a><a href=\"tel:+492088253460\" class=\"spd-frak-ob-contact-link\"><i class=\"fa-solid fa-phone\"><\/i> Telefon<\/a><a href=\"https:\/\/www.sonja-bongers.de\/wp\/\" class=\"spd-frak-ob-contact-link\"><i class=\"fa-solid fa-globe\"><\/i> Homepage<\/a><a href=\"https:\/\/www.facebook.com\/SonjaBongersSPD\/\" class=\"spd-frak-ob-contact-link\"><i class=\"fa-brands fa-facebook-f\"><\/i> Facebook<\/a><a href=\"https:\/\/www.instagram.com\/sonjabongersspdmdl\/\" class=\"spd-frak-ob-contact-link\"><i class=\"fa-brands fa-instagram\"><\/i> Instagram<\/a><\/div>\n<\/div>\n<div class=\"spd-frak-ob-module-mitglieder\">\n<h3 class=\"spd-frak-ob-module-mitglieder-headline\"><span class=\"spd-frak-ob-breaking-point\">KOMPAKT<span class=\"spd-frak-ob-light\">-INFO<span class=\"spd-frak-ob-colon\">:<\/span><\/span><\/span><span class=\"spd-frak-ob-ci-pipe\"> | <\/span>Sonja <span class=\"spd-frak-ob-black\">Bongers MdL<\/span><\/h3>\n<div class=\"spd-frak-ob-ci\">\n<h4 class=\"spd-frak-ob-ci-headline\">Kontakt<\/h4>\n<div class=\"spd-frak-ob-ci-row\">\n<div class=\"spd-frak-ob-ci-item spd-frak-ob-breaking-good\">Postanschrift:<\/div>\n<div class=\"spd-frak-ob-ci-item-data\">Sonja Bongers MdL<br \/>SPD-Fraktion im Rat<br \/>Schwartzstr. 72<br \/>46042 Oberhausen<\/div>\n<\/p><\/div>\n<div class=\"spd-frak-ob-ci-row\">\n<div class=\"spd-frak-ob-ci-item\">Telefon:<\/div>\n<div class=\"spd-frak-ob-ci-item-data\"><a href=\"tel:+492088253460\" class=\"spd-frak-ob-ci-link\">+49 208 825 34 60<\/a><\/div>\n<\/p><\/div>\n<div class=\"spd-frak-ob-ci-row\">\n<div class=\"spd-frak-ob-ci-item\">Telefax:<\/div>\n<div class=\"spd-frak-ob-ci-item-data\">+49 208 2 48 83<\/div>\n<\/p><\/div>\n<div class=\"spd-frak-ob-ci-row\">\n<div class=\"spd-frak-ob-ci-item\">E-Mail:<\/div>\n<div class=\"spd-frak-ob-ci-item-data\"><a href=\"mailto:sonja.bongers@spd-fraktion-oberhausen.de\" class=\"spd-frak-ob-ci-link\">sonja.bongers@spd-fraktion-oberhausen.de<\/a><\/div>\n<\/p><\/div>\n<div class=\"spd-frak-ob-ci-row\">\n<div class=\"spd-frak-ob-ci-item\">Homepage:<\/div>\n<div class=\"spd-frak-ob-ci-item-data\"><a href=\"https:\/\/www.sonja-bongers.de\" class=\"spd-frak-ob-ci-link\">www.sonja-bongers.de <i class=\"fa-solid fa-arrow-up-right-from-square\"><\/i><\/a><\/div>\n<\/p><\/div>\n<div class=\"spd-frak-ob-ci-row\">\n<div class=\"spd-frak-ob-ci-item\">Facebook:<\/div>\n<div class=\"spd-frak-ob-ci-item-data\"><a href=\"https:\/\/www.facebook.com\/SonjaBongersSPD\/\" class=\"spd-frak-ob-ci-link\">www.facebook.com\/SonjaBongersSPD <i class=\"fa-solid fa-arrow-up-right-from-square\"><\/i><\/a><\/div>\n<\/p><\/div>\n<div class=\"spd-frak-ob-ci-row\">\n<div class=\"spd-frak-ob-ci-item\">Instagram:<\/div>\n<div class=\"spd-frak-ob-ci-item-data\"><a href=\"https:\/\/www.instagram.com\/sonjabongersspdmdl\/?hl=de\" class=\"spd-frak-ob-ci-link\">www.instagram.com\/sonjabongersspdmdl <i class=\"fa-solid fa-arrow-up-right-from-square\"><\/i><\/a><\/div>\n<\/p><\/div>\n<\/p><\/div>\n<div class=\"spd-frak-ob-ci\">\n<h4 class=\"spd-frak-ob-ci-headline\">Pers\u00f6nlich<\/h4>\n<div class=\"spd-frak-ob-ci-row\">\n<div class=\"spd-frak-ob-ci-item\">Geboren:<\/div>\n<div class=\"spd-frak-ob-ci-item-data\">1976<\/div>\n<\/p><\/div>\n<div class=\"spd-frak-ob-ci-row\">\n<div class=\"spd-frak-ob-ci-item\">Familienstand:<\/div>\n<div class=\"spd-frak-ob-ci-item-data\">Verheiratet<\/div>\n<\/p><\/div>\n<div class=\"spd-frak-ob-ci-row\">\n<div class=\"spd-frak-ob-ci-item\">Beruf:<\/div>\n<div class=\"spd-frak-ob-ci-item-data\">Rechtsanw\u00e4ltin, Landtagsabgeordnete<\/div>\n<\/p><\/div>\n<\/p><\/div>\n<div class=\"spd-frak-ob-ci\">\n<h4 class=\"spd-frak-ob-ci-headline\">Stadt Oberhausen<\/h4>\n<div class=\"spd-frak-ob-ci-row\">\n<div class=\"spd-frak-ob-ci-item spd-frak-ob-breaking-good\">Ordentliches Mitglied:<\/div>\n<ul class=\"spd-frak-ob-ci-ul\">\n<li><span class=\"spd-frak-ob-ci-li-item\"><a href=\"https:\/\/ratsinfo.oberhausen.de\/gr020?GRLFDNR=1\" class=\"spd-frak-ob-ci-link\">Rat der Stadt <i class=\"fa-solid fa-arrow-up-right-from-square\" title=\"Externer Link zum Ratsinformationssystem Allris\"><\/i><\/a><\/span><span class=\"spd-frak-ob-ci-pipe\"> | <\/span><span class=\"spd-frak-ob-ci-function\">1.&nbsp; B\u00fcrgermeisterin<\/span><\/li>\n<li><span class=\"spd-frak-ob-ci-li-item\"><a href=\"https:\/\/ratsinfo.oberhausen.de\/gr020?GRLFDNR=85\" class=\"spd-frak-ob-ci-link\">Haupt- und Finanzausschuss <i class=\"fa-solid fa-arrow-up-right-from-square\" title=\"Externer Link zum Ratsinformationssystem Allris\"><\/i><\/a><\/span><\/li>\n<li><span class=\"spd-frak-ob-ci-li-item\"><a href=\"https:\/\/ratsinfo.oberhausen.de\/gr020?GRLFDNR=12\" class=\"spd-frak-ob-ci-link\">Sozialausschuss <i class=\"fa-solid fa-arrow-up-right-from-square\" title=\"Externer Link zum Ratsinformationssystem Allris\"><\/i><\/a><\/span><span class=\"spd-frak-ob-ci-pipe\"> | <\/span><span class=\"spd-frak-ob-ci-function\">Stellv. Vorsitzende<\/span><\/li>\n<\/ul><\/div>\n<div class=\"spd-frak-ob-ci-row\">\n<div class=\"spd-frak-ob-ci-item spd-frak-ob-breaking-good\" style=\"margin-top: 24px;\">Stellvertretendes Mitglied:<\/div>\n<ul class=\"spd-frak-ob-ci-ul\">\n<\/ul><\/div>\n<\/p><\/div>\n<div class=\"spd-frak-ob-ci\">\n<h4 class=\"spd-frak-ob-ci-headline\">Konzern Stadt &#038; Sonstiges<\/h4>\n<div class=\"spd-frak-ob-ci-row\">\n<div class=\"spd-frak-ob-ci-item spd-frak-ob-breaking-good\">Ordentliches Mitglied:<\/div>\n<ul class=\"spd-frak-ob-ci-ul\">\n<li><span class=\"spd-frak-ob-ci-li-item\">Aufsichtsrat <a href=\"https:\/\/www.aso-ggmbh.de\/\" class=\"spd-frak-ob-ci-link\"><abbr title=\"Alteneinrichtungen der Stadt Oberhausen\">ASO<\/abbr> gGmbH <i class=\"fa-solid fa-arrow-up-right-from-square\"><\/i><\/a><\/span><span class=\"spd-frak-ob-ci-pipe\"> | <\/span><span class=\"spd-frak-ob-ci-function\">Vorsitzende<\/span><\/li>\n<li><span class=\"spd-frak-ob-ci-li-item\">Aufsichtsrat <a href=\"https:\/\/www.cc-oberhausen.de\/\" class=\"spd-frak-ob-ci-link\">Luise-Albertz-Halle <i class=\"fa-solid fa-arrow-up-right-from-square\"><\/i><\/a><\/span><span class=\"spd-frak-ob-ci-pipe\"> | <\/span><span class=\"spd-frak-ob-ci-function\">Vorsitzende<\/span><\/li>\n<li><span class=\"spd-frak-ob-ci-li-item\">Verwaltungsrat <a href=\"https:\/\/www.stadtsparkasse-oberhausen.de\/de\/home.html\" class=\"spd-frak-ob-ci-link\">Stadtsparkasse Oberhausen <i class=\"fa-solid fa-arrow-up-right-from-square\"><\/i><\/a><\/span><span class=\"spd-frak-ob-ci-pipe\"> | <\/span><span class=\"spd-frak-ob-ci-function\">2. Stellv. Vorsitzende<\/span><\/li>\n<\/ul><\/div>\n<\/p><\/div>\n<div class=\"spd-frak-ob-ci\">\n<h4 class=\"spd-frak-ob-ci-headline\">SPD-Fraktion<\/h4>\n<div class=\"spd-frak-ob-ci-row\">\n<ul class=\"spd-frak-ob-ci-ul\">\n<li><span class=\"spd-frak-ob-ci-li-item\"><a href=\"https:\/\/meier-gerdingh.de\/wp-spd-ob\/fraktion\/arbeitskreise\/ak-finanzen\/\" class=\"spd-frak-ob-ci-link\">AK Finanzen<\/a><\/span><\/li>\n<li><span class=\"spd-frak-ob-ci-li-item\"><a href=\"https:\/\/meier-gerdingh.de\/wp-spd-ob\/fraktion\/arbeitskreise\/ak-soziales\/\" class=\"spd-frak-ob-ci-link\">AK Soziales<\/a><\/span><\/li>\n<\/ul><\/div>\n<\/p><\/div>\n<div class=\"spd-frak-ob-ci\">\n<h4 class=\"spd-frak-ob-ci-headline\">SPD<\/h4>\n<div class=\"spd-frak-ob-ci-row\">\n<ul class=\"spd-frak-ob-ci-ul\">\n<li><span class=\"spd-frak-ob-ci-li-item\">Stellv. Vorsitzende des <a class=\"spd-frak-ob-ov-link\" href=\"https:\/\/meier-gerdingh.de\/wp-spd-ob\/ortsvereine\/ov-west\/\"><span class=\"spd-frak-ob-light\">OV<\/span> West<\/a><\/span><\/li>\n<li><span class=\"spd-frak-ob-ci-li-item\">Stellv. Vorsitzende der <a class=\"spd-frak-ob-ov-link\" href=\"https:\/\/www.ruhr-spd.de\/\">Ruhr-SPD <i class=\"fa-solid fa-arrow-up-right-from-square\"><\/i><\/a><\/span><\/li>\n<\/ul><\/div>\n<\/p><\/div>\n<\/div>\n<div class=\"module\">\n<div class=\"caption\">\n<h3 class=\"spd-frak-ob-module-headline collapsible\"><span class=\"spd-frak-ob-breaking-point\"><span class=\"spd-frak-ob-light\">Kommunalpolitischer<\/span> Kalender<span class=\"spd-frak-ob-colon\">:<\/span><\/span><span class=\"spd-frak-ob-module-pipe\"> | <\/span> <span class=\"spd-frak-ob-black\">Terminvorschau <\/span> <i class=\"fa-solid fa-turn-down rotate\"><\/i><\/h3>\n<\/p><\/div>\n<div class=\"body\"><!-- EventON Calendar --><div id='evcal_calendar_530' class='list_cal ajde_evcal_calendar sev cev color esty_2 ul ' data-cal=''><div id='evcal_head' class='calendar_header ' ><div class='evo_cal_above evodfx evofx_dr_r marb5 evofx_ww'><span class='cal_head_btn evo-gototoday-btn' style='' data-mo='9' data-yr='2026' data-dy=''>Aktueller Monat<\/span><\/div><div class='evo_cal_above_content'><\/div><div class='evo_header_title '><\/div><\/div><div id='eventon_loadbar_section'><div id='eventon_loadbar'><\/div><\/div><!-- Events List --><div class='evo_events_list_box'><div id='evcal_list' class='eventon_events_list sep_months evcal_list_month'><div class='evcal_month_line' data-d='eml_9_2026' data-su='1788220800'><p>September 2026<\/p><\/div><div class='sep_month_events ' data-d='eml_9_2026'><div id=\"event_13227_0\" class=\"eventon_list_event evo_eventtop scheduled  event clrD no_et event_13227_0\" data-event_id=\"13227\" data-ri=\"0r\" data-time=\"1788796800-1788825540\" data-colr=\"#0f2cad\" itemscope itemtype='http:\/\/schema.org\/Event'><div class=\"evo_event_schema\" style=\"display:none\" ><a itemprop='url'  href='https:\/\/meier-gerdingh.de\/wp-spd-ob\/termine\/ak-finanzen-6\/'><\/a><meta itemprop='image'  \/><meta itemprop='startDate' content=\"2026-9-7T16:00+2:00\" \/><meta itemprop='endDate' content=\"2026-9-7T23:59+2:00\" \/><meta itemprop='eventStatus' content=\"https:\/\/schema.org\/EventScheduled\" \/><item style=\"display:none\" itemprop=\"location\" itemscope itemtype=\"http:\/\/schema.org\/Place\"><span itemprop=\"name\">Sitzungssaal der SPD-Fraktion (Eingang Raum 370)<\/span><span itemprop=\"address\" itemscope itemtype=\"http:\/\/schema.org\/PostalAddress\"><item itemprop=\"streetAddress\">Rathaus Oberhausen, Schwartzstr. 72, 46045 Oberhausen<\/item><\/span><\/item><item style=\"display:none\" itemprop=\"eventAttendanceMode\" itemscope itemtype=\"https:\/\/schema.org\/OfflineEventAttendanceMode\"><\/item><script type=\"application\/ld+json\">{\"@context\": \"http:\/\/schema.org\",\"@type\": \"Event\",\n\t\t\t\t\"@id\": \"event_13227_0\",\n\t\t\t\t\"eventAttendanceMode\":\"https:\/\/schema.org\/OfflineEventAttendanceMode\",\n\t\t\t\t\"eventStatus\":\"https:\/\/schema.org\/EventScheduled\",\n\t\t\t\t\"name\": \"AK Finanzen\",\n\t\t\t\t\"url\": \"https:\/\/meier-gerdingh.de\/wp-spd-ob\/termine\/ak-finanzen-6\/\",\n\t\t\t\t\"startDate\": \"2026-9-7T16:00+2:00\",\n\t\t\t\t\"endDate\": \"2026-9-7T23:59+2:00\",\n\t\t\t\t\"image\":\"\", \n\t\t\t\t\"description\":\"'AK Finanzen'\",\"location\":[{\"@type\":\"Place\",\"name\":\"Sitzungssaal der SPD-Fraktion (Eingang Raum 370)\",\"address\":{\"@type\": \"PostalAddress\",\"streetAddress\":\"Rathaus Oberhausen, Schwartzstr. 72, 46045 Oberhausen\"}}]}<\/script><\/div>\r\n\t\t\t\t<p class=\"desc_trig_outter\" style=\"\"><a data-gmtrig=\"1\" data-exlk=\"0\" style=\"background-color: #0f2cad;\" id=\"evc_178879680013227\" class=\"desc_trig evo_ak-finanzen evo_spd-fraktion-oberhausen sin_val evcal_list_a\" data-ux_val=\"1\" data-ux_val_mob=\"-\"  ><span class='evoet_c2 evoet_cx '><span class='evoet_dayblock evcal_cblock ' data-bgcolor='#0f2cad' data-smon='September' data-syr='2026' data-bub=''><span class='evo_start '><em class='day'>Mo<\/em><em class='date'>07<\/em><em class='month'>Sep<\/em><em class='time'>16:00<\/em><\/span><\/span><\/span><span class='evoet_c3 evoet_cx evcal_desc'><span class='evoet_title evcal_desc2 evcal_event_title' itemprop='name'>AK Finanzen<\/span><span class='event_location_attrs'  data-location_address=\"Rathaus Oberhausen, Schwartzstr. 72, 46045 Oberhausen\" data-location_type=\"lonlat\" data-location_name=\"Sitzungssaal der SPD-Fraktion (Eingang Raum 370)\" data-location_url=\"https:\/\/meier-gerdingh.de\/wp-spd-ob\/event-location\/sitzungssaal-der-spd-fraktion-eingang-raum-370\/\" data-location_status=\"true\" data-latlng=\"51.473999,6.861205\"><\/span><span class='evoet_subtitle evo_below_title'><\/span><span class='evoet_time_expand level_3'><em class='evcal_time evo_tz_time'><i class='fa fa-clock-o'><\/i>16:00 Uhr<\/em> <\/span><span class='evoet_location level_3'><em class=\"evcal_location\"  data-latlng=\"51.473999,6.861205\" data-add_str=\"\" data-n=\"Sitzungssaal der SPD-Fraktion (Eingang Raum 370)\"><i class=\"fa fa-location-pin\"><\/i><em class=\"event_location_name\">Sitzungssaal der SPD-Fraktion (Eingang Raum 370)<\/em><\/em><\/span><span class='evoet_eventtypes level_4 evcal_event_types ett2'><em><i>Veranstalter: <\/i><\/em><em data-filter='event_type' data-v='AK Finanzen' data-id='4712' class='evoetet_val evoet_dataval'>AK Finanzen,<\/em><em data-filter='event_type' data-v='SPD-Fraktion Oberhausen' data-id='510' class='evoetet_val evoet_dataval'>SPD-Fraktion Oberhausen<\/em><\/span><\/span><span class='evoet_data' data-d=\"{&quot;loc.n&quot;:&quot;Sitzungssaal der SPD-Fraktion (Eingang Raum 370)&quot;,&quot;orgs&quot;:[],&quot;tags&quot;:[]}\" data-bgc=\"#0f2cad\" data-bggrad=\"\" ><\/span><\/a><\/p><div class=\"event_description evcal_eventcard evo_ak-finanzen evo_spd-fraktion-oberhausen \" style=\"display:none\"><div class='evocard_row bx2 bx'><div id='event_time' class='evocard_box time' data-c='' \n\t\t\t\t\tstyle=''><div class='evo_metarow_time evorow evcal_evdata_row evcal_evrow_sm '>\n\t\t<span class='evcal_evdata_icons'><i class='fa fa-clock-o'><\/i><\/span>\n\t\t<div class='evcal_evdata_cell'>\t\t\t\t\t\t\t\n\t\t\t<h3 class='evo_h3'><span class='evcal_evdata_icons'><i class='fa fa-clock-o'><\/i><\/span>Datum:<\/h3><p><span class='evo_eventcard_time_t'>7. September 2026 16:00 Uhr<\/span><\/p>\n\t\t<\/div>\n\t<\/div><\/div><div id='event_location' class='evocard_box location' data-c='' \n\t\t\t\t\tstyle=''><div class='evcal_evdata_row evo_metarow_time_location evorow '>\n\t\t\n\t\t\t<span class='evcal_evdata_icons'><i class='fa fa-map-marker'><\/i><\/span>\n\t\t\t<div class='evcal_evdata_cell' data-loc_tax_id='511'><h3 class='evo_h3 evodfx'><span class='evcal_evdata_icons'><i class='fa fa-map-marker'><\/i><\/span>Ort:<\/h3><p class='evo_location_name'>Sitzungssaal der SPD-Fraktion (Eingang Raum 370)<\/p><p class='evo_location_address'>Rathaus Oberhausen, Schwartzstr. 72, 46045 Oberhausen<\/p><div class='padt10'><span class='evo_btn_arr evolb_trigger' data-lbvals=\"{&quot;lbc&quot;:&quot;evo_location_lb_511&quot;,&quot;lbac&quot;:&quot;lb_max&quot;,&quot;t&quot;:&quot;Sitzungssaal der SPD-Fraktion (Eingang Raum 370)&quot;,&quot;ajax&quot;:&quot;yes&quot;,&quot;ajax_type&quot;:&quot;endpoint&quot;,&quot;ajax_action&quot;:&quot;eventon_get_tax_card_content&quot;,&quot;end&quot;:&quot;client&quot;,&quot;d&quot;:{&quot;lang&quot;:&quot;L1&quot;,&quot;term_id&quot;:511,&quot;tax&quot;:&quot;event_location&quot;,&quot;load_lbcontent&quot;:true}}\" >Andere Ereignisse<i class='fa fa-chevron-right'><\/i><\/span><\/div><\/div>\n\t\t\n\t<\/div><\/div><\/div><div class='evocard_row'><div id='event_addtocal' class='evocard_box addtocal' data-c='' \n\t\t\t\t\tstyle=''><div class='evo_metarow_ICS evorow evcal_evdata_row'>\n\t\t\t\t\t\t\t\t\t<span class='evcal_evdata_icons'><i class='fa fa-calendar-o'><\/i><\/span>\n\t\t\t\t\t\t\t\t\t<div class='evcal_evdata_cell'>\n\t\t\t\t\t\t\t\t\t\t<p><a href='https:\/\/meier-gerdingh.de\/wp-spd-ob\/wp-admin\/admin-ajax.php?action=eventon_ics_download&event_id=13227&ri=0&nonce=be2ac1e3c9' class='evo_ics_nCal' title='Zum Kalender hinzuf\u00fcgen'>Kalender<\/a><a href='\/\/www.google.com\/calendar\/event?action=TEMPLATE&amp;text=AK+Finanzen&amp;dates=20260907T160000Z\/20260907T235900Z&amp;ctz=UTC&amp;details=AK+Finanzen&amp;location=Sitzungssaal+der+SPD-Fraktion+%28Eingang+Raum+370%29Rathaus+Oberhausen%2C+Schwartzstr.+72%2C+46045+Oberhausen' target='_blank' class='evo_ics_gCal' title='Zum Google-Kalender hinzuf\u00fcgen'>Google-Kalender<\/a><\/p>\t\n\t\t\t\t\t\t\t\t\t<\/div>\n\t\t\t\t\t\t\t\t<\/div><\/div><\/div><div class='evocard_row'><div id='event_gmap' class='evocard_box gmap' data-c='' \n\t\t\t\t\tstyle=''><div class='evo_metarow_gmap evcal_evdata_row evorow evcal_gmaps evc17887968006a9cc4c052d3213227_gmap ' id='evc17887968006a9cc4c052d3213227_gmap' style='max-width:none' data-address=\"Rathaus Oberhausen, Schwartzstr. 72, 46045 Oberhausen\" data-latlng=\"51.473999,6.861205\" data-location_type=\"\" data-scroll=\"yes\" data-mty=\"roadmap\" data-zoom=\"16\" data-mapIcon=\"\" data-delay=\"400\" data-map_canvas_id=\"evc17887968006a9cc4c052d3213227_gmap\" >\n\t\t<span class='evo_map_load_out evoposr evodb evobr15'>\n\t\t<i class='fa fa-map-marker evoposa'><\/i><span class='evo_map_load evoposr evodb'>\t\t\t\t\t\n\t\t\t\t\t<i class='a'><\/i>\n\t\t\t\t\t<i class='b'><\/i>\n\t\t\t\t\t<i class='c'><\/i>\n\t\t\t\t\t<i class='d'><\/i>\n\t\t\t\t\t<i class='e'><\/i>\n\t\t\t\t\t<i class='f'><\/i>\n\t\t\t\t<\/span><\/span><\/div><\/div><\/div><div class='evocard_row'><div id='event_getdirection' class='evocard_box getdirection' data-c='' \n\t\t\t\t\tstyle=''><div class='evo_metarow_getDr evorow evcal_evdata_row evcal_evrow_sm getdirections'>\n\t\t<form action='https:\/\/maps.google.com\/maps' method='get' target='_blank'>\n\t\t\t<input type='hidden' name='daddr' value=\"Rathaus Oberhausen, Schwartzstr. 72, 46045 Oberhausen\"\/> \n\t\t\t<div class='evo_get_direction_content evo_fx_dr_r evogap10'>\n\t\t\t\t<span class='evogetdir_header evodfx evofx_dr_r evofx_ai_c marr10'>\n\t\t\t\t\t<i class='mainicon fa fa-road'><\/i> \n\t\t\t\t\t<h3 class='evo_h3' style='padding-bottom:5px;'>Routenplaner<\/h3>\n\t\t\t\t<\/span>\n\t\t\t\t<span class='evogetdir_field evodfx evofx_1_1 evo_fx_dr_c evow100p'>\t\t\t\t\t\n\t\t\t\t\t<input class='evoInput evotac' type='text' name='saddr' placeholder='Geben Sie Ihre Adresse ein' value='' style='margin:10px 0;'\/>\n\t\t\t\t<\/span>\n\t\t\t\t<button type='submit' class='evo_get_direction_button evo_btn_arr_circ dfx fx_ai_c' title='Hier klicken f\u00fcr Route'><i class='fa fa-chevron-right'><\/i> <\/button>\n\t\t\t<\/div>\n\t\t<\/form>\n\t<\/div><\/div><\/div><div class='evocard_row'><div id='event_evosocial' class='evocard_box evosocial' data-c='' \n\t\t\t\t\tstyle=''><div class='evo_metarow_socialmedia evcal_evdata_row '><div class='evo_sm FacebookShare'><a class=\" evo_ss\" target=\"_blank\" onclick=\"javascript:window.open(this.href, '', 'left=50,top=50,width=600,height=350,toolbar=0');return false;\"\r\n\t\t\t\t\t\thref=\"\/\/www.facebook.com\/sharer.php?u=https%3A%2F%2Fmeier-gerdingh.de%2Fwp-spd-ob%2Ftermine%2Fak-finanzen-6%2F\" title=\"Auf Facebook teilen\"><i class=\"fa fab fa-facebook\"><\/i><\/a><\/div><div class='evo_sm Twitter'><a class=\"tw evo_ss\" onclick=\"javascript:window.open(this.href, '', 'menubar=no,toolbar=no,resizable=yes,scrollbars=yes,height=300,width=600');return false;\" href=\"\/\/twitter.com\/intent\/tweet?text=AK Finanzen&#32;-&#32;&url=https%3A%2F%2Fmeier-gerdingh.de%2Fwp-spd-ob%2Ftermine%2Fak-finanzen-6%2F\" title=\"Auf X teilen\" rel=\"nofollow\" target=\"_blank\" data-url=\"https%3A%2F%2Fmeier-gerdingh.de%2Fwp-spd-ob%2Ftermine%2Fak-finanzen-6%2F\"><i class=\"fa fab fa-x-twitter\"><\/i><\/a><\/div><div class='evo_sm LinkedIn'><a class=\"li evo_ss\" href=\"\/\/www.linkedin.com\/shareArticle?mini=true&url=https%3A%2F%2Fmeier-gerdingh.de%2Fwp-spd-ob%2Ftermine%2Fak-finanzen-6%2F&title=AK%20Finanzen&summary=--\" target=\"_blank\" title=\"Auf Linkedin teilen\"><i class=\"fa fab fa-linkedin\"><\/i><\/a><\/div><div class='evo_sm Whatsapp'><a class=\"wa evo_ss\" href=\"https:\/\/api.whatsapp.com\/send?text=https%3A%2F%2Fmeier-gerdingh.de%2Fwp-spd-ob%2Ftermine%2Fak-finanzen-6%2F\"\r\n\t\t\t\t        data-action=\"share\/whatsapp\/share\" target=\"_blank\" title=\"Auf WhatsApp teilen\"><i class=\"fa fab fa-whatsapp\"><\/i><\/a><\/div><div class='evo_sm EmailShare'><a class=\"em evo_ss\" href=\"mailto:?subject=AK%20Finanzen&body=Event Name: AK%20Finanzen%0AEvent Date: 7. September 2026 16:00%0ALink: https%3A%2F%2Fmeier-gerdingh.de%2Fwp-spd-ob%2Ftermine%2Fak-finanzen-6%2F%0A\" target=\"_blank\"><i class=\"fa fa-envelope\"><\/i><\/a><\/div><\/div><\/div><\/div><div class='evo_card_row_end evcal_close' title='Schlie\u00dfen'><\/div><\/div><div class='clear end'><\/div><\/div><div id=\"event_13354_0\" class=\"eventon_list_event evo_eventtop scheduled  event clrD no_et event_13354_0\" data-event_id=\"13354\" data-ri=\"0r\" data-time=\"1789052400-1789084740\" data-colr=\"#6e7ebe\" itemscope itemtype='http:\/\/schema.org\/Event'><div class=\"evo_event_schema\" style=\"display:none\" ><a itemprop='url'  href='https:\/\/meier-gerdingh.de\/wp-spd-ob\/termine\/sozialausschuss-5\/'><\/a><meta itemprop='image'  \/><meta itemprop='startDate' content=\"2026-9-10T15:00+2:00\" \/><meta itemprop='endDate' content=\"2026-9-10T23:59+2:00\" \/><meta itemprop='eventStatus' content=\"https:\/\/schema.org\/EventScheduled\" \/><item style=\"display:none\" itemprop=\"location\" itemscope itemtype=\"http:\/\/schema.org\/Place\"><span itemprop=\"name\">Rathaus Oberhausen (Ratssaal)<\/span><span itemprop=\"address\" itemscope itemtype=\"http:\/\/schema.org\/PostalAddress\"><item itemprop=\"streetAddress\">Schwartzstr. 72, 46045 Oberhausen<\/item><\/span><\/item><item style=\"display:none\" itemprop=\"eventAttendanceMode\" itemscope itemtype=\"https:\/\/schema.org\/OfflineEventAttendanceMode\"><\/item><script type=\"application\/ld+json\">{\"@context\": \"http:\/\/schema.org\",\"@type\": \"Event\",\n\t\t\t\t\"@id\": \"event_13354_0\",\n\t\t\t\t\"eventAttendanceMode\":\"https:\/\/schema.org\/OfflineEventAttendanceMode\",\n\t\t\t\t\"eventStatus\":\"https:\/\/schema.org\/EventScheduled\",\n\t\t\t\t\"name\": \"Sozialausschuss\",\n\t\t\t\t\"url\": \"https:\/\/meier-gerdingh.de\/wp-spd-ob\/termine\/sozialausschuss-5\/\",\n\t\t\t\t\"startDate\": \"2026-9-10T15:00+2:00\",\n\t\t\t\t\"endDate\": \"2026-9-10T23:59+2:00\",\n\t\t\t\t\"image\":\"\", \n\t\t\t\t\"description\":\"<p><a href='https:\/\/ratsinfo.oberhausen.de\/to010?SILFDNR=1001187'>Tagesordnung der 6. Sitzung des Sozialausschusses <i class='fa-solid fa-arrow-up-right-from-square' title='Externer Link zum Ratsinformationssystem Allris'><\/i><\/a><\/p> \",\"location\":[{\"@type\":\"Place\",\"name\":\"Rathaus Oberhausen (Ratssaal)\",\"address\":{\"@type\": \"PostalAddress\",\"streetAddress\":\"Schwartzstr. 72, 46045 Oberhausen\"}}]}<\/script><\/div>\r\n\t\t\t\t<p class=\"desc_trig_outter\" style=\"\"><a data-gmtrig=\"1\" data-exlk=\"0\" style=\"background-color: #6e7ebe;\" id=\"evc_178905240013354\" class=\"desc_trig evo_sozialausschuss evo_stadt-oberhausen sin_val evcal_list_a\" data-ux_val=\"1\" data-ux_val_mob=\"-\"  ><span class='evoet_c2 evoet_cx '><span class='evoet_dayblock evcal_cblock ' data-bgcolor='#6e7ebe' data-smon='September' data-syr='2026' data-bub=''><span class='evo_start '><em class='day'>Do<\/em><em class='date'>10<\/em><em class='month'>Sep<\/em><em class='time'>15:00<\/em><\/span><\/span><\/span><span class='evoet_c3 evoet_cx evcal_desc'><span class='evoet_title evcal_desc2 evcal_event_title' itemprop='name'>Sozialausschuss<\/span><span class='event_location_attrs'  data-location_address=\"Schwartzstr. 72, 46045 Oberhausen\" data-location_type=\"lonlat\" data-location_name=\"Rathaus Oberhausen (Ratssaal)\" data-location_url=\"https:\/\/meier-gerdingh.de\/wp-spd-ob\/event-location\/rathaus-oberhausen-ratssaal\/\" data-location_status=\"true\" data-latlng=\"51.474107, 6.860272\"><\/span><span class='evoet_subtitle evo_below_title'><\/span><span class='evoet_time_expand level_3'><em class='evcal_time evo_tz_time'><i class='fa fa-clock-o'><\/i>15:00 Uhr<\/em> <\/span><span class='evoet_location level_3'><em class=\"evcal_location\"  data-latlng=\"51.474107, 6.860272\" data-add_str=\"\" data-n=\"Rathaus Oberhausen (Ratssaal)\"><i class=\"fa fa-location-pin\"><\/i><em class=\"event_location_name\">Rathaus Oberhausen (Ratssaal)<\/em><\/em><\/span><span class='evoet_eventtypes level_4 evcal_event_types ett2'><em><i>Veranstalter: <\/i><\/em><em data-filter='event_type' data-v='Sozialausschuss' data-id='971' class='evoetet_val evoet_dataval'>Sozialausschuss,<\/em><em data-filter='event_type' data-v='Stadt Oberhausen' data-id='506' class='evoetet_val evoet_dataval'>Stadt Oberhausen<\/em><\/span><\/span><span class='evoet_data' data-d=\"{&quot;loc.n&quot;:&quot;Rathaus Oberhausen (Ratssaal)&quot;,&quot;orgs&quot;:[],&quot;tags&quot;:[]}\" data-bgc=\"#6e7ebe\" data-bggrad=\"\" ><\/span><\/a><\/p><div class=\"event_description evcal_eventcard evo_sozialausschuss evo_stadt-oberhausen \" style=\"display:none\"><div class='evocard_row'><div id='event_eventdetails' class='evocard_box eventdetails' data-c='' \n\t\t\t\t\tstyle=''><div class='evo_metarow_details evorow evcal_evdata_row evcal_event_details'>\n\t\t\t\t\t\t\t\t<div class=\"event_excerpt\" style=\"display:none\"><h3 class=\"padb5 evo_h3\">Veranstaltungsdetails:<\/h3><p>Tagesordnung der 6. Sitzung des Sozialausschusses \n<\/p><\/div><span class='evcal_evdata_icons'><i class='fa fa-align-justify'><\/i><\/span>\n\t\t\t\t\t\t\t\t\n\t\t\t\t\t\t\t\t<div class='evcal_evdata_cell '>\n\t\t\t\t\t\t\t\t\t<div class='eventon_full_description'>\n\t\t\t\t\t\t\t\t\t\t<h3 class='padb5 evo_h3'><span class='evcal_evdata_icons'><i class='fa fa-align-justify'><\/i><\/span>Veranstaltungsdetails:<\/h3>\n\t\t\t\t\t\t\t\t\t\t<div class='eventon_desc_in' itemprop='description'>\n\t\t\t\t\t\t\t\t\t\t<p><a href=\"https:\/\/ratsinfo.oberhausen.de\/to010?SILFDNR=1001187\">Tagesordnung der 6. Sitzung des Sozialausschusses <i class=\"fa-solid fa-arrow-up-right-from-square\" title=\"Externer Link zum Ratsinformationssystem Allris\"><\/i><\/a><\/p>\n<\/div><div class='clear'><\/div>\n\t\t\t\t\t\t\t\t\t<\/div>\n\t\t\t\t\t\t\t\t<\/div>\n\t\t\t\t\t\t\t<\/div><\/div><\/div><div class='evocard_row bx2 bx'><div id='event_time' class='evocard_box time' data-c='' \n\t\t\t\t\tstyle=''><div class='evo_metarow_time evorow evcal_evdata_row evcal_evrow_sm '>\n\t\t<span class='evcal_evdata_icons'><i class='fa fa-clock-o'><\/i><\/span>\n\t\t<div class='evcal_evdata_cell'>\t\t\t\t\t\t\t\n\t\t\t<h3 class='evo_h3'><span class='evcal_evdata_icons'><i class='fa fa-clock-o'><\/i><\/span>Datum:<\/h3><p><span class='evo_eventcard_time_t'>10. September 2026 15:00 Uhr<\/span><\/p>\n\t\t<\/div>\n\t<\/div><\/div><div id='event_location' class='evocard_box location' data-c='' \n\t\t\t\t\tstyle=''><div class='evcal_evdata_row evo_metarow_time_location evorow '>\n\t\t\n\t\t\t<span class='evcal_evdata_icons'><i class='fa fa-map-marker'><\/i><\/span>\n\t\t\t<div class='evcal_evdata_cell' data-loc_tax_id='514'><h3 class='evo_h3 evodfx'><span class='evcal_evdata_icons'><i class='fa fa-map-marker'><\/i><\/span>Ort:<\/h3><p class='evo_location_name'>Rathaus Oberhausen (Ratssaal)<\/p><p class='evo_location_address'>Schwartzstr. 72, 46045 Oberhausen<\/p><div class='padt10'><span class='evo_btn_arr evolb_trigger' data-lbvals=\"{&quot;lbc&quot;:&quot;evo_location_lb_514&quot;,&quot;lbac&quot;:&quot;lb_max&quot;,&quot;t&quot;:&quot;Rathaus Oberhausen (Ratssaal)&quot;,&quot;ajax&quot;:&quot;yes&quot;,&quot;ajax_type&quot;:&quot;endpoint&quot;,&quot;ajax_action&quot;:&quot;eventon_get_tax_card_content&quot;,&quot;end&quot;:&quot;client&quot;,&quot;d&quot;:{&quot;lang&quot;:&quot;L1&quot;,&quot;term_id&quot;:514,&quot;tax&quot;:&quot;event_location&quot;,&quot;load_lbcontent&quot;:true}}\" >Andere Ereignisse<i class='fa fa-chevron-right'><\/i><\/span><\/div><\/div>\n\t\t\n\t<\/div><\/div><\/div><div class='evocard_row'><div id='event_addtocal' class='evocard_box addtocal' data-c='' \n\t\t\t\t\tstyle=''><div class='evo_metarow_ICS evorow evcal_evdata_row'>\n\t\t\t\t\t\t\t\t\t<span class='evcal_evdata_icons'><i class='fa fa-calendar-o'><\/i><\/span>\n\t\t\t\t\t\t\t\t\t<div class='evcal_evdata_cell'>\n\t\t\t\t\t\t\t\t\t\t<p><a href='https:\/\/meier-gerdingh.de\/wp-spd-ob\/wp-admin\/admin-ajax.php?action=eventon_ics_download&event_id=13354&ri=0&nonce=be2ac1e3c9' class='evo_ics_nCal' title='Zum Kalender hinzuf\u00fcgen'>Kalender<\/a><a href='\/\/www.google.com\/calendar\/event?action=TEMPLATE&amp;text=Sozialausschuss&amp;dates=20260910T150000Z\/20260910T235900Z&amp;ctz=UTC&amp;details=Sozialausschuss&amp;location=Rathaus+Oberhausen+%28Ratssaal%29Schwartzstr.+72%2C+46045+Oberhausen' target='_blank' class='evo_ics_gCal' title='Zum Google-Kalender hinzuf\u00fcgen'>Google-Kalender<\/a><\/p>\t\n\t\t\t\t\t\t\t\t\t<\/div>\n\t\t\t\t\t\t\t\t<\/div><\/div><\/div><div class='evocard_row'><div id='event_gmap' class='evocard_box gmap' data-c='' \n\t\t\t\t\tstyle=''><div class='evo_metarow_gmap evcal_evdata_row evorow evcal_gmaps evc17890524006a9cc4c055fa213354_gmap ' id='evc17890524006a9cc4c055fa213354_gmap' style='max-width:none' data-address=\"Schwartzstr. 72, 46045 Oberhausen\" data-latlng=\"51.474107, 6.860272\" data-location_type=\"\" data-scroll=\"yes\" data-mty=\"roadmap\" data-zoom=\"16\" data-mapIcon=\"\" data-delay=\"400\" data-map_canvas_id=\"evc17890524006a9cc4c055fa213354_gmap\" >\n\t\t<span class='evo_map_load_out evoposr evodb evobr15'>\n\t\t<i class='fa fa-map-marker evoposa'><\/i><span class='evo_map_load evoposr evodb'>\t\t\t\t\t\n\t\t\t\t\t<i class='a'><\/i>\n\t\t\t\t\t<i class='b'><\/i>\n\t\t\t\t\t<i class='c'><\/i>\n\t\t\t\t\t<i class='d'><\/i>\n\t\t\t\t\t<i class='e'><\/i>\n\t\t\t\t\t<i class='f'><\/i>\n\t\t\t\t<\/span><\/span><\/div><\/div><\/div><div class='evocard_row'><div id='event_getdirection' class='evocard_box getdirection' data-c='' \n\t\t\t\t\tstyle=''><div class='evo_metarow_getDr evorow evcal_evdata_row evcal_evrow_sm getdirections'>\n\t\t<form action='https:\/\/maps.google.com\/maps' method='get' target='_blank'>\n\t\t\t<input type='hidden' name='daddr' value=\"Schwartzstr. 72, 46045 Oberhausen\"\/> \n\t\t\t<div class='evo_get_direction_content evo_fx_dr_r evogap10'>\n\t\t\t\t<span class='evogetdir_header evodfx evofx_dr_r evofx_ai_c marr10'>\n\t\t\t\t\t<i class='mainicon fa fa-road'><\/i> \n\t\t\t\t\t<h3 class='evo_h3' style='padding-bottom:5px;'>Routenplaner<\/h3>\n\t\t\t\t<\/span>\n\t\t\t\t<span class='evogetdir_field evodfx evofx_1_1 evo_fx_dr_c evow100p'>\t\t\t\t\t\n\t\t\t\t\t<input class='evoInput evotac' type='text' name='saddr' placeholder='Geben Sie Ihre Adresse ein' value='' style='margin:10px 0;'\/>\n\t\t\t\t<\/span>\n\t\t\t\t<button type='submit' class='evo_get_direction_button evo_btn_arr_circ dfx fx_ai_c' title='Hier klicken f\u00fcr Route'><i class='fa fa-chevron-right'><\/i> <\/button>\n\t\t\t<\/div>\n\t\t<\/form>\n\t<\/div><\/div><\/div><div class='evocard_row'><div id='event_evosocial' class='evocard_box evosocial' data-c='' \n\t\t\t\t\tstyle=''><div class='evo_metarow_socialmedia evcal_evdata_row '><div class='evo_sm FacebookShare'><a class=\" evo_ss\" target=\"_blank\" onclick=\"javascript:window.open(this.href, '', 'left=50,top=50,width=600,height=350,toolbar=0');return false;\"\r\n\t\t\t\t\t\thref=\"\/\/www.facebook.com\/sharer.php?u=https%3A%2F%2Fmeier-gerdingh.de%2Fwp-spd-ob%2Ftermine%2Fsozialausschuss-5%2F\" title=\"Auf Facebook teilen\"><i class=\"fa fab fa-facebook\"><\/i><\/a><\/div><div class='evo_sm Twitter'><a class=\"tw evo_ss\" onclick=\"javascript:window.open(this.href, '', 'menubar=no,toolbar=no,resizable=yes,scrollbars=yes,height=300,width=600');return false;\" href=\"\/\/twitter.com\/intent\/tweet?text=Sozialausschuss&#32;-&#32;&url=https%3A%2F%2Fmeier-gerdingh.de%2Fwp-spd-ob%2Ftermine%2Fsozialausschuss-5%2F\" title=\"Auf X teilen\" rel=\"nofollow\" target=\"_blank\" data-url=\"https%3A%2F%2Fmeier-gerdingh.de%2Fwp-spd-ob%2Ftermine%2Fsozialausschuss-5%2F\"><i class=\"fa fab fa-x-twitter\"><\/i><\/a><\/div><div class='evo_sm LinkedIn'><a class=\"li evo_ss\" href=\"\/\/www.linkedin.com\/shareArticle?mini=true&url=https%3A%2F%2Fmeier-gerdingh.de%2Fwp-spd-ob%2Ftermine%2Fsozialausschuss-5%2F&title=Sozialausschuss&summary=Tagesordnung+der+6.+Sitzung+des+Sozialausschusses+%0A\" target=\"_blank\" title=\"Auf Linkedin teilen\"><i class=\"fa fab fa-linkedin\"><\/i><\/a><\/div><div class='evo_sm Whatsapp'><a class=\"wa evo_ss\" href=\"https:\/\/api.whatsapp.com\/send?text=https%3A%2F%2Fmeier-gerdingh.de%2Fwp-spd-ob%2Ftermine%2Fsozialausschuss-5%2F\"\r\n\t\t\t\t        data-action=\"share\/whatsapp\/share\" target=\"_blank\" title=\"Auf WhatsApp teilen\"><i class=\"fa fab fa-whatsapp\"><\/i><\/a><\/div><div class='evo_sm EmailShare'><a class=\"em evo_ss\" href=\"mailto:?subject=Sozialausschuss&body=Event Name: Sozialausschuss%0AEvent Date: 10. September 2026 15:00%0ALink: https%3A%2F%2Fmeier-gerdingh.de%2Fwp-spd-ob%2Ftermine%2Fsozialausschuss-5%2F%0A\" target=\"_blank\"><i class=\"fa fa-envelope\"><\/i><\/a><\/div><\/div><\/div><\/div><div class='evo_card_row_end evcal_close' title='Schlie\u00dfen'><\/div><\/div><div class='clear end'><\/div><\/div><div id=\"event_13163_0\" class=\"eventon_list_event evo_eventtop scheduled  event clrD no_et event_13163_0\" data-event_id=\"13163\" data-ri=\"0r\" data-time=\"1789401600-1789430340\" data-colr=\"#0f2cad\" itemscope itemtype='http:\/\/schema.org\/Event'><div class=\"evo_event_schema\" style=\"display:none\" ><a itemprop='url'  href='https:\/\/meier-gerdingh.de\/wp-spd-ob\/termine\/fraktionsvorstand-4\/'><\/a><meta itemprop='image'  \/><meta itemprop='startDate' content=\"2026-9-14T16:00+2:00\" \/><meta itemprop='endDate' content=\"2026-9-14T23:59+2:00\" \/><meta itemprop='eventStatus' content=\"https:\/\/schema.org\/EventScheduled\" \/><item style=\"display:none\" itemprop=\"location\" itemscope itemtype=\"http:\/\/schema.org\/Place\"><span itemprop=\"name\">Sitzungssaal der SPD-Fraktion (Eingang Raum 370)<\/span><span itemprop=\"address\" itemscope itemtype=\"http:\/\/schema.org\/PostalAddress\"><item itemprop=\"streetAddress\">Rathaus Oberhausen, Schwartzstr. 72, 46045 Oberhausen<\/item><\/span><\/item><item style=\"display:none\" itemprop=\"eventAttendanceMode\" itemscope itemtype=\"https:\/\/schema.org\/OfflineEventAttendanceMode\"><\/item><script type=\"application\/ld+json\">{\"@context\": \"http:\/\/schema.org\",\"@type\": \"Event\",\n\t\t\t\t\"@id\": \"event_13163_0\",\n\t\t\t\t\"eventAttendanceMode\":\"https:\/\/schema.org\/OfflineEventAttendanceMode\",\n\t\t\t\t\"eventStatus\":\"https:\/\/schema.org\/EventScheduled\",\n\t\t\t\t\"name\": \"Fraktionsvorstand\",\n\t\t\t\t\"url\": \"https:\/\/meier-gerdingh.de\/wp-spd-ob\/termine\/fraktionsvorstand-4\/\",\n\t\t\t\t\"startDate\": \"2026-9-14T16:00+2:00\",\n\t\t\t\t\"endDate\": \"2026-9-14T23:59+2:00\",\n\t\t\t\t\"image\":\"\", \n\t\t\t\t\"description\":\"'Fraktionsvorstand'\",\"location\":[{\"@type\":\"Place\",\"name\":\"Sitzungssaal der SPD-Fraktion (Eingang Raum 370)\",\"address\":{\"@type\": \"PostalAddress\",\"streetAddress\":\"Rathaus Oberhausen, Schwartzstr. 72, 46045 Oberhausen\"}}]}<\/script><\/div>\r\n\t\t\t\t<p class=\"desc_trig_outter\" style=\"\"><a data-gmtrig=\"1\" data-exlk=\"0\" style=\"background-color: #0f2cad;\" id=\"evc_178940160013163\" class=\"desc_trig evo_fraktionsvorstand evo_spd-fraktion-oberhausen sin_val evcal_list_a\" data-ux_val=\"1\" data-ux_val_mob=\"-\"  ><span class='evoet_c2 evoet_cx '><span class='evoet_dayblock evcal_cblock ' data-bgcolor='#0f2cad' data-smon='September' data-syr='2026' data-bub=''><span class='evo_start '><em class='day'>Mo<\/em><em class='date'>14<\/em><em class='month'>Sep<\/em><em class='time'>16:00<\/em><\/span><\/span><\/span><span class='evoet_c3 evoet_cx evcal_desc'><span class='evoet_title evcal_desc2 evcal_event_title' itemprop='name'>Fraktionsvorstand<\/span><span class='event_location_attrs'  data-location_address=\"Rathaus Oberhausen, Schwartzstr. 72, 46045 Oberhausen\" data-location_type=\"lonlat\" data-location_name=\"Sitzungssaal der SPD-Fraktion (Eingang Raum 370)\" data-location_url=\"https:\/\/meier-gerdingh.de\/wp-spd-ob\/event-location\/sitzungssaal-der-spd-fraktion-eingang-raum-370\/\" data-location_status=\"true\" data-latlng=\"51.473999,6.861205\"><\/span><span class='evoet_subtitle evo_below_title'><\/span><span class='evoet_time_expand level_3'><em class='evcal_time evo_tz_time'><i class='fa fa-clock-o'><\/i>16:00 Uhr<\/em> <\/span><span class='evoet_location level_3'><em class=\"evcal_location\"  data-latlng=\"51.473999,6.861205\" data-add_str=\"\" data-n=\"Sitzungssaal der SPD-Fraktion (Eingang Raum 370)\"><i class=\"fa fa-location-pin\"><\/i><em class=\"event_location_name\">Sitzungssaal der SPD-Fraktion (Eingang Raum 370)<\/em><\/em><\/span><span class='evoet_eventtypes level_4 evcal_event_types ett2'><em><i>Veranstalter: <\/i><\/em><em data-filter='event_type' data-v='Fraktionsvorstand' data-id='918' class='evoetet_val evoet_dataval'>Fraktionsvorstand,<\/em><em data-filter='event_type' data-v='SPD-Fraktion Oberhausen' data-id='510' class='evoetet_val evoet_dataval'>SPD-Fraktion Oberhausen<\/em><\/span><\/span><span class='evoet_data' data-d=\"{&quot;loc.n&quot;:&quot;Sitzungssaal der SPD-Fraktion (Eingang Raum 370)&quot;,&quot;orgs&quot;:[],&quot;tags&quot;:[]}\" data-bgc=\"#0f2cad\" data-bggrad=\"\" ><\/span><\/a><\/p><div class=\"event_description evcal_eventcard evo_fraktionsvorstand evo_spd-fraktion-oberhausen \" style=\"display:none\"><div class='evocard_row bx2 bx'><div id='event_time' class='evocard_box time' data-c='' \n\t\t\t\t\tstyle=''><div class='evo_metarow_time evorow evcal_evdata_row evcal_evrow_sm '>\n\t\t<span class='evcal_evdata_icons'><i class='fa fa-clock-o'><\/i><\/span>\n\t\t<div class='evcal_evdata_cell'>\t\t\t\t\t\t\t\n\t\t\t<h3 class='evo_h3'><span class='evcal_evdata_icons'><i class='fa fa-clock-o'><\/i><\/span>Datum:<\/h3><p><span class='evo_eventcard_time_t'>14. September 2026 16:00 Uhr<\/span><\/p>\n\t\t<\/div>\n\t<\/div><\/div><div id='event_location' class='evocard_box location' data-c='' \n\t\t\t\t\tstyle=''><div class='evcal_evdata_row evo_metarow_time_location evorow '>\n\t\t\n\t\t\t<span class='evcal_evdata_icons'><i class='fa fa-map-marker'><\/i><\/span>\n\t\t\t<div class='evcal_evdata_cell' data-loc_tax_id='511'><h3 class='evo_h3 evodfx'><span class='evcal_evdata_icons'><i class='fa fa-map-marker'><\/i><\/span>Ort:<\/h3><p class='evo_location_name'>Sitzungssaal der SPD-Fraktion (Eingang Raum 370)<\/p><p class='evo_location_address'>Rathaus Oberhausen, Schwartzstr. 72, 46045 Oberhausen<\/p><div class='padt10'><span class='evo_btn_arr evolb_trigger' data-lbvals=\"{&quot;lbc&quot;:&quot;evo_location_lb_511&quot;,&quot;lbac&quot;:&quot;lb_max&quot;,&quot;t&quot;:&quot;Sitzungssaal der SPD-Fraktion (Eingang Raum 370)&quot;,&quot;ajax&quot;:&quot;yes&quot;,&quot;ajax_type&quot;:&quot;endpoint&quot;,&quot;ajax_action&quot;:&quot;eventon_get_tax_card_content&quot;,&quot;end&quot;:&quot;client&quot;,&quot;d&quot;:{&quot;lang&quot;:&quot;L1&quot;,&quot;term_id&quot;:511,&quot;tax&quot;:&quot;event_location&quot;,&quot;load_lbcontent&quot;:true}}\" >Andere Ereignisse<i class='fa fa-chevron-right'><\/i><\/span><\/div><\/div>\n\t\t\n\t<\/div><\/div><\/div><div class='evocard_row'><div id='event_addtocal' class='evocard_box addtocal' data-c='' \n\t\t\t\t\tstyle=''><div class='evo_metarow_ICS evorow evcal_evdata_row'>\n\t\t\t\t\t\t\t\t\t<span class='evcal_evdata_icons'><i class='fa fa-calendar-o'><\/i><\/span>\n\t\t\t\t\t\t\t\t\t<div class='evcal_evdata_cell'>\n\t\t\t\t\t\t\t\t\t\t<p><a href='https:\/\/meier-gerdingh.de\/wp-spd-ob\/wp-admin\/admin-ajax.php?action=eventon_ics_download&event_id=13163&ri=0&nonce=be2ac1e3c9' class='evo_ics_nCal' title='Zum Kalender hinzuf\u00fcgen'>Kalender<\/a><a href='\/\/www.google.com\/calendar\/event?action=TEMPLATE&amp;text=Fraktionsvorstand&amp;dates=20260914T160000Z\/20260914T235900Z&amp;ctz=UTC&amp;details=Fraktionsvorstand&amp;location=Sitzungssaal+der+SPD-Fraktion+%28Eingang+Raum+370%29Rathaus+Oberhausen%2C+Schwartzstr.+72%2C+46045+Oberhausen' target='_blank' class='evo_ics_gCal' title='Zum Google-Kalender hinzuf\u00fcgen'>Google-Kalender<\/a><\/p>\t\n\t\t\t\t\t\t\t\t\t<\/div>\n\t\t\t\t\t\t\t\t<\/div><\/div><\/div><div class='evocard_row'><div id='event_gmap' class='evocard_box gmap' data-c='' \n\t\t\t\t\tstyle=''><div class='evo_metarow_gmap evcal_evdata_row evorow evcal_gmaps evc17894016006a9cc4c059a5013163_gmap ' id='evc17894016006a9cc4c059a5013163_gmap' style='max-width:none' data-address=\"Rathaus Oberhausen, Schwartzstr. 72, 46045 Oberhausen\" data-latlng=\"51.473999,6.861205\" data-location_type=\"\" data-scroll=\"yes\" data-mty=\"roadmap\" data-zoom=\"16\" data-mapIcon=\"\" data-delay=\"400\" data-map_canvas_id=\"evc17894016006a9cc4c059a5013163_gmap\" >\n\t\t<span class='evo_map_load_out evoposr evodb evobr15'>\n\t\t<i class='fa fa-map-marker evoposa'><\/i><span class='evo_map_load evoposr evodb'>\t\t\t\t\t\n\t\t\t\t\t<i class='a'><\/i>\n\t\t\t\t\t<i class='b'><\/i>\n\t\t\t\t\t<i class='c'><\/i>\n\t\t\t\t\t<i class='d'><\/i>\n\t\t\t\t\t<i class='e'><\/i>\n\t\t\t\t\t<i class='f'><\/i>\n\t\t\t\t<\/span><\/span><\/div><\/div><\/div><div class='evocard_row'><div id='event_getdirection' class='evocard_box getdirection' data-c='' \n\t\t\t\t\tstyle=''><div class='evo_metarow_getDr evorow evcal_evdata_row evcal_evrow_sm getdirections'>\n\t\t<form action='https:\/\/maps.google.com\/maps' method='get' target='_blank'>\n\t\t\t<input type='hidden' name='daddr' value=\"Rathaus Oberhausen, Schwartzstr. 72, 46045 Oberhausen\"\/> \n\t\t\t<div class='evo_get_direction_content evo_fx_dr_r evogap10'>\n\t\t\t\t<span class='evogetdir_header evodfx evofx_dr_r evofx_ai_c marr10'>\n\t\t\t\t\t<i class='mainicon fa fa-road'><\/i> \n\t\t\t\t\t<h3 class='evo_h3' style='padding-bottom:5px;'>Routenplaner<\/h3>\n\t\t\t\t<\/span>\n\t\t\t\t<span class='evogetdir_field evodfx evofx_1_1 evo_fx_dr_c evow100p'>\t\t\t\t\t\n\t\t\t\t\t<input class='evoInput evotac' type='text' name='saddr' placeholder='Geben Sie Ihre Adresse ein' value='' style='margin:10px 0;'\/>\n\t\t\t\t<\/span>\n\t\t\t\t<button type='submit' class='evo_get_direction_button evo_btn_arr_circ dfx fx_ai_c' title='Hier klicken f\u00fcr Route'><i class='fa fa-chevron-right'><\/i> <\/button>\n\t\t\t<\/div>\n\t\t<\/form>\n\t<\/div><\/div><\/div><div class='evocard_row'><div id='event_evosocial' class='evocard_box evosocial' data-c='' \n\t\t\t\t\tstyle=''><div class='evo_metarow_socialmedia evcal_evdata_row '><div class='evo_sm FacebookShare'><a class=\" evo_ss\" target=\"_blank\" onclick=\"javascript:window.open(this.href, '', 'left=50,top=50,width=600,height=350,toolbar=0');return false;\"\r\n\t\t\t\t\t\thref=\"\/\/www.facebook.com\/sharer.php?u=https%3A%2F%2Fmeier-gerdingh.de%2Fwp-spd-ob%2Ftermine%2Ffraktionsvorstand-4%2F\" title=\"Auf Facebook teilen\"><i class=\"fa fab fa-facebook\"><\/i><\/a><\/div><div class='evo_sm Twitter'><a class=\"tw evo_ss\" onclick=\"javascript:window.open(this.href, '', 'menubar=no,toolbar=no,resizable=yes,scrollbars=yes,height=300,width=600');return false;\" href=\"\/\/twitter.com\/intent\/tweet?text=Fraktionsvorstand&#32;-&#32;&url=https%3A%2F%2Fmeier-gerdingh.de%2Fwp-spd-ob%2Ftermine%2Ffraktionsvorstand-4%2F\" title=\"Auf X teilen\" rel=\"nofollow\" target=\"_blank\" data-url=\"https%3A%2F%2Fmeier-gerdingh.de%2Fwp-spd-ob%2Ftermine%2Ffraktionsvorstand-4%2F\"><i class=\"fa fab fa-x-twitter\"><\/i><\/a><\/div><div class='evo_sm LinkedIn'><a class=\"li evo_ss\" href=\"\/\/www.linkedin.com\/shareArticle?mini=true&url=https%3A%2F%2Fmeier-gerdingh.de%2Fwp-spd-ob%2Ftermine%2Ffraktionsvorstand-4%2F&title=Fraktionsvorstand&summary=--\" target=\"_blank\" title=\"Auf Linkedin teilen\"><i class=\"fa fab fa-linkedin\"><\/i><\/a><\/div><div class='evo_sm Whatsapp'><a class=\"wa evo_ss\" href=\"https:\/\/api.whatsapp.com\/send?text=https%3A%2F%2Fmeier-gerdingh.de%2Fwp-spd-ob%2Ftermine%2Ffraktionsvorstand-4%2F\"\r\n\t\t\t\t        data-action=\"share\/whatsapp\/share\" target=\"_blank\" title=\"Auf WhatsApp teilen\"><i class=\"fa fab fa-whatsapp\"><\/i><\/a><\/div><div class='evo_sm EmailShare'><a class=\"em evo_ss\" href=\"mailto:?subject=Fraktionsvorstand&body=Event Name: Fraktionsvorstand%0AEvent Date: 14. September 2026 16:00%0ALink: https%3A%2F%2Fmeier-gerdingh.de%2Fwp-spd-ob%2Ftermine%2Ffraktionsvorstand-4%2F%0A\" target=\"_blank\"><i class=\"fa fa-envelope\"><\/i><\/a><\/div><\/div><\/div><\/div><div class='evo_card_row_end evcal_close' title='Schlie\u00dfen'><\/div><\/div><div class='clear end'><\/div><\/div><div id=\"event_13170_0\" class=\"eventon_list_event evo_eventtop scheduled  event clrD no_et event_13170_0\" data-event_id=\"13170\" data-ri=\"0r\" data-time=\"1789407000-1789430340\" data-colr=\"#0f2cad\" itemscope itemtype='http:\/\/schema.org\/Event'><div class=\"evo_event_schema\" style=\"display:none\" ><a itemprop='url'  href='https:\/\/meier-gerdingh.de\/wp-spd-ob\/termine\/fraktion-17\/'><\/a><meta itemprop='image'  \/><meta itemprop='startDate' content=\"2026-9-14T17:30+2:00\" \/><meta itemprop='endDate' content=\"2026-9-14T23:59+2:00\" \/><meta itemprop='eventStatus' content=\"https:\/\/schema.org\/EventScheduled\" \/><item style=\"display:none\" itemprop=\"location\" itemscope itemtype=\"http:\/\/schema.org\/Place\"><span itemprop=\"name\">Sitzungssaal der SPD-Fraktion (Eingang Raum 370)<\/span><span itemprop=\"address\" itemscope itemtype=\"http:\/\/schema.org\/PostalAddress\"><item itemprop=\"streetAddress\">Rathaus Oberhausen, Schwartzstr. 72, 46045 Oberhausen<\/item><\/span><\/item><item style=\"display:none\" itemprop=\"eventAttendanceMode\" itemscope itemtype=\"https:\/\/schema.org\/OfflineEventAttendanceMode\"><\/item><script type=\"application\/ld+json\">{\"@context\": \"http:\/\/schema.org\",\"@type\": \"Event\",\n\t\t\t\t\"@id\": \"event_13170_0\",\n\t\t\t\t\"eventAttendanceMode\":\"https:\/\/schema.org\/OfflineEventAttendanceMode\",\n\t\t\t\t\"eventStatus\":\"https:\/\/schema.org\/EventScheduled\",\n\t\t\t\t\"name\": \"Fraktion\",\n\t\t\t\t\"url\": \"https:\/\/meier-gerdingh.de\/wp-spd-ob\/termine\/fraktion-17\/\",\n\t\t\t\t\"startDate\": \"2026-9-14T17:30+2:00\",\n\t\t\t\t\"endDate\": \"2026-9-14T23:59+2:00\",\n\t\t\t\t\"image\":\"\", \n\t\t\t\t\"description\":\"'Fraktion'\",\"location\":[{\"@type\":\"Place\",\"name\":\"Sitzungssaal der SPD-Fraktion (Eingang Raum 370)\",\"address\":{\"@type\": \"PostalAddress\",\"streetAddress\":\"Rathaus Oberhausen, Schwartzstr. 72, 46045 Oberhausen\"}}]}<\/script><\/div>\r\n\t\t\t\t<p class=\"desc_trig_outter\" style=\"\"><a data-gmtrig=\"1\" data-exlk=\"0\" style=\"background-color: #0f2cad;\" id=\"evc_178940700013170\" class=\"desc_trig evo_fraktion evo_spd-fraktion-oberhausen sin_val evcal_list_a\" data-ux_val=\"1\" data-ux_val_mob=\"-\"  ><span class='evoet_c2 evoet_cx '><span class='evoet_dayblock evcal_cblock ' data-bgcolor='#0f2cad' data-smon='September' data-syr='2026' data-bub=''><span class='evo_start '><em class='day'>Mo<\/em><em class='date'>14<\/em><em class='month'>Sep<\/em><em class='time'>17:30<\/em><\/span><\/span><\/span><span class='evoet_c3 evoet_cx evcal_desc'><span class='evoet_title evcal_desc2 evcal_event_title' itemprop='name'>Fraktion<\/span><span class='event_location_attrs'  data-location_address=\"Rathaus Oberhausen, Schwartzstr. 72, 46045 Oberhausen\" data-location_type=\"lonlat\" data-location_name=\"Sitzungssaal der SPD-Fraktion (Eingang Raum 370)\" data-location_url=\"https:\/\/meier-gerdingh.de\/wp-spd-ob\/event-location\/sitzungssaal-der-spd-fraktion-eingang-raum-370\/\" data-location_status=\"true\" data-latlng=\"51.473999,6.861205\"><\/span><span class='evoet_subtitle evo_below_title'><\/span><span class='evoet_time_expand level_3'><em class='evcal_time evo_tz_time'><i class='fa fa-clock-o'><\/i>17:30 Uhr<\/em> <\/span><span class='evoet_location level_3'><em class=\"evcal_location\"  data-latlng=\"51.473999,6.861205\" data-add_str=\"\" data-n=\"Sitzungssaal der SPD-Fraktion (Eingang Raum 370)\"><i class=\"fa fa-location-pin\"><\/i><em class=\"event_location_name\">Sitzungssaal der SPD-Fraktion (Eingang Raum 370)<\/em><\/em><\/span><span class='evoet_eventtypes level_4 evcal_event_types ett2'><em><i>Veranstalter: <\/i><\/em><em data-filter='event_type' data-v='Fraktion' data-id='919' class='evoetet_val evoet_dataval'>Fraktion,<\/em><em data-filter='event_type' data-v='SPD-Fraktion Oberhausen' data-id='510' class='evoetet_val evoet_dataval'>SPD-Fraktion Oberhausen<\/em><\/span><\/span><span class='evoet_data' data-d=\"{&quot;loc.n&quot;:&quot;Sitzungssaal der SPD-Fraktion (Eingang Raum 370)&quot;,&quot;orgs&quot;:[],&quot;tags&quot;:[]}\" data-bgc=\"#0f2cad\" data-bggrad=\"\" ><\/span><\/a><\/p><div class=\"event_description evcal_eventcard evo_fraktion evo_spd-fraktion-oberhausen \" style=\"display:none\"><div class='evocard_row bx2 bx'><div id='event_time' class='evocard_box time' data-c='' \n\t\t\t\t\tstyle=''><div class='evo_metarow_time evorow evcal_evdata_row evcal_evrow_sm '>\n\t\t<span class='evcal_evdata_icons'><i class='fa fa-clock-o'><\/i><\/span>\n\t\t<div class='evcal_evdata_cell'>\t\t\t\t\t\t\t\n\t\t\t<h3 class='evo_h3'><span class='evcal_evdata_icons'><i class='fa fa-clock-o'><\/i><\/span>Datum:<\/h3><p><span class='evo_eventcard_time_t'>14. September 2026 17:30 Uhr<\/span><\/p>\n\t\t<\/div>\n\t<\/div><\/div><div id='event_location' class='evocard_box location' data-c='' \n\t\t\t\t\tstyle=''><div class='evcal_evdata_row evo_metarow_time_location evorow '>\n\t\t\n\t\t\t<span class='evcal_evdata_icons'><i class='fa fa-map-marker'><\/i><\/span>\n\t\t\t<div class='evcal_evdata_cell' data-loc_tax_id='511'><h3 class='evo_h3 evodfx'><span class='evcal_evdata_icons'><i class='fa fa-map-marker'><\/i><\/span>Ort:<\/h3><p class='evo_location_name'>Sitzungssaal der SPD-Fraktion (Eingang Raum 370)<\/p><p class='evo_location_address'>Rathaus Oberhausen, Schwartzstr. 72, 46045 Oberhausen<\/p><div class='padt10'><span class='evo_btn_arr evolb_trigger' data-lbvals=\"{&quot;lbc&quot;:&quot;evo_location_lb_511&quot;,&quot;lbac&quot;:&quot;lb_max&quot;,&quot;t&quot;:&quot;Sitzungssaal der SPD-Fraktion (Eingang Raum 370)&quot;,&quot;ajax&quot;:&quot;yes&quot;,&quot;ajax_type&quot;:&quot;endpoint&quot;,&quot;ajax_action&quot;:&quot;eventon_get_tax_card_content&quot;,&quot;end&quot;:&quot;client&quot;,&quot;d&quot;:{&quot;lang&quot;:&quot;L1&quot;,&quot;term_id&quot;:511,&quot;tax&quot;:&quot;event_location&quot;,&quot;load_lbcontent&quot;:true}}\" >Andere Ereignisse<i class='fa fa-chevron-right'><\/i><\/span><\/div><\/div>\n\t\t\n\t<\/div><\/div><\/div><div class='evocard_row'><div id='event_addtocal' class='evocard_box addtocal' data-c='' \n\t\t\t\t\tstyle=''><div class='evo_metarow_ICS evorow evcal_evdata_row'>\n\t\t\t\t\t\t\t\t\t<span class='evcal_evdata_icons'><i class='fa fa-calendar-o'><\/i><\/span>\n\t\t\t\t\t\t\t\t\t<div class='evcal_evdata_cell'>\n\t\t\t\t\t\t\t\t\t\t<p><a href='https:\/\/meier-gerdingh.de\/wp-spd-ob\/wp-admin\/admin-ajax.php?action=eventon_ics_download&event_id=13170&ri=0&nonce=be2ac1e3c9' class='evo_ics_nCal' title='Zum Kalender hinzuf\u00fcgen'>Kalender<\/a><a href='\/\/www.google.com\/calendar\/event?action=TEMPLATE&amp;text=Fraktion&amp;dates=20260914T173000Z\/20260914T235900Z&amp;ctz=UTC&amp;details=Fraktion&amp;location=Sitzungssaal+der+SPD-Fraktion+%28Eingang+Raum+370%29Rathaus+Oberhausen%2C+Schwartzstr.+72%2C+46045+Oberhausen' target='_blank' class='evo_ics_gCal' title='Zum Google-Kalender hinzuf\u00fcgen'>Google-Kalender<\/a><\/p>\t\n\t\t\t\t\t\t\t\t\t<\/div>\n\t\t\t\t\t\t\t\t<\/div><\/div><\/div><div class='evocard_row'><div id='event_gmap' class='evocard_box gmap' data-c='' \n\t\t\t\t\tstyle=''><div class='evo_metarow_gmap evcal_evdata_row evorow evcal_gmaps evc17894070006a9cc4c05c20e13170_gmap ' id='evc17894070006a9cc4c05c20e13170_gmap' style='max-width:none' data-address=\"Rathaus Oberhausen, Schwartzstr. 72, 46045 Oberhausen\" data-latlng=\"51.473999,6.861205\" data-location_type=\"\" data-scroll=\"yes\" data-mty=\"roadmap\" data-zoom=\"16\" data-mapIcon=\"\" data-delay=\"400\" data-map_canvas_id=\"evc17894070006a9cc4c05c20e13170_gmap\" >\n\t\t<span class='evo_map_load_out evoposr evodb evobr15'>\n\t\t<i class='fa fa-map-marker evoposa'><\/i><span class='evo_map_load evoposr evodb'>\t\t\t\t\t\n\t\t\t\t\t<i class='a'><\/i>\n\t\t\t\t\t<i class='b'><\/i>\n\t\t\t\t\t<i class='c'><\/i>\n\t\t\t\t\t<i class='d'><\/i>\n\t\t\t\t\t<i class='e'><\/i>\n\t\t\t\t\t<i class='f'><\/i>\n\t\t\t\t<\/span><\/span><\/div><\/div><\/div><div class='evocard_row'><div id='event_getdirection' class='evocard_box getdirection' data-c='' \n\t\t\t\t\tstyle=''><div class='evo_metarow_getDr evorow evcal_evdata_row evcal_evrow_sm getdirections'>\n\t\t<form action='https:\/\/maps.google.com\/maps' method='get' target='_blank'>\n\t\t\t<input type='hidden' name='daddr' value=\"Rathaus Oberhausen, Schwartzstr. 72, 46045 Oberhausen\"\/> \n\t\t\t<div class='evo_get_direction_content evo_fx_dr_r evogap10'>\n\t\t\t\t<span class='evogetdir_header evodfx evofx_dr_r evofx_ai_c marr10'>\n\t\t\t\t\t<i class='mainicon fa fa-road'><\/i> \n\t\t\t\t\t<h3 class='evo_h3' style='padding-bottom:5px;'>Routenplaner<\/h3>\n\t\t\t\t<\/span>\n\t\t\t\t<span class='evogetdir_field evodfx evofx_1_1 evo_fx_dr_c evow100p'>\t\t\t\t\t\n\t\t\t\t\t<input class='evoInput evotac' type='text' name='saddr' placeholder='Geben Sie Ihre Adresse ein' value='' style='margin:10px 0;'\/>\n\t\t\t\t<\/span>\n\t\t\t\t<button type='submit' class='evo_get_direction_button evo_btn_arr_circ dfx fx_ai_c' title='Hier klicken f\u00fcr Route'><i class='fa fa-chevron-right'><\/i> <\/button>\n\t\t\t<\/div>\n\t\t<\/form>\n\t<\/div><\/div><\/div><div class='evocard_row'><div id='event_evosocial' class='evocard_box evosocial' data-c='' \n\t\t\t\t\tstyle=''><div class='evo_metarow_socialmedia evcal_evdata_row '><div class='evo_sm FacebookShare'><a class=\" evo_ss\" target=\"_blank\" onclick=\"javascript:window.open(this.href, '', 'left=50,top=50,width=600,height=350,toolbar=0');return false;\"\r\n\t\t\t\t\t\thref=\"\/\/www.facebook.com\/sharer.php?u=https%3A%2F%2Fmeier-gerdingh.de%2Fwp-spd-ob%2Ftermine%2Ffraktion-17%2F\" title=\"Auf Facebook teilen\"><i class=\"fa fab fa-facebook\"><\/i><\/a><\/div><div class='evo_sm Twitter'><a class=\"tw evo_ss\" onclick=\"javascript:window.open(this.href, '', 'menubar=no,toolbar=no,resizable=yes,scrollbars=yes,height=300,width=600');return false;\" href=\"\/\/twitter.com\/intent\/tweet?text=Fraktion&#32;-&#32;&url=https%3A%2F%2Fmeier-gerdingh.de%2Fwp-spd-ob%2Ftermine%2Ffraktion-17%2F\" title=\"Auf X teilen\" rel=\"nofollow\" target=\"_blank\" data-url=\"https%3A%2F%2Fmeier-gerdingh.de%2Fwp-spd-ob%2Ftermine%2Ffraktion-17%2F\"><i class=\"fa fab fa-x-twitter\"><\/i><\/a><\/div><div class='evo_sm LinkedIn'><a class=\"li evo_ss\" href=\"\/\/www.linkedin.com\/shareArticle?mini=true&url=https%3A%2F%2Fmeier-gerdingh.de%2Fwp-spd-ob%2Ftermine%2Ffraktion-17%2F&title=Fraktion&summary=--\" target=\"_blank\" title=\"Auf Linkedin teilen\"><i class=\"fa fab fa-linkedin\"><\/i><\/a><\/div><div class='evo_sm Whatsapp'><a class=\"wa evo_ss\" href=\"https:\/\/api.whatsapp.com\/send?text=https%3A%2F%2Fmeier-gerdingh.de%2Fwp-spd-ob%2Ftermine%2Ffraktion-17%2F\"\r\n\t\t\t\t        data-action=\"share\/whatsapp\/share\" target=\"_blank\" title=\"Auf WhatsApp teilen\"><i class=\"fa fab fa-whatsapp\"><\/i><\/a><\/div><div class='evo_sm EmailShare'><a class=\"em evo_ss\" href=\"mailto:?subject=Fraktion&body=Event Name: Fraktion%0AEvent Date: 14. September 2026 17:30%0ALink: https%3A%2F%2Fmeier-gerdingh.de%2Fwp-spd-ob%2Ftermine%2Ffraktion-17%2F%0A\" target=\"_blank\"><i class=\"fa fa-envelope\"><\/i><\/a><\/div><\/div><\/div><\/div><div class='evo_card_row_end evcal_close' title='Schlie\u00dfen'><\/div><\/div><div class='clear end'><\/div><\/div><div id=\"event_13284_0\" class=\"eventon_list_event evo_eventtop scheduled  event clrD no_et event_13284_0\" data-event_id=\"13284\" data-ri=\"0r\" data-time=\"1789552800-1789603140\" data-colr=\"#298a20\" itemscope itemtype='http:\/\/schema.org\/Event'><div class=\"evo_event_schema\" style=\"display:none\" ><a itemprop='url'  href='https:\/\/meier-gerdingh.de\/wp-spd-ob\/termine\/landtag-nrw-plenartag-16\/'><\/a><meta itemprop='image'  \/><meta itemprop='startDate' content=\"2026-9-16T10:00+2:00\" \/><meta itemprop='endDate' content=\"2026-9-16T23:59+2:00\" \/><meta itemprop='eventStatus' content=\"https:\/\/schema.org\/EventScheduled\" \/><item style=\"display:none\" itemprop=\"location\" itemscope itemtype=\"http:\/\/schema.org\/Place\"><span itemprop=\"name\">Landtag von Nordrhein-Westfalen<\/span><span itemprop=\"address\" itemscope itemtype=\"http:\/\/schema.org\/PostalAddress\"><item itemprop=\"streetAddress\">Platz des Landtags 1, 40221 D\u00fcsseldorf<\/item><\/span><\/item><item style=\"display:none\" itemprop=\"eventAttendanceMode\" itemscope itemtype=\"https:\/\/schema.org\/OfflineEventAttendanceMode\"><\/item><script type=\"application\/ld+json\">{\"@context\": \"http:\/\/schema.org\",\"@type\": \"Event\",\n\t\t\t\t\"@id\": \"event_13284_0\",\n\t\t\t\t\"eventAttendanceMode\":\"https:\/\/schema.org\/OfflineEventAttendanceMode\",\n\t\t\t\t\"eventStatus\":\"https:\/\/schema.org\/EventScheduled\",\n\t\t\t\t\"name\": \"Landtag NRW: Plenartag\",\n\t\t\t\t\"url\": \"https:\/\/meier-gerdingh.de\/wp-spd-ob\/termine\/landtag-nrw-plenartag-16\/\",\n\t\t\t\t\"startDate\": \"2026-9-16T10:00+2:00\",\n\t\t\t\t\"endDate\": \"2026-9-16T23:59+2:00\",\n\t\t\t\t\"image\":\"\", \n\t\t\t\t\"description\":\"'Landtag NRW: Plenartag'\",\"location\":[{\"@type\":\"Place\",\"name\":\"Landtag von Nordrhein-Westfalen\",\"address\":{\"@type\": \"PostalAddress\",\"streetAddress\":\"Platz des Landtags 1, 40221 D\u00fcsseldorf\"}}]}<\/script><\/div>\r\n\t\t\t\t<p class=\"desc_trig_outter\" style=\"\"><a data-gmtrig=\"1\" data-exlk=\"0\" style=\"background-color: #298a20;\" id=\"evc_178955280013284\" class=\"desc_trig evo_landtag-nrw sin_val evcal_list_a\" data-ux_val=\"1\" data-ux_val_mob=\"-\"  ><span class='evoet_c2 evoet_cx '><span class='evoet_dayblock evcal_cblock ' data-bgcolor='#298a20' data-smon='September' data-syr='2026' data-bub=''><span class='evo_start '><em class='day'>Mi<\/em><em class='date'>16<\/em><em class='month'>Sep<\/em><em class='time'>10:00<\/em><\/span><\/span><\/span><span class='evoet_c3 evoet_cx evcal_desc'><span class='evoet_title evcal_desc2 evcal_event_title' itemprop='name'>Landtag NRW: Plenartag<\/span><span class='event_location_attrs'  data-location_address=\"Platz des Landtags 1, 40221 D\u00fcsseldorf\" data-location_type=\"lonlat\" data-location_name=\"Landtag von Nordrhein-Westfalen\" data-location_url=\"https:\/\/meier-gerdingh.de\/wp-spd-ob\/event-location\/landtag-von-nordrhein-westfalen\/\" data-location_status=\"true\" data-latlng=\"51.218824,6.763339\"><\/span><span class='evoet_subtitle evo_below_title'><\/span><span class='evoet_time_expand level_3'><em class='evcal_time evo_tz_time'><i class='fa fa-clock-o'><\/i>10:00 Uhr<\/em> <\/span><span class='evoet_location level_3'><em class=\"evcal_location\"  data-latlng=\"51.218824,6.763339\" data-add_str=\"\" data-n=\"Landtag von Nordrhein-Westfalen\"><i class=\"fa fa-location-pin\"><\/i><em class=\"event_location_name\">Landtag von Nordrhein-Westfalen<\/em><\/em><\/span><span class='evoet_eventtypes level_4 evcal_event_types ett1'><em><i>Veranstalter: <\/i><\/em><em data-filter='event_type' data-v='Landtag NRW' data-id='932' class='evoetet_val evoet_dataval'>Landtag NRW<\/em><\/span><\/span><span class='evoet_data' data-d=\"{&quot;loc.n&quot;:&quot;Landtag von Nordrhein-Westfalen&quot;,&quot;orgs&quot;:[],&quot;tags&quot;:[]}\" data-bgc=\"#298a20\" data-bggrad=\"\" ><\/span><\/a><\/p><div class=\"event_description evcal_eventcard evo_landtag-nrw \" style=\"display:none\"><div class='evocard_row bx2 bx'><div id='event_time' class='evocard_box time' data-c='' \n\t\t\t\t\tstyle=''><div class='evo_metarow_time evorow evcal_evdata_row evcal_evrow_sm '>\n\t\t<span class='evcal_evdata_icons'><i class='fa fa-clock-o'><\/i><\/span>\n\t\t<div class='evcal_evdata_cell'>\t\t\t\t\t\t\t\n\t\t\t<h3 class='evo_h3'><span class='evcal_evdata_icons'><i class='fa fa-clock-o'><\/i><\/span>Datum:<\/h3><p><span class='evo_eventcard_time_t'>16. September 2026 10:00 Uhr<\/span><\/p>\n\t\t<\/div>\n\t<\/div><\/div><div id='event_location' class='evocard_box location' data-c='' \n\t\t\t\t\tstyle=''><div class='evcal_evdata_row evo_metarow_time_location evorow '>\n\t\t\n\t\t\t<span class='evcal_evdata_icons'><i class='fa fa-map-marker'><\/i><\/span>\n\t\t\t<div class='evcal_evdata_cell' data-loc_tax_id='931'><h3 class='evo_h3 evodfx'><span class='evcal_evdata_icons'><i class='fa fa-map-marker'><\/i><\/span>Ort:<\/h3><p class='evo_location_name'>Landtag von Nordrhein-Westfalen<\/p><p class='evo_location_address'>Platz des Landtags 1, 40221 D\u00fcsseldorf<\/p><div class='padt10'><span class='evo_btn_arr evolb_trigger' data-lbvals=\"{&quot;lbc&quot;:&quot;evo_location_lb_931&quot;,&quot;lbac&quot;:&quot;lb_max&quot;,&quot;t&quot;:&quot;Landtag von Nordrhein-Westfalen&quot;,&quot;ajax&quot;:&quot;yes&quot;,&quot;ajax_type&quot;:&quot;endpoint&quot;,&quot;ajax_action&quot;:&quot;eventon_get_tax_card_content&quot;,&quot;end&quot;:&quot;client&quot;,&quot;d&quot;:{&quot;lang&quot;:&quot;L1&quot;,&quot;term_id&quot;:931,&quot;tax&quot;:&quot;event_location&quot;,&quot;load_lbcontent&quot;:true}}\" >Andere Ereignisse<i class='fa fa-chevron-right'><\/i><\/span><\/div><\/div>\n\t\t\n\t<\/div><\/div><\/div><div class='evocard_row'><div id='event_addtocal' class='evocard_box addtocal' data-c='' \n\t\t\t\t\tstyle=''><div class='evo_metarow_ICS evorow evcal_evdata_row'>\n\t\t\t\t\t\t\t\t\t<span class='evcal_evdata_icons'><i class='fa fa-calendar-o'><\/i><\/span>\n\t\t\t\t\t\t\t\t\t<div class='evcal_evdata_cell'>\n\t\t\t\t\t\t\t\t\t\t<p><a href='https:\/\/meier-gerdingh.de\/wp-spd-ob\/wp-admin\/admin-ajax.php?action=eventon_ics_download&event_id=13284&ri=0&nonce=be2ac1e3c9' class='evo_ics_nCal' title='Zum Kalender hinzuf\u00fcgen'>Kalender<\/a><a href='\/\/www.google.com\/calendar\/event?action=TEMPLATE&amp;text=Landtag+NRW%3A+Plenartag&amp;dates=20260916T100000Z\/20260916T235900Z&amp;ctz=UTC&amp;details=Landtag+NRW%3A+Plenartag&amp;location=Landtag+von+Nordrhein-WestfalenPlatz+des+Landtags+1%2C+40221+D%C3%BCsseldorf' target='_blank' class='evo_ics_gCal' title='Zum Google-Kalender hinzuf\u00fcgen'>Google-Kalender<\/a><\/p>\t\n\t\t\t\t\t\t\t\t\t<\/div>\n\t\t\t\t\t\t\t\t<\/div><\/div><\/div><div class='evocard_row'><div id='event_gmap' class='evocard_box gmap' data-c='' \n\t\t\t\t\tstyle=''><div class='evo_metarow_gmap evcal_evdata_row evorow evcal_gmaps evc17895528006a9cc4c05e8e913284_gmap place' id='evc17895528006a9cc4c05e8e913284_gmap' style='max-width:none' data-address=\"Platz des Landtags 1, 40221 D\u00fcsseldorf\" data-latlng=\"51.218824,6.763339\" data-location_type=\"place\" data-scroll=\"yes\" data-mty=\"roadmap\" data-zoom=\"16\" data-mapIcon=\"\" data-delay=\"400\" data-map_canvas_id=\"evc17895528006a9cc4c05e8e913284_gmap\" >\n\t\t<span class='evo_map_load_out evoposr evodb evobr15'>\n\t\t<i class='fa fa-map-marker evoposa'><\/i><span class='evo_map_load evoposr evodb'>\t\t\t\t\t\n\t\t\t\t\t<i class='a'><\/i>\n\t\t\t\t\t<i class='b'><\/i>\n\t\t\t\t\t<i class='c'><\/i>\n\t\t\t\t\t<i class='d'><\/i>\n\t\t\t\t\t<i class='e'><\/i>\n\t\t\t\t\t<i class='f'><\/i>\n\t\t\t\t<\/span><\/span><\/div><\/div><\/div><div class='evocard_row'><div id='event_getdirection' class='evocard_box getdirection' data-c='' \n\t\t\t\t\tstyle=''><div class='evo_metarow_getDr evorow evcal_evdata_row evcal_evrow_sm getdirections'>\n\t\t<form action='https:\/\/maps.google.com\/maps' method='get' target='_blank'>\n\t\t\t<input type='hidden' name='daddr' value=\"Platz des Landtags 1, 40221 D\u00fcsseldorf\"\/> \n\t\t\t<div class='evo_get_direction_content evo_fx_dr_r evogap10'>\n\t\t\t\t<span class='evogetdir_header evodfx evofx_dr_r evofx_ai_c marr10'>\n\t\t\t\t\t<i class='mainicon fa fa-road'><\/i> \n\t\t\t\t\t<h3 class='evo_h3' style='padding-bottom:5px;'>Routenplaner<\/h3>\n\t\t\t\t<\/span>\n\t\t\t\t<span class='evogetdir_field evodfx evofx_1_1 evo_fx_dr_c evow100p'>\t\t\t\t\t\n\t\t\t\t\t<input class='evoInput evotac' type='text' name='saddr' placeholder='Geben Sie Ihre Adresse ein' value='' style='margin:10px 0;'\/>\n\t\t\t\t<\/span>\n\t\t\t\t<button type='submit' class='evo_get_direction_button evo_btn_arr_circ dfx fx_ai_c' title='Hier klicken f\u00fcr Route'><i class='fa fa-chevron-right'><\/i> <\/button>\n\t\t\t<\/div>\n\t\t<\/form>\n\t<\/div><\/div><\/div><div class='evocard_row'><div id='event_evosocial' class='evocard_box evosocial' data-c='' \n\t\t\t\t\tstyle=''><div class='evo_metarow_socialmedia evcal_evdata_row '><div class='evo_sm FacebookShare'><a class=\" evo_ss\" target=\"_blank\" onclick=\"javascript:window.open(this.href, '', 'left=50,top=50,width=600,height=350,toolbar=0');return false;\"\r\n\t\t\t\t\t\thref=\"\/\/www.facebook.com\/sharer.php?u=https%3A%2F%2Fmeier-gerdingh.de%2Fwp-spd-ob%2Ftermine%2Flandtag-nrw-plenartag-16%2F\" title=\"Auf Facebook teilen\"><i class=\"fa fab fa-facebook\"><\/i><\/a><\/div><div class='evo_sm Twitter'><a class=\"tw evo_ss\" onclick=\"javascript:window.open(this.href, '', 'menubar=no,toolbar=no,resizable=yes,scrollbars=yes,height=300,width=600');return false;\" href=\"\/\/twitter.com\/intent\/tweet?text=Landtag NRW: Plenartag&#32;-&#32;&url=https%3A%2F%2Fmeier-gerdingh.de%2Fwp-spd-ob%2Ftermine%2Flandtag-nrw-plenartag-16%2F\" title=\"Auf X teilen\" rel=\"nofollow\" target=\"_blank\" data-url=\"https%3A%2F%2Fmeier-gerdingh.de%2Fwp-spd-ob%2Ftermine%2Flandtag-nrw-plenartag-16%2F\"><i class=\"fa fab fa-x-twitter\"><\/i><\/a><\/div><div class='evo_sm LinkedIn'><a class=\"li evo_ss\" href=\"\/\/www.linkedin.com\/shareArticle?mini=true&url=https%3A%2F%2Fmeier-gerdingh.de%2Fwp-spd-ob%2Ftermine%2Flandtag-nrw-plenartag-16%2F&title=Landtag%20NRW%3A%20Plenartag&summary=--\" target=\"_blank\" title=\"Auf Linkedin teilen\"><i class=\"fa fab fa-linkedin\"><\/i><\/a><\/div><div class='evo_sm Whatsapp'><a class=\"wa evo_ss\" href=\"https:\/\/api.whatsapp.com\/send?text=https%3A%2F%2Fmeier-gerdingh.de%2Fwp-spd-ob%2Ftermine%2Flandtag-nrw-plenartag-16%2F\"\r\n\t\t\t\t        data-action=\"share\/whatsapp\/share\" target=\"_blank\" title=\"Auf WhatsApp teilen\"><i class=\"fa fab fa-whatsapp\"><\/i><\/a><\/div><div class='evo_sm EmailShare'><a class=\"em evo_ss\" href=\"mailto:?subject=Landtag%20NRW%3A%20Plenartag&body=Event Name: Landtag%20NRW%3A%20Plenartag%0AEvent Date: 16. September 2026 10:00%0ALink: https%3A%2F%2Fmeier-gerdingh.de%2Fwp-spd-ob%2Ftermine%2Flandtag-nrw-plenartag-16%2F%0A\" target=\"_blank\"><i class=\"fa fa-envelope\"><\/i><\/a><\/div><\/div><\/div><\/div><div class='evo_card_row_end evcal_close' title='Schlie\u00dfen'><\/div><\/div><div class='clear end'><\/div><\/div><div id=\"event_13285_0\" class=\"eventon_list_event evo_eventtop scheduled  event clrD no_et event_13285_0\" data-event_id=\"13285\" data-ri=\"0r\" data-time=\"1789639200-1789689540\" data-colr=\"#298a20\" itemscope itemtype='http:\/\/schema.org\/Event'><div class=\"evo_event_schema\" style=\"display:none\" ><a itemprop='url'  href='https:\/\/meier-gerdingh.de\/wp-spd-ob\/termine\/landtag-nrw-plenartag-17\/'><\/a><meta itemprop='image'  \/><meta itemprop='startDate' content=\"2026-9-17T10:00+2:00\" \/><meta itemprop='endDate' content=\"2026-9-17T23:59+2:00\" \/><meta itemprop='eventStatus' content=\"https:\/\/schema.org\/EventScheduled\" \/><item style=\"display:none\" itemprop=\"location\" itemscope itemtype=\"http:\/\/schema.org\/Place\"><span itemprop=\"name\">Landtag von Nordrhein-Westfalen<\/span><span itemprop=\"address\" itemscope itemtype=\"http:\/\/schema.org\/PostalAddress\"><item itemprop=\"streetAddress\">Platz des Landtags 1, 40221 D\u00fcsseldorf<\/item><\/span><\/item><item style=\"display:none\" itemprop=\"eventAttendanceMode\" itemscope itemtype=\"https:\/\/schema.org\/OfflineEventAttendanceMode\"><\/item><script type=\"application\/ld+json\">{\"@context\": \"http:\/\/schema.org\",\"@type\": \"Event\",\n\t\t\t\t\"@id\": \"event_13285_0\",\n\t\t\t\t\"eventAttendanceMode\":\"https:\/\/schema.org\/OfflineEventAttendanceMode\",\n\t\t\t\t\"eventStatus\":\"https:\/\/schema.org\/EventScheduled\",\n\t\t\t\t\"name\": \"Landtag NRW: Plenartag\",\n\t\t\t\t\"url\": \"https:\/\/meier-gerdingh.de\/wp-spd-ob\/termine\/landtag-nrw-plenartag-17\/\",\n\t\t\t\t\"startDate\": \"2026-9-17T10:00+2:00\",\n\t\t\t\t\"endDate\": \"2026-9-17T23:59+2:00\",\n\t\t\t\t\"image\":\"\", \n\t\t\t\t\"description\":\"'Landtag NRW: Plenartag'\",\"location\":[{\"@type\":\"Place\",\"name\":\"Landtag von Nordrhein-Westfalen\",\"address\":{\"@type\": \"PostalAddress\",\"streetAddress\":\"Platz des Landtags 1, 40221 D\u00fcsseldorf\"}}]}<\/script><\/div>\r\n\t\t\t\t<p class=\"desc_trig_outter\" style=\"\"><a data-gmtrig=\"1\" data-exlk=\"0\" style=\"background-color: #298a20;\" id=\"evc_178963920013285\" class=\"desc_trig evo_landtag-nrw sin_val evcal_list_a\" data-ux_val=\"1\" data-ux_val_mob=\"-\"  ><span class='evoet_c2 evoet_cx '><span class='evoet_dayblock evcal_cblock ' data-bgcolor='#298a20' data-smon='September' data-syr='2026' data-bub=''><span class='evo_start '><em class='day'>Do<\/em><em class='date'>17<\/em><em class='month'>Sep<\/em><em class='time'>10:00<\/em><\/span><\/span><\/span><span class='evoet_c3 evoet_cx evcal_desc'><span class='evoet_title evcal_desc2 evcal_event_title' itemprop='name'>Landtag NRW: Plenartag<\/span><span class='event_location_attrs'  data-location_address=\"Platz des Landtags 1, 40221 D\u00fcsseldorf\" data-location_type=\"lonlat\" data-location_name=\"Landtag von Nordrhein-Westfalen\" data-location_url=\"https:\/\/meier-gerdingh.de\/wp-spd-ob\/event-location\/landtag-von-nordrhein-westfalen\/\" data-location_status=\"true\" data-latlng=\"51.218824,6.763339\"><\/span><span class='evoet_subtitle evo_below_title'><\/span><span class='evoet_time_expand level_3'><em class='evcal_time evo_tz_time'><i class='fa fa-clock-o'><\/i>10:00 Uhr<\/em> <\/span><span class='evoet_location level_3'><em class=\"evcal_location\"  data-latlng=\"51.218824,6.763339\" data-add_str=\"\" data-n=\"Landtag von Nordrhein-Westfalen\"><i class=\"fa fa-location-pin\"><\/i><em class=\"event_location_name\">Landtag von Nordrhein-Westfalen<\/em><\/em><\/span><span class='evoet_eventtypes level_4 evcal_event_types ett1'><em><i>Veranstalter: <\/i><\/em><em data-filter='event_type' data-v='Landtag NRW' data-id='932' class='evoetet_val evoet_dataval'>Landtag NRW<\/em><\/span><\/span><span class='evoet_data' data-d=\"{&quot;loc.n&quot;:&quot;Landtag von Nordrhein-Westfalen&quot;,&quot;orgs&quot;:[],&quot;tags&quot;:[]}\" data-bgc=\"#298a20\" data-bggrad=\"\" ><\/span><\/a><\/p><div class=\"event_description evcal_eventcard evo_landtag-nrw \" style=\"display:none\"><div class='evocard_row bx2 bx'><div id='event_time' class='evocard_box time' data-c='' \n\t\t\t\t\tstyle=''><div class='evo_metarow_time evorow evcal_evdata_row evcal_evrow_sm '>\n\t\t<span class='evcal_evdata_icons'><i class='fa fa-clock-o'><\/i><\/span>\n\t\t<div class='evcal_evdata_cell'>\t\t\t\t\t\t\t\n\t\t\t<h3 class='evo_h3'><span class='evcal_evdata_icons'><i class='fa fa-clock-o'><\/i><\/span>Datum:<\/h3><p><span class='evo_eventcard_time_t'>17. September 2026 10:00 Uhr<\/span><\/p>\n\t\t<\/div>\n\t<\/div><\/div><div id='event_location' class='evocard_box location' data-c='' \n\t\t\t\t\tstyle=''><div class='evcal_evdata_row evo_metarow_time_location evorow '>\n\t\t\n\t\t\t<span class='evcal_evdata_icons'><i class='fa fa-map-marker'><\/i><\/span>\n\t\t\t<div class='evcal_evdata_cell' data-loc_tax_id='931'><h3 class='evo_h3 evodfx'><span class='evcal_evdata_icons'><i class='fa fa-map-marker'><\/i><\/span>Ort:<\/h3><p class='evo_location_name'>Landtag von Nordrhein-Westfalen<\/p><p class='evo_location_address'>Platz des Landtags 1, 40221 D\u00fcsseldorf<\/p><div class='padt10'><span class='evo_btn_arr evolb_trigger' data-lbvals=\"{&quot;lbc&quot;:&quot;evo_location_lb_931&quot;,&quot;lbac&quot;:&quot;lb_max&quot;,&quot;t&quot;:&quot;Landtag von Nordrhein-Westfalen&quot;,&quot;ajax&quot;:&quot;yes&quot;,&quot;ajax_type&quot;:&quot;endpoint&quot;,&quot;ajax_action&quot;:&quot;eventon_get_tax_card_content&quot;,&quot;end&quot;:&quot;client&quot;,&quot;d&quot;:{&quot;lang&quot;:&quot;L1&quot;,&quot;term_id&quot;:931,&quot;tax&quot;:&quot;event_location&quot;,&quot;load_lbcontent&quot;:true}}\" >Andere Ereignisse<i class='fa fa-chevron-right'><\/i><\/span><\/div><\/div>\n\t\t\n\t<\/div><\/div><\/div><div class='evocard_row'><div id='event_addtocal' class='evocard_box addtocal' data-c='' \n\t\t\t\t\tstyle=''><div class='evo_metarow_ICS evorow evcal_evdata_row'>\n\t\t\t\t\t\t\t\t\t<span class='evcal_evdata_icons'><i class='fa fa-calendar-o'><\/i><\/span>\n\t\t\t\t\t\t\t\t\t<div class='evcal_evdata_cell'>\n\t\t\t\t\t\t\t\t\t\t<p><a href='https:\/\/meier-gerdingh.de\/wp-spd-ob\/wp-admin\/admin-ajax.php?action=eventon_ics_download&event_id=13285&ri=0&nonce=be2ac1e3c9' class='evo_ics_nCal' title='Zum Kalender hinzuf\u00fcgen'>Kalender<\/a><a href='\/\/www.google.com\/calendar\/event?action=TEMPLATE&amp;text=Landtag+NRW%3A+Plenartag&amp;dates=20260917T100000Z\/20260917T235900Z&amp;ctz=UTC&amp;details=Landtag+NRW%3A+Plenartag&amp;location=Landtag+von+Nordrhein-WestfalenPlatz+des+Landtags+1%2C+40221+D%C3%BCsseldorf' target='_blank' class='evo_ics_gCal' title='Zum Google-Kalender hinzuf\u00fcgen'>Google-Kalender<\/a><\/p>\t\n\t\t\t\t\t\t\t\t\t<\/div>\n\t\t\t\t\t\t\t\t<\/div><\/div><\/div><div class='evocard_row'><div id='event_gmap' class='evocard_box gmap' data-c='' \n\t\t\t\t\tstyle=''><div class='evo_metarow_gmap evcal_evdata_row evorow evcal_gmaps evc17896392006a9cc4c060f1113285_gmap place' id='evc17896392006a9cc4c060f1113285_gmap' style='max-width:none' data-address=\"Platz des Landtags 1, 40221 D\u00fcsseldorf\" data-latlng=\"51.218824,6.763339\" data-location_type=\"place\" data-scroll=\"yes\" data-mty=\"roadmap\" data-zoom=\"16\" data-mapIcon=\"\" data-delay=\"400\" data-map_canvas_id=\"evc17896392006a9cc4c060f1113285_gmap\" >\n\t\t<span class='evo_map_load_out evoposr evodb evobr15'>\n\t\t<i class='fa fa-map-marker evoposa'><\/i><span class='evo_map_load evoposr evodb'>\t\t\t\t\t\n\t\t\t\t\t<i class='a'><\/i>\n\t\t\t\t\t<i class='b'><\/i>\n\t\t\t\t\t<i class='c'><\/i>\n\t\t\t\t\t<i class='d'><\/i>\n\t\t\t\t\t<i class='e'><\/i>\n\t\t\t\t\t<i class='f'><\/i>\n\t\t\t\t<\/span><\/span><\/div><\/div><\/div><div class='evocard_row'><div id='event_getdirection' class='evocard_box getdirection' data-c='' \n\t\t\t\t\tstyle=''><div class='evo_metarow_getDr evorow evcal_evdata_row evcal_evrow_sm getdirections'>\n\t\t<form action='https:\/\/maps.google.com\/maps' method='get' target='_blank'>\n\t\t\t<input type='hidden' name='daddr' value=\"Platz des Landtags 1, 40221 D\u00fcsseldorf\"\/> \n\t\t\t<div class='evo_get_direction_content evo_fx_dr_r evogap10'>\n\t\t\t\t<span class='evogetdir_header evodfx evofx_dr_r evofx_ai_c marr10'>\n\t\t\t\t\t<i class='mainicon fa fa-road'><\/i> \n\t\t\t\t\t<h3 class='evo_h3' style='padding-bottom:5px;'>Routenplaner<\/h3>\n\t\t\t\t<\/span>\n\t\t\t\t<span class='evogetdir_field evodfx evofx_1_1 evo_fx_dr_c evow100p'>\t\t\t\t\t\n\t\t\t\t\t<input class='evoInput evotac' type='text' name='saddr' placeholder='Geben Sie Ihre Adresse ein' value='' style='margin:10px 0;'\/>\n\t\t\t\t<\/span>\n\t\t\t\t<button type='submit' class='evo_get_direction_button evo_btn_arr_circ dfx fx_ai_c' title='Hier klicken f\u00fcr Route'><i class='fa fa-chevron-right'><\/i> <\/button>\n\t\t\t<\/div>\n\t\t<\/form>\n\t<\/div><\/div><\/div><div class='evocard_row'><div id='event_evosocial' class='evocard_box evosocial' data-c='' \n\t\t\t\t\tstyle=''><div class='evo_metarow_socialmedia evcal_evdata_row '><div class='evo_sm FacebookShare'><a class=\" evo_ss\" target=\"_blank\" onclick=\"javascript:window.open(this.href, '', 'left=50,top=50,width=600,height=350,toolbar=0');return false;\"\r\n\t\t\t\t\t\thref=\"\/\/www.facebook.com\/sharer.php?u=https%3A%2F%2Fmeier-gerdingh.de%2Fwp-spd-ob%2Ftermine%2Flandtag-nrw-plenartag-17%2F\" title=\"Auf Facebook teilen\"><i class=\"fa fab fa-facebook\"><\/i><\/a><\/div><div class='evo_sm Twitter'><a class=\"tw evo_ss\" onclick=\"javascript:window.open(this.href, '', 'menubar=no,toolbar=no,resizable=yes,scrollbars=yes,height=300,width=600');return false;\" href=\"\/\/twitter.com\/intent\/tweet?text=Landtag NRW: Plenartag&#32;-&#32;&url=https%3A%2F%2Fmeier-gerdingh.de%2Fwp-spd-ob%2Ftermine%2Flandtag-nrw-plenartag-17%2F\" title=\"Auf X teilen\" rel=\"nofollow\" target=\"_blank\" data-url=\"https%3A%2F%2Fmeier-gerdingh.de%2Fwp-spd-ob%2Ftermine%2Flandtag-nrw-plenartag-17%2F\"><i class=\"fa fab fa-x-twitter\"><\/i><\/a><\/div><div class='evo_sm LinkedIn'><a class=\"li evo_ss\" href=\"\/\/www.linkedin.com\/shareArticle?mini=true&url=https%3A%2F%2Fmeier-gerdingh.de%2Fwp-spd-ob%2Ftermine%2Flandtag-nrw-plenartag-17%2F&title=Landtag%20NRW%3A%20Plenartag&summary=--\" target=\"_blank\" title=\"Auf Linkedin teilen\"><i class=\"fa fab fa-linkedin\"><\/i><\/a><\/div><div class='evo_sm Whatsapp'><a class=\"wa evo_ss\" href=\"https:\/\/api.whatsapp.com\/send?text=https%3A%2F%2Fmeier-gerdingh.de%2Fwp-spd-ob%2Ftermine%2Flandtag-nrw-plenartag-17%2F\"\r\n\t\t\t\t        data-action=\"share\/whatsapp\/share\" target=\"_blank\" title=\"Auf WhatsApp teilen\"><i class=\"fa fab fa-whatsapp\"><\/i><\/a><\/div><div class='evo_sm EmailShare'><a class=\"em evo_ss\" href=\"mailto:?subject=Landtag%20NRW%3A%20Plenartag&body=Event Name: Landtag%20NRW%3A%20Plenartag%0AEvent Date: 17. September 2026 10:00%0ALink: https%3A%2F%2Fmeier-gerdingh.de%2Fwp-spd-ob%2Ftermine%2Flandtag-nrw-plenartag-17%2F%0A\" target=\"_blank\"><i class=\"fa fa-envelope\"><\/i><\/a><\/div><\/div><\/div><\/div><div class='evo_card_row_end evcal_close' title='Schlie\u00dfen'><\/div><\/div><div class='clear end'><\/div><\/div><div id=\"event_13286_0\" class=\"eventon_list_event evo_eventtop scheduled  event clrD no_et event_13286_0\" data-event_id=\"13286\" data-ri=\"0r\" data-time=\"1789725600-1789775940\" data-colr=\"#298a20\" itemscope itemtype='http:\/\/schema.org\/Event'><div class=\"evo_event_schema\" style=\"display:none\" ><a itemprop='url'  href='https:\/\/meier-gerdingh.de\/wp-spd-ob\/termine\/landtag-nrw-plenartag-18\/'><\/a><meta itemprop='image'  \/><meta itemprop='startDate' content=\"2026-9-18T10:00+2:00\" \/><meta itemprop='endDate' content=\"2026-9-18T23:59+2:00\" \/><meta itemprop='eventStatus' content=\"https:\/\/schema.org\/EventScheduled\" \/><item style=\"display:none\" itemprop=\"location\" itemscope itemtype=\"http:\/\/schema.org\/Place\"><span itemprop=\"name\">Landtag von Nordrhein-Westfalen<\/span><span itemprop=\"address\" itemscope itemtype=\"http:\/\/schema.org\/PostalAddress\"><item itemprop=\"streetAddress\">Platz des Landtags 1, 40221 D\u00fcsseldorf<\/item><\/span><\/item><item style=\"display:none\" itemprop=\"eventAttendanceMode\" itemscope itemtype=\"https:\/\/schema.org\/OfflineEventAttendanceMode\"><\/item><script type=\"application\/ld+json\">{\"@context\": \"http:\/\/schema.org\",\"@type\": \"Event\",\n\t\t\t\t\"@id\": \"event_13286_0\",\n\t\t\t\t\"eventAttendanceMode\":\"https:\/\/schema.org\/OfflineEventAttendanceMode\",\n\t\t\t\t\"eventStatus\":\"https:\/\/schema.org\/EventScheduled\",\n\t\t\t\t\"name\": \"Landtag NRW: Plenartag\",\n\t\t\t\t\"url\": \"https:\/\/meier-gerdingh.de\/wp-spd-ob\/termine\/landtag-nrw-plenartag-18\/\",\n\t\t\t\t\"startDate\": \"2026-9-18T10:00+2:00\",\n\t\t\t\t\"endDate\": \"2026-9-18T23:59+2:00\",\n\t\t\t\t\"image\":\"\", \n\t\t\t\t\"description\":\"'Landtag NRW: Plenartag'\",\"location\":[{\"@type\":\"Place\",\"name\":\"Landtag von Nordrhein-Westfalen\",\"address\":{\"@type\": \"PostalAddress\",\"streetAddress\":\"Platz des Landtags 1, 40221 D\u00fcsseldorf\"}}]}<\/script><\/div>\r\n\t\t\t\t<p class=\"desc_trig_outter\" style=\"\"><a data-gmtrig=\"1\" data-exlk=\"0\" style=\"background-color: #298a20;\" id=\"evc_178972560013286\" class=\"desc_trig evo_landtag-nrw sin_val evcal_list_a\" data-ux_val=\"1\" data-ux_val_mob=\"-\"  ><span class='evoet_c2 evoet_cx '><span class='evoet_dayblock evcal_cblock ' data-bgcolor='#298a20' data-smon='September' data-syr='2026' data-bub=''><span class='evo_start '><em class='day'>Fr<\/em><em class='date'>18<\/em><em class='month'>Sep<\/em><em class='time'>10:00<\/em><\/span><\/span><\/span><span class='evoet_c3 evoet_cx evcal_desc'><span class='evoet_title evcal_desc2 evcal_event_title' itemprop='name'>Landtag NRW: Plenartag<\/span><span class='event_location_attrs'  data-location_address=\"Platz des Landtags 1, 40221 D\u00fcsseldorf\" data-location_type=\"lonlat\" data-location_name=\"Landtag von Nordrhein-Westfalen\" data-location_url=\"https:\/\/meier-gerdingh.de\/wp-spd-ob\/event-location\/landtag-von-nordrhein-westfalen\/\" data-location_status=\"true\" data-latlng=\"51.218824,6.763339\"><\/span><span class='evoet_subtitle evo_below_title'><\/span><span class='evoet_time_expand level_3'><em class='evcal_time evo_tz_time'><i class='fa fa-clock-o'><\/i>10:00 Uhr<\/em> <\/span><span class='evoet_location level_3'><em class=\"evcal_location\"  data-latlng=\"51.218824,6.763339\" data-add_str=\"\" data-n=\"Landtag von Nordrhein-Westfalen\"><i class=\"fa fa-location-pin\"><\/i><em class=\"event_location_name\">Landtag von Nordrhein-Westfalen<\/em><\/em><\/span><span class='evoet_eventtypes level_4 evcal_event_types ett1'><em><i>Veranstalter: <\/i><\/em><em data-filter='event_type' data-v='Landtag NRW' data-id='932' class='evoetet_val evoet_dataval'>Landtag NRW<\/em><\/span><\/span><span class='evoet_data' data-d=\"{&quot;loc.n&quot;:&quot;Landtag von Nordrhein-Westfalen&quot;,&quot;orgs&quot;:[],&quot;tags&quot;:[]}\" data-bgc=\"#298a20\" data-bggrad=\"\" ><\/span><\/a><\/p><div class=\"event_description evcal_eventcard evo_landtag-nrw \" style=\"display:none\"><div class='evocard_row bx2 bx'><div id='event_time' class='evocard_box time' data-c='' \n\t\t\t\t\tstyle=''><div class='evo_metarow_time evorow evcal_evdata_row evcal_evrow_sm '>\n\t\t<span class='evcal_evdata_icons'><i class='fa fa-clock-o'><\/i><\/span>\n\t\t<div class='evcal_evdata_cell'>\t\t\t\t\t\t\t\n\t\t\t<h3 class='evo_h3'><span class='evcal_evdata_icons'><i class='fa fa-clock-o'><\/i><\/span>Datum:<\/h3><p><span class='evo_eventcard_time_t'>18. September 2026 10:00 Uhr<\/span><\/p>\n\t\t<\/div>\n\t<\/div><\/div><div id='event_location' class='evocard_box location' data-c='' \n\t\t\t\t\tstyle=''><div class='evcal_evdata_row evo_metarow_time_location evorow '>\n\t\t\n\t\t\t<span class='evcal_evdata_icons'><i class='fa fa-map-marker'><\/i><\/span>\n\t\t\t<div class='evcal_evdata_cell' data-loc_tax_id='931'><h3 class='evo_h3 evodfx'><span class='evcal_evdata_icons'><i class='fa fa-map-marker'><\/i><\/span>Ort:<\/h3><p class='evo_location_name'>Landtag von Nordrhein-Westfalen<\/p><p class='evo_location_address'>Platz des Landtags 1, 40221 D\u00fcsseldorf<\/p><div class='padt10'><span class='evo_btn_arr evolb_trigger' data-lbvals=\"{&quot;lbc&quot;:&quot;evo_location_lb_931&quot;,&quot;lbac&quot;:&quot;lb_max&quot;,&quot;t&quot;:&quot;Landtag von Nordrhein-Westfalen&quot;,&quot;ajax&quot;:&quot;yes&quot;,&quot;ajax_type&quot;:&quot;endpoint&quot;,&quot;ajax_action&quot;:&quot;eventon_get_tax_card_content&quot;,&quot;end&quot;:&quot;client&quot;,&quot;d&quot;:{&quot;lang&quot;:&quot;L1&quot;,&quot;term_id&quot;:931,&quot;tax&quot;:&quot;event_location&quot;,&quot;load_lbcontent&quot;:true}}\" >Andere Ereignisse<i class='fa fa-chevron-right'><\/i><\/span><\/div><\/div>\n\t\t\n\t<\/div><\/div><\/div><div class='evocard_row'><div id='event_addtocal' class='evocard_box addtocal' data-c='' \n\t\t\t\t\tstyle=''><div class='evo_metarow_ICS evorow evcal_evdata_row'>\n\t\t\t\t\t\t\t\t\t<span class='evcal_evdata_icons'><i class='fa fa-calendar-o'><\/i><\/span>\n\t\t\t\t\t\t\t\t\t<div class='evcal_evdata_cell'>\n\t\t\t\t\t\t\t\t\t\t<p><a href='https:\/\/meier-gerdingh.de\/wp-spd-ob\/wp-admin\/admin-ajax.php?action=eventon_ics_download&event_id=13286&ri=0&nonce=be2ac1e3c9' class='evo_ics_nCal' title='Zum Kalender hinzuf\u00fcgen'>Kalender<\/a><a href='\/\/www.google.com\/calendar\/event?action=TEMPLATE&amp;text=Landtag+NRW%3A+Plenartag&amp;dates=20260918T100000Z\/20260918T235900Z&amp;ctz=UTC&amp;details=Landtag+NRW%3A+Plenartag&amp;location=Landtag+von+Nordrhein-WestfalenPlatz+des+Landtags+1%2C+40221+D%C3%BCsseldorf' target='_blank' class='evo_ics_gCal' title='Zum Google-Kalender hinzuf\u00fcgen'>Google-Kalender<\/a><\/p>\t\n\t\t\t\t\t\t\t\t\t<\/div>\n\t\t\t\t\t\t\t\t<\/div><\/div><\/div><div class='evocard_row'><div id='event_gmap' class='evocard_box gmap' data-c='' \n\t\t\t\t\tstyle=''><div class='evo_metarow_gmap evcal_evdata_row evorow evcal_gmaps evc17897256006a9cc4c06321913286_gmap place' id='evc17897256006a9cc4c06321913286_gmap' style='max-width:none' data-address=\"Platz des Landtags 1, 40221 D\u00fcsseldorf\" data-latlng=\"51.218824,6.763339\" data-location_type=\"place\" data-scroll=\"yes\" data-mty=\"roadmap\" data-zoom=\"16\" data-mapIcon=\"\" data-delay=\"400\" data-map_canvas_id=\"evc17897256006a9cc4c06321913286_gmap\" >\n\t\t<span class='evo_map_load_out evoposr evodb evobr15'>\n\t\t<i class='fa fa-map-marker evoposa'><\/i><span class='evo_map_load evoposr evodb'>\t\t\t\t\t\n\t\t\t\t\t<i class='a'><\/i>\n\t\t\t\t\t<i class='b'><\/i>\n\t\t\t\t\t<i class='c'><\/i>\n\t\t\t\t\t<i class='d'><\/i>\n\t\t\t\t\t<i class='e'><\/i>\n\t\t\t\t\t<i class='f'><\/i>\n\t\t\t\t<\/span><\/span><\/div><\/div><\/div><div class='evocard_row'><div id='event_getdirection' class='evocard_box getdirection' data-c='' \n\t\t\t\t\tstyle=''><div class='evo_metarow_getDr evorow evcal_evdata_row evcal_evrow_sm getdirections'>\n\t\t<form action='https:\/\/maps.google.com\/maps' method='get' target='_blank'>\n\t\t\t<input type='hidden' name='daddr' value=\"Platz des Landtags 1, 40221 D\u00fcsseldorf\"\/> \n\t\t\t<div class='evo_get_direction_content evo_fx_dr_r evogap10'>\n\t\t\t\t<span class='evogetdir_header evodfx evofx_dr_r evofx_ai_c marr10'>\n\t\t\t\t\t<i class='mainicon fa fa-road'><\/i> \n\t\t\t\t\t<h3 class='evo_h3' style='padding-bottom:5px;'>Routenplaner<\/h3>\n\t\t\t\t<\/span>\n\t\t\t\t<span class='evogetdir_field evodfx evofx_1_1 evo_fx_dr_c evow100p'>\t\t\t\t\t\n\t\t\t\t\t<input class='evoInput evotac' type='text' name='saddr' placeholder='Geben Sie Ihre Adresse ein' value='' style='margin:10px 0;'\/>\n\t\t\t\t<\/span>\n\t\t\t\t<button type='submit' class='evo_get_direction_button evo_btn_arr_circ dfx fx_ai_c' title='Hier klicken f\u00fcr Route'><i class='fa fa-chevron-right'><\/i> <\/button>\n\t\t\t<\/div>\n\t\t<\/form>\n\t<\/div><\/div><\/div><div class='evocard_row'><div id='event_evosocial' class='evocard_box evosocial' data-c='' \n\t\t\t\t\tstyle=''><div class='evo_metarow_socialmedia evcal_evdata_row '><div class='evo_sm FacebookShare'><a class=\" evo_ss\" target=\"_blank\" onclick=\"javascript:window.open(this.href, '', 'left=50,top=50,width=600,height=350,toolbar=0');return false;\"\r\n\t\t\t\t\t\thref=\"\/\/www.facebook.com\/sharer.php?u=https%3A%2F%2Fmeier-gerdingh.de%2Fwp-spd-ob%2Ftermine%2Flandtag-nrw-plenartag-18%2F\" title=\"Auf Facebook teilen\"><i class=\"fa fab fa-facebook\"><\/i><\/a><\/div><div class='evo_sm Twitter'><a class=\"tw evo_ss\" onclick=\"javascript:window.open(this.href, '', 'menubar=no,toolbar=no,resizable=yes,scrollbars=yes,height=300,width=600');return false;\" href=\"\/\/twitter.com\/intent\/tweet?text=Landtag NRW: Plenartag&#32;-&#32;&url=https%3A%2F%2Fmeier-gerdingh.de%2Fwp-spd-ob%2Ftermine%2Flandtag-nrw-plenartag-18%2F\" title=\"Auf X teilen\" rel=\"nofollow\" target=\"_blank\" data-url=\"https%3A%2F%2Fmeier-gerdingh.de%2Fwp-spd-ob%2Ftermine%2Flandtag-nrw-plenartag-18%2F\"><i class=\"fa fab fa-x-twitter\"><\/i><\/a><\/div><div class='evo_sm LinkedIn'><a class=\"li evo_ss\" href=\"\/\/www.linkedin.com\/shareArticle?mini=true&url=https%3A%2F%2Fmeier-gerdingh.de%2Fwp-spd-ob%2Ftermine%2Flandtag-nrw-plenartag-18%2F&title=Landtag%20NRW%3A%20Plenartag&summary=--\" target=\"_blank\" title=\"Auf Linkedin teilen\"><i class=\"fa fab fa-linkedin\"><\/i><\/a><\/div><div class='evo_sm Whatsapp'><a class=\"wa evo_ss\" href=\"https:\/\/api.whatsapp.com\/send?text=https%3A%2F%2Fmeier-gerdingh.de%2Fwp-spd-ob%2Ftermine%2Flandtag-nrw-plenartag-18%2F\"\r\n\t\t\t\t        data-action=\"share\/whatsapp\/share\" target=\"_blank\" title=\"Auf WhatsApp teilen\"><i class=\"fa fab fa-whatsapp\"><\/i><\/a><\/div><div class='evo_sm EmailShare'><a class=\"em evo_ss\" href=\"mailto:?subject=Landtag%20NRW%3A%20Plenartag&body=Event Name: Landtag%20NRW%3A%20Plenartag%0AEvent Date: 18. September 2026 10:00%0ALink: https%3A%2F%2Fmeier-gerdingh.de%2Fwp-spd-ob%2Ftermine%2Flandtag-nrw-plenartag-18%2F%0A\" target=\"_blank\"><i class=\"fa fa-envelope\"><\/i><\/a><\/div><\/div><\/div><\/div><div class='evo_card_row_end evcal_close' title='Schlie\u00dfen'><\/div><\/div><div class='clear end'><\/div><\/div><div id=\"event_13125_0\" class=\"eventon_list_event evo_eventtop scheduled  event clrD no_et event_13125_0\" data-event_id=\"13125\" data-ri=\"0r\" data-time=\"1790002800-1790035140\" data-colr=\"#6e7ebe\" itemscope itemtype='http:\/\/schema.org\/Event'><div class=\"evo_event_schema\" style=\"display:none\" ><a itemprop='url'  href='https:\/\/meier-gerdingh.de\/wp-spd-ob\/termine\/haupt-und-finanzausschuss-5\/'><\/a><meta itemprop='image'  \/><meta itemprop='startDate' content=\"2026-9-21T15:00+2:00\" \/><meta itemprop='endDate' content=\"2026-9-21T23:59+2:00\" \/><meta itemprop='eventStatus' content=\"https:\/\/schema.org\/EventScheduled\" \/><item style=\"display:none\" itemprop=\"location\" itemscope itemtype=\"http:\/\/schema.org\/Place\"><span itemprop=\"name\">Rathaus Oberhausen (Ratssaal)<\/span><span itemprop=\"address\" itemscope itemtype=\"http:\/\/schema.org\/PostalAddress\"><item itemprop=\"streetAddress\">Schwartzstr. 72, 46045 Oberhausen<\/item><\/span><\/item><item style=\"display:none\" itemprop=\"eventAttendanceMode\" itemscope itemtype=\"https:\/\/schema.org\/OfflineEventAttendanceMode\"><\/item><script type=\"application\/ld+json\">{\"@context\": \"http:\/\/schema.org\",\"@type\": \"Event\",\n\t\t\t\t\"@id\": \"event_13125_0\",\n\t\t\t\t\"eventAttendanceMode\":\"https:\/\/schema.org\/OfflineEventAttendanceMode\",\n\t\t\t\t\"eventStatus\":\"https:\/\/schema.org\/EventScheduled\",\n\t\t\t\t\"name\": \"Haupt- und Finanzausschuss\",\n\t\t\t\t\"url\": \"https:\/\/meier-gerdingh.de\/wp-spd-ob\/termine\/haupt-und-finanzausschuss-5\/\",\n\t\t\t\t\"startDate\": \"2026-9-21T15:00+2:00\",\n\t\t\t\t\"endDate\": \"2026-9-21T23:59+2:00\",\n\t\t\t\t\"image\":\"\", \n\t\t\t\t\"description\":\"'Haupt- und Finanzausschuss'\",\"location\":[{\"@type\":\"Place\",\"name\":\"Rathaus Oberhausen (Ratssaal)\",\"address\":{\"@type\": \"PostalAddress\",\"streetAddress\":\"Schwartzstr. 72, 46045 Oberhausen\"}}]}<\/script><\/div>\r\n\t\t\t\t<p class=\"desc_trig_outter\" style=\"\"><a data-gmtrig=\"1\" data-exlk=\"0\" style=\"background-color: #6e7ebe;\" id=\"evc_179000280013125\" class=\"desc_trig evo_haupt-und-finanzausschuss evo_stadt-oberhausen sin_val evcal_list_a\" data-ux_val=\"1\" data-ux_val_mob=\"-\"  ><span class='evoet_c2 evoet_cx '><span class='evoet_dayblock evcal_cblock ' data-bgcolor='#6e7ebe' data-smon='September' data-syr='2026' data-bub=''><span class='evo_start '><em class='day'>Mo<\/em><em class='date'>21<\/em><em class='month'>Sep<\/em><em class='time'>15:00<\/em><\/span><\/span><\/span><span class='evoet_c3 evoet_cx evcal_desc'><span class='evoet_title evcal_desc2 evcal_event_title' itemprop='name'>Haupt- und Finanzausschuss<\/span><span class='event_location_attrs'  data-location_address=\"Schwartzstr. 72, 46045 Oberhausen\" data-location_type=\"lonlat\" data-location_name=\"Rathaus Oberhausen (Ratssaal)\" data-location_url=\"https:\/\/meier-gerdingh.de\/wp-spd-ob\/event-location\/rathaus-oberhausen-ratssaal\/\" data-location_status=\"true\" data-latlng=\"51.474107, 6.860272\"><\/span><span class='evoet_subtitle evo_below_title'><\/span><span class='evoet_time_expand level_3'><em class='evcal_time evo_tz_time'><i class='fa fa-clock-o'><\/i>15:00 Uhr<\/em> <\/span><span class='evoet_location level_3'><em class=\"evcal_location\"  data-latlng=\"51.474107, 6.860272\" data-add_str=\"\" data-n=\"Rathaus Oberhausen (Ratssaal)\"><i class=\"fa fa-location-pin\"><\/i><em class=\"event_location_name\">Rathaus Oberhausen (Ratssaal)<\/em><\/em><\/span><span class='evoet_eventtypes level_4 evcal_event_types ett2'><em><i>Veranstalter: <\/i><\/em><em data-filter='event_type' data-v='Haupt- und Finanzausschuss' data-id='2626' class='evoetet_val evoet_dataval'>Haupt- und Finanzausschuss,<\/em><em data-filter='event_type' data-v='Stadt Oberhausen' data-id='506' class='evoetet_val evoet_dataval'>Stadt Oberhausen<\/em><\/span><\/span><span class='evoet_data' data-d=\"{&quot;loc.n&quot;:&quot;Rathaus Oberhausen (Ratssaal)&quot;,&quot;orgs&quot;:[],&quot;tags&quot;:[]}\" data-bgc=\"#6e7ebe\" data-bggrad=\"\" ><\/span><\/a><\/p><div class=\"event_description evcal_eventcard evo_haupt-und-finanzausschuss evo_stadt-oberhausen \" style=\"display:none\"><div class='evocard_row bx2 bx'><div id='event_time' class='evocard_box time' data-c='' \n\t\t\t\t\tstyle=''><div class='evo_metarow_time evorow evcal_evdata_row evcal_evrow_sm '>\n\t\t<span class='evcal_evdata_icons'><i class='fa fa-clock-o'><\/i><\/span>\n\t\t<div class='evcal_evdata_cell'>\t\t\t\t\t\t\t\n\t\t\t<h3 class='evo_h3'><span class='evcal_evdata_icons'><i class='fa fa-clock-o'><\/i><\/span>Datum:<\/h3><p><span class='evo_eventcard_time_t'>21. September 2026 15:00 Uhr<\/span><\/p>\n\t\t<\/div>\n\t<\/div><\/div><div id='event_location' class='evocard_box location' data-c='' \n\t\t\t\t\tstyle=''><div class='evcal_evdata_row evo_metarow_time_location evorow '>\n\t\t\n\t\t\t<span class='evcal_evdata_icons'><i class='fa fa-map-marker'><\/i><\/span>\n\t\t\t<div class='evcal_evdata_cell' data-loc_tax_id='514'><h3 class='evo_h3 evodfx'><span class='evcal_evdata_icons'><i class='fa fa-map-marker'><\/i><\/span>Ort:<\/h3><p class='evo_location_name'>Rathaus Oberhausen (Ratssaal)<\/p><p class='evo_location_address'>Schwartzstr. 72, 46045 Oberhausen<\/p><div class='padt10'><span class='evo_btn_arr evolb_trigger' data-lbvals=\"{&quot;lbc&quot;:&quot;evo_location_lb_514&quot;,&quot;lbac&quot;:&quot;lb_max&quot;,&quot;t&quot;:&quot;Rathaus Oberhausen (Ratssaal)&quot;,&quot;ajax&quot;:&quot;yes&quot;,&quot;ajax_type&quot;:&quot;endpoint&quot;,&quot;ajax_action&quot;:&quot;eventon_get_tax_card_content&quot;,&quot;end&quot;:&quot;client&quot;,&quot;d&quot;:{&quot;lang&quot;:&quot;L1&quot;,&quot;term_id&quot;:514,&quot;tax&quot;:&quot;event_location&quot;,&quot;load_lbcontent&quot;:true}}\" >Andere Ereignisse<i class='fa fa-chevron-right'><\/i><\/span><\/div><\/div>\n\t\t\n\t<\/div><\/div><\/div><div class='evocard_row'><div id='event_addtocal' class='evocard_box addtocal' data-c='' \n\t\t\t\t\tstyle=''><div class='evo_metarow_ICS evorow evcal_evdata_row'>\n\t\t\t\t\t\t\t\t\t<span class='evcal_evdata_icons'><i class='fa fa-calendar-o'><\/i><\/span>\n\t\t\t\t\t\t\t\t\t<div class='evcal_evdata_cell'>\n\t\t\t\t\t\t\t\t\t\t<p><a href='https:\/\/meier-gerdingh.de\/wp-spd-ob\/wp-admin\/admin-ajax.php?action=eventon_ics_download&event_id=13125&ri=0&nonce=be2ac1e3c9' class='evo_ics_nCal' title='Zum Kalender hinzuf\u00fcgen'>Kalender<\/a><a href='\/\/www.google.com\/calendar\/event?action=TEMPLATE&amp;text=Haupt-+und+Finanzausschuss&amp;dates=20260921T150000Z\/20260921T235900Z&amp;ctz=UTC&amp;details=Haupt-+und+Finanzausschuss&amp;location=Rathaus+Oberhausen+%28Ratssaal%29Schwartzstr.+72%2C+46045+Oberhausen' target='_blank' class='evo_ics_gCal' title='Zum Google-Kalender hinzuf\u00fcgen'>Google-Kalender<\/a><\/p>\t\n\t\t\t\t\t\t\t\t\t<\/div>\n\t\t\t\t\t\t\t\t<\/div><\/div><\/div><div class='evocard_row'><div id='event_gmap' class='evocard_box gmap' data-c='' \n\t\t\t\t\tstyle=''><div class='evo_metarow_gmap evcal_evdata_row evorow evcal_gmaps evc17900028006a9cc4c0654b413125_gmap ' id='evc17900028006a9cc4c0654b413125_gmap' style='max-width:none' data-address=\"Schwartzstr. 72, 46045 Oberhausen\" data-latlng=\"51.474107, 6.860272\" data-location_type=\"\" data-scroll=\"yes\" data-mty=\"roadmap\" data-zoom=\"16\" data-mapIcon=\"\" data-delay=\"400\" data-map_canvas_id=\"evc17900028006a9cc4c0654b413125_gmap\" >\n\t\t<span class='evo_map_load_out evoposr evodb evobr15'>\n\t\t<i class='fa fa-map-marker evoposa'><\/i><span class='evo_map_load evoposr evodb'>\t\t\t\t\t\n\t\t\t\t\t<i class='a'><\/i>\n\t\t\t\t\t<i class='b'><\/i>\n\t\t\t\t\t<i class='c'><\/i>\n\t\t\t\t\t<i class='d'><\/i>\n\t\t\t\t\t<i class='e'><\/i>\n\t\t\t\t\t<i class='f'><\/i>\n\t\t\t\t<\/span><\/span><\/div><\/div><\/div><div class='evocard_row'><div id='event_getdirection' class='evocard_box getdirection' data-c='' \n\t\t\t\t\tstyle=''><div class='evo_metarow_getDr evorow evcal_evdata_row evcal_evrow_sm getdirections'>\n\t\t<form action='https:\/\/maps.google.com\/maps' method='get' target='_blank'>\n\t\t\t<input type='hidden' name='daddr' value=\"Schwartzstr. 72, 46045 Oberhausen\"\/> \n\t\t\t<div class='evo_get_direction_content evo_fx_dr_r evogap10'>\n\t\t\t\t<span class='evogetdir_header evodfx evofx_dr_r evofx_ai_c marr10'>\n\t\t\t\t\t<i class='mainicon fa fa-road'><\/i> \n\t\t\t\t\t<h3 class='evo_h3' style='padding-bottom:5px;'>Routenplaner<\/h3>\n\t\t\t\t<\/span>\n\t\t\t\t<span class='evogetdir_field evodfx evofx_1_1 evo_fx_dr_c evow100p'>\t\t\t\t\t\n\t\t\t\t\t<input class='evoInput evotac' type='text' name='saddr' placeholder='Geben Sie Ihre Adresse ein' value='' style='margin:10px 0;'\/>\n\t\t\t\t<\/span>\n\t\t\t\t<button type='submit' class='evo_get_direction_button evo_btn_arr_circ dfx fx_ai_c' title='Hier klicken f\u00fcr Route'><i class='fa fa-chevron-right'><\/i> <\/button>\n\t\t\t<\/div>\n\t\t<\/form>\n\t<\/div><\/div><\/div><div class='evocard_row'><div id='event_evosocial' class='evocard_box evosocial' data-c='' \n\t\t\t\t\tstyle=''><div class='evo_metarow_socialmedia evcal_evdata_row '><div class='evo_sm FacebookShare'><a class=\" evo_ss\" target=\"_blank\" onclick=\"javascript:window.open(this.href, '', 'left=50,top=50,width=600,height=350,toolbar=0');return false;\"\r\n\t\t\t\t\t\thref=\"\/\/www.facebook.com\/sharer.php?u=https%3A%2F%2Fmeier-gerdingh.de%2Fwp-spd-ob%2Ftermine%2Fhaupt-und-finanzausschuss-5%2F\" title=\"Auf Facebook teilen\"><i class=\"fa fab fa-facebook\"><\/i><\/a><\/div><div class='evo_sm Twitter'><a class=\"tw evo_ss\" onclick=\"javascript:window.open(this.href, '', 'menubar=no,toolbar=no,resizable=yes,scrollbars=yes,height=300,width=600');return false;\" href=\"\/\/twitter.com\/intent\/tweet?text=Haupt- und Finanzausschuss&#32;-&#32;&url=https%3A%2F%2Fmeier-gerdingh.de%2Fwp-spd-ob%2Ftermine%2Fhaupt-und-finanzausschuss-5%2F\" title=\"Auf X teilen\" rel=\"nofollow\" target=\"_blank\" data-url=\"https%3A%2F%2Fmeier-gerdingh.de%2Fwp-spd-ob%2Ftermine%2Fhaupt-und-finanzausschuss-5%2F\"><i class=\"fa fab fa-x-twitter\"><\/i><\/a><\/div><div class='evo_sm LinkedIn'><a class=\"li evo_ss\" href=\"\/\/www.linkedin.com\/shareArticle?mini=true&url=https%3A%2F%2Fmeier-gerdingh.de%2Fwp-spd-ob%2Ftermine%2Fhaupt-und-finanzausschuss-5%2F&title=Haupt-%20und%20Finanzausschuss&summary=--\" target=\"_blank\" title=\"Auf Linkedin teilen\"><i class=\"fa fab fa-linkedin\"><\/i><\/a><\/div><div class='evo_sm Whatsapp'><a class=\"wa evo_ss\" href=\"https:\/\/api.whatsapp.com\/send?text=https%3A%2F%2Fmeier-gerdingh.de%2Fwp-spd-ob%2Ftermine%2Fhaupt-und-finanzausschuss-5%2F\"\r\n\t\t\t\t        data-action=\"share\/whatsapp\/share\" target=\"_blank\" title=\"Auf WhatsApp teilen\"><i class=\"fa fab fa-whatsapp\"><\/i><\/a><\/div><div class='evo_sm EmailShare'><a class=\"em evo_ss\" href=\"mailto:?subject=Haupt-%20und%20Finanzausschuss&body=Event Name: Haupt-%20und%20Finanzausschuss%0AEvent Date: 21. September 2026 15:00%0ALink: https%3A%2F%2Fmeier-gerdingh.de%2Fwp-spd-ob%2Ftermine%2Fhaupt-und-finanzausschuss-5%2F%0A\" target=\"_blank\"><i class=\"fa fa-envelope\"><\/i><\/a><\/div><\/div><\/div><\/div><div class='evo_card_row_end evcal_close' title='Schlie\u00dfen'><\/div><\/div><div class='clear end'><\/div><\/div><div id=\"event_13157_0\" class=\"eventon_list_event evo_eventtop scheduled  event clrD no_et event_13157_0\" data-event_id=\"13157\" data-ri=\"0r\" data-time=\"1790604000-1790639940\" data-colr=\"#0f2cad\" itemscope itemtype='http:\/\/schema.org\/Event'><div class=\"evo_event_schema\" style=\"display:none\" ><a itemprop='url'  href='https:\/\/meier-gerdingh.de\/wp-spd-ob\/termine\/fraktion-8\/'><\/a><meta itemprop='image'  \/><meta itemprop='startDate' content=\"2026-9-28T14:00+2:00\" \/><meta itemprop='endDate' content=\"2026-9-28T23:59+2:00\" \/><meta itemprop='eventStatus' content=\"https:\/\/schema.org\/EventScheduled\" \/><item style=\"display:none\" itemprop=\"location\" itemscope itemtype=\"http:\/\/schema.org\/Place\"><span itemprop=\"name\">Sitzungssaal der SPD-Fraktion (Eingang Raum 370)<\/span><span itemprop=\"address\" itemscope itemtype=\"http:\/\/schema.org\/PostalAddress\"><item itemprop=\"streetAddress\">Rathaus Oberhausen, Schwartzstr. 72, 46045 Oberhausen<\/item><\/span><\/item><item style=\"display:none\" itemprop=\"eventAttendanceMode\" itemscope itemtype=\"https:\/\/schema.org\/OfflineEventAttendanceMode\"><\/item><script type=\"application\/ld+json\">{\"@context\": \"http:\/\/schema.org\",\"@type\": \"Event\",\n\t\t\t\t\"@id\": \"event_13157_0\",\n\t\t\t\t\"eventAttendanceMode\":\"https:\/\/schema.org\/OfflineEventAttendanceMode\",\n\t\t\t\t\"eventStatus\":\"https:\/\/schema.org\/EventScheduled\",\n\t\t\t\t\"name\": \"Fraktion\",\n\t\t\t\t\"url\": \"https:\/\/meier-gerdingh.de\/wp-spd-ob\/termine\/fraktion-8\/\",\n\t\t\t\t\"startDate\": \"2026-9-28T14:00+2:00\",\n\t\t\t\t\"endDate\": \"2026-9-28T23:59+2:00\",\n\t\t\t\t\"image\":\"\", \n\t\t\t\t\"description\":\"'Fraktion'\",\"location\":[{\"@type\":\"Place\",\"name\":\"Sitzungssaal der SPD-Fraktion (Eingang Raum 370)\",\"address\":{\"@type\": \"PostalAddress\",\"streetAddress\":\"Rathaus Oberhausen, Schwartzstr. 72, 46045 Oberhausen\"}}]}<\/script><\/div>\r\n\t\t\t\t<p class=\"desc_trig_outter\" style=\"\"><a data-gmtrig=\"1\" data-exlk=\"0\" style=\"background-color: #0f2cad;\" id=\"evc_179060400013157\" class=\"desc_trig evo_fraktion evo_spd-fraktion-oberhausen sin_val evcal_list_a\" data-ux_val=\"1\" data-ux_val_mob=\"-\"  ><span class='evoet_c2 evoet_cx '><span class='evoet_dayblock evcal_cblock ' data-bgcolor='#0f2cad' data-smon='September' data-syr='2026' data-bub=''><span class='evo_start '><em class='day'>Mo<\/em><em class='date'>28<\/em><em class='month'>Sep<\/em><em class='time'>14:00<\/em><\/span><\/span><\/span><span class='evoet_c3 evoet_cx evcal_desc'><span class='evoet_title evcal_desc2 evcal_event_title' itemprop='name'>Fraktion<\/span><span class='event_location_attrs'  data-location_address=\"Rathaus Oberhausen, Schwartzstr. 72, 46045 Oberhausen\" data-location_type=\"lonlat\" data-location_name=\"Sitzungssaal der SPD-Fraktion (Eingang Raum 370)\" data-location_url=\"https:\/\/meier-gerdingh.de\/wp-spd-ob\/event-location\/sitzungssaal-der-spd-fraktion-eingang-raum-370\/\" data-location_status=\"true\" data-latlng=\"51.473999,6.861205\"><\/span><span class='evoet_subtitle evo_below_title'><span class='evcal_event_subtitle' >Vorbesprechung Rat<\/span><\/span><span class='evoet_time_expand level_3'><em class='evcal_time evo_tz_time'><i class='fa fa-clock-o'><\/i>14:00 Uhr<\/em> <\/span><span class='evoet_location level_3'><em class=\"evcal_location\"  data-latlng=\"51.473999,6.861205\" data-add_str=\"\" data-n=\"Sitzungssaal der SPD-Fraktion (Eingang Raum 370)\"><i class=\"fa fa-location-pin\"><\/i><em class=\"event_location_name\">Sitzungssaal der SPD-Fraktion (Eingang Raum 370)<\/em><\/em><\/span><span class='evoet_eventtypes level_4 evcal_event_types ett2'><em><i>Veranstalter: <\/i><\/em><em data-filter='event_type' data-v='Fraktion' data-id='919' class='evoetet_val evoet_dataval'>Fraktion,<\/em><em data-filter='event_type' data-v='SPD-Fraktion Oberhausen' data-id='510' class='evoetet_val evoet_dataval'>SPD-Fraktion Oberhausen<\/em><\/span><\/span><span class='evoet_data' data-d=\"{&quot;loc.n&quot;:&quot;Sitzungssaal der SPD-Fraktion (Eingang Raum 370)&quot;,&quot;orgs&quot;:[],&quot;tags&quot;:[]}\" data-bgc=\"#0f2cad\" data-bggrad=\"\" ><\/span><\/a><\/p><div class=\"event_description evcal_eventcard evo_fraktion evo_spd-fraktion-oberhausen \" style=\"display:none\"><div class='evocard_row bx2 bx'><div id='event_time' class='evocard_box time' data-c='' \n\t\t\t\t\tstyle=''><div class='evo_metarow_time evorow evcal_evdata_row evcal_evrow_sm '>\n\t\t<span class='evcal_evdata_icons'><i class='fa fa-clock-o'><\/i><\/span>\n\t\t<div class='evcal_evdata_cell'>\t\t\t\t\t\t\t\n\t\t\t<h3 class='evo_h3'><span class='evcal_evdata_icons'><i class='fa fa-clock-o'><\/i><\/span>Datum:<\/h3><p><span class='evo_eventcard_time_t'>28. September 2026 14:00 Uhr<\/span><\/p>\n\t\t<\/div>\n\t<\/div><\/div><div id='event_location' class='evocard_box location' data-c='' \n\t\t\t\t\tstyle=''><div class='evcal_evdata_row evo_metarow_time_location evorow '>\n\t\t\n\t\t\t<span class='evcal_evdata_icons'><i class='fa fa-map-marker'><\/i><\/span>\n\t\t\t<div class='evcal_evdata_cell' data-loc_tax_id='511'><h3 class='evo_h3 evodfx'><span class='evcal_evdata_icons'><i class='fa fa-map-marker'><\/i><\/span>Ort:<\/h3><p class='evo_location_name'>Sitzungssaal der SPD-Fraktion (Eingang Raum 370)<\/p><p class='evo_location_address'>Rathaus Oberhausen, Schwartzstr. 72, 46045 Oberhausen<\/p><div class='padt10'><span class='evo_btn_arr evolb_trigger' data-lbvals=\"{&quot;lbc&quot;:&quot;evo_location_lb_511&quot;,&quot;lbac&quot;:&quot;lb_max&quot;,&quot;t&quot;:&quot;Sitzungssaal der SPD-Fraktion (Eingang Raum 370)&quot;,&quot;ajax&quot;:&quot;yes&quot;,&quot;ajax_type&quot;:&quot;endpoint&quot;,&quot;ajax_action&quot;:&quot;eventon_get_tax_card_content&quot;,&quot;end&quot;:&quot;client&quot;,&quot;d&quot;:{&quot;lang&quot;:&quot;L1&quot;,&quot;term_id&quot;:511,&quot;tax&quot;:&quot;event_location&quot;,&quot;load_lbcontent&quot;:true}}\" >Andere Ereignisse<i class='fa fa-chevron-right'><\/i><\/span><\/div><\/div>\n\t\t\n\t<\/div><\/div><\/div><div class='evocard_row'><div id='event_addtocal' class='evocard_box addtocal' data-c='' \n\t\t\t\t\tstyle=''><div class='evo_metarow_ICS evorow evcal_evdata_row'>\n\t\t\t\t\t\t\t\t\t<span class='evcal_evdata_icons'><i class='fa fa-calendar-o'><\/i><\/span>\n\t\t\t\t\t\t\t\t\t<div class='evcal_evdata_cell'>\n\t\t\t\t\t\t\t\t\t\t<p><a href='https:\/\/meier-gerdingh.de\/wp-spd-ob\/wp-admin\/admin-ajax.php?action=eventon_ics_download&event_id=13157&ri=0&nonce=be2ac1e3c9' class='evo_ics_nCal' title='Zum Kalender hinzuf\u00fcgen'>Kalender<\/a><a href='\/\/www.google.com\/calendar\/event?action=TEMPLATE&amp;text=Fraktion&amp;dates=20260928T140000Z\/20260928T235900Z&amp;ctz=UTC&amp;details=Fraktion&amp;location=Sitzungssaal+der+SPD-Fraktion+%28Eingang+Raum+370%29Rathaus+Oberhausen%2C+Schwartzstr.+72%2C+46045+Oberhausen' target='_blank' class='evo_ics_gCal' title='Zum Google-Kalender hinzuf\u00fcgen'>Google-Kalender<\/a><\/p>\t\n\t\t\t\t\t\t\t\t\t<\/div>\n\t\t\t\t\t\t\t\t<\/div><\/div><\/div><div class='evocard_row'><div id='event_gmap' class='evocard_box gmap' data-c='' \n\t\t\t\t\tstyle=''><div class='evo_metarow_gmap evcal_evdata_row evorow evcal_gmaps evc17906040006a9cc4c0679a713157_gmap ' id='evc17906040006a9cc4c0679a713157_gmap' style='max-width:none' data-address=\"Rathaus Oberhausen, Schwartzstr. 72, 46045 Oberhausen\" data-latlng=\"51.473999,6.861205\" data-location_type=\"\" data-scroll=\"yes\" data-mty=\"roadmap\" data-zoom=\"16\" data-mapIcon=\"\" data-delay=\"400\" data-map_canvas_id=\"evc17906040006a9cc4c0679a713157_gmap\" >\n\t\t<span class='evo_map_load_out evoposr evodb evobr15'>\n\t\t<i class='fa fa-map-marker evoposa'><\/i><span class='evo_map_load evoposr evodb'>\t\t\t\t\t\n\t\t\t\t\t<i class='a'><\/i>\n\t\t\t\t\t<i class='b'><\/i>\n\t\t\t\t\t<i class='c'><\/i>\n\t\t\t\t\t<i class='d'><\/i>\n\t\t\t\t\t<i class='e'><\/i>\n\t\t\t\t\t<i class='f'><\/i>\n\t\t\t\t<\/span><\/span><\/div><\/div><\/div><div class='evocard_row'><div id='event_getdirection' class='evocard_box getdirection' data-c='' \n\t\t\t\t\tstyle=''><div class='evo_metarow_getDr evorow evcal_evdata_row evcal_evrow_sm getdirections'>\n\t\t<form action='https:\/\/maps.google.com\/maps' method='get' target='_blank'>\n\t\t\t<input type='hidden' name='daddr' value=\"Rathaus Oberhausen, Schwartzstr. 72, 46045 Oberhausen\"\/> \n\t\t\t<div class='evo_get_direction_content evo_fx_dr_r evogap10'>\n\t\t\t\t<span class='evogetdir_header evodfx evofx_dr_r evofx_ai_c marr10'>\n\t\t\t\t\t<i class='mainicon fa fa-road'><\/i> \n\t\t\t\t\t<h3 class='evo_h3' style='padding-bottom:5px;'>Routenplaner<\/h3>\n\t\t\t\t<\/span>\n\t\t\t\t<span class='evogetdir_field evodfx evofx_1_1 evo_fx_dr_c evow100p'>\t\t\t\t\t\n\t\t\t\t\t<input class='evoInput evotac' type='text' name='saddr' placeholder='Geben Sie Ihre Adresse ein' value='' style='margin:10px 0;'\/>\n\t\t\t\t<\/span>\n\t\t\t\t<button type='submit' class='evo_get_direction_button evo_btn_arr_circ dfx fx_ai_c' title='Hier klicken f\u00fcr Route'><i class='fa fa-chevron-right'><\/i> <\/button>\n\t\t\t<\/div>\n\t\t<\/form>\n\t<\/div><\/div><\/div><div class='evocard_row'><div id='event_evosocial' class='evocard_box evosocial' data-c='' \n\t\t\t\t\tstyle=''><div class='evo_metarow_socialmedia evcal_evdata_row '><div class='evo_sm FacebookShare'><a class=\" evo_ss\" target=\"_blank\" onclick=\"javascript:window.open(this.href, '', 'left=50,top=50,width=600,height=350,toolbar=0');return false;\"\r\n\t\t\t\t\t\thref=\"\/\/www.facebook.com\/sharer.php?u=https%3A%2F%2Fmeier-gerdingh.de%2Fwp-spd-ob%2Ftermine%2Ffraktion-8%2F\" title=\"Auf Facebook teilen\"><i class=\"fa fab fa-facebook\"><\/i><\/a><\/div><div class='evo_sm Twitter'><a class=\"tw evo_ss\" onclick=\"javascript:window.open(this.href, '', 'menubar=no,toolbar=no,resizable=yes,scrollbars=yes,height=300,width=600');return false;\" href=\"\/\/twitter.com\/intent\/tweet?text=Fraktion&#32;-&#32;&url=https%3A%2F%2Fmeier-gerdingh.de%2Fwp-spd-ob%2Ftermine%2Ffraktion-8%2F\" title=\"Auf X teilen\" rel=\"nofollow\" target=\"_blank\" data-url=\"https%3A%2F%2Fmeier-gerdingh.de%2Fwp-spd-ob%2Ftermine%2Ffraktion-8%2F\"><i class=\"fa fab fa-x-twitter\"><\/i><\/a><\/div><div class='evo_sm LinkedIn'><a class=\"li evo_ss\" href=\"\/\/www.linkedin.com\/shareArticle?mini=true&url=https%3A%2F%2Fmeier-gerdingh.de%2Fwp-spd-ob%2Ftermine%2Ffraktion-8%2F&title=Fraktion&summary=--\" target=\"_blank\" title=\"Auf Linkedin teilen\"><i class=\"fa fab fa-linkedin\"><\/i><\/a><\/div><div class='evo_sm Whatsapp'><a class=\"wa evo_ss\" href=\"https:\/\/api.whatsapp.com\/send?text=https%3A%2F%2Fmeier-gerdingh.de%2Fwp-spd-ob%2Ftermine%2Ffraktion-8%2F\"\r\n\t\t\t\t        data-action=\"share\/whatsapp\/share\" target=\"_blank\" title=\"Auf WhatsApp teilen\"><i class=\"fa fab fa-whatsapp\"><\/i><\/a><\/div><div class='evo_sm EmailShare'><a class=\"em evo_ss\" href=\"mailto:?subject=Fraktion&body=Event Name: Fraktion%0AEvent Date: 28. September 2026 14:00%0ALink: https%3A%2F%2Fmeier-gerdingh.de%2Fwp-spd-ob%2Ftermine%2Ffraktion-8%2F%0A\" target=\"_blank\"><i class=\"fa fa-envelope\"><\/i><\/a><\/div><\/div><\/div><\/div><div class='evo_card_row_end evcal_close' title='Schlie\u00dfen'><\/div><\/div><div class='clear end'><\/div><\/div><div id=\"event_13117_0\" class=\"eventon_list_event evo_eventtop scheduled  event clrD no_et event_13117_0\" data-event_id=\"13117\" data-ri=\"0r\" data-time=\"1790607600-1790639940\" data-colr=\"#6e7ebe\" itemscope itemtype='http:\/\/schema.org\/Event'><div class=\"evo_event_schema\" style=\"display:none\" ><a itemprop='url'  href='https:\/\/meier-gerdingh.de\/wp-spd-ob\/termine\/rat-der-stadt-5\/'><\/a><meta itemprop='image'  \/><meta itemprop='startDate' content=\"2026-9-28T15:00+2:00\" \/><meta itemprop='endDate' content=\"2026-9-28T23:59+2:00\" \/><meta itemprop='eventStatus' content=\"https:\/\/schema.org\/EventScheduled\" \/><item style=\"display:none\" itemprop=\"location\" itemscope itemtype=\"http:\/\/schema.org\/Place\"><span itemprop=\"name\">Rathaus Oberhausen (Ratssaal)<\/span><span itemprop=\"address\" itemscope itemtype=\"http:\/\/schema.org\/PostalAddress\"><item itemprop=\"streetAddress\">Schwartzstr. 72, 46045 Oberhausen<\/item><\/span><\/item><item style=\"display:none\" itemprop=\"eventAttendanceMode\" itemscope itemtype=\"https:\/\/schema.org\/OfflineEventAttendanceMode\"><\/item><script type=\"application\/ld+json\">{\"@context\": \"http:\/\/schema.org\",\"@type\": \"Event\",\n\t\t\t\t\"@id\": \"event_13117_0\",\n\t\t\t\t\"eventAttendanceMode\":\"https:\/\/schema.org\/OfflineEventAttendanceMode\",\n\t\t\t\t\"eventStatus\":\"https:\/\/schema.org\/EventScheduled\",\n\t\t\t\t\"name\": \"Rat der Stadt\",\n\t\t\t\t\"url\": \"https:\/\/meier-gerdingh.de\/wp-spd-ob\/termine\/rat-der-stadt-5\/\",\n\t\t\t\t\"startDate\": \"2026-9-28T15:00+2:00\",\n\t\t\t\t\"endDate\": \"2026-9-28T23:59+2:00\",\n\t\t\t\t\"image\":\"\", \n\t\t\t\t\"description\":\"'Rat der Stadt'\",\"location\":[{\"@type\":\"Place\",\"name\":\"Rathaus Oberhausen (Ratssaal)\",\"address\":{\"@type\": \"PostalAddress\",\"streetAddress\":\"Schwartzstr. 72, 46045 Oberhausen\"}}]}<\/script><\/div>\r\n\t\t\t\t<p class=\"desc_trig_outter\" style=\"\"><a data-gmtrig=\"1\" data-exlk=\"0\" style=\"background-color: #6e7ebe;\" id=\"evc_179060760013117\" class=\"desc_trig evo_rat-der-stadt evo_stadt-oberhausen sin_val evcal_list_a\" data-ux_val=\"1\" data-ux_val_mob=\"-\"  ><span class='evoet_c2 evoet_cx '><span class='evoet_dayblock evcal_cblock ' data-bgcolor='#6e7ebe' data-smon='September' data-syr='2026' data-bub=''><span class='evo_start '><em class='day'>Mo<\/em><em class='date'>28<\/em><em class='month'>Sep<\/em><em class='time'>15:00<\/em><\/span><\/span><\/span><span class='evoet_c3 evoet_cx evcal_desc'><span class='evoet_title evcal_desc2 evcal_event_title' itemprop='name'>Rat der Stadt<\/span><span class='event_location_attrs'  data-location_address=\"Schwartzstr. 72, 46045 Oberhausen\" data-location_type=\"lonlat\" data-location_name=\"Rathaus Oberhausen (Ratssaal)\" data-location_url=\"https:\/\/meier-gerdingh.de\/wp-spd-ob\/event-location\/rathaus-oberhausen-ratssaal\/\" data-location_status=\"true\" data-latlng=\"51.474107, 6.860272\"><\/span><span class='evoet_subtitle evo_below_title'><span class='evcal_event_subtitle' >Einbringung Haushalt 2027<\/span><\/span><span class='evoet_time_expand level_3'><em class='evcal_time evo_tz_time'><i class='fa fa-clock-o'><\/i>15:00 Uhr<\/em> <\/span><span class='evoet_location level_3'><em class=\"evcal_location\"  data-latlng=\"51.474107, 6.860272\" data-add_str=\"\" data-n=\"Rathaus Oberhausen (Ratssaal)\"><i class=\"fa fa-location-pin\"><\/i><em class=\"event_location_name\">Rathaus Oberhausen (Ratssaal)<\/em><\/em><\/span><span class='evoet_eventtypes level_4 evcal_event_types ett2'><em><i>Veranstalter: <\/i><\/em><em data-filter='event_type' data-v='Rat der Stadt' data-id='965' class='evoetet_val evoet_dataval'>Rat der Stadt,<\/em><em data-filter='event_type' data-v='Stadt Oberhausen' data-id='506' class='evoetet_val evoet_dataval'>Stadt Oberhausen<\/em><\/span><\/span><span class='evoet_data' data-d=\"{&quot;loc.n&quot;:&quot;Rathaus Oberhausen (Ratssaal)&quot;,&quot;orgs&quot;:[],&quot;tags&quot;:[]}\" data-bgc=\"#6e7ebe\" data-bggrad=\"\" ><\/span><\/a><\/p><div class=\"event_description evcal_eventcard evo_rat-der-stadt evo_stadt-oberhausen \" style=\"display:none\"><div class='evocard_row bx2 bx'><div id='event_time' class='evocard_box time' data-c='' \n\t\t\t\t\tstyle=''><div class='evo_metarow_time evorow evcal_evdata_row evcal_evrow_sm '>\n\t\t<span class='evcal_evdata_icons'><i class='fa fa-clock-o'><\/i><\/span>\n\t\t<div class='evcal_evdata_cell'>\t\t\t\t\t\t\t\n\t\t\t<h3 class='evo_h3'><span class='evcal_evdata_icons'><i class='fa fa-clock-o'><\/i><\/span>Datum:<\/h3><p><span class='evo_eventcard_time_t'>28. September 2026 15:00 Uhr<\/span><\/p>\n\t\t<\/div>\n\t<\/div><\/div><div id='event_location' class='evocard_box location' data-c='' \n\t\t\t\t\tstyle=''><div class='evcal_evdata_row evo_metarow_time_location evorow '>\n\t\t\n\t\t\t<span class='evcal_evdata_icons'><i class='fa fa-map-marker'><\/i><\/span>\n\t\t\t<div class='evcal_evdata_cell' data-loc_tax_id='514'><h3 class='evo_h3 evodfx'><span class='evcal_evdata_icons'><i class='fa fa-map-marker'><\/i><\/span>Ort:<\/h3><p class='evo_location_name'>Rathaus Oberhausen (Ratssaal)<\/p><p class='evo_location_address'>Schwartzstr. 72, 46045 Oberhausen<\/p><div class='padt10'><span class='evo_btn_arr evolb_trigger' data-lbvals=\"{&quot;lbc&quot;:&quot;evo_location_lb_514&quot;,&quot;lbac&quot;:&quot;lb_max&quot;,&quot;t&quot;:&quot;Rathaus Oberhausen (Ratssaal)&quot;,&quot;ajax&quot;:&quot;yes&quot;,&quot;ajax_type&quot;:&quot;endpoint&quot;,&quot;ajax_action&quot;:&quot;eventon_get_tax_card_content&quot;,&quot;end&quot;:&quot;client&quot;,&quot;d&quot;:{&quot;lang&quot;:&quot;L1&quot;,&quot;term_id&quot;:514,&quot;tax&quot;:&quot;event_location&quot;,&quot;load_lbcontent&quot;:true}}\" >Andere Ereignisse<i class='fa fa-chevron-right'><\/i><\/span><\/div><\/div>\n\t\t\n\t<\/div><\/div><\/div><div class='evocard_row'><div id='event_addtocal' class='evocard_box addtocal' data-c='' \n\t\t\t\t\tstyle=''><div class='evo_metarow_ICS evorow evcal_evdata_row'>\n\t\t\t\t\t\t\t\t\t<span class='evcal_evdata_icons'><i class='fa fa-calendar-o'><\/i><\/span>\n\t\t\t\t\t\t\t\t\t<div class='evcal_evdata_cell'>\n\t\t\t\t\t\t\t\t\t\t<p><a href='https:\/\/meier-gerdingh.de\/wp-spd-ob\/wp-admin\/admin-ajax.php?action=eventon_ics_download&event_id=13117&ri=0&nonce=be2ac1e3c9' class='evo_ics_nCal' title='Zum Kalender hinzuf\u00fcgen'>Kalender<\/a><a href='\/\/www.google.com\/calendar\/event?action=TEMPLATE&amp;text=Rat+der+Stadt&amp;dates=20260928T150000Z\/20260928T235900Z&amp;ctz=UTC&amp;details=Rat+der+Stadt&amp;location=Rathaus+Oberhausen+%28Ratssaal%29Schwartzstr.+72%2C+46045+Oberhausen' target='_blank' class='evo_ics_gCal' title='Zum Google-Kalender hinzuf\u00fcgen'>Google-Kalender<\/a><\/p>\t\n\t\t\t\t\t\t\t\t\t<\/div>\n\t\t\t\t\t\t\t\t<\/div><\/div><\/div><div class='evocard_row'><div id='event_gmap' class='evocard_box gmap' data-c='' \n\t\t\t\t\tstyle=''><div class='evo_metarow_gmap evcal_evdata_row evorow evcal_gmaps evc17906076006a9cc4c069b8113117_gmap ' id='evc17906076006a9cc4c069b8113117_gmap' style='max-width:none' data-address=\"Schwartzstr. 72, 46045 Oberhausen\" data-latlng=\"51.474107, 6.860272\" data-location_type=\"\" data-scroll=\"yes\" data-mty=\"roadmap\" data-zoom=\"16\" data-mapIcon=\"\" data-delay=\"400\" data-map_canvas_id=\"evc17906076006a9cc4c069b8113117_gmap\" >\n\t\t<span class='evo_map_load_out evoposr evodb evobr15'>\n\t\t<i class='fa fa-map-marker evoposa'><\/i><span class='evo_map_load evoposr evodb'>\t\t\t\t\t\n\t\t\t\t\t<i class='a'><\/i>\n\t\t\t\t\t<i class='b'><\/i>\n\t\t\t\t\t<i class='c'><\/i>\n\t\t\t\t\t<i class='d'><\/i>\n\t\t\t\t\t<i class='e'><\/i>\n\t\t\t\t\t<i class='f'><\/i>\n\t\t\t\t<\/span><\/span><\/div><\/div><\/div><div class='evocard_row'><div id='event_getdirection' class='evocard_box getdirection' data-c='' \n\t\t\t\t\tstyle=''><div class='evo_metarow_getDr evorow evcal_evdata_row evcal_evrow_sm getdirections'>\n\t\t<form action='https:\/\/maps.google.com\/maps' method='get' target='_blank'>\n\t\t\t<input type='hidden' name='daddr' value=\"Schwartzstr. 72, 46045 Oberhausen\"\/> \n\t\t\t<div class='evo_get_direction_content evo_fx_dr_r evogap10'>\n\t\t\t\t<span class='evogetdir_header evodfx evofx_dr_r evofx_ai_c marr10'>\n\t\t\t\t\t<i class='mainicon fa fa-road'><\/i> \n\t\t\t\t\t<h3 class='evo_h3' style='padding-bottom:5px;'>Routenplaner<\/h3>\n\t\t\t\t<\/span>\n\t\t\t\t<span class='evogetdir_field evodfx evofx_1_1 evo_fx_dr_c evow100p'>\t\t\t\t\t\n\t\t\t\t\t<input class='evoInput evotac' type='text' name='saddr' placeholder='Geben Sie Ihre Adresse ein' value='' style='margin:10px 0;'\/>\n\t\t\t\t<\/span>\n\t\t\t\t<button type='submit' class='evo_get_direction_button evo_btn_arr_circ dfx fx_ai_c' title='Hier klicken f\u00fcr Route'><i class='fa fa-chevron-right'><\/i> <\/button>\n\t\t\t<\/div>\n\t\t<\/form>\n\t<\/div><\/div><\/div><div class='evocard_row'><div id='event_evosocial' class='evocard_box evosocial' data-c='' \n\t\t\t\t\tstyle=''><div class='evo_metarow_socialmedia evcal_evdata_row '><div class='evo_sm FacebookShare'><a class=\" evo_ss\" target=\"_blank\" onclick=\"javascript:window.open(this.href, '', 'left=50,top=50,width=600,height=350,toolbar=0');return false;\"\r\n\t\t\t\t\t\thref=\"\/\/www.facebook.com\/sharer.php?u=https%3A%2F%2Fmeier-gerdingh.de%2Fwp-spd-ob%2Ftermine%2Frat-der-stadt-5%2F\" title=\"Auf Facebook teilen\"><i class=\"fa fab fa-facebook\"><\/i><\/a><\/div><div class='evo_sm Twitter'><a class=\"tw evo_ss\" onclick=\"javascript:window.open(this.href, '', 'menubar=no,toolbar=no,resizable=yes,scrollbars=yes,height=300,width=600');return false;\" href=\"\/\/twitter.com\/intent\/tweet?text=Rat der Stadt&#32;-&#32;&url=https%3A%2F%2Fmeier-gerdingh.de%2Fwp-spd-ob%2Ftermine%2Frat-der-stadt-5%2F\" title=\"Auf X teilen\" rel=\"nofollow\" target=\"_blank\" data-url=\"https%3A%2F%2Fmeier-gerdingh.de%2Fwp-spd-ob%2Ftermine%2Frat-der-stadt-5%2F\"><i class=\"fa fab fa-x-twitter\"><\/i><\/a><\/div><div class='evo_sm LinkedIn'><a class=\"li evo_ss\" href=\"\/\/www.linkedin.com\/shareArticle?mini=true&url=https%3A%2F%2Fmeier-gerdingh.de%2Fwp-spd-ob%2Ftermine%2Frat-der-stadt-5%2F&title=Rat%20der%20Stadt&summary=--\" target=\"_blank\" title=\"Auf Linkedin teilen\"><i class=\"fa fab fa-linkedin\"><\/i><\/a><\/div><div class='evo_sm Whatsapp'><a class=\"wa evo_ss\" href=\"https:\/\/api.whatsapp.com\/send?text=https%3A%2F%2Fmeier-gerdingh.de%2Fwp-spd-ob%2Ftermine%2Frat-der-stadt-5%2F\"\r\n\t\t\t\t        data-action=\"share\/whatsapp\/share\" target=\"_blank\" title=\"Auf WhatsApp teilen\"><i class=\"fa fab fa-whatsapp\"><\/i><\/a><\/div><div class='evo_sm EmailShare'><a class=\"em evo_ss\" href=\"mailto:?subject=Rat%20der%20Stadt&body=Event Name: Rat%20der%20Stadt%0AEvent Date: 28. September 2026 15:00%0ALink: https%3A%2F%2Fmeier-gerdingh.de%2Fwp-spd-ob%2Ftermine%2Frat-der-stadt-5%2F%0A\" target=\"_blank\"><i class=\"fa fa-envelope\"><\/i><\/a><\/div><\/div><\/div><\/div><div class='evo_card_row_end evcal_close' title='Schlie\u00dfen'><\/div><\/div><div class='clear end'><\/div><\/div><\/div><div class='evcal_month_line' data-d='eml_10_2026' data-su='1790812800'><p>Oktober 2026<\/p><\/div><div class='sep_month_events ' data-d='eml_10_2026'><div id=\"event_13228_0\" class=\"eventon_list_event evo_eventtop scheduled  event clrD no_et event_13228_0\" data-event_id=\"13228\" data-ri=\"0r\" data-time=\"1791216000-1791244740\" data-colr=\"#0f2cad\" itemscope itemtype='http:\/\/schema.org\/Event'><div class=\"evo_event_schema\" style=\"display:none\" ><a itemprop='url'  href='https:\/\/meier-gerdingh.de\/wp-spd-ob\/termine\/ak-finanzen-7\/'><\/a><meta itemprop='image'  \/><meta itemprop='startDate' content=\"2026-10-5T16:00+2:00\" \/><meta itemprop='endDate' content=\"2026-10-5T23:59+2:00\" \/><meta itemprop='eventStatus' content=\"https:\/\/schema.org\/EventScheduled\" \/><item style=\"display:none\" itemprop=\"location\" itemscope itemtype=\"http:\/\/schema.org\/Place\"><span itemprop=\"name\">Sitzungssaal der SPD-Fraktion (Eingang Raum 370)<\/span><span itemprop=\"address\" itemscope itemtype=\"http:\/\/schema.org\/PostalAddress\"><item itemprop=\"streetAddress\">Rathaus Oberhausen, Schwartzstr. 72, 46045 Oberhausen<\/item><\/span><\/item><item style=\"display:none\" itemprop=\"eventAttendanceMode\" itemscope itemtype=\"https:\/\/schema.org\/OfflineEventAttendanceMode\"><\/item><script type=\"application\/ld+json\">{\"@context\": \"http:\/\/schema.org\",\"@type\": \"Event\",\n\t\t\t\t\"@id\": \"event_13228_0\",\n\t\t\t\t\"eventAttendanceMode\":\"https:\/\/schema.org\/OfflineEventAttendanceMode\",\n\t\t\t\t\"eventStatus\":\"https:\/\/schema.org\/EventScheduled\",\n\t\t\t\t\"name\": \"AK Finanzen\",\n\t\t\t\t\"url\": \"https:\/\/meier-gerdingh.de\/wp-spd-ob\/termine\/ak-finanzen-7\/\",\n\t\t\t\t\"startDate\": \"2026-10-5T16:00+2:00\",\n\t\t\t\t\"endDate\": \"2026-10-5T23:59+2:00\",\n\t\t\t\t\"image\":\"\", \n\t\t\t\t\"description\":\"'AK Finanzen'\",\"location\":[{\"@type\":\"Place\",\"name\":\"Sitzungssaal der SPD-Fraktion (Eingang Raum 370)\",\"address\":{\"@type\": \"PostalAddress\",\"streetAddress\":\"Rathaus Oberhausen, Schwartzstr. 72, 46045 Oberhausen\"}}]}<\/script><\/div>\r\n\t\t\t\t<p class=\"desc_trig_outter\" style=\"\"><a data-gmtrig=\"1\" data-exlk=\"0\" style=\"background-color: #0f2cad;\" id=\"evc_179121600013228\" class=\"desc_trig evo_ak-finanzen evo_spd-fraktion-oberhausen sin_val evcal_list_a\" data-ux_val=\"1\" data-ux_val_mob=\"-\"  ><span class='evoet_c2 evoet_cx '><span class='evoet_dayblock evcal_cblock ' data-bgcolor='#0f2cad' data-smon='Oktober' data-syr='2026' data-bub=''><span class='evo_start '><em class='day'>Mo<\/em><em class='date'>05<\/em><em class='month'>Okt<\/em><em class='time'>16:00<\/em><\/span><\/span><\/span><span class='evoet_c3 evoet_cx evcal_desc'><span class='evoet_title evcal_desc2 evcal_event_title' itemprop='name'>AK Finanzen<\/span><span class='event_location_attrs'  data-location_address=\"Rathaus Oberhausen, Schwartzstr. 72, 46045 Oberhausen\" data-location_type=\"lonlat\" data-location_name=\"Sitzungssaal der SPD-Fraktion (Eingang Raum 370)\" data-location_url=\"https:\/\/meier-gerdingh.de\/wp-spd-ob\/event-location\/sitzungssaal-der-spd-fraktion-eingang-raum-370\/\" data-location_status=\"true\" data-latlng=\"51.473999,6.861205\"><\/span><span class='evoet_subtitle evo_below_title'><\/span><span class='evoet_time_expand level_3'><em class='evcal_time evo_tz_time'><i class='fa fa-clock-o'><\/i>16:00 Uhr<\/em> <\/span><span class='evoet_location level_3'><em class=\"evcal_location\"  data-latlng=\"51.473999,6.861205\" data-add_str=\"\" data-n=\"Sitzungssaal der SPD-Fraktion (Eingang Raum 370)\"><i class=\"fa fa-location-pin\"><\/i><em class=\"event_location_name\">Sitzungssaal der SPD-Fraktion (Eingang Raum 370)<\/em><\/em><\/span><span class='evoet_eventtypes level_4 evcal_event_types ett2'><em><i>Veranstalter: <\/i><\/em><em data-filter='event_type' data-v='AK Finanzen' data-id='4712' class='evoetet_val evoet_dataval'>AK Finanzen,<\/em><em data-filter='event_type' data-v='SPD-Fraktion Oberhausen' data-id='510' class='evoetet_val evoet_dataval'>SPD-Fraktion Oberhausen<\/em><\/span><\/span><span class='evoet_data' data-d=\"{&quot;loc.n&quot;:&quot;Sitzungssaal der SPD-Fraktion (Eingang Raum 370)&quot;,&quot;orgs&quot;:[],&quot;tags&quot;:[]}\" data-bgc=\"#0f2cad\" data-bggrad=\"\" ><\/span><\/a><\/p><div class=\"event_description evcal_eventcard evo_ak-finanzen evo_spd-fraktion-oberhausen \" style=\"display:none\"><div class='evocard_row bx2 bx'><div id='event_time' class='evocard_box time' data-c='' \n\t\t\t\t\tstyle=''><div class='evo_metarow_time evorow evcal_evdata_row evcal_evrow_sm '>\n\t\t<span class='evcal_evdata_icons'><i class='fa fa-clock-o'><\/i><\/span>\n\t\t<div class='evcal_evdata_cell'>\t\t\t\t\t\t\t\n\t\t\t<h3 class='evo_h3'><span class='evcal_evdata_icons'><i class='fa fa-clock-o'><\/i><\/span>Datum:<\/h3><p><span class='evo_eventcard_time_t'>5. Oktober 2026 16:00 Uhr<\/span><\/p>\n\t\t<\/div>\n\t<\/div><\/div><div id='event_location' class='evocard_box location' data-c='' \n\t\t\t\t\tstyle=''><div class='evcal_evdata_row evo_metarow_time_location evorow '>\n\t\t\n\t\t\t<span class='evcal_evdata_icons'><i class='fa fa-map-marker'><\/i><\/span>\n\t\t\t<div class='evcal_evdata_cell' data-loc_tax_id='511'><h3 class='evo_h3 evodfx'><span class='evcal_evdata_icons'><i class='fa fa-map-marker'><\/i><\/span>Ort:<\/h3><p class='evo_location_name'>Sitzungssaal der SPD-Fraktion (Eingang Raum 370)<\/p><p class='evo_location_address'>Rathaus Oberhausen, Schwartzstr. 72, 46045 Oberhausen<\/p><div class='padt10'><span class='evo_btn_arr evolb_trigger' data-lbvals=\"{&quot;lbc&quot;:&quot;evo_location_lb_511&quot;,&quot;lbac&quot;:&quot;lb_max&quot;,&quot;t&quot;:&quot;Sitzungssaal der SPD-Fraktion (Eingang Raum 370)&quot;,&quot;ajax&quot;:&quot;yes&quot;,&quot;ajax_type&quot;:&quot;endpoint&quot;,&quot;ajax_action&quot;:&quot;eventon_get_tax_card_content&quot;,&quot;end&quot;:&quot;client&quot;,&quot;d&quot;:{&quot;lang&quot;:&quot;L1&quot;,&quot;term_id&quot;:511,&quot;tax&quot;:&quot;event_location&quot;,&quot;load_lbcontent&quot;:true}}\" >Andere Ereignisse<i class='fa fa-chevron-right'><\/i><\/span><\/div><\/div>\n\t\t\n\t<\/div><\/div><\/div><div class='evocard_row'><div id='event_addtocal' class='evocard_box addtocal' data-c='' \n\t\t\t\t\tstyle=''><div class='evo_metarow_ICS evorow evcal_evdata_row'>\n\t\t\t\t\t\t\t\t\t<span class='evcal_evdata_icons'><i class='fa fa-calendar-o'><\/i><\/span>\n\t\t\t\t\t\t\t\t\t<div class='evcal_evdata_cell'>\n\t\t\t\t\t\t\t\t\t\t<p><a href='https:\/\/meier-gerdingh.de\/wp-spd-ob\/wp-admin\/admin-ajax.php?action=eventon_ics_download&event_id=13228&ri=0&nonce=be2ac1e3c9' class='evo_ics_nCal' title='Zum Kalender hinzuf\u00fcgen'>Kalender<\/a><a href='\/\/www.google.com\/calendar\/event?action=TEMPLATE&amp;text=AK+Finanzen&amp;dates=20261005T160000Z\/20261005T235900Z&amp;ctz=UTC&amp;details=AK+Finanzen&amp;location=Sitzungssaal+der+SPD-Fraktion+%28Eingang+Raum+370%29Rathaus+Oberhausen%2C+Schwartzstr.+72%2C+46045+Oberhausen' target='_blank' class='evo_ics_gCal' title='Zum Google-Kalender hinzuf\u00fcgen'>Google-Kalender<\/a><\/p>\t\n\t\t\t\t\t\t\t\t\t<\/div>\n\t\t\t\t\t\t\t\t<\/div><\/div><\/div><div class='evocard_row'><div id='event_gmap' class='evocard_box gmap' data-c='' \n\t\t\t\t\tstyle=''><div class='evo_metarow_gmap evcal_evdata_row evorow evcal_gmaps evc17912160006a9cc4c06c3c613228_gmap ' id='evc17912160006a9cc4c06c3c613228_gmap' style='max-width:none' data-address=\"Rathaus Oberhausen, Schwartzstr. 72, 46045 Oberhausen\" data-latlng=\"51.473999,6.861205\" data-location_type=\"\" data-scroll=\"yes\" data-mty=\"roadmap\" data-zoom=\"16\" data-mapIcon=\"\" data-delay=\"400\" data-map_canvas_id=\"evc17912160006a9cc4c06c3c613228_gmap\" >\n\t\t<span class='evo_map_load_out evoposr evodb evobr15'>\n\t\t<i class='fa fa-map-marker evoposa'><\/i><span class='evo_map_load evoposr evodb'>\t\t\t\t\t\n\t\t\t\t\t<i class='a'><\/i>\n\t\t\t\t\t<i class='b'><\/i>\n\t\t\t\t\t<i class='c'><\/i>\n\t\t\t\t\t<i class='d'><\/i>\n\t\t\t\t\t<i class='e'><\/i>\n\t\t\t\t\t<i class='f'><\/i>\n\t\t\t\t<\/span><\/span><\/div><\/div><\/div><div class='evocard_row'><div id='event_getdirection' class='evocard_box getdirection' data-c='' \n\t\t\t\t\tstyle=''><div class='evo_metarow_getDr evorow evcal_evdata_row evcal_evrow_sm getdirections'>\n\t\t<form action='https:\/\/maps.google.com\/maps' method='get' target='_blank'>\n\t\t\t<input type='hidden' name='daddr' value=\"Rathaus Oberhausen, Schwartzstr. 72, 46045 Oberhausen\"\/> \n\t\t\t<div class='evo_get_direction_content evo_fx_dr_r evogap10'>\n\t\t\t\t<span class='evogetdir_header evodfx evofx_dr_r evofx_ai_c marr10'>\n\t\t\t\t\t<i class='mainicon fa fa-road'><\/i> \n\t\t\t\t\t<h3 class='evo_h3' style='padding-bottom:5px;'>Routenplaner<\/h3>\n\t\t\t\t<\/span>\n\t\t\t\t<span class='evogetdir_field evodfx evofx_1_1 evo_fx_dr_c evow100p'>\t\t\t\t\t\n\t\t\t\t\t<input class='evoInput evotac' type='text' name='saddr' placeholder='Geben Sie Ihre Adresse ein' value='' style='margin:10px 0;'\/>\n\t\t\t\t<\/span>\n\t\t\t\t<button type='submit' class='evo_get_direction_button evo_btn_arr_circ dfx fx_ai_c' title='Hier klicken f\u00fcr Route'><i class='fa fa-chevron-right'><\/i> <\/button>\n\t\t\t<\/div>\n\t\t<\/form>\n\t<\/div><\/div><\/div><div class='evocard_row'><div id='event_evosocial' class='evocard_box evosocial' data-c='' \n\t\t\t\t\tstyle=''><div class='evo_metarow_socialmedia evcal_evdata_row '><div class='evo_sm FacebookShare'><a class=\" evo_ss\" target=\"_blank\" onclick=\"javascript:window.open(this.href, '', 'left=50,top=50,width=600,height=350,toolbar=0');return false;\"\r\n\t\t\t\t\t\thref=\"\/\/www.facebook.com\/sharer.php?u=https%3A%2F%2Fmeier-gerdingh.de%2Fwp-spd-ob%2Ftermine%2Fak-finanzen-7%2F\" title=\"Auf Facebook teilen\"><i class=\"fa fab fa-facebook\"><\/i><\/a><\/div><div class='evo_sm Twitter'><a class=\"tw evo_ss\" onclick=\"javascript:window.open(this.href, '', 'menubar=no,toolbar=no,resizable=yes,scrollbars=yes,height=300,width=600');return false;\" href=\"\/\/twitter.com\/intent\/tweet?text=AK Finanzen&#32;-&#32;&url=https%3A%2F%2Fmeier-gerdingh.de%2Fwp-spd-ob%2Ftermine%2Fak-finanzen-7%2F\" title=\"Auf X teilen\" rel=\"nofollow\" target=\"_blank\" data-url=\"https%3A%2F%2Fmeier-gerdingh.de%2Fwp-spd-ob%2Ftermine%2Fak-finanzen-7%2F\"><i class=\"fa fab fa-x-twitter\"><\/i><\/a><\/div><div class='evo_sm LinkedIn'><a class=\"li evo_ss\" href=\"\/\/www.linkedin.com\/shareArticle?mini=true&url=https%3A%2F%2Fmeier-gerdingh.de%2Fwp-spd-ob%2Ftermine%2Fak-finanzen-7%2F&title=AK%20Finanzen&summary=--\" target=\"_blank\" title=\"Auf Linkedin teilen\"><i class=\"fa fab fa-linkedin\"><\/i><\/a><\/div><div class='evo_sm Whatsapp'><a class=\"wa evo_ss\" href=\"https:\/\/api.whatsapp.com\/send?text=https%3A%2F%2Fmeier-gerdingh.de%2Fwp-spd-ob%2Ftermine%2Fak-finanzen-7%2F\"\r\n\t\t\t\t        data-action=\"share\/whatsapp\/share\" target=\"_blank\" title=\"Auf WhatsApp teilen\"><i class=\"fa fab fa-whatsapp\"><\/i><\/a><\/div><div class='evo_sm EmailShare'><a class=\"em evo_ss\" href=\"mailto:?subject=AK%20Finanzen&body=Event Name: AK%20Finanzen%0AEvent Date: 5. Oktober 2026 16:00%0ALink: https%3A%2F%2Fmeier-gerdingh.de%2Fwp-spd-ob%2Ftermine%2Fak-finanzen-7%2F%0A\" target=\"_blank\"><i class=\"fa fa-envelope\"><\/i><\/a><\/div><\/div><\/div><\/div><div class='evo_card_row_end evcal_close' title='Schlie\u00dfen'><\/div><\/div><div class='clear end'><\/div><\/div><div id=\"event_13355_0\" class=\"eventon_list_event evo_eventtop scheduled  event clrD no_et event_13355_0\" data-event_id=\"13355\" data-ri=\"0r\" data-time=\"1791471600-1791503940\" data-colr=\"#6e7ebe\" itemscope itemtype='http:\/\/schema.org\/Event'><div class=\"evo_event_schema\" style=\"display:none\" ><a itemprop='url'  href='https:\/\/meier-gerdingh.de\/wp-spd-ob\/termine\/sozialausschuss-6\/'><\/a><meta itemprop='image'  \/><meta itemprop='startDate' content=\"2026-10-8T15:00+2:00\" \/><meta itemprop='endDate' content=\"2026-10-8T23:59+2:00\" \/><meta itemprop='eventStatus' content=\"https:\/\/schema.org\/EventScheduled\" \/><item style=\"display:none\" itemprop=\"location\" itemscope itemtype=\"http:\/\/schema.org\/Place\"><span itemprop=\"name\">Rathaus Oberhausen (Ratssaal)<\/span><span itemprop=\"address\" itemscope itemtype=\"http:\/\/schema.org\/PostalAddress\"><item itemprop=\"streetAddress\">Schwartzstr. 72, 46045 Oberhausen<\/item><\/span><\/item><item style=\"display:none\" itemprop=\"eventAttendanceMode\" itemscope itemtype=\"https:\/\/schema.org\/OfflineEventAttendanceMode\"><\/item><script type=\"application\/ld+json\">{\"@context\": \"http:\/\/schema.org\",\"@type\": \"Event\",\n\t\t\t\t\"@id\": \"event_13355_0\",\n\t\t\t\t\"eventAttendanceMode\":\"https:\/\/schema.org\/OfflineEventAttendanceMode\",\n\t\t\t\t\"eventStatus\":\"https:\/\/schema.org\/EventScheduled\",\n\t\t\t\t\"name\": \"Sozialausschuss\",\n\t\t\t\t\"url\": \"https:\/\/meier-gerdingh.de\/wp-spd-ob\/termine\/sozialausschuss-6\/\",\n\t\t\t\t\"startDate\": \"2026-10-8T15:00+2:00\",\n\t\t\t\t\"endDate\": \"2026-10-8T23:59+2:00\",\n\t\t\t\t\"image\":\"\", \n\t\t\t\t\"description\":\"'Sozialausschuss'\",\"location\":[{\"@type\":\"Place\",\"name\":\"Rathaus Oberhausen (Ratssaal)\",\"address\":{\"@type\": \"PostalAddress\",\"streetAddress\":\"Schwartzstr. 72, 46045 Oberhausen\"}}]}<\/script><\/div>\r\n\t\t\t\t<p class=\"desc_trig_outter\" style=\"\"><a data-gmtrig=\"1\" data-exlk=\"0\" style=\"background-color: #6e7ebe;\" id=\"evc_179147160013355\" class=\"desc_trig evo_sozialausschuss evo_stadt-oberhausen sin_val evcal_list_a\" data-ux_val=\"1\" data-ux_val_mob=\"-\"  ><span class='evoet_c2 evoet_cx '><span class='evoet_dayblock evcal_cblock ' data-bgcolor='#6e7ebe' data-smon='Oktober' data-syr='2026' data-bub=''><span class='evo_start '><em class='day'>Do<\/em><em class='date'>08<\/em><em class='month'>Okt<\/em><em class='time'>15:00<\/em><\/span><\/span><\/span><span class='evoet_c3 evoet_cx evcal_desc'><span class='evoet_title evcal_desc2 evcal_event_title' itemprop='name'>Sozialausschuss<\/span><span class='event_location_attrs'  data-location_address=\"Schwartzstr. 72, 46045 Oberhausen\" data-location_type=\"lonlat\" data-location_name=\"Rathaus Oberhausen (Ratssaal)\" data-location_url=\"https:\/\/meier-gerdingh.de\/wp-spd-ob\/event-location\/rathaus-oberhausen-ratssaal\/\" data-location_status=\"true\" data-latlng=\"51.474107, 6.860272\"><\/span><span class='evoet_subtitle evo_below_title'><\/span><span class='evoet_time_expand level_3'><em class='evcal_time evo_tz_time'><i class='fa fa-clock-o'><\/i>15:00 Uhr<\/em> <\/span><span class='evoet_location level_3'><em class=\"evcal_location\"  data-latlng=\"51.474107, 6.860272\" data-add_str=\"\" data-n=\"Rathaus Oberhausen (Ratssaal)\"><i class=\"fa fa-location-pin\"><\/i><em class=\"event_location_name\">Rathaus Oberhausen (Ratssaal)<\/em><\/em><\/span><span class='evoet_eventtypes level_4 evcal_event_types ett2'><em><i>Veranstalter: <\/i><\/em><em data-filter='event_type' data-v='Sozialausschuss' data-id='971' class='evoetet_val evoet_dataval'>Sozialausschuss,<\/em><em data-filter='event_type' data-v='Stadt Oberhausen' data-id='506' class='evoetet_val evoet_dataval'>Stadt Oberhausen<\/em><\/span><\/span><span class='evoet_data' data-d=\"{&quot;loc.n&quot;:&quot;Rathaus Oberhausen (Ratssaal)&quot;,&quot;orgs&quot;:[],&quot;tags&quot;:[]}\" data-bgc=\"#6e7ebe\" data-bggrad=\"\" ><\/span><\/a><\/p><div class=\"event_description evcal_eventcard evo_sozialausschuss evo_stadt-oberhausen \" style=\"display:none\"><div class='evocard_row bx2 bx'><div id='event_time' class='evocard_box time' data-c='' \n\t\t\t\t\tstyle=''><div class='evo_metarow_time evorow evcal_evdata_row evcal_evrow_sm '>\n\t\t<span class='evcal_evdata_icons'><i class='fa fa-clock-o'><\/i><\/span>\n\t\t<div class='evcal_evdata_cell'>\t\t\t\t\t\t\t\n\t\t\t<h3 class='evo_h3'><span class='evcal_evdata_icons'><i class='fa fa-clock-o'><\/i><\/span>Datum:<\/h3><p><span class='evo_eventcard_time_t'>8. Oktober 2026 15:00 Uhr<\/span><\/p>\n\t\t<\/div>\n\t<\/div><\/div><div id='event_location' class='evocard_box location' data-c='' \n\t\t\t\t\tstyle=''><div class='evcal_evdata_row evo_metarow_time_location evorow '>\n\t\t\n\t\t\t<span class='evcal_evdata_icons'><i class='fa fa-map-marker'><\/i><\/span>\n\t\t\t<div class='evcal_evdata_cell' data-loc_tax_id='514'><h3 class='evo_h3 evodfx'><span class='evcal_evdata_icons'><i class='fa fa-map-marker'><\/i><\/span>Ort:<\/h3><p class='evo_location_name'>Rathaus Oberhausen (Ratssaal)<\/p><p class='evo_location_address'>Schwartzstr. 72, 46045 Oberhausen<\/p><div class='padt10'><span class='evo_btn_arr evolb_trigger' data-lbvals=\"{&quot;lbc&quot;:&quot;evo_location_lb_514&quot;,&quot;lbac&quot;:&quot;lb_max&quot;,&quot;t&quot;:&quot;Rathaus Oberhausen (Ratssaal)&quot;,&quot;ajax&quot;:&quot;yes&quot;,&quot;ajax_type&quot;:&quot;endpoint&quot;,&quot;ajax_action&quot;:&quot;eventon_get_tax_card_content&quot;,&quot;end&quot;:&quot;client&quot;,&quot;d&quot;:{&quot;lang&quot;:&quot;L1&quot;,&quot;term_id&quot;:514,&quot;tax&quot;:&quot;event_location&quot;,&quot;load_lbcontent&quot;:true}}\" >Andere Ereignisse<i class='fa fa-chevron-right'><\/i><\/span><\/div><\/div>\n\t\t\n\t<\/div><\/div><\/div><div class='evocard_row'><div id='event_addtocal' class='evocard_box addtocal' data-c='' \n\t\t\t\t\tstyle=''><div class='evo_metarow_ICS evorow evcal_evdata_row'>\n\t\t\t\t\t\t\t\t\t<span class='evcal_evdata_icons'><i class='fa fa-calendar-o'><\/i><\/span>\n\t\t\t\t\t\t\t\t\t<div class='evcal_evdata_cell'>\n\t\t\t\t\t\t\t\t\t\t<p><a href='https:\/\/meier-gerdingh.de\/wp-spd-ob\/wp-admin\/admin-ajax.php?action=eventon_ics_download&event_id=13355&ri=0&nonce=be2ac1e3c9' class='evo_ics_nCal' title='Zum Kalender hinzuf\u00fcgen'>Kalender<\/a><a href='\/\/www.google.com\/calendar\/event?action=TEMPLATE&amp;text=Sozialausschuss&amp;dates=20261008T150000Z\/20261008T235900Z&amp;ctz=UTC&amp;details=Sozialausschuss&amp;location=Rathaus+Oberhausen+%28Ratssaal%29Schwartzstr.+72%2C+46045+Oberhausen' target='_blank' class='evo_ics_gCal' title='Zum Google-Kalender hinzuf\u00fcgen'>Google-Kalender<\/a><\/p>\t\n\t\t\t\t\t\t\t\t\t<\/div>\n\t\t\t\t\t\t\t\t<\/div><\/div><\/div><div class='evocard_row'><div id='event_gmap' class='evocard_box gmap' data-c='' \n\t\t\t\t\tstyle=''><div class='evo_metarow_gmap evcal_evdata_row evorow evcal_gmaps evc17914716006a9cc4c06ee5513355_gmap ' id='evc17914716006a9cc4c06ee5513355_gmap' style='max-width:none' data-address=\"Schwartzstr. 72, 46045 Oberhausen\" data-latlng=\"51.474107, 6.860272\" data-location_type=\"\" data-scroll=\"yes\" data-mty=\"roadmap\" data-zoom=\"16\" data-mapIcon=\"\" data-delay=\"400\" data-map_canvas_id=\"evc17914716006a9cc4c06ee5513355_gmap\" >\n\t\t<span class='evo_map_load_out evoposr evodb evobr15'>\n\t\t<i class='fa fa-map-marker evoposa'><\/i><span class='evo_map_load evoposr evodb'>\t\t\t\t\t\n\t\t\t\t\t<i class='a'><\/i>\n\t\t\t\t\t<i class='b'><\/i>\n\t\t\t\t\t<i class='c'><\/i>\n\t\t\t\t\t<i class='d'><\/i>\n\t\t\t\t\t<i class='e'><\/i>\n\t\t\t\t\t<i class='f'><\/i>\n\t\t\t\t<\/span><\/span><\/div><\/div><\/div><div class='evocard_row'><div id='event_getdirection' class='evocard_box getdirection' data-c='' \n\t\t\t\t\tstyle=''><div class='evo_metarow_getDr evorow evcal_evdata_row evcal_evrow_sm getdirections'>\n\t\t<form action='https:\/\/maps.google.com\/maps' method='get' target='_blank'>\n\t\t\t<input type='hidden' name='daddr' value=\"Schwartzstr. 72, 46045 Oberhausen\"\/> \n\t\t\t<div class='evo_get_direction_content evo_fx_dr_r evogap10'>\n\t\t\t\t<span class='evogetdir_header evodfx evofx_dr_r evofx_ai_c marr10'>\n\t\t\t\t\t<i class='mainicon fa fa-road'><\/i> \n\t\t\t\t\t<h3 class='evo_h3' style='padding-bottom:5px;'>Routenplaner<\/h3>\n\t\t\t\t<\/span>\n\t\t\t\t<span class='evogetdir_field evodfx evofx_1_1 evo_fx_dr_c evow100p'>\t\t\t\t\t\n\t\t\t\t\t<input class='evoInput evotac' type='text' name='saddr' placeholder='Geben Sie Ihre Adresse ein' value='' style='margin:10px 0;'\/>\n\t\t\t\t<\/span>\n\t\t\t\t<button type='submit' class='evo_get_direction_button evo_btn_arr_circ dfx fx_ai_c' title='Hier klicken f\u00fcr Route'><i class='fa fa-chevron-right'><\/i> <\/button>\n\t\t\t<\/div>\n\t\t<\/form>\n\t<\/div><\/div><\/div><div class='evocard_row'><div id='event_evosocial' class='evocard_box evosocial' data-c='' \n\t\t\t\t\tstyle=''><div class='evo_metarow_socialmedia evcal_evdata_row '><div class='evo_sm FacebookShare'><a class=\" evo_ss\" target=\"_blank\" onclick=\"javascript:window.open(this.href, '', 'left=50,top=50,width=600,height=350,toolbar=0');return false;\"\r\n\t\t\t\t\t\thref=\"\/\/www.facebook.com\/sharer.php?u=https%3A%2F%2Fmeier-gerdingh.de%2Fwp-spd-ob%2Ftermine%2Fsozialausschuss-6%2F\" title=\"Auf Facebook teilen\"><i class=\"fa fab fa-facebook\"><\/i><\/a><\/div><div class='evo_sm Twitter'><a class=\"tw evo_ss\" onclick=\"javascript:window.open(this.href, '', 'menubar=no,toolbar=no,resizable=yes,scrollbars=yes,height=300,width=600');return false;\" href=\"\/\/twitter.com\/intent\/tweet?text=Sozialausschuss&#32;-&#32;&url=https%3A%2F%2Fmeier-gerdingh.de%2Fwp-spd-ob%2Ftermine%2Fsozialausschuss-6%2F\" title=\"Auf X teilen\" rel=\"nofollow\" target=\"_blank\" data-url=\"https%3A%2F%2Fmeier-gerdingh.de%2Fwp-spd-ob%2Ftermine%2Fsozialausschuss-6%2F\"><i class=\"fa fab fa-x-twitter\"><\/i><\/a><\/div><div class='evo_sm LinkedIn'><a class=\"li evo_ss\" href=\"\/\/www.linkedin.com\/shareArticle?mini=true&url=https%3A%2F%2Fmeier-gerdingh.de%2Fwp-spd-ob%2Ftermine%2Fsozialausschuss-6%2F&title=Sozialausschuss&summary=--\" target=\"_blank\" title=\"Auf Linkedin teilen\"><i class=\"fa fab fa-linkedin\"><\/i><\/a><\/div><div class='evo_sm Whatsapp'><a class=\"wa evo_ss\" href=\"https:\/\/api.whatsapp.com\/send?text=https%3A%2F%2Fmeier-gerdingh.de%2Fwp-spd-ob%2Ftermine%2Fsozialausschuss-6%2F\"\r\n\t\t\t\t        data-action=\"share\/whatsapp\/share\" target=\"_blank\" title=\"Auf WhatsApp teilen\"><i class=\"fa fab fa-whatsapp\"><\/i><\/a><\/div><div class='evo_sm EmailShare'><a class=\"em evo_ss\" href=\"mailto:?subject=Sozialausschuss&body=Event Name: Sozialausschuss%0AEvent Date: 8. Oktober 2026 15:00%0ALink: https%3A%2F%2Fmeier-gerdingh.de%2Fwp-spd-ob%2Ftermine%2Fsozialausschuss-6%2F%0A\" target=\"_blank\"><i class=\"fa fa-envelope\"><\/i><\/a><\/div><\/div><\/div><\/div><div class='evo_card_row_end evcal_close' title='Schlie\u00dfen'><\/div><\/div><div class='clear end'><\/div><\/div><div id=\"event_13164_0\" class=\"eventon_list_event evo_eventtop scheduled  event clrD no_et event_13164_0\" data-event_id=\"13164\" data-ri=\"0r\" data-time=\"1791820800-1791849540\" data-colr=\"#0f2cad\" itemscope itemtype='http:\/\/schema.org\/Event'><div class=\"evo_event_schema\" style=\"display:none\" ><a itemprop='url'  href='https:\/\/meier-gerdingh.de\/wp-spd-ob\/termine\/fraktionsvorstand-5\/'><\/a><meta itemprop='image'  \/><meta itemprop='startDate' content=\"2026-10-12T16:00+2:00\" \/><meta itemprop='endDate' content=\"2026-10-12T23:59+2:00\" \/><meta itemprop='eventStatus' content=\"https:\/\/schema.org\/EventScheduled\" \/><item style=\"display:none\" itemprop=\"location\" itemscope itemtype=\"http:\/\/schema.org\/Place\"><span itemprop=\"name\">Sitzungssaal der SPD-Fraktion (Eingang Raum 370)<\/span><span itemprop=\"address\" itemscope itemtype=\"http:\/\/schema.org\/PostalAddress\"><item itemprop=\"streetAddress\">Rathaus Oberhausen, Schwartzstr. 72, 46045 Oberhausen<\/item><\/span><\/item><item style=\"display:none\" itemprop=\"eventAttendanceMode\" itemscope itemtype=\"https:\/\/schema.org\/OfflineEventAttendanceMode\"><\/item><script type=\"application\/ld+json\">{\"@context\": \"http:\/\/schema.org\",\"@type\": \"Event\",\n\t\t\t\t\"@id\": \"event_13164_0\",\n\t\t\t\t\"eventAttendanceMode\":\"https:\/\/schema.org\/OfflineEventAttendanceMode\",\n\t\t\t\t\"eventStatus\":\"https:\/\/schema.org\/EventScheduled\",\n\t\t\t\t\"name\": \"Fraktionsvorstand\",\n\t\t\t\t\"url\": \"https:\/\/meier-gerdingh.de\/wp-spd-ob\/termine\/fraktionsvorstand-5\/\",\n\t\t\t\t\"startDate\": \"2026-10-12T16:00+2:00\",\n\t\t\t\t\"endDate\": \"2026-10-12T23:59+2:00\",\n\t\t\t\t\"image\":\"\", \n\t\t\t\t\"description\":\"'Fraktionsvorstand'\",\"location\":[{\"@type\":\"Place\",\"name\":\"Sitzungssaal der SPD-Fraktion (Eingang Raum 370)\",\"address\":{\"@type\": \"PostalAddress\",\"streetAddress\":\"Rathaus Oberhausen, Schwartzstr. 72, 46045 Oberhausen\"}}]}<\/script><\/div>\r\n\t\t\t\t<p class=\"desc_trig_outter\" style=\"\"><a data-gmtrig=\"1\" data-exlk=\"0\" style=\"background-color: #0f2cad;\" id=\"evc_179182080013164\" class=\"desc_trig evo_fraktionsvorstand evo_spd-fraktion-oberhausen sin_val evcal_list_a\" data-ux_val=\"1\" data-ux_val_mob=\"-\"  ><span class='evoet_c2 evoet_cx '><span class='evoet_dayblock evcal_cblock ' data-bgcolor='#0f2cad' data-smon='Oktober' data-syr='2026' data-bub=''><span class='evo_start '><em class='day'>Mo<\/em><em class='date'>12<\/em><em class='month'>Okt<\/em><em class='time'>16:00<\/em><\/span><\/span><\/span><span class='evoet_c3 evoet_cx evcal_desc'><span class='evoet_title evcal_desc2 evcal_event_title' itemprop='name'>Fraktionsvorstand<\/span><span class='event_location_attrs'  data-location_address=\"Rathaus Oberhausen, Schwartzstr. 72, 46045 Oberhausen\" data-location_type=\"lonlat\" data-location_name=\"Sitzungssaal der SPD-Fraktion (Eingang Raum 370)\" data-location_url=\"https:\/\/meier-gerdingh.de\/wp-spd-ob\/event-location\/sitzungssaal-der-spd-fraktion-eingang-raum-370\/\" data-location_status=\"true\" data-latlng=\"51.473999,6.861205\"><\/span><span class='evoet_subtitle evo_below_title'><\/span><span class='evoet_time_expand level_3'><em class='evcal_time evo_tz_time'><i class='fa fa-clock-o'><\/i>16:00 Uhr<\/em> <\/span><span class='evoet_location level_3'><em class=\"evcal_location\"  data-latlng=\"51.473999,6.861205\" data-add_str=\"\" data-n=\"Sitzungssaal der SPD-Fraktion (Eingang Raum 370)\"><i class=\"fa fa-location-pin\"><\/i><em class=\"event_location_name\">Sitzungssaal der SPD-Fraktion (Eingang Raum 370)<\/em><\/em><\/span><span class='evoet_eventtypes level_4 evcal_event_types ett2'><em><i>Veranstalter: <\/i><\/em><em data-filter='event_type' data-v='Fraktionsvorstand' data-id='918' class='evoetet_val evoet_dataval'>Fraktionsvorstand,<\/em><em data-filter='event_type' data-v='SPD-Fraktion Oberhausen' data-id='510' class='evoetet_val evoet_dataval'>SPD-Fraktion Oberhausen<\/em><\/span><\/span><span class='evoet_data' data-d=\"{&quot;loc.n&quot;:&quot;Sitzungssaal der SPD-Fraktion (Eingang Raum 370)&quot;,&quot;orgs&quot;:[],&quot;tags&quot;:[]}\" data-bgc=\"#0f2cad\" data-bggrad=\"\" ><\/span><\/a><\/p><div class=\"event_description evcal_eventcard evo_fraktionsvorstand evo_spd-fraktion-oberhausen \" style=\"display:none\"><div class='evocard_row bx2 bx'><div id='event_time' class='evocard_box time' data-c='' \n\t\t\t\t\tstyle=''><div class='evo_metarow_time evorow evcal_evdata_row evcal_evrow_sm '>\n\t\t<span class='evcal_evdata_icons'><i class='fa fa-clock-o'><\/i><\/span>\n\t\t<div class='evcal_evdata_cell'>\t\t\t\t\t\t\t\n\t\t\t<h3 class='evo_h3'><span class='evcal_evdata_icons'><i class='fa fa-clock-o'><\/i><\/span>Datum:<\/h3><p><span class='evo_eventcard_time_t'>12. Oktober 2026 16:00 Uhr<\/span><\/p>\n\t\t<\/div>\n\t<\/div><\/div><div id='event_location' class='evocard_box location' data-c='' \n\t\t\t\t\tstyle=''><div class='evcal_evdata_row evo_metarow_time_location evorow '>\n\t\t\n\t\t\t<span class='evcal_evdata_icons'><i class='fa fa-map-marker'><\/i><\/span>\n\t\t\t<div class='evcal_evdata_cell' data-loc_tax_id='511'><h3 class='evo_h3 evodfx'><span class='evcal_evdata_icons'><i class='fa fa-map-marker'><\/i><\/span>Ort:<\/h3><p class='evo_location_name'>Sitzungssaal der SPD-Fraktion (Eingang Raum 370)<\/p><p class='evo_location_address'>Rathaus Oberhausen, Schwartzstr. 72, 46045 Oberhausen<\/p><div class='padt10'><span class='evo_btn_arr evolb_trigger' data-lbvals=\"{&quot;lbc&quot;:&quot;evo_location_lb_511&quot;,&quot;lbac&quot;:&quot;lb_max&quot;,&quot;t&quot;:&quot;Sitzungssaal der SPD-Fraktion (Eingang Raum 370)&quot;,&quot;ajax&quot;:&quot;yes&quot;,&quot;ajax_type&quot;:&quot;endpoint&quot;,&quot;ajax_action&quot;:&quot;eventon_get_tax_card_content&quot;,&quot;end&quot;:&quot;client&quot;,&quot;d&quot;:{&quot;lang&quot;:&quot;L1&quot;,&quot;term_id&quot;:511,&quot;tax&quot;:&quot;event_location&quot;,&quot;load_lbcontent&quot;:true}}\" >Andere Ereignisse<i class='fa fa-chevron-right'><\/i><\/span><\/div><\/div>\n\t\t\n\t<\/div><\/div><\/div><div class='evocard_row'><div id='event_addtocal' class='evocard_box addtocal' data-c='' \n\t\t\t\t\tstyle=''><div class='evo_metarow_ICS evorow evcal_evdata_row'>\n\t\t\t\t\t\t\t\t\t<span class='evcal_evdata_icons'><i class='fa fa-calendar-o'><\/i><\/span>\n\t\t\t\t\t\t\t\t\t<div class='evcal_evdata_cell'>\n\t\t\t\t\t\t\t\t\t\t<p><a href='https:\/\/meier-gerdingh.de\/wp-spd-ob\/wp-admin\/admin-ajax.php?action=eventon_ics_download&event_id=13164&ri=0&nonce=be2ac1e3c9' class='evo_ics_nCal' title='Zum Kalender hinzuf\u00fcgen'>Kalender<\/a><a href='\/\/www.google.com\/calendar\/event?action=TEMPLATE&amp;text=Fraktionsvorstand&amp;dates=20261012T160000Z\/20261012T235900Z&amp;ctz=UTC&amp;details=Fraktionsvorstand&amp;location=Sitzungssaal+der+SPD-Fraktion+%28Eingang+Raum+370%29Rathaus+Oberhausen%2C+Schwartzstr.+72%2C+46045+Oberhausen' target='_blank' class='evo_ics_gCal' title='Zum Google-Kalender hinzuf\u00fcgen'>Google-Kalender<\/a><\/p>\t\n\t\t\t\t\t\t\t\t\t<\/div>\n\t\t\t\t\t\t\t\t<\/div><\/div><\/div><div class='evocard_row'><div id='event_gmap' class='evocard_box gmap' data-c='' \n\t\t\t\t\tstyle=''><div class='evo_metarow_gmap evcal_evdata_row evorow evcal_gmaps evc17918208006a9cc4c07193b13164_gmap ' id='evc17918208006a9cc4c07193b13164_gmap' style='max-width:none' data-address=\"Rathaus Oberhausen, Schwartzstr. 72, 46045 Oberhausen\" data-latlng=\"51.473999,6.861205\" data-location_type=\"\" data-scroll=\"yes\" data-mty=\"roadmap\" data-zoom=\"16\" data-mapIcon=\"\" data-delay=\"400\" data-map_canvas_id=\"evc17918208006a9cc4c07193b13164_gmap\" >\n\t\t<span class='evo_map_load_out evoposr evodb evobr15'>\n\t\t<i class='fa fa-map-marker evoposa'><\/i><span class='evo_map_load evoposr evodb'>\t\t\t\t\t\n\t\t\t\t\t<i class='a'><\/i>\n\t\t\t\t\t<i class='b'><\/i>\n\t\t\t\t\t<i class='c'><\/i>\n\t\t\t\t\t<i class='d'><\/i>\n\t\t\t\t\t<i class='e'><\/i>\n\t\t\t\t\t<i class='f'><\/i>\n\t\t\t\t<\/span><\/span><\/div><\/div><\/div><div class='evocard_row'><div id='event_getdirection' class='evocard_box getdirection' data-c='' \n\t\t\t\t\tstyle=''><div class='evo_metarow_getDr evorow evcal_evdata_row evcal_evrow_sm getdirections'>\n\t\t<form action='https:\/\/maps.google.com\/maps' method='get' target='_blank'>\n\t\t\t<input type='hidden' name='daddr' value=\"Rathaus Oberhausen, Schwartzstr. 72, 46045 Oberhausen\"\/> \n\t\t\t<div class='evo_get_direction_content evo_fx_dr_r evogap10'>\n\t\t\t\t<span class='evogetdir_header evodfx evofx_dr_r evofx_ai_c marr10'>\n\t\t\t\t\t<i class='mainicon fa fa-road'><\/i> \n\t\t\t\t\t<h3 class='evo_h3' style='padding-bottom:5px;'>Routenplaner<\/h3>\n\t\t\t\t<\/span>\n\t\t\t\t<span class='evogetdir_field evodfx evofx_1_1 evo_fx_dr_c evow100p'>\t\t\t\t\t\n\t\t\t\t\t<input class='evoInput evotac' type='text' name='saddr' placeholder='Geben Sie Ihre Adresse ein' value='' style='margin:10px 0;'\/>\n\t\t\t\t<\/span>\n\t\t\t\t<button type='submit' class='evo_get_direction_button evo_btn_arr_circ dfx fx_ai_c' title='Hier klicken f\u00fcr Route'><i class='fa fa-chevron-right'><\/i> <\/button>\n\t\t\t<\/div>\n\t\t<\/form>\n\t<\/div><\/div><\/div><div class='evocard_row'><div id='event_evosocial' class='evocard_box evosocial' data-c='' \n\t\t\t\t\tstyle=''><div class='evo_metarow_socialmedia evcal_evdata_row '><div class='evo_sm FacebookShare'><a class=\" evo_ss\" target=\"_blank\" onclick=\"javascript:window.open(this.href, '', 'left=50,top=50,width=600,height=350,toolbar=0');return false;\"\r\n\t\t\t\t\t\thref=\"\/\/www.facebook.com\/sharer.php?u=https%3A%2F%2Fmeier-gerdingh.de%2Fwp-spd-ob%2Ftermine%2Ffraktionsvorstand-5%2F\" title=\"Auf Facebook teilen\"><i class=\"fa fab fa-facebook\"><\/i><\/a><\/div><div class='evo_sm Twitter'><a class=\"tw evo_ss\" onclick=\"javascript:window.open(this.href, '', 'menubar=no,toolbar=no,resizable=yes,scrollbars=yes,height=300,width=600');return false;\" href=\"\/\/twitter.com\/intent\/tweet?text=Fraktionsvorstand&#32;-&#32;&url=https%3A%2F%2Fmeier-gerdingh.de%2Fwp-spd-ob%2Ftermine%2Ffraktionsvorstand-5%2F\" title=\"Auf X teilen\" rel=\"nofollow\" target=\"_blank\" data-url=\"https%3A%2F%2Fmeier-gerdingh.de%2Fwp-spd-ob%2Ftermine%2Ffraktionsvorstand-5%2F\"><i class=\"fa fab fa-x-twitter\"><\/i><\/a><\/div><div class='evo_sm LinkedIn'><a class=\"li evo_ss\" href=\"\/\/www.linkedin.com\/shareArticle?mini=true&url=https%3A%2F%2Fmeier-gerdingh.de%2Fwp-spd-ob%2Ftermine%2Ffraktionsvorstand-5%2F&title=Fraktionsvorstand&summary=--\" target=\"_blank\" title=\"Auf Linkedin teilen\"><i class=\"fa fab fa-linkedin\"><\/i><\/a><\/div><div class='evo_sm Whatsapp'><a class=\"wa evo_ss\" href=\"https:\/\/api.whatsapp.com\/send?text=https%3A%2F%2Fmeier-gerdingh.de%2Fwp-spd-ob%2Ftermine%2Ffraktionsvorstand-5%2F\"\r\n\t\t\t\t        data-action=\"share\/whatsapp\/share\" target=\"_blank\" title=\"Auf WhatsApp teilen\"><i class=\"fa fab fa-whatsapp\"><\/i><\/a><\/div><div class='evo_sm EmailShare'><a class=\"em evo_ss\" href=\"mailto:?subject=Fraktionsvorstand&body=Event Name: Fraktionsvorstand%0AEvent Date: 12. Oktober 2026 16:00%0ALink: https%3A%2F%2Fmeier-gerdingh.de%2Fwp-spd-ob%2Ftermine%2Ffraktionsvorstand-5%2F%0A\" target=\"_blank\"><i class=\"fa fa-envelope\"><\/i><\/a><\/div><\/div><\/div><\/div><div class='evo_card_row_end evcal_close' title='Schlie\u00dfen'><\/div><\/div><div class='clear end'><\/div><\/div><div id=\"event_13171_0\" class=\"eventon_list_event evo_eventtop scheduled  event clrD no_et event_13171_0\" data-event_id=\"13171\" data-ri=\"0r\" data-time=\"1791826200-1791849540\" data-colr=\"#0f2cad\" itemscope itemtype='http:\/\/schema.org\/Event'><div class=\"evo_event_schema\" style=\"display:none\" ><a itemprop='url'  href='https:\/\/meier-gerdingh.de\/wp-spd-ob\/termine\/fraktion-18\/'><\/a><meta itemprop='image'  \/><meta itemprop='startDate' content=\"2026-10-12T17:30+2:00\" \/><meta itemprop='endDate' content=\"2026-10-12T23:59+2:00\" \/><meta itemprop='eventStatus' content=\"https:\/\/schema.org\/EventScheduled\" \/><item style=\"display:none\" itemprop=\"location\" itemscope itemtype=\"http:\/\/schema.org\/Place\"><span itemprop=\"name\">Sitzungssaal der SPD-Fraktion (Eingang Raum 370)<\/span><span itemprop=\"address\" itemscope itemtype=\"http:\/\/schema.org\/PostalAddress\"><item itemprop=\"streetAddress\">Rathaus Oberhausen, Schwartzstr. 72, 46045 Oberhausen<\/item><\/span><\/item><item style=\"display:none\" itemprop=\"eventAttendanceMode\" itemscope itemtype=\"https:\/\/schema.org\/OfflineEventAttendanceMode\"><\/item><script type=\"application\/ld+json\">{\"@context\": \"http:\/\/schema.org\",\"@type\": \"Event\",\n\t\t\t\t\"@id\": \"event_13171_0\",\n\t\t\t\t\"eventAttendanceMode\":\"https:\/\/schema.org\/OfflineEventAttendanceMode\",\n\t\t\t\t\"eventStatus\":\"https:\/\/schema.org\/EventScheduled\",\n\t\t\t\t\"name\": \"Fraktion\",\n\t\t\t\t\"url\": \"https:\/\/meier-gerdingh.de\/wp-spd-ob\/termine\/fraktion-18\/\",\n\t\t\t\t\"startDate\": \"2026-10-12T17:30+2:00\",\n\t\t\t\t\"endDate\": \"2026-10-12T23:59+2:00\",\n\t\t\t\t\"image\":\"\", \n\t\t\t\t\"description\":\"'Fraktion'\",\"location\":[{\"@type\":\"Place\",\"name\":\"Sitzungssaal der SPD-Fraktion (Eingang Raum 370)\",\"address\":{\"@type\": \"PostalAddress\",\"streetAddress\":\"Rathaus Oberhausen, Schwartzstr. 72, 46045 Oberhausen\"}}]}<\/script><\/div>\r\n\t\t\t\t<p class=\"desc_trig_outter\" style=\"\"><a data-gmtrig=\"1\" data-exlk=\"0\" style=\"background-color: #0f2cad;\" id=\"evc_179182620013171\" class=\"desc_trig evo_fraktion evo_spd-fraktion-oberhausen sin_val evcal_list_a\" data-ux_val=\"1\" data-ux_val_mob=\"-\"  ><span class='evoet_c2 evoet_cx '><span class='evoet_dayblock evcal_cblock ' data-bgcolor='#0f2cad' data-smon='Oktober' data-syr='2026' data-bub=''><span class='evo_start '><em class='day'>Mo<\/em><em class='date'>12<\/em><em class='month'>Okt<\/em><em class='time'>17:30<\/em><\/span><\/span><\/span><span class='evoet_c3 evoet_cx evcal_desc'><span class='evoet_title evcal_desc2 evcal_event_title' itemprop='name'>Fraktion<\/span><span class='event_location_attrs'  data-location_address=\"Rathaus Oberhausen, Schwartzstr. 72, 46045 Oberhausen\" data-location_type=\"lonlat\" data-location_name=\"Sitzungssaal der SPD-Fraktion (Eingang Raum 370)\" data-location_url=\"https:\/\/meier-gerdingh.de\/wp-spd-ob\/event-location\/sitzungssaal-der-spd-fraktion-eingang-raum-370\/\" data-location_status=\"true\" data-latlng=\"51.473999,6.861205\"><\/span><span class='evoet_subtitle evo_below_title'><\/span><span class='evoet_time_expand level_3'><em class='evcal_time evo_tz_time'><i class='fa fa-clock-o'><\/i>17:30 Uhr<\/em> <\/span><span class='evoet_location level_3'><em class=\"evcal_location\"  data-latlng=\"51.473999,6.861205\" data-add_str=\"\" data-n=\"Sitzungssaal der SPD-Fraktion (Eingang Raum 370)\"><i class=\"fa fa-location-pin\"><\/i><em class=\"event_location_name\">Sitzungssaal der SPD-Fraktion (Eingang Raum 370)<\/em><\/em><\/span><span class='evoet_eventtypes level_4 evcal_event_types ett2'><em><i>Veranstalter: <\/i><\/em><em data-filter='event_type' data-v='Fraktion' data-id='919' class='evoetet_val evoet_dataval'>Fraktion,<\/em><em data-filter='event_type' data-v='SPD-Fraktion Oberhausen' data-id='510' class='evoetet_val evoet_dataval'>SPD-Fraktion Oberhausen<\/em><\/span><\/span><span class='evoet_data' data-d=\"{&quot;loc.n&quot;:&quot;Sitzungssaal der SPD-Fraktion (Eingang Raum 370)&quot;,&quot;orgs&quot;:[],&quot;tags&quot;:[]}\" data-bgc=\"#0f2cad\" data-bggrad=\"\" ><\/span><\/a><\/p><div class=\"event_description evcal_eventcard evo_fraktion evo_spd-fraktion-oberhausen \" style=\"display:none\"><div class='evocard_row bx2 bx'><div id='event_time' class='evocard_box time' data-c='' \n\t\t\t\t\tstyle=''><div class='evo_metarow_time evorow evcal_evdata_row evcal_evrow_sm '>\n\t\t<span class='evcal_evdata_icons'><i class='fa fa-clock-o'><\/i><\/span>\n\t\t<div class='evcal_evdata_cell'>\t\t\t\t\t\t\t\n\t\t\t<h3 class='evo_h3'><span class='evcal_evdata_icons'><i class='fa fa-clock-o'><\/i><\/span>Datum:<\/h3><p><span class='evo_eventcard_time_t'>12. Oktober 2026 17:30 Uhr<\/span><\/p>\n\t\t<\/div>\n\t<\/div><\/div><div id='event_location' class='evocard_box location' data-c='' \n\t\t\t\t\tstyle=''><div class='evcal_evdata_row evo_metarow_time_location evorow '>\n\t\t\n\t\t\t<span class='evcal_evdata_icons'><i class='fa fa-map-marker'><\/i><\/span>\n\t\t\t<div class='evcal_evdata_cell' data-loc_tax_id='511'><h3 class='evo_h3 evodfx'><span class='evcal_evdata_icons'><i class='fa fa-map-marker'><\/i><\/span>Ort:<\/h3><p class='evo_location_name'>Sitzungssaal der SPD-Fraktion (Eingang Raum 370)<\/p><p class='evo_location_address'>Rathaus Oberhausen, Schwartzstr. 72, 46045 Oberhausen<\/p><div class='padt10'><span class='evo_btn_arr evolb_trigger' data-lbvals=\"{&quot;lbc&quot;:&quot;evo_location_lb_511&quot;,&quot;lbac&quot;:&quot;lb_max&quot;,&quot;t&quot;:&quot;Sitzungssaal der SPD-Fraktion (Eingang Raum 370)&quot;,&quot;ajax&quot;:&quot;yes&quot;,&quot;ajax_type&quot;:&quot;endpoint&quot;,&quot;ajax_action&quot;:&quot;eventon_get_tax_card_content&quot;,&quot;end&quot;:&quot;client&quot;,&quot;d&quot;:{&quot;lang&quot;:&quot;L1&quot;,&quot;term_id&quot;:511,&quot;tax&quot;:&quot;event_location&quot;,&quot;load_lbcontent&quot;:true}}\" >Andere Ereignisse<i class='fa fa-chevron-right'><\/i><\/span><\/div><\/div>\n\t\t\n\t<\/div><\/div><\/div><div class='evocard_row'><div id='event_addtocal' class='evocard_box addtocal' data-c='' \n\t\t\t\t\tstyle=''><div class='evo_metarow_ICS evorow evcal_evdata_row'>\n\t\t\t\t\t\t\t\t\t<span class='evcal_evdata_icons'><i class='fa fa-calendar-o'><\/i><\/span>\n\t\t\t\t\t\t\t\t\t<div class='evcal_evdata_cell'>\n\t\t\t\t\t\t\t\t\t\t<p><a href='https:\/\/meier-gerdingh.de\/wp-spd-ob\/wp-admin\/admin-ajax.php?action=eventon_ics_download&event_id=13171&ri=0&nonce=be2ac1e3c9' class='evo_ics_nCal' title='Zum Kalender hinzuf\u00fcgen'>Kalender<\/a><a href='\/\/www.google.com\/calendar\/event?action=TEMPLATE&amp;text=Fraktion&amp;dates=20261012T173000Z\/20261012T235900Z&amp;ctz=UTC&amp;details=Fraktion&amp;location=Sitzungssaal+der+SPD-Fraktion+%28Eingang+Raum+370%29Rathaus+Oberhausen%2C+Schwartzstr.+72%2C+46045+Oberhausen' target='_blank' class='evo_ics_gCal' title='Zum Google-Kalender hinzuf\u00fcgen'>Google-Kalender<\/a><\/p>\t\n\t\t\t\t\t\t\t\t\t<\/div>\n\t\t\t\t\t\t\t\t<\/div><\/div><\/div><div class='evocard_row'><div id='event_gmap' class='evocard_box gmap' data-c='' \n\t\t\t\t\tstyle=''><div class='evo_metarow_gmap evcal_evdata_row evorow evcal_gmaps evc17918262006a9cc4c0740fd13171_gmap ' id='evc17918262006a9cc4c0740fd13171_gmap' style='max-width:none' data-address=\"Rathaus Oberhausen, Schwartzstr. 72, 46045 Oberhausen\" data-latlng=\"51.473999,6.861205\" data-location_type=\"\" data-scroll=\"yes\" data-mty=\"roadmap\" data-zoom=\"16\" data-mapIcon=\"\" data-delay=\"400\" data-map_canvas_id=\"evc17918262006a9cc4c0740fd13171_gmap\" >\n\t\t<span class='evo_map_load_out evoposr evodb evobr15'>\n\t\t<i class='fa fa-map-marker evoposa'><\/i><span class='evo_map_load evoposr evodb'>\t\t\t\t\t\n\t\t\t\t\t<i class='a'><\/i>\n\t\t\t\t\t<i class='b'><\/i>\n\t\t\t\t\t<i class='c'><\/i>\n\t\t\t\t\t<i class='d'><\/i>\n\t\t\t\t\t<i class='e'><\/i>\n\t\t\t\t\t<i class='f'><\/i>\n\t\t\t\t<\/span><\/span><\/div><\/div><\/div><div class='evocard_row'><div id='event_getdirection' class='evocard_box getdirection' data-c='' \n\t\t\t\t\tstyle=''><div class='evo_metarow_getDr evorow evcal_evdata_row evcal_evrow_sm getdirections'>\n\t\t<form action='https:\/\/maps.google.com\/maps' method='get' target='_blank'>\n\t\t\t<input type='hidden' name='daddr' value=\"Rathaus Oberhausen, Schwartzstr. 72, 46045 Oberhausen\"\/> \n\t\t\t<div class='evo_get_direction_content evo_fx_dr_r evogap10'>\n\t\t\t\t<span class='evogetdir_header evodfx evofx_dr_r evofx_ai_c marr10'>\n\t\t\t\t\t<i class='mainicon fa fa-road'><\/i> \n\t\t\t\t\t<h3 class='evo_h3' style='padding-bottom:5px;'>Routenplaner<\/h3>\n\t\t\t\t<\/span>\n\t\t\t\t<span class='evogetdir_field evodfx evofx_1_1 evo_fx_dr_c evow100p'>\t\t\t\t\t\n\t\t\t\t\t<input class='evoInput evotac' type='text' name='saddr' placeholder='Geben Sie Ihre Adresse ein' value='' style='margin:10px 0;'\/>\n\t\t\t\t<\/span>\n\t\t\t\t<button type='submit' class='evo_get_direction_button evo_btn_arr_circ dfx fx_ai_c' title='Hier klicken f\u00fcr Route'><i class='fa fa-chevron-right'><\/i> <\/button>\n\t\t\t<\/div>\n\t\t<\/form>\n\t<\/div><\/div><\/div><div class='evocard_row'><div id='event_evosocial' class='evocard_box evosocial' data-c='' \n\t\t\t\t\tstyle=''><div class='evo_metarow_socialmedia evcal_evdata_row '><div class='evo_sm FacebookShare'><a class=\" evo_ss\" target=\"_blank\" onclick=\"javascript:window.open(this.href, '', 'left=50,top=50,width=600,height=350,toolbar=0');return false;\"\r\n\t\t\t\t\t\thref=\"\/\/www.facebook.com\/sharer.php?u=https%3A%2F%2Fmeier-gerdingh.de%2Fwp-spd-ob%2Ftermine%2Ffraktion-18%2F\" title=\"Auf Facebook teilen\"><i class=\"fa fab fa-facebook\"><\/i><\/a><\/div><div class='evo_sm Twitter'><a class=\"tw evo_ss\" onclick=\"javascript:window.open(this.href, '', 'menubar=no,toolbar=no,resizable=yes,scrollbars=yes,height=300,width=600');return false;\" href=\"\/\/twitter.com\/intent\/tweet?text=Fraktion&#32;-&#32;&url=https%3A%2F%2Fmeier-gerdingh.de%2Fwp-spd-ob%2Ftermine%2Ffraktion-18%2F\" title=\"Auf X teilen\" rel=\"nofollow\" target=\"_blank\" data-url=\"https%3A%2F%2Fmeier-gerdingh.de%2Fwp-spd-ob%2Ftermine%2Ffraktion-18%2F\"><i class=\"fa fab fa-x-twitter\"><\/i><\/a><\/div><div class='evo_sm LinkedIn'><a class=\"li evo_ss\" href=\"\/\/www.linkedin.com\/shareArticle?mini=true&url=https%3A%2F%2Fmeier-gerdingh.de%2Fwp-spd-ob%2Ftermine%2Ffraktion-18%2F&title=Fraktion&summary=--\" target=\"_blank\" title=\"Auf Linkedin teilen\"><i class=\"fa fab fa-linkedin\"><\/i><\/a><\/div><div class='evo_sm Whatsapp'><a class=\"wa evo_ss\" href=\"https:\/\/api.whatsapp.com\/send?text=https%3A%2F%2Fmeier-gerdingh.de%2Fwp-spd-ob%2Ftermine%2Ffraktion-18%2F\"\r\n\t\t\t\t        data-action=\"share\/whatsapp\/share\" target=\"_blank\" title=\"Auf WhatsApp teilen\"><i class=\"fa fab fa-whatsapp\"><\/i><\/a><\/div><div class='evo_sm EmailShare'><a class=\"em evo_ss\" href=\"mailto:?subject=Fraktion&body=Event Name: Fraktion%0AEvent Date: 12. Oktober 2026 17:30%0ALink: https%3A%2F%2Fmeier-gerdingh.de%2Fwp-spd-ob%2Ftermine%2Ffraktion-18%2F%0A\" target=\"_blank\"><i class=\"fa fa-envelope\"><\/i><\/a><\/div><\/div><\/div><\/div><div class='evo_card_row_end evcal_close' title='Schlie\u00dfen'><\/div><\/div><div class='clear end'><\/div><\/div><div id=\"event_13287_0\" class=\"eventon_list_event evo_eventtop scheduled  event clrD no_et event_13287_0\" data-event_id=\"13287\" data-ri=\"0r\" data-time=\"1791972000-1792022340\" data-colr=\"#298a20\" itemscope itemtype='http:\/\/schema.org\/Event'><div class=\"evo_event_schema\" style=\"display:none\" ><a itemprop='url'  href='https:\/\/meier-gerdingh.de\/wp-spd-ob\/termine\/landtag-nrw-plenartag-19\/'><\/a><meta itemprop='image'  \/><meta itemprop='startDate' content=\"2026-10-14T10:00+2:00\" \/><meta itemprop='endDate' content=\"2026-10-14T23:59+2:00\" \/><meta itemprop='eventStatus' content=\"https:\/\/schema.org\/EventScheduled\" \/><item style=\"display:none\" itemprop=\"location\" itemscope itemtype=\"http:\/\/schema.org\/Place\"><span itemprop=\"name\">Landtag von Nordrhein-Westfalen<\/span><span itemprop=\"address\" itemscope itemtype=\"http:\/\/schema.org\/PostalAddress\"><item itemprop=\"streetAddress\">Platz des Landtags 1, 40221 D\u00fcsseldorf<\/item><\/span><\/item><item style=\"display:none\" itemprop=\"eventAttendanceMode\" itemscope itemtype=\"https:\/\/schema.org\/OfflineEventAttendanceMode\"><\/item><script type=\"application\/ld+json\">{\"@context\": \"http:\/\/schema.org\",\"@type\": \"Event\",\n\t\t\t\t\"@id\": \"event_13287_0\",\n\t\t\t\t\"eventAttendanceMode\":\"https:\/\/schema.org\/OfflineEventAttendanceMode\",\n\t\t\t\t\"eventStatus\":\"https:\/\/schema.org\/EventScheduled\",\n\t\t\t\t\"name\": \"Landtag NRW: Plenartag\",\n\t\t\t\t\"url\": \"https:\/\/meier-gerdingh.de\/wp-spd-ob\/termine\/landtag-nrw-plenartag-19\/\",\n\t\t\t\t\"startDate\": \"2026-10-14T10:00+2:00\",\n\t\t\t\t\"endDate\": \"2026-10-14T23:59+2:00\",\n\t\t\t\t\"image\":\"\", \n\t\t\t\t\"description\":\"'Landtag NRW: Plenartag'\",\"location\":[{\"@type\":\"Place\",\"name\":\"Landtag von Nordrhein-Westfalen\",\"address\":{\"@type\": \"PostalAddress\",\"streetAddress\":\"Platz des Landtags 1, 40221 D\u00fcsseldorf\"}}]}<\/script><\/div>\r\n\t\t\t\t<p class=\"desc_trig_outter\" style=\"\"><a data-gmtrig=\"1\" data-exlk=\"0\" style=\"background-color: #298a20;\" id=\"evc_179197200013287\" class=\"desc_trig evo_landtag-nrw sin_val evcal_list_a\" data-ux_val=\"1\" data-ux_val_mob=\"-\"  ><span class='evoet_c2 evoet_cx '><span class='evoet_dayblock evcal_cblock ' data-bgcolor='#298a20' data-smon='Oktober' data-syr='2026' data-bub=''><span class='evo_start '><em class='day'>Mi<\/em><em class='date'>14<\/em><em class='month'>Okt<\/em><em class='time'>10:00<\/em><\/span><\/span><\/span><span class='evoet_c3 evoet_cx evcal_desc'><span class='evoet_title evcal_desc2 evcal_event_title' itemprop='name'>Landtag NRW: Plenartag<\/span><span class='event_location_attrs'  data-location_address=\"Platz des Landtags 1, 40221 D\u00fcsseldorf\" data-location_type=\"lonlat\" data-location_name=\"Landtag von Nordrhein-Westfalen\" data-location_url=\"https:\/\/meier-gerdingh.de\/wp-spd-ob\/event-location\/landtag-von-nordrhein-westfalen\/\" data-location_status=\"true\" data-latlng=\"51.218824,6.763339\"><\/span><span class='evoet_subtitle evo_below_title'><\/span><span class='evoet_time_expand level_3'><em class='evcal_time evo_tz_time'><i class='fa fa-clock-o'><\/i>10:00 Uhr<\/em> <\/span><span class='evoet_location level_3'><em class=\"evcal_location\"  data-latlng=\"51.218824,6.763339\" data-add_str=\"\" data-n=\"Landtag von Nordrhein-Westfalen\"><i class=\"fa fa-location-pin\"><\/i><em class=\"event_location_name\">Landtag von Nordrhein-Westfalen<\/em><\/em><\/span><span class='evoet_eventtypes level_4 evcal_event_types ett1'><em><i>Veranstalter: <\/i><\/em><em data-filter='event_type' data-v='Landtag NRW' data-id='932' class='evoetet_val evoet_dataval'>Landtag NRW<\/em><\/span><\/span><span class='evoet_data' data-d=\"{&quot;loc.n&quot;:&quot;Landtag von Nordrhein-Westfalen&quot;,&quot;orgs&quot;:[],&quot;tags&quot;:[]}\" data-bgc=\"#298a20\" data-bggrad=\"\" ><\/span><\/a><\/p><div class=\"event_description evcal_eventcard evo_landtag-nrw \" style=\"display:none\"><div class='evocard_row bx2 bx'><div id='event_time' class='evocard_box time' data-c='' \n\t\t\t\t\tstyle=''><div class='evo_metarow_time evorow evcal_evdata_row evcal_evrow_sm '>\n\t\t<span class='evcal_evdata_icons'><i class='fa fa-clock-o'><\/i><\/span>\n\t\t<div class='evcal_evdata_cell'>\t\t\t\t\t\t\t\n\t\t\t<h3 class='evo_h3'><span class='evcal_evdata_icons'><i class='fa fa-clock-o'><\/i><\/span>Datum:<\/h3><p><span class='evo_eventcard_time_t'>14. Oktober 2026 10:00 Uhr<\/span><\/p>\n\t\t<\/div>\n\t<\/div><\/div><div id='event_location' class='evocard_box location' data-c='' \n\t\t\t\t\tstyle=''><div class='evcal_evdata_row evo_metarow_time_location evorow '>\n\t\t\n\t\t\t<span class='evcal_evdata_icons'><i class='fa fa-map-marker'><\/i><\/span>\n\t\t\t<div class='evcal_evdata_cell' data-loc_tax_id='931'><h3 class='evo_h3 evodfx'><span class='evcal_evdata_icons'><i class='fa fa-map-marker'><\/i><\/span>Ort:<\/h3><p class='evo_location_name'>Landtag von Nordrhein-Westfalen<\/p><p class='evo_location_address'>Platz des Landtags 1, 40221 D\u00fcsseldorf<\/p><div class='padt10'><span class='evo_btn_arr evolb_trigger' data-lbvals=\"{&quot;lbc&quot;:&quot;evo_location_lb_931&quot;,&quot;lbac&quot;:&quot;lb_max&quot;,&quot;t&quot;:&quot;Landtag von Nordrhein-Westfalen&quot;,&quot;ajax&quot;:&quot;yes&quot;,&quot;ajax_type&quot;:&quot;endpoint&quot;,&quot;ajax_action&quot;:&quot;eventon_get_tax_card_content&quot;,&quot;end&quot;:&quot;client&quot;,&quot;d&quot;:{&quot;lang&quot;:&quot;L1&quot;,&quot;term_id&quot;:931,&quot;tax&quot;:&quot;event_location&quot;,&quot;load_lbcontent&quot;:true}}\" >Andere Ereignisse<i class='fa fa-chevron-right'><\/i><\/span><\/div><\/div>\n\t\t\n\t<\/div><\/div><\/div><div class='evocard_row'><div id='event_addtocal' class='evocard_box addtocal' data-c='' \n\t\t\t\t\tstyle=''><div class='evo_metarow_ICS evorow evcal_evdata_row'>\n\t\t\t\t\t\t\t\t\t<span class='evcal_evdata_icons'><i class='fa fa-calendar-o'><\/i><\/span>\n\t\t\t\t\t\t\t\t\t<div class='evcal_evdata_cell'>\n\t\t\t\t\t\t\t\t\t\t<p><a href='https:\/\/meier-gerdingh.de\/wp-spd-ob\/wp-admin\/admin-ajax.php?action=eventon_ics_download&event_id=13287&ri=0&nonce=be2ac1e3c9' class='evo_ics_nCal' title='Zum Kalender hinzuf\u00fcgen'>Kalender<\/a><a href='\/\/www.google.com\/calendar\/event?action=TEMPLATE&amp;text=Landtag+NRW%3A+Plenartag&amp;dates=20261014T100000Z\/20261014T235900Z&amp;ctz=UTC&amp;details=Landtag+NRW%3A+Plenartag&amp;location=Landtag+von+Nordrhein-WestfalenPlatz+des+Landtags+1%2C+40221+D%C3%BCsseldorf' target='_blank' class='evo_ics_gCal' title='Zum Google-Kalender hinzuf\u00fcgen'>Google-Kalender<\/a><\/p>\t\n\t\t\t\t\t\t\t\t\t<\/div>\n\t\t\t\t\t\t\t\t<\/div><\/div><\/div><div class='evocard_row'><div id='event_gmap' class='evocard_box gmap' data-c='' \n\t\t\t\t\tstyle=''><div class='evo_metarow_gmap evcal_evdata_row evorow evcal_gmaps evc17919720006a9cc4c07668a13287_gmap place' id='evc17919720006a9cc4c07668a13287_gmap' style='max-width:none' data-address=\"Platz des Landtags 1, 40221 D\u00fcsseldorf\" data-latlng=\"51.218824,6.763339\" data-location_type=\"place\" data-scroll=\"yes\" data-mty=\"roadmap\" data-zoom=\"16\" data-mapIcon=\"\" data-delay=\"400\" data-map_canvas_id=\"evc17919720006a9cc4c07668a13287_gmap\" >\n\t\t<span class='evo_map_load_out evoposr evodb evobr15'>\n\t\t<i class='fa fa-map-marker evoposa'><\/i><span class='evo_map_load evoposr evodb'>\t\t\t\t\t\n\t\t\t\t\t<i class='a'><\/i>\n\t\t\t\t\t<i class='b'><\/i>\n\t\t\t\t\t<i class='c'><\/i>\n\t\t\t\t\t<i class='d'><\/i>\n\t\t\t\t\t<i class='e'><\/i>\n\t\t\t\t\t<i class='f'><\/i>\n\t\t\t\t<\/span><\/span><\/div><\/div><\/div><div class='evocard_row'><div id='event_getdirection' class='evocard_box getdirection' data-c='' \n\t\t\t\t\tstyle=''><div class='evo_metarow_getDr evorow evcal_evdata_row evcal_evrow_sm getdirections'>\n\t\t<form action='https:\/\/maps.google.com\/maps' method='get' target='_blank'>\n\t\t\t<input type='hidden' name='daddr' value=\"Platz des Landtags 1, 40221 D\u00fcsseldorf\"\/> \n\t\t\t<div class='evo_get_direction_content evo_fx_dr_r evogap10'>\n\t\t\t\t<span class='evogetdir_header evodfx evofx_dr_r evofx_ai_c marr10'>\n\t\t\t\t\t<i class='mainicon fa fa-road'><\/i> \n\t\t\t\t\t<h3 class='evo_h3' style='padding-bottom:5px;'>Routenplaner<\/h3>\n\t\t\t\t<\/span>\n\t\t\t\t<span class='evogetdir_field evodfx evofx_1_1 evo_fx_dr_c evow100p'>\t\t\t\t\t\n\t\t\t\t\t<input class='evoInput evotac' type='text' name='saddr' placeholder='Geben Sie Ihre Adresse ein' value='' style='margin:10px 0;'\/>\n\t\t\t\t<\/span>\n\t\t\t\t<button type='submit' class='evo_get_direction_button evo_btn_arr_circ dfx fx_ai_c' title='Hier klicken f\u00fcr Route'><i class='fa fa-chevron-right'><\/i> <\/button>\n\t\t\t<\/div>\n\t\t<\/form>\n\t<\/div><\/div><\/div><div class='evocard_row'><div id='event_evosocial' class='evocard_box evosocial' data-c='' \n\t\t\t\t\tstyle=''><div class='evo_metarow_socialmedia evcal_evdata_row '><div class='evo_sm FacebookShare'><a class=\" evo_ss\" target=\"_blank\" onclick=\"javascript:window.open(this.href, '', 'left=50,top=50,width=600,height=350,toolbar=0');return false;\"\r\n\t\t\t\t\t\thref=\"\/\/www.facebook.com\/sharer.php?u=https%3A%2F%2Fmeier-gerdingh.de%2Fwp-spd-ob%2Ftermine%2Flandtag-nrw-plenartag-19%2F\" title=\"Auf Facebook teilen\"><i class=\"fa fab fa-facebook\"><\/i><\/a><\/div><div class='evo_sm Twitter'><a class=\"tw evo_ss\" onclick=\"javascript:window.open(this.href, '', 'menubar=no,toolbar=no,resizable=yes,scrollbars=yes,height=300,width=600');return false;\" href=\"\/\/twitter.com\/intent\/tweet?text=Landtag NRW: Plenartag&#32;-&#32;&url=https%3A%2F%2Fmeier-gerdingh.de%2Fwp-spd-ob%2Ftermine%2Flandtag-nrw-plenartag-19%2F\" title=\"Auf X teilen\" rel=\"nofollow\" target=\"_blank\" data-url=\"https%3A%2F%2Fmeier-gerdingh.de%2Fwp-spd-ob%2Ftermine%2Flandtag-nrw-plenartag-19%2F\"><i class=\"fa fab fa-x-twitter\"><\/i><\/a><\/div><div class='evo_sm LinkedIn'><a class=\"li evo_ss\" href=\"\/\/www.linkedin.com\/shareArticle?mini=true&url=https%3A%2F%2Fmeier-gerdingh.de%2Fwp-spd-ob%2Ftermine%2Flandtag-nrw-plenartag-19%2F&title=Landtag%20NRW%3A%20Plenartag&summary=--\" target=\"_blank\" title=\"Auf Linkedin teilen\"><i class=\"fa fab fa-linkedin\"><\/i><\/a><\/div><div class='evo_sm Whatsapp'><a class=\"wa evo_ss\" href=\"https:\/\/api.whatsapp.com\/send?text=https%3A%2F%2Fmeier-gerdingh.de%2Fwp-spd-ob%2Ftermine%2Flandtag-nrw-plenartag-19%2F\"\r\n\t\t\t\t        data-action=\"share\/whatsapp\/share\" target=\"_blank\" title=\"Auf WhatsApp teilen\"><i class=\"fa fab fa-whatsapp\"><\/i><\/a><\/div><div class='evo_sm EmailShare'><a class=\"em evo_ss\" href=\"mailto:?subject=Landtag%20NRW%3A%20Plenartag&body=Event Name: Landtag%20NRW%3A%20Plenartag%0AEvent Date: 14. Oktober 2026 10:00%0ALink: https%3A%2F%2Fmeier-gerdingh.de%2Fwp-spd-ob%2Ftermine%2Flandtag-nrw-plenartag-19%2F%0A\" target=\"_blank\"><i class=\"fa fa-envelope\"><\/i><\/a><\/div><\/div><\/div><\/div><div class='evo_card_row_end evcal_close' title='Schlie\u00dfen'><\/div><\/div><div class='clear end'><\/div><\/div><div id=\"event_13288_0\" class=\"eventon_list_event evo_eventtop scheduled  event clrD no_et event_13288_0\" data-event_id=\"13288\" data-ri=\"0r\" data-time=\"1792058400-1792108740\" data-colr=\"#298a20\" itemscope itemtype='http:\/\/schema.org\/Event'><div class=\"evo_event_schema\" style=\"display:none\" ><a itemprop='url'  href='https:\/\/meier-gerdingh.de\/wp-spd-ob\/termine\/landtag-nrw-plenartag-20\/'><\/a><meta itemprop='image'  \/><meta itemprop='startDate' content=\"2026-10-15T10:00+2:00\" \/><meta itemprop='endDate' content=\"2026-10-15T23:59+2:00\" \/><meta itemprop='eventStatus' content=\"https:\/\/schema.org\/EventScheduled\" \/><item style=\"display:none\" itemprop=\"location\" itemscope itemtype=\"http:\/\/schema.org\/Place\"><span itemprop=\"name\">Landtag von Nordrhein-Westfalen<\/span><span itemprop=\"address\" itemscope itemtype=\"http:\/\/schema.org\/PostalAddress\"><item itemprop=\"streetAddress\">Platz des Landtags 1, 40221 D\u00fcsseldorf<\/item><\/span><\/item><item style=\"display:none\" itemprop=\"eventAttendanceMode\" itemscope itemtype=\"https:\/\/schema.org\/OfflineEventAttendanceMode\"><\/item><script type=\"application\/ld+json\">{\"@context\": \"http:\/\/schema.org\",\"@type\": \"Event\",\n\t\t\t\t\"@id\": \"event_13288_0\",\n\t\t\t\t\"eventAttendanceMode\":\"https:\/\/schema.org\/OfflineEventAttendanceMode\",\n\t\t\t\t\"eventStatus\":\"https:\/\/schema.org\/EventScheduled\",\n\t\t\t\t\"name\": \"Landtag NRW: Plenartag\",\n\t\t\t\t\"url\": \"https:\/\/meier-gerdingh.de\/wp-spd-ob\/termine\/landtag-nrw-plenartag-20\/\",\n\t\t\t\t\"startDate\": \"2026-10-15T10:00+2:00\",\n\t\t\t\t\"endDate\": \"2026-10-15T23:59+2:00\",\n\t\t\t\t\"image\":\"\", \n\t\t\t\t\"description\":\"'Landtag NRW: Plenartag'\",\"location\":[{\"@type\":\"Place\",\"name\":\"Landtag von Nordrhein-Westfalen\",\"address\":{\"@type\": \"PostalAddress\",\"streetAddress\":\"Platz des Landtags 1, 40221 D\u00fcsseldorf\"}}]}<\/script><\/div>\r\n\t\t\t\t<p class=\"desc_trig_outter\" style=\"\"><a data-gmtrig=\"1\" data-exlk=\"0\" style=\"background-color: #298a20;\" id=\"evc_179205840013288\" class=\"desc_trig evo_landtag-nrw sin_val evcal_list_a\" data-ux_val=\"1\" data-ux_val_mob=\"-\"  ><span class='evoet_c2 evoet_cx '><span class='evoet_dayblock evcal_cblock ' data-bgcolor='#298a20' data-smon='Oktober' data-syr='2026' data-bub=''><span class='evo_start '><em class='day'>Do<\/em><em class='date'>15<\/em><em class='month'>Okt<\/em><em class='time'>10:00<\/em><\/span><\/span><\/span><span class='evoet_c3 evoet_cx evcal_desc'><span class='evoet_title evcal_desc2 evcal_event_title' itemprop='name'>Landtag NRW: Plenartag<\/span><span class='event_location_attrs'  data-location_address=\"Platz des Landtags 1, 40221 D\u00fcsseldorf\" data-location_type=\"lonlat\" data-location_name=\"Landtag von Nordrhein-Westfalen\" data-location_url=\"https:\/\/meier-gerdingh.de\/wp-spd-ob\/event-location\/landtag-von-nordrhein-westfalen\/\" data-location_status=\"true\" data-latlng=\"51.218824,6.763339\"><\/span><span class='evoet_subtitle evo_below_title'><\/span><span class='evoet_time_expand level_3'><em class='evcal_time evo_tz_time'><i class='fa fa-clock-o'><\/i>10:00 Uhr<\/em> <\/span><span class='evoet_location level_3'><em class=\"evcal_location\"  data-latlng=\"51.218824,6.763339\" data-add_str=\"\" data-n=\"Landtag von Nordrhein-Westfalen\"><i class=\"fa fa-location-pin\"><\/i><em class=\"event_location_name\">Landtag von Nordrhein-Westfalen<\/em><\/em><\/span><span class='evoet_eventtypes level_4 evcal_event_types ett1'><em><i>Veranstalter: <\/i><\/em><em data-filter='event_type' data-v='Landtag NRW' data-id='932' class='evoetet_val evoet_dataval'>Landtag NRW<\/em><\/span><\/span><span class='evoet_data' data-d=\"{&quot;loc.n&quot;:&quot;Landtag von Nordrhein-Westfalen&quot;,&quot;orgs&quot;:[],&quot;tags&quot;:[]}\" data-bgc=\"#298a20\" data-bggrad=\"\" ><\/span><\/a><\/p><div class=\"event_description evcal_eventcard evo_landtag-nrw \" style=\"display:none\"><div class='evocard_row bx2 bx'><div id='event_time' class='evocard_box time' data-c='' \n\t\t\t\t\tstyle=''><div class='evo_metarow_time evorow evcal_evdata_row evcal_evrow_sm '>\n\t\t<span class='evcal_evdata_icons'><i class='fa fa-clock-o'><\/i><\/span>\n\t\t<div class='evcal_evdata_cell'>\t\t\t\t\t\t\t\n\t\t\t<h3 class='evo_h3'><span class='evcal_evdata_icons'><i class='fa fa-clock-o'><\/i><\/span>Datum:<\/h3><p><span class='evo_eventcard_time_t'>15. Oktober 2026 10:00 Uhr<\/span><\/p>\n\t\t<\/div>\n\t<\/div><\/div><div id='event_location' class='evocard_box location' data-c='' \n\t\t\t\t\tstyle=''><div class='evcal_evdata_row evo_metarow_time_location evorow '>\n\t\t\n\t\t\t<span class='evcal_evdata_icons'><i class='fa fa-map-marker'><\/i><\/span>\n\t\t\t<div class='evcal_evdata_cell' data-loc_tax_id='931'><h3 class='evo_h3 evodfx'><span class='evcal_evdata_icons'><i class='fa fa-map-marker'><\/i><\/span>Ort:<\/h3><p class='evo_location_name'>Landtag von Nordrhein-Westfalen<\/p><p class='evo_location_address'>Platz des Landtags 1, 40221 D\u00fcsseldorf<\/p><div class='padt10'><span class='evo_btn_arr evolb_trigger' data-lbvals=\"{&quot;lbc&quot;:&quot;evo_location_lb_931&quot;,&quot;lbac&quot;:&quot;lb_max&quot;,&quot;t&quot;:&quot;Landtag von Nordrhein-Westfalen&quot;,&quot;ajax&quot;:&quot;yes&quot;,&quot;ajax_type&quot;:&quot;endpoint&quot;,&quot;ajax_action&quot;:&quot;eventon_get_tax_card_content&quot;,&quot;end&quot;:&quot;client&quot;,&quot;d&quot;:{&quot;lang&quot;:&quot;L1&quot;,&quot;term_id&quot;:931,&quot;tax&quot;:&quot;event_location&quot;,&quot;load_lbcontent&quot;:true}}\" >Andere Ereignisse<i class='fa fa-chevron-right'><\/i><\/span><\/div><\/div>\n\t\t\n\t<\/div><\/div><\/div><div class='evocard_row'><div id='event_addtocal' class='evocard_box addtocal' data-c='' \n\t\t\t\t\tstyle=''><div class='evo_metarow_ICS evorow evcal_evdata_row'>\n\t\t\t\t\t\t\t\t\t<span class='evcal_evdata_icons'><i class='fa fa-calendar-o'><\/i><\/span>\n\t\t\t\t\t\t\t\t\t<div class='evcal_evdata_cell'>\n\t\t\t\t\t\t\t\t\t\t<p><a href='https:\/\/meier-gerdingh.de\/wp-spd-ob\/wp-admin\/admin-ajax.php?action=eventon_ics_download&event_id=13288&ri=0&nonce=be2ac1e3c9' class='evo_ics_nCal' title='Zum Kalender hinzuf\u00fcgen'>Kalender<\/a><a href='\/\/www.google.com\/calendar\/event?action=TEMPLATE&amp;text=Landtag+NRW%3A+Plenartag&amp;dates=20261015T100000Z\/20261015T235900Z&amp;ctz=UTC&amp;details=Landtag+NRW%3A+Plenartag&amp;location=Landtag+von+Nordrhein-WestfalenPlatz+des+Landtags+1%2C+40221+D%C3%BCsseldorf' target='_blank' class='evo_ics_gCal' title='Zum Google-Kalender hinzuf\u00fcgen'>Google-Kalender<\/a><\/p>\t\n\t\t\t\t\t\t\t\t\t<\/div>\n\t\t\t\t\t\t\t\t<\/div><\/div><\/div><div class='evocard_row'><div id='event_gmap' class='evocard_box gmap' data-c='' \n\t\t\t\t\tstyle=''><div class='evo_metarow_gmap evcal_evdata_row evorow evcal_gmaps evc17920584006a9cc4c078e8f13288_gmap place' id='evc17920584006a9cc4c078e8f13288_gmap' style='max-width:none' data-address=\"Platz des Landtags 1, 40221 D\u00fcsseldorf\" data-latlng=\"51.218824,6.763339\" data-location_type=\"place\" data-scroll=\"yes\" data-mty=\"roadmap\" data-zoom=\"16\" data-mapIcon=\"\" data-delay=\"400\" data-map_canvas_id=\"evc17920584006a9cc4c078e8f13288_gmap\" >\n\t\t<span class='evo_map_load_out evoposr evodb evobr15'>\n\t\t<i class='fa fa-map-marker evoposa'><\/i><span class='evo_map_load evoposr evodb'>\t\t\t\t\t\n\t\t\t\t\t<i class='a'><\/i>\n\t\t\t\t\t<i class='b'><\/i>\n\t\t\t\t\t<i class='c'><\/i>\n\t\t\t\t\t<i class='d'><\/i>\n\t\t\t\t\t<i class='e'><\/i>\n\t\t\t\t\t<i class='f'><\/i>\n\t\t\t\t<\/span><\/span><\/div><\/div><\/div><div class='evocard_row'><div id='event_getdirection' class='evocard_box getdirection' data-c='' \n\t\t\t\t\tstyle=''><div class='evo_metarow_getDr evorow evcal_evdata_row evcal_evrow_sm getdirections'>\n\t\t<form action='https:\/\/maps.google.com\/maps' method='get' target='_blank'>\n\t\t\t<input type='hidden' name='daddr' value=\"Platz des Landtags 1, 40221 D\u00fcsseldorf\"\/> \n\t\t\t<div class='evo_get_direction_content evo_fx_dr_r evogap10'>\n\t\t\t\t<span class='evogetdir_header evodfx evofx_dr_r evofx_ai_c marr10'>\n\t\t\t\t\t<i class='mainicon fa fa-road'><\/i> \n\t\t\t\t\t<h3 class='evo_h3' style='padding-bottom:5px;'>Routenplaner<\/h3>\n\t\t\t\t<\/span>\n\t\t\t\t<span class='evogetdir_field evodfx evofx_1_1 evo_fx_dr_c evow100p'>\t\t\t\t\t\n\t\t\t\t\t<input class='evoInput evotac' type='text' name='saddr' placeholder='Geben Sie Ihre Adresse ein' value='' style='margin:10px 0;'\/>\n\t\t\t\t<\/span>\n\t\t\t\t<button type='submit' class='evo_get_direction_button evo_btn_arr_circ dfx fx_ai_c' title='Hier klicken f\u00fcr Route'><i class='fa fa-chevron-right'><\/i> <\/button>\n\t\t\t<\/div>\n\t\t<\/form>\n\t<\/div><\/div><\/div><div class='evocard_row'><div id='event_evosocial' class='evocard_box evosocial' data-c='' \n\t\t\t\t\tstyle=''><div class='evo_metarow_socialmedia evcal_evdata_row '><div class='evo_sm FacebookShare'><a class=\" evo_ss\" target=\"_blank\" onclick=\"javascript:window.open(this.href, '', 'left=50,top=50,width=600,height=350,toolbar=0');return false;\"\r\n\t\t\t\t\t\thref=\"\/\/www.facebook.com\/sharer.php?u=https%3A%2F%2Fmeier-gerdingh.de%2Fwp-spd-ob%2Ftermine%2Flandtag-nrw-plenartag-20%2F\" title=\"Auf Facebook teilen\"><i class=\"fa fab fa-facebook\"><\/i><\/a><\/div><div class='evo_sm Twitter'><a class=\"tw evo_ss\" onclick=\"javascript:window.open(this.href, '', 'menubar=no,toolbar=no,resizable=yes,scrollbars=yes,height=300,width=600');return false;\" href=\"\/\/twitter.com\/intent\/tweet?text=Landtag NRW: Plenartag&#32;-&#32;&url=https%3A%2F%2Fmeier-gerdingh.de%2Fwp-spd-ob%2Ftermine%2Flandtag-nrw-plenartag-20%2F\" title=\"Auf X teilen\" rel=\"nofollow\" target=\"_blank\" data-url=\"https%3A%2F%2Fmeier-gerdingh.de%2Fwp-spd-ob%2Ftermine%2Flandtag-nrw-plenartag-20%2F\"><i class=\"fa fab fa-x-twitter\"><\/i><\/a><\/div><div class='evo_sm LinkedIn'><a class=\"li evo_ss\" href=\"\/\/www.linkedin.com\/shareArticle?mini=true&url=https%3A%2F%2Fmeier-gerdingh.de%2Fwp-spd-ob%2Ftermine%2Flandtag-nrw-plenartag-20%2F&title=Landtag%20NRW%3A%20Plenartag&summary=--\" target=\"_blank\" title=\"Auf Linkedin teilen\"><i class=\"fa fab fa-linkedin\"><\/i><\/a><\/div><div class='evo_sm Whatsapp'><a class=\"wa evo_ss\" href=\"https:\/\/api.whatsapp.com\/send?text=https%3A%2F%2Fmeier-gerdingh.de%2Fwp-spd-ob%2Ftermine%2Flandtag-nrw-plenartag-20%2F\"\r\n\t\t\t\t        data-action=\"share\/whatsapp\/share\" target=\"_blank\" title=\"Auf WhatsApp teilen\"><i class=\"fa fab fa-whatsapp\"><\/i><\/a><\/div><div class='evo_sm EmailShare'><a class=\"em evo_ss\" href=\"mailto:?subject=Landtag%20NRW%3A%20Plenartag&body=Event Name: Landtag%20NRW%3A%20Plenartag%0AEvent Date: 15. Oktober 2026 10:00%0ALink: https%3A%2F%2Fmeier-gerdingh.de%2Fwp-spd-ob%2Ftermine%2Flandtag-nrw-plenartag-20%2F%0A\" target=\"_blank\"><i class=\"fa fa-envelope\"><\/i><\/a><\/div><\/div><\/div><\/div><div class='evo_card_row_end evcal_close' title='Schlie\u00dfen'><\/div><\/div><div class='clear end'><\/div><\/div><\/div><div class='evcal_month_line' data-d='eml_11_2026' data-su='1793491200'><p>November 2026<\/p><\/div><div class='sep_month_events ' data-d='eml_11_2026'><div id=\"event_13126_0\" class=\"eventon_list_event evo_eventtop scheduled  event clrD no_et event_13126_0\" data-event_id=\"13126\" data-ri=\"0r\" data-time=\"1793631600-1793663940\" data-colr=\"#6e7ebe\" itemscope itemtype='http:\/\/schema.org\/Event'><div class=\"evo_event_schema\" style=\"display:none\" ><a itemprop='url'  href='https:\/\/meier-gerdingh.de\/wp-spd-ob\/termine\/haupt-und-finanzausschuss-6\/'><\/a><meta itemprop='image'  \/><meta itemprop='startDate' content=\"2026-11-2T15:00+2:00\" \/><meta itemprop='endDate' content=\"2026-11-2T23:59+2:00\" \/><meta itemprop='eventStatus' content=\"https:\/\/schema.org\/EventScheduled\" \/><item style=\"display:none\" itemprop=\"location\" itemscope itemtype=\"http:\/\/schema.org\/Place\"><span itemprop=\"name\">Rathaus Oberhausen (Ratssaal)<\/span><span itemprop=\"address\" itemscope itemtype=\"http:\/\/schema.org\/PostalAddress\"><item itemprop=\"streetAddress\">Schwartzstr. 72, 46045 Oberhausen<\/item><\/span><\/item><item style=\"display:none\" itemprop=\"eventAttendanceMode\" itemscope itemtype=\"https:\/\/schema.org\/OfflineEventAttendanceMode\"><\/item><script type=\"application\/ld+json\">{\"@context\": \"http:\/\/schema.org\",\"@type\": \"Event\",\n\t\t\t\t\"@id\": \"event_13126_0\",\n\t\t\t\t\"eventAttendanceMode\":\"https:\/\/schema.org\/OfflineEventAttendanceMode\",\n\t\t\t\t\"eventStatus\":\"https:\/\/schema.org\/EventScheduled\",\n\t\t\t\t\"name\": \"Haupt- und Finanzausschuss\",\n\t\t\t\t\"url\": \"https:\/\/meier-gerdingh.de\/wp-spd-ob\/termine\/haupt-und-finanzausschuss-6\/\",\n\t\t\t\t\"startDate\": \"2026-11-2T15:00+2:00\",\n\t\t\t\t\"endDate\": \"2026-11-2T23:59+2:00\",\n\t\t\t\t\"image\":\"\", \n\t\t\t\t\"description\":\"'Haupt- und Finanzausschuss'\",\"location\":[{\"@type\":\"Place\",\"name\":\"Rathaus Oberhausen (Ratssaal)\",\"address\":{\"@type\": \"PostalAddress\",\"streetAddress\":\"Schwartzstr. 72, 46045 Oberhausen\"}}]}<\/script><\/div>\r\n\t\t\t\t<p class=\"desc_trig_outter\" style=\"\"><a data-gmtrig=\"1\" data-exlk=\"0\" style=\"background-color: #6e7ebe;\" id=\"evc_179363160013126\" class=\"desc_trig evo_haupt-und-finanzausschuss evo_stadt-oberhausen sin_val evcal_list_a\" data-ux_val=\"1\" data-ux_val_mob=\"-\"  ><span class='evoet_c2 evoet_cx '><span class='evoet_dayblock evcal_cblock ' data-bgcolor='#6e7ebe' data-smon='November' data-syr='2026' data-bub=''><span class='evo_start '><em class='day'>Mo<\/em><em class='date'>02<\/em><em class='month'>Nov<\/em><em class='time'>15:00<\/em><\/span><\/span><\/span><span class='evoet_c3 evoet_cx evcal_desc'><span class='evoet_title evcal_desc2 evcal_event_title' itemprop='name'>Haupt- und Finanzausschuss<\/span><span class='event_location_attrs'  data-location_address=\"Schwartzstr. 72, 46045 Oberhausen\" data-location_type=\"lonlat\" data-location_name=\"Rathaus Oberhausen (Ratssaal)\" data-location_url=\"https:\/\/meier-gerdingh.de\/wp-spd-ob\/event-location\/rathaus-oberhausen-ratssaal\/\" data-location_status=\"true\" data-latlng=\"51.474107, 6.860272\"><\/span><span class='evoet_subtitle evo_below_title'><\/span><span class='evoet_time_expand level_3'><em class='evcal_time evo_tz_time'><i class='fa fa-clock-o'><\/i>15:00 Uhr<\/em> <\/span><span class='evoet_location level_3'><em class=\"evcal_location\"  data-latlng=\"51.474107, 6.860272\" data-add_str=\"\" data-n=\"Rathaus Oberhausen (Ratssaal)\"><i class=\"fa fa-location-pin\"><\/i><em class=\"event_location_name\">Rathaus Oberhausen (Ratssaal)<\/em><\/em><\/span><span class='evoet_eventtypes level_4 evcal_event_types ett2'><em><i>Veranstalter: <\/i><\/em><em data-filter='event_type' data-v='Haupt- und Finanzausschuss' data-id='2626' class='evoetet_val evoet_dataval'>Haupt- und Finanzausschuss,<\/em><em data-filter='event_type' data-v='Stadt Oberhausen' data-id='506' class='evoetet_val evoet_dataval'>Stadt Oberhausen<\/em><\/span><\/span><span class='evoet_data' data-d=\"{&quot;loc.n&quot;:&quot;Rathaus Oberhausen (Ratssaal)&quot;,&quot;orgs&quot;:[],&quot;tags&quot;:[]}\" data-bgc=\"#6e7ebe\" data-bggrad=\"\" ><\/span><\/a><\/p><div class=\"event_description evcal_eventcard evo_haupt-und-finanzausschuss evo_stadt-oberhausen \" style=\"display:none\"><div class='evocard_row bx2 bx'><div id='event_time' class='evocard_box time' data-c='' \n\t\t\t\t\tstyle=''><div class='evo_metarow_time evorow evcal_evdata_row evcal_evrow_sm '>\n\t\t<span class='evcal_evdata_icons'><i class='fa fa-clock-o'><\/i><\/span>\n\t\t<div class='evcal_evdata_cell'>\t\t\t\t\t\t\t\n\t\t\t<h3 class='evo_h3'><span class='evcal_evdata_icons'><i class='fa fa-clock-o'><\/i><\/span>Datum:<\/h3><p><span class='evo_eventcard_time_t'>2. November 2026 15:00 Uhr<\/span><\/p>\n\t\t<\/div>\n\t<\/div><\/div><div id='event_location' class='evocard_box location' data-c='' \n\t\t\t\t\tstyle=''><div class='evcal_evdata_row evo_metarow_time_location evorow '>\n\t\t\n\t\t\t<span class='evcal_evdata_icons'><i class='fa fa-map-marker'><\/i><\/span>\n\t\t\t<div class='evcal_evdata_cell' data-loc_tax_id='514'><h3 class='evo_h3 evodfx'><span class='evcal_evdata_icons'><i class='fa fa-map-marker'><\/i><\/span>Ort:<\/h3><p class='evo_location_name'>Rathaus Oberhausen (Ratssaal)<\/p><p class='evo_location_address'>Schwartzstr. 72, 46045 Oberhausen<\/p><div class='padt10'><span class='evo_btn_arr evolb_trigger' data-lbvals=\"{&quot;lbc&quot;:&quot;evo_location_lb_514&quot;,&quot;lbac&quot;:&quot;lb_max&quot;,&quot;t&quot;:&quot;Rathaus Oberhausen (Ratssaal)&quot;,&quot;ajax&quot;:&quot;yes&quot;,&quot;ajax_type&quot;:&quot;endpoint&quot;,&quot;ajax_action&quot;:&quot;eventon_get_tax_card_content&quot;,&quot;end&quot;:&quot;client&quot;,&quot;d&quot;:{&quot;lang&quot;:&quot;L1&quot;,&quot;term_id&quot;:514,&quot;tax&quot;:&quot;event_location&quot;,&quot;load_lbcontent&quot;:true}}\" >Andere Ereignisse<i class='fa fa-chevron-right'><\/i><\/span><\/div><\/div>\n\t\t\n\t<\/div><\/div><\/div><div class='evocard_row'><div id='event_addtocal' class='evocard_box addtocal' data-c='' \n\t\t\t\t\tstyle=''><div class='evo_metarow_ICS evorow evcal_evdata_row'>\n\t\t\t\t\t\t\t\t\t<span class='evcal_evdata_icons'><i class='fa fa-calendar-o'><\/i><\/span>\n\t\t\t\t\t\t\t\t\t<div class='evcal_evdata_cell'>\n\t\t\t\t\t\t\t\t\t\t<p><a href='https:\/\/meier-gerdingh.de\/wp-spd-ob\/wp-admin\/admin-ajax.php?action=eventon_ics_download&event_id=13126&ri=0&nonce=be2ac1e3c9' class='evo_ics_nCal' title='Zum Kalender hinzuf\u00fcgen'>Kalender<\/a><a href='\/\/www.google.com\/calendar\/event?action=TEMPLATE&amp;text=Haupt-+und+Finanzausschuss&amp;dates=20261102T150000Z\/20261102T235900Z&amp;ctz=UTC&amp;details=Haupt-+und+Finanzausschuss&amp;location=Rathaus+Oberhausen+%28Ratssaal%29Schwartzstr.+72%2C+46045+Oberhausen' target='_blank' class='evo_ics_gCal' title='Zum Google-Kalender hinzuf\u00fcgen'>Google-Kalender<\/a><\/p>\t\n\t\t\t\t\t\t\t\t\t<\/div>\n\t\t\t\t\t\t\t\t<\/div><\/div><\/div><div class='evocard_row'><div id='event_gmap' class='evocard_box gmap' data-c='' \n\t\t\t\t\tstyle=''><div class='evo_metarow_gmap evcal_evdata_row evorow evcal_gmaps evc17936316006a9cc4c07bceb13126_gmap ' id='evc17936316006a9cc4c07bceb13126_gmap' style='max-width:none' data-address=\"Schwartzstr. 72, 46045 Oberhausen\" data-latlng=\"51.474107, 6.860272\" data-location_type=\"\" data-scroll=\"yes\" data-mty=\"roadmap\" data-zoom=\"16\" data-mapIcon=\"\" data-delay=\"400\" data-map_canvas_id=\"evc17936316006a9cc4c07bceb13126_gmap\" >\n\t\t<span class='evo_map_load_out evoposr evodb evobr15'>\n\t\t<i class='fa fa-map-marker evoposa'><\/i><span class='evo_map_load evoposr evodb'>\t\t\t\t\t\n\t\t\t\t\t<i class='a'><\/i>\n\t\t\t\t\t<i class='b'><\/i>\n\t\t\t\t\t<i class='c'><\/i>\n\t\t\t\t\t<i class='d'><\/i>\n\t\t\t\t\t<i class='e'><\/i>\n\t\t\t\t\t<i class='f'><\/i>\n\t\t\t\t<\/span><\/span><\/div><\/div><\/div><div class='evocard_row'><div id='event_getdirection' class='evocard_box getdirection' data-c='' \n\t\t\t\t\tstyle=''><div class='evo_metarow_getDr evorow evcal_evdata_row evcal_evrow_sm getdirections'>\n\t\t<form action='https:\/\/maps.google.com\/maps' method='get' target='_blank'>\n\t\t\t<input type='hidden' name='daddr' value=\"Schwartzstr. 72, 46045 Oberhausen\"\/> \n\t\t\t<div class='evo_get_direction_content evo_fx_dr_r evogap10'>\n\t\t\t\t<span class='evogetdir_header evodfx evofx_dr_r evofx_ai_c marr10'>\n\t\t\t\t\t<i class='mainicon fa fa-road'><\/i> \n\t\t\t\t\t<h3 class='evo_h3' style='padding-bottom:5px;'>Routenplaner<\/h3>\n\t\t\t\t<\/span>\n\t\t\t\t<span class='evogetdir_field evodfx evofx_1_1 evo_fx_dr_c evow100p'>\t\t\t\t\t\n\t\t\t\t\t<input class='evoInput evotac' type='text' name='saddr' placeholder='Geben Sie Ihre Adresse ein' value='' style='margin:10px 0;'\/>\n\t\t\t\t<\/span>\n\t\t\t\t<button type='submit' class='evo_get_direction_button evo_btn_arr_circ dfx fx_ai_c' title='Hier klicken f\u00fcr Route'><i class='fa fa-chevron-right'><\/i> <\/button>\n\t\t\t<\/div>\n\t\t<\/form>\n\t<\/div><\/div><\/div><div class='evocard_row'><div id='event_evosocial' class='evocard_box evosocial' data-c='' \n\t\t\t\t\tstyle=''><div class='evo_metarow_socialmedia evcal_evdata_row '><div class='evo_sm FacebookShare'><a class=\" evo_ss\" target=\"_blank\" onclick=\"javascript:window.open(this.href, '', 'left=50,top=50,width=600,height=350,toolbar=0');return false;\"\r\n\t\t\t\t\t\thref=\"\/\/www.facebook.com\/sharer.php?u=https%3A%2F%2Fmeier-gerdingh.de%2Fwp-spd-ob%2Ftermine%2Fhaupt-und-finanzausschuss-6%2F\" title=\"Auf Facebook teilen\"><i class=\"fa fab fa-facebook\"><\/i><\/a><\/div><div class='evo_sm Twitter'><a class=\"tw evo_ss\" onclick=\"javascript:window.open(this.href, '', 'menubar=no,toolbar=no,resizable=yes,scrollbars=yes,height=300,width=600');return false;\" href=\"\/\/twitter.com\/intent\/tweet?text=Haupt- und Finanzausschuss&#32;-&#32;&url=https%3A%2F%2Fmeier-gerdingh.de%2Fwp-spd-ob%2Ftermine%2Fhaupt-und-finanzausschuss-6%2F\" title=\"Auf X teilen\" rel=\"nofollow\" target=\"_blank\" data-url=\"https%3A%2F%2Fmeier-gerdingh.de%2Fwp-spd-ob%2Ftermine%2Fhaupt-und-finanzausschuss-6%2F\"><i class=\"fa fab fa-x-twitter\"><\/i><\/a><\/div><div class='evo_sm LinkedIn'><a class=\"li evo_ss\" href=\"\/\/www.linkedin.com\/shareArticle?mini=true&url=https%3A%2F%2Fmeier-gerdingh.de%2Fwp-spd-ob%2Ftermine%2Fhaupt-und-finanzausschuss-6%2F&title=Haupt-%20und%20Finanzausschuss&summary=--\" target=\"_blank\" title=\"Auf Linkedin teilen\"><i class=\"fa fab fa-linkedin\"><\/i><\/a><\/div><div class='evo_sm Whatsapp'><a class=\"wa evo_ss\" href=\"https:\/\/api.whatsapp.com\/send?text=https%3A%2F%2Fmeier-gerdingh.de%2Fwp-spd-ob%2Ftermine%2Fhaupt-und-finanzausschuss-6%2F\"\r\n\t\t\t\t        data-action=\"share\/whatsapp\/share\" target=\"_blank\" title=\"Auf WhatsApp teilen\"><i class=\"fa fab fa-whatsapp\"><\/i><\/a><\/div><div class='evo_sm EmailShare'><a class=\"em evo_ss\" href=\"mailto:?subject=Haupt-%20und%20Finanzausschuss&body=Event Name: Haupt-%20und%20Finanzausschuss%0AEvent Date: 2. November 2026 15:00%0ALink: https%3A%2F%2Fmeier-gerdingh.de%2Fwp-spd-ob%2Ftermine%2Fhaupt-und-finanzausschuss-6%2F%0A\" target=\"_blank\"><i class=\"fa fa-envelope\"><\/i><\/a><\/div><\/div><\/div><\/div><div class='evo_card_row_end evcal_close' title='Schlie\u00dfen'><\/div><\/div><div class='clear end'><\/div><\/div><div id=\"event_13361_0\" class=\"eventon_list_event evo_eventtop scheduled  event clrD event_13361_0\" data-event_id=\"13361\" data-ri=\"0r\" data-time=\"1793894400-1793901600\" data-colr=\"#0f2cad\" itemscope itemtype='http:\/\/schema.org\/Event'><div class=\"evo_event_schema\" style=\"display:none\" ><a itemprop='url'  href='https:\/\/meier-gerdingh.de\/wp-spd-ob\/termine\/ak-soziales-5\/'><\/a><meta itemprop='image'  \/><meta itemprop='startDate' content=\"2026-11-5T16:00+2:00\" \/><meta itemprop='endDate' content=\"2026-11-5T18:00+2:00\" \/><meta itemprop='eventStatus' content=\"https:\/\/schema.org\/EventScheduled\" \/><item style=\"display:none\" itemprop=\"location\" itemscope itemtype=\"http:\/\/schema.org\/Place\"><span itemprop=\"name\">Sitzungssaal der SPD-Fraktion (Eingang Raum 370)<\/span><span itemprop=\"address\" itemscope itemtype=\"http:\/\/schema.org\/PostalAddress\"><item itemprop=\"streetAddress\">Rathaus Oberhausen, Schwartzstr. 72, 46045 Oberhausen<\/item><\/span><\/item><item style=\"display:none\" itemprop=\"eventAttendanceMode\" itemscope itemtype=\"https:\/\/schema.org\/OfflineEventAttendanceMode\"><\/item><script type=\"application\/ld+json\">{\"@context\": \"http:\/\/schema.org\",\"@type\": \"Event\",\n\t\t\t\t\"@id\": \"event_13361_0\",\n\t\t\t\t\"eventAttendanceMode\":\"https:\/\/schema.org\/OfflineEventAttendanceMode\",\n\t\t\t\t\"eventStatus\":\"https:\/\/schema.org\/EventScheduled\",\n\t\t\t\t\"name\": \"AK Soziales\",\n\t\t\t\t\"url\": \"https:\/\/meier-gerdingh.de\/wp-spd-ob\/termine\/ak-soziales-5\/\",\n\t\t\t\t\"startDate\": \"2026-11-5T16:00+2:00\",\n\t\t\t\t\"endDate\": \"2026-11-5T18:00+2:00\",\n\t\t\t\t\"image\":\"\", \n\t\t\t\t\"description\":\"'AK Soziales'\",\"location\":[{\"@type\":\"Place\",\"name\":\"Sitzungssaal der SPD-Fraktion (Eingang Raum 370)\",\"address\":{\"@type\": \"PostalAddress\",\"streetAddress\":\"Rathaus Oberhausen, Schwartzstr. 72, 46045 Oberhausen\"}}]}<\/script><\/div>\r\n\t\t\t\t<p class=\"desc_trig_outter\" style=\"\"><a data-gmtrig=\"1\" data-exlk=\"0\" style=\"background-color: #0f2cad;\" id=\"evc_179389440013361\" class=\"desc_trig evo_ak-soziales evo_spd-fraktion-oberhausen sin_val evcal_list_a\" data-ux_val=\"1\" data-ux_val_mob=\"-\"  ><span class='evoet_c2 evoet_cx '><span class='evoet_dayblock evcal_cblock ' data-bgcolor='#0f2cad' data-smon='November' data-syr='2026' data-bub=''><span class='evo_start '><em class='day'>Do<\/em><em class='date'>05<\/em><em class='month'>Nov<\/em><em class='time'>16:00<\/em><\/span><span class='evo_end only_time'><em class='day'>Do<\/em><em class='time'>18:00<\/em><\/span><\/span><\/span><span class='evoet_c3 evoet_cx evcal_desc'><span class='evoet_title evcal_desc2 evcal_event_title' itemprop='name'>AK Soziales<\/span><span class='event_location_attrs'  data-location_address=\"Rathaus Oberhausen, Schwartzstr. 72, 46045 Oberhausen\" data-location_type=\"lonlat\" data-location_name=\"Sitzungssaal der SPD-Fraktion (Eingang Raum 370)\" data-location_url=\"https:\/\/meier-gerdingh.de\/wp-spd-ob\/event-location\/sitzungssaal-der-spd-fraktion-eingang-raum-370\/\" data-location_status=\"true\" data-latlng=\"51.473999,6.861205\"><\/span><span class='evoet_subtitle evo_below_title'><\/span><span class='evoet_time_expand level_3'><em class='evcal_time evo_tz_time'><i class='fa fa-clock-o'><\/i>16:00 - 18:00 Uhr<\/em> <\/span><span class='evoet_location level_3'><em class=\"evcal_location\"  data-latlng=\"51.473999,6.861205\" data-add_str=\"\" data-n=\"Sitzungssaal der SPD-Fraktion (Eingang Raum 370)\"><i class=\"fa fa-location-pin\"><\/i><em class=\"event_location_name\">Sitzungssaal der SPD-Fraktion (Eingang Raum 370)<\/em><\/em><\/span><span class='evoet_eventtypes level_4 evcal_event_types ett2'><em><i>Veranstalter: <\/i><\/em><em data-filter='event_type' data-v='AK Soziales' data-id='641' class='evoetet_val evoet_dataval'>AK Soziales,<\/em><em data-filter='event_type' data-v='SPD-Fraktion Oberhausen' data-id='510' class='evoetet_val evoet_dataval'>SPD-Fraktion Oberhausen<\/em><\/span><\/span><span class='evoet_data' data-d=\"{&quot;loc.n&quot;:&quot;Sitzungssaal der SPD-Fraktion (Eingang Raum 370)&quot;,&quot;orgs&quot;:[],&quot;tags&quot;:[]}\" data-bgc=\"#0f2cad\" data-bggrad=\"\" ><\/span><\/a><\/p><div class=\"event_description evcal_eventcard evo_ak-soziales evo_spd-fraktion-oberhausen \" style=\"display:none\"><div class='evocard_row bx2 bx'><div id='event_time' class='evocard_box time' data-c='' \n\t\t\t\t\tstyle=''><div class='evo_metarow_time evorow evcal_evdata_row evcal_evrow_sm '>\n\t\t<span class='evcal_evdata_icons'><i class='fa fa-clock-o'><\/i><\/span>\n\t\t<div class='evcal_evdata_cell'>\t\t\t\t\t\t\t\n\t\t\t<h3 class='evo_h3'><span class='evcal_evdata_icons'><i class='fa fa-clock-o'><\/i><\/span>Datum:<\/h3><p><span class='evo_eventcard_time_t'>5. November 2026 16:00 - 18:00 Uhr<\/span><\/p>\n\t\t<\/div>\n\t<\/div><\/div><div id='event_location' class='evocard_box location' data-c='' \n\t\t\t\t\tstyle=''><div class='evcal_evdata_row evo_metarow_time_location evorow '>\n\t\t\n\t\t\t<span class='evcal_evdata_icons'><i class='fa fa-map-marker'><\/i><\/span>\n\t\t\t<div class='evcal_evdata_cell' data-loc_tax_id='511'><h3 class='evo_h3 evodfx'><span class='evcal_evdata_icons'><i class='fa fa-map-marker'><\/i><\/span>Ort:<\/h3><p class='evo_location_name'>Sitzungssaal der SPD-Fraktion (Eingang Raum 370)<\/p><p class='evo_location_address'>Rathaus Oberhausen, Schwartzstr. 72, 46045 Oberhausen<\/p><div class='padt10'><span class='evo_btn_arr evolb_trigger' data-lbvals=\"{&quot;lbc&quot;:&quot;evo_location_lb_511&quot;,&quot;lbac&quot;:&quot;lb_max&quot;,&quot;t&quot;:&quot;Sitzungssaal der SPD-Fraktion (Eingang Raum 370)&quot;,&quot;ajax&quot;:&quot;yes&quot;,&quot;ajax_type&quot;:&quot;endpoint&quot;,&quot;ajax_action&quot;:&quot;eventon_get_tax_card_content&quot;,&quot;end&quot;:&quot;client&quot;,&quot;d&quot;:{&quot;lang&quot;:&quot;L1&quot;,&quot;term_id&quot;:511,&quot;tax&quot;:&quot;event_location&quot;,&quot;load_lbcontent&quot;:true}}\" >Andere Ereignisse<i class='fa fa-chevron-right'><\/i><\/span><\/div><\/div>\n\t\t\n\t<\/div><\/div><\/div><div class='evocard_row'><div id='event_addtocal' class='evocard_box addtocal' data-c='' \n\t\t\t\t\tstyle=''><div class='evo_metarow_ICS evorow evcal_evdata_row'>\n\t\t\t\t\t\t\t\t\t<span class='evcal_evdata_icons'><i class='fa fa-calendar-o'><\/i><\/span>\n\t\t\t\t\t\t\t\t\t<div class='evcal_evdata_cell'>\n\t\t\t\t\t\t\t\t\t\t<p><a href='https:\/\/meier-gerdingh.de\/wp-spd-ob\/wp-admin\/admin-ajax.php?action=eventon_ics_download&event_id=13361&ri=0&nonce=be2ac1e3c9' class='evo_ics_nCal' title='Zum Kalender hinzuf\u00fcgen'>Kalender<\/a><a href='\/\/www.google.com\/calendar\/event?action=TEMPLATE&amp;text=AK+Soziales&amp;dates=20261105T160000Z\/20261105T180000Z&amp;ctz=UTC&amp;details=AK+Soziales&amp;location=Sitzungssaal+der+SPD-Fraktion+%28Eingang+Raum+370%29Rathaus+Oberhausen%2C+Schwartzstr.+72%2C+46045+Oberhausen' target='_blank' class='evo_ics_gCal' title='Zum Google-Kalender hinzuf\u00fcgen'>Google-Kalender<\/a><\/p>\t\n\t\t\t\t\t\t\t\t\t<\/div>\n\t\t\t\t\t\t\t\t<\/div><\/div><\/div><div class='evocard_row'><div id='event_gmap' class='evocard_box gmap' data-c='' \n\t\t\t\t\tstyle=''><div class='evo_metarow_gmap evcal_evdata_row evorow evcal_gmaps evc17938944006a9cc4c07e85513361_gmap ' id='evc17938944006a9cc4c07e85513361_gmap' style='max-width:none' data-address=\"Rathaus Oberhausen, Schwartzstr. 72, 46045 Oberhausen\" data-latlng=\"51.473999,6.861205\" data-location_type=\"\" data-scroll=\"yes\" data-mty=\"roadmap\" data-zoom=\"16\" data-mapIcon=\"\" data-delay=\"400\" data-map_canvas_id=\"evc17938944006a9cc4c07e85513361_gmap\" >\n\t\t<span class='evo_map_load_out evoposr evodb evobr15'>\n\t\t<i class='fa fa-map-marker evoposa'><\/i><span class='evo_map_load evoposr evodb'>\t\t\t\t\t\n\t\t\t\t\t<i class='a'><\/i>\n\t\t\t\t\t<i class='b'><\/i>\n\t\t\t\t\t<i class='c'><\/i>\n\t\t\t\t\t<i class='d'><\/i>\n\t\t\t\t\t<i class='e'><\/i>\n\t\t\t\t\t<i class='f'><\/i>\n\t\t\t\t<\/span><\/span><\/div><\/div><\/div><div class='evocard_row'><div id='event_getdirection' class='evocard_box getdirection' data-c='' \n\t\t\t\t\tstyle=''><div class='evo_metarow_getDr evorow evcal_evdata_row evcal_evrow_sm getdirections'>\n\t\t<form action='https:\/\/maps.google.com\/maps' method='get' target='_blank'>\n\t\t\t<input type='hidden' name='daddr' value=\"Rathaus Oberhausen, Schwartzstr. 72, 46045 Oberhausen\"\/> \n\t\t\t<div class='evo_get_direction_content evo_fx_dr_r evogap10'>\n\t\t\t\t<span class='evogetdir_header evodfx evofx_dr_r evofx_ai_c marr10'>\n\t\t\t\t\t<i class='mainicon fa fa-road'><\/i> \n\t\t\t\t\t<h3 class='evo_h3' style='padding-bottom:5px;'>Routenplaner<\/h3>\n\t\t\t\t<\/span>\n\t\t\t\t<span class='evogetdir_field evodfx evofx_1_1 evo_fx_dr_c evow100p'>\t\t\t\t\t\n\t\t\t\t\t<input class='evoInput evotac' type='text' name='saddr' placeholder='Geben Sie Ihre Adresse ein' value='' style='margin:10px 0;'\/>\n\t\t\t\t<\/span>\n\t\t\t\t<button type='submit' class='evo_get_direction_button evo_btn_arr_circ dfx fx_ai_c' title='Hier klicken f\u00fcr Route'><i class='fa fa-chevron-right'><\/i> <\/button>\n\t\t\t<\/div>\n\t\t<\/form>\n\t<\/div><\/div><\/div><div class='evocard_row'><div id='event_evosocial' class='evocard_box evosocial' data-c='' \n\t\t\t\t\tstyle=''><div class='evo_metarow_socialmedia evcal_evdata_row '><div class='evo_sm FacebookShare'><a class=\" evo_ss\" target=\"_blank\" onclick=\"javascript:window.open(this.href, '', 'left=50,top=50,width=600,height=350,toolbar=0');return false;\"\r\n\t\t\t\t\t\thref=\"\/\/www.facebook.com\/sharer.php?u=https%3A%2F%2Fmeier-gerdingh.de%2Fwp-spd-ob%2Ftermine%2Fak-soziales-5%2F\" title=\"Auf Facebook teilen\"><i class=\"fa fab fa-facebook\"><\/i><\/a><\/div><div class='evo_sm Twitter'><a class=\"tw evo_ss\" onclick=\"javascript:window.open(this.href, '', 'menubar=no,toolbar=no,resizable=yes,scrollbars=yes,height=300,width=600');return false;\" href=\"\/\/twitter.com\/intent\/tweet?text=AK Soziales&#32;-&#32;&url=https%3A%2F%2Fmeier-gerdingh.de%2Fwp-spd-ob%2Ftermine%2Fak-soziales-5%2F\" title=\"Auf X teilen\" rel=\"nofollow\" target=\"_blank\" data-url=\"https%3A%2F%2Fmeier-gerdingh.de%2Fwp-spd-ob%2Ftermine%2Fak-soziales-5%2F\"><i class=\"fa fab fa-x-twitter\"><\/i><\/a><\/div><div class='evo_sm LinkedIn'><a class=\"li evo_ss\" href=\"\/\/www.linkedin.com\/shareArticle?mini=true&url=https%3A%2F%2Fmeier-gerdingh.de%2Fwp-spd-ob%2Ftermine%2Fak-soziales-5%2F&title=AK%20Soziales&summary=--\" target=\"_blank\" title=\"Auf Linkedin teilen\"><i class=\"fa fab fa-linkedin\"><\/i><\/a><\/div><div class='evo_sm Whatsapp'><a class=\"wa evo_ss\" href=\"https:\/\/api.whatsapp.com\/send?text=https%3A%2F%2Fmeier-gerdingh.de%2Fwp-spd-ob%2Ftermine%2Fak-soziales-5%2F\"\r\n\t\t\t\t        data-action=\"share\/whatsapp\/share\" target=\"_blank\" title=\"Auf WhatsApp teilen\"><i class=\"fa fab fa-whatsapp\"><\/i><\/a><\/div><div class='evo_sm EmailShare'><a class=\"em evo_ss\" href=\"mailto:?subject=AK%20Soziales&body=Event Name: AK%20Soziales%0AEvent Date: 5. November 2026 16:00 - 18:00%0ALink: https%3A%2F%2Fmeier-gerdingh.de%2Fwp-spd-ob%2Ftermine%2Fak-soziales-5%2F%0A\" target=\"_blank\"><i class=\"fa fa-envelope\"><\/i><\/a><\/div><\/div><\/div><\/div><div class='evo_card_row_end evcal_close' title='Schlie\u00dfen'><\/div><\/div><div class='clear end'><\/div><\/div><div id=\"event_13158_0\" class=\"eventon_list_event evo_eventtop scheduled  event clrD no_et event_13158_0\" data-event_id=\"13158\" data-ri=\"0r\" data-time=\"1794232800-1794268740\" data-colr=\"#0f2cad\" itemscope itemtype='http:\/\/schema.org\/Event'><div class=\"evo_event_schema\" style=\"display:none\" ><a itemprop='url'  href='https:\/\/meier-gerdingh.de\/wp-spd-ob\/termine\/fraktion-9\/'><\/a><meta itemprop='image'  \/><meta itemprop='startDate' content=\"2026-11-9T14:00+2:00\" \/><meta itemprop='endDate' content=\"2026-11-9T23:59+2:00\" \/><meta itemprop='eventStatus' content=\"https:\/\/schema.org\/EventScheduled\" \/><item style=\"display:none\" itemprop=\"location\" itemscope itemtype=\"http:\/\/schema.org\/Place\"><span itemprop=\"name\">Sitzungssaal der SPD-Fraktion (Eingang Raum 370)<\/span><span itemprop=\"address\" itemscope itemtype=\"http:\/\/schema.org\/PostalAddress\"><item itemprop=\"streetAddress\">Rathaus Oberhausen, Schwartzstr. 72, 46045 Oberhausen<\/item><\/span><\/item><item style=\"display:none\" itemprop=\"eventAttendanceMode\" itemscope itemtype=\"https:\/\/schema.org\/OfflineEventAttendanceMode\"><\/item><script type=\"application\/ld+json\">{\"@context\": \"http:\/\/schema.org\",\"@type\": \"Event\",\n\t\t\t\t\"@id\": \"event_13158_0\",\n\t\t\t\t\"eventAttendanceMode\":\"https:\/\/schema.org\/OfflineEventAttendanceMode\",\n\t\t\t\t\"eventStatus\":\"https:\/\/schema.org\/EventScheduled\",\n\t\t\t\t\"name\": \"Fraktion\",\n\t\t\t\t\"url\": \"https:\/\/meier-gerdingh.de\/wp-spd-ob\/termine\/fraktion-9\/\",\n\t\t\t\t\"startDate\": \"2026-11-9T14:00+2:00\",\n\t\t\t\t\"endDate\": \"2026-11-9T23:59+2:00\",\n\t\t\t\t\"image\":\"\", \n\t\t\t\t\"description\":\"'Fraktion'\",\"location\":[{\"@type\":\"Place\",\"name\":\"Sitzungssaal der SPD-Fraktion (Eingang Raum 370)\",\"address\":{\"@type\": \"PostalAddress\",\"streetAddress\":\"Rathaus Oberhausen, Schwartzstr. 72, 46045 Oberhausen\"}}]}<\/script><\/div>\r\n\t\t\t\t<p class=\"desc_trig_outter\" style=\"\"><a data-gmtrig=\"1\" data-exlk=\"0\" style=\"background-color: #0f2cad;\" id=\"evc_179423280013158\" class=\"desc_trig evo_fraktion evo_spd-fraktion-oberhausen sin_val evcal_list_a\" data-ux_val=\"1\" data-ux_val_mob=\"-\"  ><span class='evoet_c2 evoet_cx '><span class='evoet_dayblock evcal_cblock ' data-bgcolor='#0f2cad' data-smon='November' data-syr='2026' data-bub=''><span class='evo_start '><em class='day'>Mo<\/em><em class='date'>09<\/em><em class='month'>Nov<\/em><em class='time'>14:00<\/em><\/span><\/span><\/span><span class='evoet_c3 evoet_cx evcal_desc'><span class='evoet_title evcal_desc2 evcal_event_title' itemprop='name'>Fraktion<\/span><span class='event_location_attrs'  data-location_address=\"Rathaus Oberhausen, Schwartzstr. 72, 46045 Oberhausen\" data-location_type=\"lonlat\" data-location_name=\"Sitzungssaal der SPD-Fraktion (Eingang Raum 370)\" data-location_url=\"https:\/\/meier-gerdingh.de\/wp-spd-ob\/event-location\/sitzungssaal-der-spd-fraktion-eingang-raum-370\/\" data-location_status=\"true\" data-latlng=\"51.473999,6.861205\"><\/span><span class='evoet_subtitle evo_below_title'><span class='evcal_event_subtitle' >Vorbesprechung Rat<\/span><\/span><span class='evoet_time_expand level_3'><em class='evcal_time evo_tz_time'><i class='fa fa-clock-o'><\/i>14:00 Uhr<\/em> <\/span><span class='evoet_location level_3'><em class=\"evcal_location\"  data-latlng=\"51.473999,6.861205\" data-add_str=\"\" data-n=\"Sitzungssaal der SPD-Fraktion (Eingang Raum 370)\"><i class=\"fa fa-location-pin\"><\/i><em class=\"event_location_name\">Sitzungssaal der SPD-Fraktion (Eingang Raum 370)<\/em><\/em><\/span><span class='evoet_eventtypes level_4 evcal_event_types ett2'><em><i>Veranstalter: <\/i><\/em><em data-filter='event_type' data-v='Fraktion' data-id='919' class='evoetet_val evoet_dataval'>Fraktion,<\/em><em data-filter='event_type' data-v='SPD-Fraktion Oberhausen' data-id='510' class='evoetet_val evoet_dataval'>SPD-Fraktion Oberhausen<\/em><\/span><\/span><span class='evoet_data' data-d=\"{&quot;loc.n&quot;:&quot;Sitzungssaal der SPD-Fraktion (Eingang Raum 370)&quot;,&quot;orgs&quot;:[],&quot;tags&quot;:[]}\" data-bgc=\"#0f2cad\" data-bggrad=\"\" ><\/span><\/a><\/p><div class=\"event_description evcal_eventcard evo_fraktion evo_spd-fraktion-oberhausen \" style=\"display:none\"><div class='evocard_row bx2 bx'><div id='event_time' class='evocard_box time' data-c='' \n\t\t\t\t\tstyle=''><div class='evo_metarow_time evorow evcal_evdata_row evcal_evrow_sm '>\n\t\t<span class='evcal_evdata_icons'><i class='fa fa-clock-o'><\/i><\/span>\n\t\t<div class='evcal_evdata_cell'>\t\t\t\t\t\t\t\n\t\t\t<h3 class='evo_h3'><span class='evcal_evdata_icons'><i class='fa fa-clock-o'><\/i><\/span>Datum:<\/h3><p><span class='evo_eventcard_time_t'>9. November 2026 14:00 Uhr<\/span><\/p>\n\t\t<\/div>\n\t<\/div><\/div><div id='event_location' class='evocard_box location' data-c='' \n\t\t\t\t\tstyle=''><div class='evcal_evdata_row evo_metarow_time_location evorow '>\n\t\t\n\t\t\t<span class='evcal_evdata_icons'><i class='fa fa-map-marker'><\/i><\/span>\n\t\t\t<div class='evcal_evdata_cell' data-loc_tax_id='511'><h3 class='evo_h3 evodfx'><span class='evcal_evdata_icons'><i class='fa fa-map-marker'><\/i><\/span>Ort:<\/h3><p class='evo_location_name'>Sitzungssaal der SPD-Fraktion (Eingang Raum 370)<\/p><p class='evo_location_address'>Rathaus Oberhausen, Schwartzstr. 72, 46045 Oberhausen<\/p><div class='padt10'><span class='evo_btn_arr evolb_trigger' data-lbvals=\"{&quot;lbc&quot;:&quot;evo_location_lb_511&quot;,&quot;lbac&quot;:&quot;lb_max&quot;,&quot;t&quot;:&quot;Sitzungssaal der SPD-Fraktion (Eingang Raum 370)&quot;,&quot;ajax&quot;:&quot;yes&quot;,&quot;ajax_type&quot;:&quot;endpoint&quot;,&quot;ajax_action&quot;:&quot;eventon_get_tax_card_content&quot;,&quot;end&quot;:&quot;client&quot;,&quot;d&quot;:{&quot;lang&quot;:&quot;L1&quot;,&quot;term_id&quot;:511,&quot;tax&quot;:&quot;event_location&quot;,&quot;load_lbcontent&quot;:true}}\" >Andere Ereignisse<i class='fa fa-chevron-right'><\/i><\/span><\/div><\/div>\n\t\t\n\t<\/div><\/div><\/div><div class='evocard_row'><div id='event_addtocal' class='evocard_box addtocal' data-c='' \n\t\t\t\t\tstyle=''><div class='evo_metarow_ICS evorow evcal_evdata_row'>\n\t\t\t\t\t\t\t\t\t<span class='evcal_evdata_icons'><i class='fa fa-calendar-o'><\/i><\/span>\n\t\t\t\t\t\t\t\t\t<div class='evcal_evdata_cell'>\n\t\t\t\t\t\t\t\t\t\t<p><a href='https:\/\/meier-gerdingh.de\/wp-spd-ob\/wp-admin\/admin-ajax.php?action=eventon_ics_download&event_id=13158&ri=0&nonce=be2ac1e3c9' class='evo_ics_nCal' title='Zum Kalender hinzuf\u00fcgen'>Kalender<\/a><a href='\/\/www.google.com\/calendar\/event?action=TEMPLATE&amp;text=Fraktion&amp;dates=20261109T140000Z\/20261109T235900Z&amp;ctz=UTC&amp;details=Fraktion&amp;location=Sitzungssaal+der+SPD-Fraktion+%28Eingang+Raum+370%29Rathaus+Oberhausen%2C+Schwartzstr.+72%2C+46045+Oberhausen' target='_blank' class='evo_ics_gCal' title='Zum Google-Kalender hinzuf\u00fcgen'>Google-Kalender<\/a><\/p>\t\n\t\t\t\t\t\t\t\t\t<\/div>\n\t\t\t\t\t\t\t\t<\/div><\/div><\/div><div class='evocard_row'><div id='event_gmap' class='evocard_box gmap' data-c='' \n\t\t\t\t\tstyle=''><div class='evo_metarow_gmap evcal_evdata_row evorow evcal_gmaps evc17942328006a9cc4c0817cf13158_gmap ' id='evc17942328006a9cc4c0817cf13158_gmap' style='max-width:none' data-address=\"Rathaus Oberhausen, Schwartzstr. 72, 46045 Oberhausen\" data-latlng=\"51.473999,6.861205\" data-location_type=\"\" data-scroll=\"yes\" data-mty=\"roadmap\" data-zoom=\"16\" data-mapIcon=\"\" data-delay=\"400\" data-map_canvas_id=\"evc17942328006a9cc4c0817cf13158_gmap\" >\n\t\t<span class='evo_map_load_out evoposr evodb evobr15'>\n\t\t<i class='fa fa-map-marker evoposa'><\/i><span class='evo_map_load evoposr evodb'>\t\t\t\t\t\n\t\t\t\t\t<i class='a'><\/i>\n\t\t\t\t\t<i class='b'><\/i>\n\t\t\t\t\t<i class='c'><\/i>\n\t\t\t\t\t<i class='d'><\/i>\n\t\t\t\t\t<i class='e'><\/i>\n\t\t\t\t\t<i class='f'><\/i>\n\t\t\t\t<\/span><\/span><\/div><\/div><\/div><div class='evocard_row'><div id='event_getdirection' class='evocard_box getdirection' data-c='' \n\t\t\t\t\tstyle=''><div class='evo_metarow_getDr evorow evcal_evdata_row evcal_evrow_sm getdirections'>\n\t\t<form action='https:\/\/maps.google.com\/maps' method='get' target='_blank'>\n\t\t\t<input type='hidden' name='daddr' value=\"Rathaus Oberhausen, Schwartzstr. 72, 46045 Oberhausen\"\/> \n\t\t\t<div class='evo_get_direction_content evo_fx_dr_r evogap10'>\n\t\t\t\t<span class='evogetdir_header evodfx evofx_dr_r evofx_ai_c marr10'>\n\t\t\t\t\t<i class='mainicon fa fa-road'><\/i> \n\t\t\t\t\t<h3 class='evo_h3' style='padding-bottom:5px;'>Routenplaner<\/h3>\n\t\t\t\t<\/span>\n\t\t\t\t<span class='evogetdir_field evodfx evofx_1_1 evo_fx_dr_c evow100p'>\t\t\t\t\t\n\t\t\t\t\t<input class='evoInput evotac' type='text' name='saddr' placeholder='Geben Sie Ihre Adresse ein' value='' style='margin:10px 0;'\/>\n\t\t\t\t<\/span>\n\t\t\t\t<button type='submit' class='evo_get_direction_button evo_btn_arr_circ dfx fx_ai_c' title='Hier klicken f\u00fcr Route'><i class='fa fa-chevron-right'><\/i> <\/button>\n\t\t\t<\/div>\n\t\t<\/form>\n\t<\/div><\/div><\/div><div class='evocard_row'><div id='event_evosocial' class='evocard_box evosocial' data-c='' \n\t\t\t\t\tstyle=''><div class='evo_metarow_socialmedia evcal_evdata_row '><div class='evo_sm FacebookShare'><a class=\" evo_ss\" target=\"_blank\" onclick=\"javascript:window.open(this.href, '', 'left=50,top=50,width=600,height=350,toolbar=0');return false;\"\r\n\t\t\t\t\t\thref=\"\/\/www.facebook.com\/sharer.php?u=https%3A%2F%2Fmeier-gerdingh.de%2Fwp-spd-ob%2Ftermine%2Ffraktion-9%2F\" title=\"Auf Facebook teilen\"><i class=\"fa fab fa-facebook\"><\/i><\/a><\/div><div class='evo_sm Twitter'><a class=\"tw evo_ss\" onclick=\"javascript:window.open(this.href, '', 'menubar=no,toolbar=no,resizable=yes,scrollbars=yes,height=300,width=600');return false;\" href=\"\/\/twitter.com\/intent\/tweet?text=Fraktion&#32;-&#32;&url=https%3A%2F%2Fmeier-gerdingh.de%2Fwp-spd-ob%2Ftermine%2Ffraktion-9%2F\" title=\"Auf X teilen\" rel=\"nofollow\" target=\"_blank\" data-url=\"https%3A%2F%2Fmeier-gerdingh.de%2Fwp-spd-ob%2Ftermine%2Ffraktion-9%2F\"><i class=\"fa fab fa-x-twitter\"><\/i><\/a><\/div><div class='evo_sm LinkedIn'><a class=\"li evo_ss\" href=\"\/\/www.linkedin.com\/shareArticle?mini=true&url=https%3A%2F%2Fmeier-gerdingh.de%2Fwp-spd-ob%2Ftermine%2Ffraktion-9%2F&title=Fraktion&summary=--\" target=\"_blank\" title=\"Auf Linkedin teilen\"><i class=\"fa fab fa-linkedin\"><\/i><\/a><\/div><div class='evo_sm Whatsapp'><a class=\"wa evo_ss\" href=\"https:\/\/api.whatsapp.com\/send?text=https%3A%2F%2Fmeier-gerdingh.de%2Fwp-spd-ob%2Ftermine%2Ffraktion-9%2F\"\r\n\t\t\t\t        data-action=\"share\/whatsapp\/share\" target=\"_blank\" title=\"Auf WhatsApp teilen\"><i class=\"fa fab fa-whatsapp\"><\/i><\/a><\/div><div class='evo_sm EmailShare'><a class=\"em evo_ss\" href=\"mailto:?subject=Fraktion&body=Event Name: Fraktion%0AEvent Date: 9. November 2026 14:00%0ALink: https%3A%2F%2Fmeier-gerdingh.de%2Fwp-spd-ob%2Ftermine%2Ffraktion-9%2F%0A\" target=\"_blank\"><i class=\"fa fa-envelope\"><\/i><\/a><\/div><\/div><\/div><\/div><div class='evo_card_row_end evcal_close' title='Schlie\u00dfen'><\/div><\/div><div class='clear end'><\/div><\/div><div id=\"event_13118_0\" class=\"eventon_list_event evo_eventtop scheduled  event clrD no_et event_13118_0\" data-event_id=\"13118\" data-ri=\"0r\" data-time=\"1794236400-1794268740\" data-colr=\"#6e7ebe\" itemscope itemtype='http:\/\/schema.org\/Event'><div class=\"evo_event_schema\" style=\"display:none\" ><a itemprop='url'  href='https:\/\/meier-gerdingh.de\/wp-spd-ob\/termine\/rat-der-stadt-6\/'><\/a><meta itemprop='image'  \/><meta itemprop='startDate' content=\"2026-11-9T15:00+2:00\" \/><meta itemprop='endDate' content=\"2026-11-9T23:59+2:00\" \/><meta itemprop='eventStatus' content=\"https:\/\/schema.org\/EventScheduled\" \/><item style=\"display:none\" itemprop=\"location\" itemscope itemtype=\"http:\/\/schema.org\/Place\"><span itemprop=\"name\">Rathaus Oberhausen (Ratssaal)<\/span><span itemprop=\"address\" itemscope itemtype=\"http:\/\/schema.org\/PostalAddress\"><item itemprop=\"streetAddress\">Schwartzstr. 72, 46045 Oberhausen<\/item><\/span><\/item><item style=\"display:none\" itemprop=\"eventAttendanceMode\" itemscope itemtype=\"https:\/\/schema.org\/OfflineEventAttendanceMode\"><\/item><script type=\"application\/ld+json\">{\"@context\": \"http:\/\/schema.org\",\"@type\": \"Event\",\n\t\t\t\t\"@id\": \"event_13118_0\",\n\t\t\t\t\"eventAttendanceMode\":\"https:\/\/schema.org\/OfflineEventAttendanceMode\",\n\t\t\t\t\"eventStatus\":\"https:\/\/schema.org\/EventScheduled\",\n\t\t\t\t\"name\": \"Rat der Stadt\",\n\t\t\t\t\"url\": \"https:\/\/meier-gerdingh.de\/wp-spd-ob\/termine\/rat-der-stadt-6\/\",\n\t\t\t\t\"startDate\": \"2026-11-9T15:00+2:00\",\n\t\t\t\t\"endDate\": \"2026-11-9T23:59+2:00\",\n\t\t\t\t\"image\":\"\", \n\t\t\t\t\"description\":\"'Rat der Stadt'\",\"location\":[{\"@type\":\"Place\",\"name\":\"Rathaus Oberhausen (Ratssaal)\",\"address\":{\"@type\": \"PostalAddress\",\"streetAddress\":\"Schwartzstr. 72, 46045 Oberhausen\"}}]}<\/script><\/div>\r\n\t\t\t\t<p class=\"desc_trig_outter\" style=\"\"><a data-gmtrig=\"1\" data-exlk=\"0\" style=\"background-color: #6e7ebe;\" id=\"evc_179423640013118\" class=\"desc_trig evo_rat-der-stadt evo_stadt-oberhausen sin_val evcal_list_a\" data-ux_val=\"1\" data-ux_val_mob=\"-\"  ><span class='evoet_c2 evoet_cx '><span class='evoet_dayblock evcal_cblock ' data-bgcolor='#6e7ebe' data-smon='November' data-syr='2026' data-bub=''><span class='evo_start '><em class='day'>Mo<\/em><em class='date'>09<\/em><em class='month'>Nov<\/em><em class='time'>15:00<\/em><\/span><\/span><\/span><span class='evoet_c3 evoet_cx evcal_desc'><span class='evoet_title evcal_desc2 evcal_event_title' itemprop='name'>Rat der Stadt<\/span><span class='event_location_attrs'  data-location_address=\"Schwartzstr. 72, 46045 Oberhausen\" data-location_type=\"lonlat\" data-location_name=\"Rathaus Oberhausen (Ratssaal)\" data-location_url=\"https:\/\/meier-gerdingh.de\/wp-spd-ob\/event-location\/rathaus-oberhausen-ratssaal\/\" data-location_status=\"true\" data-latlng=\"51.474107, 6.860272\"><\/span><span class='evoet_subtitle evo_below_title'><\/span><span class='evoet_time_expand level_3'><em class='evcal_time evo_tz_time'><i class='fa fa-clock-o'><\/i>15:00 Uhr<\/em> <\/span><span class='evoet_location level_3'><em class=\"evcal_location\"  data-latlng=\"51.474107, 6.860272\" data-add_str=\"\" data-n=\"Rathaus Oberhausen (Ratssaal)\"><i class=\"fa fa-location-pin\"><\/i><em class=\"event_location_name\">Rathaus Oberhausen (Ratssaal)<\/em><\/em><\/span><span class='evoet_eventtypes level_4 evcal_event_types ett2'><em><i>Veranstalter: <\/i><\/em><em data-filter='event_type' data-v='Rat der Stadt' data-id='965' class='evoetet_val evoet_dataval'>Rat der Stadt,<\/em><em data-filter='event_type' data-v='Stadt Oberhausen' data-id='506' class='evoetet_val evoet_dataval'>Stadt Oberhausen<\/em><\/span><\/span><span class='evoet_data' data-d=\"{&quot;loc.n&quot;:&quot;Rathaus Oberhausen (Ratssaal)&quot;,&quot;orgs&quot;:[],&quot;tags&quot;:[]}\" data-bgc=\"#6e7ebe\" data-bggrad=\"\" ><\/span><\/a><\/p><div class=\"event_description evcal_eventcard evo_rat-der-stadt evo_stadt-oberhausen \" style=\"display:none\"><div class='evocard_row bx2 bx'><div id='event_time' class='evocard_box time' data-c='' \n\t\t\t\t\tstyle=''><div class='evo_metarow_time evorow evcal_evdata_row evcal_evrow_sm '>\n\t\t<span class='evcal_evdata_icons'><i class='fa fa-clock-o'><\/i><\/span>\n\t\t<div class='evcal_evdata_cell'>\t\t\t\t\t\t\t\n\t\t\t<h3 class='evo_h3'><span class='evcal_evdata_icons'><i class='fa fa-clock-o'><\/i><\/span>Datum:<\/h3><p><span class='evo_eventcard_time_t'>9. November 2026 15:00 Uhr<\/span><\/p>\n\t\t<\/div>\n\t<\/div><\/div><div id='event_location' class='evocard_box location' data-c='' \n\t\t\t\t\tstyle=''><div class='evcal_evdata_row evo_metarow_time_location evorow '>\n\t\t\n\t\t\t<span class='evcal_evdata_icons'><i class='fa fa-map-marker'><\/i><\/span>\n\t\t\t<div class='evcal_evdata_cell' data-loc_tax_id='514'><h3 class='evo_h3 evodfx'><span class='evcal_evdata_icons'><i class='fa fa-map-marker'><\/i><\/span>Ort:<\/h3><p class='evo_location_name'>Rathaus Oberhausen (Ratssaal)<\/p><p class='evo_location_address'>Schwartzstr. 72, 46045 Oberhausen<\/p><div class='padt10'><span class='evo_btn_arr evolb_trigger' data-lbvals=\"{&quot;lbc&quot;:&quot;evo_location_lb_514&quot;,&quot;lbac&quot;:&quot;lb_max&quot;,&quot;t&quot;:&quot;Rathaus Oberhausen (Ratssaal)&quot;,&quot;ajax&quot;:&quot;yes&quot;,&quot;ajax_type&quot;:&quot;endpoint&quot;,&quot;ajax_action&quot;:&quot;eventon_get_tax_card_content&quot;,&quot;end&quot;:&quot;client&quot;,&quot;d&quot;:{&quot;lang&quot;:&quot;L1&quot;,&quot;term_id&quot;:514,&quot;tax&quot;:&quot;event_location&quot;,&quot;load_lbcontent&quot;:true}}\" >Andere Ereignisse<i class='fa fa-chevron-right'><\/i><\/span><\/div><\/div>\n\t\t\n\t<\/div><\/div><\/div><div class='evocard_row'><div id='event_addtocal' class='evocard_box addtocal' data-c='' \n\t\t\t\t\tstyle=''><div class='evo_metarow_ICS evorow evcal_evdata_row'>\n\t\t\t\t\t\t\t\t\t<span class='evcal_evdata_icons'><i class='fa fa-calendar-o'><\/i><\/span>\n\t\t\t\t\t\t\t\t\t<div class='evcal_evdata_cell'>\n\t\t\t\t\t\t\t\t\t\t<p><a href='https:\/\/meier-gerdingh.de\/wp-spd-ob\/wp-admin\/admin-ajax.php?action=eventon_ics_download&event_id=13118&ri=0&nonce=be2ac1e3c9' class='evo_ics_nCal' title='Zum Kalender hinzuf\u00fcgen'>Kalender<\/a><a href='\/\/www.google.com\/calendar\/event?action=TEMPLATE&amp;text=Rat+der+Stadt&amp;dates=20261109T150000Z\/20261109T235900Z&amp;ctz=UTC&amp;details=Rat+der+Stadt&amp;location=Rathaus+Oberhausen+%28Ratssaal%29Schwartzstr.+72%2C+46045+Oberhausen' target='_blank' class='evo_ics_gCal' title='Zum Google-Kalender hinzuf\u00fcgen'>Google-Kalender<\/a><\/p>\t\n\t\t\t\t\t\t\t\t\t<\/div>\n\t\t\t\t\t\t\t\t<\/div><\/div><\/div><div class='evocard_row'><div id='event_gmap' class='evocard_box gmap' data-c='' \n\t\t\t\t\tstyle=''><div class='evo_metarow_gmap evcal_evdata_row evorow evcal_gmaps evc17942364006a9cc4c08455f13118_gmap ' id='evc17942364006a9cc4c08455f13118_gmap' style='max-width:none' data-address=\"Schwartzstr. 72, 46045 Oberhausen\" data-latlng=\"51.474107, 6.860272\" data-location_type=\"\" data-scroll=\"yes\" data-mty=\"roadmap\" data-zoom=\"16\" data-mapIcon=\"\" data-delay=\"400\" data-map_canvas_id=\"evc17942364006a9cc4c08455f13118_gmap\" >\n\t\t<span class='evo_map_load_out evoposr evodb evobr15'>\n\t\t<i class='fa fa-map-marker evoposa'><\/i><span class='evo_map_load evoposr evodb'>\t\t\t\t\t\n\t\t\t\t\t<i class='a'><\/i>\n\t\t\t\t\t<i class='b'><\/i>\n\t\t\t\t\t<i class='c'><\/i>\n\t\t\t\t\t<i class='d'><\/i>\n\t\t\t\t\t<i class='e'><\/i>\n\t\t\t\t\t<i class='f'><\/i>\n\t\t\t\t<\/span><\/span><\/div><\/div><\/div><div class='evocard_row'><div id='event_getdirection' class='evocard_box getdirection' data-c='' \n\t\t\t\t\tstyle=''><div class='evo_metarow_getDr evorow evcal_evdata_row evcal_evrow_sm getdirections'>\n\t\t<form action='https:\/\/maps.google.com\/maps' method='get' target='_blank'>\n\t\t\t<input type='hidden' name='daddr' value=\"Schwartzstr. 72, 46045 Oberhausen\"\/> \n\t\t\t<div class='evo_get_direction_content evo_fx_dr_r evogap10'>\n\t\t\t\t<span class='evogetdir_header evodfx evofx_dr_r evofx_ai_c marr10'>\n\t\t\t\t\t<i class='mainicon fa fa-road'><\/i> \n\t\t\t\t\t<h3 class='evo_h3' style='padding-bottom:5px;'>Routenplaner<\/h3>\n\t\t\t\t<\/span>\n\t\t\t\t<span class='evogetdir_field evodfx evofx_1_1 evo_fx_dr_c evow100p'>\t\t\t\t\t\n\t\t\t\t\t<input class='evoInput evotac' type='text' name='saddr' placeholder='Geben Sie Ihre Adresse ein' value='' style='margin:10px 0;'\/>\n\t\t\t\t<\/span>\n\t\t\t\t<button type='submit' class='evo_get_direction_button evo_btn_arr_circ dfx fx_ai_c' title='Hier klicken f\u00fcr Route'><i class='fa fa-chevron-right'><\/i> <\/button>\n\t\t\t<\/div>\n\t\t<\/form>\n\t<\/div><\/div><\/div><div class='evocard_row'><div id='event_evosocial' class='evocard_box evosocial' data-c='' \n\t\t\t\t\tstyle=''><div class='evo_metarow_socialmedia evcal_evdata_row '><div class='evo_sm FacebookShare'><a class=\" evo_ss\" target=\"_blank\" onclick=\"javascript:window.open(this.href, '', 'left=50,top=50,width=600,height=350,toolbar=0');return false;\"\r\n\t\t\t\t\t\thref=\"\/\/www.facebook.com\/sharer.php?u=https%3A%2F%2Fmeier-gerdingh.de%2Fwp-spd-ob%2Ftermine%2Frat-der-stadt-6%2F\" title=\"Auf Facebook teilen\"><i class=\"fa fab fa-facebook\"><\/i><\/a><\/div><div class='evo_sm Twitter'><a class=\"tw evo_ss\" onclick=\"javascript:window.open(this.href, '', 'menubar=no,toolbar=no,resizable=yes,scrollbars=yes,height=300,width=600');return false;\" href=\"\/\/twitter.com\/intent\/tweet?text=Rat der Stadt&#32;-&#32;&url=https%3A%2F%2Fmeier-gerdingh.de%2Fwp-spd-ob%2Ftermine%2Frat-der-stadt-6%2F\" title=\"Auf X teilen\" rel=\"nofollow\" target=\"_blank\" data-url=\"https%3A%2F%2Fmeier-gerdingh.de%2Fwp-spd-ob%2Ftermine%2Frat-der-stadt-6%2F\"><i class=\"fa fab fa-x-twitter\"><\/i><\/a><\/div><div class='evo_sm LinkedIn'><a class=\"li evo_ss\" href=\"\/\/www.linkedin.com\/shareArticle?mini=true&url=https%3A%2F%2Fmeier-gerdingh.de%2Fwp-spd-ob%2Ftermine%2Frat-der-stadt-6%2F&title=Rat%20der%20Stadt&summary=--\" target=\"_blank\" title=\"Auf Linkedin teilen\"><i class=\"fa fab fa-linkedin\"><\/i><\/a><\/div><div class='evo_sm Whatsapp'><a class=\"wa evo_ss\" href=\"https:\/\/api.whatsapp.com\/send?text=https%3A%2F%2Fmeier-gerdingh.de%2Fwp-spd-ob%2Ftermine%2Frat-der-stadt-6%2F\"\r\n\t\t\t\t        data-action=\"share\/whatsapp\/share\" target=\"_blank\" title=\"Auf WhatsApp teilen\"><i class=\"fa fab fa-whatsapp\"><\/i><\/a><\/div><div class='evo_sm EmailShare'><a class=\"em evo_ss\" href=\"mailto:?subject=Rat%20der%20Stadt&body=Event Name: Rat%20der%20Stadt%0AEvent Date: 9. November 2026 15:00%0ALink: https%3A%2F%2Fmeier-gerdingh.de%2Fwp-spd-ob%2Ftermine%2Frat-der-stadt-6%2F%0A\" target=\"_blank\"><i class=\"fa fa-envelope\"><\/i><\/a><\/div><\/div><\/div><\/div><div class='evo_card_row_end evcal_close' title='Schlie\u00dfen'><\/div><\/div><div class='clear end'><\/div><\/div><div id=\"event_13356_0\" class=\"eventon_list_event evo_eventtop scheduled  event clrD no_et event_13356_0\" data-event_id=\"13356\" data-ri=\"0r\" data-time=\"1794927600-1794959940\" data-colr=\"#6e7ebe\" itemscope itemtype='http:\/\/schema.org\/Event'><div class=\"evo_event_schema\" style=\"display:none\" ><a itemprop='url'  href='https:\/\/meier-gerdingh.de\/wp-spd-ob\/termine\/sozialausschuss-7\/'><\/a><meta itemprop='image'  \/><meta itemprop='startDate' content=\"2026-11-17T15:00+2:00\" \/><meta itemprop='endDate' content=\"2026-11-17T23:59+2:00\" \/><meta itemprop='eventStatus' content=\"https:\/\/schema.org\/EventScheduled\" \/><item style=\"display:none\" itemprop=\"location\" itemscope itemtype=\"http:\/\/schema.org\/Place\"><span itemprop=\"name\">Rathaus Oberhausen (Ratssaal)<\/span><span itemprop=\"address\" itemscope itemtype=\"http:\/\/schema.org\/PostalAddress\"><item itemprop=\"streetAddress\">Schwartzstr. 72, 46045 Oberhausen<\/item><\/span><\/item><item style=\"display:none\" itemprop=\"eventAttendanceMode\" itemscope itemtype=\"https:\/\/schema.org\/OfflineEventAttendanceMode\"><\/item><script type=\"application\/ld+json\">{\"@context\": \"http:\/\/schema.org\",\"@type\": \"Event\",\n\t\t\t\t\"@id\": \"event_13356_0\",\n\t\t\t\t\"eventAttendanceMode\":\"https:\/\/schema.org\/OfflineEventAttendanceMode\",\n\t\t\t\t\"eventStatus\":\"https:\/\/schema.org\/EventScheduled\",\n\t\t\t\t\"name\": \"Sozialausschuss\",\n\t\t\t\t\"url\": \"https:\/\/meier-gerdingh.de\/wp-spd-ob\/termine\/sozialausschuss-7\/\",\n\t\t\t\t\"startDate\": \"2026-11-17T15:00+2:00\",\n\t\t\t\t\"endDate\": \"2026-11-17T23:59+2:00\",\n\t\t\t\t\"image\":\"\", \n\t\t\t\t\"description\":\"'Sozialausschuss'\",\"location\":[{\"@type\":\"Place\",\"name\":\"Rathaus Oberhausen (Ratssaal)\",\"address\":{\"@type\": \"PostalAddress\",\"streetAddress\":\"Schwartzstr. 72, 46045 Oberhausen\"}}]}<\/script><\/div>\r\n\t\t\t\t<p class=\"desc_trig_outter\" style=\"\"><a data-gmtrig=\"1\" data-exlk=\"0\" style=\"background-color: #6e7ebe;\" id=\"evc_179492760013356\" class=\"desc_trig evo_sozialausschuss evo_stadt-oberhausen sin_val evcal_list_a\" data-ux_val=\"1\" data-ux_val_mob=\"-\"  ><span class='evoet_c2 evoet_cx '><span class='evoet_dayblock evcal_cblock ' data-bgcolor='#6e7ebe' data-smon='November' data-syr='2026' data-bub=''><span class='evo_start '><em class='day'>Di<\/em><em class='date'>17<\/em><em class='month'>Nov<\/em><em class='time'>15:00<\/em><\/span><\/span><\/span><span class='evoet_c3 evoet_cx evcal_desc'><span class='evoet_title evcal_desc2 evcal_event_title' itemprop='name'>Sozialausschuss<\/span><span class='event_location_attrs'  data-location_address=\"Schwartzstr. 72, 46045 Oberhausen\" data-location_type=\"lonlat\" data-location_name=\"Rathaus Oberhausen (Ratssaal)\" data-location_url=\"https:\/\/meier-gerdingh.de\/wp-spd-ob\/event-location\/rathaus-oberhausen-ratssaal\/\" data-location_status=\"true\" data-latlng=\"51.474107, 6.860272\"><\/span><span class='evoet_subtitle evo_below_title'><\/span><span class='evoet_time_expand level_3'><em class='evcal_time evo_tz_time'><i class='fa fa-clock-o'><\/i>15:00 Uhr<\/em> <\/span><span class='evoet_location level_3'><em class=\"evcal_location\"  data-latlng=\"51.474107, 6.860272\" data-add_str=\"\" data-n=\"Rathaus Oberhausen (Ratssaal)\"><i class=\"fa fa-location-pin\"><\/i><em class=\"event_location_name\">Rathaus Oberhausen (Ratssaal)<\/em><\/em><\/span><span class='evoet_eventtypes level_4 evcal_event_types ett2'><em><i>Veranstalter: <\/i><\/em><em data-filter='event_type' data-v='Sozialausschuss' data-id='971' class='evoetet_val evoet_dataval'>Sozialausschuss,<\/em><em data-filter='event_type' data-v='Stadt Oberhausen' data-id='506' class='evoetet_val evoet_dataval'>Stadt Oberhausen<\/em><\/span><\/span><span class='evoet_data' data-d=\"{&quot;loc.n&quot;:&quot;Rathaus Oberhausen (Ratssaal)&quot;,&quot;orgs&quot;:[],&quot;tags&quot;:[]}\" data-bgc=\"#6e7ebe\" data-bggrad=\"\" ><\/span><\/a><\/p><div class=\"event_description evcal_eventcard evo_sozialausschuss evo_stadt-oberhausen \" style=\"display:none\"><div class='evocard_row bx2 bx'><div id='event_time' class='evocard_box time' data-c='' \n\t\t\t\t\tstyle=''><div class='evo_metarow_time evorow evcal_evdata_row evcal_evrow_sm '>\n\t\t<span class='evcal_evdata_icons'><i class='fa fa-clock-o'><\/i><\/span>\n\t\t<div class='evcal_evdata_cell'>\t\t\t\t\t\t\t\n\t\t\t<h3 class='evo_h3'><span class='evcal_evdata_icons'><i class='fa fa-clock-o'><\/i><\/span>Datum:<\/h3><p><span class='evo_eventcard_time_t'>17. November 2026 15:00 Uhr<\/span><\/p>\n\t\t<\/div>\n\t<\/div><\/div><div id='event_location' class='evocard_box location' data-c='' \n\t\t\t\t\tstyle=''><div class='evcal_evdata_row evo_metarow_time_location evorow '>\n\t\t\n\t\t\t<span class='evcal_evdata_icons'><i class='fa fa-map-marker'><\/i><\/span>\n\t\t\t<div class='evcal_evdata_cell' data-loc_tax_id='514'><h3 class='evo_h3 evodfx'><span class='evcal_evdata_icons'><i class='fa fa-map-marker'><\/i><\/span>Ort:<\/h3><p class='evo_location_name'>Rathaus Oberhausen (Ratssaal)<\/p><p class='evo_location_address'>Schwartzstr. 72, 46045 Oberhausen<\/p><div class='padt10'><span class='evo_btn_arr evolb_trigger' data-lbvals=\"{&quot;lbc&quot;:&quot;evo_location_lb_514&quot;,&quot;lbac&quot;:&quot;lb_max&quot;,&quot;t&quot;:&quot;Rathaus Oberhausen (Ratssaal)&quot;,&quot;ajax&quot;:&quot;yes&quot;,&quot;ajax_type&quot;:&quot;endpoint&quot;,&quot;ajax_action&quot;:&quot;eventon_get_tax_card_content&quot;,&quot;end&quot;:&quot;client&quot;,&quot;d&quot;:{&quot;lang&quot;:&quot;L1&quot;,&quot;term_id&quot;:514,&quot;tax&quot;:&quot;event_location&quot;,&quot;load_lbcontent&quot;:true}}\" >Andere Ereignisse<i class='fa fa-chevron-right'><\/i><\/span><\/div><\/div>\n\t\t\n\t<\/div><\/div><\/div><div class='evocard_row'><div id='event_addtocal' class='evocard_box addtocal' data-c='' \n\t\t\t\t\tstyle=''><div class='evo_metarow_ICS evorow evcal_evdata_row'>\n\t\t\t\t\t\t\t\t\t<span class='evcal_evdata_icons'><i class='fa fa-calendar-o'><\/i><\/span>\n\t\t\t\t\t\t\t\t\t<div class='evcal_evdata_cell'>\n\t\t\t\t\t\t\t\t\t\t<p><a href='https:\/\/meier-gerdingh.de\/wp-spd-ob\/wp-admin\/admin-ajax.php?action=eventon_ics_download&event_id=13356&ri=0&nonce=be2ac1e3c9' class='evo_ics_nCal' title='Zum Kalender hinzuf\u00fcgen'>Kalender<\/a><a href='\/\/www.google.com\/calendar\/event?action=TEMPLATE&amp;text=Sozialausschuss&amp;dates=20261117T150000Z\/20261117T235900Z&amp;ctz=UTC&amp;details=Sozialausschuss&amp;location=Rathaus+Oberhausen+%28Ratssaal%29Schwartzstr.+72%2C+46045+Oberhausen' target='_blank' class='evo_ics_gCal' title='Zum Google-Kalender hinzuf\u00fcgen'>Google-Kalender<\/a><\/p>\t\n\t\t\t\t\t\t\t\t\t<\/div>\n\t\t\t\t\t\t\t\t<\/div><\/div><\/div><div class='evocard_row'><div id='event_gmap' class='evocard_box gmap' data-c='' \n\t\t\t\t\tstyle=''><div class='evo_metarow_gmap evcal_evdata_row evorow evcal_gmaps evc17949276006a9cc4c0870fa13356_gmap ' id='evc17949276006a9cc4c0870fa13356_gmap' style='max-width:none' data-address=\"Schwartzstr. 72, 46045 Oberhausen\" data-latlng=\"51.474107, 6.860272\" data-location_type=\"\" data-scroll=\"yes\" data-mty=\"roadmap\" data-zoom=\"16\" data-mapIcon=\"\" data-delay=\"400\" data-map_canvas_id=\"evc17949276006a9cc4c0870fa13356_gmap\" >\n\t\t<span class='evo_map_load_out evoposr evodb evobr15'>\n\t\t<i class='fa fa-map-marker evoposa'><\/i><span class='evo_map_load evoposr evodb'>\t\t\t\t\t\n\t\t\t\t\t<i class='a'><\/i>\n\t\t\t\t\t<i class='b'><\/i>\n\t\t\t\t\t<i class='c'><\/i>\n\t\t\t\t\t<i class='d'><\/i>\n\t\t\t\t\t<i class='e'><\/i>\n\t\t\t\t\t<i class='f'><\/i>\n\t\t\t\t<\/span><\/span><\/div><\/div><\/div><div class='evocard_row'><div id='event_getdirection' class='evocard_box getdirection' data-c='' \n\t\t\t\t\tstyle=''><div class='evo_metarow_getDr evorow evcal_evdata_row evcal_evrow_sm getdirections'>\n\t\t<form action='https:\/\/maps.google.com\/maps' method='get' target='_blank'>\n\t\t\t<input type='hidden' name='daddr' value=\"Schwartzstr. 72, 46045 Oberhausen\"\/> \n\t\t\t<div class='evo_get_direction_content evo_fx_dr_r evogap10'>\n\t\t\t\t<span class='evogetdir_header evodfx evofx_dr_r evofx_ai_c marr10'>\n\t\t\t\t\t<i class='mainicon fa fa-road'><\/i> \n\t\t\t\t\t<h3 class='evo_h3' style='padding-bottom:5px;'>Routenplaner<\/h3>\n\t\t\t\t<\/span>\n\t\t\t\t<span class='evogetdir_field evodfx evofx_1_1 evo_fx_dr_c evow100p'>\t\t\t\t\t\n\t\t\t\t\t<input class='evoInput evotac' type='text' name='saddr' placeholder='Geben Sie Ihre Adresse ein' value='' style='margin:10px 0;'\/>\n\t\t\t\t<\/span>\n\t\t\t\t<button type='submit' class='evo_get_direction_button evo_btn_arr_circ dfx fx_ai_c' title='Hier klicken f\u00fcr Route'><i class='fa fa-chevron-right'><\/i> <\/button>\n\t\t\t<\/div>\n\t\t<\/form>\n\t<\/div><\/div><\/div><div class='evocard_row'><div id='event_evosocial' class='evocard_box evosocial' data-c='' \n\t\t\t\t\tstyle=''><div class='evo_metarow_socialmedia evcal_evdata_row '><div class='evo_sm FacebookShare'><a class=\" evo_ss\" target=\"_blank\" onclick=\"javascript:window.open(this.href, '', 'left=50,top=50,width=600,height=350,toolbar=0');return false;\"\r\n\t\t\t\t\t\thref=\"\/\/www.facebook.com\/sharer.php?u=https%3A%2F%2Fmeier-gerdingh.de%2Fwp-spd-ob%2Ftermine%2Fsozialausschuss-7%2F\" title=\"Auf Facebook teilen\"><i class=\"fa fab fa-facebook\"><\/i><\/a><\/div><div class='evo_sm Twitter'><a class=\"tw evo_ss\" onclick=\"javascript:window.open(this.href, '', 'menubar=no,toolbar=no,resizable=yes,scrollbars=yes,height=300,width=600');return false;\" href=\"\/\/twitter.com\/intent\/tweet?text=Sozialausschuss&#32;-&#32;&url=https%3A%2F%2Fmeier-gerdingh.de%2Fwp-spd-ob%2Ftermine%2Fsozialausschuss-7%2F\" title=\"Auf X teilen\" rel=\"nofollow\" target=\"_blank\" data-url=\"https%3A%2F%2Fmeier-gerdingh.de%2Fwp-spd-ob%2Ftermine%2Fsozialausschuss-7%2F\"><i class=\"fa fab fa-x-twitter\"><\/i><\/a><\/div><div class='evo_sm LinkedIn'><a class=\"li evo_ss\" href=\"\/\/www.linkedin.com\/shareArticle?mini=true&url=https%3A%2F%2Fmeier-gerdingh.de%2Fwp-spd-ob%2Ftermine%2Fsozialausschuss-7%2F&title=Sozialausschuss&summary=--\" target=\"_blank\" title=\"Auf Linkedin teilen\"><i class=\"fa fab fa-linkedin\"><\/i><\/a><\/div><div class='evo_sm Whatsapp'><a class=\"wa evo_ss\" href=\"https:\/\/api.whatsapp.com\/send?text=https%3A%2F%2Fmeier-gerdingh.de%2Fwp-spd-ob%2Ftermine%2Fsozialausschuss-7%2F\"\r\n\t\t\t\t        data-action=\"share\/whatsapp\/share\" target=\"_blank\" title=\"Auf WhatsApp teilen\"><i class=\"fa fab fa-whatsapp\"><\/i><\/a><\/div><div class='evo_sm EmailShare'><a class=\"em evo_ss\" href=\"mailto:?subject=Sozialausschuss&body=Event Name: Sozialausschuss%0AEvent Date: 17. November 2026 15:00%0ALink: https%3A%2F%2Fmeier-gerdingh.de%2Fwp-spd-ob%2Ftermine%2Fsozialausschuss-7%2F%0A\" target=\"_blank\"><i class=\"fa fa-envelope\"><\/i><\/a><\/div><\/div><\/div><\/div><div class='evo_card_row_end evcal_close' title='Schlie\u00dfen'><\/div><\/div><div class='clear end'><\/div><\/div><div id=\"event_13229_0\" class=\"eventon_list_event evo_eventtop scheduled  event clrD no_et event_13229_0\" data-event_id=\"13229\" data-ri=\"0r\" data-time=\"1795449600-1795478340\" data-colr=\"#0f2cad\" itemscope itemtype='http:\/\/schema.org\/Event'><div class=\"evo_event_schema\" style=\"display:none\" ><a itemprop='url'  href='https:\/\/meier-gerdingh.de\/wp-spd-ob\/termine\/ak-finanzen-8\/'><\/a><meta itemprop='image'  \/><meta itemprop='startDate' content=\"2026-11-23T16:00+2:00\" \/><meta itemprop='endDate' content=\"2026-11-23T23:59+2:00\" \/><meta itemprop='eventStatus' content=\"https:\/\/schema.org\/EventScheduled\" \/><item style=\"display:none\" itemprop=\"location\" itemscope itemtype=\"http:\/\/schema.org\/Place\"><span itemprop=\"name\">Sitzungssaal der SPD-Fraktion (Eingang Raum 370)<\/span><span itemprop=\"address\" itemscope itemtype=\"http:\/\/schema.org\/PostalAddress\"><item itemprop=\"streetAddress\">Rathaus Oberhausen, Schwartzstr. 72, 46045 Oberhausen<\/item><\/span><\/item><item style=\"display:none\" itemprop=\"eventAttendanceMode\" itemscope itemtype=\"https:\/\/schema.org\/OfflineEventAttendanceMode\"><\/item><script type=\"application\/ld+json\">{\"@context\": \"http:\/\/schema.org\",\"@type\": \"Event\",\n\t\t\t\t\"@id\": \"event_13229_0\",\n\t\t\t\t\"eventAttendanceMode\":\"https:\/\/schema.org\/OfflineEventAttendanceMode\",\n\t\t\t\t\"eventStatus\":\"https:\/\/schema.org\/EventScheduled\",\n\t\t\t\t\"name\": \"AK Finanzen\",\n\t\t\t\t\"url\": \"https:\/\/meier-gerdingh.de\/wp-spd-ob\/termine\/ak-finanzen-8\/\",\n\t\t\t\t\"startDate\": \"2026-11-23T16:00+2:00\",\n\t\t\t\t\"endDate\": \"2026-11-23T23:59+2:00\",\n\t\t\t\t\"image\":\"\", \n\t\t\t\t\"description\":\"'AK Finanzen'\",\"location\":[{\"@type\":\"Place\",\"name\":\"Sitzungssaal der SPD-Fraktion (Eingang Raum 370)\",\"address\":{\"@type\": \"PostalAddress\",\"streetAddress\":\"Rathaus Oberhausen, Schwartzstr. 72, 46045 Oberhausen\"}}]}<\/script><\/div>\r\n\t\t\t\t<p class=\"desc_trig_outter\" style=\"\"><a data-gmtrig=\"1\" data-exlk=\"0\" style=\"background-color: #0f2cad;\" id=\"evc_179544960013229\" class=\"desc_trig evo_ak-finanzen evo_spd-fraktion-oberhausen sin_val evcal_list_a\" data-ux_val=\"1\" data-ux_val_mob=\"-\"  ><span class='evoet_c2 evoet_cx '><span class='evoet_dayblock evcal_cblock ' data-bgcolor='#0f2cad' data-smon='November' data-syr='2026' data-bub=''><span class='evo_start '><em class='day'>Mo<\/em><em class='date'>23<\/em><em class='month'>Nov<\/em><em class='time'>16:00<\/em><\/span><\/span><\/span><span class='evoet_c3 evoet_cx evcal_desc'><span class='evoet_title evcal_desc2 evcal_event_title' itemprop='name'>AK Finanzen<\/span><span class='event_location_attrs'  data-location_address=\"Rathaus Oberhausen, Schwartzstr. 72, 46045 Oberhausen\" data-location_type=\"lonlat\" data-location_name=\"Sitzungssaal der SPD-Fraktion (Eingang Raum 370)\" data-location_url=\"https:\/\/meier-gerdingh.de\/wp-spd-ob\/event-location\/sitzungssaal-der-spd-fraktion-eingang-raum-370\/\" data-location_status=\"true\" data-latlng=\"51.473999,6.861205\"><\/span><span class='evoet_subtitle evo_below_title'><\/span><span class='evoet_time_expand level_3'><em class='evcal_time evo_tz_time'><i class='fa fa-clock-o'><\/i>16:00 Uhr<\/em> <\/span><span class='evoet_location level_3'><em class=\"evcal_location\"  data-latlng=\"51.473999,6.861205\" data-add_str=\"\" data-n=\"Sitzungssaal der SPD-Fraktion (Eingang Raum 370)\"><i class=\"fa fa-location-pin\"><\/i><em class=\"event_location_name\">Sitzungssaal der SPD-Fraktion (Eingang Raum 370)<\/em><\/em><\/span><span class='evoet_eventtypes level_4 evcal_event_types ett2'><em><i>Veranstalter: <\/i><\/em><em data-filter='event_type' data-v='AK Finanzen' data-id='4712' class='evoetet_val evoet_dataval'>AK Finanzen,<\/em><em data-filter='event_type' data-v='SPD-Fraktion Oberhausen' data-id='510' class='evoetet_val evoet_dataval'>SPD-Fraktion Oberhausen<\/em><\/span><\/span><span class='evoet_data' data-d=\"{&quot;loc.n&quot;:&quot;Sitzungssaal der SPD-Fraktion (Eingang Raum 370)&quot;,&quot;orgs&quot;:[],&quot;tags&quot;:[]}\" data-bgc=\"#0f2cad\" data-bggrad=\"\" ><\/span><\/a><\/p><div class=\"event_description evcal_eventcard evo_ak-finanzen evo_spd-fraktion-oberhausen \" style=\"display:none\"><div class='evocard_row bx2 bx'><div id='event_time' class='evocard_box time' data-c='' \n\t\t\t\t\tstyle=''><div class='evo_metarow_time evorow evcal_evdata_row evcal_evrow_sm '>\n\t\t<span class='evcal_evdata_icons'><i class='fa fa-clock-o'><\/i><\/span>\n\t\t<div class='evcal_evdata_cell'>\t\t\t\t\t\t\t\n\t\t\t<h3 class='evo_h3'><span class='evcal_evdata_icons'><i class='fa fa-clock-o'><\/i><\/span>Datum:<\/h3><p><span class='evo_eventcard_time_t'>23. November 2026 16:00 Uhr<\/span><\/p>\n\t\t<\/div>\n\t<\/div><\/div><div id='event_location' class='evocard_box location' data-c='' \n\t\t\t\t\tstyle=''><div class='evcal_evdata_row evo_metarow_time_location evorow '>\n\t\t\n\t\t\t<span class='evcal_evdata_icons'><i class='fa fa-map-marker'><\/i><\/span>\n\t\t\t<div class='evcal_evdata_cell' data-loc_tax_id='511'><h3 class='evo_h3 evodfx'><span class='evcal_evdata_icons'><i class='fa fa-map-marker'><\/i><\/span>Ort:<\/h3><p class='evo_location_name'>Sitzungssaal der SPD-Fraktion (Eingang Raum 370)<\/p><p class='evo_location_address'>Rathaus Oberhausen, Schwartzstr. 72, 46045 Oberhausen<\/p><div class='padt10'><span class='evo_btn_arr evolb_trigger' data-lbvals=\"{&quot;lbc&quot;:&quot;evo_location_lb_511&quot;,&quot;lbac&quot;:&quot;lb_max&quot;,&quot;t&quot;:&quot;Sitzungssaal der SPD-Fraktion (Eingang Raum 370)&quot;,&quot;ajax&quot;:&quot;yes&quot;,&quot;ajax_type&quot;:&quot;endpoint&quot;,&quot;ajax_action&quot;:&quot;eventon_get_tax_card_content&quot;,&quot;end&quot;:&quot;client&quot;,&quot;d&quot;:{&quot;lang&quot;:&quot;L1&quot;,&quot;term_id&quot;:511,&quot;tax&quot;:&quot;event_location&quot;,&quot;load_lbcontent&quot;:true}}\" >Andere Ereignisse<i class='fa fa-chevron-right'><\/i><\/span><\/div><\/div>\n\t\t\n\t<\/div><\/div><\/div><div class='evocard_row'><div id='event_addtocal' class='evocard_box addtocal' data-c='' \n\t\t\t\t\tstyle=''><div class='evo_metarow_ICS evorow evcal_evdata_row'>\n\t\t\t\t\t\t\t\t\t<span class='evcal_evdata_icons'><i class='fa fa-calendar-o'><\/i><\/span>\n\t\t\t\t\t\t\t\t\t<div class='evcal_evdata_cell'>\n\t\t\t\t\t\t\t\t\t\t<p><a href='https:\/\/meier-gerdingh.de\/wp-spd-ob\/wp-admin\/admin-ajax.php?action=eventon_ics_download&event_id=13229&ri=0&nonce=be2ac1e3c9' class='evo_ics_nCal' title='Zum Kalender hinzuf\u00fcgen'>Kalender<\/a><a href='\/\/www.google.com\/calendar\/event?action=TEMPLATE&amp;text=AK+Finanzen&amp;dates=20261123T160000Z\/20261123T235900Z&amp;ctz=UTC&amp;details=AK+Finanzen&amp;location=Sitzungssaal+der+SPD-Fraktion+%28Eingang+Raum+370%29Rathaus+Oberhausen%2C+Schwartzstr.+72%2C+46045+Oberhausen' target='_blank' class='evo_ics_gCal' title='Zum Google-Kalender hinzuf\u00fcgen'>Google-Kalender<\/a><\/p>\t\n\t\t\t\t\t\t\t\t\t<\/div>\n\t\t\t\t\t\t\t\t<\/div><\/div><\/div><div class='evocard_row'><div id='event_gmap' class='evocard_box gmap' data-c='' \n\t\t\t\t\tstyle=''><div class='evo_metarow_gmap evcal_evdata_row evorow evcal_gmaps evc17954496006a9cc4c089bff13229_gmap ' id='evc17954496006a9cc4c089bff13229_gmap' style='max-width:none' data-address=\"Rathaus Oberhausen, Schwartzstr. 72, 46045 Oberhausen\" data-latlng=\"51.473999,6.861205\" data-location_type=\"\" data-scroll=\"yes\" data-mty=\"roadmap\" data-zoom=\"16\" data-mapIcon=\"\" data-delay=\"400\" data-map_canvas_id=\"evc17954496006a9cc4c089bff13229_gmap\" >\n\t\t<span class='evo_map_load_out evoposr evodb evobr15'>\n\t\t<i class='fa fa-map-marker evoposa'><\/i><span class='evo_map_load evoposr evodb'>\t\t\t\t\t\n\t\t\t\t\t<i class='a'><\/i>\n\t\t\t\t\t<i class='b'><\/i>\n\t\t\t\t\t<i class='c'><\/i>\n\t\t\t\t\t<i class='d'><\/i>\n\t\t\t\t\t<i class='e'><\/i>\n\t\t\t\t\t<i class='f'><\/i>\n\t\t\t\t<\/span><\/span><\/div><\/div><\/div><div class='evocard_row'><div id='event_getdirection' class='evocard_box getdirection' data-c='' \n\t\t\t\t\tstyle=''><div class='evo_metarow_getDr evorow evcal_evdata_row evcal_evrow_sm getdirections'>\n\t\t<form action='https:\/\/maps.google.com\/maps' method='get' target='_blank'>\n\t\t\t<input type='hidden' name='daddr' value=\"Rathaus Oberhausen, Schwartzstr. 72, 46045 Oberhausen\"\/> \n\t\t\t<div class='evo_get_direction_content evo_fx_dr_r evogap10'>\n\t\t\t\t<span class='evogetdir_header evodfx evofx_dr_r evofx_ai_c marr10'>\n\t\t\t\t\t<i class='mainicon fa fa-road'><\/i> \n\t\t\t\t\t<h3 class='evo_h3' style='padding-bottom:5px;'>Routenplaner<\/h3>\n\t\t\t\t<\/span>\n\t\t\t\t<span class='evogetdir_field evodfx evofx_1_1 evo_fx_dr_c evow100p'>\t\t\t\t\t\n\t\t\t\t\t<input class='evoInput evotac' type='text' name='saddr' placeholder='Geben Sie Ihre Adresse ein' value='' style='margin:10px 0;'\/>\n\t\t\t\t<\/span>\n\t\t\t\t<button type='submit' class='evo_get_direction_button evo_btn_arr_circ dfx fx_ai_c' title='Hier klicken f\u00fcr Route'><i class='fa fa-chevron-right'><\/i> <\/button>\n\t\t\t<\/div>\n\t\t<\/form>\n\t<\/div><\/div><\/div><div class='evocard_row'><div id='event_evosocial' class='evocard_box evosocial' data-c='' \n\t\t\t\t\tstyle=''><div class='evo_metarow_socialmedia evcal_evdata_row '><div class='evo_sm FacebookShare'><a class=\" evo_ss\" target=\"_blank\" onclick=\"javascript:window.open(this.href, '', 'left=50,top=50,width=600,height=350,toolbar=0');return false;\"\r\n\t\t\t\t\t\thref=\"\/\/www.facebook.com\/sharer.php?u=https%3A%2F%2Fmeier-gerdingh.de%2Fwp-spd-ob%2Ftermine%2Fak-finanzen-8%2F\" title=\"Auf Facebook teilen\"><i class=\"fa fab fa-facebook\"><\/i><\/a><\/div><div class='evo_sm Twitter'><a class=\"tw evo_ss\" onclick=\"javascript:window.open(this.href, '', 'menubar=no,toolbar=no,resizable=yes,scrollbars=yes,height=300,width=600');return false;\" href=\"\/\/twitter.com\/intent\/tweet?text=AK Finanzen&#32;-&#32;&url=https%3A%2F%2Fmeier-gerdingh.de%2Fwp-spd-ob%2Ftermine%2Fak-finanzen-8%2F\" title=\"Auf X teilen\" rel=\"nofollow\" target=\"_blank\" data-url=\"https%3A%2F%2Fmeier-gerdingh.de%2Fwp-spd-ob%2Ftermine%2Fak-finanzen-8%2F\"><i class=\"fa fab fa-x-twitter\"><\/i><\/a><\/div><div class='evo_sm LinkedIn'><a class=\"li evo_ss\" href=\"\/\/www.linkedin.com\/shareArticle?mini=true&url=https%3A%2F%2Fmeier-gerdingh.de%2Fwp-spd-ob%2Ftermine%2Fak-finanzen-8%2F&title=AK%20Finanzen&summary=--\" target=\"_blank\" title=\"Auf Linkedin teilen\"><i class=\"fa fab fa-linkedin\"><\/i><\/a><\/div><div class='evo_sm Whatsapp'><a class=\"wa evo_ss\" href=\"https:\/\/api.whatsapp.com\/send?text=https%3A%2F%2Fmeier-gerdingh.de%2Fwp-spd-ob%2Ftermine%2Fak-finanzen-8%2F\"\r\n\t\t\t\t        data-action=\"share\/whatsapp\/share\" target=\"_blank\" title=\"Auf WhatsApp teilen\"><i class=\"fa fab fa-whatsapp\"><\/i><\/a><\/div><div class='evo_sm EmailShare'><a class=\"em evo_ss\" href=\"mailto:?subject=AK%20Finanzen&body=Event Name: AK%20Finanzen%0AEvent Date: 23. November 2026 16:00%0ALink: https%3A%2F%2Fmeier-gerdingh.de%2Fwp-spd-ob%2Ftermine%2Fak-finanzen-8%2F%0A\" target=\"_blank\"><i class=\"fa fa-envelope\"><\/i><\/a><\/div><\/div><\/div><\/div><div class='evo_card_row_end evcal_close' title='Schlie\u00dfen'><\/div><\/div><div class='clear end'><\/div><\/div><div id=\"event_13289_0\" class=\"eventon_list_event evo_eventtop scheduled  event clrD no_et event_13289_0\" data-event_id=\"13289\" data-ri=\"0r\" data-time=\"1795514400-1795564740\" data-colr=\"#298a20\" itemscope itemtype='http:\/\/schema.org\/Event'><div class=\"evo_event_schema\" style=\"display:none\" ><a itemprop='url'  href='https:\/\/meier-gerdingh.de\/wp-spd-ob\/termine\/landtag-nrw-plenartag-22\/'><\/a><meta itemprop='image'  \/><meta itemprop='startDate' content=\"2026-11-24T10:00+2:00\" \/><meta itemprop='endDate' content=\"2026-11-24T23:59+2:00\" \/><meta itemprop='eventStatus' content=\"https:\/\/schema.org\/EventScheduled\" \/><item style=\"display:none\" itemprop=\"location\" itemscope itemtype=\"http:\/\/schema.org\/Place\"><span itemprop=\"name\">Landtag von Nordrhein-Westfalen<\/span><span itemprop=\"address\" itemscope itemtype=\"http:\/\/schema.org\/PostalAddress\"><item itemprop=\"streetAddress\">Platz des Landtags 1, 40221 D\u00fcsseldorf<\/item><\/span><\/item><item style=\"display:none\" itemprop=\"eventAttendanceMode\" itemscope itemtype=\"https:\/\/schema.org\/OfflineEventAttendanceMode\"><\/item><script type=\"application\/ld+json\">{\"@context\": \"http:\/\/schema.org\",\"@type\": \"Event\",\n\t\t\t\t\"@id\": \"event_13289_0\",\n\t\t\t\t\"eventAttendanceMode\":\"https:\/\/schema.org\/OfflineEventAttendanceMode\",\n\t\t\t\t\"eventStatus\":\"https:\/\/schema.org\/EventScheduled\",\n\t\t\t\t\"name\": \"Landtag NRW: Plenartag\",\n\t\t\t\t\"url\": \"https:\/\/meier-gerdingh.de\/wp-spd-ob\/termine\/landtag-nrw-plenartag-22\/\",\n\t\t\t\t\"startDate\": \"2026-11-24T10:00+2:00\",\n\t\t\t\t\"endDate\": \"2026-11-24T23:59+2:00\",\n\t\t\t\t\"image\":\"\", \n\t\t\t\t\"description\":\"'Landtag NRW: Plenartag'\",\"location\":[{\"@type\":\"Place\",\"name\":\"Landtag von Nordrhein-Westfalen\",\"address\":{\"@type\": \"PostalAddress\",\"streetAddress\":\"Platz des Landtags 1, 40221 D\u00fcsseldorf\"}}]}<\/script><\/div>\r\n\t\t\t\t<p class=\"desc_trig_outter\" style=\"\"><a data-gmtrig=\"1\" data-exlk=\"0\" style=\"background-color: #298a20;\" id=\"evc_179551440013289\" class=\"desc_trig evo_landtag-nrw sin_val evcal_list_a\" data-ux_val=\"1\" data-ux_val_mob=\"-\"  ><span class='evoet_c2 evoet_cx '><span class='evoet_dayblock evcal_cblock ' data-bgcolor='#298a20' data-smon='November' data-syr='2026' data-bub=''><span class='evo_start '><em class='day'>Di<\/em><em class='date'>24<\/em><em class='month'>Nov<\/em><em class='time'>10:00<\/em><\/span><\/span><\/span><span class='evoet_c3 evoet_cx evcal_desc'><span class='evoet_title evcal_desc2 evcal_event_title' itemprop='name'>Landtag NRW: Plenartag<\/span><span class='event_location_attrs'  data-location_address=\"Platz des Landtags 1, 40221 D\u00fcsseldorf\" data-location_type=\"lonlat\" data-location_name=\"Landtag von Nordrhein-Westfalen\" data-location_url=\"https:\/\/meier-gerdingh.de\/wp-spd-ob\/event-location\/landtag-von-nordrhein-westfalen\/\" data-location_status=\"true\" data-latlng=\"51.218824,6.763339\"><\/span><span class='evoet_subtitle evo_below_title'><\/span><span class='evoet_time_expand level_3'><em class='evcal_time evo_tz_time'><i class='fa fa-clock-o'><\/i>10:00 Uhr<\/em> <\/span><span class='evoet_location level_3'><em class=\"evcal_location\"  data-latlng=\"51.218824,6.763339\" data-add_str=\"\" data-n=\"Landtag von Nordrhein-Westfalen\"><i class=\"fa fa-location-pin\"><\/i><em class=\"event_location_name\">Landtag von Nordrhein-Westfalen<\/em><\/em><\/span><span class='evoet_eventtypes level_4 evcal_event_types ett1'><em><i>Veranstalter: <\/i><\/em><em data-filter='event_type' data-v='Landtag NRW' data-id='932' class='evoetet_val evoet_dataval'>Landtag NRW<\/em><\/span><\/span><span class='evoet_data' data-d=\"{&quot;loc.n&quot;:&quot;Landtag von Nordrhein-Westfalen&quot;,&quot;orgs&quot;:[],&quot;tags&quot;:[]}\" data-bgc=\"#298a20\" data-bggrad=\"\" ><\/span><\/a><\/p><div class=\"event_description evcal_eventcard evo_landtag-nrw \" style=\"display:none\"><div class='evocard_row bx2 bx'><div id='event_time' class='evocard_box time' data-c='' \n\t\t\t\t\tstyle=''><div class='evo_metarow_time evorow evcal_evdata_row evcal_evrow_sm '>\n\t\t<span class='evcal_evdata_icons'><i class='fa fa-clock-o'><\/i><\/span>\n\t\t<div class='evcal_evdata_cell'>\t\t\t\t\t\t\t\n\t\t\t<h3 class='evo_h3'><span class='evcal_evdata_icons'><i class='fa fa-clock-o'><\/i><\/span>Datum:<\/h3><p><span class='evo_eventcard_time_t'>24. November 2026 10:00 Uhr<\/span><\/p>\n\t\t<\/div>\n\t<\/div><\/div><div id='event_location' class='evocard_box location' data-c='' \n\t\t\t\t\tstyle=''><div class='evcal_evdata_row evo_metarow_time_location evorow '>\n\t\t\n\t\t\t<span class='evcal_evdata_icons'><i class='fa fa-map-marker'><\/i><\/span>\n\t\t\t<div class='evcal_evdata_cell' data-loc_tax_id='931'><h3 class='evo_h3 evodfx'><span class='evcal_evdata_icons'><i class='fa fa-map-marker'><\/i><\/span>Ort:<\/h3><p class='evo_location_name'>Landtag von Nordrhein-Westfalen<\/p><p class='evo_location_address'>Platz des Landtags 1, 40221 D\u00fcsseldorf<\/p><div class='padt10'><span class='evo_btn_arr evolb_trigger' data-lbvals=\"{&quot;lbc&quot;:&quot;evo_location_lb_931&quot;,&quot;lbac&quot;:&quot;lb_max&quot;,&quot;t&quot;:&quot;Landtag von Nordrhein-Westfalen&quot;,&quot;ajax&quot;:&quot;yes&quot;,&quot;ajax_type&quot;:&quot;endpoint&quot;,&quot;ajax_action&quot;:&quot;eventon_get_tax_card_content&quot;,&quot;end&quot;:&quot;client&quot;,&quot;d&quot;:{&quot;lang&quot;:&quot;L1&quot;,&quot;term_id&quot;:931,&quot;tax&quot;:&quot;event_location&quot;,&quot;load_lbcontent&quot;:true}}\" >Andere Ereignisse<i class='fa fa-chevron-right'><\/i><\/span><\/div><\/div>\n\t\t\n\t<\/div><\/div><\/div><div class='evocard_row'><div id='event_addtocal' class='evocard_box addtocal' data-c='' \n\t\t\t\t\tstyle=''><div class='evo_metarow_ICS evorow evcal_evdata_row'>\n\t\t\t\t\t\t\t\t\t<span class='evcal_evdata_icons'><i class='fa fa-calendar-o'><\/i><\/span>\n\t\t\t\t\t\t\t\t\t<div class='evcal_evdata_cell'>\n\t\t\t\t\t\t\t\t\t\t<p><a href='https:\/\/meier-gerdingh.de\/wp-spd-ob\/wp-admin\/admin-ajax.php?action=eventon_ics_download&event_id=13289&ri=0&nonce=be2ac1e3c9' class='evo_ics_nCal' title='Zum Kalender hinzuf\u00fcgen'>Kalender<\/a><a href='\/\/www.google.com\/calendar\/event?action=TEMPLATE&amp;text=Landtag+NRW%3A+Plenartag&amp;dates=20261124T100000Z\/20261124T235900Z&amp;ctz=UTC&amp;details=Landtag+NRW%3A+Plenartag&amp;location=Landtag+von+Nordrhein-WestfalenPlatz+des+Landtags+1%2C+40221+D%C3%BCsseldorf' target='_blank' class='evo_ics_gCal' title='Zum Google-Kalender hinzuf\u00fcgen'>Google-Kalender<\/a><\/p>\t\n\t\t\t\t\t\t\t\t\t<\/div>\n\t\t\t\t\t\t\t\t<\/div><\/div><\/div><div class='evocard_row'><div id='event_gmap' class='evocard_box gmap' data-c='' \n\t\t\t\t\tstyle=''><div class='evo_metarow_gmap evcal_evdata_row evorow evcal_gmaps evc17955144006a9cc4c08c76713289_gmap place' id='evc17955144006a9cc4c08c76713289_gmap' style='max-width:none' data-address=\"Platz des Landtags 1, 40221 D\u00fcsseldorf\" data-latlng=\"51.218824,6.763339\" data-location_type=\"place\" data-scroll=\"yes\" data-mty=\"roadmap\" data-zoom=\"16\" data-mapIcon=\"\" data-delay=\"400\" data-map_canvas_id=\"evc17955144006a9cc4c08c76713289_gmap\" >\n\t\t<span class='evo_map_load_out evoposr evodb evobr15'>\n\t\t<i class='fa fa-map-marker evoposa'><\/i><span class='evo_map_load evoposr evodb'>\t\t\t\t\t\n\t\t\t\t\t<i class='a'><\/i>\n\t\t\t\t\t<i class='b'><\/i>\n\t\t\t\t\t<i class='c'><\/i>\n\t\t\t\t\t<i class='d'><\/i>\n\t\t\t\t\t<i class='e'><\/i>\n\t\t\t\t\t<i class='f'><\/i>\n\t\t\t\t<\/span><\/span><\/div><\/div><\/div><div class='evocard_row'><div id='event_getdirection' class='evocard_box getdirection' data-c='' \n\t\t\t\t\tstyle=''><div class='evo_metarow_getDr evorow evcal_evdata_row evcal_evrow_sm getdirections'>\n\t\t<form action='https:\/\/maps.google.com\/maps' method='get' target='_blank'>\n\t\t\t<input type='hidden' name='daddr' value=\"Platz des Landtags 1, 40221 D\u00fcsseldorf\"\/> \n\t\t\t<div class='evo_get_direction_content evo_fx_dr_r evogap10'>\n\t\t\t\t<span class='evogetdir_header evodfx evofx_dr_r evofx_ai_c marr10'>\n\t\t\t\t\t<i class='mainicon fa fa-road'><\/i> \n\t\t\t\t\t<h3 class='evo_h3' style='padding-bottom:5px;'>Routenplaner<\/h3>\n\t\t\t\t<\/span>\n\t\t\t\t<span class='evogetdir_field evodfx evofx_1_1 evo_fx_dr_c evow100p'>\t\t\t\t\t\n\t\t\t\t\t<input class='evoInput evotac' type='text' name='saddr' placeholder='Geben Sie Ihre Adresse ein' value='' style='margin:10px 0;'\/>\n\t\t\t\t<\/span>\n\t\t\t\t<button type='submit' class='evo_get_direction_button evo_btn_arr_circ dfx fx_ai_c' title='Hier klicken f\u00fcr Route'><i class='fa fa-chevron-right'><\/i> <\/button>\n\t\t\t<\/div>\n\t\t<\/form>\n\t<\/div><\/div><\/div><div class='evocard_row'><div id='event_evosocial' class='evocard_box evosocial' data-c='' \n\t\t\t\t\tstyle=''><div class='evo_metarow_socialmedia evcal_evdata_row '><div class='evo_sm FacebookShare'><a class=\" evo_ss\" target=\"_blank\" onclick=\"javascript:window.open(this.href, '', 'left=50,top=50,width=600,height=350,toolbar=0');return false;\"\r\n\t\t\t\t\t\thref=\"\/\/www.facebook.com\/sharer.php?u=https%3A%2F%2Fmeier-gerdingh.de%2Fwp-spd-ob%2Ftermine%2Flandtag-nrw-plenartag-22%2F\" title=\"Auf Facebook teilen\"><i class=\"fa fab fa-facebook\"><\/i><\/a><\/div><div class='evo_sm Twitter'><a class=\"tw evo_ss\" onclick=\"javascript:window.open(this.href, '', 'menubar=no,toolbar=no,resizable=yes,scrollbars=yes,height=300,width=600');return false;\" href=\"\/\/twitter.com\/intent\/tweet?text=Landtag NRW: Plenartag&#32;-&#32;&url=https%3A%2F%2Fmeier-gerdingh.de%2Fwp-spd-ob%2Ftermine%2Flandtag-nrw-plenartag-22%2F\" title=\"Auf X teilen\" rel=\"nofollow\" target=\"_blank\" data-url=\"https%3A%2F%2Fmeier-gerdingh.de%2Fwp-spd-ob%2Ftermine%2Flandtag-nrw-plenartag-22%2F\"><i class=\"fa fab fa-x-twitter\"><\/i><\/a><\/div><div class='evo_sm LinkedIn'><a class=\"li evo_ss\" href=\"\/\/www.linkedin.com\/shareArticle?mini=true&url=https%3A%2F%2Fmeier-gerdingh.de%2Fwp-spd-ob%2Ftermine%2Flandtag-nrw-plenartag-22%2F&title=Landtag%20NRW%3A%20Plenartag&summary=--\" target=\"_blank\" title=\"Auf Linkedin teilen\"><i class=\"fa fab fa-linkedin\"><\/i><\/a><\/div><div class='evo_sm Whatsapp'><a class=\"wa evo_ss\" href=\"https:\/\/api.whatsapp.com\/send?text=https%3A%2F%2Fmeier-gerdingh.de%2Fwp-spd-ob%2Ftermine%2Flandtag-nrw-plenartag-22%2F\"\r\n\t\t\t\t        data-action=\"share\/whatsapp\/share\" target=\"_blank\" title=\"Auf WhatsApp teilen\"><i class=\"fa fab fa-whatsapp\"><\/i><\/a><\/div><div class='evo_sm EmailShare'><a class=\"em evo_ss\" href=\"mailto:?subject=Landtag%20NRW%3A%20Plenartag&body=Event Name: Landtag%20NRW%3A%20Plenartag%0AEvent Date: 24. November 2026 10:00%0ALink: https%3A%2F%2Fmeier-gerdingh.de%2Fwp-spd-ob%2Ftermine%2Flandtag-nrw-plenartag-22%2F%0A\" target=\"_blank\"><i class=\"fa fa-envelope\"><\/i><\/a><\/div><\/div><\/div><\/div><div class='evo_card_row_end evcal_close' title='Schlie\u00dfen'><\/div><\/div><div class='clear end'><\/div><\/div><div id=\"event_13290_0\" class=\"eventon_list_event evo_eventtop scheduled  event clrD no_et event_13290_0\" data-event_id=\"13290\" data-ri=\"0r\" data-time=\"1795600800-1795651140\" data-colr=\"#298a20\" itemscope itemtype='http:\/\/schema.org\/Event'><div class=\"evo_event_schema\" style=\"display:none\" ><a itemprop='url'  href='https:\/\/meier-gerdingh.de\/wp-spd-ob\/termine\/landtag-nrw-plenartag-23\/'><\/a><meta itemprop='image'  \/><meta itemprop='startDate' content=\"2026-11-25T10:00+2:00\" \/><meta itemprop='endDate' content=\"2026-11-25T23:59+2:00\" \/><meta itemprop='eventStatus' content=\"https:\/\/schema.org\/EventScheduled\" \/><item style=\"display:none\" itemprop=\"location\" itemscope itemtype=\"http:\/\/schema.org\/Place\"><span itemprop=\"name\">Landtag von Nordrhein-Westfalen<\/span><span itemprop=\"address\" itemscope itemtype=\"http:\/\/schema.org\/PostalAddress\"><item itemprop=\"streetAddress\">Platz des Landtags 1, 40221 D\u00fcsseldorf<\/item><\/span><\/item><item style=\"display:none\" itemprop=\"eventAttendanceMode\" itemscope itemtype=\"https:\/\/schema.org\/OfflineEventAttendanceMode\"><\/item><script type=\"application\/ld+json\">{\"@context\": \"http:\/\/schema.org\",\"@type\": \"Event\",\n\t\t\t\t\"@id\": \"event_13290_0\",\n\t\t\t\t\"eventAttendanceMode\":\"https:\/\/schema.org\/OfflineEventAttendanceMode\",\n\t\t\t\t\"eventStatus\":\"https:\/\/schema.org\/EventScheduled\",\n\t\t\t\t\"name\": \"Landtag NRW: Plenartag\",\n\t\t\t\t\"url\": \"https:\/\/meier-gerdingh.de\/wp-spd-ob\/termine\/landtag-nrw-plenartag-23\/\",\n\t\t\t\t\"startDate\": \"2026-11-25T10:00+2:00\",\n\t\t\t\t\"endDate\": \"2026-11-25T23:59+2:00\",\n\t\t\t\t\"image\":\"\", \n\t\t\t\t\"description\":\"'Landtag NRW: Plenartag'\",\"location\":[{\"@type\":\"Place\",\"name\":\"Landtag von Nordrhein-Westfalen\",\"address\":{\"@type\": \"PostalAddress\",\"streetAddress\":\"Platz des Landtags 1, 40221 D\u00fcsseldorf\"}}]}<\/script><\/div>\r\n\t\t\t\t<p class=\"desc_trig_outter\" style=\"\"><a data-gmtrig=\"1\" data-exlk=\"0\" style=\"background-color: #298a20;\" id=\"evc_179560080013290\" class=\"desc_trig evo_landtag-nrw sin_val evcal_list_a\" data-ux_val=\"1\" data-ux_val_mob=\"-\"  ><span class='evoet_c2 evoet_cx '><span class='evoet_dayblock evcal_cblock ' data-bgcolor='#298a20' data-smon='November' data-syr='2026' data-bub=''><span class='evo_start '><em class='day'>Mi<\/em><em class='date'>25<\/em><em class='month'>Nov<\/em><em class='time'>10:00<\/em><\/span><\/span><\/span><span class='evoet_c3 evoet_cx evcal_desc'><span class='evoet_title evcal_desc2 evcal_event_title' itemprop='name'>Landtag NRW: Plenartag<\/span><span class='event_location_attrs'  data-location_address=\"Platz des Landtags 1, 40221 D\u00fcsseldorf\" data-location_type=\"lonlat\" data-location_name=\"Landtag von Nordrhein-Westfalen\" data-location_url=\"https:\/\/meier-gerdingh.de\/wp-spd-ob\/event-location\/landtag-von-nordrhein-westfalen\/\" data-location_status=\"true\" data-latlng=\"51.218824,6.763339\"><\/span><span class='evoet_subtitle evo_below_title'><\/span><span class='evoet_time_expand level_3'><em class='evcal_time evo_tz_time'><i class='fa fa-clock-o'><\/i>10:00 Uhr<\/em> <\/span><span class='evoet_location level_3'><em class=\"evcal_location\"  data-latlng=\"51.218824,6.763339\" data-add_str=\"\" data-n=\"Landtag von Nordrhein-Westfalen\"><i class=\"fa fa-location-pin\"><\/i><em class=\"event_location_name\">Landtag von Nordrhein-Westfalen<\/em><\/em><\/span><span class='evoet_eventtypes level_4 evcal_event_types ett1'><em><i>Veranstalter: <\/i><\/em><em data-filter='event_type' data-v='Landtag NRW' data-id='932' class='evoetet_val evoet_dataval'>Landtag NRW<\/em><\/span><\/span><span class='evoet_data' data-d=\"{&quot;loc.n&quot;:&quot;Landtag von Nordrhein-Westfalen&quot;,&quot;orgs&quot;:[],&quot;tags&quot;:[]}\" data-bgc=\"#298a20\" data-bggrad=\"\" ><\/span><\/a><\/p><div class=\"event_description evcal_eventcard evo_landtag-nrw \" style=\"display:none\"><div class='evocard_row bx2 bx'><div id='event_time' class='evocard_box time' data-c='' \n\t\t\t\t\tstyle=''><div class='evo_metarow_time evorow evcal_evdata_row evcal_evrow_sm '>\n\t\t<span class='evcal_evdata_icons'><i class='fa fa-clock-o'><\/i><\/span>\n\t\t<div class='evcal_evdata_cell'>\t\t\t\t\t\t\t\n\t\t\t<h3 class='evo_h3'><span class='evcal_evdata_icons'><i class='fa fa-clock-o'><\/i><\/span>Datum:<\/h3><p><span class='evo_eventcard_time_t'>25. November 2026 10:00 Uhr<\/span><\/p>\n\t\t<\/div>\n\t<\/div><\/div><div id='event_location' class='evocard_box location' data-c='' \n\t\t\t\t\tstyle=''><div class='evcal_evdata_row evo_metarow_time_location evorow '>\n\t\t\n\t\t\t<span class='evcal_evdata_icons'><i class='fa fa-map-marker'><\/i><\/span>\n\t\t\t<div class='evcal_evdata_cell' data-loc_tax_id='931'><h3 class='evo_h3 evodfx'><span class='evcal_evdata_icons'><i class='fa fa-map-marker'><\/i><\/span>Ort:<\/h3><p class='evo_location_name'>Landtag von Nordrhein-Westfalen<\/p><p class='evo_location_address'>Platz des Landtags 1, 40221 D\u00fcsseldorf<\/p><div class='padt10'><span class='evo_btn_arr evolb_trigger' data-lbvals=\"{&quot;lbc&quot;:&quot;evo_location_lb_931&quot;,&quot;lbac&quot;:&quot;lb_max&quot;,&quot;t&quot;:&quot;Landtag von Nordrhein-Westfalen&quot;,&quot;ajax&quot;:&quot;yes&quot;,&quot;ajax_type&quot;:&quot;endpoint&quot;,&quot;ajax_action&quot;:&quot;eventon_get_tax_card_content&quot;,&quot;end&quot;:&quot;client&quot;,&quot;d&quot;:{&quot;lang&quot;:&quot;L1&quot;,&quot;term_id&quot;:931,&quot;tax&quot;:&quot;event_location&quot;,&quot;load_lbcontent&quot;:true}}\" >Andere Ereignisse<i class='fa fa-chevron-right'><\/i><\/span><\/div><\/div>\n\t\t\n\t<\/div><\/div><\/div><div class='evocard_row'><div id='event_addtocal' class='evocard_box addtocal' data-c='' \n\t\t\t\t\tstyle=''><div class='evo_metarow_ICS evorow evcal_evdata_row'>\n\t\t\t\t\t\t\t\t\t<span class='evcal_evdata_icons'><i class='fa fa-calendar-o'><\/i><\/span>\n\t\t\t\t\t\t\t\t\t<div class='evcal_evdata_cell'>\n\t\t\t\t\t\t\t\t\t\t<p><a href='https:\/\/meier-gerdingh.de\/wp-spd-ob\/wp-admin\/admin-ajax.php?action=eventon_ics_download&event_id=13290&ri=0&nonce=be2ac1e3c9' class='evo_ics_nCal' title='Zum Kalender hinzuf\u00fcgen'>Kalender<\/a><a href='\/\/www.google.com\/calendar\/event?action=TEMPLATE&amp;text=Landtag+NRW%3A+Plenartag&amp;dates=20261125T100000Z\/20261125T235900Z&amp;ctz=UTC&amp;details=Landtag+NRW%3A+Plenartag&amp;location=Landtag+von+Nordrhein-WestfalenPlatz+des+Landtags+1%2C+40221+D%C3%BCsseldorf' target='_blank' class='evo_ics_gCal' title='Zum Google-Kalender hinzuf\u00fcgen'>Google-Kalender<\/a><\/p>\t\n\t\t\t\t\t\t\t\t\t<\/div>\n\t\t\t\t\t\t\t\t<\/div><\/div><\/div><div class='evocard_row'><div id='event_gmap' class='evocard_box gmap' data-c='' \n\t\t\t\t\tstyle=''><div class='evo_metarow_gmap evcal_evdata_row evorow evcal_gmaps evc17956008006a9cc4c08ebaa13290_gmap place' id='evc17956008006a9cc4c08ebaa13290_gmap' style='max-width:none' data-address=\"Platz des Landtags 1, 40221 D\u00fcsseldorf\" data-latlng=\"51.218824,6.763339\" data-location_type=\"place\" data-scroll=\"yes\" data-mty=\"roadmap\" data-zoom=\"16\" data-mapIcon=\"\" data-delay=\"400\" data-map_canvas_id=\"evc17956008006a9cc4c08ebaa13290_gmap\" >\n\t\t<span class='evo_map_load_out evoposr evodb evobr15'>\n\t\t<i class='fa fa-map-marker evoposa'><\/i><span class='evo_map_load evoposr evodb'>\t\t\t\t\t\n\t\t\t\t\t<i class='a'><\/i>\n\t\t\t\t\t<i class='b'><\/i>\n\t\t\t\t\t<i class='c'><\/i>\n\t\t\t\t\t<i class='d'><\/i>\n\t\t\t\t\t<i class='e'><\/i>\n\t\t\t\t\t<i class='f'><\/i>\n\t\t\t\t<\/span><\/span><\/div><\/div><\/div><div class='evocard_row'><div id='event_getdirection' class='evocard_box getdirection' data-c='' \n\t\t\t\t\tstyle=''><div class='evo_metarow_getDr evorow evcal_evdata_row evcal_evrow_sm getdirections'>\n\t\t<form action='https:\/\/maps.google.com\/maps' method='get' target='_blank'>\n\t\t\t<input type='hidden' name='daddr' value=\"Platz des Landtags 1, 40221 D\u00fcsseldorf\"\/> \n\t\t\t<div class='evo_get_direction_content evo_fx_dr_r evogap10'>\n\t\t\t\t<span class='evogetdir_header evodfx evofx_dr_r evofx_ai_c marr10'>\n\t\t\t\t\t<i class='mainicon fa fa-road'><\/i> \n\t\t\t\t\t<h3 class='evo_h3' style='padding-bottom:5px;'>Routenplaner<\/h3>\n\t\t\t\t<\/span>\n\t\t\t\t<span class='evogetdir_field evodfx evofx_1_1 evo_fx_dr_c evow100p'>\t\t\t\t\t\n\t\t\t\t\t<input class='evoInput evotac' type='text' name='saddr' placeholder='Geben Sie Ihre Adresse ein' value='' style='margin:10px 0;'\/>\n\t\t\t\t<\/span>\n\t\t\t\t<button type='submit' class='evo_get_direction_button evo_btn_arr_circ dfx fx_ai_c' title='Hier klicken f\u00fcr Route'><i class='fa fa-chevron-right'><\/i> <\/button>\n\t\t\t<\/div>\n\t\t<\/form>\n\t<\/div><\/div><\/div><div class='evocard_row'><div id='event_evosocial' class='evocard_box evosocial' data-c='' \n\t\t\t\t\tstyle=''><div class='evo_metarow_socialmedia evcal_evdata_row '><div class='evo_sm FacebookShare'><a class=\" evo_ss\" target=\"_blank\" onclick=\"javascript:window.open(this.href, '', 'left=50,top=50,width=600,height=350,toolbar=0');return false;\"\r\n\t\t\t\t\t\thref=\"\/\/www.facebook.com\/sharer.php?u=https%3A%2F%2Fmeier-gerdingh.de%2Fwp-spd-ob%2Ftermine%2Flandtag-nrw-plenartag-23%2F\" title=\"Auf Facebook teilen\"><i class=\"fa fab fa-facebook\"><\/i><\/a><\/div><div class='evo_sm Twitter'><a class=\"tw evo_ss\" onclick=\"javascript:window.open(this.href, '', 'menubar=no,toolbar=no,resizable=yes,scrollbars=yes,height=300,width=600');return false;\" href=\"\/\/twitter.com\/intent\/tweet?text=Landtag NRW: Plenartag&#32;-&#32;&url=https%3A%2F%2Fmeier-gerdingh.de%2Fwp-spd-ob%2Ftermine%2Flandtag-nrw-plenartag-23%2F\" title=\"Auf X teilen\" rel=\"nofollow\" target=\"_blank\" data-url=\"https%3A%2F%2Fmeier-gerdingh.de%2Fwp-spd-ob%2Ftermine%2Flandtag-nrw-plenartag-23%2F\"><i class=\"fa fab fa-x-twitter\"><\/i><\/a><\/div><div class='evo_sm LinkedIn'><a class=\"li evo_ss\" href=\"\/\/www.linkedin.com\/shareArticle?mini=true&url=https%3A%2F%2Fmeier-gerdingh.de%2Fwp-spd-ob%2Ftermine%2Flandtag-nrw-plenartag-23%2F&title=Landtag%20NRW%3A%20Plenartag&summary=--\" target=\"_blank\" title=\"Auf Linkedin teilen\"><i class=\"fa fab fa-linkedin\"><\/i><\/a><\/div><div class='evo_sm Whatsapp'><a class=\"wa evo_ss\" href=\"https:\/\/api.whatsapp.com\/send?text=https%3A%2F%2Fmeier-gerdingh.de%2Fwp-spd-ob%2Ftermine%2Flandtag-nrw-plenartag-23%2F\"\r\n\t\t\t\t        data-action=\"share\/whatsapp\/share\" target=\"_blank\" title=\"Auf WhatsApp teilen\"><i class=\"fa fab fa-whatsapp\"><\/i><\/a><\/div><div class='evo_sm EmailShare'><a class=\"em evo_ss\" href=\"mailto:?subject=Landtag%20NRW%3A%20Plenartag&body=Event Name: Landtag%20NRW%3A%20Plenartag%0AEvent Date: 25. November 2026 10:00%0ALink: https%3A%2F%2Fmeier-gerdingh.de%2Fwp-spd-ob%2Ftermine%2Flandtag-nrw-plenartag-23%2F%0A\" target=\"_blank\"><i class=\"fa fa-envelope\"><\/i><\/a><\/div><\/div><\/div><\/div><div class='evo_card_row_end evcal_close' title='Schlie\u00dfen'><\/div><\/div><div class='clear end'><\/div><\/div><div id=\"event_13291_0\" class=\"eventon_list_event evo_eventtop scheduled  event clrD no_et event_13291_0\" data-event_id=\"13291\" data-ri=\"0r\" data-time=\"1795687200-1795737540\" data-colr=\"#298a20\" itemscope itemtype='http:\/\/schema.org\/Event'><div class=\"evo_event_schema\" style=\"display:none\" ><a itemprop='url'  href='https:\/\/meier-gerdingh.de\/wp-spd-ob\/termine\/landtag-nrw-plenartag-24\/'><\/a><meta itemprop='image'  \/><meta itemprop='startDate' content=\"2026-11-26T10:00+2:00\" \/><meta itemprop='endDate' content=\"2026-11-26T23:59+2:00\" \/><meta itemprop='eventStatus' content=\"https:\/\/schema.org\/EventScheduled\" \/><item style=\"display:none\" itemprop=\"location\" itemscope itemtype=\"http:\/\/schema.org\/Place\"><span itemprop=\"name\">Landtag von Nordrhein-Westfalen<\/span><span itemprop=\"address\" itemscope itemtype=\"http:\/\/schema.org\/PostalAddress\"><item itemprop=\"streetAddress\">Platz des Landtags 1, 40221 D\u00fcsseldorf<\/item><\/span><\/item><item style=\"display:none\" itemprop=\"eventAttendanceMode\" itemscope itemtype=\"https:\/\/schema.org\/OfflineEventAttendanceMode\"><\/item><script type=\"application\/ld+json\">{\"@context\": \"http:\/\/schema.org\",\"@type\": \"Event\",\n\t\t\t\t\"@id\": \"event_13291_0\",\n\t\t\t\t\"eventAttendanceMode\":\"https:\/\/schema.org\/OfflineEventAttendanceMode\",\n\t\t\t\t\"eventStatus\":\"https:\/\/schema.org\/EventScheduled\",\n\t\t\t\t\"name\": \"Landtag NRW: Plenartag\",\n\t\t\t\t\"url\": \"https:\/\/meier-gerdingh.de\/wp-spd-ob\/termine\/landtag-nrw-plenartag-24\/\",\n\t\t\t\t\"startDate\": \"2026-11-26T10:00+2:00\",\n\t\t\t\t\"endDate\": \"2026-11-26T23:59+2:00\",\n\t\t\t\t\"image\":\"\", \n\t\t\t\t\"description\":\"'Landtag NRW: Plenartag'\",\"location\":[{\"@type\":\"Place\",\"name\":\"Landtag von Nordrhein-Westfalen\",\"address\":{\"@type\": \"PostalAddress\",\"streetAddress\":\"Platz des Landtags 1, 40221 D\u00fcsseldorf\"}}]}<\/script><\/div>\r\n\t\t\t\t<p class=\"desc_trig_outter\" style=\"\"><a data-gmtrig=\"1\" data-exlk=\"0\" style=\"background-color: #298a20;\" id=\"evc_179568720013291\" class=\"desc_trig evo_landtag-nrw sin_val evcal_list_a\" data-ux_val=\"1\" data-ux_val_mob=\"-\"  ><span class='evoet_c2 evoet_cx '><span class='evoet_dayblock evcal_cblock ' data-bgcolor='#298a20' data-smon='November' data-syr='2026' data-bub=''><span class='evo_start '><em class='day'>Do<\/em><em class='date'>26<\/em><em class='month'>Nov<\/em><em class='time'>10:00<\/em><\/span><\/span><\/span><span class='evoet_c3 evoet_cx evcal_desc'><span class='evoet_title evcal_desc2 evcal_event_title' itemprop='name'>Landtag NRW: Plenartag<\/span><span class='event_location_attrs'  data-location_address=\"Platz des Landtags 1, 40221 D\u00fcsseldorf\" data-location_type=\"lonlat\" data-location_name=\"Landtag von Nordrhein-Westfalen\" data-location_url=\"https:\/\/meier-gerdingh.de\/wp-spd-ob\/event-location\/landtag-von-nordrhein-westfalen\/\" data-location_status=\"true\" data-latlng=\"51.218824,6.763339\"><\/span><span class='evoet_subtitle evo_below_title'><\/span><span class='evoet_time_expand level_3'><em class='evcal_time evo_tz_time'><i class='fa fa-clock-o'><\/i>10:00 Uhr<\/em> <\/span><span class='evoet_location level_3'><em class=\"evcal_location\"  data-latlng=\"51.218824,6.763339\" data-add_str=\"\" data-n=\"Landtag von Nordrhein-Westfalen\"><i class=\"fa fa-location-pin\"><\/i><em class=\"event_location_name\">Landtag von Nordrhein-Westfalen<\/em><\/em><\/span><span class='evoet_eventtypes level_4 evcal_event_types ett1'><em><i>Veranstalter: <\/i><\/em><em data-filter='event_type' data-v='Landtag NRW' data-id='932' class='evoetet_val evoet_dataval'>Landtag NRW<\/em><\/span><\/span><span class='evoet_data' data-d=\"{&quot;loc.n&quot;:&quot;Landtag von Nordrhein-Westfalen&quot;,&quot;orgs&quot;:[],&quot;tags&quot;:[]}\" data-bgc=\"#298a20\" data-bggrad=\"\" ><\/span><\/a><\/p><div class=\"event_description evcal_eventcard evo_landtag-nrw \" style=\"display:none\"><div class='evocard_row bx2 bx'><div id='event_time' class='evocard_box time' data-c='' \n\t\t\t\t\tstyle=''><div class='evo_metarow_time evorow evcal_evdata_row evcal_evrow_sm '>\n\t\t<span class='evcal_evdata_icons'><i class='fa fa-clock-o'><\/i><\/span>\n\t\t<div class='evcal_evdata_cell'>\t\t\t\t\t\t\t\n\t\t\t<h3 class='evo_h3'><span class='evcal_evdata_icons'><i class='fa fa-clock-o'><\/i><\/span>Datum:<\/h3><p><span class='evo_eventcard_time_t'>26. November 2026 10:00 Uhr<\/span><\/p>\n\t\t<\/div>\n\t<\/div><\/div><div id='event_location' class='evocard_box location' data-c='' \n\t\t\t\t\tstyle=''><div class='evcal_evdata_row evo_metarow_time_location evorow '>\n\t\t\n\t\t\t<span class='evcal_evdata_icons'><i class='fa fa-map-marker'><\/i><\/span>\n\t\t\t<div class='evcal_evdata_cell' data-loc_tax_id='931'><h3 class='evo_h3 evodfx'><span class='evcal_evdata_icons'><i class='fa fa-map-marker'><\/i><\/span>Ort:<\/h3><p class='evo_location_name'>Landtag von Nordrhein-Westfalen<\/p><p class='evo_location_address'>Platz des Landtags 1, 40221 D\u00fcsseldorf<\/p><div class='padt10'><span class='evo_btn_arr evolb_trigger' data-lbvals=\"{&quot;lbc&quot;:&quot;evo_location_lb_931&quot;,&quot;lbac&quot;:&quot;lb_max&quot;,&quot;t&quot;:&quot;Landtag von Nordrhein-Westfalen&quot;,&quot;ajax&quot;:&quot;yes&quot;,&quot;ajax_type&quot;:&quot;endpoint&quot;,&quot;ajax_action&quot;:&quot;eventon_get_tax_card_content&quot;,&quot;end&quot;:&quot;client&quot;,&quot;d&quot;:{&quot;lang&quot;:&quot;L1&quot;,&quot;term_id&quot;:931,&quot;tax&quot;:&quot;event_location&quot;,&quot;load_lbcontent&quot;:true}}\" >Andere Ereignisse<i class='fa fa-chevron-right'><\/i><\/span><\/div><\/div>\n\t\t\n\t<\/div><\/div><\/div><div class='evocard_row'><div id='event_addtocal' class='evocard_box addtocal' data-c='' \n\t\t\t\t\tstyle=''><div class='evo_metarow_ICS evorow evcal_evdata_row'>\n\t\t\t\t\t\t\t\t\t<span class='evcal_evdata_icons'><i class='fa fa-calendar-o'><\/i><\/span>\n\t\t\t\t\t\t\t\t\t<div class='evcal_evdata_cell'>\n\t\t\t\t\t\t\t\t\t\t<p><a href='https:\/\/meier-gerdingh.de\/wp-spd-ob\/wp-admin\/admin-ajax.php?action=eventon_ics_download&event_id=13291&ri=0&nonce=be2ac1e3c9' class='evo_ics_nCal' title='Zum Kalender hinzuf\u00fcgen'>Kalender<\/a><a href='\/\/www.google.com\/calendar\/event?action=TEMPLATE&amp;text=Landtag+NRW%3A+Plenartag&amp;dates=20261126T100000Z\/20261126T235900Z&amp;ctz=UTC&amp;details=Landtag+NRW%3A+Plenartag&amp;location=Landtag+von+Nordrhein-WestfalenPlatz+des+Landtags+1%2C+40221+D%C3%BCsseldorf' target='_blank' class='evo_ics_gCal' title='Zum Google-Kalender hinzuf\u00fcgen'>Google-Kalender<\/a><\/p>\t\n\t\t\t\t\t\t\t\t\t<\/div>\n\t\t\t\t\t\t\t\t<\/div><\/div><\/div><div class='evocard_row'><div id='event_gmap' class='evocard_box gmap' data-c='' \n\t\t\t\t\tstyle=''><div class='evo_metarow_gmap evcal_evdata_row evorow evcal_gmaps evc17956872006a9cc4c090ed313291_gmap place' id='evc17956872006a9cc4c090ed313291_gmap' style='max-width:none' data-address=\"Platz des Landtags 1, 40221 D\u00fcsseldorf\" data-latlng=\"51.218824,6.763339\" data-location_type=\"place\" data-scroll=\"yes\" data-mty=\"roadmap\" data-zoom=\"16\" data-mapIcon=\"\" data-delay=\"400\" data-map_canvas_id=\"evc17956872006a9cc4c090ed313291_gmap\" >\n\t\t<span class='evo_map_load_out evoposr evodb evobr15'>\n\t\t<i class='fa fa-map-marker evoposa'><\/i><span class='evo_map_load evoposr evodb'>\t\t\t\t\t\n\t\t\t\t\t<i class='a'><\/i>\n\t\t\t\t\t<i class='b'><\/i>\n\t\t\t\t\t<i class='c'><\/i>\n\t\t\t\t\t<i class='d'><\/i>\n\t\t\t\t\t<i class='e'><\/i>\n\t\t\t\t\t<i class='f'><\/i>\n\t\t\t\t<\/span><\/span><\/div><\/div><\/div><div class='evocard_row'><div id='event_getdirection' class='evocard_box getdirection' data-c='' \n\t\t\t\t\tstyle=''><div class='evo_metarow_getDr evorow evcal_evdata_row evcal_evrow_sm getdirections'>\n\t\t<form action='https:\/\/maps.google.com\/maps' method='get' target='_blank'>\n\t\t\t<input type='hidden' name='daddr' value=\"Platz des Landtags 1, 40221 D\u00fcsseldorf\"\/> \n\t\t\t<div class='evo_get_direction_content evo_fx_dr_r evogap10'>\n\t\t\t\t<span class='evogetdir_header evodfx evofx_dr_r evofx_ai_c marr10'>\n\t\t\t\t\t<i class='mainicon fa fa-road'><\/i> \n\t\t\t\t\t<h3 class='evo_h3' style='padding-bottom:5px;'>Routenplaner<\/h3>\n\t\t\t\t<\/span>\n\t\t\t\t<span class='evogetdir_field evodfx evofx_1_1 evo_fx_dr_c evow100p'>\t\t\t\t\t\n\t\t\t\t\t<input class='evoInput evotac' type='text' name='saddr' placeholder='Geben Sie Ihre Adresse ein' value='' style='margin:10px 0;'\/>\n\t\t\t\t<\/span>\n\t\t\t\t<button type='submit' class='evo_get_direction_button evo_btn_arr_circ dfx fx_ai_c' title='Hier klicken f\u00fcr Route'><i class='fa fa-chevron-right'><\/i> <\/button>\n\t\t\t<\/div>\n\t\t<\/form>\n\t<\/div><\/div><\/div><div class='evocard_row'><div id='event_evosocial' class='evocard_box evosocial' data-c='' \n\t\t\t\t\tstyle=''><div class='evo_metarow_socialmedia evcal_evdata_row '><div class='evo_sm FacebookShare'><a class=\" evo_ss\" target=\"_blank\" onclick=\"javascript:window.open(this.href, '', 'left=50,top=50,width=600,height=350,toolbar=0');return false;\"\r\n\t\t\t\t\t\thref=\"\/\/www.facebook.com\/sharer.php?u=https%3A%2F%2Fmeier-gerdingh.de%2Fwp-spd-ob%2Ftermine%2Flandtag-nrw-plenartag-24%2F\" title=\"Auf Facebook teilen\"><i class=\"fa fab fa-facebook\"><\/i><\/a><\/div><div class='evo_sm Twitter'><a class=\"tw evo_ss\" onclick=\"javascript:window.open(this.href, '', 'menubar=no,toolbar=no,resizable=yes,scrollbars=yes,height=300,width=600');return false;\" href=\"\/\/twitter.com\/intent\/tweet?text=Landtag NRW: Plenartag&#32;-&#32;&url=https%3A%2F%2Fmeier-gerdingh.de%2Fwp-spd-ob%2Ftermine%2Flandtag-nrw-plenartag-24%2F\" title=\"Auf X teilen\" rel=\"nofollow\" target=\"_blank\" data-url=\"https%3A%2F%2Fmeier-gerdingh.de%2Fwp-spd-ob%2Ftermine%2Flandtag-nrw-plenartag-24%2F\"><i class=\"fa fab fa-x-twitter\"><\/i><\/a><\/div><div class='evo_sm LinkedIn'><a class=\"li evo_ss\" href=\"\/\/www.linkedin.com\/shareArticle?mini=true&url=https%3A%2F%2Fmeier-gerdingh.de%2Fwp-spd-ob%2Ftermine%2Flandtag-nrw-plenartag-24%2F&title=Landtag%20NRW%3A%20Plenartag&summary=--\" target=\"_blank\" title=\"Auf Linkedin teilen\"><i class=\"fa fab fa-linkedin\"><\/i><\/a><\/div><div class='evo_sm Whatsapp'><a class=\"wa evo_ss\" href=\"https:\/\/api.whatsapp.com\/send?text=https%3A%2F%2Fmeier-gerdingh.de%2Fwp-spd-ob%2Ftermine%2Flandtag-nrw-plenartag-24%2F\"\r\n\t\t\t\t        data-action=\"share\/whatsapp\/share\" target=\"_blank\" title=\"Auf WhatsApp teilen\"><i class=\"fa fab fa-whatsapp\"><\/i><\/a><\/div><div class='evo_sm EmailShare'><a class=\"em evo_ss\" href=\"mailto:?subject=Landtag%20NRW%3A%20Plenartag&body=Event Name: Landtag%20NRW%3A%20Plenartag%0AEvent Date: 26. November 2026 10:00%0ALink: https%3A%2F%2Fmeier-gerdingh.de%2Fwp-spd-ob%2Ftermine%2Flandtag-nrw-plenartag-24%2F%0A\" target=\"_blank\"><i class=\"fa fa-envelope\"><\/i><\/a><\/div><\/div><\/div><\/div><div class='evo_card_row_end evcal_close' title='Schlie\u00dfen'><\/div><\/div><div class='clear end'><\/div><\/div><div id=\"event_13292_0\" class=\"eventon_list_event evo_eventtop scheduled  event clrD no_et event_13292_0\" data-event_id=\"13292\" data-ri=\"0r\" data-time=\"1795773600-1795823940\" data-colr=\"#298a20\" itemscope itemtype='http:\/\/schema.org\/Event'><div class=\"evo_event_schema\" style=\"display:none\" ><a itemprop='url'  href='https:\/\/meier-gerdingh.de\/wp-spd-ob\/termine\/landtag-nrw-plenartag-25\/'><\/a><meta itemprop='image'  \/><meta itemprop='startDate' content=\"2026-11-27T10:00+2:00\" \/><meta itemprop='endDate' content=\"2026-11-27T23:59+2:00\" \/><meta itemprop='eventStatus' content=\"https:\/\/schema.org\/EventScheduled\" \/><item style=\"display:none\" itemprop=\"location\" itemscope itemtype=\"http:\/\/schema.org\/Place\"><span itemprop=\"name\">Landtag von Nordrhein-Westfalen<\/span><span itemprop=\"address\" itemscope itemtype=\"http:\/\/schema.org\/PostalAddress\"><item itemprop=\"streetAddress\">Platz des Landtags 1, 40221 D\u00fcsseldorf<\/item><\/span><\/item><item style=\"display:none\" itemprop=\"eventAttendanceMode\" itemscope itemtype=\"https:\/\/schema.org\/OfflineEventAttendanceMode\"><\/item><script type=\"application\/ld+json\">{\"@context\": \"http:\/\/schema.org\",\"@type\": \"Event\",\n\t\t\t\t\"@id\": \"event_13292_0\",\n\t\t\t\t\"eventAttendanceMode\":\"https:\/\/schema.org\/OfflineEventAttendanceMode\",\n\t\t\t\t\"eventStatus\":\"https:\/\/schema.org\/EventScheduled\",\n\t\t\t\t\"name\": \"Landtag NRW: Plenartag\",\n\t\t\t\t\"url\": \"https:\/\/meier-gerdingh.de\/wp-spd-ob\/termine\/landtag-nrw-plenartag-25\/\",\n\t\t\t\t\"startDate\": \"2026-11-27T10:00+2:00\",\n\t\t\t\t\"endDate\": \"2026-11-27T23:59+2:00\",\n\t\t\t\t\"image\":\"\", \n\t\t\t\t\"description\":\"'Landtag NRW: Plenartag'\",\"location\":[{\"@type\":\"Place\",\"name\":\"Landtag von Nordrhein-Westfalen\",\"address\":{\"@type\": \"PostalAddress\",\"streetAddress\":\"Platz des Landtags 1, 40221 D\u00fcsseldorf\"}}]}<\/script><\/div>\r\n\t\t\t\t<p class=\"desc_trig_outter\" style=\"\"><a data-gmtrig=\"1\" data-exlk=\"0\" style=\"background-color: #298a20;\" id=\"evc_179577360013292\" class=\"desc_trig evo_landtag-nrw sin_val evcal_list_a\" data-ux_val=\"1\" data-ux_val_mob=\"-\"  ><span class='evoet_c2 evoet_cx '><span class='evoet_dayblock evcal_cblock ' data-bgcolor='#298a20' data-smon='November' data-syr='2026' data-bub=''><span class='evo_start '><em class='day'>Fr<\/em><em class='date'>27<\/em><em class='month'>Nov<\/em><em class='time'>10:00<\/em><\/span><\/span><\/span><span class='evoet_c3 evoet_cx evcal_desc'><span class='evoet_title evcal_desc2 evcal_event_title' itemprop='name'>Landtag NRW: Plenartag<\/span><span class='event_location_attrs'  data-location_address=\"Platz des Landtags 1, 40221 D\u00fcsseldorf\" data-location_type=\"lonlat\" data-location_name=\"Landtag von Nordrhein-Westfalen\" data-location_url=\"https:\/\/meier-gerdingh.de\/wp-spd-ob\/event-location\/landtag-von-nordrhein-westfalen\/\" data-location_status=\"true\" data-latlng=\"51.218824,6.763339\"><\/span><span class='evoet_subtitle evo_below_title'><\/span><span class='evoet_time_expand level_3'><em class='evcal_time evo_tz_time'><i class='fa fa-clock-o'><\/i>10:00 Uhr<\/em> <\/span><span class='evoet_location level_3'><em class=\"evcal_location\"  data-latlng=\"51.218824,6.763339\" data-add_str=\"\" data-n=\"Landtag von Nordrhein-Westfalen\"><i class=\"fa fa-location-pin\"><\/i><em class=\"event_location_name\">Landtag von Nordrhein-Westfalen<\/em><\/em><\/span><span class='evoet_eventtypes level_4 evcal_event_types ett1'><em><i>Veranstalter: <\/i><\/em><em data-filter='event_type' data-v='Landtag NRW' data-id='932' class='evoetet_val evoet_dataval'>Landtag NRW<\/em><\/span><\/span><span class='evoet_data' data-d=\"{&quot;loc.n&quot;:&quot;Landtag von Nordrhein-Westfalen&quot;,&quot;orgs&quot;:[],&quot;tags&quot;:[]}\" data-bgc=\"#298a20\" data-bggrad=\"\" ><\/span><\/a><\/p><div class=\"event_description evcal_eventcard evo_landtag-nrw \" style=\"display:none\"><div class='evocard_row bx2 bx'><div id='event_time' class='evocard_box time' data-c='' \n\t\t\t\t\tstyle=''><div class='evo_metarow_time evorow evcal_evdata_row evcal_evrow_sm '>\n\t\t<span class='evcal_evdata_icons'><i class='fa fa-clock-o'><\/i><\/span>\n\t\t<div class='evcal_evdata_cell'>\t\t\t\t\t\t\t\n\t\t\t<h3 class='evo_h3'><span class='evcal_evdata_icons'><i class='fa fa-clock-o'><\/i><\/span>Datum:<\/h3><p><span class='evo_eventcard_time_t'>27. November 2026 10:00 Uhr<\/span><\/p>\n\t\t<\/div>\n\t<\/div><\/div><div id='event_location' class='evocard_box location' data-c='' \n\t\t\t\t\tstyle=''><div class='evcal_evdata_row evo_metarow_time_location evorow '>\n\t\t\n\t\t\t<span class='evcal_evdata_icons'><i class='fa fa-map-marker'><\/i><\/span>\n\t\t\t<div class='evcal_evdata_cell' data-loc_tax_id='931'><h3 class='evo_h3 evodfx'><span class='evcal_evdata_icons'><i class='fa fa-map-marker'><\/i><\/span>Ort:<\/h3><p class='evo_location_name'>Landtag von Nordrhein-Westfalen<\/p><p class='evo_location_address'>Platz des Landtags 1, 40221 D\u00fcsseldorf<\/p><div class='padt10'><span class='evo_btn_arr evolb_trigger' data-lbvals=\"{&quot;lbc&quot;:&quot;evo_location_lb_931&quot;,&quot;lbac&quot;:&quot;lb_max&quot;,&quot;t&quot;:&quot;Landtag von Nordrhein-Westfalen&quot;,&quot;ajax&quot;:&quot;yes&quot;,&quot;ajax_type&quot;:&quot;endpoint&quot;,&quot;ajax_action&quot;:&quot;eventon_get_tax_card_content&quot;,&quot;end&quot;:&quot;client&quot;,&quot;d&quot;:{&quot;lang&quot;:&quot;L1&quot;,&quot;term_id&quot;:931,&quot;tax&quot;:&quot;event_location&quot;,&quot;load_lbcontent&quot;:true}}\" >Andere Ereignisse<i class='fa fa-chevron-right'><\/i><\/span><\/div><\/div>\n\t\t\n\t<\/div><\/div><\/div><div class='evocard_row'><div id='event_addtocal' class='evocard_box addtocal' data-c='' \n\t\t\t\t\tstyle=''><div class='evo_metarow_ICS evorow evcal_evdata_row'>\n\t\t\t\t\t\t\t\t\t<span class='evcal_evdata_icons'><i class='fa fa-calendar-o'><\/i><\/span>\n\t\t\t\t\t\t\t\t\t<div class='evcal_evdata_cell'>\n\t\t\t\t\t\t\t\t\t\t<p><a href='https:\/\/meier-gerdingh.de\/wp-spd-ob\/wp-admin\/admin-ajax.php?action=eventon_ics_download&event_id=13292&ri=0&nonce=be2ac1e3c9' class='evo_ics_nCal' title='Zum Kalender hinzuf\u00fcgen'>Kalender<\/a><a href='\/\/www.google.com\/calendar\/event?action=TEMPLATE&amp;text=Landtag+NRW%3A+Plenartag&amp;dates=20261127T100000Z\/20261127T235900Z&amp;ctz=UTC&amp;details=Landtag+NRW%3A+Plenartag&amp;location=Landtag+von+Nordrhein-WestfalenPlatz+des+Landtags+1%2C+40221+D%C3%BCsseldorf' target='_blank' class='evo_ics_gCal' title='Zum Google-Kalender hinzuf\u00fcgen'>Google-Kalender<\/a><\/p>\t\n\t\t\t\t\t\t\t\t\t<\/div>\n\t\t\t\t\t\t\t\t<\/div><\/div><\/div><div class='evocard_row'><div id='event_gmap' class='evocard_box gmap' data-c='' \n\t\t\t\t\tstyle=''><div class='evo_metarow_gmap evcal_evdata_row evorow evcal_gmaps evc17957736006a9cc4c09324b13292_gmap place' id='evc17957736006a9cc4c09324b13292_gmap' style='max-width:none' data-address=\"Platz des Landtags 1, 40221 D\u00fcsseldorf\" data-latlng=\"51.218824,6.763339\" data-location_type=\"place\" data-scroll=\"yes\" data-mty=\"roadmap\" data-zoom=\"16\" data-mapIcon=\"\" data-delay=\"400\" data-map_canvas_id=\"evc17957736006a9cc4c09324b13292_gmap\" >\n\t\t<span class='evo_map_load_out evoposr evodb evobr15'>\n\t\t<i class='fa fa-map-marker evoposa'><\/i><span class='evo_map_load evoposr evodb'>\t\t\t\t\t\n\t\t\t\t\t<i class='a'><\/i>\n\t\t\t\t\t<i class='b'><\/i>\n\t\t\t\t\t<i class='c'><\/i>\n\t\t\t\t\t<i class='d'><\/i>\n\t\t\t\t\t<i class='e'><\/i>\n\t\t\t\t\t<i class='f'><\/i>\n\t\t\t\t<\/span><\/span><\/div><\/div><\/div><div class='evocard_row'><div id='event_getdirection' class='evocard_box getdirection' data-c='' \n\t\t\t\t\tstyle=''><div class='evo_metarow_getDr evorow evcal_evdata_row evcal_evrow_sm getdirections'>\n\t\t<form action='https:\/\/maps.google.com\/maps' method='get' target='_blank'>\n\t\t\t<input type='hidden' name='daddr' value=\"Platz des Landtags 1, 40221 D\u00fcsseldorf\"\/> \n\t\t\t<div class='evo_get_direction_content evo_fx_dr_r evogap10'>\n\t\t\t\t<span class='evogetdir_header evodfx evofx_dr_r evofx_ai_c marr10'>\n\t\t\t\t\t<i class='mainicon fa fa-road'><\/i> \n\t\t\t\t\t<h3 class='evo_h3' style='padding-bottom:5px;'>Routenplaner<\/h3>\n\t\t\t\t<\/span>\n\t\t\t\t<span class='evogetdir_field evodfx evofx_1_1 evo_fx_dr_c evow100p'>\t\t\t\t\t\n\t\t\t\t\t<input class='evoInput evotac' type='text' name='saddr' placeholder='Geben Sie Ihre Adresse ein' value='' style='margin:10px 0;'\/>\n\t\t\t\t<\/span>\n\t\t\t\t<button type='submit' class='evo_get_direction_button evo_btn_arr_circ dfx fx_ai_c' title='Hier klicken f\u00fcr Route'><i class='fa fa-chevron-right'><\/i> <\/button>\n\t\t\t<\/div>\n\t\t<\/form>\n\t<\/div><\/div><\/div><div class='evocard_row'><div id='event_evosocial' class='evocard_box evosocial' data-c='' \n\t\t\t\t\tstyle=''><div class='evo_metarow_socialmedia evcal_evdata_row '><div class='evo_sm FacebookShare'><a class=\" evo_ss\" target=\"_blank\" onclick=\"javascript:window.open(this.href, '', 'left=50,top=50,width=600,height=350,toolbar=0');return false;\"\r\n\t\t\t\t\t\thref=\"\/\/www.facebook.com\/sharer.php?u=https%3A%2F%2Fmeier-gerdingh.de%2Fwp-spd-ob%2Ftermine%2Flandtag-nrw-plenartag-25%2F\" title=\"Auf Facebook teilen\"><i class=\"fa fab fa-facebook\"><\/i><\/a><\/div><div class='evo_sm Twitter'><a class=\"tw evo_ss\" onclick=\"javascript:window.open(this.href, '', 'menubar=no,toolbar=no,resizable=yes,scrollbars=yes,height=300,width=600');return false;\" href=\"\/\/twitter.com\/intent\/tweet?text=Landtag NRW: Plenartag&#32;-&#32;&url=https%3A%2F%2Fmeier-gerdingh.de%2Fwp-spd-ob%2Ftermine%2Flandtag-nrw-plenartag-25%2F\" title=\"Auf X teilen\" rel=\"nofollow\" target=\"_blank\" data-url=\"https%3A%2F%2Fmeier-gerdingh.de%2Fwp-spd-ob%2Ftermine%2Flandtag-nrw-plenartag-25%2F\"><i class=\"fa fab fa-x-twitter\"><\/i><\/a><\/div><div class='evo_sm LinkedIn'><a class=\"li evo_ss\" href=\"\/\/www.linkedin.com\/shareArticle?mini=true&url=https%3A%2F%2Fmeier-gerdingh.de%2Fwp-spd-ob%2Ftermine%2Flandtag-nrw-plenartag-25%2F&title=Landtag%20NRW%3A%20Plenartag&summary=--\" target=\"_blank\" title=\"Auf Linkedin teilen\"><i class=\"fa fab fa-linkedin\"><\/i><\/a><\/div><div class='evo_sm Whatsapp'><a class=\"wa evo_ss\" href=\"https:\/\/api.whatsapp.com\/send?text=https%3A%2F%2Fmeier-gerdingh.de%2Fwp-spd-ob%2Ftermine%2Flandtag-nrw-plenartag-25%2F\"\r\n\t\t\t\t        data-action=\"share\/whatsapp\/share\" target=\"_blank\" title=\"Auf WhatsApp teilen\"><i class=\"fa fab fa-whatsapp\"><\/i><\/a><\/div><div class='evo_sm EmailShare'><a class=\"em evo_ss\" href=\"mailto:?subject=Landtag%20NRW%3A%20Plenartag&body=Event Name: Landtag%20NRW%3A%20Plenartag%0AEvent Date: 27. November 2026 10:00%0ALink: https%3A%2F%2Fmeier-gerdingh.de%2Fwp-spd-ob%2Ftermine%2Flandtag-nrw-plenartag-25%2F%0A\" target=\"_blank\"><i class=\"fa fa-envelope\"><\/i><\/a><\/div><\/div><\/div><\/div><div class='evo_card_row_end evcal_close' title='Schlie\u00dfen'><\/div><\/div><div class='clear end'><\/div><\/div><div id=\"event_13165_0\" class=\"eventon_list_event evo_eventtop scheduled  event clrD no_et event_13165_0\" data-event_id=\"13165\" data-ri=\"0r\" data-time=\"1796054400-1796083140\" data-colr=\"#0f2cad\" itemscope itemtype='http:\/\/schema.org\/Event'><div class=\"evo_event_schema\" style=\"display:none\" ><a itemprop='url'  href='https:\/\/meier-gerdingh.de\/wp-spd-ob\/termine\/fraktionsvorstand-6\/'><\/a><meta itemprop='image'  \/><meta itemprop='startDate' content=\"2026-11-30T16:00+2:00\" \/><meta itemprop='endDate' content=\"2026-11-30T23:59+2:00\" \/><meta itemprop='eventStatus' content=\"https:\/\/schema.org\/EventScheduled\" \/><item style=\"display:none\" itemprop=\"location\" itemscope itemtype=\"http:\/\/schema.org\/Place\"><span itemprop=\"name\">Sitzungssaal der SPD-Fraktion (Eingang Raum 370)<\/span><span itemprop=\"address\" itemscope itemtype=\"http:\/\/schema.org\/PostalAddress\"><item itemprop=\"streetAddress\">Rathaus Oberhausen, Schwartzstr. 72, 46045 Oberhausen<\/item><\/span><\/item><item style=\"display:none\" itemprop=\"eventAttendanceMode\" itemscope itemtype=\"https:\/\/schema.org\/OfflineEventAttendanceMode\"><\/item><script type=\"application\/ld+json\">{\"@context\": \"http:\/\/schema.org\",\"@type\": \"Event\",\n\t\t\t\t\"@id\": \"event_13165_0\",\n\t\t\t\t\"eventAttendanceMode\":\"https:\/\/schema.org\/OfflineEventAttendanceMode\",\n\t\t\t\t\"eventStatus\":\"https:\/\/schema.org\/EventScheduled\",\n\t\t\t\t\"name\": \"Fraktionsvorstand\",\n\t\t\t\t\"url\": \"https:\/\/meier-gerdingh.de\/wp-spd-ob\/termine\/fraktionsvorstand-6\/\",\n\t\t\t\t\"startDate\": \"2026-11-30T16:00+2:00\",\n\t\t\t\t\"endDate\": \"2026-11-30T23:59+2:00\",\n\t\t\t\t\"image\":\"\", \n\t\t\t\t\"description\":\"'Fraktionsvorstand'\",\"location\":[{\"@type\":\"Place\",\"name\":\"Sitzungssaal der SPD-Fraktion (Eingang Raum 370)\",\"address\":{\"@type\": \"PostalAddress\",\"streetAddress\":\"Rathaus Oberhausen, Schwartzstr. 72, 46045 Oberhausen\"}}]}<\/script><\/div>\r\n\t\t\t\t<p class=\"desc_trig_outter\" style=\"\"><a data-gmtrig=\"1\" data-exlk=\"0\" style=\"background-color: #0f2cad;\" id=\"evc_179605440013165\" class=\"desc_trig evo_fraktionsvorstand evo_spd-fraktion-oberhausen sin_val evcal_list_a\" data-ux_val=\"1\" data-ux_val_mob=\"-\"  ><span class='evoet_c2 evoet_cx '><span class='evoet_dayblock evcal_cblock ' data-bgcolor='#0f2cad' data-smon='November' data-syr='2026' data-bub=''><span class='evo_start '><em class='day'>Mo<\/em><em class='date'>30<\/em><em class='month'>Nov<\/em><em class='time'>16:00<\/em><\/span><\/span><\/span><span class='evoet_c3 evoet_cx evcal_desc'><span class='evoet_title evcal_desc2 evcal_event_title' itemprop='name'>Fraktionsvorstand<\/span><span class='event_location_attrs'  data-location_address=\"Rathaus Oberhausen, Schwartzstr. 72, 46045 Oberhausen\" data-location_type=\"lonlat\" data-location_name=\"Sitzungssaal der SPD-Fraktion (Eingang Raum 370)\" data-location_url=\"https:\/\/meier-gerdingh.de\/wp-spd-ob\/event-location\/sitzungssaal-der-spd-fraktion-eingang-raum-370\/\" data-location_status=\"true\" data-latlng=\"51.473999,6.861205\"><\/span><span class='evoet_subtitle evo_below_title'><\/span><span class='evoet_time_expand level_3'><em class='evcal_time evo_tz_time'><i class='fa fa-clock-o'><\/i>16:00 Uhr<\/em> <\/span><span class='evoet_location level_3'><em class=\"evcal_location\"  data-latlng=\"51.473999,6.861205\" data-add_str=\"\" data-n=\"Sitzungssaal der SPD-Fraktion (Eingang Raum 370)\"><i class=\"fa fa-location-pin\"><\/i><em class=\"event_location_name\">Sitzungssaal der SPD-Fraktion (Eingang Raum 370)<\/em><\/em><\/span><span class='evoet_eventtypes level_4 evcal_event_types ett2'><em><i>Veranstalter: <\/i><\/em><em data-filter='event_type' data-v='Fraktionsvorstand' data-id='918' class='evoetet_val evoet_dataval'>Fraktionsvorstand,<\/em><em data-filter='event_type' data-v='SPD-Fraktion Oberhausen' data-id='510' class='evoetet_val evoet_dataval'>SPD-Fraktion Oberhausen<\/em><\/span><\/span><span class='evoet_data' data-d=\"{&quot;loc.n&quot;:&quot;Sitzungssaal der SPD-Fraktion (Eingang Raum 370)&quot;,&quot;orgs&quot;:[],&quot;tags&quot;:[]}\" data-bgc=\"#0f2cad\" data-bggrad=\"\" ><\/span><\/a><\/p><div class=\"event_description evcal_eventcard evo_fraktionsvorstand evo_spd-fraktion-oberhausen \" style=\"display:none\"><div class='evocard_row bx2 bx'><div id='event_time' class='evocard_box time' data-c='' \n\t\t\t\t\tstyle=''><div class='evo_metarow_time evorow evcal_evdata_row evcal_evrow_sm '>\n\t\t<span class='evcal_evdata_icons'><i class='fa fa-clock-o'><\/i><\/span>\n\t\t<div class='evcal_evdata_cell'>\t\t\t\t\t\t\t\n\t\t\t<h3 class='evo_h3'><span class='evcal_evdata_icons'><i class='fa fa-clock-o'><\/i><\/span>Datum:<\/h3><p><span class='evo_eventcard_time_t'>30. November 2026 16:00 Uhr<\/span><\/p>\n\t\t<\/div>\n\t<\/div><\/div><div id='event_location' class='evocard_box location' data-c='' \n\t\t\t\t\tstyle=''><div class='evcal_evdata_row evo_metarow_time_location evorow '>\n\t\t\n\t\t\t<span class='evcal_evdata_icons'><i class='fa fa-map-marker'><\/i><\/span>\n\t\t\t<div class='evcal_evdata_cell' data-loc_tax_id='511'><h3 class='evo_h3 evodfx'><span class='evcal_evdata_icons'><i class='fa fa-map-marker'><\/i><\/span>Ort:<\/h3><p class='evo_location_name'>Sitzungssaal der SPD-Fraktion (Eingang Raum 370)<\/p><p class='evo_location_address'>Rathaus Oberhausen, Schwartzstr. 72, 46045 Oberhausen<\/p><div class='padt10'><span class='evo_btn_arr evolb_trigger' data-lbvals=\"{&quot;lbc&quot;:&quot;evo_location_lb_511&quot;,&quot;lbac&quot;:&quot;lb_max&quot;,&quot;t&quot;:&quot;Sitzungssaal der SPD-Fraktion (Eingang Raum 370)&quot;,&quot;ajax&quot;:&quot;yes&quot;,&quot;ajax_type&quot;:&quot;endpoint&quot;,&quot;ajax_action&quot;:&quot;eventon_get_tax_card_content&quot;,&quot;end&quot;:&quot;client&quot;,&quot;d&quot;:{&quot;lang&quot;:&quot;L1&quot;,&quot;term_id&quot;:511,&quot;tax&quot;:&quot;event_location&quot;,&quot;load_lbcontent&quot;:true}}\" >Andere Ereignisse<i class='fa fa-chevron-right'><\/i><\/span><\/div><\/div>\n\t\t\n\t<\/div><\/div><\/div><div class='evocard_row'><div id='event_addtocal' class='evocard_box addtocal' data-c='' \n\t\t\t\t\tstyle=''><div class='evo_metarow_ICS evorow evcal_evdata_row'>\n\t\t\t\t\t\t\t\t\t<span class='evcal_evdata_icons'><i class='fa fa-calendar-o'><\/i><\/span>\n\t\t\t\t\t\t\t\t\t<div class='evcal_evdata_cell'>\n\t\t\t\t\t\t\t\t\t\t<p><a href='https:\/\/meier-gerdingh.de\/wp-spd-ob\/wp-admin\/admin-ajax.php?action=eventon_ics_download&event_id=13165&ri=0&nonce=be2ac1e3c9' class='evo_ics_nCal' title='Zum Kalender hinzuf\u00fcgen'>Kalender<\/a><a href='\/\/www.google.com\/calendar\/event?action=TEMPLATE&amp;text=Fraktionsvorstand&amp;dates=20261130T160000Z\/20261130T235900Z&amp;ctz=UTC&amp;details=Fraktionsvorstand&amp;location=Sitzungssaal+der+SPD-Fraktion+%28Eingang+Raum+370%29Rathaus+Oberhausen%2C+Schwartzstr.+72%2C+46045+Oberhausen' target='_blank' class='evo_ics_gCal' title='Zum Google-Kalender hinzuf\u00fcgen'>Google-Kalender<\/a><\/p>\t\n\t\t\t\t\t\t\t\t\t<\/div>\n\t\t\t\t\t\t\t\t<\/div><\/div><\/div><div class='evocard_row'><div id='event_gmap' class='evocard_box gmap' data-c='' \n\t\t\t\t\tstyle=''><div class='evo_metarow_gmap evcal_evdata_row evorow evcal_gmaps evc17960544006a9cc4c09548c13165_gmap ' id='evc17960544006a9cc4c09548c13165_gmap' style='max-width:none' data-address=\"Rathaus Oberhausen, Schwartzstr. 72, 46045 Oberhausen\" data-latlng=\"51.473999,6.861205\" data-location_type=\"\" data-scroll=\"yes\" data-mty=\"roadmap\" data-zoom=\"16\" data-mapIcon=\"\" data-delay=\"400\" data-map_canvas_id=\"evc17960544006a9cc4c09548c13165_gmap\" >\n\t\t<span class='evo_map_load_out evoposr evodb evobr15'>\n\t\t<i class='fa fa-map-marker evoposa'><\/i><span class='evo_map_load evoposr evodb'>\t\t\t\t\t\n\t\t\t\t\t<i class='a'><\/i>\n\t\t\t\t\t<i class='b'><\/i>\n\t\t\t\t\t<i class='c'><\/i>\n\t\t\t\t\t<i class='d'><\/i>\n\t\t\t\t\t<i class='e'><\/i>\n\t\t\t\t\t<i class='f'><\/i>\n\t\t\t\t<\/span><\/span><\/div><\/div><\/div><div class='evocard_row'><div id='event_getdirection' class='evocard_box getdirection' data-c='' \n\t\t\t\t\tstyle=''><div class='evo_metarow_getDr evorow evcal_evdata_row evcal_evrow_sm getdirections'>\n\t\t<form action='https:\/\/maps.google.com\/maps' method='get' target='_blank'>\n\t\t\t<input type='hidden' name='daddr' value=\"Rathaus Oberhausen, Schwartzstr. 72, 46045 Oberhausen\"\/> \n\t\t\t<div class='evo_get_direction_content evo_fx_dr_r evogap10'>\n\t\t\t\t<span class='evogetdir_header evodfx evofx_dr_r evofx_ai_c marr10'>\n\t\t\t\t\t<i class='mainicon fa fa-road'><\/i> \n\t\t\t\t\t<h3 class='evo_h3' style='padding-bottom:5px;'>Routenplaner<\/h3>\n\t\t\t\t<\/span>\n\t\t\t\t<span class='evogetdir_field evodfx evofx_1_1 evo_fx_dr_c evow100p'>\t\t\t\t\t\n\t\t\t\t\t<input class='evoInput evotac' type='text' name='saddr' placeholder='Geben Sie Ihre Adresse ein' value='' style='margin:10px 0;'\/>\n\t\t\t\t<\/span>\n\t\t\t\t<button type='submit' class='evo_get_direction_button evo_btn_arr_circ dfx fx_ai_c' title='Hier klicken f\u00fcr Route'><i class='fa fa-chevron-right'><\/i> <\/button>\n\t\t\t<\/div>\n\t\t<\/form>\n\t<\/div><\/div><\/div><div class='evocard_row'><div id='event_evosocial' class='evocard_box evosocial' data-c='' \n\t\t\t\t\tstyle=''><div class='evo_metarow_socialmedia evcal_evdata_row '><div class='evo_sm FacebookShare'><a class=\" evo_ss\" target=\"_blank\" onclick=\"javascript:window.open(this.href, '', 'left=50,top=50,width=600,height=350,toolbar=0');return false;\"\r\n\t\t\t\t\t\thref=\"\/\/www.facebook.com\/sharer.php?u=https%3A%2F%2Fmeier-gerdingh.de%2Fwp-spd-ob%2Ftermine%2Ffraktionsvorstand-6%2F\" title=\"Auf Facebook teilen\"><i class=\"fa fab fa-facebook\"><\/i><\/a><\/div><div class='evo_sm Twitter'><a class=\"tw evo_ss\" onclick=\"javascript:window.open(this.href, '', 'menubar=no,toolbar=no,resizable=yes,scrollbars=yes,height=300,width=600');return false;\" href=\"\/\/twitter.com\/intent\/tweet?text=Fraktionsvorstand&#32;-&#32;&url=https%3A%2F%2Fmeier-gerdingh.de%2Fwp-spd-ob%2Ftermine%2Ffraktionsvorstand-6%2F\" title=\"Auf X teilen\" rel=\"nofollow\" target=\"_blank\" data-url=\"https%3A%2F%2Fmeier-gerdingh.de%2Fwp-spd-ob%2Ftermine%2Ffraktionsvorstand-6%2F\"><i class=\"fa fab fa-x-twitter\"><\/i><\/a><\/div><div class='evo_sm LinkedIn'><a class=\"li evo_ss\" href=\"\/\/www.linkedin.com\/shareArticle?mini=true&url=https%3A%2F%2Fmeier-gerdingh.de%2Fwp-spd-ob%2Ftermine%2Ffraktionsvorstand-6%2F&title=Fraktionsvorstand&summary=--\" target=\"_blank\" title=\"Auf Linkedin teilen\"><i class=\"fa fab fa-linkedin\"><\/i><\/a><\/div><div class='evo_sm Whatsapp'><a class=\"wa evo_ss\" href=\"https:\/\/api.whatsapp.com\/send?text=https%3A%2F%2Fmeier-gerdingh.de%2Fwp-spd-ob%2Ftermine%2Ffraktionsvorstand-6%2F\"\r\n\t\t\t\t        data-action=\"share\/whatsapp\/share\" target=\"_blank\" title=\"Auf WhatsApp teilen\"><i class=\"fa fab fa-whatsapp\"><\/i><\/a><\/div><div class='evo_sm EmailShare'><a class=\"em evo_ss\" href=\"mailto:?subject=Fraktionsvorstand&body=Event Name: Fraktionsvorstand%0AEvent Date: 30. November 2026 16:00%0ALink: https%3A%2F%2Fmeier-gerdingh.de%2Fwp-spd-ob%2Ftermine%2Ffraktionsvorstand-6%2F%0A\" target=\"_blank\"><i class=\"fa fa-envelope\"><\/i><\/a><\/div><\/div><\/div><\/div><div class='evo_card_row_end evcal_close' title='Schlie\u00dfen'><\/div><\/div><div class='clear end'><\/div><\/div><div id=\"event_13172_0\" class=\"eventon_list_event evo_eventtop scheduled  event clrD no_et event_13172_0\" data-event_id=\"13172\" data-ri=\"0r\" data-time=\"1796059800-1796083140\" data-colr=\"#0f2cad\" itemscope itemtype='http:\/\/schema.org\/Event'><div class=\"evo_event_schema\" style=\"display:none\" ><a itemprop='url'  href='https:\/\/meier-gerdingh.de\/wp-spd-ob\/termine\/fraktion-19\/'><\/a><meta itemprop='image'  \/><meta itemprop='startDate' content=\"2026-11-30T17:30+2:00\" \/><meta itemprop='endDate' content=\"2026-11-30T23:59+2:00\" \/><meta itemprop='eventStatus' content=\"https:\/\/schema.org\/EventScheduled\" \/><item style=\"display:none\" itemprop=\"location\" itemscope itemtype=\"http:\/\/schema.org\/Place\"><span itemprop=\"name\">Sitzungssaal der SPD-Fraktion (Eingang Raum 370)<\/span><span itemprop=\"address\" itemscope itemtype=\"http:\/\/schema.org\/PostalAddress\"><item itemprop=\"streetAddress\">Rathaus Oberhausen, Schwartzstr. 72, 46045 Oberhausen<\/item><\/span><\/item><item style=\"display:none\" itemprop=\"eventAttendanceMode\" itemscope itemtype=\"https:\/\/schema.org\/OfflineEventAttendanceMode\"><\/item><script type=\"application\/ld+json\">{\"@context\": \"http:\/\/schema.org\",\"@type\": \"Event\",\n\t\t\t\t\"@id\": \"event_13172_0\",\n\t\t\t\t\"eventAttendanceMode\":\"https:\/\/schema.org\/OfflineEventAttendanceMode\",\n\t\t\t\t\"eventStatus\":\"https:\/\/schema.org\/EventScheduled\",\n\t\t\t\t\"name\": \"Fraktion\",\n\t\t\t\t\"url\": \"https:\/\/meier-gerdingh.de\/wp-spd-ob\/termine\/fraktion-19\/\",\n\t\t\t\t\"startDate\": \"2026-11-30T17:30+2:00\",\n\t\t\t\t\"endDate\": \"2026-11-30T23:59+2:00\",\n\t\t\t\t\"image\":\"\", \n\t\t\t\t\"description\":\"'Fraktion'\",\"location\":[{\"@type\":\"Place\",\"name\":\"Sitzungssaal der SPD-Fraktion (Eingang Raum 370)\",\"address\":{\"@type\": \"PostalAddress\",\"streetAddress\":\"Rathaus Oberhausen, Schwartzstr. 72, 46045 Oberhausen\"}}]}<\/script><\/div>\r\n\t\t\t\t<p class=\"desc_trig_outter\" style=\"\"><a data-gmtrig=\"1\" data-exlk=\"0\" style=\"background-color: #0f2cad;\" id=\"evc_179605980013172\" class=\"desc_trig evo_fraktion evo_spd-fraktion-oberhausen sin_val evcal_list_a\" data-ux_val=\"1\" data-ux_val_mob=\"-\"  ><span class='evoet_c2 evoet_cx '><span class='evoet_dayblock evcal_cblock ' data-bgcolor='#0f2cad' data-smon='November' data-syr='2026' data-bub=''><span class='evo_start '><em class='day'>Mo<\/em><em class='date'>30<\/em><em class='month'>Nov<\/em><em class='time'>17:30<\/em><\/span><\/span><\/span><span class='evoet_c3 evoet_cx evcal_desc'><span class='evoet_title evcal_desc2 evcal_event_title' itemprop='name'>Fraktion<\/span><span class='event_location_attrs'  data-location_address=\"Rathaus Oberhausen, Schwartzstr. 72, 46045 Oberhausen\" data-location_type=\"lonlat\" data-location_name=\"Sitzungssaal der SPD-Fraktion (Eingang Raum 370)\" data-location_url=\"https:\/\/meier-gerdingh.de\/wp-spd-ob\/event-location\/sitzungssaal-der-spd-fraktion-eingang-raum-370\/\" data-location_status=\"true\" data-latlng=\"51.473999,6.861205\"><\/span><span class='evoet_subtitle evo_below_title'><\/span><span class='evoet_time_expand level_3'><em class='evcal_time evo_tz_time'><i class='fa fa-clock-o'><\/i>17:30 Uhr<\/em> <\/span><span class='evoet_location level_3'><em class=\"evcal_location\"  data-latlng=\"51.473999,6.861205\" data-add_str=\"\" data-n=\"Sitzungssaal der SPD-Fraktion (Eingang Raum 370)\"><i class=\"fa fa-location-pin\"><\/i><em class=\"event_location_name\">Sitzungssaal der SPD-Fraktion (Eingang Raum 370)<\/em><\/em><\/span><span class='evoet_eventtypes level_4 evcal_event_types ett2'><em><i>Veranstalter: <\/i><\/em><em data-filter='event_type' data-v='Fraktion' data-id='919' class='evoetet_val evoet_dataval'>Fraktion,<\/em><em data-filter='event_type' data-v='SPD-Fraktion Oberhausen' data-id='510' class='evoetet_val evoet_dataval'>SPD-Fraktion Oberhausen<\/em><\/span><\/span><span class='evoet_data' data-d=\"{&quot;loc.n&quot;:&quot;Sitzungssaal der SPD-Fraktion (Eingang Raum 370)&quot;,&quot;orgs&quot;:[],&quot;tags&quot;:[]}\" data-bgc=\"#0f2cad\" data-bggrad=\"\" ><\/span><\/a><\/p><div class=\"event_description evcal_eventcard evo_fraktion evo_spd-fraktion-oberhausen \" style=\"display:none\"><div class='evocard_row bx2 bx'><div id='event_time' class='evocard_box time' data-c='' \n\t\t\t\t\tstyle=''><div class='evo_metarow_time evorow evcal_evdata_row evcal_evrow_sm '>\n\t\t<span class='evcal_evdata_icons'><i class='fa fa-clock-o'><\/i><\/span>\n\t\t<div class='evcal_evdata_cell'>\t\t\t\t\t\t\t\n\t\t\t<h3 class='evo_h3'><span class='evcal_evdata_icons'><i class='fa fa-clock-o'><\/i><\/span>Datum:<\/h3><p><span class='evo_eventcard_time_t'>30. November 2026 17:30 Uhr<\/span><\/p>\n\t\t<\/div>\n\t<\/div><\/div><div id='event_location' class='evocard_box location' data-c='' \n\t\t\t\t\tstyle=''><div class='evcal_evdata_row evo_metarow_time_location evorow '>\n\t\t\n\t\t\t<span class='evcal_evdata_icons'><i class='fa fa-map-marker'><\/i><\/span>\n\t\t\t<div class='evcal_evdata_cell' data-loc_tax_id='511'><h3 class='evo_h3 evodfx'><span class='evcal_evdata_icons'><i class='fa fa-map-marker'><\/i><\/span>Ort:<\/h3><p class='evo_location_name'>Sitzungssaal der SPD-Fraktion (Eingang Raum 370)<\/p><p class='evo_location_address'>Rathaus Oberhausen, Schwartzstr. 72, 46045 Oberhausen<\/p><div class='padt10'><span class='evo_btn_arr evolb_trigger' data-lbvals=\"{&quot;lbc&quot;:&quot;evo_location_lb_511&quot;,&quot;lbac&quot;:&quot;lb_max&quot;,&quot;t&quot;:&quot;Sitzungssaal der SPD-Fraktion (Eingang Raum 370)&quot;,&quot;ajax&quot;:&quot;yes&quot;,&quot;ajax_type&quot;:&quot;endpoint&quot;,&quot;ajax_action&quot;:&quot;eventon_get_tax_card_content&quot;,&quot;end&quot;:&quot;client&quot;,&quot;d&quot;:{&quot;lang&quot;:&quot;L1&quot;,&quot;term_id&quot;:511,&quot;tax&quot;:&quot;event_location&quot;,&quot;load_lbcontent&quot;:true}}\" >Andere Ereignisse<i class='fa fa-chevron-right'><\/i><\/span><\/div><\/div>\n\t\t\n\t<\/div><\/div><\/div><div class='evocard_row'><div id='event_addtocal' class='evocard_box addtocal' data-c='' \n\t\t\t\t\tstyle=''><div class='evo_metarow_ICS evorow evcal_evdata_row'>\n\t\t\t\t\t\t\t\t\t<span class='evcal_evdata_icons'><i class='fa fa-calendar-o'><\/i><\/span>\n\t\t\t\t\t\t\t\t\t<div class='evcal_evdata_cell'>\n\t\t\t\t\t\t\t\t\t\t<p><a href='https:\/\/meier-gerdingh.de\/wp-spd-ob\/wp-admin\/admin-ajax.php?action=eventon_ics_download&event_id=13172&ri=0&nonce=be2ac1e3c9' class='evo_ics_nCal' title='Zum Kalender hinzuf\u00fcgen'>Kalender<\/a><a href='\/\/www.google.com\/calendar\/event?action=TEMPLATE&amp;text=Fraktion&amp;dates=20261130T173000Z\/20261130T235900Z&amp;ctz=UTC&amp;details=Fraktion&amp;location=Sitzungssaal+der+SPD-Fraktion+%28Eingang+Raum+370%29Rathaus+Oberhausen%2C+Schwartzstr.+72%2C+46045+Oberhausen' target='_blank' class='evo_ics_gCal' title='Zum Google-Kalender hinzuf\u00fcgen'>Google-Kalender<\/a><\/p>\t\n\t\t\t\t\t\t\t\t\t<\/div>\n\t\t\t\t\t\t\t\t<\/div><\/div><\/div><div class='evocard_row'><div id='event_gmap' class='evocard_box gmap' data-c='' \n\t\t\t\t\tstyle=''><div class='evo_metarow_gmap evcal_evdata_row evorow evcal_gmaps evc17960598006a9cc4c09812f13172_gmap ' id='evc17960598006a9cc4c09812f13172_gmap' style='max-width:none' data-address=\"Rathaus Oberhausen, Schwartzstr. 72, 46045 Oberhausen\" data-latlng=\"51.473999,6.861205\" data-location_type=\"\" data-scroll=\"yes\" data-mty=\"roadmap\" data-zoom=\"16\" data-mapIcon=\"\" data-delay=\"400\" data-map_canvas_id=\"evc17960598006a9cc4c09812f13172_gmap\" >\n\t\t<span class='evo_map_load_out evoposr evodb evobr15'>\n\t\t<i class='fa fa-map-marker evoposa'><\/i><span class='evo_map_load evoposr evodb'>\t\t\t\t\t\n\t\t\t\t\t<i class='a'><\/i>\n\t\t\t\t\t<i class='b'><\/i>\n\t\t\t\t\t<i class='c'><\/i>\n\t\t\t\t\t<i class='d'><\/i>\n\t\t\t\t\t<i class='e'><\/i>\n\t\t\t\t\t<i class='f'><\/i>\n\t\t\t\t<\/span><\/span><\/div><\/div><\/div><div class='evocard_row'><div id='event_getdirection' class='evocard_box getdirection' data-c='' \n\t\t\t\t\tstyle=''><div class='evo_metarow_getDr evorow evcal_evdata_row evcal_evrow_sm getdirections'>\n\t\t<form action='https:\/\/maps.google.com\/maps' method='get' target='_blank'>\n\t\t\t<input type='hidden' name='daddr' value=\"Rathaus Oberhausen, Schwartzstr. 72, 46045 Oberhausen\"\/> \n\t\t\t<div class='evo_get_direction_content evo_fx_dr_r evogap10'>\n\t\t\t\t<span class='evogetdir_header evodfx evofx_dr_r evofx_ai_c marr10'>\n\t\t\t\t\t<i class='mainicon fa fa-road'><\/i> \n\t\t\t\t\t<h3 class='evo_h3' style='padding-bottom:5px;'>Routenplaner<\/h3>\n\t\t\t\t<\/span>\n\t\t\t\t<span class='evogetdir_field evodfx evofx_1_1 evo_fx_dr_c evow100p'>\t\t\t\t\t\n\t\t\t\t\t<input class='evoInput evotac' type='text' name='saddr' placeholder='Geben Sie Ihre Adresse ein' value='' style='margin:10px 0;'\/>\n\t\t\t\t<\/span>\n\t\t\t\t<button type='submit' class='evo_get_direction_button evo_btn_arr_circ dfx fx_ai_c' title='Hier klicken f\u00fcr Route'><i class='fa fa-chevron-right'><\/i> <\/button>\n\t\t\t<\/div>\n\t\t<\/form>\n\t<\/div><\/div><\/div><div class='evocard_row'><div id='event_evosocial' class='evocard_box evosocial' data-c='' \n\t\t\t\t\tstyle=''><div class='evo_metarow_socialmedia evcal_evdata_row '><div class='evo_sm FacebookShare'><a class=\" evo_ss\" target=\"_blank\" onclick=\"javascript:window.open(this.href, '', 'left=50,top=50,width=600,height=350,toolbar=0');return false;\"\r\n\t\t\t\t\t\thref=\"\/\/www.facebook.com\/sharer.php?u=https%3A%2F%2Fmeier-gerdingh.de%2Fwp-spd-ob%2Ftermine%2Ffraktion-19%2F\" title=\"Auf Facebook teilen\"><i class=\"fa fab fa-facebook\"><\/i><\/a><\/div><div class='evo_sm Twitter'><a class=\"tw evo_ss\" onclick=\"javascript:window.open(this.href, '', 'menubar=no,toolbar=no,resizable=yes,scrollbars=yes,height=300,width=600');return false;\" href=\"\/\/twitter.com\/intent\/tweet?text=Fraktion&#32;-&#32;&url=https%3A%2F%2Fmeier-gerdingh.de%2Fwp-spd-ob%2Ftermine%2Ffraktion-19%2F\" title=\"Auf X teilen\" rel=\"nofollow\" target=\"_blank\" data-url=\"https%3A%2F%2Fmeier-gerdingh.de%2Fwp-spd-ob%2Ftermine%2Ffraktion-19%2F\"><i class=\"fa fab fa-x-twitter\"><\/i><\/a><\/div><div class='evo_sm LinkedIn'><a class=\"li evo_ss\" href=\"\/\/www.linkedin.com\/shareArticle?mini=true&url=https%3A%2F%2Fmeier-gerdingh.de%2Fwp-spd-ob%2Ftermine%2Ffraktion-19%2F&title=Fraktion&summary=--\" target=\"_blank\" title=\"Auf Linkedin teilen\"><i class=\"fa fab fa-linkedin\"><\/i><\/a><\/div><div class='evo_sm Whatsapp'><a class=\"wa evo_ss\" href=\"https:\/\/api.whatsapp.com\/send?text=https%3A%2F%2Fmeier-gerdingh.de%2Fwp-spd-ob%2Ftermine%2Ffraktion-19%2F\"\r\n\t\t\t\t        data-action=\"share\/whatsapp\/share\" target=\"_blank\" title=\"Auf WhatsApp teilen\"><i class=\"fa fab fa-whatsapp\"><\/i><\/a><\/div><div class='evo_sm EmailShare'><a class=\"em evo_ss\" href=\"mailto:?subject=Fraktion&body=Event Name: Fraktion%0AEvent Date: 30. November 2026 17:30%0ALink: https%3A%2F%2Fmeier-gerdingh.de%2Fwp-spd-ob%2Ftermine%2Ffraktion-19%2F%0A\" target=\"_blank\"><i class=\"fa fa-envelope\"><\/i><\/a><\/div><\/div><\/div><\/div><div class='evo_card_row_end evcal_close' title='Schlie\u00dfen'><\/div><\/div><div class='clear end'><\/div><\/div><\/div><div class='evcal_month_line' data-d='eml_12_2026' data-su='1796083200'><p>Dezember 2026<\/p><\/div><div class='sep_month_events ' data-d='eml_12_2026'><div id=\"event_13127_0\" class=\"eventon_list_event evo_eventtop scheduled  event clrD no_et event_13127_0\" data-event_id=\"13127\" data-ri=\"0r\" data-time=\"1796655600-1796687940\" data-colr=\"#6e7ebe\" itemscope itemtype='http:\/\/schema.org\/Event'><div class=\"evo_event_schema\" style=\"display:none\" ><a itemprop='url'  href='https:\/\/meier-gerdingh.de\/wp-spd-ob\/termine\/haupt-und-finanzausschuss-7\/'><\/a><meta itemprop='image'  \/><meta itemprop='startDate' content=\"2026-12-7T15:00+2:00\" \/><meta itemprop='endDate' content=\"2026-12-7T23:59+2:00\" \/><meta itemprop='eventStatus' content=\"https:\/\/schema.org\/EventScheduled\" \/><item style=\"display:none\" itemprop=\"location\" itemscope itemtype=\"http:\/\/schema.org\/Place\"><span itemprop=\"name\">Rathaus Oberhausen (Ratssaal)<\/span><span itemprop=\"address\" itemscope itemtype=\"http:\/\/schema.org\/PostalAddress\"><item itemprop=\"streetAddress\">Schwartzstr. 72, 46045 Oberhausen<\/item><\/span><\/item><item style=\"display:none\" itemprop=\"eventAttendanceMode\" itemscope itemtype=\"https:\/\/schema.org\/OfflineEventAttendanceMode\"><\/item><script type=\"application\/ld+json\">{\"@context\": \"http:\/\/schema.org\",\"@type\": \"Event\",\n\t\t\t\t\"@id\": \"event_13127_0\",\n\t\t\t\t\"eventAttendanceMode\":\"https:\/\/schema.org\/OfflineEventAttendanceMode\",\n\t\t\t\t\"eventStatus\":\"https:\/\/schema.org\/EventScheduled\",\n\t\t\t\t\"name\": \"Haupt- und Finanzausschuss\",\n\t\t\t\t\"url\": \"https:\/\/meier-gerdingh.de\/wp-spd-ob\/termine\/haupt-und-finanzausschuss-7\/\",\n\t\t\t\t\"startDate\": \"2026-12-7T15:00+2:00\",\n\t\t\t\t\"endDate\": \"2026-12-7T23:59+2:00\",\n\t\t\t\t\"image\":\"\", \n\t\t\t\t\"description\":\"'Haupt- und Finanzausschuss'\",\"location\":[{\"@type\":\"Place\",\"name\":\"Rathaus Oberhausen (Ratssaal)\",\"address\":{\"@type\": \"PostalAddress\",\"streetAddress\":\"Schwartzstr. 72, 46045 Oberhausen\"}}]}<\/script><\/div>\r\n\t\t\t\t<p class=\"desc_trig_outter\" style=\"\"><a data-gmtrig=\"1\" data-exlk=\"0\" style=\"background-color: #6e7ebe;\" id=\"evc_179665560013127\" class=\"desc_trig evo_haupt-und-finanzausschuss evo_stadt-oberhausen sin_val evcal_list_a\" data-ux_val=\"1\" data-ux_val_mob=\"-\"  ><span class='evoet_c2 evoet_cx '><span class='evoet_dayblock evcal_cblock ' data-bgcolor='#6e7ebe' data-smon='Dezember' data-syr='2026' data-bub=''><span class='evo_start '><em class='day'>Mo<\/em><em class='date'>07<\/em><em class='month'>Dez<\/em><em class='time'>15:00<\/em><\/span><\/span><\/span><span class='evoet_c3 evoet_cx evcal_desc'><span class='evoet_title evcal_desc2 evcal_event_title' itemprop='name'>Haupt- und Finanzausschuss<\/span><span class='event_location_attrs'  data-location_address=\"Schwartzstr. 72, 46045 Oberhausen\" data-location_type=\"lonlat\" data-location_name=\"Rathaus Oberhausen (Ratssaal)\" data-location_url=\"https:\/\/meier-gerdingh.de\/wp-spd-ob\/event-location\/rathaus-oberhausen-ratssaal\/\" data-location_status=\"true\" data-latlng=\"51.474107, 6.860272\"><\/span><span class='evoet_subtitle evo_below_title'><\/span><span class='evoet_time_expand level_3'><em class='evcal_time evo_tz_time'><i class='fa fa-clock-o'><\/i>15:00 Uhr<\/em> <\/span><span class='evoet_location level_3'><em class=\"evcal_location\"  data-latlng=\"51.474107, 6.860272\" data-add_str=\"\" data-n=\"Rathaus Oberhausen (Ratssaal)\"><i class=\"fa fa-location-pin\"><\/i><em class=\"event_location_name\">Rathaus Oberhausen (Ratssaal)<\/em><\/em><\/span><span class='evoet_eventtypes level_4 evcal_event_types ett2'><em><i>Veranstalter: <\/i><\/em><em data-filter='event_type' data-v='Haupt- und Finanzausschuss' data-id='2626' class='evoetet_val evoet_dataval'>Haupt- und Finanzausschuss,<\/em><em data-filter='event_type' data-v='Stadt Oberhausen' data-id='506' class='evoetet_val evoet_dataval'>Stadt Oberhausen<\/em><\/span><\/span><span class='evoet_data' data-d=\"{&quot;loc.n&quot;:&quot;Rathaus Oberhausen (Ratssaal)&quot;,&quot;orgs&quot;:[],&quot;tags&quot;:[]}\" data-bgc=\"#6e7ebe\" data-bggrad=\"\" ><\/span><\/a><\/p><div class=\"event_description evcal_eventcard evo_haupt-und-finanzausschuss evo_stadt-oberhausen \" style=\"display:none\"><div class='evocard_row bx2 bx'><div id='event_time' class='evocard_box time' data-c='' \n\t\t\t\t\tstyle=''><div class='evo_metarow_time evorow evcal_evdata_row evcal_evrow_sm '>\n\t\t<span class='evcal_evdata_icons'><i class='fa fa-clock-o'><\/i><\/span>\n\t\t<div class='evcal_evdata_cell'>\t\t\t\t\t\t\t\n\t\t\t<h3 class='evo_h3'><span class='evcal_evdata_icons'><i class='fa fa-clock-o'><\/i><\/span>Datum:<\/h3><p><span class='evo_eventcard_time_t'>7. Dezember 2026 15:00 Uhr<\/span><\/p>\n\t\t<\/div>\n\t<\/div><\/div><div id='event_location' class='evocard_box location' data-c='' \n\t\t\t\t\tstyle=''><div class='evcal_evdata_row evo_metarow_time_location evorow '>\n\t\t\n\t\t\t<span class='evcal_evdata_icons'><i class='fa fa-map-marker'><\/i><\/span>\n\t\t\t<div class='evcal_evdata_cell' data-loc_tax_id='514'><h3 class='evo_h3 evodfx'><span class='evcal_evdata_icons'><i class='fa fa-map-marker'><\/i><\/span>Ort:<\/h3><p class='evo_location_name'>Rathaus Oberhausen (Ratssaal)<\/p><p class='evo_location_address'>Schwartzstr. 72, 46045 Oberhausen<\/p><div class='padt10'><span class='evo_btn_arr evolb_trigger' data-lbvals=\"{&quot;lbc&quot;:&quot;evo_location_lb_514&quot;,&quot;lbac&quot;:&quot;lb_max&quot;,&quot;t&quot;:&quot;Rathaus Oberhausen (Ratssaal)&quot;,&quot;ajax&quot;:&quot;yes&quot;,&quot;ajax_type&quot;:&quot;endpoint&quot;,&quot;ajax_action&quot;:&quot;eventon_get_tax_card_content&quot;,&quot;end&quot;:&quot;client&quot;,&quot;d&quot;:{&quot;lang&quot;:&quot;L1&quot;,&quot;term_id&quot;:514,&quot;tax&quot;:&quot;event_location&quot;,&quot;load_lbcontent&quot;:true}}\" >Andere Ereignisse<i class='fa fa-chevron-right'><\/i><\/span><\/div><\/div>\n\t\t\n\t<\/div><\/div><\/div><div class='evocard_row'><div id='event_addtocal' class='evocard_box addtocal' data-c='' \n\t\t\t\t\tstyle=''><div class='evo_metarow_ICS evorow evcal_evdata_row'>\n\t\t\t\t\t\t\t\t\t<span class='evcal_evdata_icons'><i class='fa fa-calendar-o'><\/i><\/span>\n\t\t\t\t\t\t\t\t\t<div class='evcal_evdata_cell'>\n\t\t\t\t\t\t\t\t\t\t<p><a href='https:\/\/meier-gerdingh.de\/wp-spd-ob\/wp-admin\/admin-ajax.php?action=eventon_ics_download&event_id=13127&ri=0&nonce=be2ac1e3c9' class='evo_ics_nCal' title='Zum Kalender hinzuf\u00fcgen'>Kalender<\/a><a href='\/\/www.google.com\/calendar\/event?action=TEMPLATE&amp;text=Haupt-+und+Finanzausschuss&amp;dates=20261207T150000Z\/20261207T235900Z&amp;ctz=UTC&amp;details=Haupt-+und+Finanzausschuss&amp;location=Rathaus+Oberhausen+%28Ratssaal%29Schwartzstr.+72%2C+46045+Oberhausen' target='_blank' class='evo_ics_gCal' title='Zum Google-Kalender hinzuf\u00fcgen'>Google-Kalender<\/a><\/p>\t\n\t\t\t\t\t\t\t\t\t<\/div>\n\t\t\t\t\t\t\t\t<\/div><\/div><\/div><div class='evocard_row'><div id='event_gmap' class='evocard_box gmap' data-c='' \n\t\t\t\t\tstyle=''><div class='evo_metarow_gmap evcal_evdata_row evorow evcal_gmaps evc17966556006a9cc4c09a6f113127_gmap ' id='evc17966556006a9cc4c09a6f113127_gmap' style='max-width:none' data-address=\"Schwartzstr. 72, 46045 Oberhausen\" data-latlng=\"51.474107, 6.860272\" data-location_type=\"\" data-scroll=\"yes\" data-mty=\"roadmap\" data-zoom=\"16\" data-mapIcon=\"\" data-delay=\"400\" data-map_canvas_id=\"evc17966556006a9cc4c09a6f113127_gmap\" >\n\t\t<span class='evo_map_load_out evoposr evodb evobr15'>\n\t\t<i class='fa fa-map-marker evoposa'><\/i><span class='evo_map_load evoposr evodb'>\t\t\t\t\t\n\t\t\t\t\t<i class='a'><\/i>\n\t\t\t\t\t<i class='b'><\/i>\n\t\t\t\t\t<i class='c'><\/i>\n\t\t\t\t\t<i class='d'><\/i>\n\t\t\t\t\t<i class='e'><\/i>\n\t\t\t\t\t<i class='f'><\/i>\n\t\t\t\t<\/span><\/span><\/div><\/div><\/div><div class='evocard_row'><div id='event_getdirection' class='evocard_box getdirection' data-c='' \n\t\t\t\t\tstyle=''><div class='evo_metarow_getDr evorow evcal_evdata_row evcal_evrow_sm getdirections'>\n\t\t<form action='https:\/\/maps.google.com\/maps' method='get' target='_blank'>\n\t\t\t<input type='hidden' name='daddr' value=\"Schwartzstr. 72, 46045 Oberhausen\"\/> \n\t\t\t<div class='evo_get_direction_content evo_fx_dr_r evogap10'>\n\t\t\t\t<span class='evogetdir_header evodfx evofx_dr_r evofx_ai_c marr10'>\n\t\t\t\t\t<i class='mainicon fa fa-road'><\/i> \n\t\t\t\t\t<h3 class='evo_h3' style='padding-bottom:5px;'>Routenplaner<\/h3>\n\t\t\t\t<\/span>\n\t\t\t\t<span class='evogetdir_field evodfx evofx_1_1 evo_fx_dr_c evow100p'>\t\t\t\t\t\n\t\t\t\t\t<input class='evoInput evotac' type='text' name='saddr' placeholder='Geben Sie Ihre Adresse ein' value='' style='margin:10px 0;'\/>\n\t\t\t\t<\/span>\n\t\t\t\t<button type='submit' class='evo_get_direction_button evo_btn_arr_circ dfx fx_ai_c' title='Hier klicken f\u00fcr Route'><i class='fa fa-chevron-right'><\/i> <\/button>\n\t\t\t<\/div>\n\t\t<\/form>\n\t<\/div><\/div><\/div><div class='evocard_row'><div id='event_evosocial' class='evocard_box evosocial' data-c='' \n\t\t\t\t\tstyle=''><div class='evo_metarow_socialmedia evcal_evdata_row '><div class='evo_sm FacebookShare'><a class=\" evo_ss\" target=\"_blank\" onclick=\"javascript:window.open(this.href, '', 'left=50,top=50,width=600,height=350,toolbar=0');return false;\"\r\n\t\t\t\t\t\thref=\"\/\/www.facebook.com\/sharer.php?u=https%3A%2F%2Fmeier-gerdingh.de%2Fwp-spd-ob%2Ftermine%2Fhaupt-und-finanzausschuss-7%2F\" title=\"Auf Facebook teilen\"><i class=\"fa fab fa-facebook\"><\/i><\/a><\/div><div class='evo_sm Twitter'><a class=\"tw evo_ss\" onclick=\"javascript:window.open(this.href, '', 'menubar=no,toolbar=no,resizable=yes,scrollbars=yes,height=300,width=600');return false;\" href=\"\/\/twitter.com\/intent\/tweet?text=Haupt- und Finanzausschuss&#32;-&#32;&url=https%3A%2F%2Fmeier-gerdingh.de%2Fwp-spd-ob%2Ftermine%2Fhaupt-und-finanzausschuss-7%2F\" title=\"Auf X teilen\" rel=\"nofollow\" target=\"_blank\" data-url=\"https%3A%2F%2Fmeier-gerdingh.de%2Fwp-spd-ob%2Ftermine%2Fhaupt-und-finanzausschuss-7%2F\"><i class=\"fa fab fa-x-twitter\"><\/i><\/a><\/div><div class='evo_sm LinkedIn'><a class=\"li evo_ss\" href=\"\/\/www.linkedin.com\/shareArticle?mini=true&url=https%3A%2F%2Fmeier-gerdingh.de%2Fwp-spd-ob%2Ftermine%2Fhaupt-und-finanzausschuss-7%2F&title=Haupt-%20und%20Finanzausschuss&summary=--\" target=\"_blank\" title=\"Auf Linkedin teilen\"><i class=\"fa fab fa-linkedin\"><\/i><\/a><\/div><div class='evo_sm Whatsapp'><a class=\"wa evo_ss\" href=\"https:\/\/api.whatsapp.com\/send?text=https%3A%2F%2Fmeier-gerdingh.de%2Fwp-spd-ob%2Ftermine%2Fhaupt-und-finanzausschuss-7%2F\"\r\n\t\t\t\t        data-action=\"share\/whatsapp\/share\" target=\"_blank\" title=\"Auf WhatsApp teilen\"><i class=\"fa fab fa-whatsapp\"><\/i><\/a><\/div><div class='evo_sm EmailShare'><a class=\"em evo_ss\" href=\"mailto:?subject=Haupt-%20und%20Finanzausschuss&body=Event Name: Haupt-%20und%20Finanzausschuss%0AEvent Date: 7. Dezember 2026 15:00%0ALink: https%3A%2F%2Fmeier-gerdingh.de%2Fwp-spd-ob%2Ftermine%2Fhaupt-und-finanzausschuss-7%2F%0A\" target=\"_blank\"><i class=\"fa fa-envelope\"><\/i><\/a><\/div><\/div><\/div><\/div><div class='evo_card_row_end evcal_close' title='Schlie\u00dfen'><\/div><\/div><div class='clear end'><\/div><\/div><div id=\"event_13159_0\" class=\"eventon_list_event evo_eventtop scheduled  event clrD no_et event_13159_0\" data-event_id=\"13159\" data-ri=\"0r\" data-time=\"1797256800-1797292740\" data-colr=\"#0f2cad\" itemscope itemtype='http:\/\/schema.org\/Event'><div class=\"evo_event_schema\" style=\"display:none\" ><a itemprop='url'  href='https:\/\/meier-gerdingh.de\/wp-spd-ob\/termine\/fraktion-10\/'><\/a><meta itemprop='image'  \/><meta itemprop='startDate' content=\"2026-12-14T14:00+2:00\" \/><meta itemprop='endDate' content=\"2026-12-14T23:59+2:00\" \/><meta itemprop='eventStatus' content=\"https:\/\/schema.org\/EventScheduled\" \/><item style=\"display:none\" itemprop=\"location\" itemscope itemtype=\"http:\/\/schema.org\/Place\"><span itemprop=\"name\">Sitzungssaal der SPD-Fraktion (Eingang Raum 370)<\/span><span itemprop=\"address\" itemscope itemtype=\"http:\/\/schema.org\/PostalAddress\"><item itemprop=\"streetAddress\">Rathaus Oberhausen, Schwartzstr. 72, 46045 Oberhausen<\/item><\/span><\/item><item style=\"display:none\" itemprop=\"eventAttendanceMode\" itemscope itemtype=\"https:\/\/schema.org\/OfflineEventAttendanceMode\"><\/item><script type=\"application\/ld+json\">{\"@context\": \"http:\/\/schema.org\",\"@type\": \"Event\",\n\t\t\t\t\"@id\": \"event_13159_0\",\n\t\t\t\t\"eventAttendanceMode\":\"https:\/\/schema.org\/OfflineEventAttendanceMode\",\n\t\t\t\t\"eventStatus\":\"https:\/\/schema.org\/EventScheduled\",\n\t\t\t\t\"name\": \"Fraktion\",\n\t\t\t\t\"url\": \"https:\/\/meier-gerdingh.de\/wp-spd-ob\/termine\/fraktion-10\/\",\n\t\t\t\t\"startDate\": \"2026-12-14T14:00+2:00\",\n\t\t\t\t\"endDate\": \"2026-12-14T23:59+2:00\",\n\t\t\t\t\"image\":\"\", \n\t\t\t\t\"description\":\"'Fraktion'\",\"location\":[{\"@type\":\"Place\",\"name\":\"Sitzungssaal der SPD-Fraktion (Eingang Raum 370)\",\"address\":{\"@type\": \"PostalAddress\",\"streetAddress\":\"Rathaus Oberhausen, Schwartzstr. 72, 46045 Oberhausen\"}}]}<\/script><\/div>\r\n\t\t\t\t<p class=\"desc_trig_outter\" style=\"\"><a data-gmtrig=\"1\" data-exlk=\"0\" style=\"background-color: #0f2cad;\" id=\"evc_179725680013159\" class=\"desc_trig evo_fraktion evo_spd-fraktion-oberhausen sin_val evcal_list_a\" data-ux_val=\"1\" data-ux_val_mob=\"-\"  ><span class='evoet_c2 evoet_cx '><span class='evoet_dayblock evcal_cblock ' data-bgcolor='#0f2cad' data-smon='Dezember' data-syr='2026' data-bub=''><span class='evo_start '><em class='day'>Mo<\/em><em class='date'>14<\/em><em class='month'>Dez<\/em><em class='time'>14:00<\/em><\/span><\/span><\/span><span class='evoet_c3 evoet_cx evcal_desc'><span class='evoet_title evcal_desc2 evcal_event_title' itemprop='name'>Fraktion<\/span><span class='event_location_attrs'  data-location_address=\"Rathaus Oberhausen, Schwartzstr. 72, 46045 Oberhausen\" data-location_type=\"lonlat\" data-location_name=\"Sitzungssaal der SPD-Fraktion (Eingang Raum 370)\" data-location_url=\"https:\/\/meier-gerdingh.de\/wp-spd-ob\/event-location\/sitzungssaal-der-spd-fraktion-eingang-raum-370\/\" data-location_status=\"true\" data-latlng=\"51.473999,6.861205\"><\/span><span class='evoet_subtitle evo_below_title'><span class='evcal_event_subtitle' >Vorbesprechung Rat<\/span><\/span><span class='evoet_time_expand level_3'><em class='evcal_time evo_tz_time'><i class='fa fa-clock-o'><\/i>14:00 Uhr<\/em> <\/span><span class='evoet_location level_3'><em class=\"evcal_location\"  data-latlng=\"51.473999,6.861205\" data-add_str=\"\" data-n=\"Sitzungssaal der SPD-Fraktion (Eingang Raum 370)\"><i class=\"fa fa-location-pin\"><\/i><em class=\"event_location_name\">Sitzungssaal der SPD-Fraktion (Eingang Raum 370)<\/em><\/em><\/span><span class='evoet_eventtypes level_4 evcal_event_types ett2'><em><i>Veranstalter: <\/i><\/em><em data-filter='event_type' data-v='Fraktion' data-id='919' class='evoetet_val evoet_dataval'>Fraktion,<\/em><em data-filter='event_type' data-v='SPD-Fraktion Oberhausen' data-id='510' class='evoetet_val evoet_dataval'>SPD-Fraktion Oberhausen<\/em><\/span><\/span><span class='evoet_data' data-d=\"{&quot;loc.n&quot;:&quot;Sitzungssaal der SPD-Fraktion (Eingang Raum 370)&quot;,&quot;orgs&quot;:[],&quot;tags&quot;:[]}\" data-bgc=\"#0f2cad\" data-bggrad=\"\" ><\/span><\/a><\/p><div class=\"event_description evcal_eventcard evo_fraktion evo_spd-fraktion-oberhausen \" style=\"display:none\"><div class='evocard_row bx2 bx'><div id='event_time' class='evocard_box time' data-c='' \n\t\t\t\t\tstyle=''><div class='evo_metarow_time evorow evcal_evdata_row evcal_evrow_sm '>\n\t\t<span class='evcal_evdata_icons'><i class='fa fa-clock-o'><\/i><\/span>\n\t\t<div class='evcal_evdata_cell'>\t\t\t\t\t\t\t\n\t\t\t<h3 class='evo_h3'><span class='evcal_evdata_icons'><i class='fa fa-clock-o'><\/i><\/span>Datum:<\/h3><p><span class='evo_eventcard_time_t'>14. Dezember 2026 14:00 Uhr<\/span><\/p>\n\t\t<\/div>\n\t<\/div><\/div><div id='event_location' class='evocard_box location' data-c='' \n\t\t\t\t\tstyle=''><div class='evcal_evdata_row evo_metarow_time_location evorow '>\n\t\t\n\t\t\t<span class='evcal_evdata_icons'><i class='fa fa-map-marker'><\/i><\/span>\n\t\t\t<div class='evcal_evdata_cell' data-loc_tax_id='511'><h3 class='evo_h3 evodfx'><span class='evcal_evdata_icons'><i class='fa fa-map-marker'><\/i><\/span>Ort:<\/h3><p class='evo_location_name'>Sitzungssaal der SPD-Fraktion (Eingang Raum 370)<\/p><p class='evo_location_address'>Rathaus Oberhausen, Schwartzstr. 72, 46045 Oberhausen<\/p><div class='padt10'><span class='evo_btn_arr evolb_trigger' data-lbvals=\"{&quot;lbc&quot;:&quot;evo_location_lb_511&quot;,&quot;lbac&quot;:&quot;lb_max&quot;,&quot;t&quot;:&quot;Sitzungssaal der SPD-Fraktion (Eingang Raum 370)&quot;,&quot;ajax&quot;:&quot;yes&quot;,&quot;ajax_type&quot;:&quot;endpoint&quot;,&quot;ajax_action&quot;:&quot;eventon_get_tax_card_content&quot;,&quot;end&quot;:&quot;client&quot;,&quot;d&quot;:{&quot;lang&quot;:&quot;L1&quot;,&quot;term_id&quot;:511,&quot;tax&quot;:&quot;event_location&quot;,&quot;load_lbcontent&quot;:true}}\" >Andere Ereignisse<i class='fa fa-chevron-right'><\/i><\/span><\/div><\/div>\n\t\t\n\t<\/div><\/div><\/div><div class='evocard_row'><div id='event_addtocal' class='evocard_box addtocal' data-c='' \n\t\t\t\t\tstyle=''><div class='evo_metarow_ICS evorow evcal_evdata_row'>\n\t\t\t\t\t\t\t\t\t<span class='evcal_evdata_icons'><i class='fa fa-calendar-o'><\/i><\/span>\n\t\t\t\t\t\t\t\t\t<div class='evcal_evdata_cell'>\n\t\t\t\t\t\t\t\t\t\t<p><a href='https:\/\/meier-gerdingh.de\/wp-spd-ob\/wp-admin\/admin-ajax.php?action=eventon_ics_download&event_id=13159&ri=0&nonce=be2ac1e3c9' class='evo_ics_nCal' title='Zum Kalender hinzuf\u00fcgen'>Kalender<\/a><a href='\/\/www.google.com\/calendar\/event?action=TEMPLATE&amp;text=Fraktion&amp;dates=20261214T140000Z\/20261214T235900Z&amp;ctz=UTC&amp;details=Fraktion&amp;location=Sitzungssaal+der+SPD-Fraktion+%28Eingang+Raum+370%29Rathaus+Oberhausen%2C+Schwartzstr.+72%2C+46045+Oberhausen' target='_blank' class='evo_ics_gCal' title='Zum Google-Kalender hinzuf\u00fcgen'>Google-Kalender<\/a><\/p>\t\n\t\t\t\t\t\t\t\t\t<\/div>\n\t\t\t\t\t\t\t\t<\/div><\/div><\/div><div class='evocard_row'><div id='event_gmap' class='evocard_box gmap' data-c='' \n\t\t\t\t\tstyle=''><div class='evo_metarow_gmap evcal_evdata_row evorow evcal_gmaps evc17972568006a9cc4c09ca0e13159_gmap ' id='evc17972568006a9cc4c09ca0e13159_gmap' style='max-width:none' data-address=\"Rathaus Oberhausen, Schwartzstr. 72, 46045 Oberhausen\" data-latlng=\"51.473999,6.861205\" data-location_type=\"\" data-scroll=\"yes\" data-mty=\"roadmap\" data-zoom=\"16\" data-mapIcon=\"\" data-delay=\"400\" data-map_canvas_id=\"evc17972568006a9cc4c09ca0e13159_gmap\" >\n\t\t<span class='evo_map_load_out evoposr evodb evobr15'>\n\t\t<i class='fa fa-map-marker evoposa'><\/i><span class='evo_map_load evoposr evodb'>\t\t\t\t\t\n\t\t\t\t\t<i class='a'><\/i>\n\t\t\t\t\t<i class='b'><\/i>\n\t\t\t\t\t<i class='c'><\/i>\n\t\t\t\t\t<i class='d'><\/i>\n\t\t\t\t\t<i class='e'><\/i>\n\t\t\t\t\t<i class='f'><\/i>\n\t\t\t\t<\/span><\/span><\/div><\/div><\/div><div class='evocard_row'><div id='event_getdirection' class='evocard_box getdirection' data-c='' \n\t\t\t\t\tstyle=''><div class='evo_metarow_getDr evorow evcal_evdata_row evcal_evrow_sm getdirections'>\n\t\t<form action='https:\/\/maps.google.com\/maps' method='get' target='_blank'>\n\t\t\t<input type='hidden' name='daddr' value=\"Rathaus Oberhausen, Schwartzstr. 72, 46045 Oberhausen\"\/> \n\t\t\t<div class='evo_get_direction_content evo_fx_dr_r evogap10'>\n\t\t\t\t<span class='evogetdir_header evodfx evofx_dr_r evofx_ai_c marr10'>\n\t\t\t\t\t<i class='mainicon fa fa-road'><\/i> \n\t\t\t\t\t<h3 class='evo_h3' style='padding-bottom:5px;'>Routenplaner<\/h3>\n\t\t\t\t<\/span>\n\t\t\t\t<span class='evogetdir_field evodfx evofx_1_1 evo_fx_dr_c evow100p'>\t\t\t\t\t\n\t\t\t\t\t<input class='evoInput evotac' type='text' name='saddr' placeholder='Geben Sie Ihre Adresse ein' value='' style='margin:10px 0;'\/>\n\t\t\t\t<\/span>\n\t\t\t\t<button type='submit' class='evo_get_direction_button evo_btn_arr_circ dfx fx_ai_c' title='Hier klicken f\u00fcr Route'><i class='fa fa-chevron-right'><\/i> <\/button>\n\t\t\t<\/div>\n\t\t<\/form>\n\t<\/div><\/div><\/div><div class='evocard_row'><div id='event_evosocial' class='evocard_box evosocial' data-c='' \n\t\t\t\t\tstyle=''><div class='evo_metarow_socialmedia evcal_evdata_row '><div class='evo_sm FacebookShare'><a class=\" evo_ss\" target=\"_blank\" onclick=\"javascript:window.open(this.href, '', 'left=50,top=50,width=600,height=350,toolbar=0');return false;\"\r\n\t\t\t\t\t\thref=\"\/\/www.facebook.com\/sharer.php?u=https%3A%2F%2Fmeier-gerdingh.de%2Fwp-spd-ob%2Ftermine%2Ffraktion-10%2F\" title=\"Auf Facebook teilen\"><i class=\"fa fab fa-facebook\"><\/i><\/a><\/div><div class='evo_sm Twitter'><a class=\"tw evo_ss\" onclick=\"javascript:window.open(this.href, '', 'menubar=no,toolbar=no,resizable=yes,scrollbars=yes,height=300,width=600');return false;\" href=\"\/\/twitter.com\/intent\/tweet?text=Fraktion&#32;-&#32;&url=https%3A%2F%2Fmeier-gerdingh.de%2Fwp-spd-ob%2Ftermine%2Ffraktion-10%2F\" title=\"Auf X teilen\" rel=\"nofollow\" target=\"_blank\" data-url=\"https%3A%2F%2Fmeier-gerdingh.de%2Fwp-spd-ob%2Ftermine%2Ffraktion-10%2F\"><i class=\"fa fab fa-x-twitter\"><\/i><\/a><\/div><div class='evo_sm LinkedIn'><a class=\"li evo_ss\" href=\"\/\/www.linkedin.com\/shareArticle?mini=true&url=https%3A%2F%2Fmeier-gerdingh.de%2Fwp-spd-ob%2Ftermine%2Ffraktion-10%2F&title=Fraktion&summary=--\" target=\"_blank\" title=\"Auf Linkedin teilen\"><i class=\"fa fab fa-linkedin\"><\/i><\/a><\/div><div class='evo_sm Whatsapp'><a class=\"wa evo_ss\" href=\"https:\/\/api.whatsapp.com\/send?text=https%3A%2F%2Fmeier-gerdingh.de%2Fwp-spd-ob%2Ftermine%2Ffraktion-10%2F\"\r\n\t\t\t\t        data-action=\"share\/whatsapp\/share\" target=\"_blank\" title=\"Auf WhatsApp teilen\"><i class=\"fa fab fa-whatsapp\"><\/i><\/a><\/div><div class='evo_sm EmailShare'><a class=\"em evo_ss\" href=\"mailto:?subject=Fraktion&body=Event Name: Fraktion%0AEvent Date: 14. Dezember 2026 14:00%0ALink: https%3A%2F%2Fmeier-gerdingh.de%2Fwp-spd-ob%2Ftermine%2Ffraktion-10%2F%0A\" target=\"_blank\"><i class=\"fa fa-envelope\"><\/i><\/a><\/div><\/div><\/div><\/div><div class='evo_card_row_end evcal_close' title='Schlie\u00dfen'><\/div><\/div><div class='clear end'><\/div><\/div><div id=\"event_13119_0\" class=\"eventon_list_event evo_eventtop scheduled  event clrD no_et event_13119_0\" data-event_id=\"13119\" data-ri=\"0r\" data-time=\"1797260400-1797292740\" data-colr=\"#6e7ebe\" itemscope itemtype='http:\/\/schema.org\/Event'><div class=\"evo_event_schema\" style=\"display:none\" ><a itemprop='url'  href='https:\/\/meier-gerdingh.de\/wp-spd-ob\/termine\/rat-der-stadt-7\/'><\/a><meta itemprop='image'  \/><meta itemprop='startDate' content=\"2026-12-14T15:00+2:00\" \/><meta itemprop='endDate' content=\"2026-12-14T23:59+2:00\" \/><meta itemprop='eventStatus' content=\"https:\/\/schema.org\/EventScheduled\" \/><item style=\"display:none\" itemprop=\"location\" itemscope itemtype=\"http:\/\/schema.org\/Place\"><span itemprop=\"name\">Rathaus Oberhausen (Ratssaal)<\/span><span itemprop=\"address\" itemscope itemtype=\"http:\/\/schema.org\/PostalAddress\"><item itemprop=\"streetAddress\">Schwartzstr. 72, 46045 Oberhausen<\/item><\/span><\/item><item style=\"display:none\" itemprop=\"eventAttendanceMode\" itemscope itemtype=\"https:\/\/schema.org\/OfflineEventAttendanceMode\"><\/item><script type=\"application\/ld+json\">{\"@context\": \"http:\/\/schema.org\",\"@type\": \"Event\",\n\t\t\t\t\"@id\": \"event_13119_0\",\n\t\t\t\t\"eventAttendanceMode\":\"https:\/\/schema.org\/OfflineEventAttendanceMode\",\n\t\t\t\t\"eventStatus\":\"https:\/\/schema.org\/EventScheduled\",\n\t\t\t\t\"name\": \"Rat der Stadt\",\n\t\t\t\t\"url\": \"https:\/\/meier-gerdingh.de\/wp-spd-ob\/termine\/rat-der-stadt-7\/\",\n\t\t\t\t\"startDate\": \"2026-12-14T15:00+2:00\",\n\t\t\t\t\"endDate\": \"2026-12-14T23:59+2:00\",\n\t\t\t\t\"image\":\"\", \n\t\t\t\t\"description\":\"'Rat der Stadt'\",\"location\":[{\"@type\":\"Place\",\"name\":\"Rathaus Oberhausen (Ratssaal)\",\"address\":{\"@type\": \"PostalAddress\",\"streetAddress\":\"Schwartzstr. 72, 46045 Oberhausen\"}}]}<\/script><\/div>\r\n\t\t\t\t<p class=\"desc_trig_outter\" style=\"\"><a data-gmtrig=\"1\" data-exlk=\"0\" style=\"background-color: #6e7ebe;\" id=\"evc_179726040013119\" class=\"desc_trig evo_rat-der-stadt evo_stadt-oberhausen sin_val evcal_list_a\" data-ux_val=\"1\" data-ux_val_mob=\"-\"  ><span class='evoet_c2 evoet_cx '><span class='evoet_dayblock evcal_cblock ' data-bgcolor='#6e7ebe' data-smon='Dezember' data-syr='2026' data-bub=''><span class='evo_start '><em class='day'>Mo<\/em><em class='date'>14<\/em><em class='month'>Dez<\/em><em class='time'>15:00<\/em><\/span><\/span><\/span><span class='evoet_c3 evoet_cx evcal_desc'><span class='evoet_title evcal_desc2 evcal_event_title' itemprop='name'>Rat der Stadt<\/span><span class='event_location_attrs'  data-location_address=\"Schwartzstr. 72, 46045 Oberhausen\" data-location_type=\"lonlat\" data-location_name=\"Rathaus Oberhausen (Ratssaal)\" data-location_url=\"https:\/\/meier-gerdingh.de\/wp-spd-ob\/event-location\/rathaus-oberhausen-ratssaal\/\" data-location_status=\"true\" data-latlng=\"51.474107, 6.860272\"><\/span><span class='evoet_subtitle evo_below_title'><span class='evcal_event_subtitle' >Verabschiedung Haushalt 2027<\/span><\/span><span class='evoet_time_expand level_3'><em class='evcal_time evo_tz_time'><i class='fa fa-clock-o'><\/i>15:00 Uhr<\/em> <\/span><span class='evoet_location level_3'><em class=\"evcal_location\"  data-latlng=\"51.474107, 6.860272\" data-add_str=\"\" data-n=\"Rathaus Oberhausen (Ratssaal)\"><i class=\"fa fa-location-pin\"><\/i><em class=\"event_location_name\">Rathaus Oberhausen (Ratssaal)<\/em><\/em><\/span><span class='evoet_eventtypes level_4 evcal_event_types ett2'><em><i>Veranstalter: <\/i><\/em><em data-filter='event_type' data-v='Rat der Stadt' data-id='965' class='evoetet_val evoet_dataval'>Rat der Stadt,<\/em><em data-filter='event_type' data-v='Stadt Oberhausen' data-id='506' class='evoetet_val evoet_dataval'>Stadt Oberhausen<\/em><\/span><\/span><span class='evoet_data' data-d=\"{&quot;loc.n&quot;:&quot;Rathaus Oberhausen (Ratssaal)&quot;,&quot;orgs&quot;:[],&quot;tags&quot;:[]}\" data-bgc=\"#6e7ebe\" data-bggrad=\"\" ><\/span><\/a><\/p><div class=\"event_description evcal_eventcard evo_rat-der-stadt evo_stadt-oberhausen \" style=\"display:none\"><div class='evocard_row bx2 bx'><div id='event_time' class='evocard_box time' data-c='' \n\t\t\t\t\tstyle=''><div class='evo_metarow_time evorow evcal_evdata_row evcal_evrow_sm '>\n\t\t<span class='evcal_evdata_icons'><i class='fa fa-clock-o'><\/i><\/span>\n\t\t<div class='evcal_evdata_cell'>\t\t\t\t\t\t\t\n\t\t\t<h3 class='evo_h3'><span class='evcal_evdata_icons'><i class='fa fa-clock-o'><\/i><\/span>Datum:<\/h3><p><span class='evo_eventcard_time_t'>14. Dezember 2026 15:00 Uhr<\/span><\/p>\n\t\t<\/div>\n\t<\/div><\/div><div id='event_location' class='evocard_box location' data-c='' \n\t\t\t\t\tstyle=''><div class='evcal_evdata_row evo_metarow_time_location evorow '>\n\t\t\n\t\t\t<span class='evcal_evdata_icons'><i class='fa fa-map-marker'><\/i><\/span>\n\t\t\t<div class='evcal_evdata_cell' data-loc_tax_id='514'><h3 class='evo_h3 evodfx'><span class='evcal_evdata_icons'><i class='fa fa-map-marker'><\/i><\/span>Ort:<\/h3><p class='evo_location_name'>Rathaus Oberhausen (Ratssaal)<\/p><p class='evo_location_address'>Schwartzstr. 72, 46045 Oberhausen<\/p><div class='padt10'><span class='evo_btn_arr evolb_trigger' data-lbvals=\"{&quot;lbc&quot;:&quot;evo_location_lb_514&quot;,&quot;lbac&quot;:&quot;lb_max&quot;,&quot;t&quot;:&quot;Rathaus Oberhausen (Ratssaal)&quot;,&quot;ajax&quot;:&quot;yes&quot;,&quot;ajax_type&quot;:&quot;endpoint&quot;,&quot;ajax_action&quot;:&quot;eventon_get_tax_card_content&quot;,&quot;end&quot;:&quot;client&quot;,&quot;d&quot;:{&quot;lang&quot;:&quot;L1&quot;,&quot;term_id&quot;:514,&quot;tax&quot;:&quot;event_location&quot;,&quot;load_lbcontent&quot;:true}}\" >Andere Ereignisse<i class='fa fa-chevron-right'><\/i><\/span><\/div><\/div>\n\t\t\n\t<\/div><\/div><\/div><div class='evocard_row'><div id='event_addtocal' class='evocard_box addtocal' data-c='' \n\t\t\t\t\tstyle=''><div class='evo_metarow_ICS evorow evcal_evdata_row'>\n\t\t\t\t\t\t\t\t\t<span class='evcal_evdata_icons'><i class='fa fa-calendar-o'><\/i><\/span>\n\t\t\t\t\t\t\t\t\t<div class='evcal_evdata_cell'>\n\t\t\t\t\t\t\t\t\t\t<p><a href='https:\/\/meier-gerdingh.de\/wp-spd-ob\/wp-admin\/admin-ajax.php?action=eventon_ics_download&event_id=13119&ri=0&nonce=be2ac1e3c9' class='evo_ics_nCal' title='Zum Kalender hinzuf\u00fcgen'>Kalender<\/a><a href='\/\/www.google.com\/calendar\/event?action=TEMPLATE&amp;text=Rat+der+Stadt&amp;dates=20261214T150000Z\/20261214T235900Z&amp;ctz=UTC&amp;details=Rat+der+Stadt&amp;location=Rathaus+Oberhausen+%28Ratssaal%29Schwartzstr.+72%2C+46045+Oberhausen' target='_blank' class='evo_ics_gCal' title='Zum Google-Kalender hinzuf\u00fcgen'>Google-Kalender<\/a><\/p>\t\n\t\t\t\t\t\t\t\t\t<\/div>\n\t\t\t\t\t\t\t\t<\/div><\/div><\/div><div class='evocard_row'><div id='event_gmap' class='evocard_box gmap' data-c='' \n\t\t\t\t\tstyle=''><div class='evo_metarow_gmap evcal_evdata_row evorow evcal_gmaps evc17972604006a9cc4c09ef7e13119_gmap ' id='evc17972604006a9cc4c09ef7e13119_gmap' style='max-width:none' data-address=\"Schwartzstr. 72, 46045 Oberhausen\" data-latlng=\"51.474107, 6.860272\" data-location_type=\"\" data-scroll=\"yes\" data-mty=\"roadmap\" data-zoom=\"16\" data-mapIcon=\"\" data-delay=\"400\" data-map_canvas_id=\"evc17972604006a9cc4c09ef7e13119_gmap\" >\n\t\t<span class='evo_map_load_out evoposr evodb evobr15'>\n\t\t<i class='fa fa-map-marker evoposa'><\/i><span class='evo_map_load evoposr evodb'>\t\t\t\t\t\n\t\t\t\t\t<i class='a'><\/i>\n\t\t\t\t\t<i class='b'><\/i>\n\t\t\t\t\t<i class='c'><\/i>\n\t\t\t\t\t<i class='d'><\/i>\n\t\t\t\t\t<i class='e'><\/i>\n\t\t\t\t\t<i class='f'><\/i>\n\t\t\t\t<\/span><\/span><\/div><\/div><\/div><div class='evocard_row'><div id='event_getdirection' class='evocard_box getdirection' data-c='' \n\t\t\t\t\tstyle=''><div class='evo_metarow_getDr evorow evcal_evdata_row evcal_evrow_sm getdirections'>\n\t\t<form action='https:\/\/maps.google.com\/maps' method='get' target='_blank'>\n\t\t\t<input type='hidden' name='daddr' value=\"Schwartzstr. 72, 46045 Oberhausen\"\/> \n\t\t\t<div class='evo_get_direction_content evo_fx_dr_r evogap10'>\n\t\t\t\t<span class='evogetdir_header evodfx evofx_dr_r evofx_ai_c marr10'>\n\t\t\t\t\t<i class='mainicon fa fa-road'><\/i> \n\t\t\t\t\t<h3 class='evo_h3' style='padding-bottom:5px;'>Routenplaner<\/h3>\n\t\t\t\t<\/span>\n\t\t\t\t<span class='evogetdir_field evodfx evofx_1_1 evo_fx_dr_c evow100p'>\t\t\t\t\t\n\t\t\t\t\t<input class='evoInput evotac' type='text' name='saddr' placeholder='Geben Sie Ihre Adresse ein' value='' style='margin:10px 0;'\/>\n\t\t\t\t<\/span>\n\t\t\t\t<button type='submit' class='evo_get_direction_button evo_btn_arr_circ dfx fx_ai_c' title='Hier klicken f\u00fcr Route'><i class='fa fa-chevron-right'><\/i> <\/button>\n\t\t\t<\/div>\n\t\t<\/form>\n\t<\/div><\/div><\/div><div class='evocard_row'><div id='event_evosocial' class='evocard_box evosocial' data-c='' \n\t\t\t\t\tstyle=''><div class='evo_metarow_socialmedia evcal_evdata_row '><div class='evo_sm FacebookShare'><a class=\" evo_ss\" target=\"_blank\" onclick=\"javascript:window.open(this.href, '', 'left=50,top=50,width=600,height=350,toolbar=0');return false;\"\r\n\t\t\t\t\t\thref=\"\/\/www.facebook.com\/sharer.php?u=https%3A%2F%2Fmeier-gerdingh.de%2Fwp-spd-ob%2Ftermine%2Frat-der-stadt-7%2F\" title=\"Auf Facebook teilen\"><i class=\"fa fab fa-facebook\"><\/i><\/a><\/div><div class='evo_sm Twitter'><a class=\"tw evo_ss\" onclick=\"javascript:window.open(this.href, '', 'menubar=no,toolbar=no,resizable=yes,scrollbars=yes,height=300,width=600');return false;\" href=\"\/\/twitter.com\/intent\/tweet?text=Rat der Stadt&#32;-&#32;&url=https%3A%2F%2Fmeier-gerdingh.de%2Fwp-spd-ob%2Ftermine%2Frat-der-stadt-7%2F\" title=\"Auf X teilen\" rel=\"nofollow\" target=\"_blank\" data-url=\"https%3A%2F%2Fmeier-gerdingh.de%2Fwp-spd-ob%2Ftermine%2Frat-der-stadt-7%2F\"><i class=\"fa fab fa-x-twitter\"><\/i><\/a><\/div><div class='evo_sm LinkedIn'><a class=\"li evo_ss\" href=\"\/\/www.linkedin.com\/shareArticle?mini=true&url=https%3A%2F%2Fmeier-gerdingh.de%2Fwp-spd-ob%2Ftermine%2Frat-der-stadt-7%2F&title=Rat%20der%20Stadt&summary=--\" target=\"_blank\" title=\"Auf Linkedin teilen\"><i class=\"fa fab fa-linkedin\"><\/i><\/a><\/div><div class='evo_sm Whatsapp'><a class=\"wa evo_ss\" href=\"https:\/\/api.whatsapp.com\/send?text=https%3A%2F%2Fmeier-gerdingh.de%2Fwp-spd-ob%2Ftermine%2Frat-der-stadt-7%2F\"\r\n\t\t\t\t        data-action=\"share\/whatsapp\/share\" target=\"_blank\" title=\"Auf WhatsApp teilen\"><i class=\"fa fab fa-whatsapp\"><\/i><\/a><\/div><div class='evo_sm EmailShare'><a class=\"em evo_ss\" href=\"mailto:?subject=Rat%20der%20Stadt&body=Event Name: Rat%20der%20Stadt%0AEvent Date: 14. Dezember 2026 15:00%0ALink: https%3A%2F%2Fmeier-gerdingh.de%2Fwp-spd-ob%2Ftermine%2Frat-der-stadt-7%2F%0A\" target=\"_blank\"><i class=\"fa fa-envelope\"><\/i><\/a><\/div><\/div><\/div><\/div><div class='evo_card_row_end evcal_close' title='Schlie\u00dfen'><\/div><\/div><div class='clear end'><\/div><\/div><div id=\"event_13293_0\" class=\"eventon_list_event evo_eventtop scheduled  event clrD no_et event_13293_0\" data-event_id=\"13293\" data-ri=\"0r\" data-time=\"1797415200-1797465540\" data-colr=\"#298a20\" itemscope itemtype='http:\/\/schema.org\/Event'><div class=\"evo_event_schema\" style=\"display:none\" ><a itemprop='url'  href='https:\/\/meier-gerdingh.de\/wp-spd-ob\/termine\/landtag-nrw-plenartag-27\/'><\/a><meta itemprop='image'  \/><meta itemprop='startDate' content=\"2026-12-16T10:00+2:00\" \/><meta itemprop='endDate' content=\"2026-12-16T23:59+2:00\" \/><meta itemprop='eventStatus' content=\"https:\/\/schema.org\/EventScheduled\" \/><item style=\"display:none\" itemprop=\"location\" itemscope itemtype=\"http:\/\/schema.org\/Place\"><span itemprop=\"name\">Landtag von Nordrhein-Westfalen<\/span><span itemprop=\"address\" itemscope itemtype=\"http:\/\/schema.org\/PostalAddress\"><item itemprop=\"streetAddress\">Platz des Landtags 1, 40221 D\u00fcsseldorf<\/item><\/span><\/item><item style=\"display:none\" itemprop=\"eventAttendanceMode\" itemscope itemtype=\"https:\/\/schema.org\/OfflineEventAttendanceMode\"><\/item><script type=\"application\/ld+json\">{\"@context\": \"http:\/\/schema.org\",\"@type\": \"Event\",\n\t\t\t\t\"@id\": \"event_13293_0\",\n\t\t\t\t\"eventAttendanceMode\":\"https:\/\/schema.org\/OfflineEventAttendanceMode\",\n\t\t\t\t\"eventStatus\":\"https:\/\/schema.org\/EventScheduled\",\n\t\t\t\t\"name\": \"Landtag NRW: Plenartag\",\n\t\t\t\t\"url\": \"https:\/\/meier-gerdingh.de\/wp-spd-ob\/termine\/landtag-nrw-plenartag-27\/\",\n\t\t\t\t\"startDate\": \"2026-12-16T10:00+2:00\",\n\t\t\t\t\"endDate\": \"2026-12-16T23:59+2:00\",\n\t\t\t\t\"image\":\"\", \n\t\t\t\t\"description\":\"'Landtag NRW: Plenartag'\",\"location\":[{\"@type\":\"Place\",\"name\":\"Landtag von Nordrhein-Westfalen\",\"address\":{\"@type\": \"PostalAddress\",\"streetAddress\":\"Platz des Landtags 1, 40221 D\u00fcsseldorf\"}}]}<\/script><\/div>\r\n\t\t\t\t<p class=\"desc_trig_outter\" style=\"\"><a data-gmtrig=\"1\" data-exlk=\"0\" style=\"background-color: #298a20;\" id=\"evc_179741520013293\" class=\"desc_trig evo_landtag-nrw sin_val evcal_list_a\" data-ux_val=\"1\" data-ux_val_mob=\"-\"  ><span class='evoet_c2 evoet_cx '><span class='evoet_dayblock evcal_cblock ' data-bgcolor='#298a20' data-smon='Dezember' data-syr='2026' data-bub=''><span class='evo_start '><em class='day'>Mi<\/em><em class='date'>16<\/em><em class='month'>Dez<\/em><em class='time'>10:00<\/em><\/span><\/span><\/span><span class='evoet_c3 evoet_cx evcal_desc'><span class='evoet_title evcal_desc2 evcal_event_title' itemprop='name'>Landtag NRW: Plenartag<\/span><span class='event_location_attrs'  data-location_address=\"Platz des Landtags 1, 40221 D\u00fcsseldorf\" data-location_type=\"lonlat\" data-location_name=\"Landtag von Nordrhein-Westfalen\" data-location_url=\"https:\/\/meier-gerdingh.de\/wp-spd-ob\/event-location\/landtag-von-nordrhein-westfalen\/\" data-location_status=\"true\" data-latlng=\"51.218824,6.763339\"><\/span><span class='evoet_subtitle evo_below_title'><\/span><span class='evoet_time_expand level_3'><em class='evcal_time evo_tz_time'><i class='fa fa-clock-o'><\/i>10:00 Uhr<\/em> <\/span><span class='evoet_location level_3'><em class=\"evcal_location\"  data-latlng=\"51.218824,6.763339\" data-add_str=\"\" data-n=\"Landtag von Nordrhein-Westfalen\"><i class=\"fa fa-location-pin\"><\/i><em class=\"event_location_name\">Landtag von Nordrhein-Westfalen<\/em><\/em><\/span><span class='evoet_eventtypes level_4 evcal_event_types ett1'><em><i>Veranstalter: <\/i><\/em><em data-filter='event_type' data-v='Landtag NRW' data-id='932' class='evoetet_val evoet_dataval'>Landtag NRW<\/em><\/span><\/span><span class='evoet_data' data-d=\"{&quot;loc.n&quot;:&quot;Landtag von Nordrhein-Westfalen&quot;,&quot;orgs&quot;:[],&quot;tags&quot;:[]}\" data-bgc=\"#298a20\" data-bggrad=\"\" ><\/span><\/a><\/p><div class=\"event_description evcal_eventcard evo_landtag-nrw \" style=\"display:none\"><div class='evocard_row bx2 bx'><div id='event_time' class='evocard_box time' data-c='' \n\t\t\t\t\tstyle=''><div class='evo_metarow_time evorow evcal_evdata_row evcal_evrow_sm '>\n\t\t<span class='evcal_evdata_icons'><i class='fa fa-clock-o'><\/i><\/span>\n\t\t<div class='evcal_evdata_cell'>\t\t\t\t\t\t\t\n\t\t\t<h3 class='evo_h3'><span class='evcal_evdata_icons'><i class='fa fa-clock-o'><\/i><\/span>Datum:<\/h3><p><span class='evo_eventcard_time_t'>16. Dezember 2026 10:00 Uhr<\/span><\/p>\n\t\t<\/div>\n\t<\/div><\/div><div id='event_location' class='evocard_box location' data-c='' \n\t\t\t\t\tstyle=''><div class='evcal_evdata_row evo_metarow_time_location evorow '>\n\t\t\n\t\t\t<span class='evcal_evdata_icons'><i class='fa fa-map-marker'><\/i><\/span>\n\t\t\t<div class='evcal_evdata_cell' data-loc_tax_id='931'><h3 class='evo_h3 evodfx'><span class='evcal_evdata_icons'><i class='fa fa-map-marker'><\/i><\/span>Ort:<\/h3><p class='evo_location_name'>Landtag von Nordrhein-Westfalen<\/p><p class='evo_location_address'>Platz des Landtags 1, 40221 D\u00fcsseldorf<\/p><div class='padt10'><span class='evo_btn_arr evolb_trigger' data-lbvals=\"{&quot;lbc&quot;:&quot;evo_location_lb_931&quot;,&quot;lbac&quot;:&quot;lb_max&quot;,&quot;t&quot;:&quot;Landtag von Nordrhein-Westfalen&quot;,&quot;ajax&quot;:&quot;yes&quot;,&quot;ajax_type&quot;:&quot;endpoint&quot;,&quot;ajax_action&quot;:&quot;eventon_get_tax_card_content&quot;,&quot;end&quot;:&quot;client&quot;,&quot;d&quot;:{&quot;lang&quot;:&quot;L1&quot;,&quot;term_id&quot;:931,&quot;tax&quot;:&quot;event_location&quot;,&quot;load_lbcontent&quot;:true}}\" >Andere Ereignisse<i class='fa fa-chevron-right'><\/i><\/span><\/div><\/div>\n\t\t\n\t<\/div><\/div><\/div><div class='evocard_row'><div id='event_addtocal' class='evocard_box addtocal' data-c='' \n\t\t\t\t\tstyle=''><div class='evo_metarow_ICS evorow evcal_evdata_row'>\n\t\t\t\t\t\t\t\t\t<span class='evcal_evdata_icons'><i class='fa fa-calendar-o'><\/i><\/span>\n\t\t\t\t\t\t\t\t\t<div class='evcal_evdata_cell'>\n\t\t\t\t\t\t\t\t\t\t<p><a href='https:\/\/meier-gerdingh.de\/wp-spd-ob\/wp-admin\/admin-ajax.php?action=eventon_ics_download&event_id=13293&ri=0&nonce=be2ac1e3c9' class='evo_ics_nCal' title='Zum Kalender hinzuf\u00fcgen'>Kalender<\/a><a href='\/\/www.google.com\/calendar\/event?action=TEMPLATE&amp;text=Landtag+NRW%3A+Plenartag&amp;dates=20261216T100000Z\/20261216T235900Z&amp;ctz=UTC&amp;details=Landtag+NRW%3A+Plenartag&amp;location=Landtag+von+Nordrhein-WestfalenPlatz+des+Landtags+1%2C+40221+D%C3%BCsseldorf' target='_blank' class='evo_ics_gCal' title='Zum Google-Kalender hinzuf\u00fcgen'>Google-Kalender<\/a><\/p>\t\n\t\t\t\t\t\t\t\t\t<\/div>\n\t\t\t\t\t\t\t\t<\/div><\/div><\/div><div class='evocard_row'><div id='event_gmap' class='evocard_box gmap' data-c='' \n\t\t\t\t\tstyle=''><div class='evo_metarow_gmap evcal_evdata_row evorow evcal_gmaps evc17974152006a9cc4c0a122b13293_gmap place' id='evc17974152006a9cc4c0a122b13293_gmap' style='max-width:none' data-address=\"Platz des Landtags 1, 40221 D\u00fcsseldorf\" data-latlng=\"51.218824,6.763339\" data-location_type=\"place\" data-scroll=\"yes\" data-mty=\"roadmap\" data-zoom=\"16\" data-mapIcon=\"\" data-delay=\"400\" data-map_canvas_id=\"evc17974152006a9cc4c0a122b13293_gmap\" >\n\t\t<span class='evo_map_load_out evoposr evodb evobr15'>\n\t\t<i class='fa fa-map-marker evoposa'><\/i><span class='evo_map_load evoposr evodb'>\t\t\t\t\t\n\t\t\t\t\t<i class='a'><\/i>\n\t\t\t\t\t<i class='b'><\/i>\n\t\t\t\t\t<i class='c'><\/i>\n\t\t\t\t\t<i class='d'><\/i>\n\t\t\t\t\t<i class='e'><\/i>\n\t\t\t\t\t<i class='f'><\/i>\n\t\t\t\t<\/span><\/span><\/div><\/div><\/div><div class='evocard_row'><div id='event_getdirection' class='evocard_box getdirection' data-c='' \n\t\t\t\t\tstyle=''><div class='evo_metarow_getDr evorow evcal_evdata_row evcal_evrow_sm getdirections'>\n\t\t<form action='https:\/\/maps.google.com\/maps' method='get' target='_blank'>\n\t\t\t<input type='hidden' name='daddr' value=\"Platz des Landtags 1, 40221 D\u00fcsseldorf\"\/> \n\t\t\t<div class='evo_get_direction_content evo_fx_dr_r evogap10'>\n\t\t\t\t<span class='evogetdir_header evodfx evofx_dr_r evofx_ai_c marr10'>\n\t\t\t\t\t<i class='mainicon fa fa-road'><\/i> \n\t\t\t\t\t<h3 class='evo_h3' style='padding-bottom:5px;'>Routenplaner<\/h3>\n\t\t\t\t<\/span>\n\t\t\t\t<span class='evogetdir_field evodfx evofx_1_1 evo_fx_dr_c evow100p'>\t\t\t\t\t\n\t\t\t\t\t<input class='evoInput evotac' type='text' name='saddr' placeholder='Geben Sie Ihre Adresse ein' value='' style='margin:10px 0;'\/>\n\t\t\t\t<\/span>\n\t\t\t\t<button type='submit' class='evo_get_direction_button evo_btn_arr_circ dfx fx_ai_c' title='Hier klicken f\u00fcr Route'><i class='fa fa-chevron-right'><\/i> <\/button>\n\t\t\t<\/div>\n\t\t<\/form>\n\t<\/div><\/div><\/div><div class='evocard_row'><div id='event_evosocial' class='evocard_box evosocial' data-c='' \n\t\t\t\t\tstyle=''><div class='evo_metarow_socialmedia evcal_evdata_row '><div class='evo_sm FacebookShare'><a class=\" evo_ss\" target=\"_blank\" onclick=\"javascript:window.open(this.href, '', 'left=50,top=50,width=600,height=350,toolbar=0');return false;\"\r\n\t\t\t\t\t\thref=\"\/\/www.facebook.com\/sharer.php?u=https%3A%2F%2Fmeier-gerdingh.de%2Fwp-spd-ob%2Ftermine%2Flandtag-nrw-plenartag-27%2F\" title=\"Auf Facebook teilen\"><i class=\"fa fab fa-facebook\"><\/i><\/a><\/div><div class='evo_sm Twitter'><a class=\"tw evo_ss\" onclick=\"javascript:window.open(this.href, '', 'menubar=no,toolbar=no,resizable=yes,scrollbars=yes,height=300,width=600');return false;\" href=\"\/\/twitter.com\/intent\/tweet?text=Landtag NRW: Plenartag&#32;-&#32;&url=https%3A%2F%2Fmeier-gerdingh.de%2Fwp-spd-ob%2Ftermine%2Flandtag-nrw-plenartag-27%2F\" title=\"Auf X teilen\" rel=\"nofollow\" target=\"_blank\" data-url=\"https%3A%2F%2Fmeier-gerdingh.de%2Fwp-spd-ob%2Ftermine%2Flandtag-nrw-plenartag-27%2F\"><i class=\"fa fab fa-x-twitter\"><\/i><\/a><\/div><div class='evo_sm LinkedIn'><a class=\"li evo_ss\" href=\"\/\/www.linkedin.com\/shareArticle?mini=true&url=https%3A%2F%2Fmeier-gerdingh.de%2Fwp-spd-ob%2Ftermine%2Flandtag-nrw-plenartag-27%2F&title=Landtag%20NRW%3A%20Plenartag&summary=--\" target=\"_blank\" title=\"Auf Linkedin teilen\"><i class=\"fa fab fa-linkedin\"><\/i><\/a><\/div><div class='evo_sm Whatsapp'><a class=\"wa evo_ss\" href=\"https:\/\/api.whatsapp.com\/send?text=https%3A%2F%2Fmeier-gerdingh.de%2Fwp-spd-ob%2Ftermine%2Flandtag-nrw-plenartag-27%2F\"\r\n\t\t\t\t        data-action=\"share\/whatsapp\/share\" target=\"_blank\" title=\"Auf WhatsApp teilen\"><i class=\"fa fab fa-whatsapp\"><\/i><\/a><\/div><div class='evo_sm EmailShare'><a class=\"em evo_ss\" href=\"mailto:?subject=Landtag%20NRW%3A%20Plenartag&body=Event Name: Landtag%20NRW%3A%20Plenartag%0AEvent Date: 16. Dezember 2026 10:00%0ALink: https%3A%2F%2Fmeier-gerdingh.de%2Fwp-spd-ob%2Ftermine%2Flandtag-nrw-plenartag-27%2F%0A\" target=\"_blank\"><i class=\"fa fa-envelope\"><\/i><\/a><\/div><\/div><\/div><\/div><div class='evo_card_row_end evcal_close' title='Schlie\u00dfen'><\/div><\/div><div class='clear end'><\/div><\/div><div id=\"event_13294_0\" class=\"eventon_list_event evo_eventtop scheduled  event clrD no_et event_13294_0\" data-event_id=\"13294\" data-ri=\"0r\" data-time=\"1797501600-1797551940\" data-colr=\"#298a20\" itemscope itemtype='http:\/\/schema.org\/Event'><div class=\"evo_event_schema\" style=\"display:none\" ><a itemprop='url'  href='https:\/\/meier-gerdingh.de\/wp-spd-ob\/termine\/landtag-nrw-plenartag-28\/'><\/a><meta itemprop='image'  \/><meta itemprop='startDate' content=\"2026-12-17T10:00+2:00\" \/><meta itemprop='endDate' content=\"2026-12-17T23:59+2:00\" \/><meta itemprop='eventStatus' content=\"https:\/\/schema.org\/EventScheduled\" \/><item style=\"display:none\" itemprop=\"location\" itemscope itemtype=\"http:\/\/schema.org\/Place\"><span itemprop=\"name\">Landtag von Nordrhein-Westfalen<\/span><span itemprop=\"address\" itemscope itemtype=\"http:\/\/schema.org\/PostalAddress\"><item itemprop=\"streetAddress\">Platz des Landtags 1, 40221 D\u00fcsseldorf<\/item><\/span><\/item><item style=\"display:none\" itemprop=\"eventAttendanceMode\" itemscope itemtype=\"https:\/\/schema.org\/OfflineEventAttendanceMode\"><\/item><script type=\"application\/ld+json\">{\"@context\": \"http:\/\/schema.org\",\"@type\": \"Event\",\n\t\t\t\t\"@id\": \"event_13294_0\",\n\t\t\t\t\"eventAttendanceMode\":\"https:\/\/schema.org\/OfflineEventAttendanceMode\",\n\t\t\t\t\"eventStatus\":\"https:\/\/schema.org\/EventScheduled\",\n\t\t\t\t\"name\": \"Landtag NRW: Plenartag\",\n\t\t\t\t\"url\": \"https:\/\/meier-gerdingh.de\/wp-spd-ob\/termine\/landtag-nrw-plenartag-28\/\",\n\t\t\t\t\"startDate\": \"2026-12-17T10:00+2:00\",\n\t\t\t\t\"endDate\": \"2026-12-17T23:59+2:00\",\n\t\t\t\t\"image\":\"\", \n\t\t\t\t\"description\":\"'Landtag NRW: Plenartag'\",\"location\":[{\"@type\":\"Place\",\"name\":\"Landtag von Nordrhein-Westfalen\",\"address\":{\"@type\": \"PostalAddress\",\"streetAddress\":\"Platz des Landtags 1, 40221 D\u00fcsseldorf\"}}]}<\/script><\/div>\r\n\t\t\t\t<p class=\"desc_trig_outter\" style=\"\"><a data-gmtrig=\"1\" data-exlk=\"0\" style=\"background-color: #298a20;\" id=\"evc_179750160013294\" class=\"desc_trig evo_landtag-nrw sin_val evcal_list_a\" data-ux_val=\"1\" data-ux_val_mob=\"-\"  ><span class='evoet_c2 evoet_cx '><span class='evoet_dayblock evcal_cblock ' data-bgcolor='#298a20' data-smon='Dezember' data-syr='2026' data-bub=''><span class='evo_start '><em class='day'>Do<\/em><em class='date'>17<\/em><em class='month'>Dez<\/em><em class='time'>10:00<\/em><\/span><\/span><\/span><span class='evoet_c3 evoet_cx evcal_desc'><span class='evoet_title evcal_desc2 evcal_event_title' itemprop='name'>Landtag NRW: Plenartag<\/span><span class='event_location_attrs'  data-location_address=\"Platz des Landtags 1, 40221 D\u00fcsseldorf\" data-location_type=\"lonlat\" data-location_name=\"Landtag von Nordrhein-Westfalen\" data-location_url=\"https:\/\/meier-gerdingh.de\/wp-spd-ob\/event-location\/landtag-von-nordrhein-westfalen\/\" data-location_status=\"true\" data-latlng=\"51.218824,6.763339\"><\/span><span class='evoet_subtitle evo_below_title'><\/span><span class='evoet_time_expand level_3'><em class='evcal_time evo_tz_time'><i class='fa fa-clock-o'><\/i>10:00 Uhr<\/em> <\/span><span class='evoet_location level_3'><em class=\"evcal_location\"  data-latlng=\"51.218824,6.763339\" data-add_str=\"\" data-n=\"Landtag von Nordrhein-Westfalen\"><i class=\"fa fa-location-pin\"><\/i><em class=\"event_location_name\">Landtag von Nordrhein-Westfalen<\/em><\/em><\/span><span class='evoet_eventtypes level_4 evcal_event_types ett1'><em><i>Veranstalter: <\/i><\/em><em data-filter='event_type' data-v='Landtag NRW' data-id='932' class='evoetet_val evoet_dataval'>Landtag NRW<\/em><\/span><\/span><span class='evoet_data' data-d=\"{&quot;loc.n&quot;:&quot;Landtag von Nordrhein-Westfalen&quot;,&quot;orgs&quot;:[],&quot;tags&quot;:[]}\" data-bgc=\"#298a20\" data-bggrad=\"\" ><\/span><\/a><\/p><div class=\"event_description evcal_eventcard evo_landtag-nrw \" style=\"display:none\"><div class='evocard_row bx2 bx'><div id='event_time' class='evocard_box time' data-c='' \n\t\t\t\t\tstyle=''><div class='evo_metarow_time evorow evcal_evdata_row evcal_evrow_sm '>\n\t\t<span class='evcal_evdata_icons'><i class='fa fa-clock-o'><\/i><\/span>\n\t\t<div class='evcal_evdata_cell'>\t\t\t\t\t\t\t\n\t\t\t<h3 class='evo_h3'><span class='evcal_evdata_icons'><i class='fa fa-clock-o'><\/i><\/span>Datum:<\/h3><p><span class='evo_eventcard_time_t'>17. Dezember 2026 10:00 Uhr<\/span><\/p>\n\t\t<\/div>\n\t<\/div><\/div><div id='event_location' class='evocard_box location' data-c='' \n\t\t\t\t\tstyle=''><div class='evcal_evdata_row evo_metarow_time_location evorow '>\n\t\t\n\t\t\t<span class='evcal_evdata_icons'><i class='fa fa-map-marker'><\/i><\/span>\n\t\t\t<div class='evcal_evdata_cell' data-loc_tax_id='931'><h3 class='evo_h3 evodfx'><span class='evcal_evdata_icons'><i class='fa fa-map-marker'><\/i><\/span>Ort:<\/h3><p class='evo_location_name'>Landtag von Nordrhein-Westfalen<\/p><p class='evo_location_address'>Platz des Landtags 1, 40221 D\u00fcsseldorf<\/p><div class='padt10'><span class='evo_btn_arr evolb_trigger' data-lbvals=\"{&quot;lbc&quot;:&quot;evo_location_lb_931&quot;,&quot;lbac&quot;:&quot;lb_max&quot;,&quot;t&quot;:&quot;Landtag von Nordrhein-Westfalen&quot;,&quot;ajax&quot;:&quot;yes&quot;,&quot;ajax_type&quot;:&quot;endpoint&quot;,&quot;ajax_action&quot;:&quot;eventon_get_tax_card_content&quot;,&quot;end&quot;:&quot;client&quot;,&quot;d&quot;:{&quot;lang&quot;:&quot;L1&quot;,&quot;term_id&quot;:931,&quot;tax&quot;:&quot;event_location&quot;,&quot;load_lbcontent&quot;:true}}\" >Andere Ereignisse<i class='fa fa-chevron-right'><\/i><\/span><\/div><\/div>\n\t\t\n\t<\/div><\/div><\/div><div class='evocard_row'><div id='event_addtocal' class='evocard_box addtocal' data-c='' \n\t\t\t\t\tstyle=''><div class='evo_metarow_ICS evorow evcal_evdata_row'>\n\t\t\t\t\t\t\t\t\t<span class='evcal_evdata_icons'><i class='fa fa-calendar-o'><\/i><\/span>\n\t\t\t\t\t\t\t\t\t<div class='evcal_evdata_cell'>\n\t\t\t\t\t\t\t\t\t\t<p><a href='https:\/\/meier-gerdingh.de\/wp-spd-ob\/wp-admin\/admin-ajax.php?action=eventon_ics_download&event_id=13294&ri=0&nonce=be2ac1e3c9' class='evo_ics_nCal' title='Zum Kalender hinzuf\u00fcgen'>Kalender<\/a><a href='\/\/www.google.com\/calendar\/event?action=TEMPLATE&amp;text=Landtag+NRW%3A+Plenartag&amp;dates=20261217T100000Z\/20261217T235900Z&amp;ctz=UTC&amp;details=Landtag+NRW%3A+Plenartag&amp;location=Landtag+von+Nordrhein-WestfalenPlatz+des+Landtags+1%2C+40221+D%C3%BCsseldorf' target='_blank' class='evo_ics_gCal' title='Zum Google-Kalender hinzuf\u00fcgen'>Google-Kalender<\/a><\/p>\t\n\t\t\t\t\t\t\t\t\t<\/div>\n\t\t\t\t\t\t\t\t<\/div><\/div><\/div><div class='evocard_row'><div id='event_gmap' class='evocard_box gmap' data-c='' \n\t\t\t\t\tstyle=''><div class='evo_metarow_gmap evcal_evdata_row evorow evcal_gmaps evc17975016006a9cc4c0a344013294_gmap place' id='evc17975016006a9cc4c0a344013294_gmap' style='max-width:none' data-address=\"Platz des Landtags 1, 40221 D\u00fcsseldorf\" data-latlng=\"51.218824,6.763339\" data-location_type=\"place\" data-scroll=\"yes\" data-mty=\"roadmap\" data-zoom=\"16\" data-mapIcon=\"\" data-delay=\"400\" data-map_canvas_id=\"evc17975016006a9cc4c0a344013294_gmap\" >\n\t\t<span class='evo_map_load_out evoposr evodb evobr15'>\n\t\t<i class='fa fa-map-marker evoposa'><\/i><span class='evo_map_load evoposr evodb'>\t\t\t\t\t\n\t\t\t\t\t<i class='a'><\/i>\n\t\t\t\t\t<i class='b'><\/i>\n\t\t\t\t\t<i class='c'><\/i>\n\t\t\t\t\t<i class='d'><\/i>\n\t\t\t\t\t<i class='e'><\/i>\n\t\t\t\t\t<i class='f'><\/i>\n\t\t\t\t<\/span><\/span><\/div><\/div><\/div><div class='evocard_row'><div id='event_getdirection' class='evocard_box getdirection' data-c='' \n\t\t\t\t\tstyle=''><div class='evo_metarow_getDr evorow evcal_evdata_row evcal_evrow_sm getdirections'>\n\t\t<form action='https:\/\/maps.google.com\/maps' method='get' target='_blank'>\n\t\t\t<input type='hidden' name='daddr' value=\"Platz des Landtags 1, 40221 D\u00fcsseldorf\"\/> \n\t\t\t<div class='evo_get_direction_content evo_fx_dr_r evogap10'>\n\t\t\t\t<span class='evogetdir_header evodfx evofx_dr_r evofx_ai_c marr10'>\n\t\t\t\t\t<i class='mainicon fa fa-road'><\/i> \n\t\t\t\t\t<h3 class='evo_h3' style='padding-bottom:5px;'>Routenplaner<\/h3>\n\t\t\t\t<\/span>\n\t\t\t\t<span class='evogetdir_field evodfx evofx_1_1 evo_fx_dr_c evow100p'>\t\t\t\t\t\n\t\t\t\t\t<input class='evoInput evotac' type='text' name='saddr' placeholder='Geben Sie Ihre Adresse ein' value='' style='margin:10px 0;'\/>\n\t\t\t\t<\/span>\n\t\t\t\t<button type='submit' class='evo_get_direction_button evo_btn_arr_circ dfx fx_ai_c' title='Hier klicken f\u00fcr Route'><i class='fa fa-chevron-right'><\/i> <\/button>\n\t\t\t<\/div>\n\t\t<\/form>\n\t<\/div><\/div><\/div><div class='evocard_row'><div id='event_evosocial' class='evocard_box evosocial' data-c='' \n\t\t\t\t\tstyle=''><div class='evo_metarow_socialmedia evcal_evdata_row '><div class='evo_sm FacebookShare'><a class=\" evo_ss\" target=\"_blank\" onclick=\"javascript:window.open(this.href, '', 'left=50,top=50,width=600,height=350,toolbar=0');return false;\"\r\n\t\t\t\t\t\thref=\"\/\/www.facebook.com\/sharer.php?u=https%3A%2F%2Fmeier-gerdingh.de%2Fwp-spd-ob%2Ftermine%2Flandtag-nrw-plenartag-28%2F\" title=\"Auf Facebook teilen\"><i class=\"fa fab fa-facebook\"><\/i><\/a><\/div><div class='evo_sm Twitter'><a class=\"tw evo_ss\" onclick=\"javascript:window.open(this.href, '', 'menubar=no,toolbar=no,resizable=yes,scrollbars=yes,height=300,width=600');return false;\" href=\"\/\/twitter.com\/intent\/tweet?text=Landtag NRW: Plenartag&#32;-&#32;&url=https%3A%2F%2Fmeier-gerdingh.de%2Fwp-spd-ob%2Ftermine%2Flandtag-nrw-plenartag-28%2F\" title=\"Auf X teilen\" rel=\"nofollow\" target=\"_blank\" data-url=\"https%3A%2F%2Fmeier-gerdingh.de%2Fwp-spd-ob%2Ftermine%2Flandtag-nrw-plenartag-28%2F\"><i class=\"fa fab fa-x-twitter\"><\/i><\/a><\/div><div class='evo_sm LinkedIn'><a class=\"li evo_ss\" href=\"\/\/www.linkedin.com\/shareArticle?mini=true&url=https%3A%2F%2Fmeier-gerdingh.de%2Fwp-spd-ob%2Ftermine%2Flandtag-nrw-plenartag-28%2F&title=Landtag%20NRW%3A%20Plenartag&summary=--\" target=\"_blank\" title=\"Auf Linkedin teilen\"><i class=\"fa fab fa-linkedin\"><\/i><\/a><\/div><div class='evo_sm Whatsapp'><a class=\"wa evo_ss\" href=\"https:\/\/api.whatsapp.com\/send?text=https%3A%2F%2Fmeier-gerdingh.de%2Fwp-spd-ob%2Ftermine%2Flandtag-nrw-plenartag-28%2F\"\r\n\t\t\t\t        data-action=\"share\/whatsapp\/share\" target=\"_blank\" title=\"Auf WhatsApp teilen\"><i class=\"fa fab fa-whatsapp\"><\/i><\/a><\/div><div class='evo_sm EmailShare'><a class=\"em evo_ss\" href=\"mailto:?subject=Landtag%20NRW%3A%20Plenartag&body=Event Name: Landtag%20NRW%3A%20Plenartag%0AEvent Date: 17. Dezember 2026 10:00%0ALink: https%3A%2F%2Fmeier-gerdingh.de%2Fwp-spd-ob%2Ftermine%2Flandtag-nrw-plenartag-28%2F%0A\" target=\"_blank\"><i class=\"fa fa-envelope\"><\/i><\/a><\/div><\/div><\/div><\/div><div class='evo_card_row_end evcal_close' title='Schlie\u00dfen'><\/div><\/div><div class='clear end'><\/div><\/div><\/div>\t\t\t<\/div>\r\n\t\t\t<\/div><!-- evo_events_list_box -->\t\r\n\t\t\t<div class='clear'><\/div>\r\n\t\t\t\t\t \t<div id='evcal_footer' class='evo_bottom' style='display:none'>\r\n\t\t \t\t<div class='evo_cal_data' data-sc=\"{&quot;accord&quot;:&quot;no&quot;,&quot;bottom_nav&quot;:&quot;no&quot;,&quot;cal_id&quot;:&quot;&quot;,&quot;cal_init_nonajax&quot;:&quot;no&quot;,&quot;calendar_type&quot;:&quot;list&quot;,&quot;ep_fields&quot;:&quot;&quot;,&quot;etc_override&quot;:&quot;no&quot;,&quot;evc_open&quot;:&quot;no&quot;,&quot;event_count&quot;:0,&quot;event_location&quot;:&quot;all&quot;,&quot;event_order&quot;:&quot;ASC&quot;,&quot;event_organizer&quot;:&quot;all&quot;,&quot;event_parts&quot;:&quot;no&quot;,&quot;event_past_future&quot;:&quot;future&quot;,&quot;event_status&quot;:&quot;all&quot;,&quot;event_tag&quot;:&quot;all&quot;,&quot;event_type&quot;:&quot;965, 919, 2626, 971, 4712, 641, 932, 918&quot;,&quot;event_type_2&quot;:&quot;all&quot;,&quot;event_type_3&quot;:&quot;all&quot;,&quot;event_type_4&quot;:&quot;all&quot;,&quot;event_type_5&quot;:&quot;all&quot;,&quot;event_virtual&quot;:&quot;all&quot;,&quot;eventtop_date_style&quot;:0,&quot;eventtop_style&quot;:&quot;2&quot;,&quot;exp_jumper&quot;:&quot;no&quot;,&quot;exp_so&quot;:&quot;no&quot;,&quot;filter_relationship&quot;:&quot;AND&quot;,&quot;filter_show_set_only&quot;:&quot;no&quot;,&quot;filter_style&quot;:&quot;default&quot;,&quot;filter_type&quot;:&quot;default&quot;,&quot;filters&quot;:&quot;yes&quot;,&quot;fixed_month&quot;:&quot;9&quot;,&quot;fixed_year&quot;:&quot;2026&quot;,&quot;focus_end_date_range&quot;:&quot;1825027199&quot;,&quot;focus_start_date_range&quot;:&quot;1788220800&quot;,&quot;ft_event_priority&quot;:&quot;no&quot;,&quot;hide_arrows&quot;:&quot;no&quot;,&quot;hide_cancels&quot;:&quot;no&quot;,&quot;hide_empty_months&quot;:&quot;yes&quot;,&quot;hide_end_time&quot;:&quot;no&quot;,&quot;hide_et_dn&quot;:&quot;no&quot;,&quot;hide_et_extra&quot;:&quot;no&quot;,&quot;hide_et_tags&quot;:&quot;no&quot;,&quot;hide_et_tl&quot;:&quot;no&quot;,&quot;hide_ft&quot;:&quot;no&quot;,&quot;hide_ft_img&quot;:&quot;no&quot;,&quot;hide_month_headers&quot;:&quot;no&quot;,&quot;hide_mult_occur&quot;:&quot;no&quot;,&quot;hide_past&quot;:&quot;yes&quot;,&quot;hide_past_by&quot;:&quot;ee&quot;,&quot;hide_so&quot;:&quot;no&quot;,&quot;ics&quot;:&quot;no&quot;,&quot;jumper&quot;:&quot;no&quot;,&quot;jumper_count&quot;:5,&quot;jumper_offset&quot;:&quot;0&quot;,&quot;lang&quot;:&quot;L1&quot;,&quot;layout_changer&quot;:&quot;no&quot;,&quot;livenow_bar&quot;:&quot;yes&quot;,&quot;mapformat&quot;:&quot;roadmap&quot;,&quot;mapiconurl&quot;:&quot;&quot;,&quot;maps_load&quot;:&quot;yes&quot;,&quot;mapscroll&quot;:&quot;true&quot;,&quot;mapzoom&quot;:&quot;16&quot;,&quot;members_only&quot;:&quot;no&quot;,&quot;ml_priority&quot;:&quot;no&quot;,&quot;ml_toend&quot;:&quot;no&quot;,&quot;month_incre&quot;:0,&quot;number_of_months&quot;:&quot;14&quot;,&quot;only_ft&quot;:&quot;no&quot;,&quot;pec&quot;:&quot;&quot;,&quot;s&quot;:&quot;&quot;,&quot;search&quot;:&quot;&quot;,&quot;search_all&quot;:&quot;no&quot;,&quot;sep_month&quot;:&quot;yes&quot;,&quot;show_et_ft_img&quot;:&quot;no&quot;,&quot;show_limit&quot;:&quot;no&quot;,&quot;show_limit_ajax&quot;:&quot;no&quot;,&quot;show_limit_paged&quot;:1,&quot;show_limit_redir&quot;:&quot;&quot;,&quot;show_repeats&quot;:&quot;no&quot;,&quot;show_search&quot;:&quot;no&quot;,&quot;show_upcoming&quot;:0,&quot;show_year&quot;:&quot;yes&quot;,&quot;social_share&quot;:&quot;no&quot;,&quot;sort_by&quot;:&quot;sort_date&quot;,&quot;tile_bg&quot;:0,&quot;tile_bg_size&quot;:&quot;full&quot;,&quot;tile_count&quot;:2,&quot;tile_height&quot;:0,&quot;tile_style&quot;:0,&quot;tiles&quot;:&quot;no&quot;,&quot;ux_val&quot;:&quot;0&quot;,&quot;view_switcher&quot;:&quot;no&quot;,&quot;wpml_l1&quot;:&quot;&quot;,&quot;wpml_l2&quot;:&quot;&quot;,&quot;wpml_l3&quot;:&quot;&quot;,&quot;yl_priority&quot;:&quot;no&quot;,&quot;yl_toend&quot;:&quot;no&quot;,&quot;fixed_day&quot;:&quot;6&quot;,&quot;_cver&quot;:&quot;4.6.6&quot;}\" data-filter_data=\"[]\" data-nav_data=\"{&quot;month_title&quot;:&quot;&lt;p id=&#039;evcal_cur&#039; class=&#039;evo_month_title padr10&#039;&gt; September, 2026&lt;\\\/p&gt;&quot;,&quot;arrows&quot;:&quot;&lt;p class=&#039;evo_arrows&#039;&gt;\\r\\n\\t\\t\\t\\t\\t&lt;span id=&#039;evcal_prev&#039; class=&#039;evcal_arrows evcal_btn_prev evodfx evofx_jc_c evofx_ai_c&#039; &gt;&lt;i class=&#039;fa fa-chevron-left&#039;&gt;&lt;\\\/i&gt;&lt;\\\/span&gt;\\r\\n\\t\\t\\t\\t\\t&lt;span id=&#039;evcal_next&#039; class=&#039;evcal_arrows evo_arrow_next evcal_btn_next evodfx evofx_jc_c evofx_ai_c&#039; &gt;&lt;i class=&#039;fa fa-chevron-right&#039;&gt;&lt;\\\/i&gt;&lt;\\\/span&gt;\\r\\n\\t\\t\\t\\t\\t&lt;\\\/p&gt;&quot;}\" data-od=\"{&quot;lang_no_events&quot;:&quot;Keine Veranstaltungen&quot;,&quot;cal_tz_offset&quot;:0,&quot;cal_tz&quot;:&quot;UTC&quot;}\" ><\/div>\r\n\t\t \t\t<div class='evo_cal_events' data-events=\"\"><\/div>\r\n\t\t \t<\/div>\r\n\t\t\t\t\r\n\t\t\t\r\n\t\t\t\t\t\t<\/div><!-- EventON End -->\r\n\t\t\t<\/div>\n<\/div>\n<div class=\"spd-frak-ob-module-container\">\n<h3 class=\"spd-frak-ob-module-headline\"><span class=\"spd-frak-ob-breaking-point\">Sonja<span class=\"spd-frak-ob-black\"> Bongers<\/span><span class=\"spd-frak-ob-colon-black\">:<\/span><\/span><span class=\"spd-frak-ob-module-pipe\"> | <\/span> <span class=\"spd-frak-ob-black\">Facebook-Feed<\/span><\/h3>\n<div class=\"cff-wrapper\"><div class=\"cff-wrapper-ctn \" ><div id=\"cff\" data-char=\"400\" class=\"cff cff-theme-default_theme  cff-mob-cols-1 cff-tab-cols-1  cff-half-layout cff-timeline-feed cff-pag cff-doing-gdpr cff-all-reviews cff-nojs  cff-lightbox cff-lb\" style=\"width:100%; \" data-fb-text=\"Auf Facebook ansehen\" data-offset=\"\" data-media-side=\"left\" data-own-token=\"true\" data-grid-pag=\"cursor\" data-restricted=\"true\" data-lb-comments=\"true\" data-pag-num=\"5\" data-cff-shortcode=\"{&quot;feed&quot;: &quot;1&quot;}\" data-postid=\"13287\" data-cff-theme=\"default_theme\"  data-cff-flags=\"gdpr\"><svg width=\"24px\" height=\"24px\" version=\"1.1\" xmlns=\"http:\/\/www.w3.org\/2000\/svg\" xmlns:xlink=\"http:\/\/www.w3.org\/1999\/xlink\" class=\"cff-screenreader\" role=\"img\" aria-labelledby=\"metaSVGid metaSVGdesc\"><title id=\"metaSVGid\">Comments Box SVG icons<\/title><desc id=\"metaSVGdesc\">Used for the like, share, comment, and reaction icons<\/desc><defs><linearGradient id=\"angryGrad\" x1=\"0\" x2=\"0\" y1=\"0\" y2=\"1\"><stop offset=\"0%\" stop-color=\"#f9ae9e\" \/><stop offset=\"70%\" stop-color=\"#ffe7a4\" \/><\/linearGradient><linearGradient id=\"likeGrad\"><stop offset=\"25%\" stop-color=\"rgba(0,0,0,0.05)\" \/><stop offset=\"26%\" stop-color=\"rgba(255,255,255,0.7)\" \/><\/linearGradient><linearGradient id=\"likeGradHover\"><stop offset=\"25%\" stop-color=\"#a3caff\" \/><stop offset=\"26%\" stop-color=\"#fff\" \/><\/linearGradient><linearGradient id=\"likeGradDark\"><stop offset=\"25%\" stop-color=\"rgba(255,255,255,0.5)\" \/><stop offset=\"26%\" stop-color=\"rgba(255,255,255,0.7)\" \/><\/linearGradient><\/defs><\/svg>\t\t<div id=\"cff-visual-header-395877977412706\" class=\"cff-visual-header cff-has-name cff-has-about\">\n\t\t\t\t\t<div class=\"cff-header-inner-wrap\">\n\t\t\t\t\t\t\t\t<div class=\"cff-header-text\">\n\n\t\t\t\t\t\t\t\t\t<a href=\"https:\/\/facebook.com\/395877977412706\" target=\"_blank\" rel=\"nofollow noopener\" title=\"\" class=\"cff-header-name\" ><h3 ><\/h3><\/a>\n\t\t\t\t\t\t\t\t\t\t\t\t\n\t\t\t\t\t\t\t\t<\/div>\n\n\t\t\t\t\t\t\t<\/div>\n\t\t\t\t<\/div>\n\t\t<div class=\"cff-error-msg\">\n\t\t\t<div>\n            <svg  aria-hidden=\"true\" focusable=\"false\" data-prefix=\"fas\" data-icon=\"lock\" role=\"img\" xmlns=\"http:\/\/www.w3.org\/2000\/svg\" viewBox=\"0 0 448 512\" class=\"svg-inline--fa fa-lock fa-w-14 \"><path fill=\"currentColor\" d=\"M400 224h-24v-72C376 68.2 307.8 0 224 0S72 68.2 72 152v72H48c-26.5 0-48 21.5-48 48v192c0 26.5 21.5 48 48 48h352c26.5 0 48-21.5 48-48V272c0-26.5-21.5-48-48-48zm-104 0H152v-72c0-39.7 32.3-72 72-72s72 32.3 72 72v72z\"><\/path><\/svg><b>Diese Nachricht ist nur f\u00fcr Administratoren sichtbar.<\/b><br\/>\t\n\t\t\t\tProblem bei der Anzeige von Facebook-Beitr\u00e4gen. Backup-Cache wird verwendet.\t\n\t\t\t\t\t\t\t\t\t<\/div>\n\t\t\t\t\t<div id=\"cff-error-reason\">\n\t\t\t\t\t\t\t\t\t\t\t\t\t<b>Fehler:<\/b> (#200) Provide valid app ID<br\/>\n\t\t\t\t\t\t\t\n\t\t\t\t\t\t\t\t\t\t\t\t\t<b>Typ:<\/b> OAuthException<br\/>\n\t\t\t\t\t\t\t\n\t\t\t\t\t\t\t\n\t\t\t\t\t\t\t\t\n\t\t\t\t\t\t\t\n\t\t\t\t\t\t\t\n\t\t\t\t\t\t\t\t\t\t\t\t\t\t\t\t\t\t\t\t\t\t\t\t<\/div>\n\t\t\t\t\t\t\t\t\n\t\t<\/div>\n\t\t<div class=\"cff-posts-wrap\"><\/div><span class=\"cff_resized_image_data\" data-feedid=\"cff_39587797741270958779774127067mede0000\" data-resized=\"[{&quot;media_id&quot;:&quot;395877977412706_1469397594993130&quot;,&quot;facebook_id&quot;:&quot;395877977412706_1469397594993130&quot;,&quot;aspect_ratio&quot;:&quot;0.00&quot;,&quot;sizes&quot;:&quot;[400,250,700]&quot;},{&quot;media_id&quot;:&quot;395877977412706_1396030268996530&quot;,&quot;facebook_id&quot;:&quot;395877977412706_1396030268996530&quot;,&quot;aspect_ratio&quot;:&quot;0.00&quot;,&quot;sizes&quot;:&quot;[400,250,700]&quot;},{&quot;media_id&quot;:&quot;395877977412706_1386342406631983&quot;,&quot;facebook_id&quot;:&quot;395877977412706_1386342406631983&quot;,&quot;aspect_ratio&quot;:&quot;0.00&quot;,&quot;sizes&quot;:&quot;[400,250,700]&quot;},{&quot;media_id&quot;:&quot;395877977412706_1353722196560671&quot;,&quot;facebook_id&quot;:&quot;395877977412706_1353722196560671&quot;,&quot;aspect_ratio&quot;:&quot;1.00&quot;,&quot;sizes&quot;:&quot;[400,250,700]&quot;},{&quot;media_id&quot;:&quot;395877977412706_1346449960621228&quot;,&quot;facebook_id&quot;:&quot;395877977412706_1346449960621228&quot;,&quot;aspect_ratio&quot;:&quot;0.00&quot;,&quot;sizes&quot;:&quot;[400,250,700]&quot;}]\"><\/span><\/div><\/div><div class=\"cff-clear\"><\/div><\/div><\/div>\n","protected":false},"excerpt":{"rendered":"<p>SPD-Fraktion im Rat der Stadt Oberhausen Sonja Bongers MdL &#8222;Oft ist Politik mit Kompromissen verbunden, das ist nicht immer leicht, aber unter Demokratinnen und Demokraten selbstverst\u00e4ndlich.&#8220; Eigentlich m\u00fcsste f\u00fcr mich&hellip; <\/p>\n","protected":false},"author":1,"featured_media":0,"parent":9314,"menu_order":1,"comment_status":"closed","ping_status":"closed","template":"","meta":{"footnotes":""},"class_list":["post-9209","page","type-page","status-publish","hentry"],"_links":{"self":[{"href":"https:\/\/meier-gerdingh.de\/wp-spd-ob\/wp-json\/wp\/v2\/pages\/9209","targetHints":{"allow":["GET"]}}],"collection":[{"href":"https:\/\/meier-gerdingh.de\/wp-spd-ob\/wp-json\/wp\/v2\/pages"}],"about":[{"href":"https:\/\/meier-gerdingh.de\/wp-spd-ob\/wp-json\/wp\/v2\/types\/page"}],"author":[{"embeddable":true,"href":"https:\/\/meier-gerdingh.de\/wp-spd-ob\/wp-json\/wp\/v2\/users\/1"}],"replies":[{"embeddable":true,"href":"https:\/\/meier-gerdingh.de\/wp-spd-ob\/wp-json\/wp\/v2\/comments?post=9209"}],"version-history":[{"count":0,"href":"https:\/\/meier-gerdingh.de\/wp-spd-ob\/wp-json\/wp\/v2\/pages\/9209\/revisions"}],"up":[{"embeddable":true,"href":"https:\/\/meier-gerdingh.de\/wp-spd-ob\/wp-json\/wp\/v2\/pages\/9314"}],"wp:attachment":[{"href":"https:\/\/meier-gerdingh.de\/wp-spd-ob\/wp-json\/wp\/v2\/media?parent=9209"}],"curies":[{"name":"wp","href":"https:\/\/api.w.org\/{rel}","templated":true}]}}