{"id":9541,"date":"2022-10-30T08:53:29","date_gmt":"2022-10-30T07:53:29","guid":{"rendered":"https:\/\/meier-gerdingh.de\/wp-spd-ob\/?page_id=9541"},"modified":"2026-02-10T14:27:55","modified_gmt":"2026-02-10T13:27:55","slug":"fraktionsvorstand","status":"publish","type":"page","link":"https:\/\/meier-gerdingh.de\/wp-spd-ob\/fraktion\/ueber-uns\/fraktionsvorstand\/","title":{"rendered":"Fraktionsvorstand"},"content":{"rendered":"<div class=\"spd-frak-ob-logo-rem\"><span class=\"spd-frak-ob-logo-spd-rem\">SPD<\/span><span class=\"spd-frak-ob-logo-fraktion-rem\">-Fraktion<\/span><br \/>\n<span class=\"spd-frak-ob-logo-subheadline-rem\">im Rat der Stadt Oberhausen<\/span><\/div>\n<h1 class=\"spd-frak-ob-headline\">Fraktionsvorstand<\/h1>\n<p class=\"spd-frak-ob-p-intro\">F\u00fcr die laufende Gesch\u00e4ftsf\u00fchrung und Koordinierung aller kommunalpolitischen Angelegenheiten w\u00e4hlt die Fraktion zun\u00e4chst f\u00fcr die H\u00e4lfte der Wahlperiode &#8211; danach bis zur Kommunalwahl &#8211; aus ihrer Mitte den Fraktionsvorstand. Er besteht aus dem Fraktionsvorsitzenden, zwei stellvertretenden Vorsitzenden und sechs Beisitzerinnen und Beisitzern.<\/p>\n<div><div id=\"image-map-pro-8051\"><\/div><\/div>\n<div class=\"spd-frak-ob-module-container\">\n<h3 class=\"spd-frak-ob-module-headline\"><span class=\"spd-frak-ob-breaking-point\">SPD<span class=\"spd-frak-ob-black\">-Fraktionsvorstand<\/span><span class=\"spd-frak-ob-colon-black\">:<\/span><\/span><span class=\"spd-frak-ob-module-pipe\"> | <\/span> <span class=\"spd-frak-ob-black\">Termine<\/span><\/h3>\n<!-- EventON Calendar --><div id='evcal_calendar_575' class='list_cal ajde_evcal_calendar sev cev color esty_2 ul ' data-cal=''><div id='evcal_head' class='calendar_header ' ><div class='evo_cal_above evodfx evofx_dr_r marb5 evofx_ww'><span class='cal_head_btn evo-gototoday-btn' style='' data-mo='4' data-yr='2026' data-dy=''>Aktueller Monat<\/span><\/div><div class='evo_cal_above_content'><\/div><div class='evo_header_title '><\/div><\/div><div id='eventon_loadbar_section'><div id='eventon_loadbar'><\/div><\/div><!-- Events List --><div class='evo_events_list_box'><div id='evcal_list' class='eventon_events_list sep_months evcal_list_month'><div class='evcal_month_line' data-d='eml_5_2026' data-su='1777593600'><p>Mai 2026<\/p><\/div><div class='sep_month_events ' data-d='eml_5_2026'><div id=\"event_13161_0\" class=\"eventon_list_event evo_eventtop scheduled  event clrD no_et event_13161_0\" data-event_id=\"13161\" data-ri=\"0r\" data-time=\"1777910400-1777939140\" data-colr=\"#0f2cad\" itemscope itemtype='http:\/\/schema.org\/Event'><div class=\"evo_event_schema\" style=\"display:none\" ><a itemprop='url'  href='https:\/\/meier-gerdingh.de\/wp-spd-ob\/termine\/fraktionsvorstand-2\/'><\/a><meta itemprop='image'  \/><meta itemprop='startDate' content=\"2026-5-4T16:00+2:00\" \/><meta itemprop='endDate' content=\"2026-5-4T23:59+2:00\" \/><meta itemprop='eventStatus' content=\"https:\/\/schema.org\/EventScheduled\" \/><item style=\"display:none\" itemprop=\"location\" itemscope itemtype=\"http:\/\/schema.org\/Place\"><span itemprop=\"name\">Sitzungssaal der SPD-Fraktion (Eingang Raum 370)<\/span><span itemprop=\"address\" itemscope itemtype=\"http:\/\/schema.org\/PostalAddress\"><item itemprop=\"streetAddress\">Rathaus Oberhausen, Schwartzstr. 72, 46045 Oberhausen<\/item><\/span><\/item><item style=\"display:none\" itemprop=\"eventAttendanceMode\" itemscope itemtype=\"https:\/\/schema.org\/OfflineEventAttendanceMode\"><\/item><script type=\"application\/ld+json\">{\"@context\": \"http:\/\/schema.org\",\"@type\": \"Event\",\n\t\t\t\t\"@id\": \"event_13161_0\",\n\t\t\t\t\"eventAttendanceMode\":\"https:\/\/schema.org\/OfflineEventAttendanceMode\",\n\t\t\t\t\"eventStatus\":\"https:\/\/schema.org\/EventScheduled\",\n\t\t\t\t\"name\": \"Fraktionsvorstand\",\n\t\t\t\t\"url\": \"https:\/\/meier-gerdingh.de\/wp-spd-ob\/termine\/fraktionsvorstand-2\/\",\n\t\t\t\t\"startDate\": \"2026-5-4T16:00+2:00\",\n\t\t\t\t\"endDate\": \"2026-5-4T23:59+2:00\",\n\t\t\t\t\"image\":\"\", \n\t\t\t\t\"description\":\"'Fraktionsvorstand'\",\"location\":[{\"@type\":\"Place\",\"name\":\"Sitzungssaal der SPD-Fraktion (Eingang Raum 370)\",\"address\":{\"@type\": \"PostalAddress\",\"streetAddress\":\"Rathaus Oberhausen, Schwartzstr. 72, 46045 Oberhausen\"}}]}<\/script><\/div>\r\n\t\t\t\t<p class=\"desc_trig_outter\" style=\"\"><a data-gmtrig=\"1\" data-exlk=\"0\" style=\"background-color: #0f2cad;\" id=\"evc_177791040013161\" class=\"desc_trig evo_fraktionsvorstand evo_spd-fraktion-oberhausen sin_val evcal_list_a\" data-ux_val=\"1\" data-ux_val_mob=\"-\"  ><span class='evoet_c2 evoet_cx '><span class='evoet_dayblock evcal_cblock ' data-bgcolor='#0f2cad' data-smon='Mai' data-syr='2026' data-bub=''><span class='evo_start '><em class='day'>Mo<\/em><em class='date'>04<\/em><em class='month'>Mai<\/em><em class='time'>16:00<\/em><\/span><\/span><\/span><span class='evoet_c3 evoet_cx evcal_desc'><span class='evoet_title evcal_desc2 evcal_event_title' itemprop='name'>Fraktionsvorstand<\/span><span class='event_location_attrs'  data-location_address=\"Rathaus Oberhausen, Schwartzstr. 72, 46045 Oberhausen\" data-location_type=\"lonlat\" data-location_name=\"Sitzungssaal der SPD-Fraktion (Eingang Raum 370)\" data-location_url=\"https:\/\/meier-gerdingh.de\/wp-spd-ob\/event-location\/sitzungssaal-der-spd-fraktion-eingang-raum-370\/\" data-location_status=\"true\" data-latlng=\"51.473999,6.861205\"><\/span><span class='evoet_subtitle evo_below_title'><\/span><span class='evoet_time_expand level_3'><em class='evcal_time evo_tz_time'><i class='fa fa-clock-o'><\/i>16:00 Uhr<\/em> <\/span><span class='evoet_location level_3'><em class=\"evcal_location\"  data-latlng=\"51.473999,6.861205\" data-add_str=\"\" data-n=\"Sitzungssaal der SPD-Fraktion (Eingang Raum 370)\"><i class=\"fa fa-location-pin\"><\/i><em class=\"event_location_name\">Sitzungssaal der SPD-Fraktion (Eingang Raum 370)<\/em><\/em><\/span><span class='evoet_eventtypes level_4 evcal_event_types ett2'><em><i>Veranstalter: <\/i><\/em><em data-filter='event_type' data-v='Fraktionsvorstand' data-id='918' class='evoetet_val evoet_dataval'>Fraktionsvorstand,<\/em><em data-filter='event_type' data-v='SPD-Fraktion Oberhausen' data-id='510' class='evoetet_val evoet_dataval'>SPD-Fraktion Oberhausen<\/em><\/span><\/span><span class='evoet_data' data-d=\"{&quot;loc.n&quot;:&quot;Sitzungssaal der SPD-Fraktion (Eingang Raum 370)&quot;,&quot;orgs&quot;:[],&quot;tags&quot;:[]}\" data-bgc=\"#0f2cad\" data-bggrad=\"\" ><\/span><\/a><\/p><div class=\"event_description evcal_eventcard evo_fraktionsvorstand evo_spd-fraktion-oberhausen \" style=\"display:none\"><div class='evocard_row bx2 bx'><div id='event_time' class='evocard_box time' data-c='' \n\t\t\t\t\tstyle=''><div class='evo_metarow_time evorow evcal_evdata_row evcal_evrow_sm '>\n\t\t<span class='evcal_evdata_icons'><i class='fa fa-clock-o'><\/i><\/span>\n\t\t<div class='evcal_evdata_cell'>\t\t\t\t\t\t\t\n\t\t\t<h3 class='evo_h3'><span class='evcal_evdata_icons'><i class='fa fa-clock-o'><\/i><\/span>Datum:<\/h3><p><span class='evo_eventcard_time_t'>4. Mai 2026 16:00 Uhr<\/span><\/p>\n\t\t<\/div>\n\t<\/div><\/div><div id='event_location' class='evocard_box location' data-c='' \n\t\t\t\t\tstyle=''><div class='evcal_evdata_row evo_metarow_time_location evorow '>\n\t\t\n\t\t\t<span class='evcal_evdata_icons'><i class='fa fa-map-marker'><\/i><\/span>\n\t\t\t<div class='evcal_evdata_cell' data-loc_tax_id='511'><h3 class='evo_h3 evodfx'><span class='evcal_evdata_icons'><i class='fa fa-map-marker'><\/i><\/span>Ort:<\/h3><p class='evo_location_name'>Sitzungssaal der SPD-Fraktion (Eingang Raum 370)<\/p><p class='evo_location_address'>Rathaus Oberhausen, Schwartzstr. 72, 46045 Oberhausen<\/p><div class='padt10'><span class='evo_btn_arr evolb_trigger' data-lbvals=\"{&quot;lbc&quot;:&quot;evo_location_lb_511&quot;,&quot;lbac&quot;:&quot;lb_max&quot;,&quot;t&quot;:&quot;Sitzungssaal der SPD-Fraktion (Eingang Raum 370)&quot;,&quot;ajax&quot;:&quot;yes&quot;,&quot;ajax_type&quot;:&quot;endpoint&quot;,&quot;ajax_action&quot;:&quot;eventon_get_tax_card_content&quot;,&quot;end&quot;:&quot;client&quot;,&quot;d&quot;:{&quot;lang&quot;:&quot;L1&quot;,&quot;term_id&quot;:511,&quot;tax&quot;:&quot;event_location&quot;,&quot;load_lbcontent&quot;:true}}\" >Andere Ereignisse<i class='fa fa-chevron-right'><\/i><\/span><\/div><\/div>\n\t\t\n\t<\/div><\/div><\/div><div class='evocard_row'><div id='event_addtocal' class='evocard_box addtocal' data-c='' \n\t\t\t\t\tstyle=''><div class='evo_metarow_ICS evorow evcal_evdata_row'>\n\t\t\t\t\t\t\t\t\t<span class='evcal_evdata_icons'><i class='fa fa-calendar-o'><\/i><\/span>\n\t\t\t\t\t\t\t\t\t<div class='evcal_evdata_cell'>\n\t\t\t\t\t\t\t\t\t\t<p><a href='https:\/\/meier-gerdingh.de\/wp-spd-ob\/wp-admin\/admin-ajax.php?action=eventon_ics_download&event_id=13161&ri=0&nonce=9478925ad3' class='evo_ics_nCal' title='Zum Kalender hinzuf\u00fcgen'>Kalender<\/a><a href='\/\/www.google.com\/calendar\/event?action=TEMPLATE&amp;text=Fraktionsvorstand&amp;dates=20260504T160000Z\/20260504T235900Z&amp;ctz=UTC&amp;details=Fraktionsvorstand&amp;location=Sitzungssaal+der+SPD-Fraktion+%28Eingang+Raum+370%29Rathaus+Oberhausen%2C+Schwartzstr.+72%2C+46045+Oberhausen' target='_blank' class='evo_ics_gCal' title='Zum Google-Kalender hinzuf\u00fcgen'>Google-Kalender<\/a><\/p>\t\n\t\t\t\t\t\t\t\t\t<\/div>\n\t\t\t\t\t\t\t\t<\/div><\/div><\/div><div class='evocard_row'><div id='event_gmap' class='evocard_box gmap' data-c='' \n\t\t\t\t\tstyle=''><div class='evo_metarow_gmap evcal_evdata_row evorow evcal_gmaps evc177791040069f0d69c07aa213161_gmap ' id='evc177791040069f0d69c07aa213161_gmap' style='max-width:none' data-address=\"Rathaus Oberhausen, Schwartzstr. 72, 46045 Oberhausen\" data-latlng=\"51.473999,6.861205\" data-location_type=\"\" data-scroll=\"yes\" data-mty=\"roadmap\" data-zoom=\"16\" data-mapIcon=\"\" data-delay=\"400\" data-map_canvas_id=\"evc177791040069f0d69c07aa213161_gmap\" >\n\t\t<span class='evo_map_load_out evoposr evodb evobr15'>\n\t\t<i class='fa fa-map-marker evoposa'><\/i><span class='evo_map_load evoposr evodb'>\t\t\t\t\t\n\t\t\t\t\t<i class='a'><\/i>\n\t\t\t\t\t<i class='b'><\/i>\n\t\t\t\t\t<i class='c'><\/i>\n\t\t\t\t\t<i class='d'><\/i>\n\t\t\t\t\t<i class='e'><\/i>\n\t\t\t\t\t<i class='f'><\/i>\n\t\t\t\t<\/span><\/span><\/div><\/div><\/div><div class='evocard_row'><div id='event_getdirection' class='evocard_box getdirection' data-c='' \n\t\t\t\t\tstyle=''><div class='evo_metarow_getDr evorow evcal_evdata_row evcal_evrow_sm getdirections'>\n\t\t<form action='https:\/\/maps.google.com\/maps' method='get' target='_blank'>\n\t\t\t<input type='hidden' name='daddr' value=\"Rathaus Oberhausen, Schwartzstr. 72, 46045 Oberhausen\"\/> \n\t\t\t<div class='evo_get_direction_content evo_fx_dr_r evogap10'>\n\t\t\t\t<span class='evogetdir_header evodfx evofx_dr_r evofx_ai_c marr10'>\n\t\t\t\t\t<i class='mainicon fa fa-road'><\/i> \n\t\t\t\t\t<h3 class='evo_h3' style='padding-bottom:5px;'>Routenplaner<\/h3>\n\t\t\t\t<\/span>\n\t\t\t\t<span class='evogetdir_field evodfx evofx_1_1 evo_fx_dr_c evow100p'>\t\t\t\t\t\n\t\t\t\t\t<input class='evoInput evotac' type='text' name='saddr' placeholder='Geben Sie Ihre Adresse ein' value='' style='margin:10px 0;'\/>\n\t\t\t\t<\/span>\n\t\t\t\t<button type='submit' class='evo_get_direction_button evo_btn_arr_circ dfx fx_ai_c' title='Hier klicken f\u00fcr Route'><i class='fa fa-chevron-right'><\/i> <\/button>\n\t\t\t<\/div>\n\t\t<\/form>\n\t<\/div><\/div><\/div><div class='evocard_row'><div id='event_evosocial' class='evocard_box evosocial' data-c='' \n\t\t\t\t\tstyle=''><div class='evo_metarow_socialmedia evcal_evdata_row '><div class='evo_sm FacebookShare'><a class=\" evo_ss\" target=\"_blank\" onclick=\"javascript:window.open(this.href, '', 'left=50,top=50,width=600,height=350,toolbar=0');return false;\"\r\n\t\t\t\t\t\thref=\"\/\/www.facebook.com\/sharer.php?u=https%3A%2F%2Fmeier-gerdingh.de%2Fwp-spd-ob%2Ftermine%2Ffraktionsvorstand-2%2F\" title=\"Auf Facebook teilen\"><i class=\"fa fab fa-facebook\"><\/i><\/a><\/div><div class='evo_sm Twitter'><a class=\"tw evo_ss\" onclick=\"javascript:window.open(this.href, '', 'menubar=no,toolbar=no,resizable=yes,scrollbars=yes,height=300,width=600');return false;\" href=\"\/\/twitter.com\/intent\/tweet?text=Fraktionsvorstand&#32;-&#32;&url=https%3A%2F%2Fmeier-gerdingh.de%2Fwp-spd-ob%2Ftermine%2Ffraktionsvorstand-2%2F\" title=\"Auf X teilen\" rel=\"nofollow\" target=\"_blank\" data-url=\"https%3A%2F%2Fmeier-gerdingh.de%2Fwp-spd-ob%2Ftermine%2Ffraktionsvorstand-2%2F\"><i class=\"fa fab fa-x-twitter\"><\/i><\/a><\/div><div class='evo_sm LinkedIn'><a class=\"li evo_ss\" href=\"\/\/www.linkedin.com\/shareArticle?mini=true&url=https%3A%2F%2Fmeier-gerdingh.de%2Fwp-spd-ob%2Ftermine%2Ffraktionsvorstand-2%2F&title=Fraktionsvorstand&summary=--\" target=\"_blank\" title=\"Auf Linkedin teilen\"><i class=\"fa fab fa-linkedin\"><\/i><\/a><\/div><div class='evo_sm Whatsapp'><a class=\"wa evo_ss\" href=\"https:\/\/api.whatsapp.com\/send?text=https%3A%2F%2Fmeier-gerdingh.de%2Fwp-spd-ob%2Ftermine%2Ffraktionsvorstand-2%2F\"\r\n\t\t\t\t        data-action=\"share\/whatsapp\/share\" target=\"_blank\" title=\"Auf WhatsApp teilen\"><i class=\"fa fab fa-whatsapp\"><\/i><\/a><\/div><div class='evo_sm EmailShare'><a class=\"em evo_ss\" href=\"mailto:?subject=Fraktionsvorstand&body=Event Name: Fraktionsvorstand%0AEvent Date: 4. Mai 2026 16:00%0ALink: https%3A%2F%2Fmeier-gerdingh.de%2Fwp-spd-ob%2Ftermine%2Ffraktionsvorstand-2%2F%0A\" target=\"_blank\"><i class=\"fa fa-envelope\"><\/i><\/a><\/div><\/div><\/div><\/div><div class='evo_card_row_end evcal_close' title='Schlie\u00dfen'><\/div><\/div><div class='clear end'><\/div><\/div><\/div><div class='evcal_month_line' data-d='eml_6_2026' data-su='1780272000'><p>Juni 2026<\/p><\/div><div class='sep_month_events ' data-d='eml_6_2026'><div id=\"event_13162_0\" class=\"eventon_list_event evo_eventtop scheduled  event clrD no_et event_13162_0\" data-event_id=\"13162\" data-ri=\"0r\" data-time=\"1782748800-1782777540\" data-colr=\"#0f2cad\" itemscope itemtype='http:\/\/schema.org\/Event'><div class=\"evo_event_schema\" style=\"display:none\" ><a itemprop='url'  href='https:\/\/meier-gerdingh.de\/wp-spd-ob\/termine\/fraktionsvorstand-3\/'><\/a><meta itemprop='image'  \/><meta itemprop='startDate' content=\"2026-6-29T16:00+2:00\" \/><meta itemprop='endDate' content=\"2026-6-29T23:59+2:00\" \/><meta itemprop='eventStatus' content=\"https:\/\/schema.org\/EventScheduled\" \/><item style=\"display:none\" itemprop=\"location\" itemscope itemtype=\"http:\/\/schema.org\/Place\"><span itemprop=\"name\">Sitzungssaal der SPD-Fraktion (Eingang Raum 370)<\/span><span itemprop=\"address\" itemscope itemtype=\"http:\/\/schema.org\/PostalAddress\"><item itemprop=\"streetAddress\">Rathaus Oberhausen, Schwartzstr. 72, 46045 Oberhausen<\/item><\/span><\/item><item style=\"display:none\" itemprop=\"eventAttendanceMode\" itemscope itemtype=\"https:\/\/schema.org\/OfflineEventAttendanceMode\"><\/item><script type=\"application\/ld+json\">{\"@context\": \"http:\/\/schema.org\",\"@type\": \"Event\",\n\t\t\t\t\"@id\": \"event_13162_0\",\n\t\t\t\t\"eventAttendanceMode\":\"https:\/\/schema.org\/OfflineEventAttendanceMode\",\n\t\t\t\t\"eventStatus\":\"https:\/\/schema.org\/EventScheduled\",\n\t\t\t\t\"name\": \"Fraktionsvorstand\",\n\t\t\t\t\"url\": \"https:\/\/meier-gerdingh.de\/wp-spd-ob\/termine\/fraktionsvorstand-3\/\",\n\t\t\t\t\"startDate\": \"2026-6-29T16:00+2:00\",\n\t\t\t\t\"endDate\": \"2026-6-29T23:59+2:00\",\n\t\t\t\t\"image\":\"\", \n\t\t\t\t\"description\":\"'Fraktionsvorstand'\",\"location\":[{\"@type\":\"Place\",\"name\":\"Sitzungssaal der SPD-Fraktion (Eingang Raum 370)\",\"address\":{\"@type\": \"PostalAddress\",\"streetAddress\":\"Rathaus Oberhausen, Schwartzstr. 72, 46045 Oberhausen\"}}]}<\/script><\/div>\r\n\t\t\t\t<p class=\"desc_trig_outter\" style=\"\"><a data-gmtrig=\"1\" data-exlk=\"0\" style=\"background-color: #0f2cad;\" id=\"evc_178274880013162\" class=\"desc_trig evo_fraktionsvorstand evo_spd-fraktion-oberhausen sin_val evcal_list_a\" data-ux_val=\"1\" data-ux_val_mob=\"-\"  ><span class='evoet_c2 evoet_cx '><span class='evoet_dayblock evcal_cblock ' data-bgcolor='#0f2cad' data-smon='Juni' data-syr='2026' data-bub=''><span class='evo_start '><em class='day'>Mo<\/em><em class='date'>29<\/em><em class='month'>Jun<\/em><em class='time'>16:00<\/em><\/span><\/span><\/span><span class='evoet_c3 evoet_cx evcal_desc'><span class='evoet_title evcal_desc2 evcal_event_title' itemprop='name'>Fraktionsvorstand<\/span><span class='event_location_attrs'  data-location_address=\"Rathaus Oberhausen, Schwartzstr. 72, 46045 Oberhausen\" data-location_type=\"lonlat\" data-location_name=\"Sitzungssaal der SPD-Fraktion (Eingang Raum 370)\" data-location_url=\"https:\/\/meier-gerdingh.de\/wp-spd-ob\/event-location\/sitzungssaal-der-spd-fraktion-eingang-raum-370\/\" data-location_status=\"true\" data-latlng=\"51.473999,6.861205\"><\/span><span class='evoet_subtitle evo_below_title'><\/span><span class='evoet_time_expand level_3'><em class='evcal_time evo_tz_time'><i class='fa fa-clock-o'><\/i>16:00 Uhr<\/em> <\/span><span class='evoet_location level_3'><em class=\"evcal_location\"  data-latlng=\"51.473999,6.861205\" data-add_str=\"\" data-n=\"Sitzungssaal der SPD-Fraktion (Eingang Raum 370)\"><i class=\"fa fa-location-pin\"><\/i><em class=\"event_location_name\">Sitzungssaal der SPD-Fraktion (Eingang Raum 370)<\/em><\/em><\/span><span class='evoet_eventtypes level_4 evcal_event_types ett2'><em><i>Veranstalter: <\/i><\/em><em data-filter='event_type' data-v='Fraktionsvorstand' data-id='918' class='evoetet_val evoet_dataval'>Fraktionsvorstand,<\/em><em data-filter='event_type' data-v='SPD-Fraktion Oberhausen' data-id='510' class='evoetet_val evoet_dataval'>SPD-Fraktion Oberhausen<\/em><\/span><\/span><span class='evoet_data' data-d=\"{&quot;loc.n&quot;:&quot;Sitzungssaal der SPD-Fraktion (Eingang Raum 370)&quot;,&quot;orgs&quot;:[],&quot;tags&quot;:[]}\" data-bgc=\"#0f2cad\" data-bggrad=\"\" ><\/span><\/a><\/p><div class=\"event_description evcal_eventcard evo_fraktionsvorstand evo_spd-fraktion-oberhausen \" style=\"display:none\"><div class='evocard_row bx2 bx'><div id='event_time' class='evocard_box time' data-c='' \n\t\t\t\t\tstyle=''><div class='evo_metarow_time evorow evcal_evdata_row evcal_evrow_sm '>\n\t\t<span class='evcal_evdata_icons'><i class='fa fa-clock-o'><\/i><\/span>\n\t\t<div class='evcal_evdata_cell'>\t\t\t\t\t\t\t\n\t\t\t<h3 class='evo_h3'><span class='evcal_evdata_icons'><i class='fa fa-clock-o'><\/i><\/span>Datum:<\/h3><p><span class='evo_eventcard_time_t'>29. Juni 2026 16:00 Uhr<\/span><\/p>\n\t\t<\/div>\n\t<\/div><\/div><div id='event_location' class='evocard_box location' data-c='' \n\t\t\t\t\tstyle=''><div class='evcal_evdata_row evo_metarow_time_location evorow '>\n\t\t\n\t\t\t<span class='evcal_evdata_icons'><i class='fa fa-map-marker'><\/i><\/span>\n\t\t\t<div class='evcal_evdata_cell' data-loc_tax_id='511'><h3 class='evo_h3 evodfx'><span class='evcal_evdata_icons'><i class='fa fa-map-marker'><\/i><\/span>Ort:<\/h3><p class='evo_location_name'>Sitzungssaal der SPD-Fraktion (Eingang Raum 370)<\/p><p class='evo_location_address'>Rathaus Oberhausen, Schwartzstr. 72, 46045 Oberhausen<\/p><div class='padt10'><span class='evo_btn_arr evolb_trigger' data-lbvals=\"{&quot;lbc&quot;:&quot;evo_location_lb_511&quot;,&quot;lbac&quot;:&quot;lb_max&quot;,&quot;t&quot;:&quot;Sitzungssaal der SPD-Fraktion (Eingang Raum 370)&quot;,&quot;ajax&quot;:&quot;yes&quot;,&quot;ajax_type&quot;:&quot;endpoint&quot;,&quot;ajax_action&quot;:&quot;eventon_get_tax_card_content&quot;,&quot;end&quot;:&quot;client&quot;,&quot;d&quot;:{&quot;lang&quot;:&quot;L1&quot;,&quot;term_id&quot;:511,&quot;tax&quot;:&quot;event_location&quot;,&quot;load_lbcontent&quot;:true}}\" >Andere Ereignisse<i class='fa fa-chevron-right'><\/i><\/span><\/div><\/div>\n\t\t\n\t<\/div><\/div><\/div><div class='evocard_row'><div id='event_addtocal' class='evocard_box addtocal' data-c='' \n\t\t\t\t\tstyle=''><div class='evo_metarow_ICS evorow evcal_evdata_row'>\n\t\t\t\t\t\t\t\t\t<span class='evcal_evdata_icons'><i class='fa fa-calendar-o'><\/i><\/span>\n\t\t\t\t\t\t\t\t\t<div class='evcal_evdata_cell'>\n\t\t\t\t\t\t\t\t\t\t<p><a href='https:\/\/meier-gerdingh.de\/wp-spd-ob\/wp-admin\/admin-ajax.php?action=eventon_ics_download&event_id=13162&ri=0&nonce=9478925ad3' class='evo_ics_nCal' title='Zum Kalender hinzuf\u00fcgen'>Kalender<\/a><a href='\/\/www.google.com\/calendar\/event?action=TEMPLATE&amp;text=Fraktionsvorstand&amp;dates=20260629T160000Z\/20260629T235900Z&amp;ctz=UTC&amp;details=Fraktionsvorstand&amp;location=Sitzungssaal+der+SPD-Fraktion+%28Eingang+Raum+370%29Rathaus+Oberhausen%2C+Schwartzstr.+72%2C+46045+Oberhausen' target='_blank' class='evo_ics_gCal' title='Zum Google-Kalender hinzuf\u00fcgen'>Google-Kalender<\/a><\/p>\t\n\t\t\t\t\t\t\t\t\t<\/div>\n\t\t\t\t\t\t\t\t<\/div><\/div><\/div><div class='evocard_row'><div id='event_gmap' class='evocard_box gmap' data-c='' \n\t\t\t\t\tstyle=''><div class='evo_metarow_gmap evcal_evdata_row evorow evcal_gmaps evc178274880069f0d69c0e3ad13162_gmap ' id='evc178274880069f0d69c0e3ad13162_gmap' style='max-width:none' data-address=\"Rathaus Oberhausen, Schwartzstr. 72, 46045 Oberhausen\" data-latlng=\"51.473999,6.861205\" data-location_type=\"\" data-scroll=\"yes\" data-mty=\"roadmap\" data-zoom=\"16\" data-mapIcon=\"\" data-delay=\"400\" data-map_canvas_id=\"evc178274880069f0d69c0e3ad13162_gmap\" >\n\t\t<span class='evo_map_load_out evoposr evodb evobr15'>\n\t\t<i class='fa fa-map-marker evoposa'><\/i><span class='evo_map_load evoposr evodb'>\t\t\t\t\t\n\t\t\t\t\t<i class='a'><\/i>\n\t\t\t\t\t<i class='b'><\/i>\n\t\t\t\t\t<i class='c'><\/i>\n\t\t\t\t\t<i class='d'><\/i>\n\t\t\t\t\t<i class='e'><\/i>\n\t\t\t\t\t<i class='f'><\/i>\n\t\t\t\t<\/span><\/span><\/div><\/div><\/div><div class='evocard_row'><div id='event_getdirection' class='evocard_box getdirection' data-c='' \n\t\t\t\t\tstyle=''><div class='evo_metarow_getDr evorow evcal_evdata_row evcal_evrow_sm getdirections'>\n\t\t<form action='https:\/\/maps.google.com\/maps' method='get' target='_blank'>\n\t\t\t<input type='hidden' name='daddr' value=\"Rathaus Oberhausen, Schwartzstr. 72, 46045 Oberhausen\"\/> \n\t\t\t<div class='evo_get_direction_content evo_fx_dr_r evogap10'>\n\t\t\t\t<span class='evogetdir_header evodfx evofx_dr_r evofx_ai_c marr10'>\n\t\t\t\t\t<i class='mainicon fa fa-road'><\/i> \n\t\t\t\t\t<h3 class='evo_h3' style='padding-bottom:5px;'>Routenplaner<\/h3>\n\t\t\t\t<\/span>\n\t\t\t\t<span class='evogetdir_field evodfx evofx_1_1 evo_fx_dr_c evow100p'>\t\t\t\t\t\n\t\t\t\t\t<input class='evoInput evotac' type='text' name='saddr' placeholder='Geben Sie Ihre Adresse ein' value='' style='margin:10px 0;'\/>\n\t\t\t\t<\/span>\n\t\t\t\t<button type='submit' class='evo_get_direction_button evo_btn_arr_circ dfx fx_ai_c' title='Hier klicken f\u00fcr Route'><i class='fa fa-chevron-right'><\/i> <\/button>\n\t\t\t<\/div>\n\t\t<\/form>\n\t<\/div><\/div><\/div><div class='evocard_row'><div id='event_evosocial' class='evocard_box evosocial' data-c='' \n\t\t\t\t\tstyle=''><div class='evo_metarow_socialmedia evcal_evdata_row '><div class='evo_sm FacebookShare'><a class=\" evo_ss\" target=\"_blank\" onclick=\"javascript:window.open(this.href, '', 'left=50,top=50,width=600,height=350,toolbar=0');return false;\"\r\n\t\t\t\t\t\thref=\"\/\/www.facebook.com\/sharer.php?u=https%3A%2F%2Fmeier-gerdingh.de%2Fwp-spd-ob%2Ftermine%2Ffraktionsvorstand-3%2F\" title=\"Auf Facebook teilen\"><i class=\"fa fab fa-facebook\"><\/i><\/a><\/div><div class='evo_sm Twitter'><a class=\"tw evo_ss\" onclick=\"javascript:window.open(this.href, '', 'menubar=no,toolbar=no,resizable=yes,scrollbars=yes,height=300,width=600');return false;\" href=\"\/\/twitter.com\/intent\/tweet?text=Fraktionsvorstand&#32;-&#32;&url=https%3A%2F%2Fmeier-gerdingh.de%2Fwp-spd-ob%2Ftermine%2Ffraktionsvorstand-3%2F\" title=\"Auf X teilen\" rel=\"nofollow\" target=\"_blank\" data-url=\"https%3A%2F%2Fmeier-gerdingh.de%2Fwp-spd-ob%2Ftermine%2Ffraktionsvorstand-3%2F\"><i class=\"fa fab fa-x-twitter\"><\/i><\/a><\/div><div class='evo_sm LinkedIn'><a class=\"li evo_ss\" href=\"\/\/www.linkedin.com\/shareArticle?mini=true&url=https%3A%2F%2Fmeier-gerdingh.de%2Fwp-spd-ob%2Ftermine%2Ffraktionsvorstand-3%2F&title=Fraktionsvorstand&summary=--\" target=\"_blank\" title=\"Auf Linkedin teilen\"><i class=\"fa fab fa-linkedin\"><\/i><\/a><\/div><div class='evo_sm Whatsapp'><a class=\"wa evo_ss\" href=\"https:\/\/api.whatsapp.com\/send?text=https%3A%2F%2Fmeier-gerdingh.de%2Fwp-spd-ob%2Ftermine%2Ffraktionsvorstand-3%2F\"\r\n\t\t\t\t        data-action=\"share\/whatsapp\/share\" target=\"_blank\" title=\"Auf WhatsApp teilen\"><i class=\"fa fab fa-whatsapp\"><\/i><\/a><\/div><div class='evo_sm EmailShare'><a class=\"em evo_ss\" href=\"mailto:?subject=Fraktionsvorstand&body=Event Name: Fraktionsvorstand%0AEvent Date: 29. Juni 2026 16:00%0ALink: https%3A%2F%2Fmeier-gerdingh.de%2Fwp-spd-ob%2Ftermine%2Ffraktionsvorstand-3%2F%0A\" target=\"_blank\"><i class=\"fa fa-envelope\"><\/i><\/a><\/div><\/div><\/div><\/div><div class='evo_card_row_end evcal_close' title='Schlie\u00dfen'><\/div><\/div><div class='clear end'><\/div><\/div><\/div><div class='evcal_month_line' data-d='eml_9_2026' data-su='1788220800'><p>September 2026<\/p><\/div><div class='sep_month_events ' data-d='eml_9_2026'><div id=\"event_13163_0\" class=\"eventon_list_event evo_eventtop scheduled  event clrD no_et event_13163_0\" data-event_id=\"13163\" data-ri=\"0r\" data-time=\"1789401600-1789430340\" data-colr=\"#0f2cad\" itemscope itemtype='http:\/\/schema.org\/Event'><div class=\"evo_event_schema\" style=\"display:none\" ><a itemprop='url'  href='https:\/\/meier-gerdingh.de\/wp-spd-ob\/termine\/fraktionsvorstand-4\/'><\/a><meta itemprop='image'  \/><meta itemprop='startDate' content=\"2026-9-14T16:00+2:00\" \/><meta itemprop='endDate' content=\"2026-9-14T23:59+2:00\" \/><meta itemprop='eventStatus' content=\"https:\/\/schema.org\/EventScheduled\" \/><item style=\"display:none\" itemprop=\"location\" itemscope itemtype=\"http:\/\/schema.org\/Place\"><span itemprop=\"name\">Sitzungssaal der SPD-Fraktion (Eingang Raum 370)<\/span><span itemprop=\"address\" itemscope itemtype=\"http:\/\/schema.org\/PostalAddress\"><item itemprop=\"streetAddress\">Rathaus Oberhausen, Schwartzstr. 72, 46045 Oberhausen<\/item><\/span><\/item><item style=\"display:none\" itemprop=\"eventAttendanceMode\" itemscope itemtype=\"https:\/\/schema.org\/OfflineEventAttendanceMode\"><\/item><script type=\"application\/ld+json\">{\"@context\": \"http:\/\/schema.org\",\"@type\": \"Event\",\n\t\t\t\t\"@id\": \"event_13163_0\",\n\t\t\t\t\"eventAttendanceMode\":\"https:\/\/schema.org\/OfflineEventAttendanceMode\",\n\t\t\t\t\"eventStatus\":\"https:\/\/schema.org\/EventScheduled\",\n\t\t\t\t\"name\": \"Fraktionsvorstand\",\n\t\t\t\t\"url\": \"https:\/\/meier-gerdingh.de\/wp-spd-ob\/termine\/fraktionsvorstand-4\/\",\n\t\t\t\t\"startDate\": \"2026-9-14T16:00+2:00\",\n\t\t\t\t\"endDate\": \"2026-9-14T23:59+2:00\",\n\t\t\t\t\"image\":\"\", \n\t\t\t\t\"description\":\"'Fraktionsvorstand'\",\"location\":[{\"@type\":\"Place\",\"name\":\"Sitzungssaal der SPD-Fraktion (Eingang Raum 370)\",\"address\":{\"@type\": \"PostalAddress\",\"streetAddress\":\"Rathaus Oberhausen, Schwartzstr. 72, 46045 Oberhausen\"}}]}<\/script><\/div>\r\n\t\t\t\t<p class=\"desc_trig_outter\" style=\"\"><a data-gmtrig=\"1\" data-exlk=\"0\" style=\"background-color: #0f2cad;\" id=\"evc_178940160013163\" class=\"desc_trig evo_fraktionsvorstand evo_spd-fraktion-oberhausen sin_val evcal_list_a\" data-ux_val=\"1\" data-ux_val_mob=\"-\"  ><span class='evoet_c2 evoet_cx '><span class='evoet_dayblock evcal_cblock ' data-bgcolor='#0f2cad' data-smon='September' data-syr='2026' data-bub=''><span class='evo_start '><em class='day'>Mo<\/em><em class='date'>14<\/em><em class='month'>Sep<\/em><em class='time'>16:00<\/em><\/span><\/span><\/span><span class='evoet_c3 evoet_cx evcal_desc'><span class='evoet_title evcal_desc2 evcal_event_title' itemprop='name'>Fraktionsvorstand<\/span><span class='event_location_attrs'  data-location_address=\"Rathaus Oberhausen, Schwartzstr. 72, 46045 Oberhausen\" data-location_type=\"lonlat\" data-location_name=\"Sitzungssaal der SPD-Fraktion (Eingang Raum 370)\" data-location_url=\"https:\/\/meier-gerdingh.de\/wp-spd-ob\/event-location\/sitzungssaal-der-spd-fraktion-eingang-raum-370\/\" data-location_status=\"true\" data-latlng=\"51.473999,6.861205\"><\/span><span class='evoet_subtitle evo_below_title'><\/span><span class='evoet_time_expand level_3'><em class='evcal_time evo_tz_time'><i class='fa fa-clock-o'><\/i>16:00 Uhr<\/em> <\/span><span class='evoet_location level_3'><em class=\"evcal_location\"  data-latlng=\"51.473999,6.861205\" data-add_str=\"\" data-n=\"Sitzungssaal der SPD-Fraktion (Eingang Raum 370)\"><i class=\"fa fa-location-pin\"><\/i><em class=\"event_location_name\">Sitzungssaal der SPD-Fraktion (Eingang Raum 370)<\/em><\/em><\/span><span class='evoet_eventtypes level_4 evcal_event_types ett2'><em><i>Veranstalter: <\/i><\/em><em data-filter='event_type' data-v='Fraktionsvorstand' data-id='918' class='evoetet_val evoet_dataval'>Fraktionsvorstand,<\/em><em data-filter='event_type' data-v='SPD-Fraktion Oberhausen' data-id='510' class='evoetet_val evoet_dataval'>SPD-Fraktion Oberhausen<\/em><\/span><\/span><span class='evoet_data' data-d=\"{&quot;loc.n&quot;:&quot;Sitzungssaal der SPD-Fraktion (Eingang Raum 370)&quot;,&quot;orgs&quot;:[],&quot;tags&quot;:[]}\" data-bgc=\"#0f2cad\" data-bggrad=\"\" ><\/span><\/a><\/p><div class=\"event_description evcal_eventcard evo_fraktionsvorstand evo_spd-fraktion-oberhausen \" style=\"display:none\"><div class='evocard_row bx2 bx'><div id='event_time' class='evocard_box time' data-c='' \n\t\t\t\t\tstyle=''><div class='evo_metarow_time evorow evcal_evdata_row evcal_evrow_sm '>\n\t\t<span class='evcal_evdata_icons'><i class='fa fa-clock-o'><\/i><\/span>\n\t\t<div class='evcal_evdata_cell'>\t\t\t\t\t\t\t\n\t\t\t<h3 class='evo_h3'><span class='evcal_evdata_icons'><i class='fa fa-clock-o'><\/i><\/span>Datum:<\/h3><p><span class='evo_eventcard_time_t'>14. September 2026 16:00 Uhr<\/span><\/p>\n\t\t<\/div>\n\t<\/div><\/div><div id='event_location' class='evocard_box location' data-c='' \n\t\t\t\t\tstyle=''><div class='evcal_evdata_row evo_metarow_time_location evorow '>\n\t\t\n\t\t\t<span class='evcal_evdata_icons'><i class='fa fa-map-marker'><\/i><\/span>\n\t\t\t<div class='evcal_evdata_cell' data-loc_tax_id='511'><h3 class='evo_h3 evodfx'><span class='evcal_evdata_icons'><i class='fa fa-map-marker'><\/i><\/span>Ort:<\/h3><p class='evo_location_name'>Sitzungssaal der SPD-Fraktion (Eingang Raum 370)<\/p><p class='evo_location_address'>Rathaus Oberhausen, Schwartzstr. 72, 46045 Oberhausen<\/p><div class='padt10'><span class='evo_btn_arr evolb_trigger' data-lbvals=\"{&quot;lbc&quot;:&quot;evo_location_lb_511&quot;,&quot;lbac&quot;:&quot;lb_max&quot;,&quot;t&quot;:&quot;Sitzungssaal der SPD-Fraktion (Eingang Raum 370)&quot;,&quot;ajax&quot;:&quot;yes&quot;,&quot;ajax_type&quot;:&quot;endpoint&quot;,&quot;ajax_action&quot;:&quot;eventon_get_tax_card_content&quot;,&quot;end&quot;:&quot;client&quot;,&quot;d&quot;:{&quot;lang&quot;:&quot;L1&quot;,&quot;term_id&quot;:511,&quot;tax&quot;:&quot;event_location&quot;,&quot;load_lbcontent&quot;:true}}\" >Andere Ereignisse<i class='fa fa-chevron-right'><\/i><\/span><\/div><\/div>\n\t\t\n\t<\/div><\/div><\/div><div class='evocard_row'><div id='event_addtocal' class='evocard_box addtocal' data-c='' \n\t\t\t\t\tstyle=''><div class='evo_metarow_ICS evorow evcal_evdata_row'>\n\t\t\t\t\t\t\t\t\t<span class='evcal_evdata_icons'><i class='fa fa-calendar-o'><\/i><\/span>\n\t\t\t\t\t\t\t\t\t<div class='evcal_evdata_cell'>\n\t\t\t\t\t\t\t\t\t\t<p><a href='https:\/\/meier-gerdingh.de\/wp-spd-ob\/wp-admin\/admin-ajax.php?action=eventon_ics_download&event_id=13163&ri=0&nonce=9478925ad3' class='evo_ics_nCal' title='Zum Kalender hinzuf\u00fcgen'>Kalender<\/a><a href='\/\/www.google.com\/calendar\/event?action=TEMPLATE&amp;text=Fraktionsvorstand&amp;dates=20260914T160000Z\/20260914T235900Z&amp;ctz=UTC&amp;details=Fraktionsvorstand&amp;location=Sitzungssaal+der+SPD-Fraktion+%28Eingang+Raum+370%29Rathaus+Oberhausen%2C+Schwartzstr.+72%2C+46045+Oberhausen' target='_blank' class='evo_ics_gCal' title='Zum Google-Kalender hinzuf\u00fcgen'>Google-Kalender<\/a><\/p>\t\n\t\t\t\t\t\t\t\t\t<\/div>\n\t\t\t\t\t\t\t\t<\/div><\/div><\/div><div class='evocard_row'><div id='event_gmap' class='evocard_box gmap' data-c='' \n\t\t\t\t\tstyle=''><div class='evo_metarow_gmap evcal_evdata_row evorow evcal_gmaps evc178940160069f0d69c194de13163_gmap ' id='evc178940160069f0d69c194de13163_gmap' style='max-width:none' data-address=\"Rathaus Oberhausen, Schwartzstr. 72, 46045 Oberhausen\" data-latlng=\"51.473999,6.861205\" data-location_type=\"\" data-scroll=\"yes\" data-mty=\"roadmap\" data-zoom=\"16\" data-mapIcon=\"\" data-delay=\"400\" data-map_canvas_id=\"evc178940160069f0d69c194de13163_gmap\" >\n\t\t<span class='evo_map_load_out evoposr evodb evobr15'>\n\t\t<i class='fa fa-map-marker evoposa'><\/i><span class='evo_map_load evoposr evodb'>\t\t\t\t\t\n\t\t\t\t\t<i class='a'><\/i>\n\t\t\t\t\t<i class='b'><\/i>\n\t\t\t\t\t<i class='c'><\/i>\n\t\t\t\t\t<i class='d'><\/i>\n\t\t\t\t\t<i class='e'><\/i>\n\t\t\t\t\t<i class='f'><\/i>\n\t\t\t\t<\/span><\/span><\/div><\/div><\/div><div class='evocard_row'><div id='event_getdirection' class='evocard_box getdirection' data-c='' \n\t\t\t\t\tstyle=''><div class='evo_metarow_getDr evorow evcal_evdata_row evcal_evrow_sm getdirections'>\n\t\t<form action='https:\/\/maps.google.com\/maps' method='get' target='_blank'>\n\t\t\t<input type='hidden' name='daddr' value=\"Rathaus Oberhausen, Schwartzstr. 72, 46045 Oberhausen\"\/> \n\t\t\t<div class='evo_get_direction_content evo_fx_dr_r evogap10'>\n\t\t\t\t<span class='evogetdir_header evodfx evofx_dr_r evofx_ai_c marr10'>\n\t\t\t\t\t<i class='mainicon fa fa-road'><\/i> \n\t\t\t\t\t<h3 class='evo_h3' style='padding-bottom:5px;'>Routenplaner<\/h3>\n\t\t\t\t<\/span>\n\t\t\t\t<span class='evogetdir_field evodfx evofx_1_1 evo_fx_dr_c evow100p'>\t\t\t\t\t\n\t\t\t\t\t<input class='evoInput evotac' type='text' name='saddr' placeholder='Geben Sie Ihre Adresse ein' value='' style='margin:10px 0;'\/>\n\t\t\t\t<\/span>\n\t\t\t\t<button type='submit' class='evo_get_direction_button evo_btn_arr_circ dfx fx_ai_c' title='Hier klicken f\u00fcr Route'><i class='fa fa-chevron-right'><\/i> <\/button>\n\t\t\t<\/div>\n\t\t<\/form>\n\t<\/div><\/div><\/div><div class='evocard_row'><div id='event_evosocial' class='evocard_box evosocial' data-c='' \n\t\t\t\t\tstyle=''><div class='evo_metarow_socialmedia evcal_evdata_row '><div class='evo_sm FacebookShare'><a class=\" evo_ss\" target=\"_blank\" onclick=\"javascript:window.open(this.href, '', 'left=50,top=50,width=600,height=350,toolbar=0');return false;\"\r\n\t\t\t\t\t\thref=\"\/\/www.facebook.com\/sharer.php?u=https%3A%2F%2Fmeier-gerdingh.de%2Fwp-spd-ob%2Ftermine%2Ffraktionsvorstand-4%2F\" title=\"Auf Facebook teilen\"><i class=\"fa fab fa-facebook\"><\/i><\/a><\/div><div class='evo_sm Twitter'><a class=\"tw evo_ss\" onclick=\"javascript:window.open(this.href, '', 'menubar=no,toolbar=no,resizable=yes,scrollbars=yes,height=300,width=600');return false;\" href=\"\/\/twitter.com\/intent\/tweet?text=Fraktionsvorstand&#32;-&#32;&url=https%3A%2F%2Fmeier-gerdingh.de%2Fwp-spd-ob%2Ftermine%2Ffraktionsvorstand-4%2F\" title=\"Auf X teilen\" rel=\"nofollow\" target=\"_blank\" data-url=\"https%3A%2F%2Fmeier-gerdingh.de%2Fwp-spd-ob%2Ftermine%2Ffraktionsvorstand-4%2F\"><i class=\"fa fab fa-x-twitter\"><\/i><\/a><\/div><div class='evo_sm LinkedIn'><a class=\"li evo_ss\" href=\"\/\/www.linkedin.com\/shareArticle?mini=true&url=https%3A%2F%2Fmeier-gerdingh.de%2Fwp-spd-ob%2Ftermine%2Ffraktionsvorstand-4%2F&title=Fraktionsvorstand&summary=--\" target=\"_blank\" title=\"Auf Linkedin teilen\"><i class=\"fa fab fa-linkedin\"><\/i><\/a><\/div><div class='evo_sm Whatsapp'><a class=\"wa evo_ss\" href=\"https:\/\/api.whatsapp.com\/send?text=https%3A%2F%2Fmeier-gerdingh.de%2Fwp-spd-ob%2Ftermine%2Ffraktionsvorstand-4%2F\"\r\n\t\t\t\t        data-action=\"share\/whatsapp\/share\" target=\"_blank\" title=\"Auf WhatsApp teilen\"><i class=\"fa fab fa-whatsapp\"><\/i><\/a><\/div><div class='evo_sm EmailShare'><a class=\"em evo_ss\" href=\"mailto:?subject=Fraktionsvorstand&body=Event Name: Fraktionsvorstand%0AEvent Date: 14. September 2026 16:00%0ALink: https%3A%2F%2Fmeier-gerdingh.de%2Fwp-spd-ob%2Ftermine%2Ffraktionsvorstand-4%2F%0A\" target=\"_blank\"><i class=\"fa fa-envelope\"><\/i><\/a><\/div><\/div><\/div><\/div><div class='evo_card_row_end evcal_close' title='Schlie\u00dfen'><\/div><\/div><div class='clear end'><\/div><\/div><\/div>\t\t\t<\/div>\r\n\t\t\t<\/div><!-- evo_events_list_box -->\t\r\n\t\t\t<div class='clear'><\/div>\r\n\t\t\t\t\t \t<div id='evcal_footer' class='evo_bottom' style='display:none'>\r\n\t\t \t\t<div class='evo_cal_data' data-sc=\"{&quot;accord&quot;:&quot;no&quot;,&quot;bottom_nav&quot;:&quot;no&quot;,&quot;cal_id&quot;:&quot;&quot;,&quot;cal_init_nonajax&quot;:&quot;no&quot;,&quot;calendar_type&quot;:&quot;list&quot;,&quot;ep_fields&quot;:&quot;&quot;,&quot;etc_override&quot;:&quot;no&quot;,&quot;evc_open&quot;:&quot;no&quot;,&quot;event_count&quot;:0,&quot;event_location&quot;:&quot;all&quot;,&quot;event_order&quot;:&quot;ASC&quot;,&quot;event_organizer&quot;:&quot;all&quot;,&quot;event_parts&quot;:&quot;no&quot;,&quot;event_past_future&quot;:&quot;future&quot;,&quot;event_status&quot;:&quot;all&quot;,&quot;event_tag&quot;:&quot;all&quot;,&quot;event_type&quot;:&quot;918&quot;,&quot;event_type_2&quot;:&quot;all&quot;,&quot;event_type_3&quot;:&quot;all&quot;,&quot;event_type_4&quot;:&quot;all&quot;,&quot;event_type_5&quot;:&quot;all&quot;,&quot;event_virtual&quot;:&quot;all&quot;,&quot;eventtop_date_style&quot;:0,&quot;eventtop_style&quot;:&quot;2&quot;,&quot;exp_jumper&quot;:&quot;no&quot;,&quot;exp_so&quot;:&quot;no&quot;,&quot;filter_relationship&quot;:&quot;AND&quot;,&quot;filter_show_set_only&quot;:&quot;no&quot;,&quot;filter_style&quot;:&quot;default&quot;,&quot;filter_type&quot;:&quot;default&quot;,&quot;filters&quot;:&quot;yes&quot;,&quot;fixed_month&quot;:&quot;4&quot;,&quot;fixed_year&quot;:&quot;2026&quot;,&quot;focus_end_date_range&quot;:&quot;1790812799&quot;,&quot;focus_start_date_range&quot;:&quot;1775001600&quot;,&quot;ft_event_priority&quot;:&quot;no&quot;,&quot;hide_arrows&quot;:&quot;no&quot;,&quot;hide_cancels&quot;:&quot;no&quot;,&quot;hide_empty_months&quot;:&quot;yes&quot;,&quot;hide_end_time&quot;:&quot;no&quot;,&quot;hide_et_dn&quot;:&quot;no&quot;,&quot;hide_et_extra&quot;:&quot;no&quot;,&quot;hide_et_tags&quot;:&quot;no&quot;,&quot;hide_et_tl&quot;:&quot;no&quot;,&quot;hide_ft&quot;:&quot;no&quot;,&quot;hide_ft_img&quot;:&quot;no&quot;,&quot;hide_month_headers&quot;:&quot;no&quot;,&quot;hide_mult_occur&quot;:&quot;no&quot;,&quot;hide_past&quot;:&quot;yes&quot;,&quot;hide_past_by&quot;:&quot;ee&quot;,&quot;hide_so&quot;:&quot;no&quot;,&quot;ics&quot;:&quot;no&quot;,&quot;jumper&quot;:&quot;no&quot;,&quot;jumper_count&quot;:5,&quot;jumper_offset&quot;:&quot;0&quot;,&quot;lang&quot;:&quot;L1&quot;,&quot;layout_changer&quot;:&quot;no&quot;,&quot;livenow_bar&quot;:&quot;yes&quot;,&quot;mapformat&quot;:&quot;roadmap&quot;,&quot;mapiconurl&quot;:&quot;&quot;,&quot;maps_load&quot;:&quot;yes&quot;,&quot;mapscroll&quot;:&quot;true&quot;,&quot;mapzoom&quot;:&quot;16&quot;,&quot;members_only&quot;:&quot;no&quot;,&quot;ml_priority&quot;:&quot;no&quot;,&quot;ml_toend&quot;:&quot;no&quot;,&quot;month_incre&quot;:0,&quot;number_of_months&quot;:&quot;6&quot;,&quot;only_ft&quot;:&quot;no&quot;,&quot;pec&quot;:&quot;&quot;,&quot;s&quot;:&quot;&quot;,&quot;search&quot;:&quot;&quot;,&quot;search_all&quot;:&quot;no&quot;,&quot;sep_month&quot;:&quot;yes&quot;,&quot;show_et_ft_img&quot;:&quot;no&quot;,&quot;show_limit&quot;:&quot;no&quot;,&quot;show_limit_ajax&quot;:&quot;no&quot;,&quot;show_limit_paged&quot;:1,&quot;show_limit_redir&quot;:&quot;&quot;,&quot;show_repeats&quot;:&quot;no&quot;,&quot;show_search&quot;:&quot;no&quot;,&quot;show_upcoming&quot;:0,&quot;show_year&quot;:&quot;yes&quot;,&quot;social_share&quot;:&quot;no&quot;,&quot;sort_by&quot;:&quot;sort_date&quot;,&quot;tile_bg&quot;:0,&quot;tile_bg_size&quot;:&quot;full&quot;,&quot;tile_count&quot;:2,&quot;tile_height&quot;:0,&quot;tile_style&quot;:0,&quot;tiles&quot;:&quot;no&quot;,&quot;ux_val&quot;:&quot;0&quot;,&quot;view_switcher&quot;:&quot;no&quot;,&quot;wpml_l1&quot;:&quot;&quot;,&quot;wpml_l2&quot;:&quot;&quot;,&quot;wpml_l3&quot;:&quot;&quot;,&quot;yl_priority&quot;:&quot;no&quot;,&quot;yl_toend&quot;:&quot;no&quot;,&quot;fixed_day&quot;:&quot;28&quot;,&quot;_cver&quot;:&quot;4.6.6&quot;}\" data-filter_data=\"[]\" data-nav_data=\"{&quot;month_title&quot;:&quot;&lt;p id=&#039;evcal_cur&#039; class=&#039;evo_month_title padr10&#039;&gt; April, 2026&lt;\\\/p&gt;&quot;,&quot;arrows&quot;:&quot;&lt;p class=&#039;evo_arrows&#039;&gt;\\r\\n\\t\\t\\t\\t\\t&lt;span id=&#039;evcal_prev&#039; class=&#039;evcal_arrows evcal_btn_prev evodfx evofx_jc_c evofx_ai_c&#039; &gt;&lt;i class=&#039;fa fa-chevron-left&#039;&gt;&lt;\\\/i&gt;&lt;\\\/span&gt;\\r\\n\\t\\t\\t\\t\\t&lt;span id=&#039;evcal_next&#039; class=&#039;evcal_arrows evo_arrow_next evcal_btn_next evodfx evofx_jc_c evofx_ai_c&#039; &gt;&lt;i class=&#039;fa fa-chevron-right&#039;&gt;&lt;\\\/i&gt;&lt;\\\/span&gt;\\r\\n\\t\\t\\t\\t\\t&lt;\\\/p&gt;&quot;}\" data-od=\"{&quot;lang_no_events&quot;:&quot;Keine Veranstaltungen&quot;,&quot;cal_tz_offset&quot;:0,&quot;cal_tz&quot;:&quot;UTC&quot;}\" ><\/div>\r\n\t\t \t\t<div class='evo_cal_events' data-events=\"\"><\/div>\r\n\t\t \t<\/div>\r\n\t\t\t\t\r\n\t\t\t\r\n\t\t\t\t\t\t<\/div><!-- EventON End -->\r\n\t\t\t<\/div>\n<div class=\"spd-frak-ob-module-container\">\n<h3 class=\"spd-frak-ob-module-headline\"><span class=\"spd-frak-ob-breaking-point\">SPD<span class=\"spd-frak-ob-black\">-Fraktionsvorstand<\/span><span class=\"spd-frak-ob-colon-black\">:<\/span><\/span><span class=\"spd-frak-ob-module-pipe\"> | <\/span> <span class=\"spd-frak-ob-black\">Mitglieder<\/span><span class=\"spd-frak-ob-module-pipe\"> | <\/span><span class=\"spd-ob-25-function\"> Gew\u00e4hlt: 29.10.2025<\/span><\/h3>\n<div class=\"spd-frak-ob-generic-row\">\n<div class=\"spd-frak-ob-column-1-image\"><a href=\"https:\/\/meier-gerdingh.de\/wp-spd-ob\/wp-content\/uploads\/2026\/02\/spd-fraktion-ob-25-30-prohl-manuel-circle.jpg\"><img decoding=\"async\" src=\"https:\/\/meier-gerdingh.de\/wp-spd-ob\/wp-content\/uploads\/2026\/02\/spd-fraktion-ob-25-30-prohl-manuel-circle.jpg\" alt=\"\" width=\"150\" height=\"150\" class=\"aligncenter size-full wp-image-13428\" \/><\/a><\/div>\n<div class=\"spd-frak-ob-column-2\">\n<div class=\"spd-frak-ob-name\"><a class=\"spd-frak-ob-name-link\" href=\"https:\/\/meier-gerdingh.de\/wp-spd-ob\/fraktion\/mitglieder\/manuel-prohl\/\"><span class=\"spd-frak-ob-first-name\">Manuel<\/span> <span class=\"spd-frak-ob-last-name\">Prohl<\/span><\/a><span class=\"spd-frak-ob-module-pipe\"> | <\/span><span class=\"spd-frak-ob-function\"> Vorsitzender der SPD-Fraktion<\/span><br \/><a class=\"spd-frak-ob-ov-link\" href=\"https:\/\/meier-gerdingh.de\/wp-spd-ob\/ortsvereine\/ov-sterkrade-sued\/\"><span class=\"spd-frak-ob-light\">OV<\/span> Sterkrade-S\u00fcd<\/a><\/div>\n<div class=\"spd-frak-ob-contact-row\"><a class=\"spd-frak-ob-contact-link\" href=\"mailto:manuel.prohl@spd-fraktion-oberhausen.de\"><i class=\"fa-solid fa-at\"><\/i> E-Mail<\/a><a class=\"spd-frak-ob-contact-link\" href=\"tel:00492088252104\"><i class=\"fa-solid fa-phone\"><\/i> Telefon<\/a><a href=\"https:\/\/www.instagram.com\/manuel.prohl\/?hl=de\" class=\"spd-frak-ob-contact-link\"><i class=\"fa-brands fa-instagram\"><\/i> Instagram<\/a><\/div>\n<\/p><\/div>\n<\/p><\/div>\n<div class=\"spd-frak-ob-generic-row\">\n<div class=\"spd-frak-ob-column-1-image\"><a href=\"https:\/\/meier-gerdingh.de\/wp-spd-ob\/wp-content\/uploads\/2026\/02\/spd-fraktion-ob-25-30-horn-denise-circle.jpg\"><img decoding=\"async\" src=\"https:\/\/meier-gerdingh.de\/wp-spd-ob\/wp-content\/uploads\/2026\/02\/spd-fraktion-ob-25-30-horn-denise-circle.jpg\" alt=\"\" width=\"150\" height=\"150\" class=\"aligncenter size-full wp-image-13423\" \/><\/a><\/div>\n<div class=\"spd-frak-ob-column-2\">\n<div class=\"spd-frak-ob-name\"><a class=\"spd-frak-ob-name-link\" href=\"https:\/\/meier-gerdingh.de\/wp-spd-ob\/fraktion\/mitglieder\/denise-horn\/\"><span class=\"spd-frak-ob-first-name\">Denise<\/span> <span class=\"spd-frak-ob-last-name\">Horn<\/span><\/a><span class=\"spd-frak-ob-module-pipe\"> | <\/span><span class=\"spd-frak-ob-function\">Stellv. Vorsitzende der SPD-Fraktion<\/span><br \/><a class=\"spd-frak-ob-ov-link\" href=\"https:\/\/meier-gerdingh.de\/wp-spd-ob\/ortsvereine\/ov-ost\/\"><span class=\"spd-frak-ob-light\">OV<\/span> Ost<\/a><\/div>\n<div class=\"spd-frak-ob-contact-row\"><a class=\"spd-frak-ob-contact-link\" href=\"mailto:denise.horn@spd-fraktion-oberhausen.de\"><i class=\"fa-solid fa-at\"><\/i> E-Mail<\/a><a class=\"spd-frak-ob-contact-link\" href=\"tel:00492088252104\"><i class=\"fa-solid fa-phone\"><\/i> Telefon<\/a><a href=\"https:\/\/www.instagram.com\/denise__horn\/\" class=\"spd-frak-ob-contact-link\"><i class=\"fa-brands fa-instagram\"><\/i> Instagram<\/a><\/div>\n<\/p><\/div>\n<\/p><\/div>\n<div class=\"spd-frak-ob-generic-row\">\n<div class=\"spd-frak-ob-column-1-image\"><a href=\"https:\/\/meier-gerdingh.de\/wp-spd-ob\/wp-content\/uploads\/2026\/02\/spd-fraktion-ob-25-30-wilts-silke-circle.jpg\"><img decoding=\"async\" src=\"https:\/\/meier-gerdingh.de\/wp-spd-ob\/wp-content\/uploads\/2026\/02\/spd-fraktion-ob-25-30-wilts-silke-circle.jpg\" alt=\"\" width=\"150\" height=\"150\" class=\"aligncenter size-full wp-image-13434\" \/><\/a><\/div>\n<div class=\"spd-frak-ob-column-2\">\n<div class=\"spd-frak-ob-name\"><a class=\"spd-frak-ob-name-link\" href=\"https:\/\/meier-gerdingh.de\/wp-spd-ob\/fraktion\/mitglieder\/silke-wilts\/\"><span class=\"spd-frak-ob-first-name\">Silke<\/span> <span class=\"spd-frak-ob-last-name\">Wilts<\/span><\/a><span class=\"spd-frak-ob-module-pipe\"> | <\/span><span class=\"spd-frak-ob-function\"> Stellv. Vorsitzende der SPD-Fraktion<\/span><br \/><a class=\"spd-frak-ob-ov-link\" href=\"https:\/\/meier-gerdingh.de\/wp-spd-ob\/ortsvereine\/ov-sterkrade-nord\/\"><span class=\"spd-frak-ob-light\">OV<\/span> Sterkrade-Nord<\/a><\/div>\n<div class=\"spd-frak-ob-contact-row\"><a class=\"spd-frak-ob-contact-link\" href=\"mailto:silke.wilts@spd-fraktion-oberhausen.de\"><i class=\"fa-solid fa-at\"><\/i> E-Mail<\/a><a class=\"spd-frak-ob-contact-link\" href=\"tel:00492088252104\"><i class=\"fa-solid fa-phone\"><\/i> Telefon<\/a><a href=\"https:\/\/www.facebook.com\/silkewiltsspd?locale=de_DE\" class=\"spd-frak-ob-contact-link\"><i class=\"fa-brands fa-facebook-f\"><\/i> Facebook<\/a><a href=\"https:\/\/www.instagram.com\/silkewiltsspd\/\" class=\"spd-frak-ob-contact-link\"><i class=\"fa-brands fa-instagram\"><\/i> Instagram<\/a><\/div>\n<\/p><\/div>\n<\/p><\/div>\n<div class=\"spd-frak-ob-generic-row\">\n<div class=\"spd-frak-ob-column-1-image\"><a href=\"https:\/\/meier-gerdingh.de\/wp-spd-ob\/wp-content\/uploads\/2026\/02\/spd-fraktion-ob-25-30-brodrick-helmut-circle.jpg\"><img decoding=\"async\" src=\"https:\/\/meier-gerdingh.de\/wp-spd-ob\/wp-content\/uploads\/2026\/02\/spd-fraktion-ob-25-30-brodrick-helmut-circle.jpg\" alt=\"\" width=\"150\" height=\"150\" class=\"aligncenter size-full wp-image-13420\" \/><\/a><\/div>\n<div class=\"spd-frak-ob-column-2\">\n<div class=\"spd-frak-ob-name\"><a class=\"spd-frak-ob-name-link\" href=\"https:\/\/meier-gerdingh.de\/wp-spd-ob\/fraktion\/mitglieder\/helmut-brodrick\/\"><span class=\"spd-frak-ob-first-name\">Helmut<\/span> <span class=\"spd-frak-ob-last-name\">Brodrick<\/span><\/a><span class=\"spd-frak-ob-module-pipe\"> | <\/span><span class=\"spd-frak-ob-function\"> Mitglied des Rates<\/span><br \/><a class=\"spd-frak-ob-ov-link\" href=\"https:\/\/meier-gerdingh.de\/wp-spd-ob\/ortsvereine\/ov-alsfeld-holten\/\"><span class=\"spd-frak-ob-light\">OV<\/span> Alsfeld-Holten<\/a><\/div>\n<div class=\"spd-frak-ob-contact-row\"><a class=\"spd-frak-ob-contact-link\" href=\"mailto:helmut.brodrick@spd-fraktion-oberhausen.de\"><i class=\"fa-solid fa-at\"><\/i> E-Mail<\/a><a class=\"spd-frak-ob-contact-link\" href=\"tel:00492088252104\"><i class=\"fa-solid fa-phone\"><\/i> Telefon<\/a><a href=\"https:\/\/www.facebook.com\/brodrickspd?locale=de_DE\" class=\"spd-frak-ob-contact-link\"><i class=\"fa-brands fa-facebook-f\"><\/i> Facebook<\/a><\/div>\n<\/p><\/div>\n<\/p><\/div>\n<div class=\"spd-frak-ob-generic-row\">\n<div class=\"spd-frak-ob-column-1-image\"><a href=\"https:\/\/meier-gerdingh.de\/wp-spd-ob\/wp-content\/uploads\/2026\/02\/spd-fraktion-ob-25-30-heitmann-dagmar-circle.jpg\"><img decoding=\"async\" src=\"https:\/\/meier-gerdingh.de\/wp-spd-ob\/wp-content\/uploads\/2026\/02\/spd-fraktion-ob-25-30-heitmann-dagmar-circle.jpg\" alt=\"\" width=\"150\" height=\"150\" class=\"aligncenter size-full wp-image-13422\" \/><\/a><\/div>\n<div class=\"spd-frak-ob-column-2\">\n<div class=\"spd-frak-ob-name\"><a class=\"spd-frak-ob-name-link\" href=\"https:\/\/meier-gerdingh.de\/wp-spd-ob\/fraktion\/mitglieder\/dagmar-heitmann\/\"><span class=\"spd-frak-ob-first-name\">Dagmar<\/span> <span class=\"spd-frak-ob-last-name\">Heitmann<\/span><\/a><span class=\"spd-frak-ob-module-pipe\"> | <\/span><span class=\"spd-frak-ob-function\"> Mitglied des Rates<\/span><br \/><a class=\"spd-frak-ob-ov-link\" href=\"https:\/\/meier-gerdingh.de\/wp-spd-ob\/ortsvereine\/ov-west\/\"><span class=\"spd-frak-ob-light\">OV<\/span> West<\/a><\/div>\n<div class=\"spd-frak-ob-contact-row\"><a class=\"spd-frak-ob-contact-link\" href=\"mailto:dagmar.heitmann@spd-fraktion-oberhausen.de\"><i class=\"fa-solid fa-at\"><\/i> E-Mail<\/a><a class=\"spd-frak-ob-contact-link\" href=\"tel:00492088252104\"><i class=\"fa-solid fa-phone\"><\/i> Telefon<\/a><a href=\"https:\/\/www.instagram.com\/alstadenliebe\/\" class=\"spd-frak-ob-contact-link\"><i class=\"fa-brands fa-instagram\"><\/i> Instagram<\/a><\/div>\n<\/p><\/div>\n<\/p><\/div>\n<div class=\"spd-frak-ob-generic-row\">\n<div class=\"spd-frak-ob-column-1-image\"><a href=\"https:\/\/meier-gerdingh.de\/wp-spd-ob\/wp-content\/uploads\/2026\/02\/spd-fraktion-ob-25-30-look-dietmar-circle.jpg\"><img decoding=\"async\" src=\"https:\/\/meier-gerdingh.de\/wp-spd-ob\/wp-content\/uploads\/2026\/02\/spd-fraktion-ob-25-30-look-dietmar-circle.jpg\" alt=\"\" width=\"150\" height=\"150\" class=\"aligncenter size-full wp-image-13427\" \/><\/a><\/div>\n<div class=\"spd-frak-ob-column-2\">\n<div class=\"spd-frak-ob-name\"><a class=\"spd-frak-ob-name-link\" href=\"https:\/\/meier-gerdingh.de\/wp-spd-ob\/fraktion\/mitglieder\/dietmar-look\/\"><span class=\"spd-frak-ob-first-name\">Dietmar<\/span> <span class=\"spd-frak-ob-last-name\">Look<\/span><\/a><span class=\"spd-frak-ob-module-pipe\"> | <\/span><span class=\"spd-frak-ob-function\"> Mitglied des Rates<\/span><br \/><a class=\"spd-frak-ob-ov-link\" href=\"https:\/\/meier-gerdingh.de\/wp-spd-ob\/ortsvereine\/ov-west\/\"><span class=\"spd-frak-ob-light\">OV<\/span> West<\/a><\/div>\n<div class=\"spd-frak-ob-contact-row\"><a class=\"spd-frak-ob-contact-link\" href=\"mailto:dietmar.look@spd-fraktion-oberhausen.de\"><i class=\"fa-solid fa-at\"><\/i> E-Mail<\/a><a class=\"spd-frak-ob-contact-link\" href=\"tel:00492088252104\"><i class=\"fa-solid fa-phone\"><\/i> Telefon<\/a><a href=\"https:\/\/www.facebook.com\/dietmar.look\" class=\"spd-frak-ob-contact-link\"><i class=\"fa-brands fa-facebook-f\"><\/i> Facebook<\/a><\/div>\n<\/p><\/div>\n<\/p><\/div>\n<div class=\"spd-frak-ob-generic-row\">\n<div class=\"spd-frak-ob-column-1-image\"><a href=\"https:\/\/meier-gerdingh.de\/wp-spd-ob\/wp-content\/uploads\/2026\/02\/spd-fraktion-ob-25-30-scherer-axel-circle.jpg\"><img decoding=\"async\" src=\"https:\/\/meier-gerdingh.de\/wp-spd-ob\/wp-content\/uploads\/2026\/02\/spd-fraktion-ob-25-30-scherer-axel-circle.jpg\" alt=\"\" width=\"150\" height=\"150\" class=\"aligncenter size-full wp-image-13432\" \/><\/a><\/div>\n<div class=\"spd-frak-ob-column-2\">\n<div class=\"spd-frak-ob-name\"><a class=\"spd-frak-ob-name-link\" href=\"https:\/\/meier-gerdingh.de\/wp-spd-ob\/fraktion\/mitglieder\/axel-scherer\/\"><span class=\"spd-frak-ob-first-name\">Axel<\/span> <span class=\"spd-frak-ob-last-name\">Scherer<\/span><\/a><span class=\"spd-frak-ob-module-pipe\"> | <\/span><span class=\"spd-frak-ob-function\"> Mitglied des Rates<\/span><br \/><a class=\"spd-frak-ob-ov-link\" href=\"https:\/\/meier-gerdingh.de\/wp-spd-ob\/ortsvereine\/ov-mitte\/\"><span class=\"spd-frak-ob-light\">OV<\/span> Mitte<\/a><\/div>\n<div class=\"spd-frak-ob-contact-row\"><a class=\"spd-frak-ob-contact-link\" href=\"mailto:axel.scherer@spd-fraktion-oberhausen.de\"><i class=\"fa-solid fa-at\"><\/i> E-Mail<\/a><a class=\"spd-frak-ob-contact-link\" href=\"tel:00492088252104\"><i class=\"fa-solid fa-phone\"><\/i> Telefon<\/a><a href=\"https:\/\/www.instagram.com\/fotomovjournal\/\" class=\"spd-frak-ob-contact-link\"><i class=\"fa-brands fa-instagram\"><\/i> Instagram<\/a><\/div>\n<\/p><\/div>\n<\/p><\/div>\n<div class=\"spd-frak-ob-generic-row\">\n<div class=\"spd-frak-ob-column-1-image\"><a href=\"https:\/\/meier-gerdingh.de\/wp-spd-ob\/wp-content\/uploads\/2026\/02\/spd-fraktion-ob-25-30-schroeer-joerg-circle.jpg\"><img decoding=\"async\" src=\"https:\/\/meier-gerdingh.de\/wp-spd-ob\/wp-content\/uploads\/2026\/02\/spd-fraktion-ob-25-30-schroeer-joerg-circle.jpg\" alt=\"\" width=\"150\" height=\"150\" class=\"aligncenter size-full wp-image-13433\" \/><\/a><\/div>\n<div class=\"spd-frak-ob-column-2\">\n<div class=\"spd-frak-ob-name\"><a class=\"spd-frak-ob-name-link\" href=\"https:\/\/meier-gerdingh.de\/wp-spd-ob\/fraktion\/mitglieder\/joerg.schroeer\/\"><span class=\"spd-frak-ob-first-name\">J\u00f6rg<\/span> <span class=\"spd-frak-ob-last-name\">Schr\u00f6er<\/span><\/a><span class=\"spd-frak-ob-module-pipe\"> | <\/span><span class=\"spd-frak-ob-function\"> Mitglied des Rates<\/span><br \/><a class=\"spd-frak-ob-ov-link\" href=\"https:\/\/meier-gerdingh.de\/wp-spd-ob\/ortsvereine\/ov-sterkrade-sued\/\"><span class=\"spd-frak-ob-light\">OV<\/span> Sterkrade-S\u00fcd<\/a><\/div>\n<div class=\"spd-frak-ob-contact-row\"><a class=\"spd-frak-ob-contact-link\" href=\"mailto:joerg.schroeer@spd-fraktion-oberhausen.de\"><i class=\"fa-solid fa-at\"><\/i> E-Mail<\/a><a class=\"spd-frak-ob-contact-link\" href=\"tel:00492088252104\"><i class=\"fa-solid fa-phone\"><\/i> Telefon<\/a><a href=\"https:\/\/www.facebook.com\/wilhelmine.wunder?locale=de_DE\" class=\"spd-frak-ob-contact-link\"><i class=\"fa-brands fa-facebook-f\"><\/i> Facebook<\/a><a href=\"https:\/\/www.instagram.com\/joerg_schroeer_\/\" class=\"spd-frak-ob-contact-link\"><i class=\"fa-brands fa-instagram\"><\/i> Instagram<\/a><\/div>\n<\/p><\/div>\n<\/p><\/div>\n<\/div>\n<div class=\"spd-frak-ob-module-container spd-frak-ob-go\">\n<h3 class=\"spd-frak-ob-module-headline\"><span class=\"spd-frak-ob-breaking-point\">SPD<span class=\"spd-frak-ob-black\">-Fraktionsvorstand<\/span><span class=\"spd-frak-ob-colon-black\">:<\/span><\/span><span class=\"spd-frak-ob-module-pipe\"> | <\/span> <span class=\"spd-frak-ob-black\"><span class=\"spd-frak-ob-light\">Aus der<\/span> Gesch\u00e4ftsordnung<\/span><\/h3>\n<div class=\"module\">\n<div class=\"caption\">\n<h1 class=\"spd-frak-ob-go-h1 collapsible\"><span class=\"spd-frak-ob-paragraph-nr\">\u00a7 9<\/span> <span class=\"spd-frak-ob-paragraph-title\">Fraktionsvorstand <i class=\"fa-solid fa-turn-down rotate\"><\/i><\/span><\/h1>\n<\/p><\/div>\n<div class=\"body\">\n<div class=\"spd-frak-ob-row\">\n<div class=\"spd-frak-ob-go-section-nr\">(1)<\/div>\n<div class=\"spd-frak-ob-go-section\">\n                    Die Fraktion w\u00e4hlt in der ersten Sitzung nach der Kommunalwahl aus der Mitte ihrer Mitglieder den Fraktionsvorstand bestehend aus:<\/p>\n<ul>\n<li>der \/ dem <strong class=\"spd-frak-ob-go-strong\">Vorsitzenden<\/strong>,<\/li>\n<li><strong class=\"spd-frak-ob-go-strong\">2 stellvertretenden Vorsitzenden<\/strong>,<\/li>\n<li><strong class=\"spd-frak-ob-go-strong\">6 Beisitzerinnen und Beisitzern<\/strong><\/li>\n<\/ul><\/div>\n<\/p><\/div>\n<div class=\"spd-frak-ob-row\">\n<div class=\"spd-frak-ob-go-section-nr\">(2)<\/div>\n<div class=\"spd-frak-ob-go-section\">\n                    Mit <strong class=\"spd-frak-ob-go-strong\">beratender Stimme<\/strong> nehmen an den Sitzungen des Fraktionsvorstandes teil:<\/p>\n<ul>\n<li>die \/ der B\u00fcrgermeister\/in,<\/li>\n<li>die \/ der Bezirksb\u00fcrgermeister\/in,<\/li>\n<li>die \/ der Fraktionsgesch\u00e4ftsf\u00fchrer\/in soweit sie der SPD angeh\u00f6ren.<\/li>\n<\/ul><\/div>\n<\/p><\/div>\n<div class=\"spd-frak-ob-row\">\n<div class=\"spd-frak-ob-go-section-nr\">(3)<\/div>\n<div class=\"spd-frak-ob-go-section\">\n                    Abh\u00e4ngig von der jeweiligen Tagesordnung nehmen <strong class=\"spd-frak-ob-go-strong\">weiterhin beratend<\/strong> teil:<\/p>\n<ul>\n<li>der \/ die Oberb\u00fcrgermeister\/in und die Beigeordneten \/ Dezernenten\/innen, soweit sie der SPD angeh\u00f6ren,<\/li>\n<li>der \/ die Unterbezirksvorsitzende der Partei oder ein\/e von ihm \/ ihr Beauftragte\/r,<\/li>\n<li>die Oberhausener SPD-Abgeordneten des Landtages NW und des Deutschen Bundestages. F\u00fcr ihre Teilnahme gilt \u00a7 4 Abs. 4 entsprechend.<\/li>\n<\/ul><\/div>\n<\/p><\/div>\n<div class=\"spd-frak-ob-row\">\n<div class=\"spd-frak-ob-go-section-nr\">(4)<\/div>\n<div class=\"spd-frak-ob-go-section\">Der Fraktionsvorstand wird <strong class=\"spd-frak-ob-go-strong\">f\u00fcr die H\u00e4lfte der Wahlperiode gew\u00e4hlt<\/strong>. Beim Ausscheiden eines Fraktionsvorstandsmitglieds hat die Fraktion eine Erg\u00e4nzungswahl vorzunehmen.<\/div>\n<\/p><\/div>\n<div class=\"spd-frak-ob-row\">\n<div class=\"spd-frak-ob-go-section-nr\">(5)<\/div>\n<div class=\"spd-frak-ob-go-section\">Der Fraktionsvorstand bleibt bis zur Wahl eines neuen Vorstandes (Abs. 4) im Amt.<\/div>\n<\/p><\/div>\n<div class=\"spd-frak-ob-row\">\n<div class=\"spd-frak-ob-go-section-nr\">(6)<\/div>\n<div class=\"spd-frak-ob-go-section\">\n                    Eine vorzeitige <strong class=\"spd-frak-ob-go-strong\">Abwahl von Vorstandsmitgliedern<\/strong> bedarf einer <strong class=\"spd-frak-ob-go-strong\">Mehrheit von zwei Dritteln der Mitglieder der Fraktion<\/strong>; sie ist nur zul\u00e4ssig, wenn zu dieser Sitzung unter Angabe des Tagesordnungspunktes eingeladen worden ist. Einem Vorstandsmitglied, das abgew\u00e4hlt werden soll, ist zuvor die M\u00f6glichkeit der Anh\u00f6rung zu geben.\n                <\/div>\n<\/p><\/div>\n<\/p><\/div>\n<\/p><\/div>\n<\/div>\n","protected":false},"excerpt":{"rendered":"<p>SPD-Fraktion im Rat der Stadt Oberhausen Fraktionsvorstand F\u00fcr die laufende Gesch\u00e4ftsf\u00fchrung und Koordinierung aller kommunalpolitischen Angelegenheiten w\u00e4hlt die Fraktion zun\u00e4chst f\u00fcr die H\u00e4lfte der Wahlperiode &#8211; danach bis zur Kommunalwahl&hellip; <\/p>\n","protected":false},"author":1,"featured_media":0,"parent":9539,"menu_order":0,"comment_status":"closed","ping_status":"closed","template":"","meta":{"footnotes":""},"class_list":["post-9541","page","type-page","status-publish","hentry"],"_links":{"self":[{"href":"https:\/\/meier-gerdingh.de\/wp-spd-ob\/wp-json\/wp\/v2\/pages\/9541","targetHints":{"allow":["GET"]}}],"collection":[{"href":"https:\/\/meier-gerdingh.de\/wp-spd-ob\/wp-json\/wp\/v2\/pages"}],"about":[{"href":"https:\/\/meier-gerdingh.de\/wp-spd-ob\/wp-json\/wp\/v2\/types\/page"}],"author":[{"embeddable":true,"href":"https:\/\/meier-gerdingh.de\/wp-spd-ob\/wp-json\/wp\/v2\/users\/1"}],"replies":[{"embeddable":true,"href":"https:\/\/meier-gerdingh.de\/wp-spd-ob\/wp-json\/wp\/v2\/comments?post=9541"}],"version-history":[{"count":0,"href":"https:\/\/meier-gerdingh.de\/wp-spd-ob\/wp-json\/wp\/v2\/pages\/9541\/revisions"}],"up":[{"embeddable":true,"href":"https:\/\/meier-gerdingh.de\/wp-spd-ob\/wp-json\/wp\/v2\/pages\/9539"}],"wp:attachment":[{"href":"https:\/\/meier-gerdingh.de\/wp-spd-ob\/wp-json\/wp\/v2\/media?parent=9541"}],"curies":[{"name":"wp","href":"https:\/\/api.w.org\/{rel}","templated":true}]}}