{"id":9543,"date":"2022-10-30T16:24:15","date_gmt":"2022-10-30T15:24:15","guid":{"rendered":"https:\/\/meier-gerdingh.de\/wp-spd-ob\/?page_id=9543"},"modified":"2026-02-10T14:39:13","modified_gmt":"2026-02-10T13:39:13","slug":"fraktionsbuero","status":"publish","type":"page","link":"https:\/\/meier-gerdingh.de\/wp-spd-ob\/fraktion\/ueber-uns\/fraktionsbuero\/","title":{"rendered":"Fraktionsb\u00fcro"},"content":{"rendered":"<div class=\"spd-frak-ob-logo-rem\"><span class=\"spd-frak-ob-logo-spd-rem\">SPD<\/span><span class=\"spd-frak-ob-logo-fraktion-rem\">-Fraktion<\/span><br \/>\n<span class=\"spd-frak-ob-logo-subheadline-rem\">im Rat der Stadt Oberhausen<\/span><\/div>\n<h1 class=\"spd-frak-ob-headline\">Fraktionsb\u00fcro<\/h1>\n<p class=\"spd-frak-ob-p-intro\">Das Fraktionsb\u00fcro im Rathaus Oberhausen unterst\u00fctzt die ehrenamtlich t\u00e4tigen Mitglieder des Rates und der Bezirksvertretungen sowie die B\u00fcrgermitglieder in den Fachaussch\u00fcssen bei ihrer ehrenamtlichen kommunalpolitischen Arbeit. <!--Fraktionsgesch\u00e4ftsf\u00fchrer ist Dennis Lotz. Zur Seite stehen ihm Fraktionsreferent Joachim (\"Job\") B\u00e4umer und Fraktionsreferentin Alisa Essinger.--><\/p>\n<div><div id=\"image-map-pro-1230\"><\/div><\/div>\n<div class=\"spd-frak-ob-module-container\">\n<h3 class=\"spd-frak-ob-module-headline\"><span class=\"spd-frak-ob-breaking-point\">SPD<span class=\"spd-frak-ob-black\">-Fraktion<\/span><span class=\"spd-frak-ob-colon-black\">:<\/span><\/span><span class=\"spd-frak-ob-module-pipe\"> | <\/span> <span class=\"spd-frak-ob-black\">Fraktionsb\u00fcro<\/span><\/h3>\n<div class=\"spd-frak-ob-generic-row\" style=\"border-bottom: none !important;\"><a href=\"https:\/\/meier-gerdingh.de\/wp-spd-ob\/wp-content\/uploads\/2022\/11\/rathaus-oberhausen-landscape-3000.jpg\"><img decoding=\"async\" src=\"https:\/\/meier-gerdingh.de\/wp-spd-ob\/wp-content\/uploads\/2022\/11\/rathaus-oberhausen-landscape-700.jpg\" alt=\"\" width=\"700\" height=\"467\" class=\"aligncenter size-full wp-image-9574\" srcset=\"https:\/\/meier-gerdingh.de\/wp-spd-ob\/wp-content\/uploads\/2022\/11\/rathaus-oberhausen-landscape-700.jpg 700w, https:\/\/meier-gerdingh.de\/wp-spd-ob\/wp-content\/uploads\/2022\/11\/rathaus-oberhausen-landscape-700-300x200.jpg 300w\" sizes=\"(max-width: 700px) 100vw, 700px\" \/><\/a><\/div>\n<div class=\"spd-frak-ob-name\"><span class=\"spd-frak-ob-first-name\">Schwartzstr. 72<\/span> <span class=\"spd-frak-ob-module-pipe\"> | <\/span><span class=\"spd-frak-ob-last-name\">46042 Oberhausen<\/span><span class=\"spd-frak-ob-module-pipe\"> | <\/span><span class=\"spd-frak-ob-function\">3. Etage, Eingang Raum 362<\/span><\/div>\n<div class=\"spd-frak-ob-contact-row\"><a class=\"spd-frak-ob-contact-link\" href=\"mailto:buero@spd-fraktion-oberhausen.de\"><i class=\"fa-solid fa-at\"><\/i> E-Mail<\/a><a class=\"spd-frak-ob-contact-link\" href=\"tel:00492088253460\"><i class=\"fa-solid fa-phone\"><\/i> Telefon<\/a><a class=\"spd-frak-ob-contact-link\" href=\"https:\/\/www.spd-fraktion-oberhausen.de\"><i class=\"fa-solid fa-globe\"><\/i> Homepage<\/a><a class=\"spd-frak-ob-contact-link\" href=\"https:\/\/www.facebook.com\/SPDOberhausen2020\"><i class=\"fa-brands fa-facebook-f\"><\/i> Facebook<\/a><a class=\"spd-frak-ob-contact-link\" href=\"https:\/\/www.google.de\/maps\/place\/Rathaus+Oberhausen\/@51.4734117,6.8602859,17.9z\/data=!4m5!3m4!1s0x47b8c02da3fca00b:0x3b063f47bf4e81c2!8m2!3d51.4736973!4d6.8603289\"><i class=\"fa-brands fa-google\"><\/i><\/i> Google Maps<\/a><\/div>\n<\/div>\n<div class=\"spd-frak-ob-module-container\">\n<h3 class=\"spd-frak-ob-module-headline\"><span class=\"spd-frak-ob-breaking-point\">SPD<span class=\"spd-frak-ob-black\">-Fraktion<\/span><span class=\"spd-frak-ob-colon-black\">:<\/span><\/span><span class=\"spd-frak-ob-module-pipe\"> | <\/span> <span class=\"spd-frak-ob-black\">Kontakt<\/span><\/h3>\n<div class=\"spd-frak-ob-generic-row\" style=\"border-bottom: none !important;\">&nbsp;<\/div>\n<div class=\"spd-frak-ob-name\"><span class=\"spd-frak-ob-first-name\">N.<\/span> <span class=\"spd-frak-ob-last-name\">N.<\/span><span class=\"spd-frak-ob-module-pipe\"> | <\/span><span class=\"spd-frak-ob-function\"> Gesch\u00e4ftsf\u00fchrer der SPD-Fraktion<\/span><\/div>\n<div class=\"spd-frak-ob-contact-row\"><a class=\"spd-frak-ob-contact-link\" href=\"mailto:buero@spd-fraktion-oberhausen.de\"><i class=\"fa-solid fa-at\"><\/i> E-Mail<\/a><a class=\"spd-frak-ob-contact-link\" href=\"tel:00492088252104\"><i class=\"fa-solid fa-phone\"><\/i> Telefon<\/a><\/div>\n<\/div>\n<div class=\"spd-frak-ob-module-container spd-frak-ob-go\">\n<h3 class=\"spd-frak-ob-module-headline\"><span class=\"spd-frak-ob-breaking-point\">SPD<span class=\"spd-frak-ob-black\">-Fraktionsgesch\u00e4ftsf\u00fchrer<\/span><span class=\"spd-frak-ob-colon-black\">:<\/span><\/span><span class=\"spd-frak-ob-module-pipe\"> | <\/span> <span class=\"spd-frak-ob-black\"><span class=\"spd-frak-ob-light\">Aus der<\/span> Gesch\u00e4ftsordnung<\/span><\/h3>\n<div class=\"module\">\n<div class=\"caption\">\n<h1 class=\"spd-frak-ob-go-h1 collapsible\"><span class=\"spd-frak-ob-paragraph-nr\">\u00a7 11<\/span> <span class=\"spd-frak-ob-paragraph-title\">Die \/ der hauptamtliche Gesch\u00e4ftsf\u00fchrer\/in <i class=\"fa-solid fa-turn-down rotate\"><\/i><\/span><\/h1>\n<\/p><\/div>\n<div class=\"body\">\n<div class=\"spd-frak-ob-row\">\n<div class=\"spd-frak-ob-go-section-nr\">(1)<\/div>\n<div class=\"spd-frak-ob-go-section\">Der <strong class=\"spd-frak-ob-go-strong\">Fraktionsvorstand unterbreitet<\/strong> der Fraktion einen <strong class=\"spd-frak-ob-go-strong\">Personalvorschlag<\/strong> und die vorgesehenen Anstellungsbedingungen (u.a. Laufzeit des Vertrages, Arbeitszeit, Verg\u00fctung).<\/div>\n<\/p><\/div>\n<div class=\"spd-frak-ob-row\">\n<div class=\"spd-frak-ob-go-section-nr\">(2)<\/div>\n<div class=\"spd-frak-ob-go-section\">Die <strong class=\"spd-frak-ob-go-strong\">Fraktion muss<\/strong> die <strong class=\"spd-frak-ob-go-strong\">Einstellung<\/strong> einer\/s hauptamtliche\/n Fraktionsgesch\u00e4ftsf\u00fchrers\/in <strong class=\"spd-frak-ob-go-strong\">best\u00e4tigen<\/strong>.<\/div>\n<\/p><\/div>\n<div class=\"spd-frak-ob-row\">\n<div class=\"spd-frak-ob-go-section-nr\">(3)<\/div>\n<div class=\"spd-frak-ob-go-section\">Die \/ der Fraktionsvorsitzende unterzeichnet den Arbeitsvertrag. Sie \/ Er ist Dienstvorgesetzte\/r.<\/div>\n<\/p><\/div>\n<div class=\"spd-frak-ob-row\">\n<div class=\"spd-frak-ob-go-section-nr\">(4)<\/div>\n<div class=\"spd-frak-ob-go-section\">Die \/ der Fraktionsgesch\u00e4ftsf\u00fchrer\/in nimmt die <strong class=\"spd-frak-ob-go-strong\">laufenden Gesch\u00e4fte<\/strong> nach den Beschl\u00fcssen der Fraktion und den Weisungen der \/ des Fraktionsvorsitzenden wahr.<\/div>\n<\/p><\/div>\n<div class=\"spd-frak-ob-row\">\n<div class=\"spd-frak-ob-go-section-nr\">(5)<\/div>\n<div class=\"spd-frak-ob-go-section\">Die \/ der Fraktionsgesch\u00e4ftsf\u00fchrer\/in <strong class=\"spd-frak-ob-go-strong\">verwaltet die Finanzen<\/strong> der Fraktion.<\/div>\n<\/p><\/div>\n<\/p><\/div>\n<\/p><\/div>\n<\/div>\n","protected":false},"excerpt":{"rendered":"<p>SPD-Fraktion im Rat der Stadt Oberhausen Fraktionsb\u00fcro Das Fraktionsb\u00fcro im Rathaus Oberhausen unterst\u00fctzt die ehrenamtlich t\u00e4tigen Mitglieder des Rates und der Bezirksvertretungen sowie die B\u00fcrgermitglieder in den Fachaussch\u00fcssen bei ihrer&hellip; <\/p>\n","protected":false},"author":1,"featured_media":0,"parent":9539,"menu_order":0,"comment_status":"closed","ping_status":"closed","template":"","meta":{"footnotes":""},"class_list":["post-9543","page","type-page","status-publish","hentry"],"_links":{"self":[{"href":"https:\/\/meier-gerdingh.de\/wp-spd-ob\/wp-json\/wp\/v2\/pages\/9543","targetHints":{"allow":["GET"]}}],"collection":[{"href":"https:\/\/meier-gerdingh.de\/wp-spd-ob\/wp-json\/wp\/v2\/pages"}],"about":[{"href":"https:\/\/meier-gerdingh.de\/wp-spd-ob\/wp-json\/wp\/v2\/types\/page"}],"author":[{"embeddable":true,"href":"https:\/\/meier-gerdingh.de\/wp-spd-ob\/wp-json\/wp\/v2\/users\/1"}],"replies":[{"embeddable":true,"href":"https:\/\/meier-gerdingh.de\/wp-spd-ob\/wp-json\/wp\/v2\/comments?post=9543"}],"version-history":[{"count":0,"href":"https:\/\/meier-gerdingh.de\/wp-spd-ob\/wp-json\/wp\/v2\/pages\/9543\/revisions"}],"up":[{"embeddable":true,"href":"https:\/\/meier-gerdingh.de\/wp-spd-ob\/wp-json\/wp\/v2\/pages\/9539"}],"wp:attachment":[{"href":"https:\/\/meier-gerdingh.de\/wp-spd-ob\/wp-json\/wp\/v2\/media?parent=9543"}],"curies":[{"name":"wp","href":"https:\/\/api.w.org\/{rel}","templated":true}]}}