{"id":9567,"date":"2022-11-02T12:27:31","date_gmt":"2022-11-02T11:27:31","guid":{"rendered":"https:\/\/meier-gerdingh.de\/wp-spd-ob\/?page_id=9567"},"modified":"2026-02-10T12:26:14","modified_gmt":"2026-02-10T11:26:14","slug":"fraktionsvorsitzender","status":"publish","type":"page","link":"https:\/\/meier-gerdingh.de\/wp-spd-ob\/fraktion\/ueber-uns\/fraktionsvorsitzender\/","title":{"rendered":"Fraktionsvorsitzender"},"content":{"rendered":"<div class=\"spd-frak-ob-logo-rem\">\n    <span class=\"spd-frak-ob-logo-spd-rem\">SPD<\/span><span class=\"spd-frak-ob-logo-fraktion-rem\">-Fraktion<\/span><br \/>\n    <span class=\"spd-frak-ob-logo-subheadline-rem\">im Rat der Stadt Oberhausen<\/span>\n<\/div>\n<h1 class=\"spd-frak-ob-headline\">Fraktionsvorsitzender<\/h1>\n<p class=\"spd-frak-ob-p-intro\">Der Vorsitzende der SPD-Ratsfraktion vertritt die Fraktion und den Fraktionsvorstand nach innen und au\u00dfen sowie im \u00c4ltestenrat. Fraktionsvorsitzender ist seit dem 29.10.2025 der Stadtverordnete Manuel Prohl. Bemerkenswert: In den knapp 80 Jahren seit dem Ende des 2.&nbsp;Weltkriegs haben mit Willi Meinicke (1947-1979), Heinz Schleu\u00dfer (1979-1988), Michael Groschek (1988-2001), Wolfgang Gro\u00dfe Br\u00f6mer (2001-2019) und Sonja Bongers (seit 2019) erst f\u00fcnf Sozialdemokraten und eine Sozialdemokratin an der Spitze der SPD-Fraktion gestanden.<\/p>\n<div><div id=\"image-map-pro-8470\"><\/div><\/div>\n<div class=\"spd-frak-ob-module-container\">\n<h3 class=\"spd-frak-ob-module-headline\"><span class=\"spd-frak-ob-breaking-point\">SPD<span class=\"spd-frak-ob-black\">-Fraktion<\/span><span class=\"spd-frak-ob-colon-black\">:<\/span><\/span><span class=\"spd-frak-ob-module-pipe\"> | <\/span> <span class=\"spd-frak-ob-black\">Fraktionsvorsitzender<\/span><\/h3>\n<div class=\"spd-frak-ob-generic-row\" style=\"border-bottom: none !important;\"><a href=\"https:\/\/meier-gerdingh.de\/wp-spd-ob\/wp-content\/uploads\/2026\/01\/spd-fraktion-ob-25-30-prohl-manuel-hd.jpg\"><img decoding=\"async\" src=\"https:\/\/meier-gerdingh.de\/wp-spd-ob\/wp-content\/uploads\/2026\/01\/spd-fraktion-ob-25-30-prohl-manuel.jpg\" alt=\"\" width=\"700\" height=\"394\" class=\"aligncenter size-full wp-image-13391\" srcset=\"https:\/\/meier-gerdingh.de\/wp-spd-ob\/wp-content\/uploads\/2026\/01\/spd-fraktion-ob-25-30-prohl-manuel.jpg 700w, https:\/\/meier-gerdingh.de\/wp-spd-ob\/wp-content\/uploads\/2026\/01\/spd-fraktion-ob-25-30-prohl-manuel-300x169.jpg 300w\" sizes=\"(max-width: 700px) 100vw, 700px\" \/><\/a><\/div>\n<div class=\"spd-frak-ob-name\"><a class=\"spd-frak-ob-name-link\" href=\"https:\/\/meier-gerdingh.de\/wp-spd-ob\/fraktion\/mitglieder\/sonja-bongers\/\"><span class=\"spd-frak-ob-first-name\">Manuel<\/span> <span class=\"spd-frak-ob-last-name\">Prohl<\/span><\/a><span class=\"spd-frak-ob-module-pipe\"> | <\/span><span class=\"spd-frak-ob-function\"> Vorsitzender der SPD-Fraktion<\/span><\/div>\n<div class=\"spd-frak-ob-contact-row\"><a href=\"mailto:manuel.prohl@spd-fraktion-oberhausen.de\" class=\"spd-frak-ob-contact-link\"><i class=\"fa-solid fa-at\"><\/i> E-Mail<\/a><a href=\"tel:+492088253460\" class=\"spd-frak-ob-contact-link\"><i class=\"fa-solid fa-phone\"><\/i> Telefon<\/a><a href=\"https:\/\/www.instagram.com\/manuel.prohl\/?hl=de\" class=\"spd-frak-ob-contact-link\"><i class=\"fa-brands fa-instagram\"><\/i> Instagram<\/a><\/div>\n<\/div>\n<div class=\"spd-frak-ob-module-mitglieder\" style=\"margin-top: 40px !important;\">\n<h3 class=\"spd-frak-ob-module-mitglieder-headline\"><span class=\"spd-frak-ob-breaking-point\">KOMPAKT<span class=\"spd-frak-ob-light\">-INFO<span class=\"spd-frak-ob-colon\">:<\/span><\/span><\/span><span class=\"spd-frak-ob-ci-pipe\"> | <\/span>Manuel <span class=\"spd-frak-ob-black\">Prohl<\/span><\/h3>\n<div class=\"spd-frak-ob-ci\">\n<h4 class=\"spd-frak-ob-ci-headline\">Kontakt<\/h4>\n<div class=\"spd-frak-ob-ci-row\">\n<div class=\"spd-frak-ob-ci-item spd-frak-ob-breaking-good\">Postanschrift:<\/div>\n<div class=\"spd-frak-ob-ci-item-data\">Manuel Prohl<br \/>SPD-Fraktion im Rat<br \/>Schwartzstr. 72<br \/>46042 Oberhausen<\/div>\n<\/p><\/div>\n<div class=\"spd-frak-ob-ci-row\">\n<div class=\"spd-frak-ob-ci-item\">Telefon:<\/div>\n<div class=\"spd-frak-ob-ci-item-data\"><a href=\"tel:+492088253460\" class=\"spd-frak-ob-ci-link\">+49 208 825 34 60<\/a><\/div>\n<\/p><\/div>\n<div class=\"spd-frak-ob-ci-row\">\n<div class=\"spd-frak-ob-ci-item\">Telefax:<\/div>\n<div class=\"spd-frak-ob-ci-item-data\">+49 208 2 48 83<\/div>\n<\/p><\/div>\n<div class=\"spd-frak-ob-ci-row\">\n<div class=\"spd-frak-ob-ci-item\">E-Mail:<\/div>\n<div class=\"spd-frak-ob-ci-item-data\"><a href=\"mailto:manuel.prohl@spd-fraktion-oberhausen.de\" class=\"spd-frak-ob-ci-link\">manuel.prohl@spd-fraktion-oberhausen.de<\/a><\/div>\n<\/p><\/div>\n<div class=\"spd-frak-ob-ci-row\">\n<div class=\"spd-frak-ob-ci-item\">Instagram:<\/div>\n<div class=\"spd-frak-ob-ci-item-data\"><a href=\"https:\/\/www.instagram.com\/manuel.prohl\/?hl=de\" class=\"spd-frak-ob-ci-link\">https:\/\/www.instagram.com\/manuel.prohl\/ <i class=\"fa-solid fa-arrow-up-right-from-square\"><\/i><\/a><\/div>\n<\/p><\/div>\n<\/p><\/div>\n<div class=\"spd-frak-ob-ci\">\n<h4 class=\"spd-frak-ob-ci-headline\">Pers\u00f6nlich<\/h4>\n<div class=\"spd-frak-ob-ci-row\">\n<div class=\"spd-frak-ob-ci-item\">Geboren:<\/div>\n<div class=\"spd-frak-ob-ci-item-data\">1991<\/div>\n<\/p><\/div>\n<div class=\"spd-frak-ob-ci-row\">\n<div class=\"spd-frak-ob-ci-item\">Familienstand:<\/div>\n<div class=\"spd-frak-ob-ci-item-data\">Ledig<\/div>\n<\/p><\/div>\n<div class=\"spd-frak-ob-ci-row\">\n<div class=\"spd-frak-ob-ci-item\">Ausbildung:<\/div>\n<div class=\"spd-frak-ob-ci-item-data\">BWL-Energy &#038; Finance (Master of Science), Wirtschaftsmathematik (Bachelor of Science)<\/div>\n<\/p><\/div>\n<div class=\"spd-frak-ob-ci-row\">\n<div class=\"spd-frak-ob-ci-item\">Beruf:<\/div>\n<div class=\"spd-frak-ob-ci-item-data\">Quantitativer Analyst im Energiehandel<\/div>\n<\/p><\/div>\n<\/p><\/div>\n<div class=\"spd-frak-ob-ci\">\n<h4 class=\"spd-frak-ob-ci-headline\">Stadt Oberhausen<\/h4>\n<div class=\"spd-frak-ob-ci-row\">\n<div class=\"spd-frak-ob-ci-item spd-frak-ob-breaking-good\">Ordentliches Mitglied:<\/div>\n<ul class=\"spd-frak-ob-ci-ul\">\n<li><span class=\"spd-frak-ob-ci-li-item\"><a href=\"https:\/\/ratsinfo.oberhausen.de\/gr020?GRLFDNR=1\" class=\"spd-frak-ob-ci-link\">Rat der Stadt <i class=\"fa-solid fa-arrow-up-right-from-square\" title=\"Externer Link zum Ratsinformationssystem Allris\"><\/i><\/a><\/span><span class=\"spd-frak-ob-ci-pipe\"> | <\/span><span class=\"spd-frak-ob-ci-function\">Vorsitzender der SPD-Fraktion<\/span><\/li>\n<li><span class=\"spd-frak-ob-ci-li-item\"><a href=\"https:\/\/ratsinfo.oberhausen.de\/gr020?GRLFDNR=85\" class=\"spd-frak-ob-ci-link\">Haupt- und Finanzausschuss <i class=\"fa-solid fa-arrow-up-right-from-square\" title=\"Externer Link zum Ratsinformationssystem Allris\"><\/i><\/a><\/span><span class=\"spd-frak-ob-ci-pipe\"> | <\/span><span class=\"spd-frak-ob-ci-function\">SPD-Sprecher<\/span><\/li>\n<li><span class=\"spd-frak-ob-ci-li-item\"><a href=\"https:\/\/ratsinfo.oberhausen.de\/gr020?GRLFDNR=1000011\" class=\"spd-frak-ob-ci-link\">Ausschuss f\u00fcr Chancengerechtigkeit und Integration <i class=\"fa-solid fa-arrow-up-right-from-square\" title=\"Externer Link zum Ratsinformationssystem Allris\"><\/i><\/a><\/span><\/li>\n<li><span class=\"spd-frak-ob-ci-li-item\"><a href=\"https:\/\/ratsinfo.oberhausen.de\/gr020?GRLFDNR=13\" class=\"spd-frak-ob-ci-link\">Jugendhilfeausschuss <i class=\"fa-solid fa-arrow-up-right-from-square\" title=\"Externer Link zum Ratsinformationssystem Allris\"><\/i><\/a><\/span><span class=\"spd-frak-ob-ci-pipe\"> | <\/span><span class=\"spd-frak-ob-ci-function\">Vorsitzender<\/span><\/li>\n<\/ul><\/div>\n<div class=\"spd-frak-ob-ci-row\">\n<div class=\"spd-frak-ob-ci-item spd-frak-ob-breaking-good\" style=\"margin-top: 24px;\">Stellvertretendes Mitglied:<\/div>\n<ul class=\"spd-frak-ob-ci-ul\">\n<\/ul><\/div>\n<\/p><\/div>\n<div class=\"spd-frak-ob-ci\">\n<h4 class=\"spd-frak-ob-ci-headline\">Konzern Stadt &#038; Sonstiges<\/h4>\n<div class=\"spd-frak-ob-ci-row\">\n<div class=\"spd-frak-ob-ci-item spd-frak-ob-breaking-good\">Ordentliches Mitglied:<\/div>\n<ul class=\"spd-frak-ob-ci-ul\">\n<li><span class=\"spd-frak-ob-ci-li-item\">Aufsichtsrat <a href=\"https:\/\/www.cc-oberhausen.de\/\" class=\"spd-frak-ob-ci-link\">Luise-Albertz-Halle <i class=\"fa-solid fa-arrow-up-right-from-square\"><\/i><\/a><\/span><\/li>\n<li><span class=\"spd-frak-ob-ci-li-item\">Verwaltungsrat <a href=\"https:\/\/www.stadtsparkasse-oberhausen.de\/de\/home.html\" class=\"spd-frak-ob-ci-link\">Stadtsparkasse Oberhausen <i class=\"fa-solid fa-arrow-up-right-from-square\"><\/i><\/a><\/span><\/li>\n<li><span class=\"spd-frak-ob-ci-li-item\">Vertreter in der Verbandsversammlung des <a href=\"https:\/\/www.rsgv.de\/\" class=\"spd-frak-ob-ci-link\">Rheinischen Sparkassen- und Giroverbandes <i class=\"fa-solid fa-arrow-up-right-from-square\"><\/i><\/a><\/span><\/li>\n<\/ul><\/div>\n<\/p><\/div>\n<div class=\"spd-frak-ob-ci\">\n<h4 class=\"spd-frak-ob-ci-headline\">SPD-Fraktion<\/h4>\n<div class=\"spd-frak-ob-ci-row\">\n<ul class=\"spd-frak-ob-ci-ul\">\n<li><span class=\"spd-frak-ob-ci-li-item\">Vorsitzender der <a href=\"https:\/\/meier-gerdingh.de\/wp-spd-ob\/fraktion\/ueber-uns\/fraktion\/\">SPD-Fraktion<\/a><\/span><\/li>\n<li><span class=\"spd-frak-ob-ci-li-item\">Leiter <a href=\"https:\/\/meier-gerdingh.de\/wp-spd-ob\/fraktion\/arbeitskreise\/ak-finanzen\/\" class=\"spd-frak-ob-ci-link\">AK Finanzen, Personal, Wirtschaft, Digitales<\/a><\/span><\/li>\n<li><span class=\"spd-frak-ob-ci-li-item\"><a href=\"https:\/\/meier-gerdingh.de\/wp-spd-ob\/fraktion\/arbeitskreise\/ak-schule-und-jugend\/\" class=\"spd-frak-ob-ci-link\">AK Schule und Jugend<\/a><\/span><\/li>\n<li><span class=\"spd-frak-ob-ci-li-item\"><a href=\"https:\/\/meier-gerdingh.de\/wp-spd-ob\/fraktion\/arbeitskreise\/ak-umwelt\/\" class=\"spd-frak-ob-ci-link\">AK Umwelt<\/a><\/span><\/li>\n<\/ul><\/div>\n<\/p><\/div>\n<div class=\"spd-frak-ob-ci\">\n<h4 class=\"spd-frak-ob-ci-headline\">SPD<\/h4>\n<div class=\"spd-frak-ob-ci-row\">\n<ul class=\"spd-frak-ob-ci-ul\">\n<li><span class=\"spd-frak-ob-ci-li-item\">Vorsitzender des <a class=\"spd-frak-ob-ov-link\" href=\"https:\/\/meier-gerdingh.de\/wp-spd-ob\/ortsvereine\/ov-sterkrtade-sued\/\"><span class=\"spd-frak-ob-light\">OV<\/span> Sterkrade-S\u00fcd<\/a><\/span><\/li>\n<\/ul><\/div>\n<\/p><\/div>\n<\/div>\n<div class=\"spd-frak-ob-module-container spd-frak-ob-go\">\n<h3 class=\"spd-frak-ob-module-headline\"><span class=\"spd-frak-ob-breaking-point\">SPD<span class=\"spd-frak-ob-black\">-Fraktionsvorsitzende<\/span><span class=\"spd-frak-ob-colon-black\">:<\/span><\/span><span class=\"spd-frak-ob-module-pipe\"> | <\/span> <span class=\"spd-frak-ob-black\"><span class=\"spd-frak-ob-light\">Aus der<\/span> Gesch\u00e4ftsordnung<\/span><\/h3>\n<div class=\"module\">\n<div class=\"caption\">\n<h1 class=\"spd-frak-ob-go-h1 collapsible\"><span class=\"spd-frak-ob-paragraph-nr\">\u00a7 10<\/span> <span class=\"spd-frak-ob-paragraph-title\">Die \/ der Fraktionsvorsitzende <i class=\"fa-solid fa-turn-down rotate\"><\/i><\/span><\/h1>\n<\/p><\/div>\n<div class=\"body\">\n<div class=\"spd-frak-ob-row\">\n<div class=\"spd-frak-ob-go-section-nr\">(1)<\/div>\n<div class=\"spd-frak-ob-go-section\">\n\t\t\t\t\tDie \/ der Fraktionsvorsitzende und die stellvertretenden Vorsitzenden werden in geheimer Wahl mit den Stimmen der Mehrheit der Fraktionsmitglieder f\u00fcr die <strong class=\"spd-frak-ob-go-strong\">H\u00e4lfte der Kommunalwahlperiode gew\u00e4hlt<\/strong>. F\u00fcr ihre Abwahl gilt \u00a7 9 Abs. 6.\n\t\t\t\t<\/div>\n<\/p><\/div>\n<div class=\"spd-frak-ob-row\">\n<div class=\"spd-frak-ob-go-section-nr\">(2)<\/div>\n<div class=\"spd-frak-ob-go-section\">Die \/ der Fraktionsvorsitzende vertritt die Fraktion und den Fraktionsvorstand nach innen und au\u00dfen sowie im \u00c4ltestenrat.<\/div>\n<\/p><\/div>\n<div class=\"spd-frak-ob-row\">\n<div class=\"spd-frak-ob-go-section-nr\">(3)<\/div>\n<div class=\"spd-frak-ob-go-section\">\n\t\t\t\t\tIn <strong class=\"spd-frak-ob-go-strong\">allen Entscheidungen von Bedeutung<\/strong> kann der \/ die Vorsitzende Zusagen nur <strong class=\"spd-frak-ob-go-strong\">vorbehaltlich der Entscheidung der Fraktion<\/strong> geben, die in solchen F\u00e4llen in der n\u00e4chsten Sitzung einzuholen ist.\n\t\t\t\t<\/div>\n<\/p><\/div>\n<div class=\"spd-frak-ob-row\">\n<div class=\"spd-frak-ob-go-section-nr\">(4)<\/div>\n<div class=\"spd-frak-ob-go-section\">Sie \/ Er l\u00e4dt zu den Fraktions- und Fraktionsvorstandssitzungen ein, leitet sie und \u00fcbt in ihnen die Ordnung aus.<\/div>\n<\/p><\/div>\n<div class=\"spd-frak-ob-row\">\n<div class=\"spd-frak-ob-go-section-nr\">(5)<\/div>\n<div class=\"spd-frak-ob-go-section\">Die \/ der Fraktionsvorsitzende ist <strong class=\"spd-frak-ob-go-strong\">Dienstvorgesetzte\/r der Fraktionsangestellten<\/strong>.<\/div>\n<\/p><\/div>\n<div class=\"spd-frak-ob-row\">\n<div class=\"spd-frak-ob-go-section-nr\">(6)<\/div>\n<div class=\"spd-frak-ob-go-section\">Die stellvertretenden Vorsitzenden vertreten die \/ den Fraktionsvorsitzende\/n.<\/div>\n<\/p><\/div>\n<\/p><\/div>\n<\/p><\/div>\n<\/div>\n","protected":false},"excerpt":{"rendered":"<p>SPD-Fraktion im Rat der Stadt Oberhausen Fraktionsvorsitzender Der Vorsitzende der SPD-Ratsfraktion vertritt die Fraktion und den Fraktionsvorstand nach innen und au\u00dfen sowie im \u00c4ltestenrat. Fraktionsvorsitzender ist seit dem 29.10.2025 der&hellip; <\/p>\n","protected":false},"author":1,"featured_media":0,"parent":9539,"menu_order":0,"comment_status":"closed","ping_status":"closed","template":"","meta":{"footnotes":""},"class_list":["post-9567","page","type-page","status-publish","hentry"],"_links":{"self":[{"href":"https:\/\/meier-gerdingh.de\/wp-spd-ob\/wp-json\/wp\/v2\/pages\/9567","targetHints":{"allow":["GET"]}}],"collection":[{"href":"https:\/\/meier-gerdingh.de\/wp-spd-ob\/wp-json\/wp\/v2\/pages"}],"about":[{"href":"https:\/\/meier-gerdingh.de\/wp-spd-ob\/wp-json\/wp\/v2\/types\/page"}],"author":[{"embeddable":true,"href":"https:\/\/meier-gerdingh.de\/wp-spd-ob\/wp-json\/wp\/v2\/users\/1"}],"replies":[{"embeddable":true,"href":"https:\/\/meier-gerdingh.de\/wp-spd-ob\/wp-json\/wp\/v2\/comments?post=9567"}],"version-history":[{"count":0,"href":"https:\/\/meier-gerdingh.de\/wp-spd-ob\/wp-json\/wp\/v2\/pages\/9567\/revisions"}],"up":[{"embeddable":true,"href":"https:\/\/meier-gerdingh.de\/wp-spd-ob\/wp-json\/wp\/v2\/pages\/9539"}],"wp:attachment":[{"href":"https:\/\/meier-gerdingh.de\/wp-spd-ob\/wp-json\/wp\/v2\/media?parent=9567"}],"curies":[{"name":"wp","href":"https:\/\/api.w.org\/{rel}","templated":true}]}}